{"id":24878,"date":"2021-07-20T11:02:00","date_gmt":"2021-07-20T09:02:00","guid":{"rendered":"https:\/\/www.bellitalie.org\/destination\/piemonte\/coni-et-environs\/"},"modified":"2023-10-02T22:35:21","modified_gmt":"2023-10-02T20:35:21","slug":"cuneo-e-dintorni-2","status":"publish","type":"destination","link":"https:\/\/www.bellitalie.org\/it\/destinazione\/piemonte\/cuneo-e-dintorni-2\/","title":{"rendered":"Cuneo e dintorni"},"content":{"rendered":"\n<p>Piccola citt\u00e0 piacevole e accogliente, <strong>Cuneo<\/strong> si trova ai piedi delle Alpi alla confluenza di due fiumi. Tra le montagne e le pianure della valle, \u00e8 anche una citt\u00e0 ibrida che pu\u00f2 sembrare strana quando si attraversa da un capo all&#8217;altro. In effetti, ad ovest si attraversa un centro moderno, magari un po kistch futurista in alcuni punti, con viali eccessivamente ampi che prolungano in modo incongruo la parte orientale percorsa nel mezzo dall&#8217;antica arteria medievale con i suoi palazzi decorati da dipinti centenari. Nel mezzo, la piazza centrale relega tutte le proporzioni al nanismo.<\/p>\n<p>Qualche bel santuario si trova nelle immediate vicinanze, come <strong>Santa Maria dei Boschi<\/strong> a Boves e su una collina la <strong>Madonna degli Alpini<\/strong>, in una delle valli verso il Montrose si trova in mezzo agli alpeggi l&#8217;affascinante <strong>santuario di Castelmagno<\/strong>, una bella certosa nella verde valle di Pesio, o nella pianura la gigantesca chiesa con la sua cupola ellittica di <strong>Vicoforte<\/strong>.<br \/>Il <strong>Castello ducale di Fossano<\/strong> non \u00e8 molto lontano sulla strada per le Langhe, vicino al borgo storico di <strong>Bene Viagenna<\/strong>, mentre la citt\u00e0 medievale di <strong>Mondov\u00ec<\/strong> \u00e8 sulla strada per la Liguria. In una valle verso le Alpi Liguri, invece, si nasconde il <strong>Castello Reale di Valcasotto<\/strong>, nella stessa regione delle belle grotte calcaree di <strong>Bossea<\/strong>.<br \/>Diverse valli raggiungono alte latitudini verso ovest, tra cui la <strong>valle della Sutra<\/strong> dove precede il <strong>Forte Albertino<\/strong>, mentre il <strong>Parco delle Alpi Marittime<\/strong>, contiguo al Mercantour francese, si trova a sud, con i suoi sentieri, i suoi laghi e la sua fauna incontaminata.<\/p>\n\n\n<figure class=\"wp-container-2 wp-block-gallery-1 wp-block-gallery has-nested-images columns-default is-cropped\">\n<figure class=\"wp-block-image size-medium\"><a href=\"https:\/\/www.bellitalie.org\/wp-content\/uploads\/2021\/07\/palazzi-via-roma-cuneo_0393.jpg\"><img loading=\"lazy\" width=\"1200\" height=\"800\" data-id=\"17390\"  src=\"https:\/\/www.bellitalie.org\/wp-content\/uploads\/2021\/07\/palazzi-via-roma-cuneo_0393.jpg\" alt=\"foto palazzi via roma cuneo_0393\" class=\"wp-image-17390\" srcset=\"https:\/\/www.bellitalie.org\/wp-content\/uploads\/2021\/07\/palazzi-via-roma-cuneo_0393.jpg 1200w, https:\/\/www.bellitalie.org\/wp-content\/uploads\/2021\/07\/palazzi-via-roma-cuneo_0393-300x200.jpg 300w, https:\/\/www.bellitalie.org\/wp-content\/uploads\/2021\/07\/palazzi-via-roma-cuneo_0393-1024x683.jpg 1024w, https:\/\/www.bellitalie.org\/wp-content\/uploads\/2021\/07\/palazzi-via-roma-cuneo_0393-768x512.jpg 768w\" sizes=\"(max-width: 1200px) 100vw, 1200px\" \/><\/a><figcaption>Via Roma in Cuneo<\/figcaption><\/figure>\n\n\n\n<figure class=\"wp-block-image size-medium\"><a href=\"https:\/\/www.bellitalie.org\/wp-content\/uploads\/2023\/06\/valle-pesio-certosa_0305.jpg\"><img loading=\"lazy\" width=\"1200\" height=\"800\" data-id=\"17387\"  src=\"https:\/\/www.bellitalie.org\/wp-content\/uploads\/2023\/06\/valle-pesio-certosa_0305.jpg\" alt=\"foto valle-pesio-certosa_0305\" class=\"wp-image-17387\" srcset=\"https:\/\/www.bellitalie.org\/wp-content\/uploads\/2023\/06\/valle-pesio-certosa_0305.jpg 1200w, https:\/\/www.bellitalie.org\/wp-content\/uploads\/2023\/06\/valle-pesio-certosa_0305-300x200.jpg 300w, https:\/\/www.bellitalie.org\/wp-content\/uploads\/2023\/06\/valle-pesio-certosa_0305-1024x683.jpg 1024w, https:\/\/www.bellitalie.org\/wp-content\/uploads\/2023\/06\/valle-pesio-certosa_0305-768x512.jpg 768w\" sizes=\"(max-width: 1200px) 100vw, 1200px\" \/><\/a><figcaption>Valle del Pesio e certosa<\/figcaption><\/figure>\n\n\n\n<figure class=\"wp-block-image size-medium\"><a href=\"https:\/\/www.bellitalie.org\/wp-content\/uploads\/2021\/07\/cupola-santuario-di-vicoforte_0338.jpg\"><img loading=\"lazy\" width=\"800\" height=\"1200\" data-id=\"17396\"  src=\"https:\/\/www.bellitalie.org\/wp-content\/uploads\/2021\/07\/cupola-santuario-di-vicoforte_0338.jpg\" alt=\"foto cupola-santuario-di-vicoforte_0338\" class=\"wp-image-17396\" srcset=\"https:\/\/www.bellitalie.org\/wp-content\/uploads\/2021\/07\/cupola-santuario-di-vicoforte_0338.jpg 800w, https:\/\/www.bellitalie.org\/wp-content\/uploads\/2021\/07\/cupola-santuario-di-vicoforte_0338-200x300.jpg 200w, https:\/\/www.bellitalie.org\/wp-content\/uploads\/2021\/07\/cupola-santuario-di-vicoforte_0338-683x1024.jpg 683w, https:\/\/www.bellitalie.org\/wp-content\/uploads\/2021\/07\/cupola-santuario-di-vicoforte_0338-768x1152.jpg 768w\" sizes=\"(max-width: 800px) 100vw, 800px\" \/><\/a><figcaption>Cupola di Vicoforte<\/figcaption><\/figure>\n\n\n\n<figure class=\"wp-block-image size-medium\"><a href=\"https:\/\/www.bellitalie.org\/wp-content\/uploads\/2021\/07\/cappella-bottoneri-santuario-di-san-magno_0487.jpg\"><img loading=\"lazy\" width=\"1200\" height=\"800\" data-id=\"17399\"  src=\"https:\/\/www.bellitalie.org\/wp-content\/uploads\/2021\/07\/cappella-bottoneri-santuario-di-san-magno_0487.jpg\" alt=\"foto cappella-bottoneri-santuario-di-san-magno_0487\" class=\"wp-image-17399\" srcset=\"https:\/\/www.bellitalie.org\/wp-content\/uploads\/2021\/07\/cappella-bottoneri-santuario-di-san-magno_0487.jpg 1200w, https:\/\/www.bellitalie.org\/wp-content\/uploads\/2021\/07\/cappella-bottoneri-santuario-di-san-magno_0487-300x200.jpg 300w, https:\/\/www.bellitalie.org\/wp-content\/uploads\/2021\/07\/cappella-bottoneri-santuario-di-san-magno_0487-1024x683.jpg 1024w, https:\/\/www.bellitalie.org\/wp-content\/uploads\/2021\/07\/cappella-bottoneri-santuario-di-san-magno_0487-768x512.jpg 768w\" sizes=\"(max-width: 1200px) 100vw, 1200px\" \/><\/a><figcaption>Santuario di San Magno<\/figcaption><\/figure>\n\n\n\n<figure class=\"wp-block-image size-medium\"><a href=\"https:\/\/www.bellitalie.org\/wp-content\/uploads\/2021\/07\/muflone-parco-alpi-marittime-monte-argentera_0460.jpg\"><img loading=\"lazy\" width=\"1200\" height=\"800\" data-id=\"17402\"  src=\"https:\/\/www.bellitalie.org\/wp-content\/uploads\/2021\/07\/muflone-parco-alpi-marittime-monte-argentera_0460.jpg\" alt=\"foto muflone-parco-alpi-marittime-monte-argentera_0460\" class=\"wp-image-17402\" srcset=\"https:\/\/www.bellitalie.org\/wp-content\/uploads\/2021\/07\/muflone-parco-alpi-marittime-monte-argentera_0460.jpg 1200w, https:\/\/www.bellitalie.org\/wp-content\/uploads\/2021\/07\/muflone-parco-alpi-marittime-monte-argentera_0460-300x200.jpg 300w, https:\/\/www.bellitalie.org\/wp-content\/uploads\/2021\/07\/muflone-parco-alpi-marittime-monte-argentera_0460-1024x683.jpg 1024w, https:\/\/www.bellitalie.org\/wp-content\/uploads\/2021\/07\/muflone-parco-alpi-marittime-monte-argentera_0460-768x512.jpg 768w\" sizes=\"(max-width: 1200px) 100vw, 1200px\" \/><\/a><figcaption>Mufloni vicini all&#8217;Argentera<\/figcaption><\/figure>\n<\/figure>\n\n\n<h1>Da vedere in Cuneo e dintorni<strong><br><\/strong><\/h1>\n<div id=\"travelersmap-container-69f78116f3f74\" class=\"travelersmap-container\" style=\"z-index: 1; min-height: 10px; min-width:10px; height:350px;width:100%; max-width:; max-height:; position:relative;\"><div style=\"position:absolute; z-index:-1;top: 50%;text-align: center;display: block;left: 50%;transform: translate(-50%,-50%);\">Travelers' Map is loading... <br> If you see this after your page is loaded completely, leafletJS files are missing.<\/div><\/div>\n<h2>Cuneo <img src=\"https:\/\/www.bellitalie.org\/images\/1etoilesB20.png\" alt=\"interet 1 etoiles\" height=\"10\"><\/h2>\n<p>Fondata nel 1198, Cuneo \u00e8 oggi capitale della sua provincia a sud-ovest del Piemonte.<br>Il cuore \u00e8 la grande <strong>Piazza Galimberti<\/strong>, una piazza moderna, ma di dimensioni che mancherebbero di modestia, tra l&#8217;antica citt\u00e0 ed i nuovi quartieri. La <strong>Via Roma<\/strong> \u00e8 l&#8217;arteria storica della citt\u00e0 antica, via pedonale con portici medievali sotto gli antichi palazzi, accoglienti negozi e caff\u00e8.<br>La citt\u00e0 conserva un antico quartiere dal ghetto ebraico, la Contrada Mondov\u00ec, il Museo Diocesano, o il principale edificio con il complesso gotico monumentale dell&#8217;antica chiesa di San Francesco che ospita il Museo Civico<\/p>\n<ul>\n<li><strong>Piazza Galimberti<\/strong> <br>Dedicata all&#8217;eroe della Resistenza Duccio Galimberti, questa piazza centrale, molto ampia con 24.000 mq, risale all&#8217;epoca napoleonica, quando le antiche mura difensive furono distrutte. \u00c8 circondata da edifici neoclassici con portici, e al centro la statua molto solitaria di Giuseppe Barbaroux.<\/li>\n<li>\n<div id=\"attachment_17312\" style=\"width: 310px\" class=\"wp-caption alignright\"><a href=\"https:\/\/www.bellitalie.org\/wp-content\/uploads\/2023\/06\/palazzi-via-roma-cuneo_0390.jpg\" rel=\"attachment wp-att-17312\"><img aria-describedby=\"caption-attachment-17312\" loading=\"lazy\" class=\"wp-image-17312 size-medium\" src=\"https:\/\/www.bellitalie.org\/wp-content\/uploads\/2023\/06\/palazzi-via-roma-cuneo_0390-300x200.jpg\" alt=\"palazzi-via-roma-cuneo_0390\" width=\"300\" height=\"200\" srcset=\"https:\/\/www.bellitalie.org\/wp-content\/uploads\/2023\/06\/palazzi-via-roma-cuneo_0390-300x200.jpg 300w, https:\/\/www.bellitalie.org\/wp-content\/uploads\/2023\/06\/palazzi-via-roma-cuneo_0390-1024x683.jpg 1024w, https:\/\/www.bellitalie.org\/wp-content\/uploads\/2023\/06\/palazzi-via-roma-cuneo_0390-768x512.jpg 768w, https:\/\/www.bellitalie.org\/wp-content\/uploads\/2023\/06\/palazzi-via-roma-cuneo_0390.jpg 1200w\" sizes=\"(max-width: 300px) 100vw, 300px\" \/><\/a><p id=\"caption-attachment-17312\" class=\"wp-caption-text\">Via Roma<\/p><\/div><br>\n<strong>Cattedrale di Santa Maria del Bosco<\/strong><br>All&#8217;inizio di via Roma, la cattedrale fu edificata nel XIX secolo al posto dell&#8217;edificio precedente, mescolando stili barocco e neoclassico, con una cupola affrescata da Toselli, e che conserva il fonte battesimale dell&#8217;antica chiesa.<\/li>\n<li><strong>Via Roma<\/strong><br>\u00c8 l&#8217;arteria del centro storico, lunga 750 metri, e la pi\u00f9 bella via di Cuneo, con numerosi palazzi dipinti recentemente restaurati, essenzialmente dal XV al XVII, che portano ancora gli antichi dipinti.<\/li>\n<li><strong>Palazzo della Torre<\/strong><br>Affacciato su Via Roma, il <strong>Palazzo della Torre<\/strong> risale agli inizi del XIII secolo, sormontato dalla bellissima Torre Civica alta 52 metri, che offre un bel panorama della sua sommit\u00e0.<\/li>\n<li><strong>Complesso monumentale di San Francesco e Museo Civico<\/strong><br>Il complesso comprende l&#8217;antico convento francescano e una chiesa risale al XIII secolo. Serv\u00ec da caserma per le truppe napoleoniche. Nella chiesa e nel convento sono esposti resti di recenti scavi archeologici. Il Museo Civico racconta la storia del territorio dalla preistoria all&#8217;epoca moderna.<\/li>\n<li><strong>Santuario della Vergine degli Angeli<\/strong><br>Risalente al XV secolo e successivamente ampliato, fu un convento francescano e l&#8217;interno della chiesa \u00e8 decorato con un ciclo di affreschi sulla vita di San Francesco. Un viale alberato del XVIII secolo di 3 chilometri lo collega direttamente alla piazza centrale della citt\u00e0, che era destinata alle processioni, ed \u00e8 fiancheggiata da belle case per la parte vicino al centro.<\/li>\n<li><strong>Dintorni immediati di Coni<\/strong><br>La <strong>Villa Oldofredi Tadini<\/strong> fu costruita tra il XIV e il XV secolo. Ospita un museo di collezioni familiari, e un grande parco.<br>La <strong>Filatura di Caraglio<\/strong> (<em>Filatoio Rosso<\/em>) \u00e8 un sito di archeologia industriale tra i pi\u00f9 importanti di tutta Europa. Con il suo aspetto di castello, risale al XVII secolo, esponendo le attrezzature d&#8217;epoca.<br>\n<div id=\"attachment_17408\" style=\"width: 210px\" class=\"wp-caption alignright\"><a href=\"https:\/\/www.bellitalie.org\/wp-content\/uploads\/2021\/07\/affreschi-madonna-dei-boschi-boves_0534.jpg\" rel=\"attachment wp-att-17408\"><img aria-describedby=\"caption-attachment-17408\" loading=\"lazy\" class=\"size-medium wp-image-17408\" src=\"https:\/\/www.bellitalie.org\/wp-content\/uploads\/2021\/07\/affreschi-madonna-dei-boschi-boves_0534-200x300.jpg\" alt=\"affreschi-madonna-dei-boschi-boves_0534\" width=\"200\" height=\"300\" srcset=\"https:\/\/www.bellitalie.org\/wp-content\/uploads\/2021\/07\/affreschi-madonna-dei-boschi-boves_0534-200x300.jpg 200w, https:\/\/www.bellitalie.org\/wp-content\/uploads\/2021\/07\/affreschi-madonna-dei-boschi-boves_0534-683x1024.jpg 683w, https:\/\/www.bellitalie.org\/wp-content\/uploads\/2021\/07\/affreschi-madonna-dei-boschi-boves_0534-768x1152.jpg 768w, https:\/\/www.bellitalie.org\/wp-content\/uploads\/2021\/07\/affreschi-madonna-dei-boschi-boves_0534.jpg 800w\" sizes=\"(max-width: 200px) 100vw, 200px\" \/><\/a><p id=\"caption-attachment-17408\" class=\"wp-caption-text\">Madonna dei Boschi<\/p><\/div><p><\/p>\n<p>Il <strong>santuario della Madonna dei Boschi<\/strong> a Boves conserva affreschi suggestivi, che raffigurano in particolare la <em>Storia di Maria e del Bambino Ges\u00f9<\/em> del XV secolo, o due cicli del XVI secolo che contrastano con le pretendenti che rappresentano <em>il Giudizio Universale<\/em> (dove si notano scene riprese dal capolavoro di Michelangelo della Cappella Sistina) e il <em>Racconto della Passione<\/em>, attribuiti all&#8217;artista anonimo designato come &#8220;Maestro di Cigli\u00e9&#8221;.<br>Il <strong>Santuario della Madonna degli Alpini<\/strong> si trova sulla collina di San Maurizio a Cervasca a circa 10 km da Cuneo, dove esisteva un forte millenario. Una chiesa del XIII secolo era gi\u00e0 dedicata a San Maurizio, ricostruita nel XV secolo e completata dalla chiesa attuale nel XVII secolo.<br>Dalla seconda guerra mondiale \u00e8 diventato un luogo di memoria dei alpini della provincia, cos\u00ec come dei veterani della campagna russa che portarono con s\u00e9 una Madonna nel 1946, la Vergine degli Alpini.<\/p>\n<\/li>\n<\/ul>\n\n\n<figure class=\"wp-container-4 wp-block-gallery-3 wp-block-gallery has-nested-images columns-4 is-cropped\">\n<figure class=\"wp-block-image size-medium\"><a href=\"https:\/\/www.bellitalie.org\/wp-content\/uploads\/2023\/06\/piazza-galimberti-cuneo_0384.jpg\"><img loading=\"lazy\" width=\"300\" height=\"200\" data-id=\"17311\"  src=\"https:\/\/www.bellitalie.org\/wp-content\/uploads\/2023\/06\/piazza-galimberti-cuneo_0384-300x200.jpg\" alt=\"\" class=\"wp-image-17311\" srcset=\"https:\/\/www.bellitalie.org\/wp-content\/uploads\/2023\/06\/piazza-galimberti-cuneo_0384-300x200.jpg 300w, https:\/\/www.bellitalie.org\/wp-content\/uploads\/2023\/06\/piazza-galimberti-cuneo_0384-1024x683.jpg 1024w, https:\/\/www.bellitalie.org\/wp-content\/uploads\/2023\/06\/piazza-galimberti-cuneo_0384-768x512.jpg 768w, https:\/\/www.bellitalie.org\/wp-content\/uploads\/2023\/06\/piazza-galimberti-cuneo_0384.jpg 1200w\" sizes=\"(max-width: 300px) 100vw, 300px\" \/><\/a><figcaption>Piazza Galimberti<\/figcaption><\/figure>\n\n\n\n<figure class=\"wp-block-image size-medium\"><a href=\"https:\/\/www.bellitalie.org\/wp-content\/uploads\/2023\/06\/palazzi-via-roma-cuneo_0390.jpg\"><img loading=\"lazy\" width=\"300\" height=\"200\" data-id=\"17312\"  src=\"https:\/\/www.bellitalie.org\/wp-content\/uploads\/2023\/06\/palazzi-via-roma-cuneo_0390-300x200.jpg\" alt=\"\" class=\"wp-image-17312\" srcset=\"https:\/\/www.bellitalie.org\/wp-content\/uploads\/2023\/06\/palazzi-via-roma-cuneo_0390-300x200.jpg 300w, https:\/\/www.bellitalie.org\/wp-content\/uploads\/2023\/06\/palazzi-via-roma-cuneo_0390-1024x683.jpg 1024w, https:\/\/www.bellitalie.org\/wp-content\/uploads\/2023\/06\/palazzi-via-roma-cuneo_0390-768x512.jpg 768w, https:\/\/www.bellitalie.org\/wp-content\/uploads\/2023\/06\/palazzi-via-roma-cuneo_0390.jpg 1200w\" sizes=\"(max-width: 300px) 100vw, 300px\" \/><\/a><figcaption>Via Roma<\/figcaption><\/figure>\n\n\n\n<figure class=\"wp-block-image size-medium\"><a href=\"https:\/\/www.bellitalie.org\/wp-content\/uploads\/2021\/07\/torre-civica-cuneo_0402.jpg\"><img loading=\"lazy\" width=\"200\" height=\"300\" data-id=\"17322\"  src=\"https:\/\/www.bellitalie.org\/wp-content\/uploads\/2021\/07\/torre-civica-cuneo_0402-200x300.jpg\" alt=\"torre-civica-cuneo_0402\" class=\"wp-image-17322\" srcset=\"https:\/\/www.bellitalie.org\/wp-content\/uploads\/2021\/07\/torre-civica-cuneo_0402-200x300.jpg 200w, https:\/\/www.bellitalie.org\/wp-content\/uploads\/2021\/07\/torre-civica-cuneo_0402-683x1024.jpg 683w, https:\/\/www.bellitalie.org\/wp-content\/uploads\/2021\/07\/torre-civica-cuneo_0402-768x1152.jpg 768w, https:\/\/www.bellitalie.org\/wp-content\/uploads\/2021\/07\/torre-civica-cuneo_0402.jpg 800w\" sizes=\"(max-width: 200px) 100vw, 200px\" \/><\/a><figcaption>Palazzo della Torre<\/figcaption><\/figure>\n\n\n\n<figure class=\"wp-block-image size-medium\"><a href=\"https:\/\/www.bellitalie.org\/wp-content\/uploads\/2021\/07\/ghetto-cuneo_0408.jpg\"><img loading=\"lazy\" width=\"300\" height=\"200\" data-id=\"17319\"  src=\"https:\/\/www.bellitalie.org\/wp-content\/uploads\/2021\/07\/ghetto-cuneo_0408-300x200.jpg\" alt=\"ghetto-cuneo_0408\" class=\"wp-image-17319\" srcset=\"https:\/\/www.bellitalie.org\/wp-content\/uploads\/2021\/07\/ghetto-cuneo_0408-300x200.jpg 300w, https:\/\/www.bellitalie.org\/wp-content\/uploads\/2021\/07\/ghetto-cuneo_0408-1024x683.jpg 1024w, https:\/\/www.bellitalie.org\/wp-content\/uploads\/2021\/07\/ghetto-cuneo_0408-768x512.jpg 768w, https:\/\/www.bellitalie.org\/wp-content\/uploads\/2021\/07\/ghetto-cuneo_0408.jpg 1200w\" sizes=\"(max-width: 300px) 100vw, 300px\" \/><\/a><figcaption>Ghetto<\/figcaption><\/figure>\n<\/figure>\n\n\n<h2>Mondovi<\/h2>\n<div id=\"attachment_17327\" style=\"width: 310px\" class=\"wp-caption alignright\"><a href=\"https:\/\/www.bellitalie.org\/wp-content\/uploads\/2021\/07\/piazza-maggiore-mondovi_0350.jpg\" rel=\"attachment wp-att-17327\"><img aria-describedby=\"caption-attachment-17327\" loading=\"lazy\" class=\"wp-image-17327 size-medium\" src=\"https:\/\/www.bellitalie.org\/wp-content\/uploads\/2021\/07\/piazza-maggiore-mondovi_0350-300x200.jpg\" alt=\"piazza-maggiore-mondovi_0350\" width=\"300\" height=\"200\" srcset=\"https:\/\/www.bellitalie.org\/wp-content\/uploads\/2021\/07\/piazza-maggiore-mondovi_0350-300x200.jpg 300w, https:\/\/www.bellitalie.org\/wp-content\/uploads\/2021\/07\/piazza-maggiore-mondovi_0350-1024x683.jpg 1024w, https:\/\/www.bellitalie.org\/wp-content\/uploads\/2021\/07\/piazza-maggiore-mondovi_0350-768x512.jpg 768w, https:\/\/www.bellitalie.org\/wp-content\/uploads\/2021\/07\/piazza-maggiore-mondovi_0350.jpg 1200w\" sizes=\"(max-width: 300px) 100vw, 300px\" \/><\/a><p id=\"caption-attachment-17327\" class=\"wp-caption-text\">Piazza Maggiore<\/p><\/div>\n<p><strong>Mondov\u00ec<\/strong> \u00e8 un carino borgo medievale a pochi chilometri da Coni, risalente alla fine del XII secolo. La citt\u00e0 storica si trova su una collina che domina la citt\u00e0 bassa che \u00e8 pi\u00f9 recente e industriale, ed \u00e8 accessibile tra l&#8217;altro con una funicolare.<br>Il suo cuore \u00e8 la bella <strong>Piazza Maggiore<\/strong>, circondata da palazzi e portici, tra cui il <strong>Palazzo dei Bressani<\/strong> del XIII secolo, i palazzi del Governatore e del Comune, e la chiesa barocca gesuita <strong>San Francesco Saverio<\/strong>con bellissimi dipinti in trompe-l\u2019\u0153il di <strong>Andrea Pozzo<\/strong>.<br>Il Palazzo Fauzone di Germagnano ospita il Museo della Ceramica.<br>La <strong>Cattedrale di San Donato<\/strong> \u00e8 opera di <strong>Francesco Gallo<\/strong>, architetto del XVIII secolo originario di Mondov\u00ec. Nel giardino del belvedere si erge la possente <strong>Torre dei Bressani<\/strong> del XIV secolo. Fuori dal centro, la <strong>chiesa di San Fiorenzo<\/strong> conserva notevoli affreschi del XV secolo.<\/p>\n<h2>Santuario di San Magno<\/h2>\n<div id=\"attachment_17369\" style=\"width: 310px\" class=\"wp-caption alignright\"><a href=\"https:\/\/www.bellitalie.org\/wp-content\/uploads\/2021\/07\/santuario-di-san-magno_0506.jpg\" rel=\"attachment wp-att-17369\"><img aria-describedby=\"caption-attachment-17369\" loading=\"lazy\" class=\"wp-image-17369 size-medium\" src=\"https:\/\/www.bellitalie.org\/wp-content\/uploads\/2021\/07\/santuario-di-san-magno_0506-300x200.jpg\" alt=\"santuario-di-san-magno_0506\" width=\"300\" height=\"200\" srcset=\"https:\/\/www.bellitalie.org\/wp-content\/uploads\/2021\/07\/santuario-di-san-magno_0506-300x200.jpg 300w, https:\/\/www.bellitalie.org\/wp-content\/uploads\/2021\/07\/santuario-di-san-magno_0506-1024x683.jpg 1024w, https:\/\/www.bellitalie.org\/wp-content\/uploads\/2021\/07\/santuario-di-san-magno_0506-768x512.jpg 768w, https:\/\/www.bellitalie.org\/wp-content\/uploads\/2021\/07\/santuario-di-san-magno_0506.jpg 1200w\" sizes=\"(max-width: 300px) 100vw, 300px\" \/><\/a><p id=\"caption-attachment-17369\" class=\"wp-caption-text\">Santuario di San Magno<\/p><\/div>\n<p>Nella Valle Grana, a Castelmagno, il <strong>Santuario di San Magno<\/strong> \u00e8 un luogo incantevole in mezzo agli alpeggi, che fu a lungo un rifugio per i viaggiatori che collegano la Valle Stura alla Valle Maira, gi\u00e0 frequentata dai romani.<br>Esistente nel XIV secolo, una cappella conserva gli affreschi suggestivi del XV secolo di Pocapaglia da Saluzzo nella cappella Allemandi del 1475 fiancheggiata dal campanile e che \u00e8 oggi l&#8217;elemento pi\u00f9 antico della chiesa, dietro l&#8217;altare maggiore. Vi sono rappresentati gli evangelisti, i dottori della chiesa, e le storie di San Magno. La nuova chiesa fu costruita perpendicolare alla cappella all&#8217;inizio del XVIII secolo, poi dei locali e dei portici nel 1861. La cappella Allemandi fu completata dalla cosiddetta Cappella Botoneri, dipinta nel 1514, con episodi della passione di Cristo, di altri santi martiri, e sulla Legione Tebana.<br>Da notare che sul comune si produce il Castelmagno D.O.P.<\/p>\n<h2>Certosa di Pesio e valle<\/h2>\n<div id=\"attachment_17362\" style=\"width: 310px\" class=\"wp-caption alignright\"><a href=\"https:\/\/www.bellitalie.org\/wp-content\/uploads\/2021\/07\/chiostro-certosa-di-pesio_0313.jpg\" rel=\"attachment wp-att-17362\"><img aria-describedby=\"caption-attachment-17362\" loading=\"lazy\" class=\"wp-image-17362 size-medium\" src=\"https:\/\/www.bellitalie.org\/wp-content\/uploads\/2021\/07\/chiostro-certosa-di-pesio_0313-300x200.jpg\" alt=\"chiostro-certosa-di-pesio_0313\" width=\"300\" height=\"200\" srcset=\"https:\/\/www.bellitalie.org\/wp-content\/uploads\/2021\/07\/chiostro-certosa-di-pesio_0313-300x200.jpg 300w, https:\/\/www.bellitalie.org\/wp-content\/uploads\/2021\/07\/chiostro-certosa-di-pesio_0313-1024x683.jpg 1024w, https:\/\/www.bellitalie.org\/wp-content\/uploads\/2021\/07\/chiostro-certosa-di-pesio_0313-768x512.jpg 768w, https:\/\/www.bellitalie.org\/wp-content\/uploads\/2021\/07\/chiostro-certosa-di-pesio_0313.jpg 1200w\" sizes=\"(max-width: 300px) 100vw, 300px\" \/><\/a><p id=\"caption-attachment-17362\" class=\"wp-caption-text\">Certosa di Pesio<\/p><\/div>\n<p>Nella <strong>Valle Pesio<\/strong>, che scende dal massiccio del Marguareis (2.651 m) si trova a strapiombo sul torrente e circondata da boschi di castagni, faggi e abeti, una grande certosa fondata dal monaco Ulderico nel 1173, dell&#8217;ordine dei Certosini di San Bruno. Fu a lungo uno dei pi\u00f9 importanti centri spirituali e culturali del Piemonte, fino al suo saccheggio nel 1802 da parte delle truppe napoleoniche. Fu restaurata nel 1934. Un ponte del XVII secolo vi conduce, nei pressi di un mulino. Conserva elementi rinascimentali solo nel chiostro, la Cappella del Priore ornata da affreschi del XVIII secolo. La chiesa abbaziale fu costruita su quella del XII secolo.<br>Un po&#8217; pi\u00f9 a monte nella valle, c&#8217;\u00e8 una passeggiata detta &#8220;Torre delle Cascate&#8221;.<\/p>\n<h2>Santuario di Vicoforte<\/h2>\n<div id=\"attachment_17330\" style=\"width: 310px\" class=\"wp-caption alignright\"><a href=\"https:\/\/www.bellitalie.org\/wp-content\/uploads\/2021\/07\/santuario-di-vicoforte_0345.jpg\" rel=\"attachment wp-att-17330\"><img aria-describedby=\"caption-attachment-17330\" loading=\"lazy\" class=\"wp-image-17330 size-medium\" src=\"https:\/\/www.bellitalie.org\/wp-content\/uploads\/2021\/07\/santuario-di-vicoforte_0345-300x200.jpg\" alt=\"santuario-di-vicoforte_0345\" width=\"300\" height=\"200\" srcset=\"https:\/\/www.bellitalie.org\/wp-content\/uploads\/2021\/07\/santuario-di-vicoforte_0345-300x200.jpg 300w, https:\/\/www.bellitalie.org\/wp-content\/uploads\/2021\/07\/santuario-di-vicoforte_0345-1024x683.jpg 1024w, https:\/\/www.bellitalie.org\/wp-content\/uploads\/2021\/07\/santuario-di-vicoforte_0345-768x512.jpg 768w, https:\/\/www.bellitalie.org\/wp-content\/uploads\/2021\/07\/santuario-di-vicoforte_0345.jpg 1200w\" sizes=\"(max-width: 300px) 100vw, 300px\" \/><\/a><p id=\"caption-attachment-17330\" class=\"wp-caption-text\">Santuario di Vicoforte<\/p><\/div>\n<p>Questo gigantesco santuario \u00e8 uno dei monumenti pi\u00f9 conosciuti del Piemonte, coronato dalla pi\u00f9 grande cupola ellittica del mondo, di 37,15 per 24,80 metri.<br>La costruzione inizi\u00f2 su iniziativa di Carlo Emanuele I alla fine del XVI secolo ad opera di Ascanio Vitozzi, e fu completata solo nel XVIII secolo da Francesco Gallo. L&#8217;interno \u00e8 decorato con decorazioni barocche e gli affreschi che adornano la cupola si estendono su circa 6.000 m\u00b2. Al centro il tempietto del Pilone (legato alla storia di una colonna con un&#8217;immagine della vergine danneggiata da un cacciatore nel 1592, dopo di che la vergine sanguina) progettato da Gallo.<br>Da fine 2017 ospita il corpo dell&#8217;ultimo re d&#8217;Italia Vittorio Emanuele III e di sua moglie, la regina Elena.<br>Il convento ha un bel chiostro rinascimentale.<\/p>\n<h2>Palazzo Reale di Valcasotto<\/h2>\n<div id=\"attachment_17333\" style=\"width: 310px\" class=\"wp-caption alignright\"><a href=\"https:\/\/www.bellitalie.org\/wp-content\/uploads\/2021\/07\/chateau-de-casotto_0325.jpg\" rel=\"attachment wp-att-17333\"><img aria-describedby=\"caption-attachment-17333\" loading=\"lazy\" class=\"wp-image-17333 size-medium\" src=\"https:\/\/www.bellitalie.org\/wp-content\/uploads\/2021\/07\/chateau-de-casotto_0325-300x200.jpg\" alt=\"chateau-de-casotto_0325\" width=\"300\" height=\"200\" srcset=\"https:\/\/www.bellitalie.org\/wp-content\/uploads\/2021\/07\/chateau-de-casotto_0325-300x200.jpg 300w, https:\/\/www.bellitalie.org\/wp-content\/uploads\/2021\/07\/chateau-de-casotto_0325-1024x683.jpg 1024w, https:\/\/www.bellitalie.org\/wp-content\/uploads\/2021\/07\/chateau-de-casotto_0325-768x512.jpg 768w, https:\/\/www.bellitalie.org\/wp-content\/uploads\/2021\/07\/chateau-de-casotto_0325.jpg 1200w\" sizes=\"(max-width: 300px) 100vw, 300px\" \/><\/a><p id=\"caption-attachment-17333\" class=\"wp-caption-text\">Palazzo Reale del Casotto<\/p><\/div>\n<p>Situato nel cuore del verde della valle, circondato da pini centenari e faggi, il <strong>Castello Reale di Valcasotto<\/strong> era in origine una certosa del XII secolo seguendo i precetti del certosino San Bruno di Colonia, originario di Colonia, dove i monaci cercavano l&#8217;isolamento.<br>Fu ricostruita e rimaneggiata dal XVI al XVIII secolo, poi divenne propriet\u00e0 dei Savoia nel XIX secolo. Carlo Alberto e poi suo figlio Vittorio Emanuele II lo utilizzarono come padiglione di caccia, l&#8217;edificio fu allora rinnovato per rispondere a questa funzione e ospitare la corte.<br>Rimane tuttavia una chiesa medievale conservata nella Correrie.<\/p>\n<h2>Castello di Fossano<\/h2>\n<div id=\"attachment_17336\" style=\"width: 310px\" class=\"wp-caption alignright\"><a href=\"https:\/\/www.bellitalie.org\/wp-content\/uploads\/2021\/07\/castello-principi-d-acaja-fossano_0379.jpg\" rel=\"attachment wp-att-17336\"><img aria-describedby=\"caption-attachment-17336\" loading=\"lazy\" class=\"wp-image-17336 size-medium\" src=\"https:\/\/www.bellitalie.org\/wp-content\/uploads\/2021\/07\/castello-principi-d-acaja-fossano_0379-300x200.jpg\" alt=\"castello-principi-d-acaja-fossano_0379\" width=\"300\" height=\"200\" srcset=\"https:\/\/www.bellitalie.org\/wp-content\/uploads\/2021\/07\/castello-principi-d-acaja-fossano_0379-300x200.jpg 300w, https:\/\/www.bellitalie.org\/wp-content\/uploads\/2021\/07\/castello-principi-d-acaja-fossano_0379-1024x683.jpg 1024w, https:\/\/www.bellitalie.org\/wp-content\/uploads\/2021\/07\/castello-principi-d-acaja-fossano_0379-768x512.jpg 768w, https:\/\/www.bellitalie.org\/wp-content\/uploads\/2021\/07\/castello-principi-d-acaja-fossano_0379.jpg 1200w\" sizes=\"(max-width: 300px) 100vw, 300px\" \/><\/a><p id=\"caption-attachment-17336\" class=\"wp-caption-text\">Castello di Fossano<\/p><\/div>\n<p>Il <strong>Castello di Fossano<\/strong> \u00e8 una fortezza costruita da Filippo I d&#8217;Acaja tra il 1324 e il 1332, successivamente trasformata dai Savoia in residenza signorile, poi in prigione per i valdesi tra il 1686 e il 1687, prima di servire anche come caserma.<br>Le sale del XVI secolo ospitano oggi la biblioteca della citt\u00e0, comprendente un fondo storico. Ospita regolarmente mostre.<br>Si pu\u00f2 visitare la torre con il suo panorama e installazioni multimediali.<\/p>\n<h2>Bene Vagienna<\/h2>\n<div id=\"attachment_17339\" style=\"width: 310px\" class=\"wp-caption alignright\"><a href=\"https:\/\/www.bellitalie.org\/wp-content\/uploads\/2021\/07\/piazza-botero-bene-viagenna_0367.jpg\" rel=\"attachment wp-att-17339\"><img aria-describedby=\"caption-attachment-17339\" loading=\"lazy\" class=\"wp-image-17339 size-medium\" src=\"https:\/\/www.bellitalie.org\/wp-content\/uploads\/2021\/07\/piazza-botero-bene-viagenna_0367-300x200.jpg\" alt=\"piazza-botero-bene-viagenna_0367\" width=\"300\" height=\"200\" srcset=\"https:\/\/www.bellitalie.org\/wp-content\/uploads\/2021\/07\/piazza-botero-bene-viagenna_0367-300x200.jpg 300w, https:\/\/www.bellitalie.org\/wp-content\/uploads\/2021\/07\/piazza-botero-bene-viagenna_0367-1024x683.jpg 1024w, https:\/\/www.bellitalie.org\/wp-content\/uploads\/2021\/07\/piazza-botero-bene-viagenna_0367-768x512.jpg 768w, https:\/\/www.bellitalie.org\/wp-content\/uploads\/2021\/07\/piazza-botero-bene-viagenna_0367.jpg 1200w\" sizes=\"(max-width: 300px) 100vw, 300px\" \/><\/a><p id=\"caption-attachment-17339\" class=\"wp-caption-text\">Bene Viagenna<\/p><\/div>\n<p>Piccola citt\u00e0 con storia e patrimonio, Botero \u00e8 nato qui nel 1544. Era un famoso filosofo e consigliere dei Savoia, inventore della locuzione &#8220;ragione di Stato&#8221;, che cerc\u00f2 di conciliare l&#8217;arte del buon governo con il cattolicesimo della Controriforma. Una statua gli \u00e8 dedicata nella piazza principale.<br>La romana Augusta Bagiennorum fu fondata dai veterani legionari nell&#8217;ultimo quarto del I secolo a.C. Ne rimangono resti come le basi del teatro, e si pu\u00f2 visitare anche l&#8217;interessante museo archeologico.<br>Fu propriet\u00e0 dei vescovi di Asti fino al 1388, poi dei marchesi di Monferrato, dei conti Costa, fu occupata e fortificata dai francesi nel XVI secolo, prima di diventare possesso dei Savoia. Sotto questi ultimi furono costruiti nel XVI e XVII secolo palazzi e chiese barocche.<\/p>\n<h2>Grotte di Bossea<\/h2>\n<p>Questa grotta situata ad un&#8217;altitudine di 829 metri \u00e8 formata da grandi sale rocciose con le sue belle concrezioni calcaree, percorse da un fiume e che conserva anche resti scheletrici dell&#8217;orso preistorico delle caverne.<\/p>\n<h2>Valle della Stura<\/h2>\n<p>A Vinadio, nella valle della Stura, si trova il possente <strong>Forte Albertino a Vinadio<\/strong>, costruito sotto il regno di Carlo Alberto di Savoia, che fu convertito in prigione.<br>Vicino alla verde valle della Stura, Bagni di Vinadio a delle terme sulfuree e il santuario di Sant&#8217;Anna di Vinadio che si trova a 2035 m \u00e8 il pi\u00f9 alto d&#8217;Europa, a 1 km dal confine con la Francia.<\/p>\n<h2>Alpi<\/h2>\n<div id=\"attachment_17375\" style=\"width: 310px\" class=\"wp-caption alignright\"><a href=\"https:\/\/www.bellitalie.org\/wp-content\/uploads\/2021\/07\/lago-della-rovina-monte-argentera_0421.jpg\" rel=\"attachment wp-att-17375\"><img aria-describedby=\"caption-attachment-17375\" loading=\"lazy\" class=\"size-medium wp-image-17375\" src=\"https:\/\/www.bellitalie.org\/wp-content\/uploads\/2021\/07\/lago-della-rovina-monte-argentera_0421-300x200.jpg\" alt=\"lago-della-rovina-monte-argentera_0421\" width=\"300\" height=\"200\" srcset=\"https:\/\/www.bellitalie.org\/wp-content\/uploads\/2021\/07\/lago-della-rovina-monte-argentera_0421-300x200.jpg 300w, https:\/\/www.bellitalie.org\/wp-content\/uploads\/2021\/07\/lago-della-rovina-monte-argentera_0421-1024x683.jpg 1024w, https:\/\/www.bellitalie.org\/wp-content\/uploads\/2021\/07\/lago-della-rovina-monte-argentera_0421-768x512.jpg 768w, https:\/\/www.bellitalie.org\/wp-content\/uploads\/2021\/07\/lago-della-rovina-monte-argentera_0421.jpg 1200w\" sizes=\"(max-width: 300px) 100vw, 300px\" \/><\/a><p id=\"caption-attachment-17375\" class=\"wp-caption-text\">Lago della Rovina<\/p><\/div>\n<h3>Parchi naturali delle Alpi<\/h3>\n<p>Il <strong>Parco Naturale delle Alpi Marittime<\/strong>, gemellato con il parco francese contiguo del Mercantour, \u00e8 un&#8217;altra bella parte delle Alpi, tra cui cime di oltre 3000 metri come l&#8217;Argentera (3297 m), molti laghi, alpeggi e piccoli ghiacciai, una ricca fauna e flora, dove i mufloni sono comuni. Molti sentieri lo rendono accessibile. Una zona chiusa di 8 ettari \u00e8 dedicata ai lupi in convalescenza.<\/p>\n<h3>Stazioni sciistiche<\/h3>\n<div id=\"attachment_17378\" style=\"width: 310px\" class=\"wp-caption alignleft\"><a href=\"https:\/\/www.bellitalie.org\/wp-content\/uploads\/2021\/07\/mouflon-mediterraneen-monte-argentera_0425.jpg\" rel=\"attachment wp-att-17378\"><img aria-describedby=\"caption-attachment-17378\" loading=\"lazy\" class=\"size-medium wp-image-17378\" src=\"https:\/\/www.bellitalie.org\/wp-content\/uploads\/2021\/07\/mouflon-mediterraneen-monte-argentera_0425-300x200.jpg\" alt=\"mouflon-mediterraneen-monte-argentera_0425\" width=\"300\" height=\"200\" srcset=\"https:\/\/www.bellitalie.org\/wp-content\/uploads\/2021\/07\/mouflon-mediterraneen-monte-argentera_0425-300x200.jpg 300w, https:\/\/www.bellitalie.org\/wp-content\/uploads\/2021\/07\/mouflon-mediterraneen-monte-argentera_0425-1024x683.jpg 1024w, https:\/\/www.bellitalie.org\/wp-content\/uploads\/2021\/07\/mouflon-mediterraneen-monte-argentera_0425-768x512.jpg 768w, https:\/\/www.bellitalie.org\/wp-content\/uploads\/2021\/07\/mouflon-mediterraneen-monte-argentera_0425.jpg 1200w\" sizes=\"(max-width: 300px) 100vw, 300px\" \/><\/a><p id=\"caption-attachment-17378\" class=\"wp-caption-text\">Muflone al Lago della Rovina<\/p><\/div>\n<p>A sud, la valle del Vermenagna conduce alle stazioni sciistiche di Limone Piemonte e Vernante con le sue case dai colori di Pinocchio, aperta dal 1907. La zona dispone di 80 km di piste di discesa. L&#8217;estate offre escursioni a cavallo e in mountain bike. Una delle scoperte sono le &#8220;strade del sale&#8221; costruite dai romani, o le foreste di faggi.<\/p>\n<h2>Terme<\/h2>\n<p>Le terme: a Vinadio, nell&#8217;Alta Valle di Stura, con grotte naturali e acque di diverse temperature; le terme reali di Valdieri, nel Parco Naturale dell&#8217;Argentera; a Lurisia si trova la principale sorgente radioattiva d&#8217;Europa.<\/p>\n<h2>Fonti ed informazioni<\/h2>\n<ul>\n<li>Portali turistici : <a href=\"https:\/\/www.visitcuneese.it\/home\" target=\"_blank\" rel=\"noopener\">www.visitcuneese.it<\/a><\/li>\n<li>Sito del comune : <a href=\"https:\/\/iet.comune.cuneo.it\/it\/node\/3269\" target=\"_blank\" rel=\"noopener\">iet.comune.cuneo.it<\/a><\/li>\n<li>Pagina Wikipedia : <a href=\"https:\/\/it.wikipedia.org\/wiki\/Cuneo\" target=\"_blank\" rel=\"noopener\">it.wikipedia.org<\/a><\/li>\n<\/ul>\n<p lang=\"fr-FR\"><\/p>\n\n\n<div class=\"wp-container-7 wp-block-columns has-background\" style=\"background-color:#dfece5\">\n<div class=\"wp-container-5 wp-block-column\">\n<p><strong><a href=\"https:\/\/www.bellitalie.org\/it\/regione_italia\/piemonte\/\">Piemonte<\/a><\/strong><\/p>\n<ul class=\"lcp_catlist2\" id=\"lcp_instance_0\"><li><a href=\"https:\/\/www.bellitalie.org\/it\/destinazione\/piemonte\/cose-da-vedere-in-piemonte\/\">Cose da vedere in Piemonte<\/a><a href=\"https:\/\/www.bellitalie.org\/it\/destinazione\/piemonte\/cose-da-vedere-in-piemonte\/\" title=\"Cose da vedere in Piemonte\"><img width=\"150\" height=\"150\" src=\"https:\/\/www.bellitalie.org\/wp-content\/uploads\/2021\/11\/abbaye-saint-michel-de-la-cluse_5085-150x150.jpg\" class=\"lcp_thumbnail wp-post-image\" alt=\"Cose da vedere in Piemonte\" loading=\"lazy\" srcset=\"https:\/\/www.bellitalie.org\/wp-content\/uploads\/2021\/11\/abbaye-saint-michel-de-la-cluse_5085-150x150.jpg 150w, https:\/\/www.bellitalie.org\/wp-content\/uploads\/2021\/11\/abbaye-saint-michel-de-la-cluse_5085-50x50.jpg 50w, https:\/\/www.bellitalie.org\/wp-content\/uploads\/2021\/11\/abbaye-saint-michel-de-la-cluse_5085-80x80.jpg 80w, https:\/\/www.bellitalie.org\/wp-content\/uploads\/2021\/11\/abbaye-saint-michel-de-la-cluse_5085-75x75.jpg 75w\" sizes=\"(max-width: 150px) 100vw, 150px\" \/><\/a><div class=\"lcp_excerpt\">Le citt\u00e0, luoghi e siti da vedere nella regione Piemonte, da Torino la capitale con ...<\/div><\/li><li><a href=\"https:\/\/www.bellitalie.org\/it\/destinazione\/piemonte\/torino\/\">Torino<\/a><a href=\"https:\/\/www.bellitalie.org\/it\/destinazione\/piemonte\/torino\/\" title=\"Torino\"><img width=\"150\" height=\"150\" src=\"https:\/\/www.bellitalie.org\/wp-content\/uploads\/2021\/09\/palazzo-reale-torino_7953-150x150.jpg\" class=\"lcp_thumbnail wp-post-image\" alt=\"Torino\" loading=\"lazy\" srcset=\"https:\/\/www.bellitalie.org\/wp-content\/uploads\/2021\/09\/palazzo-reale-torino_7953-150x150.jpg 150w, https:\/\/www.bellitalie.org\/wp-content\/uploads\/2021\/09\/palazzo-reale-torino_7953-50x50.jpg 50w, https:\/\/www.bellitalie.org\/wp-content\/uploads\/2021\/09\/palazzo-reale-torino_7953-80x80.jpg 80w, https:\/\/www.bellitalie.org\/wp-content\/uploads\/2021\/09\/palazzo-reale-torino_7953-75x75.jpg 75w\" sizes=\"(max-width: 150px) 100vw, 150px\" \/><\/a><div class=\"lcp_excerpt\">\nPur essendo nota soprattutto per essere un importante centro industriale, con le sue immense fabbriche ...<\/div><\/li><li><a href=\"https:\/\/www.bellitalie.org\/it\/destinazione\/piemonte\/val-di-susa\/sacra-di-san-michele\/\">Sacra di San Michele<\/a><a href=\"https:\/\/www.bellitalie.org\/it\/destinazione\/piemonte\/val-di-susa\/sacra-di-san-michele\/\" title=\"Sacra di San Michele\"><img width=\"150\" height=\"150\" src=\"https:\/\/www.bellitalie.org\/wp-content\/uploads\/2021\/11\/abbaye-saint-michel-de-la-cluse_5078-150x150.jpg\" class=\"lcp_thumbnail wp-post-image\" alt=\"Sacra di San Michele\" loading=\"lazy\" srcset=\"https:\/\/www.bellitalie.org\/wp-content\/uploads\/2021\/11\/abbaye-saint-michel-de-la-cluse_5078-150x150.jpg 150w, https:\/\/www.bellitalie.org\/wp-content\/uploads\/2021\/11\/abbaye-saint-michel-de-la-cluse_5078-50x50.jpg 50w, https:\/\/www.bellitalie.org\/wp-content\/uploads\/2021\/11\/abbaye-saint-michel-de-la-cluse_5078-80x80.jpg 80w, https:\/\/www.bellitalie.org\/wp-content\/uploads\/2021\/11\/abbaye-saint-michel-de-la-cluse_5078-75x75.jpg 75w\" sizes=\"(max-width: 150px) 100vw, 150px\" \/><\/a><div class=\"lcp_excerpt\">La Sacra di San Michele della Chiusa, all&#8217;entrata della Val di Susa, \u00e8 arroccata sul ...<\/div><\/li><li><a href=\"https:\/\/www.bellitalie.org\/it\/destinazione\/lombardia\/lago-maggiore\/\">Lago Maggiore<\/a><a href=\"https:\/\/www.bellitalie.org\/it\/destinazione\/lombardia\/lago-maggiore\/\" title=\"Lago Maggiore\"><img width=\"150\" height=\"150\" src=\"https:\/\/www.bellitalie.org\/wp-content\/uploads\/2021\/09\/lac-majeur_7509-150x150.jpg\" class=\"lcp_thumbnail wp-post-image\" alt=\"Lago Maggiore\" loading=\"lazy\" srcset=\"https:\/\/www.bellitalie.org\/wp-content\/uploads\/2021\/09\/lac-majeur_7509-150x150.jpg 150w, https:\/\/www.bellitalie.org\/wp-content\/uploads\/2021\/09\/lac-majeur_7509-50x50.jpg 50w, https:\/\/www.bellitalie.org\/wp-content\/uploads\/2021\/09\/lac-majeur_7509-80x80.jpg 80w, https:\/\/www.bellitalie.org\/wp-content\/uploads\/2021\/09\/lac-majeur_7509-75x75.jpg 75w\" sizes=\"(max-width: 150px) 100vw, 150px\" \/><\/a><div class=\"lcp_excerpt\">\nIl Lago Maggiore \u00e8 una delle pi\u00f9 belle destinazioni del nord Italia, la cui sponda ...<\/div><\/li><li><a href=\"https:\/\/www.bellitalie.org\/it\/destinazione\/piemonte\/val-di-susa\/\">Val di Susa<\/a><a href=\"https:\/\/www.bellitalie.org\/it\/destinazione\/piemonte\/val-di-susa\/\" title=\"Val di Susa\"><img width=\"150\" height=\"150\" src=\"https:\/\/www.bellitalie.org\/wp-content\/uploads\/2021\/11\/panorama-vallee-de-suse-abbaye-saint-michel-de-la-cluse_5113-150x150.jpg\" class=\"lcp_thumbnail wp-post-image\" alt=\"Val di Susa\" loading=\"lazy\" srcset=\"https:\/\/www.bellitalie.org\/wp-content\/uploads\/2021\/11\/panorama-vallee-de-suse-abbaye-saint-michel-de-la-cluse_5113-150x150.jpg 150w, https:\/\/www.bellitalie.org\/wp-content\/uploads\/2021\/11\/panorama-vallee-de-suse-abbaye-saint-michel-de-la-cluse_5113-50x50.jpg 50w, https:\/\/www.bellitalie.org\/wp-content\/uploads\/2021\/11\/panorama-vallee-de-suse-abbaye-saint-michel-de-la-cluse_5113-80x80.jpg 80w, https:\/\/www.bellitalie.org\/wp-content\/uploads\/2021\/11\/panorama-vallee-de-suse-abbaye-saint-michel-de-la-cluse_5113-75x75.jpg 75w\" sizes=\"(max-width: 150px) 100vw, 150px\" \/><\/a><div class=\"lcp_excerpt\">La Val di Susa \u00e8 una bella valle alpina che conduce da Torino verso le ...<\/div><\/li><li><a href=\"https:\/\/www.bellitalie.org\/it\/destinazione\/piemonte\/lago-d-orta\/\">Lago d&#8217;Orta<\/a><a href=\"https:\/\/www.bellitalie.org\/it\/destinazione\/piemonte\/lago-d-orta\/\" title=\"Lago d&#039;Orta\"><img width=\"150\" height=\"150\" src=\"https:\/\/www.bellitalie.org\/wp-content\/uploads\/2023\/05\/panorama-lac-d-orta-mont-sacre-orta_6800-150x150.jpg\" class=\"lcp_thumbnail wp-post-image\" alt=\"Lago d&#039;Orta\" loading=\"lazy\" srcset=\"https:\/\/www.bellitalie.org\/wp-content\/uploads\/2023\/05\/panorama-lac-d-orta-mont-sacre-orta_6800-150x150.jpg 150w, https:\/\/www.bellitalie.org\/wp-content\/uploads\/2023\/05\/panorama-lac-d-orta-mont-sacre-orta_6800-50x50.jpg 50w, https:\/\/www.bellitalie.org\/wp-content\/uploads\/2023\/05\/panorama-lac-d-orta-mont-sacre-orta_6800-80x80.jpg 80w, https:\/\/www.bellitalie.org\/wp-content\/uploads\/2023\/05\/panorama-lac-d-orta-mont-sacre-orta_6800-75x75.jpg 75w\" sizes=\"(max-width: 150px) 100vw, 150px\" \/><\/a><div class=\"lcp_excerpt\">\nA pochi chilometri ad ovest del Lago Maggiore, il Lago d&#8217;Orta \u00e8 una destinazione affascinante ...<\/div><\/li><li><a href=\"https:\/\/www.bellitalie.org\/it\/destinazione\/piemonte\/langhe\/alba\/\">Alba<\/a><a href=\"https:\/\/www.bellitalie.org\/it\/destinazione\/piemonte\/langhe\/alba\/\" title=\"Alba\"><img width=\"150\" height=\"150\" src=\"https:\/\/www.bellitalie.org\/wp-content\/uploads\/2021\/09\/piazza-duomo-alba-langhe_4711-150x150.jpg\" class=\"lcp_thumbnail wp-post-image\" alt=\"Alba\" loading=\"lazy\" srcset=\"https:\/\/www.bellitalie.org\/wp-content\/uploads\/2021\/09\/piazza-duomo-alba-langhe_4711-150x150.jpg 150w, https:\/\/www.bellitalie.org\/wp-content\/uploads\/2021\/09\/piazza-duomo-alba-langhe_4711-50x50.jpg 50w, https:\/\/www.bellitalie.org\/wp-content\/uploads\/2021\/09\/piazza-duomo-alba-langhe_4711-80x80.jpg 80w, https:\/\/www.bellitalie.org\/wp-content\/uploads\/2021\/09\/piazza-duomo-alba-langhe_4711-75x75.jpg 75w\" sizes=\"(max-width: 150px) 100vw, 150px\" \/><\/a><div class=\"lcp_excerpt\">\nCapitale delle Langhe, Alba fu un potente insediamento romano, oggi una piccola citt\u00e0 che \u00e8 ...<\/div><\/li><li><a href=\"https:\/\/www.bellitalie.org\/it\/destinazione\/piemonte\/asti\/\">Asti<\/a><a href=\"https:\/\/www.bellitalie.org\/it\/destinazione\/piemonte\/asti\/\" title=\"Asti\"><img width=\"150\" height=\"150\" src=\"https:\/\/www.bellitalie.org\/wp-content\/uploads\/2021\/09\/asti_7883-150x150.jpg\" class=\"lcp_thumbnail wp-post-image\" alt=\"Asti\" loading=\"lazy\" srcset=\"https:\/\/www.bellitalie.org\/wp-content\/uploads\/2021\/09\/asti_7883-150x150.jpg 150w, https:\/\/www.bellitalie.org\/wp-content\/uploads\/2021\/09\/asti_7883-50x50.jpg 50w, https:\/\/www.bellitalie.org\/wp-content\/uploads\/2021\/09\/asti_7883-80x80.jpg 80w, https:\/\/www.bellitalie.org\/wp-content\/uploads\/2021\/09\/asti_7883-75x75.jpg 75w\" sizes=\"(max-width: 150px) 100vw, 150px\" \/><\/a><div class=\"lcp_excerpt\">\nAsti \u00e8 capoluogo dell&#8217;omonima provincia, in Piemonte, abitata nel 2021 da quasi 14.000 abitanti. Si ...<\/div><\/li><li><a href=\"https:\/\/www.bellitalie.org\/it\/destinazione\/piemonte\/cuneo-e-dintorni-2\/\">Cuneo e dintorni<\/a><a href=\"https:\/\/www.bellitalie.org\/it\/destinazione\/piemonte\/cuneo-e-dintorni-2\/\" title=\"Cuneo e dintorni\"><img width=\"150\" height=\"150\" src=\"https:\/\/www.bellitalie.org\/wp-content\/uploads\/2021\/07\/santuario-di-san-magno_0506-150x150.jpg\" class=\"lcp_thumbnail wp-post-image\" alt=\"Cuneo e dintorni\" loading=\"lazy\" srcset=\"https:\/\/www.bellitalie.org\/wp-content\/uploads\/2021\/07\/santuario-di-san-magno_0506-150x150.jpg 150w, https:\/\/www.bellitalie.org\/wp-content\/uploads\/2021\/07\/santuario-di-san-magno_0506-50x50.jpg 50w, https:\/\/www.bellitalie.org\/wp-content\/uploads\/2021\/07\/santuario-di-san-magno_0506-80x80.jpg 80w, https:\/\/www.bellitalie.org\/wp-content\/uploads\/2021\/07\/santuario-di-san-magno_0506-75x75.jpg 75w\" sizes=\"(max-width: 150px) 100vw, 150px\" \/><\/a><div class=\"lcp_excerpt\">Graziosa e accogliente citt\u00e0, Cuneo si trova ai piedi delle Alpi alla confluenza di due ...<\/div><\/li><li><a href=\"https:\/\/www.bellitalie.org\/it\/destinazione\/piemonte\/langhe\/\">Langhe<\/a><a href=\"https:\/\/www.bellitalie.org\/it\/destinazione\/piemonte\/langhe\/\" title=\"Langhe\"><img width=\"150\" height=\"150\" src=\"https:\/\/www.bellitalie.org\/wp-content\/uploads\/2023\/06\/vista-barolo-monteforte-d-alba_6285-150x150.jpg\" class=\"lcp_thumbnail wp-post-image\" alt=\"Langhe\" loading=\"lazy\" srcset=\"https:\/\/www.bellitalie.org\/wp-content\/uploads\/2023\/06\/vista-barolo-monteforte-d-alba_6285-150x150.jpg 150w, https:\/\/www.bellitalie.org\/wp-content\/uploads\/2023\/06\/vista-barolo-monteforte-d-alba_6285-50x50.jpg 50w, https:\/\/www.bellitalie.org\/wp-content\/uploads\/2023\/06\/vista-barolo-monteforte-d-alba_6285-80x80.jpg 80w, https:\/\/www.bellitalie.org\/wp-content\/uploads\/2023\/06\/vista-barolo-monteforte-d-alba_6285-75x75.jpg 75w\" sizes=\"(max-width: 150px) 100vw, 150px\" \/><\/a><div class=\"lcp_excerpt\">Il territorio delle Langhe \u00e8 una terra di vini elaborati, con le sue colline coperte ...<\/div><\/li><li><a href=\"https:\/\/www.bellitalie.org\/it\/destinazione\/piemonte\/monferrato-astigiano-e-basso\/\">Monferrata Astigiano e Basso Monferrato<\/a><a href=\"https:\/\/www.bellitalie.org\/it\/destinazione\/piemonte\/monferrato-astigiano-e-basso\/\" title=\"Monferrata Astigiano e Basso Monferrato\"><img width=\"150\" height=\"150\" src=\"https:\/\/www.bellitalie.org\/wp-content\/uploads\/2021\/10\/montiglio-monferrato_6351-150x150.jpg\" class=\"lcp_thumbnail wp-post-image\" alt=\"Monferrata Astigiano e Basso Monferrato\" loading=\"lazy\" srcset=\"https:\/\/www.bellitalie.org\/wp-content\/uploads\/2021\/10\/montiglio-monferrato_6351-150x150.jpg 150w, https:\/\/www.bellitalie.org\/wp-content\/uploads\/2021\/10\/montiglio-monferrato_6351-50x50.jpg 50w, https:\/\/www.bellitalie.org\/wp-content\/uploads\/2021\/10\/montiglio-monferrato_6351-80x80.jpg 80w, https:\/\/www.bellitalie.org\/wp-content\/uploads\/2021\/10\/montiglio-monferrato_6351-75x75.jpg 75w\" sizes=\"(max-width: 150px) 100vw, 150px\" \/><\/a><div class=\"lcp_excerpt\">Il Monferrato Astigiano e il Basso Monferrato a nord e ad ovest della provincia di ...<\/div><\/li><li><a href=\"https:\/\/www.bellitalie.org\/it\/destinazione\/piemonte\/roero-e-dintorni\">Roero e dintorni<\/a><a href=\"https:\/\/www.bellitalie.org\/it\/destinazione\/piemonte\/roero-e-dintorni\" title=\"Roero e dintorni\"><img width=\"150\" height=\"150\" src=\"https:\/\/www.bellitalie.org\/wp-content\/uploads\/2021\/03\/parco-giardini-della-rocca-bra_6201-150x150.jpg\" class=\"lcp_thumbnail wp-post-image\" alt=\"Roero e dintorni\" loading=\"lazy\" srcset=\"https:\/\/www.bellitalie.org\/wp-content\/uploads\/2021\/03\/parco-giardini-della-rocca-bra_6201-150x150.jpg 150w, https:\/\/www.bellitalie.org\/wp-content\/uploads\/2021\/03\/parco-giardini-della-rocca-bra_6201-50x50.jpg 50w, https:\/\/www.bellitalie.org\/wp-content\/uploads\/2021\/03\/parco-giardini-della-rocca-bra_6201-80x80.jpg 80w, https:\/\/www.bellitalie.org\/wp-content\/uploads\/2021\/03\/parco-giardini-della-rocca-bra_6201-75x75.jpg 75w\" sizes=\"(max-width: 150px) 100vw, 150px\" \/><\/a><div class=\"lcp_excerpt\">\nIl Roero \u00e8 con le Langhe e il Monferrato l&#8217;altra regione vinicola storica del Piemonte, ...<\/div><\/li><li><a href=\"https:\/\/www.bellitalie.org\/it\/destinazione\/piemonte\/domodossola-e-valli-ossolane\/\">Domodossola e Valli Ossolane<\/a><a href=\"https:\/\/www.bellitalie.org\/it\/destinazione\/piemonte\/domodossola-e-valli-ossolane\/\" title=\"Domodossola e Valli Ossolane\"><img width=\"150\" height=\"150\" src=\"https:\/\/www.bellitalie.org\/wp-content\/uploads\/2021\/09\/domodossola_1461-150x150.jpg\" class=\"lcp_thumbnail wp-post-image\" alt=\"Domodossola e Valli Ossolane\" loading=\"lazy\" srcset=\"https:\/\/www.bellitalie.org\/wp-content\/uploads\/2021\/09\/domodossola_1461-150x150.jpg 150w, https:\/\/www.bellitalie.org\/wp-content\/uploads\/2021\/09\/domodossola_1461-50x50.jpg 50w, https:\/\/www.bellitalie.org\/wp-content\/uploads\/2021\/09\/domodossola_1461-80x80.jpg 80w, https:\/\/www.bellitalie.org\/wp-content\/uploads\/2021\/09\/domodossola_1461-75x75.jpg 75w\" sizes=\"(max-width: 150px) 100vw, 150px\" \/><\/a><div class=\"lcp_excerpt\">\nValli Ossolane\nA nord-ovest del Lago Maggiore, le Valli Ossolane sono una bellissima piccola regione con ...<\/div><\/li><li><a href=\"https:\/\/www.bellitalie.org\/it\/destinazione\/piemonte\/la-valsesia\/\">La Valsesia<\/a><a href=\"https:\/\/www.bellitalie.org\/it\/destinazione\/piemonte\/la-valsesia\/\" title=\"La Valsesia\"><img width=\"150\" height=\"150\" src=\"https:\/\/www.bellitalie.org\/wp-content\/uploads\/2021\/08\/mont-sacre-de-varallo_6659-150x150.jpg\" class=\"lcp_thumbnail wp-post-image\" alt=\"La Valsesia\" loading=\"lazy\" srcset=\"https:\/\/www.bellitalie.org\/wp-content\/uploads\/2021\/08\/mont-sacre-de-varallo_6659-150x150.jpg 150w, https:\/\/www.bellitalie.org\/wp-content\/uploads\/2021\/08\/mont-sacre-de-varallo_6659-50x50.jpg 50w, https:\/\/www.bellitalie.org\/wp-content\/uploads\/2021\/08\/mont-sacre-de-varallo_6659-80x80.jpg 80w, https:\/\/www.bellitalie.org\/wp-content\/uploads\/2021\/08\/mont-sacre-de-varallo_6659-75x75.jpg 75w\" sizes=\"(max-width: 150px) 100vw, 150px\" \/><\/a><div class=\"lcp_excerpt\">\nMeno frequentata delle vicine valli alpine, la Valsesia ha tuttavia interessanti ricchezze naturali e culturali. ...<\/div><\/li><li><a href=\"https:\/\/www.bellitalie.org\/it\/destinazione\/piemonte\/saluzzo-e-dintorni\/\">Saluzzo e dintorni<\/a><a href=\"https:\/\/www.bellitalie.org\/it\/destinazione\/piemonte\/saluzzo-e-dintorni\/\" title=\"Saluzzo e dintorni\"><img width=\"150\" height=\"150\" src=\"https:\/\/www.bellitalie.org\/wp-content\/uploads\/2023\/06\/torre-civico-saluzzo_6222-150x150.jpg\" class=\"lcp_thumbnail wp-post-image\" alt=\"Saluzzo e dintorni\" loading=\"lazy\" srcset=\"https:\/\/www.bellitalie.org\/wp-content\/uploads\/2023\/06\/torre-civico-saluzzo_6222-150x150.jpg 150w, https:\/\/www.bellitalie.org\/wp-content\/uploads\/2023\/06\/torre-civico-saluzzo_6222-50x50.jpg 50w, https:\/\/www.bellitalie.org\/wp-content\/uploads\/2023\/06\/torre-civico-saluzzo_6222-80x80.jpg 80w, https:\/\/www.bellitalie.org\/wp-content\/uploads\/2023\/06\/torre-civico-saluzzo_6222-75x75.jpg 75w\" sizes=\"(max-width: 150px) 100vw, 150px\" \/><\/a><div class=\"lcp_excerpt\">\nAi piedi dei contrafforti alpini del Monviso, Saluzzo \u00e8 una picola citt\u00e0 di circa 17.000 ...<\/div><\/li><li><a href=\"https:\/\/www.bellitalie.org\/it\/destinazione\/piemonte\/val-di-susa\/susa\/\">Susa<\/a><a href=\"https:\/\/www.bellitalie.org\/it\/destinazione\/piemonte\/val-di-susa\/susa\/\" title=\"Susa\"><img width=\"150\" height=\"150\" src=\"https:\/\/www.bellitalie.org\/wp-content\/uploads\/2021\/09\/suse-italie_7843-150x150.jpg\" class=\"lcp_thumbnail wp-post-image\" alt=\"Susa\" loading=\"lazy\" srcset=\"https:\/\/www.bellitalie.org\/wp-content\/uploads\/2021\/09\/suse-italie_7843-150x150.jpg 150w, https:\/\/www.bellitalie.org\/wp-content\/uploads\/2021\/09\/suse-italie_7843-50x50.jpg 50w, https:\/\/www.bellitalie.org\/wp-content\/uploads\/2021\/09\/suse-italie_7843-80x80.jpg 80w, https:\/\/www.bellitalie.org\/wp-content\/uploads\/2021\/09\/suse-italie_7843-75x75.jpg 75w\" sizes=\"(max-width: 150px) 100vw, 150px\" \/><\/a><div class=\"lcp_excerpt\">\nSusa \u00e8 una piccola citt\u00e0 della Val di Susa, che conserva dalla sua lunga storia ...<\/div><\/li><li><a href=\"https:\/\/www.bellitalie.org\/it\/destinazione\/piemonte\/il-canavese-e-il-biellese-a-nord-di-torino\/#Sacro_Monte_di_Oropa\">Sacro Monte di Oropa<\/a><a href=\"https:\/\/www.bellitalie.org\/it\/destinazione\/piemonte\/il-canavese-e-il-biellese-a-nord-di-torino\/#Sacro_Monte_di_Oropa\" title=\"Sacro Monte di Oropa\"><img width=\"150\" height=\"150\" src=\"https:\/\/www.bellitalie.org\/wp-content\/uploads\/2023\/05\/monte-sacro-di-oropa_5680-150x150.jpg\" class=\"lcp_thumbnail wp-post-image\" alt=\"Sacro Monte di Oropa\" loading=\"lazy\" srcset=\"https:\/\/www.bellitalie.org\/wp-content\/uploads\/2023\/05\/monte-sacro-di-oropa_5680-150x150.jpg 150w, https:\/\/www.bellitalie.org\/wp-content\/uploads\/2023\/05\/monte-sacro-di-oropa_5680-50x50.jpg 50w, https:\/\/www.bellitalie.org\/wp-content\/uploads\/2023\/05\/monte-sacro-di-oropa_5680-80x80.jpg 80w, https:\/\/www.bellitalie.org\/wp-content\/uploads\/2023\/05\/monte-sacro-di-oropa_5680-75x75.jpg 75w\" sizes=\"(max-width: 150px) 100vw, 150px\" \/><\/a><div class=\"lcp_excerpt\">Il pi\u00f9 famoso e grandioso dei Sacri Monti si trova sul Monte di Oropa, al ...<\/div><\/li><li><a href=\"https:\/\/www.bellitalie.org\/it\/destinazione\/piemonte\/val-di-susa\/usseaux-e-forte-di-fenestrelle\/\">Usseaux e Forte di Fenestrelle<\/a><a href=\"https:\/\/www.bellitalie.org\/it\/destinazione\/piemonte\/val-di-susa\/usseaux-e-forte-di-fenestrelle\/\" title=\"Usseaux e Forte di Fenestrelle\"><img width=\"150\" height=\"150\" src=\"https:\/\/www.bellitalie.org\/wp-content\/uploads\/2024\/04\/forteresse-de-fenestrelle-piemont_4684-150x150.jpg\" class=\"lcp_thumbnail wp-post-image\" alt=\"Usseaux e Forte di Fenestrelle\" loading=\"lazy\" srcset=\"https:\/\/www.bellitalie.org\/wp-content\/uploads\/2024\/04\/forteresse-de-fenestrelle-piemont_4684-150x150.jpg 150w, https:\/\/www.bellitalie.org\/wp-content\/uploads\/2024\/04\/forteresse-de-fenestrelle-piemont_4684-50x50.jpg 50w, https:\/\/www.bellitalie.org\/wp-content\/uploads\/2024\/04\/forteresse-de-fenestrelle-piemont_4684-80x80.jpg 80w, https:\/\/www.bellitalie.org\/wp-content\/uploads\/2024\/04\/forteresse-de-fenestrelle-piemont_4684-75x75.jpg 75w\" sizes=\"(max-width: 150px) 100vw, 150px\" \/><\/a><div class=\"lcp_excerpt\">\nIl Val Chisone \u00e8 a sud del Val di Susa, a est della stazione sciistica ...<\/div><\/li><li><a href=\"https:\/\/www.bellitalie.org\/it\/destinazione\/piemonte\/casale-monferrato\/\">Casale Monferrato<\/a><a href=\"https:\/\/www.bellitalie.org\/it\/destinazione\/piemonte\/casale-monferrato\/\" title=\"Casale Monferrato\"><img width=\"150\" height=\"150\" src=\"https:\/\/www.bellitalie.org\/wp-content\/uploads\/2023\/06\/casale-monferrato_6570-150x150.jpg\" class=\"lcp_thumbnail wp-post-image\" alt=\"Casale Monferrato\" loading=\"lazy\" srcset=\"https:\/\/www.bellitalie.org\/wp-content\/uploads\/2023\/06\/casale-monferrato_6570-150x150.jpg 150w, https:\/\/www.bellitalie.org\/wp-content\/uploads\/2023\/06\/casale-monferrato_6570-50x50.jpg 50w, https:\/\/www.bellitalie.org\/wp-content\/uploads\/2023\/06\/casale-monferrato_6570-80x80.jpg 80w, https:\/\/www.bellitalie.org\/wp-content\/uploads\/2023\/06\/casale-monferrato_6570-75x75.jpg 75w\" sizes=\"(max-width: 150px) 100vw, 150px\" \/><\/a><div class=\"lcp_excerpt\">\nRisalente all&#8217;antichit\u00e0 romana, Casale Monferrato \u00e8 una graziosa e tranquilla cittadina con belle chiese, portici, ...<\/div><\/li><li><a href=\"https:\/\/www.bellitalie.org\/it\/destinazione\/piemonte\/vercelli\/\">Vercelli<\/a><a href=\"https:\/\/www.bellitalie.org\/it\/destinazione\/piemonte\/vercelli\/\" title=\"Vercelli\"><img width=\"150\" height=\"150\" src=\"https:\/\/www.bellitalie.org\/wp-content\/uploads\/2023\/06\/piazza-cavour-vercelli_6436-150x150.jpg\" class=\"lcp_thumbnail wp-post-image\" alt=\"Vercelli\" loading=\"lazy\" srcset=\"https:\/\/www.bellitalie.org\/wp-content\/uploads\/2023\/06\/piazza-cavour-vercelli_6436-150x150.jpg 150w, https:\/\/www.bellitalie.org\/wp-content\/uploads\/2023\/06\/piazza-cavour-vercelli_6436-50x50.jpg 50w, https:\/\/www.bellitalie.org\/wp-content\/uploads\/2023\/06\/piazza-cavour-vercelli_6436-80x80.jpg 80w, https:\/\/www.bellitalie.org\/wp-content\/uploads\/2023\/06\/piazza-cavour-vercelli_6436-75x75.jpg 75w\" sizes=\"(max-width: 150px) 100vw, 150px\" \/><\/a><div class=\"lcp_excerpt\">\nVercelli non \u00e8 la citt\u00e0 pi\u00f9 conosciuta della regione, di cui gli italiani stessi non ...<\/div><\/li><li><a href=\"https:\/\/www.bellitalie.org\/it\/destinazione\/piemonte\/il-canavese-e-il-biellese-a-nord-di-torino\/\">Ivrea, il Canavese ed il Biellese<\/a><a href=\"https:\/\/www.bellitalie.org\/it\/destinazione\/piemonte\/il-canavese-e-il-biellese-a-nord-di-torino\/\" title=\"Ivrea, il Canavese ed il Biellese\"><img width=\"150\" height=\"150\" src=\"https:\/\/www.bellitalie.org\/wp-content\/uploads\/2021\/11\/castello-ducale-di-aglie_5367-150x150.jpg\" class=\"lcp_thumbnail wp-post-image\" alt=\"Ivrea, il Canavese ed il Biellese\" loading=\"lazy\" srcset=\"https:\/\/www.bellitalie.org\/wp-content\/uploads\/2021\/11\/castello-ducale-di-aglie_5367-150x150.jpg 150w, https:\/\/www.bellitalie.org\/wp-content\/uploads\/2021\/11\/castello-ducale-di-aglie_5367-50x50.jpg 50w, https:\/\/www.bellitalie.org\/wp-content\/uploads\/2021\/11\/castello-ducale-di-aglie_5367-80x80.jpg 80w, https:\/\/www.bellitalie.org\/wp-content\/uploads\/2021\/11\/castello-ducale-di-aglie_5367-75x75.jpg 75w\" sizes=\"(max-width: 150px) 100vw, 150px\" \/><\/a><div class=\"lcp_excerpt\">Il Canavese ha come capitale Ivrea, nelle colline prealpine a nord di Torino, e il ...<\/div><\/li><li><a href=\"https:\/\/www.bellitalie.org\/it\/destinazione\/piemonte\/novara\/\">Novara<\/a><a href=\"https:\/\/www.bellitalie.org\/it\/destinazione\/piemonte\/novara\/\" title=\"Novara\"><img width=\"150\" height=\"150\" src=\"https:\/\/www.bellitalie.org\/wp-content\/uploads\/2023\/06\/cupola-di-san-gaudenzio-novara_6622-1-150x150.jpg\" class=\"lcp_thumbnail wp-post-image\" alt=\"Novara\" loading=\"lazy\" srcset=\"https:\/\/www.bellitalie.org\/wp-content\/uploads\/2023\/06\/cupola-di-san-gaudenzio-novara_6622-1-150x150.jpg 150w, https:\/\/www.bellitalie.org\/wp-content\/uploads\/2023\/06\/cupola-di-san-gaudenzio-novara_6622-1-50x50.jpg 50w, https:\/\/www.bellitalie.org\/wp-content\/uploads\/2023\/06\/cupola-di-san-gaudenzio-novara_6622-1-80x80.jpg 80w, https:\/\/www.bellitalie.org\/wp-content\/uploads\/2023\/06\/cupola-di-san-gaudenzio-novara_6622-1-75x75.jpg 75w\" sizes=\"(max-width: 150px) 100vw, 150px\" \/><\/a><div class=\"lcp_excerpt\">\nA est del Piemonte e a sud del Lago Maggiore, Novara \u00e8 la seconda citt\u00e0 ...<\/div><\/li><\/ul>\n<\/div>\n\n\n\n<div class=\"wp-container-6 wp-block-column\"><\/div>\n<\/div>\n","protected":false},"excerpt":{"rendered":"<p>Piccola citt\u00e0 piacevole e accogliente, Cuneo si trova ai piedi delle Alpi alla confluenza di due fiumi. Tra le montagne e le pianure della valle, \u00e8 anche una citt\u00e0 ibrida che pu\u00f2 sembrare strana quando si attraversa da un capo all&#8217;altro. In effetti, ad ovest si attraversa un centro moderno, magari un po kistch futurista [&hellip;]<\/p>\n","protected":false},"author":1,"featured_media":0,"parent":24694,"menu_order":0,"comment_status":"open","ping_status":"closed","template":"","format":"standard","meta":{"_links_to":"","_links_to_target":""},"tags":[],"categorie_page":[113,104],"region_italie":[],"acf":[],"yoast_head":"<!-- This site is optimized with the Yoast SEO plugin v17.5 - https:\/\/yoast.com\/wordpress\/plugins\/seo\/ -->\n<title>Cuneo e dintorni - Bellitalie<\/title>\n<meta name=\"description\" content=\"Visita di Cuneo, citt\u00e0 atipica ai piedi delle Alpi, e dei dintorni, santuari, borghi, Mondovi, Vicoforte e delle valli come quella del Pesio\" \/>\n<meta name=\"robots\" content=\"index, follow, max-snippet:-1, max-image-preview:large, max-video-preview:-1\" \/>\n<link rel=\"canonical\" href=\"https:\/\/www.bellitalie.org\/it\/destinazione\/piemonte\/cuneo-e-dintorni-2\/\" \/>\n<meta property=\"og:locale\" content=\"it_IT\" \/>\n<meta property=\"og:type\" content=\"article\" \/>\n<meta property=\"og:title\" content=\"Cuneo e dintorni - Bellitalie\" \/>\n<meta property=\"og:description\" content=\"Visita di Cuneo, citt\u00e0 atipica ai piedi delle Alpi, e dei dintorni, santuari, borghi, Mondovi, Vicoforte e delle valli come quella del Pesio\" \/>\n<meta property=\"og:url\" content=\"https:\/\/www.bellitalie.org\/it\/destinazione\/piemonte\/cuneo-e-dintorni-2\/\" \/>\n<meta property=\"og:site_name\" content=\"Bellitalie\" \/>\n<meta property=\"article:modified_time\" content=\"2023-10-02T20:35:21+00:00\" \/>\n<meta property=\"og:image\" content=\"https:\/\/www.bellitalie.org\/wp-content\/uploads\/2021\/07\/palazzi-via-roma-cuneo_0393.jpg\" \/>\n<meta name=\"twitter:card\" content=\"summary_large_image\" \/>\n<meta name=\"twitter:label1\" content=\"Tempo di lettura stimato\" \/>\n\t<meta name=\"twitter:data1\" content=\"14 minuti\" \/>\n<script type=\"application\/ld+json\" class=\"yoast-schema-graph\">{\"@context\":\"https:\/\/schema.org\",\"@graph\":[{\"@type\":\"WebSite\",\"@id\":\"https:\/\/www.bellitalie.org\/#website\",\"url\":\"https:\/\/www.bellitalie.org\/\",\"name\":\"Bellitalie\",\"description\":\"Regioni, citt\\u00e0 e patrimonio dell'Italia da nord a sud\",\"potentialAction\":[{\"@type\":\"SearchAction\",\"target\":{\"@type\":\"EntryPoint\",\"urlTemplate\":\"https:\/\/www.bellitalie.org\/?s={search_term_string}\"},\"query-input\":\"required name=search_term_string\"}],\"inLanguage\":\"it-IT\"},{\"@type\":\"ImageObject\",\"@id\":\"https:\/\/www.bellitalie.org\/it\/destinazione\/piemonte\/cuneo-e-dintorni-2\/#primaryimage\",\"inLanguage\":\"it-IT\",\"url\":\"https:\/\/www.bellitalie.org\/wp-content\/uploads\/2021\/07\/palazzi-via-roma-cuneo_0393.jpg\",\"contentUrl\":\"https:\/\/www.bellitalie.org\/wp-content\/uploads\/2021\/07\/palazzi-via-roma-cuneo_0393.jpg\",\"width\":1200,\"height\":800},{\"@type\":\"WebPage\",\"@id\":\"https:\/\/www.bellitalie.org\/it\/destinazione\/piemonte\/cuneo-e-dintorni-2\/#webpage\",\"url\":\"https:\/\/www.bellitalie.org\/it\/destinazione\/piemonte\/cuneo-e-dintorni-2\/\",\"name\":\"Cuneo e dintorni - Bellitalie\",\"isPartOf\":{\"@id\":\"https:\/\/www.bellitalie.org\/#website\"},\"primaryImageOfPage\":{\"@id\":\"https:\/\/www.bellitalie.org\/it\/destinazione\/piemonte\/cuneo-e-dintorni-2\/#primaryimage\"},\"datePublished\":\"2021-07-20T09:02:00+00:00\",\"dateModified\":\"2023-10-02T20:35:21+00:00\",\"description\":\"Visita di Cuneo, citt\\u00e0 atipica ai piedi delle Alpi, e dei dintorni, santuari, borghi, Mondovi, Vicoforte e delle valli come quella del Pesio\",\"breadcrumb\":{\"@id\":\"https:\/\/www.bellitalie.org\/it\/destinazione\/piemonte\/cuneo-e-dintorni-2\/#breadcrumb\"},\"inLanguage\":\"it-IT\",\"potentialAction\":[{\"@type\":\"ReadAction\",\"target\":[\"https:\/\/www.bellitalie.org\/it\/destinazione\/piemonte\/cuneo-e-dintorni-2\/\"]}]},{\"@type\":\"BreadcrumbList\",\"@id\":\"https:\/\/www.bellitalie.org\/it\/destinazione\/piemonte\/cuneo-e-dintorni-2\/#breadcrumb\",\"itemListElement\":[{\"@type\":\"ListItem\",\"position\":1,\"name\":\"Accueil\",\"item\":\"https:\/\/www.bellitalie.org\/it\/\"},{\"@type\":\"ListItem\",\"position\":2,\"name\":\"Piemonte\",\"item\":\"https:\/\/www.bellitalie.org\/it\/destinazione\/piemonte\/\"},{\"@type\":\"ListItem\",\"position\":3,\"name\":\"Cuneo e dintorni\"}]},{\"@type\":\"Person\",\"@id\":\"https:\/\/www.bellitalie.org\/#\/schema\/person\/6f25c64f0b5df6df0b93a2be44045da5\",\"name\":\"Bellitalie\",\"image\":{\"@type\":\"ImageObject\",\"@id\":\"https:\/\/www.bellitalie.org\/#personlogo\",\"inLanguage\":\"it-IT\",\"url\":\"https:\/\/secure.gravatar.com\/avatar\/ad516503a11cd5ca435acc9bb6523536?s=96\",\"contentUrl\":\"https:\/\/secure.gravatar.com\/avatar\/ad516503a11cd5ca435acc9bb6523536?s=96\",\"caption\":\"Bellitalie\"},\"sameAs\":[\"https:\/\/www.bellitalie.org\"]}]}<\/script>\n<!-- \/ Yoast SEO plugin. -->","yoast_head_json":{"title":"Cuneo e dintorni - Bellitalie","description":"Visita di Cuneo, citt\u00e0 atipica ai piedi delle Alpi, e dei dintorni, santuari, borghi, Mondovi, Vicoforte e delle valli come quella del Pesio","robots":{"index":"index","follow":"follow","max-snippet":"max-snippet:-1","max-image-preview":"max-image-preview:large","max-video-preview":"max-video-preview:-1"},"canonical":"https:\/\/www.bellitalie.org\/it\/destinazione\/piemonte\/cuneo-e-dintorni-2\/","og_locale":"it_IT","og_type":"article","og_title":"Cuneo e dintorni - Bellitalie","og_description":"Visita di Cuneo, citt\u00e0 atipica ai piedi delle Alpi, e dei dintorni, santuari, borghi, Mondovi, Vicoforte e delle valli come quella del Pesio","og_url":"https:\/\/www.bellitalie.org\/it\/destinazione\/piemonte\/cuneo-e-dintorni-2\/","og_site_name":"Bellitalie","article_modified_time":"2023-10-02T20:35:21+00:00","og_image":[{"url":"https:\/\/www.bellitalie.org\/wp-content\/uploads\/2021\/07\/palazzi-via-roma-cuneo_0393.jpg"}],"twitter_card":"summary_large_image","twitter_misc":{"Tempo di lettura stimato":"14 minuti"},"schema":{"@context":"https:\/\/schema.org","@graph":[{"@type":"WebSite","@id":"https:\/\/www.bellitalie.org\/#website","url":"https:\/\/www.bellitalie.org\/","name":"Bellitalie","description":"Regioni, citt\u00e0 e patrimonio dell'Italia da nord a sud","potentialAction":[{"@type":"SearchAction","target":{"@type":"EntryPoint","urlTemplate":"https:\/\/www.bellitalie.org\/?s={search_term_string}"},"query-input":"required name=search_term_string"}],"inLanguage":"it-IT"},{"@type":"ImageObject","@id":"https:\/\/www.bellitalie.org\/it\/destinazione\/piemonte\/cuneo-e-dintorni-2\/#primaryimage","inLanguage":"it-IT","url":"https:\/\/www.bellitalie.org\/wp-content\/uploads\/2021\/07\/palazzi-via-roma-cuneo_0393.jpg","contentUrl":"https:\/\/www.bellitalie.org\/wp-content\/uploads\/2021\/07\/palazzi-via-roma-cuneo_0393.jpg","width":1200,"height":800},{"@type":"WebPage","@id":"https:\/\/www.bellitalie.org\/it\/destinazione\/piemonte\/cuneo-e-dintorni-2\/#webpage","url":"https:\/\/www.bellitalie.org\/it\/destinazione\/piemonte\/cuneo-e-dintorni-2\/","name":"Cuneo e dintorni - Bellitalie","isPartOf":{"@id":"https:\/\/www.bellitalie.org\/#website"},"primaryImageOfPage":{"@id":"https:\/\/www.bellitalie.org\/it\/destinazione\/piemonte\/cuneo-e-dintorni-2\/#primaryimage"},"datePublished":"2021-07-20T09:02:00+00:00","dateModified":"2023-10-02T20:35:21+00:00","description":"Visita di Cuneo, citt\u00e0 atipica ai piedi delle Alpi, e dei dintorni, santuari, borghi, Mondovi, Vicoforte e delle valli come quella del Pesio","breadcrumb":{"@id":"https:\/\/www.bellitalie.org\/it\/destinazione\/piemonte\/cuneo-e-dintorni-2\/#breadcrumb"},"inLanguage":"it-IT","potentialAction":[{"@type":"ReadAction","target":["https:\/\/www.bellitalie.org\/it\/destinazione\/piemonte\/cuneo-e-dintorni-2\/"]}]},{"@type":"BreadcrumbList","@id":"https:\/\/www.bellitalie.org\/it\/destinazione\/piemonte\/cuneo-e-dintorni-2\/#breadcrumb","itemListElement":[{"@type":"ListItem","position":1,"name":"Accueil","item":"https:\/\/www.bellitalie.org\/it\/"},{"@type":"ListItem","position":2,"name":"Piemonte","item":"https:\/\/www.bellitalie.org\/it\/destinazione\/piemonte\/"},{"@type":"ListItem","position":3,"name":"Cuneo e dintorni"}]},{"@type":"Person","@id":"https:\/\/www.bellitalie.org\/#\/schema\/person\/6f25c64f0b5df6df0b93a2be44045da5","name":"Bellitalie","image":{"@type":"ImageObject","@id":"https:\/\/www.bellitalie.org\/#personlogo","inLanguage":"it-IT","url":"https:\/\/secure.gravatar.com\/avatar\/ad516503a11cd5ca435acc9bb6523536?s=96","contentUrl":"https:\/\/secure.gravatar.com\/avatar\/ad516503a11cd5ca435acc9bb6523536?s=96","caption":"Bellitalie"},"sameAs":["https:\/\/www.bellitalie.org"]}]}},"_links":{"self":[{"href":"https:\/\/www.bellitalie.org\/it\/wp-json\/wp\/v2\/destination\/24878"}],"collection":[{"href":"https:\/\/www.bellitalie.org\/it\/wp-json\/wp\/v2\/destination"}],"about":[{"href":"https:\/\/www.bellitalie.org\/it\/wp-json\/wp\/v2\/types\/destination"}],"author":[{"embeddable":true,"href":"https:\/\/www.bellitalie.org\/it\/wp-json\/wp\/v2\/users\/1"}],"replies":[{"embeddable":true,"href":"https:\/\/www.bellitalie.org\/it\/wp-json\/wp\/v2\/comments?post=24878"}],"version-history":[{"count":2,"href":"https:\/\/www.bellitalie.org\/it\/wp-json\/wp\/v2\/destination\/24878\/revisions"}],"predecessor-version":[{"id":24962,"href":"https:\/\/www.bellitalie.org\/it\/wp-json\/wp\/v2\/destination\/24878\/revisions\/24962"}],"up":[{"embeddable":true,"href":"https:\/\/www.bellitalie.org\/it\/wp-json\/wp\/v2\/destination\/24694"}],"wp:attachment":[{"href":"https:\/\/www.bellitalie.org\/it\/wp-json\/wp\/v2\/media?parent=24878"}],"wp:term":[{"taxonomy":"post_tag","embeddable":true,"href":"https:\/\/www.bellitalie.org\/it\/wp-json\/wp\/v2\/tags?post=24878"},{"taxonomy":"categorie_page","embeddable":true,"href":"https:\/\/www.bellitalie.org\/it\/wp-json\/wp\/v2\/categorie_page?post=24878"},{"taxonomy":"region_italie","embeddable":true,"href":"https:\/\/www.bellitalie.org\/it\/wp-json\/wp\/v2\/region_italie?post=24878"}],"curies":[{"name":"wp","href":"https:\/\/api.w.org\/{rel}","templated":true}]}}