{"id":25038,"date":"2021-08-01T11:57:00","date_gmt":"2021-08-01T09:57:00","guid":{"rendered":"https:\/\/www.bellitalie.org\/destination\/piemonte\/le-valsesia\/"},"modified":"2023-10-29T09:08:19","modified_gmt":"2023-10-29T08:08:19","slug":"la-valsesia","status":"publish","type":"destination","link":"https:\/\/www.bellitalie.org\/it\/destinazione\/piemonte\/la-valsesia\/","title":{"rendered":"La Valsesia"},"content":{"rendered":"\n<div id=\"attachment_15264\" style=\"width: 310px\" class=\"wp-caption alignright\"><a href=\"https:\/\/www.bellitalie.org\/wp-content\/uploads\/2021\/08\/val-sesia-verso-civiasco_6711.jpg\" rel=\"attachment wp-att-15264\"><img aria-describedby=\"caption-attachment-15264\" loading=\"lazy\" class=\"wp-image-15264\" src=\"https:\/\/www.bellitalie.org\/wp-content\/uploads\/2021\/08\/val-sesia-verso-civiasco_6711-1024x683.jpg\" alt=\"photo de la val sesia vers civiasco_6711\" width=\"300\" height=\"200\" srcset=\"https:\/\/www.bellitalie.org\/wp-content\/uploads\/2021\/08\/val-sesia-verso-civiasco_6711-1024x683.jpg 1024w, https:\/\/www.bellitalie.org\/wp-content\/uploads\/2021\/08\/val-sesia-verso-civiasco_6711-300x200.jpg 300w, https:\/\/www.bellitalie.org\/wp-content\/uploads\/2021\/08\/val-sesia-verso-civiasco_6711-768x512.jpg 768w, https:\/\/www.bellitalie.org\/wp-content\/uploads\/2021\/08\/val-sesia-verso-civiasco_6711.jpg 1200w\" sizes=\"(max-width: 300px) 100vw, 300px\" \/><\/a><p id=\"caption-attachment-15264\" class=\"wp-caption-text\">Val Sesia verso Civiasco<\/p><\/div>\n<p>Meno frequentata delle vicine valli alpine, la <strong>Valsesia<\/strong> ha tuttavia interessanti ricchezze naturali e culturali. Scende dalle pendici del <strong>Monte Rosa<\/strong>, con diverse valli affluenti fuori dai sentieri battuti.<br>La sua parte alta \u00e8 selvaggia e segnata dai <em>Walser<\/em> (che era una popolazione germanofona di origine Burgonde) dove sopravvivono tradizioni pastorali e produzione vinicola secolare, in parte in un parco naturale. La parte bassa conta pi\u00f9 siti artistici.<br>Questa zona offre numerose escursioni o percorsi in mountain bike, piccoli villaggi Walser, e la cui citt\u00e0 principale \u00e8 <strong>Varallo<\/strong>, tra la parte superiore e inferiore della Valsesia. Quest&#8217;ultima conserva un bel patrimonio storico-artistico, con soprattutto il suo famoso <strong>Sacro Monte<\/strong>, ma anche la bella chiesa di Santa Maria delle Grazie.<\/p>\n<h2>Sacro Monte di Varallo <span id=\"Suse\"><b><img src=\"https:\/\/www.bellitalie.org\/images\/1etoilesB20.png\" alt=\"interet 1 etoiles\" height=\"10\"><\/b><\/span><\/h2>\n<p>Il pi\u00f9 antico dei Sacri Monti si trova a <strong>Varallo<\/strong>, fondato nel 1491, tra i 9 Sacri Monti del Nord Italia iscritti nel patrimonio dell&#8217;Unesco nel 2003, progettato dal francescano milanese <strong>Bernardino Caimi<\/strong> di ritorno dalla Terra Santa. Qui si ricostruiscono simbolicamente i Luoghi Santi della Palestina, con 44 cappelle affrescate e statue e la Basilica dell&#8217;Assunzione, edificata a partire dal 1814, che si scopre attraverso un sentiero che parte dal parco naturale con splendide viste sulla valle. Si contano circa 4.000 figure dipinte e circa 800 statue di legno o di terracotta dipinte molto espressive che rappresentano scene dei Vangeli e della vita e della Passione di Cristo, realizzate da artisti locali come <strong>Gaudenzio Ferrari<\/strong> (inizio XVI), Francesco Mazzucchetti, ecc.<br>Si pu\u00f2 raggiungerlo dal sentiero da Varallo, la Via Crucis, in auto o con la funicolare.<br>Le cappelle 1-19 sono nel cuore della riserva, mentre le seguenti occupano la cima del monte che \u00e8 concepito come una piccola citt\u00e0 con le sue piazze, portici e palazzi.<\/p>\n\n\n<figure class=\"wp-container-2 wp-block-gallery-1 wp-block-gallery has-nested-images columns-default is-cropped\">\n<figure class=\"wp-block-image size-medium\"><a href=\"https:\/\/www.bellitalie.org\/wp-content\/uploads\/2021\/08\/chapelle-christ-mont-sacre-de-varallo_6666.jpg\"><img loading=\"lazy\" width=\"1200\" height=\"800\" data-id=\"15270\"  src=\"https:\/\/www.bellitalie.org\/wp-content\/uploads\/2021\/08\/chapelle-christ-mont-sacre-de-varallo_6666.jpg\" alt=\"photo chapelle-christ-mont-sacre-de-varallo_6666\" class=\"wp-image-15270\" srcset=\"https:\/\/www.bellitalie.org\/wp-content\/uploads\/2021\/08\/chapelle-christ-mont-sacre-de-varallo_6666.jpg 1200w, https:\/\/www.bellitalie.org\/wp-content\/uploads\/2021\/08\/chapelle-christ-mont-sacre-de-varallo_6666-300x200.jpg 300w, https:\/\/www.bellitalie.org\/wp-content\/uploads\/2021\/08\/chapelle-christ-mont-sacre-de-varallo_6666-1024x683.jpg 1024w, https:\/\/www.bellitalie.org\/wp-content\/uploads\/2021\/08\/chapelle-christ-mont-sacre-de-varallo_6666-768x512.jpg 768w\" sizes=\"(max-width: 1200px) 100vw, 1200px\" \/><\/a><\/figure>\n\n\n\n<figure class=\"wp-block-image size-medium\"><a href=\"https:\/\/www.bellitalie.org\/wp-content\/uploads\/2021\/08\/mont-sacre-de-varallo_6659.jpg\"><img loading=\"lazy\" width=\"1200\" height=\"800\" data-id=\"15273\"  src=\"https:\/\/www.bellitalie.org\/wp-content\/uploads\/2021\/08\/mont-sacre-de-varallo_6659.jpg\" alt=\"photo du mont sacre de varallo_6659\" class=\"wp-image-15273\" srcset=\"https:\/\/www.bellitalie.org\/wp-content\/uploads\/2021\/08\/mont-sacre-de-varallo_6659.jpg 1200w, https:\/\/www.bellitalie.org\/wp-content\/uploads\/2021\/08\/mont-sacre-de-varallo_6659-300x200.jpg 300w, https:\/\/www.bellitalie.org\/wp-content\/uploads\/2021\/08\/mont-sacre-de-varallo_6659-1024x683.jpg 1024w, https:\/\/www.bellitalie.org\/wp-content\/uploads\/2021\/08\/mont-sacre-de-varallo_6659-768x512.jpg 768w\" sizes=\"(max-width: 1200px) 100vw, 1200px\" \/><\/a><\/figure>\n<\/figure>\n\n\n\n<figure class=\"wp-container-4 wp-block-gallery-3 wp-block-gallery has-nested-images columns-4 is-cropped\">\n<figure class=\"wp-block-image size-medium\"><a href=\"https:\/\/www.bellitalie.org\/wp-content\/uploads\/2021\/08\/basilica-monte-sacro-di-varallo_6680.jpg\"><img loading=\"lazy\" width=\"300\" height=\"200\" data-id=\"15274\"  src=\"https:\/\/www.bellitalie.org\/wp-content\/uploads\/2021\/08\/basilica-monte-sacro-di-varallo_6680-300x200.jpg\" alt=\"basilica-monte-sacro-di-varallo_6680\" class=\"wp-image-15274\" srcset=\"https:\/\/www.bellitalie.org\/wp-content\/uploads\/2021\/08\/basilica-monte-sacro-di-varallo_6680-300x200.jpg 300w, https:\/\/www.bellitalie.org\/wp-content\/uploads\/2021\/08\/basilica-monte-sacro-di-varallo_6680-1024x683.jpg 1024w, https:\/\/www.bellitalie.org\/wp-content\/uploads\/2021\/08\/basilica-monte-sacro-di-varallo_6680-768x512.jpg 768w, https:\/\/www.bellitalie.org\/wp-content\/uploads\/2021\/08\/basilica-monte-sacro-di-varallo_6680.jpg 1200w\" sizes=\"(max-width: 300px) 100vw, 300px\" \/><\/a><\/figure>\n\n\n\n<figure class=\"wp-block-image size-medium\"><a href=\"https:\/\/www.bellitalie.org\/wp-content\/uploads\/2021\/08\/cappelle-monte-sacro-di-varallo_6687.jpg\"><img loading=\"lazy\" width=\"300\" height=\"200\" data-id=\"15277\"  src=\"https:\/\/www.bellitalie.org\/wp-content\/uploads\/2021\/08\/cappelle-monte-sacro-di-varallo_6687-300x200.jpg\" alt=\"cappelle-monte-sacro-di-varallo_6687\" class=\"wp-image-15277\" srcset=\"https:\/\/www.bellitalie.org\/wp-content\/uploads\/2021\/08\/cappelle-monte-sacro-di-varallo_6687-300x200.jpg 300w, https:\/\/www.bellitalie.org\/wp-content\/uploads\/2021\/08\/cappelle-monte-sacro-di-varallo_6687-1024x683.jpg 1024w, https:\/\/www.bellitalie.org\/wp-content\/uploads\/2021\/08\/cappelle-monte-sacro-di-varallo_6687-768x512.jpg 768w, https:\/\/www.bellitalie.org\/wp-content\/uploads\/2021\/08\/cappelle-monte-sacro-di-varallo_6687.jpg 1200w\" sizes=\"(max-width: 300px) 100vw, 300px\" \/><\/a><\/figure>\n\n\n\n<figure class=\"wp-block-image size-medium\"><a href=\"https:\/\/www.bellitalie.org\/wp-content\/uploads\/2021\/08\/monte-sacro-di-varallo_6688.jpg\"><img loading=\"lazy\" width=\"300\" height=\"200\" data-id=\"15283\"  src=\"https:\/\/www.bellitalie.org\/wp-content\/uploads\/2021\/08\/monte-sacro-di-varallo_6688-300x200.jpg\" alt=\"monte-sacro-di-varallo_6688\" class=\"wp-image-15283\" srcset=\"https:\/\/www.bellitalie.org\/wp-content\/uploads\/2021\/08\/monte-sacro-di-varallo_6688-300x200.jpg 300w, https:\/\/www.bellitalie.org\/wp-content\/uploads\/2021\/08\/monte-sacro-di-varallo_6688-1024x683.jpg 1024w, https:\/\/www.bellitalie.org\/wp-content\/uploads\/2021\/08\/monte-sacro-di-varallo_6688-768x512.jpg 768w, https:\/\/www.bellitalie.org\/wp-content\/uploads\/2021\/08\/monte-sacro-di-varallo_6688.jpg 1200w\" sizes=\"(max-width: 300px) 100vw, 300px\" \/><\/a><\/figure>\n\n\n\n<figure class=\"wp-block-image size-medium\"><a href=\"https:\/\/www.bellitalie.org\/wp-content\/uploads\/2021\/08\/cappelle-monte-sacro-di-varallo_6697.jpg\"><img loading=\"lazy\" width=\"200\" height=\"300\" data-id=\"15280\"  src=\"https:\/\/www.bellitalie.org\/wp-content\/uploads\/2021\/08\/cappelle-monte-sacro-di-varallo_6697-200x300.jpg\" alt=\"cappelle-monte-sacro-di-varallo_6697\" class=\"wp-image-15280\" srcset=\"https:\/\/www.bellitalie.org\/wp-content\/uploads\/2021\/08\/cappelle-monte-sacro-di-varallo_6697-200x300.jpg 200w, https:\/\/www.bellitalie.org\/wp-content\/uploads\/2021\/08\/cappelle-monte-sacro-di-varallo_6697-683x1024.jpg 683w, https:\/\/www.bellitalie.org\/wp-content\/uploads\/2021\/08\/cappelle-monte-sacro-di-varallo_6697-768x1152.jpg 768w, https:\/\/www.bellitalie.org\/wp-content\/uploads\/2021\/08\/cappelle-monte-sacro-di-varallo_6697.jpg 800w\" sizes=\"(max-width: 200px) 100vw, 200px\" \/><\/a><\/figure>\n<\/figure>\n\n\n<h2>Siti a Varallo<\/h2>\n<ul>\n<li><strong>Santa Maria delle Grazie<\/strong><br>Ai piedi del monte, nella Piazza Gaudenzio Ferrari fiancheggiata dal convento delle Suore Missionarie, la chiesa di <strong>Santa Maria delle Grazie<\/strong> fu fondata con un convento francescano da padre Bernardino Caimi tra il 1486 e il 1493, in connessione con la costruzione e il percorso del Sacro Monte. Ha una semplice architettura tardogotica, caratteristica delle chiese conventuali francescane con un grande muro che separa lo spazio riservato ai frati da quello dei fedeli. Questo \u00e8 stato dipinto nel 1513 da <strong>Gaudenzio Ferrari<\/strong>, costituendo con questo grande affresco una grande opera rinascimentale in Piemonte e Lombardia.<br>I 21 pannelli rappresentano scene tratte dalla vita e dalla passione di Ges\u00f9, dall&#8217;Annunciazione alla Risurrezione, per 8 metri di altezza e 10 di larghezza. Le scene ricordano quelle raffigurate nelle cappelle che conducono al Sacro Monte, essendo qui un \u00abprologo\u00bb.<\/li>\n<li>Vicino a Varallo in Val Mastallone, il fiume e il burrone \u00e8 scavalcato dal <strong>Ponte della Gula<\/strong>, un vecchio ponte stretto in pietra, in una curva a 30 metri di altezza. Fu per secoli il passaggio obbligato per scendere la valle.<\/li>\n<li>L&#8217;<strong>Oratorio della Vergine di Loreto<\/strong>, ai piedi delle pareti rocciose e boscose, risale al Rinascimento e conserva belle decorazioni e architettura con loggia del XVI secolo, dipinti di Gaudenzio Ferrari tra cui una Nativit\u00e0, e all&#8217;interno degli affreschi dedicati alla vita della Vergine.<\/li>\n<\/ul>\n\n\n<figure class=\"wp-container-6 wp-block-gallery-5 wp-block-gallery has-nested-images columns-default is-cropped\">\n<figure class=\"wp-block-image size-large\"><a href=\"https:\/\/www.bellitalie.org\/wp-content\/uploads\/2021\/08\/santa-maria-delle-grazie-varallo_6704.jpg\"><img loading=\"lazy\" width=\"1200\" height=\"800\" data-id=\"15294\"  src=\"https:\/\/www.bellitalie.org\/wp-content\/uploads\/2021\/08\/santa-maria-delle-grazie-varallo_6704.jpg\" alt=\"photo de santa-maria-delle-grazie-varallo_6704\" class=\"wp-image-15294\" srcset=\"https:\/\/www.bellitalie.org\/wp-content\/uploads\/2021\/08\/santa-maria-delle-grazie-varallo_6704.jpg 1200w, https:\/\/www.bellitalie.org\/wp-content\/uploads\/2021\/08\/santa-maria-delle-grazie-varallo_6704-300x200.jpg 300w, https:\/\/www.bellitalie.org\/wp-content\/uploads\/2021\/08\/santa-maria-delle-grazie-varallo_6704-1024x683.jpg 1024w, https:\/\/www.bellitalie.org\/wp-content\/uploads\/2021\/08\/santa-maria-delle-grazie-varallo_6704-768x512.jpg 768w\" sizes=\"(max-width: 1200px) 100vw, 1200px\" \/><\/a><\/figure>\n\n\n\n<figure class=\"wp-block-image size-large\"><a href=\"https:\/\/www.bellitalie.org\/wp-content\/uploads\/2021\/08\/sainte-marie-des-graces-varallo_6707.jpg\"><img loading=\"lazy\" width=\"1200\" height=\"800\" data-id=\"15291\"  src=\"https:\/\/www.bellitalie.org\/wp-content\/uploads\/2021\/08\/sainte-marie-des-graces-varallo_6707.jpg\" alt=\"photo de sainte-marie-des-graces-varallo_6707\" class=\"wp-image-15291\" srcset=\"https:\/\/www.bellitalie.org\/wp-content\/uploads\/2021\/08\/sainte-marie-des-graces-varallo_6707.jpg 1200w, https:\/\/www.bellitalie.org\/wp-content\/uploads\/2021\/08\/sainte-marie-des-graces-varallo_6707-300x200.jpg 300w, https:\/\/www.bellitalie.org\/wp-content\/uploads\/2021\/08\/sainte-marie-des-graces-varallo_6707-1024x683.jpg 1024w, https:\/\/www.bellitalie.org\/wp-content\/uploads\/2021\/08\/sainte-marie-des-graces-varallo_6707-768x512.jpg 768w\" sizes=\"(max-width: 1200px) 100vw, 1200px\" \/><\/a><\/figure>\n\n\n\n<figure class=\"wp-block-image size-large\"><a href=\"https:\/\/www.bellitalie.org\/wp-content\/uploads\/2021\/08\/ponte-della-gula-varallo_6699.jpg\"><img loading=\"lazy\" width=\"800\" height=\"1200\" data-id=\"15297\"  src=\"https:\/\/www.bellitalie.org\/wp-content\/uploads\/2021\/08\/ponte-della-gula-varallo_6699.jpg\" alt=\"photo du pont de la gula-varallo_6699\" class=\"wp-image-15297\" srcset=\"https:\/\/www.bellitalie.org\/wp-content\/uploads\/2021\/08\/ponte-della-gula-varallo_6699.jpg 800w, https:\/\/www.bellitalie.org\/wp-content\/uploads\/2021\/08\/ponte-della-gula-varallo_6699-200x300.jpg 200w, https:\/\/www.bellitalie.org\/wp-content\/uploads\/2021\/08\/ponte-della-gula-varallo_6699-683x1024.jpg 683w, https:\/\/www.bellitalie.org\/wp-content\/uploads\/2021\/08\/ponte-della-gula-varallo_6699-768x1152.jpg 768w\" sizes=\"(max-width: 800px) 100vw, 800px\" \/><\/a><\/figure>\n\n\n\n<figure class=\"wp-block-image size-large\"><a href=\"https:\/\/www.bellitalie.org\/wp-content\/uploads\/2021\/08\/parete-gaudenziana-santa-maria-delle-grazie-varallo_6706.jpg\"><img loading=\"lazy\" width=\"1200\" height=\"800\" data-id=\"15288\"  src=\"https:\/\/www.bellitalie.org\/wp-content\/uploads\/2021\/08\/parete-gaudenziana-santa-maria-delle-grazie-varallo_6706.jpg\" alt=\"photo du mur de gaudenziana-santa-maria-delle-grazie-varallo_6706\" class=\"wp-image-15288\" srcset=\"https:\/\/www.bellitalie.org\/wp-content\/uploads\/2021\/08\/parete-gaudenziana-santa-maria-delle-grazie-varallo_6706.jpg 1200w, https:\/\/www.bellitalie.org\/wp-content\/uploads\/2021\/08\/parete-gaudenziana-santa-maria-delle-grazie-varallo_6706-300x200.jpg 300w, https:\/\/www.bellitalie.org\/wp-content\/uploads\/2021\/08\/parete-gaudenziana-santa-maria-delle-grazie-varallo_6706-1024x683.jpg 1024w, https:\/\/www.bellitalie.org\/wp-content\/uploads\/2021\/08\/parete-gaudenziana-santa-maria-delle-grazie-varallo_6706-768x512.jpg 768w\" sizes=\"(max-width: 1200px) 100vw, 1200px\" \/><\/a><\/figure>\n<\/figure>\n\n\n<h2>Alta Valsesia<\/h2>\n<ul>\n<li>La principale valle della Val Sesia \u00e8 la <strong>Val Grande<\/strong>, con i principali borghi storici che sono <strong>Varallo<\/strong> con il suo Sacro Monte e <strong>Alagna Valsesia<\/strong> ai piedi del Monte Rosa, frequentata sia per gli sport invernali che estivi. Ci sono anche molti villaggi Walser (contadini di lingua tedesca di origine Burgonde), mantenendo il loro patrimonio e tradizionali case in legno.<\/li>\n<li>Il <strong>Monte Rosa<\/strong> e i suoi ghiacciai, confine tra la Svizzera e l&#8217;Italia, costituiscono il secondo massiccio pi\u00f9 alto delle Alpi, di cui una delle cime culmina alla punta Dufour a 4634 metri.<\/li>\n<li>La <strong>Val Sermenza<\/strong> \u00e8 una valle stretta e boscosa con i suoi solitari borghi montani, immersa negli splendidi paesaggi del Parco Naturale dell&#8217;Alta Valsesia, come a <strong>Carcoforo<\/strong> e <strong>Alto Sermenza<\/strong> situati in localit\u00e0 naturalistiche, o <strong>Boccioleto<\/strong> e <strong>Rossa <\/strong>da quei partono sentieri punteggiati da piccole cappelle.<\/li>\n<li>La <strong>Val Mastallone<\/strong> \u00e8 una delle valli pi\u00f9 selvagge della Valsesia, con gole a sud e pianure di alpeggi e boschi a nord, con borghi che testimoniano il turismo borghese del passato a <strong>Cervatto<\/strong> e <strong>Fobello<\/strong>, o il pittoresco <strong>Ribera<\/strong> di origine Walser.<\/li>\n<\/ul>\n<h2>Bassa Valsesia<\/h2>\n<ul>\n<li>Nella<strong> bassa Valsesia<\/strong> si scoprono diversi borghi storici tra cui <strong>Borgosesia<\/strong> con il suo Museo di Archeologia e Paleontologia Carlo Contipotrete, il \u00abvillaggio-museo\u00bb di <strong>Guardabosone<\/strong>.<\/li>\n<li>Numerose sono le chiese e i santuari tra cui Santa Maria di Naula a <strong>Serravalle Sesia<\/strong>, San Giovanni al Monte a <strong>Quarona<\/strong> e il santuario di Sant&#8217;Anna a <strong>Borgosesia<\/strong>.<\/li>\n<li>I resti del castello medievale di Vintebbio dominano un&#8217;eminenza nei pressi di Serravalle Sesia.<\/li>\n<li>Il <strong>Monte Fenera<\/strong> ha attrazioni naturali e storiche, in combinazione con un parco naturale, con belle intere, grotte, essendo stato frequentato da Neanderthal.<\/li>\n<li>Si scoprono anche bei paesaggi nella <strong>Valle della Strona<\/strong> verso <strong>Postua<\/strong>, cos\u00ec come i Valloni di Breia e Civiasco.<\/li>\n<\/ul>\n\n\n<figure class=\"wp-container-8 wp-block-gallery-7 wp-block-gallery has-nested-images columns-default is-cropped\">\n<figure class=\"wp-block-image size-large\"><a href=\"https:\/\/www.bellitalie.org\/wp-content\/uploads\/2021\/08\/val-sesia-verso-civiasco_6711.jpg\"><img loading=\"lazy\" width=\"1200\" height=\"800\" data-id=\"15264\"  src=\"https:\/\/www.bellitalie.org\/wp-content\/uploads\/2021\/08\/val-sesia-verso-civiasco_6711.jpg\" alt=\"photo de la val sesia, vers civiasco_6711\" class=\"wp-image-15264\" srcset=\"https:\/\/www.bellitalie.org\/wp-content\/uploads\/2021\/08\/val-sesia-verso-civiasco_6711.jpg 1200w, https:\/\/www.bellitalie.org\/wp-content\/uploads\/2021\/08\/val-sesia-verso-civiasco_6711-300x200.jpg 300w, https:\/\/www.bellitalie.org\/wp-content\/uploads\/2021\/08\/val-sesia-verso-civiasco_6711-1024x683.jpg 1024w, https:\/\/www.bellitalie.org\/wp-content\/uploads\/2021\/08\/val-sesia-verso-civiasco_6711-768x512.jpg 768w\" sizes=\"(max-width: 1200px) 100vw, 1200px\" \/><\/a><\/figure>\n<\/figure>\n\n\n<div id=\"meteo\"><br\/>\r\n\t\t<h2>Meteo \u00e0 Varallo<\/h2>\r\n<p><!-- Inizio codice ilMeteo.it --><\/p>\r\n<p><iframe src=\"https:\/\/www.ilmeteo.it\/box\/previsioni.php?citta=7674&amp;type=day1&amp;width=600&amp;ico=1&amp;lang=ita&amp;days=6&amp;font=Arial&amp;fontsize=12&amp;bg=FFFFFF&amp;fg=000000&amp;bgtitle=F0E8DF&amp;fgtitle=3D3D3D&amp;bgtab=FBFAF5&amp;fglink=1361A3\" width=\"600\" height=\"240\" frameborder=\"no\" scrolling=\"no\"><\/iframe><\/p>\r\n<p><!-- Fine codice ilMeteo.it --><\/p>\r\n<\/div>\n<h2>Cartina<\/h2>\n<div id=\"travelersmap-container-69f4ad25a1000\" class=\"travelersmap-container\" style=\"z-index: 1; min-height: 10px; min-width:10px; height:400px;width:100%; max-width:; max-height:; position:relative;\"><div style=\"position:absolute; z-index:-1;top: 50%;text-align: center;display: block;left: 50%;transform: translate(-50%,-50%);\">Travelers' Map is loading... <br> If you see this after your page is loaded completely, leafletJS files are missing.<\/div><\/div>\n<h2>Fonti ed informazioni<\/h2>\n<ul>\n<li>Portali turistici : <a href=\"https:\/\/visitvalsesiavercelli.it\/\" target=\"_blank\" rel=\"noopener\">visitvalsesiavercelli.it<\/a>, <a href=\"https:\/\/invalsesia.it\/\" target=\"_blank\" rel=\"noopener\">invalsesia.it<\/a>, <a href=\"https:\/\/www.consorziovalsesia.it\" target=\"_blank\" rel=\"noopener\">www.consorziovalsesia.it<\/a><\/li>\n<\/ul>\n<p lang=\"fr-FR\"><\/p>\n\n\n<div class=\"wp-container-11 wp-block-columns has-background\" style=\"background-color:#dfece5\">\n<div class=\"wp-container-9 wp-block-column\">\n<p><strong><a href=\"https:\/\/www.bellitalie.org\/it\/regione_italia\/piemonte\/\">Piemonte<\/a><\/strong><\/p>\n<ul class=\"lcp_catlist2\" id=\"lcp_instance_0\"><li><a href=\"https:\/\/www.bellitalie.org\/it\/destinazione\/piemonte\/cose-da-vedere-in-piemonte\/\">Cose da vedere in Piemonte<\/a><a href=\"https:\/\/www.bellitalie.org\/it\/destinazione\/piemonte\/cose-da-vedere-in-piemonte\/\" title=\"Cose da vedere in Piemonte\"><img width=\"150\" height=\"150\" src=\"https:\/\/www.bellitalie.org\/wp-content\/uploads\/2021\/11\/abbaye-saint-michel-de-la-cluse_5085-150x150.jpg\" class=\"lcp_thumbnail wp-post-image\" alt=\"Cose da vedere in Piemonte\" loading=\"lazy\" srcset=\"https:\/\/www.bellitalie.org\/wp-content\/uploads\/2021\/11\/abbaye-saint-michel-de-la-cluse_5085-150x150.jpg 150w, https:\/\/www.bellitalie.org\/wp-content\/uploads\/2021\/11\/abbaye-saint-michel-de-la-cluse_5085-50x50.jpg 50w, https:\/\/www.bellitalie.org\/wp-content\/uploads\/2021\/11\/abbaye-saint-michel-de-la-cluse_5085-80x80.jpg 80w, https:\/\/www.bellitalie.org\/wp-content\/uploads\/2021\/11\/abbaye-saint-michel-de-la-cluse_5085-75x75.jpg 75w\" sizes=\"(max-width: 150px) 100vw, 150px\" \/><\/a><div class=\"lcp_excerpt\">Le citt\u00e0, luoghi e siti da vedere nella regione Piemonte, da Torino la capitale con ...<\/div><\/li><li><a href=\"https:\/\/www.bellitalie.org\/it\/destinazione\/piemonte\/torino\/\">Torino<\/a><a href=\"https:\/\/www.bellitalie.org\/it\/destinazione\/piemonte\/torino\/\" title=\"Torino\"><img width=\"150\" height=\"150\" src=\"https:\/\/www.bellitalie.org\/wp-content\/uploads\/2021\/09\/palazzo-reale-torino_7953-150x150.jpg\" class=\"lcp_thumbnail wp-post-image\" alt=\"Torino\" loading=\"lazy\" srcset=\"https:\/\/www.bellitalie.org\/wp-content\/uploads\/2021\/09\/palazzo-reale-torino_7953-150x150.jpg 150w, https:\/\/www.bellitalie.org\/wp-content\/uploads\/2021\/09\/palazzo-reale-torino_7953-50x50.jpg 50w, https:\/\/www.bellitalie.org\/wp-content\/uploads\/2021\/09\/palazzo-reale-torino_7953-80x80.jpg 80w, https:\/\/www.bellitalie.org\/wp-content\/uploads\/2021\/09\/palazzo-reale-torino_7953-75x75.jpg 75w\" sizes=\"(max-width: 150px) 100vw, 150px\" \/><\/a><div class=\"lcp_excerpt\">\nPur essendo nota soprattutto per essere un importante centro industriale, con le sue immense fabbriche ...<\/div><\/li><li><a href=\"https:\/\/www.bellitalie.org\/it\/destinazione\/piemonte\/val-di-susa\/sacra-di-san-michele\/\">Sacra di San Michele<\/a><a href=\"https:\/\/www.bellitalie.org\/it\/destinazione\/piemonte\/val-di-susa\/sacra-di-san-michele\/\" title=\"Sacra di San Michele\"><img width=\"150\" height=\"150\" src=\"https:\/\/www.bellitalie.org\/wp-content\/uploads\/2021\/11\/abbaye-saint-michel-de-la-cluse_5078-150x150.jpg\" class=\"lcp_thumbnail wp-post-image\" alt=\"Sacra di San Michele\" loading=\"lazy\" srcset=\"https:\/\/www.bellitalie.org\/wp-content\/uploads\/2021\/11\/abbaye-saint-michel-de-la-cluse_5078-150x150.jpg 150w, https:\/\/www.bellitalie.org\/wp-content\/uploads\/2021\/11\/abbaye-saint-michel-de-la-cluse_5078-50x50.jpg 50w, https:\/\/www.bellitalie.org\/wp-content\/uploads\/2021\/11\/abbaye-saint-michel-de-la-cluse_5078-80x80.jpg 80w, https:\/\/www.bellitalie.org\/wp-content\/uploads\/2021\/11\/abbaye-saint-michel-de-la-cluse_5078-75x75.jpg 75w\" sizes=\"(max-width: 150px) 100vw, 150px\" \/><\/a><div class=\"lcp_excerpt\">La Sacra di San Michele della Chiusa, all&#8217;entrata della Val di Susa, \u00e8 arroccata sul ...<\/div><\/li><li><a href=\"https:\/\/www.bellitalie.org\/it\/destinazione\/lombardia\/lago-maggiore\/\">Lago Maggiore<\/a><a href=\"https:\/\/www.bellitalie.org\/it\/destinazione\/lombardia\/lago-maggiore\/\" title=\"Lago Maggiore\"><img width=\"150\" height=\"150\" src=\"https:\/\/www.bellitalie.org\/wp-content\/uploads\/2021\/09\/lac-majeur_7509-150x150.jpg\" class=\"lcp_thumbnail wp-post-image\" alt=\"Lago Maggiore\" loading=\"lazy\" srcset=\"https:\/\/www.bellitalie.org\/wp-content\/uploads\/2021\/09\/lac-majeur_7509-150x150.jpg 150w, https:\/\/www.bellitalie.org\/wp-content\/uploads\/2021\/09\/lac-majeur_7509-50x50.jpg 50w, https:\/\/www.bellitalie.org\/wp-content\/uploads\/2021\/09\/lac-majeur_7509-80x80.jpg 80w, https:\/\/www.bellitalie.org\/wp-content\/uploads\/2021\/09\/lac-majeur_7509-75x75.jpg 75w\" sizes=\"(max-width: 150px) 100vw, 150px\" \/><\/a><div class=\"lcp_excerpt\">\nIl Lago Maggiore \u00e8 una delle pi\u00f9 belle destinazioni del nord Italia, la cui sponda ...<\/div><\/li><li><a href=\"https:\/\/www.bellitalie.org\/it\/destinazione\/piemonte\/val-di-susa\/\">Val di Susa<\/a><a href=\"https:\/\/www.bellitalie.org\/it\/destinazione\/piemonte\/val-di-susa\/\" title=\"Val di Susa\"><img width=\"150\" height=\"150\" src=\"https:\/\/www.bellitalie.org\/wp-content\/uploads\/2021\/11\/panorama-vallee-de-suse-abbaye-saint-michel-de-la-cluse_5113-150x150.jpg\" class=\"lcp_thumbnail wp-post-image\" alt=\"Val di Susa\" loading=\"lazy\" srcset=\"https:\/\/www.bellitalie.org\/wp-content\/uploads\/2021\/11\/panorama-vallee-de-suse-abbaye-saint-michel-de-la-cluse_5113-150x150.jpg 150w, https:\/\/www.bellitalie.org\/wp-content\/uploads\/2021\/11\/panorama-vallee-de-suse-abbaye-saint-michel-de-la-cluse_5113-50x50.jpg 50w, https:\/\/www.bellitalie.org\/wp-content\/uploads\/2021\/11\/panorama-vallee-de-suse-abbaye-saint-michel-de-la-cluse_5113-80x80.jpg 80w, https:\/\/www.bellitalie.org\/wp-content\/uploads\/2021\/11\/panorama-vallee-de-suse-abbaye-saint-michel-de-la-cluse_5113-75x75.jpg 75w\" sizes=\"(max-width: 150px) 100vw, 150px\" \/><\/a><div class=\"lcp_excerpt\">La Val di Susa \u00e8 una bella valle alpina che conduce da Torino verso le ...<\/div><\/li><li><a href=\"https:\/\/www.bellitalie.org\/it\/destinazione\/piemonte\/lago-d-orta\/\">Lago d&#8217;Orta<\/a><a href=\"https:\/\/www.bellitalie.org\/it\/destinazione\/piemonte\/lago-d-orta\/\" title=\"Lago d&#039;Orta\"><img width=\"150\" height=\"150\" src=\"https:\/\/www.bellitalie.org\/wp-content\/uploads\/2023\/05\/panorama-lac-d-orta-mont-sacre-orta_6800-150x150.jpg\" class=\"lcp_thumbnail wp-post-image\" alt=\"Lago d&#039;Orta\" loading=\"lazy\" srcset=\"https:\/\/www.bellitalie.org\/wp-content\/uploads\/2023\/05\/panorama-lac-d-orta-mont-sacre-orta_6800-150x150.jpg 150w, https:\/\/www.bellitalie.org\/wp-content\/uploads\/2023\/05\/panorama-lac-d-orta-mont-sacre-orta_6800-50x50.jpg 50w, https:\/\/www.bellitalie.org\/wp-content\/uploads\/2023\/05\/panorama-lac-d-orta-mont-sacre-orta_6800-80x80.jpg 80w, https:\/\/www.bellitalie.org\/wp-content\/uploads\/2023\/05\/panorama-lac-d-orta-mont-sacre-orta_6800-75x75.jpg 75w\" sizes=\"(max-width: 150px) 100vw, 150px\" \/><\/a><div class=\"lcp_excerpt\">\nA pochi chilometri ad ovest del Lago Maggiore, il Lago d&#8217;Orta \u00e8 una destinazione affascinante ...<\/div><\/li><li><a href=\"https:\/\/www.bellitalie.org\/it\/destinazione\/piemonte\/langhe\/alba\/\">Alba<\/a><a href=\"https:\/\/www.bellitalie.org\/it\/destinazione\/piemonte\/langhe\/alba\/\" title=\"Alba\"><img width=\"150\" height=\"150\" src=\"https:\/\/www.bellitalie.org\/wp-content\/uploads\/2021\/09\/piazza-duomo-alba-langhe_4711-150x150.jpg\" class=\"lcp_thumbnail wp-post-image\" alt=\"Alba\" loading=\"lazy\" srcset=\"https:\/\/www.bellitalie.org\/wp-content\/uploads\/2021\/09\/piazza-duomo-alba-langhe_4711-150x150.jpg 150w, https:\/\/www.bellitalie.org\/wp-content\/uploads\/2021\/09\/piazza-duomo-alba-langhe_4711-50x50.jpg 50w, https:\/\/www.bellitalie.org\/wp-content\/uploads\/2021\/09\/piazza-duomo-alba-langhe_4711-80x80.jpg 80w, https:\/\/www.bellitalie.org\/wp-content\/uploads\/2021\/09\/piazza-duomo-alba-langhe_4711-75x75.jpg 75w\" sizes=\"(max-width: 150px) 100vw, 150px\" \/><\/a><div class=\"lcp_excerpt\">\nCapitale delle Langhe, Alba fu un potente insediamento romano, oggi una piccola citt\u00e0 che \u00e8 ...<\/div><\/li><li><a href=\"https:\/\/www.bellitalie.org\/it\/destinazione\/piemonte\/asti\/\">Asti<\/a><a href=\"https:\/\/www.bellitalie.org\/it\/destinazione\/piemonte\/asti\/\" title=\"Asti\"><img width=\"150\" height=\"150\" src=\"https:\/\/www.bellitalie.org\/wp-content\/uploads\/2021\/09\/asti_7883-150x150.jpg\" class=\"lcp_thumbnail wp-post-image\" alt=\"Asti\" loading=\"lazy\" srcset=\"https:\/\/www.bellitalie.org\/wp-content\/uploads\/2021\/09\/asti_7883-150x150.jpg 150w, https:\/\/www.bellitalie.org\/wp-content\/uploads\/2021\/09\/asti_7883-50x50.jpg 50w, https:\/\/www.bellitalie.org\/wp-content\/uploads\/2021\/09\/asti_7883-80x80.jpg 80w, https:\/\/www.bellitalie.org\/wp-content\/uploads\/2021\/09\/asti_7883-75x75.jpg 75w\" sizes=\"(max-width: 150px) 100vw, 150px\" \/><\/a><div class=\"lcp_excerpt\">\nAsti \u00e8 capoluogo dell&#8217;omonima provincia, in Piemonte, abitata nel 2021 da quasi 14.000 abitanti. Si ...<\/div><\/li><li><a href=\"https:\/\/www.bellitalie.org\/it\/destinazione\/piemonte\/cuneo-e-dintorni-2\/\">Cuneo e dintorni<\/a><a href=\"https:\/\/www.bellitalie.org\/it\/destinazione\/piemonte\/cuneo-e-dintorni-2\/\" title=\"Cuneo e dintorni\"><img width=\"150\" height=\"150\" src=\"https:\/\/www.bellitalie.org\/wp-content\/uploads\/2021\/07\/santuario-di-san-magno_0506-150x150.jpg\" class=\"lcp_thumbnail wp-post-image\" alt=\"Cuneo e dintorni\" loading=\"lazy\" srcset=\"https:\/\/www.bellitalie.org\/wp-content\/uploads\/2021\/07\/santuario-di-san-magno_0506-150x150.jpg 150w, https:\/\/www.bellitalie.org\/wp-content\/uploads\/2021\/07\/santuario-di-san-magno_0506-50x50.jpg 50w, https:\/\/www.bellitalie.org\/wp-content\/uploads\/2021\/07\/santuario-di-san-magno_0506-80x80.jpg 80w, https:\/\/www.bellitalie.org\/wp-content\/uploads\/2021\/07\/santuario-di-san-magno_0506-75x75.jpg 75w\" sizes=\"(max-width: 150px) 100vw, 150px\" \/><\/a><div class=\"lcp_excerpt\">Graziosa e accogliente citt\u00e0, Cuneo si trova ai piedi delle Alpi alla confluenza di due ...<\/div><\/li><li><a href=\"https:\/\/www.bellitalie.org\/it\/destinazione\/piemonte\/langhe\/\">Langhe<\/a><a href=\"https:\/\/www.bellitalie.org\/it\/destinazione\/piemonte\/langhe\/\" title=\"Langhe\"><img width=\"150\" height=\"150\" src=\"https:\/\/www.bellitalie.org\/wp-content\/uploads\/2023\/06\/vista-barolo-monteforte-d-alba_6285-150x150.jpg\" class=\"lcp_thumbnail wp-post-image\" alt=\"Langhe\" loading=\"lazy\" srcset=\"https:\/\/www.bellitalie.org\/wp-content\/uploads\/2023\/06\/vista-barolo-monteforte-d-alba_6285-150x150.jpg 150w, https:\/\/www.bellitalie.org\/wp-content\/uploads\/2023\/06\/vista-barolo-monteforte-d-alba_6285-50x50.jpg 50w, https:\/\/www.bellitalie.org\/wp-content\/uploads\/2023\/06\/vista-barolo-monteforte-d-alba_6285-80x80.jpg 80w, https:\/\/www.bellitalie.org\/wp-content\/uploads\/2023\/06\/vista-barolo-monteforte-d-alba_6285-75x75.jpg 75w\" sizes=\"(max-width: 150px) 100vw, 150px\" \/><\/a><div class=\"lcp_excerpt\">Il territorio delle Langhe \u00e8 una terra di vini elaborati, con le sue colline coperte ...<\/div><\/li><li><a href=\"https:\/\/www.bellitalie.org\/it\/destinazione\/piemonte\/monferrato-astigiano-e-basso\/\">Monferrata Astigiano e Basso Monferrato<\/a><a href=\"https:\/\/www.bellitalie.org\/it\/destinazione\/piemonte\/monferrato-astigiano-e-basso\/\" title=\"Monferrata Astigiano e Basso Monferrato\"><img width=\"150\" height=\"150\" src=\"https:\/\/www.bellitalie.org\/wp-content\/uploads\/2021\/10\/montiglio-monferrato_6351-150x150.jpg\" class=\"lcp_thumbnail wp-post-image\" alt=\"Monferrata Astigiano e Basso Monferrato\" loading=\"lazy\" srcset=\"https:\/\/www.bellitalie.org\/wp-content\/uploads\/2021\/10\/montiglio-monferrato_6351-150x150.jpg 150w, https:\/\/www.bellitalie.org\/wp-content\/uploads\/2021\/10\/montiglio-monferrato_6351-50x50.jpg 50w, https:\/\/www.bellitalie.org\/wp-content\/uploads\/2021\/10\/montiglio-monferrato_6351-80x80.jpg 80w, https:\/\/www.bellitalie.org\/wp-content\/uploads\/2021\/10\/montiglio-monferrato_6351-75x75.jpg 75w\" sizes=\"(max-width: 150px) 100vw, 150px\" \/><\/a><div class=\"lcp_excerpt\">Il Monferrato Astigiano e il Basso Monferrato a nord e ad ovest della provincia di ...<\/div><\/li><li><a href=\"https:\/\/www.bellitalie.org\/it\/destinazione\/piemonte\/roero-e-dintorni\">Roero e dintorni<\/a><a href=\"https:\/\/www.bellitalie.org\/it\/destinazione\/piemonte\/roero-e-dintorni\" title=\"Roero e dintorni\"><img width=\"150\" height=\"150\" src=\"https:\/\/www.bellitalie.org\/wp-content\/uploads\/2021\/03\/parco-giardini-della-rocca-bra_6201-150x150.jpg\" class=\"lcp_thumbnail wp-post-image\" alt=\"Roero e dintorni\" loading=\"lazy\" srcset=\"https:\/\/www.bellitalie.org\/wp-content\/uploads\/2021\/03\/parco-giardini-della-rocca-bra_6201-150x150.jpg 150w, https:\/\/www.bellitalie.org\/wp-content\/uploads\/2021\/03\/parco-giardini-della-rocca-bra_6201-50x50.jpg 50w, https:\/\/www.bellitalie.org\/wp-content\/uploads\/2021\/03\/parco-giardini-della-rocca-bra_6201-80x80.jpg 80w, https:\/\/www.bellitalie.org\/wp-content\/uploads\/2021\/03\/parco-giardini-della-rocca-bra_6201-75x75.jpg 75w\" sizes=\"(max-width: 150px) 100vw, 150px\" \/><\/a><div class=\"lcp_excerpt\">\nIl Roero \u00e8 con le Langhe e il Monferrato l&#8217;altra regione vinicola storica del Piemonte, ...<\/div><\/li><li><a href=\"https:\/\/www.bellitalie.org\/it\/destinazione\/piemonte\/domodossola-e-valli-ossolane\/\">Domodossola e Valli Ossolane<\/a><a href=\"https:\/\/www.bellitalie.org\/it\/destinazione\/piemonte\/domodossola-e-valli-ossolane\/\" title=\"Domodossola e Valli Ossolane\"><img width=\"150\" height=\"150\" src=\"https:\/\/www.bellitalie.org\/wp-content\/uploads\/2021\/09\/domodossola_1461-150x150.jpg\" class=\"lcp_thumbnail wp-post-image\" alt=\"Domodossola e Valli Ossolane\" loading=\"lazy\" srcset=\"https:\/\/www.bellitalie.org\/wp-content\/uploads\/2021\/09\/domodossola_1461-150x150.jpg 150w, https:\/\/www.bellitalie.org\/wp-content\/uploads\/2021\/09\/domodossola_1461-50x50.jpg 50w, https:\/\/www.bellitalie.org\/wp-content\/uploads\/2021\/09\/domodossola_1461-80x80.jpg 80w, https:\/\/www.bellitalie.org\/wp-content\/uploads\/2021\/09\/domodossola_1461-75x75.jpg 75w\" sizes=\"(max-width: 150px) 100vw, 150px\" \/><\/a><div class=\"lcp_excerpt\">\nValli Ossolane\nA nord-ovest del Lago Maggiore, le Valli Ossolane sono una bellissima piccola regione con ...<\/div><\/li><li class=\"current\"><a href=\"https:\/\/www.bellitalie.org\/it\/destinazione\/piemonte\/la-valsesia\/\">La Valsesia<\/a><a href=\"https:\/\/www.bellitalie.org\/it\/destinazione\/piemonte\/la-valsesia\/\" title=\"La Valsesia\"><img width=\"150\" height=\"150\" src=\"https:\/\/www.bellitalie.org\/wp-content\/uploads\/2021\/08\/mont-sacre-de-varallo_6659-150x150.jpg\" class=\"lcp_thumbnail wp-post-image\" alt=\"La Valsesia\" loading=\"lazy\" srcset=\"https:\/\/www.bellitalie.org\/wp-content\/uploads\/2021\/08\/mont-sacre-de-varallo_6659-150x150.jpg 150w, https:\/\/www.bellitalie.org\/wp-content\/uploads\/2021\/08\/mont-sacre-de-varallo_6659-50x50.jpg 50w, https:\/\/www.bellitalie.org\/wp-content\/uploads\/2021\/08\/mont-sacre-de-varallo_6659-80x80.jpg 80w, https:\/\/www.bellitalie.org\/wp-content\/uploads\/2021\/08\/mont-sacre-de-varallo_6659-75x75.jpg 75w\" sizes=\"(max-width: 150px) 100vw, 150px\" \/><\/a><div class=\"lcp_excerpt\">\nMeno frequentata delle vicine valli alpine, la Valsesia ha tuttavia interessanti ricchezze naturali e culturali. ...<\/div><\/li><li><a href=\"https:\/\/www.bellitalie.org\/it\/destinazione\/piemonte\/saluzzo-e-dintorni\/\">Saluzzo e dintorni<\/a><a href=\"https:\/\/www.bellitalie.org\/it\/destinazione\/piemonte\/saluzzo-e-dintorni\/\" title=\"Saluzzo e dintorni\"><img width=\"150\" height=\"150\" src=\"https:\/\/www.bellitalie.org\/wp-content\/uploads\/2023\/06\/torre-civico-saluzzo_6222-150x150.jpg\" class=\"lcp_thumbnail wp-post-image\" alt=\"Saluzzo e dintorni\" loading=\"lazy\" srcset=\"https:\/\/www.bellitalie.org\/wp-content\/uploads\/2023\/06\/torre-civico-saluzzo_6222-150x150.jpg 150w, https:\/\/www.bellitalie.org\/wp-content\/uploads\/2023\/06\/torre-civico-saluzzo_6222-50x50.jpg 50w, https:\/\/www.bellitalie.org\/wp-content\/uploads\/2023\/06\/torre-civico-saluzzo_6222-80x80.jpg 80w, https:\/\/www.bellitalie.org\/wp-content\/uploads\/2023\/06\/torre-civico-saluzzo_6222-75x75.jpg 75w\" sizes=\"(max-width: 150px) 100vw, 150px\" \/><\/a><div class=\"lcp_excerpt\">\nAi piedi dei contrafforti alpini del Monviso, Saluzzo \u00e8 una picola citt\u00e0 di circa 17.000 ...<\/div><\/li><li><a href=\"https:\/\/www.bellitalie.org\/it\/destinazione\/piemonte\/val-di-susa\/susa\/\">Susa<\/a><a href=\"https:\/\/www.bellitalie.org\/it\/destinazione\/piemonte\/val-di-susa\/susa\/\" title=\"Susa\"><img width=\"150\" height=\"150\" src=\"https:\/\/www.bellitalie.org\/wp-content\/uploads\/2021\/09\/suse-italie_7843-150x150.jpg\" class=\"lcp_thumbnail wp-post-image\" alt=\"Susa\" loading=\"lazy\" srcset=\"https:\/\/www.bellitalie.org\/wp-content\/uploads\/2021\/09\/suse-italie_7843-150x150.jpg 150w, https:\/\/www.bellitalie.org\/wp-content\/uploads\/2021\/09\/suse-italie_7843-50x50.jpg 50w, https:\/\/www.bellitalie.org\/wp-content\/uploads\/2021\/09\/suse-italie_7843-80x80.jpg 80w, https:\/\/www.bellitalie.org\/wp-content\/uploads\/2021\/09\/suse-italie_7843-75x75.jpg 75w\" sizes=\"(max-width: 150px) 100vw, 150px\" \/><\/a><div class=\"lcp_excerpt\">\nSusa \u00e8 una piccola citt\u00e0 della Val di Susa, che conserva dalla sua lunga storia ...<\/div><\/li><li><a href=\"https:\/\/www.bellitalie.org\/it\/destinazione\/piemonte\/il-canavese-e-il-biellese-a-nord-di-torino\/#Sacro_Monte_di_Oropa\">Sacro Monte di Oropa<\/a><a href=\"https:\/\/www.bellitalie.org\/it\/destinazione\/piemonte\/il-canavese-e-il-biellese-a-nord-di-torino\/#Sacro_Monte_di_Oropa\" title=\"Sacro Monte di Oropa\"><img width=\"150\" height=\"150\" src=\"https:\/\/www.bellitalie.org\/wp-content\/uploads\/2023\/05\/monte-sacro-di-oropa_5680-150x150.jpg\" class=\"lcp_thumbnail wp-post-image\" alt=\"Sacro Monte di Oropa\" loading=\"lazy\" srcset=\"https:\/\/www.bellitalie.org\/wp-content\/uploads\/2023\/05\/monte-sacro-di-oropa_5680-150x150.jpg 150w, https:\/\/www.bellitalie.org\/wp-content\/uploads\/2023\/05\/monte-sacro-di-oropa_5680-50x50.jpg 50w, https:\/\/www.bellitalie.org\/wp-content\/uploads\/2023\/05\/monte-sacro-di-oropa_5680-80x80.jpg 80w, https:\/\/www.bellitalie.org\/wp-content\/uploads\/2023\/05\/monte-sacro-di-oropa_5680-75x75.jpg 75w\" sizes=\"(max-width: 150px) 100vw, 150px\" \/><\/a><div class=\"lcp_excerpt\">Il pi\u00f9 famoso e grandioso dei Sacri Monti si trova sul Monte di Oropa, al ...<\/div><\/li><li><a href=\"https:\/\/www.bellitalie.org\/it\/destinazione\/piemonte\/val-di-susa\/usseaux-e-forte-di-fenestrelle\/\">Usseaux e Forte di Fenestrelle<\/a><a href=\"https:\/\/www.bellitalie.org\/it\/destinazione\/piemonte\/val-di-susa\/usseaux-e-forte-di-fenestrelle\/\" title=\"Usseaux e Forte di Fenestrelle\"><img width=\"150\" height=\"150\" src=\"https:\/\/www.bellitalie.org\/wp-content\/uploads\/2024\/04\/forteresse-de-fenestrelle-piemont_4684-150x150.jpg\" class=\"lcp_thumbnail wp-post-image\" alt=\"Usseaux e Forte di Fenestrelle\" loading=\"lazy\" srcset=\"https:\/\/www.bellitalie.org\/wp-content\/uploads\/2024\/04\/forteresse-de-fenestrelle-piemont_4684-150x150.jpg 150w, https:\/\/www.bellitalie.org\/wp-content\/uploads\/2024\/04\/forteresse-de-fenestrelle-piemont_4684-50x50.jpg 50w, https:\/\/www.bellitalie.org\/wp-content\/uploads\/2024\/04\/forteresse-de-fenestrelle-piemont_4684-80x80.jpg 80w, https:\/\/www.bellitalie.org\/wp-content\/uploads\/2024\/04\/forteresse-de-fenestrelle-piemont_4684-75x75.jpg 75w\" sizes=\"(max-width: 150px) 100vw, 150px\" \/><\/a><div class=\"lcp_excerpt\">\nIl Val Chisone \u00e8 a sud del Val di Susa, a est della stazione sciistica ...<\/div><\/li><li><a href=\"https:\/\/www.bellitalie.org\/it\/destinazione\/piemonte\/casale-monferrato\/\">Casale Monferrato<\/a><a href=\"https:\/\/www.bellitalie.org\/it\/destinazione\/piemonte\/casale-monferrato\/\" title=\"Casale Monferrato\"><img width=\"150\" height=\"150\" src=\"https:\/\/www.bellitalie.org\/wp-content\/uploads\/2023\/06\/casale-monferrato_6570-150x150.jpg\" class=\"lcp_thumbnail wp-post-image\" alt=\"Casale Monferrato\" loading=\"lazy\" srcset=\"https:\/\/www.bellitalie.org\/wp-content\/uploads\/2023\/06\/casale-monferrato_6570-150x150.jpg 150w, https:\/\/www.bellitalie.org\/wp-content\/uploads\/2023\/06\/casale-monferrato_6570-50x50.jpg 50w, https:\/\/www.bellitalie.org\/wp-content\/uploads\/2023\/06\/casale-monferrato_6570-80x80.jpg 80w, https:\/\/www.bellitalie.org\/wp-content\/uploads\/2023\/06\/casale-monferrato_6570-75x75.jpg 75w\" sizes=\"(max-width: 150px) 100vw, 150px\" \/><\/a><div class=\"lcp_excerpt\">\nRisalente all&#8217;antichit\u00e0 romana, Casale Monferrato \u00e8 una graziosa e tranquilla cittadina con belle chiese, portici, ...<\/div><\/li><li><a href=\"https:\/\/www.bellitalie.org\/it\/destinazione\/piemonte\/vercelli\/\">Vercelli<\/a><a href=\"https:\/\/www.bellitalie.org\/it\/destinazione\/piemonte\/vercelli\/\" title=\"Vercelli\"><img width=\"150\" height=\"150\" src=\"https:\/\/www.bellitalie.org\/wp-content\/uploads\/2023\/06\/piazza-cavour-vercelli_6436-150x150.jpg\" class=\"lcp_thumbnail wp-post-image\" alt=\"Vercelli\" loading=\"lazy\" srcset=\"https:\/\/www.bellitalie.org\/wp-content\/uploads\/2023\/06\/piazza-cavour-vercelli_6436-150x150.jpg 150w, https:\/\/www.bellitalie.org\/wp-content\/uploads\/2023\/06\/piazza-cavour-vercelli_6436-50x50.jpg 50w, https:\/\/www.bellitalie.org\/wp-content\/uploads\/2023\/06\/piazza-cavour-vercelli_6436-80x80.jpg 80w, https:\/\/www.bellitalie.org\/wp-content\/uploads\/2023\/06\/piazza-cavour-vercelli_6436-75x75.jpg 75w\" sizes=\"(max-width: 150px) 100vw, 150px\" \/><\/a><div class=\"lcp_excerpt\">\nVercelli non \u00e8 la citt\u00e0 pi\u00f9 conosciuta della regione, di cui gli italiani stessi non ...<\/div><\/li><li><a href=\"https:\/\/www.bellitalie.org\/it\/destinazione\/piemonte\/il-canavese-e-il-biellese-a-nord-di-torino\/\">Ivrea, il Canavese ed il Biellese<\/a><a href=\"https:\/\/www.bellitalie.org\/it\/destinazione\/piemonte\/il-canavese-e-il-biellese-a-nord-di-torino\/\" title=\"Ivrea, il Canavese ed il Biellese\"><img width=\"150\" height=\"150\" src=\"https:\/\/www.bellitalie.org\/wp-content\/uploads\/2021\/11\/castello-ducale-di-aglie_5367-150x150.jpg\" class=\"lcp_thumbnail wp-post-image\" alt=\"Ivrea, il Canavese ed il Biellese\" loading=\"lazy\" srcset=\"https:\/\/www.bellitalie.org\/wp-content\/uploads\/2021\/11\/castello-ducale-di-aglie_5367-150x150.jpg 150w, https:\/\/www.bellitalie.org\/wp-content\/uploads\/2021\/11\/castello-ducale-di-aglie_5367-50x50.jpg 50w, https:\/\/www.bellitalie.org\/wp-content\/uploads\/2021\/11\/castello-ducale-di-aglie_5367-80x80.jpg 80w, https:\/\/www.bellitalie.org\/wp-content\/uploads\/2021\/11\/castello-ducale-di-aglie_5367-75x75.jpg 75w\" sizes=\"(max-width: 150px) 100vw, 150px\" \/><\/a><div class=\"lcp_excerpt\">Il Canavese ha come capitale Ivrea, nelle colline prealpine a nord di Torino, e il ...<\/div><\/li><li><a href=\"https:\/\/www.bellitalie.org\/it\/destinazione\/piemonte\/novara\/\">Novara<\/a><a href=\"https:\/\/www.bellitalie.org\/it\/destinazione\/piemonte\/novara\/\" title=\"Novara\"><img width=\"150\" height=\"150\" src=\"https:\/\/www.bellitalie.org\/wp-content\/uploads\/2023\/06\/cupola-di-san-gaudenzio-novara_6622-1-150x150.jpg\" class=\"lcp_thumbnail wp-post-image\" alt=\"Novara\" loading=\"lazy\" srcset=\"https:\/\/www.bellitalie.org\/wp-content\/uploads\/2023\/06\/cupola-di-san-gaudenzio-novara_6622-1-150x150.jpg 150w, https:\/\/www.bellitalie.org\/wp-content\/uploads\/2023\/06\/cupola-di-san-gaudenzio-novara_6622-1-50x50.jpg 50w, https:\/\/www.bellitalie.org\/wp-content\/uploads\/2023\/06\/cupola-di-san-gaudenzio-novara_6622-1-80x80.jpg 80w, https:\/\/www.bellitalie.org\/wp-content\/uploads\/2023\/06\/cupola-di-san-gaudenzio-novara_6622-1-75x75.jpg 75w\" sizes=\"(max-width: 150px) 100vw, 150px\" \/><\/a><div class=\"lcp_excerpt\">\nA est del Piemonte e a sud del Lago Maggiore, Novara \u00e8 la seconda citt\u00e0 ...<\/div><\/li><\/ul>\n<\/div>\n\n\n\n<div class=\"wp-container-10 wp-block-column\"><\/div>\n<\/div>\n","protected":false},"excerpt":{"rendered":"<p>Meno frequentata delle vicine valli alpine, la Valsesia ha tuttavia interessanti ricchezze naturali e culturali. Scende dalle pendici del Monte Rosa, con diverse valli affluenti fuori dai sentieri battuti.La sua parte alta \u00e8 selvaggia e segnata dai Walser (che era una popolazione germanofona di origine Burgonde) dove sopravvivono tradizioni pastorali e produzione vinicola secolare, in [&hellip;]<\/p>\n","protected":false},"author":1,"featured_media":15273,"parent":24694,"menu_order":0,"comment_status":"open","ping_status":"closed","template":"","format":"standard","meta":{"_links_to":"","_links_to_target":""},"tags":[],"categorie_page":[99,104],"region_italie":[88],"acf":[],"yoast_head":"<!-- This site is optimized with the Yoast SEO plugin v17.5 - https:\/\/yoast.com\/wordpress\/plugins\/seo\/ -->\n<title>La Valsesia - Bellitalie<\/title>\n<meta name=\"description\" content=\"Cosa vedere nella Valsesia, bassa e alta, che scende dal Monte Rosa, con i Walser, o la citt\u00e0 artistica di Varallo ed il suo Sacro Monte\" \/>\n<meta name=\"robots\" content=\"index, follow, max-snippet:-1, max-image-preview:large, max-video-preview:-1\" \/>\n<link rel=\"canonical\" href=\"https:\/\/www.bellitalie.org\/it\/destinazione\/piemonte\/la-valsesia\/\" \/>\n<meta property=\"og:locale\" content=\"it_IT\" \/>\n<meta property=\"og:type\" content=\"article\" \/>\n<meta property=\"og:title\" content=\"La Valsesia - Bellitalie\" \/>\n<meta property=\"og:description\" content=\"Cosa vedere nella Valsesia, bassa e alta, che scende dal Monte Rosa, con i Walser, o la citt\u00e0 artistica di Varallo ed il suo Sacro Monte\" \/>\n<meta property=\"og:url\" content=\"https:\/\/www.bellitalie.org\/it\/destinazione\/piemonte\/la-valsesia\/\" \/>\n<meta property=\"og:site_name\" content=\"Bellitalie\" \/>\n<meta property=\"article:modified_time\" content=\"2023-10-29T08:08:19+00:00\" \/>\n<meta property=\"og:image\" content=\"https:\/\/www.bellitalie.org\/wp-content\/uploads\/2021\/08\/mont-sacre-de-varallo_6659.jpg\" \/>\n\t<meta property=\"og:image:width\" content=\"1200\" \/>\n\t<meta property=\"og:image:height\" content=\"800\" \/>\n<meta name=\"twitter:card\" content=\"summary_large_image\" \/>\n<meta name=\"twitter:label1\" content=\"Tempo di lettura stimato\" \/>\n\t<meta name=\"twitter:data1\" content=\"7 minuti\" \/>\n<script type=\"application\/ld+json\" class=\"yoast-schema-graph\">{\"@context\":\"https:\/\/schema.org\",\"@graph\":[{\"@type\":\"WebSite\",\"@id\":\"https:\/\/www.bellitalie.org\/#website\",\"url\":\"https:\/\/www.bellitalie.org\/\",\"name\":\"Bellitalie\",\"description\":\"Regioni, citt\\u00e0 e patrimonio dell'Italia da nord a sud\",\"potentialAction\":[{\"@type\":\"SearchAction\",\"target\":{\"@type\":\"EntryPoint\",\"urlTemplate\":\"https:\/\/www.bellitalie.org\/?s={search_term_string}\"},\"query-input\":\"required name=search_term_string\"}],\"inLanguage\":\"it-IT\"},{\"@type\":\"ImageObject\",\"@id\":\"https:\/\/www.bellitalie.org\/it\/destinazione\/piemonte\/la-valsesia\/#primaryimage\",\"inLanguage\":\"it-IT\",\"url\":\"https:\/\/www.bellitalie.org\/wp-content\/uploads\/2021\/08\/mont-sacre-de-varallo_6659.jpg\",\"contentUrl\":\"https:\/\/www.bellitalie.org\/wp-content\/uploads\/2021\/08\/mont-sacre-de-varallo_6659.jpg\",\"width\":1200,\"height\":800,\"caption\":\"photo du mont sacre de varallo_6659\"},{\"@type\":\"WebPage\",\"@id\":\"https:\/\/www.bellitalie.org\/it\/destinazione\/piemonte\/la-valsesia\/#webpage\",\"url\":\"https:\/\/www.bellitalie.org\/it\/destinazione\/piemonte\/la-valsesia\/\",\"name\":\"La Valsesia - Bellitalie\",\"isPartOf\":{\"@id\":\"https:\/\/www.bellitalie.org\/#website\"},\"primaryImageOfPage\":{\"@id\":\"https:\/\/www.bellitalie.org\/it\/destinazione\/piemonte\/la-valsesia\/#primaryimage\"},\"datePublished\":\"2021-08-01T09:57:00+00:00\",\"dateModified\":\"2023-10-29T08:08:19+00:00\",\"description\":\"Cosa vedere nella Valsesia, bassa e alta, che scende dal Monte Rosa, con i Walser, o la citt\\u00e0 artistica di Varallo ed il suo Sacro Monte\",\"breadcrumb\":{\"@id\":\"https:\/\/www.bellitalie.org\/it\/destinazione\/piemonte\/la-valsesia\/#breadcrumb\"},\"inLanguage\":\"it-IT\",\"potentialAction\":[{\"@type\":\"ReadAction\",\"target\":[\"https:\/\/www.bellitalie.org\/it\/destinazione\/piemonte\/la-valsesia\/\"]}]},{\"@type\":\"BreadcrumbList\",\"@id\":\"https:\/\/www.bellitalie.org\/it\/destinazione\/piemonte\/la-valsesia\/#breadcrumb\",\"itemListElement\":[{\"@type\":\"ListItem\",\"position\":1,\"name\":\"Accueil\",\"item\":\"https:\/\/www.bellitalie.org\/it\/\"},{\"@type\":\"ListItem\",\"position\":2,\"name\":\"Piemonte\",\"item\":\"https:\/\/www.bellitalie.org\/it\/destinazione\/piemonte\/\"},{\"@type\":\"ListItem\",\"position\":3,\"name\":\"La Valsesia\"}]},{\"@type\":\"Person\",\"@id\":\"https:\/\/www.bellitalie.org\/#\/schema\/person\/6f25c64f0b5df6df0b93a2be44045da5\",\"name\":\"Bellitalie\",\"image\":{\"@type\":\"ImageObject\",\"@id\":\"https:\/\/www.bellitalie.org\/#personlogo\",\"inLanguage\":\"it-IT\",\"url\":\"https:\/\/secure.gravatar.com\/avatar\/ad516503a11cd5ca435acc9bb6523536?s=96\",\"contentUrl\":\"https:\/\/secure.gravatar.com\/avatar\/ad516503a11cd5ca435acc9bb6523536?s=96\",\"caption\":\"Bellitalie\"},\"sameAs\":[\"https:\/\/www.bellitalie.org\"]}]}<\/script>\n<!-- \/ Yoast SEO plugin. -->","yoast_head_json":{"title":"La Valsesia - Bellitalie","description":"Cosa vedere nella Valsesia, bassa e alta, che scende dal Monte Rosa, con i Walser, o la citt\u00e0 artistica di Varallo ed il suo Sacro Monte","robots":{"index":"index","follow":"follow","max-snippet":"max-snippet:-1","max-image-preview":"max-image-preview:large","max-video-preview":"max-video-preview:-1"},"canonical":"https:\/\/www.bellitalie.org\/it\/destinazione\/piemonte\/la-valsesia\/","og_locale":"it_IT","og_type":"article","og_title":"La Valsesia - Bellitalie","og_description":"Cosa vedere nella Valsesia, bassa e alta, che scende dal Monte Rosa, con i Walser, o la citt\u00e0 artistica di Varallo ed il suo Sacro Monte","og_url":"https:\/\/www.bellitalie.org\/it\/destinazione\/piemonte\/la-valsesia\/","og_site_name":"Bellitalie","article_modified_time":"2023-10-29T08:08:19+00:00","og_image":[{"width":1200,"height":800,"url":"https:\/\/www.bellitalie.org\/wp-content\/uploads\/2021\/08\/mont-sacre-de-varallo_6659.jpg","type":"image\/jpeg"}],"twitter_card":"summary_large_image","twitter_misc":{"Tempo di lettura stimato":"7 minuti"},"schema":{"@context":"https:\/\/schema.org","@graph":[{"@type":"WebSite","@id":"https:\/\/www.bellitalie.org\/#website","url":"https:\/\/www.bellitalie.org\/","name":"Bellitalie","description":"Regioni, citt\u00e0 e patrimonio dell'Italia da nord a sud","potentialAction":[{"@type":"SearchAction","target":{"@type":"EntryPoint","urlTemplate":"https:\/\/www.bellitalie.org\/?s={search_term_string}"},"query-input":"required name=search_term_string"}],"inLanguage":"it-IT"},{"@type":"ImageObject","@id":"https:\/\/www.bellitalie.org\/it\/destinazione\/piemonte\/la-valsesia\/#primaryimage","inLanguage":"it-IT","url":"https:\/\/www.bellitalie.org\/wp-content\/uploads\/2021\/08\/mont-sacre-de-varallo_6659.jpg","contentUrl":"https:\/\/www.bellitalie.org\/wp-content\/uploads\/2021\/08\/mont-sacre-de-varallo_6659.jpg","width":1200,"height":800,"caption":"photo du mont sacre de varallo_6659"},{"@type":"WebPage","@id":"https:\/\/www.bellitalie.org\/it\/destinazione\/piemonte\/la-valsesia\/#webpage","url":"https:\/\/www.bellitalie.org\/it\/destinazione\/piemonte\/la-valsesia\/","name":"La Valsesia - Bellitalie","isPartOf":{"@id":"https:\/\/www.bellitalie.org\/#website"},"primaryImageOfPage":{"@id":"https:\/\/www.bellitalie.org\/it\/destinazione\/piemonte\/la-valsesia\/#primaryimage"},"datePublished":"2021-08-01T09:57:00+00:00","dateModified":"2023-10-29T08:08:19+00:00","description":"Cosa vedere nella Valsesia, bassa e alta, che scende dal Monte Rosa, con i Walser, o la citt\u00e0 artistica di Varallo ed il suo Sacro Monte","breadcrumb":{"@id":"https:\/\/www.bellitalie.org\/it\/destinazione\/piemonte\/la-valsesia\/#breadcrumb"},"inLanguage":"it-IT","potentialAction":[{"@type":"ReadAction","target":["https:\/\/www.bellitalie.org\/it\/destinazione\/piemonte\/la-valsesia\/"]}]},{"@type":"BreadcrumbList","@id":"https:\/\/www.bellitalie.org\/it\/destinazione\/piemonte\/la-valsesia\/#breadcrumb","itemListElement":[{"@type":"ListItem","position":1,"name":"Accueil","item":"https:\/\/www.bellitalie.org\/it\/"},{"@type":"ListItem","position":2,"name":"Piemonte","item":"https:\/\/www.bellitalie.org\/it\/destinazione\/piemonte\/"},{"@type":"ListItem","position":3,"name":"La Valsesia"}]},{"@type":"Person","@id":"https:\/\/www.bellitalie.org\/#\/schema\/person\/6f25c64f0b5df6df0b93a2be44045da5","name":"Bellitalie","image":{"@type":"ImageObject","@id":"https:\/\/www.bellitalie.org\/#personlogo","inLanguage":"it-IT","url":"https:\/\/secure.gravatar.com\/avatar\/ad516503a11cd5ca435acc9bb6523536?s=96","contentUrl":"https:\/\/secure.gravatar.com\/avatar\/ad516503a11cd5ca435acc9bb6523536?s=96","caption":"Bellitalie"},"sameAs":["https:\/\/www.bellitalie.org"]}]}},"_links":{"self":[{"href":"https:\/\/www.bellitalie.org\/it\/wp-json\/wp\/v2\/destination\/25038"}],"collection":[{"href":"https:\/\/www.bellitalie.org\/it\/wp-json\/wp\/v2\/destination"}],"about":[{"href":"https:\/\/www.bellitalie.org\/it\/wp-json\/wp\/v2\/types\/destination"}],"author":[{"embeddable":true,"href":"https:\/\/www.bellitalie.org\/it\/wp-json\/wp\/v2\/users\/1"}],"replies":[{"embeddable":true,"href":"https:\/\/www.bellitalie.org\/it\/wp-json\/wp\/v2\/comments?post=25038"}],"version-history":[{"count":3,"href":"https:\/\/www.bellitalie.org\/it\/wp-json\/wp\/v2\/destination\/25038\/revisions"}],"predecessor-version":[{"id":26872,"href":"https:\/\/www.bellitalie.org\/it\/wp-json\/wp\/v2\/destination\/25038\/revisions\/26872"}],"up":[{"embeddable":true,"href":"https:\/\/www.bellitalie.org\/it\/wp-json\/wp\/v2\/destination\/24694"}],"wp:featuredmedia":[{"embeddable":true,"href":"https:\/\/www.bellitalie.org\/it\/wp-json\/wp\/v2\/media\/15273"}],"wp:attachment":[{"href":"https:\/\/www.bellitalie.org\/it\/wp-json\/wp\/v2\/media?parent=25038"}],"wp:term":[{"taxonomy":"post_tag","embeddable":true,"href":"https:\/\/www.bellitalie.org\/it\/wp-json\/wp\/v2\/tags?post=25038"},{"taxonomy":"categorie_page","embeddable":true,"href":"https:\/\/www.bellitalie.org\/it\/wp-json\/wp\/v2\/categorie_page?post=25038"},{"taxonomy":"region_italie","embeddable":true,"href":"https:\/\/www.bellitalie.org\/it\/wp-json\/wp\/v2\/region_italie?post=25038"}],"curies":[{"name":"wp","href":"https:\/\/api.w.org\/{rel}","templated":true}]}}