{"id":25270,"date":"2021-05-09T11:03:00","date_gmt":"2021-05-09T09:03:00","guid":{"rendered":"https:\/\/www.bellitalie.org\/destination\/piemonte\/verceil-vercelli\/"},"modified":"2023-10-08T10:14:55","modified_gmt":"2023-10-08T08:14:55","slug":"vercelli","status":"publish","type":"destination","link":"https:\/\/www.bellitalie.org\/it\/destinazione\/piemonte\/vercelli\/","title":{"rendered":"Vercelli"},"content":{"rendered":"\n<p><strong>Vercelli<\/strong> non \u00e8 la citt\u00e0 pi\u00f9 conosciuta della regione, di cui gli italiani stessi non hanno grande considerazione, eppure racchiude come altre citt\u00e0 un po&#8217; anonime attrattive incontestabili.<br \/>Situata sulla via Francigena, fu sede di un&#8217;importante arcidiocesi, che conobbe la costruzione di chiese in particolare tra il XVI e il XVIII secolo, passata sotto il controllo dei Savoia a partire dal 1713.<br \/>\u00c8 il riso che il nome della citt\u00e0 evoca per primo. \u00c8 infatti considerata la capitale italiana del riso, cio che si capisce quando si attraversano le immense risaie per raggiungerla, particolarmente impressionanti quando sono allagate. In questa zona della Valle della Valsesia, l&#8217;acqua \u00e8 infatti sovrabbondante, e si coltiva questo cereale fin dal medioevo.<br \/>Il nome di Vercelli sarebbe di origine celtica, Wehr Celt per &#8220;roccia dei Celti&#8221;, che questi ultimi avrebbero fondato verso il VI secolo a.C. I Romani la conquistarono nel II secolo a.C., e sebbene sviluppassero la citt\u00e0, non rimangono vestigia visibili di quest&#8217;epoca.<br \/>\u00c8 soprattutto la maestosa <strong>Basilica di Sant&#8217;Andrea<\/strong> che attira l&#8217;attenzione del viaggiatore, prima di alcune piazze, diverse belle torri di origine medievale, e interessanti musei e chiese.<\/p>\n<h1>Luoghi e monumenti<\/h1>\n<h2>Basilica di Sant&#8217;Andrea <b><img src=\"https:\/\/www.bellitalie.org\/images\/1etoilesB20.png\" alt=\"interet 1 etoiles\" height=\"10\" \/><\/b><\/h2>\n<p>La <strong>Basilica di Sant&#8217;Andrea<\/strong> \u00e8 il monumento emblematico di Vercelli, il pi\u00f9 grandioso, con le alte frecce dei suoi campanili.<br \/>Si trova al limite del centro storico, costruita tra il 1219 e il 1227, mescolando lo stile romanico lombardo come in facciata con il recente gotico francese (una delle prime manifestazioni gotiche in Italia). Si distingue per il bicolore rosso dei mattoni e le sue pietre bianche. Nella sua sala capitolare si tenne un evento storico quando i guelfi ed i ghibellini firmarono la pace nel 1310 alla presenza dell&#8217;imperatore Enrico VII, pace che si fu rivelata efemera.<br \/>Le sue tre navate portano archi in ogiva gotica, e conserva un crocifisso ligneo dipinto del XIV secolo, un grande chiostro piacevole del XVI.<\/p>\n\n\n<figure class=\"wp-container-2 wp-block-gallery-1 wp-block-gallery has-nested-images columns-4 is-cropped\">\n<figure class=\"wp-block-image size-medium\"><a href=\"https:\/\/www.bellitalie.org\/wp-content\/uploads\/2023\/06\/basilica-sant-andrea-vercelli_6433.jpg\"><img loading=\"lazy\" width=\"800\" height=\"1200\" data-id=\"16773\"  src=\"https:\/\/www.bellitalie.org\/wp-content\/uploads\/2023\/06\/basilica-sant-andrea-vercelli_6433.jpg\" alt=\"foto basilica sant andrea vercelli_6433\" class=\"wp-image-16773\" srcset=\"https:\/\/www.bellitalie.org\/wp-content\/uploads\/2023\/06\/basilica-sant-andrea-vercelli_6433.jpg 800w, https:\/\/www.bellitalie.org\/wp-content\/uploads\/2023\/06\/basilica-sant-andrea-vercelli_6433-200x300.jpg 200w, https:\/\/www.bellitalie.org\/wp-content\/uploads\/2023\/06\/basilica-sant-andrea-vercelli_6433-683x1024.jpg 683w, https:\/\/www.bellitalie.org\/wp-content\/uploads\/2023\/06\/basilica-sant-andrea-vercelli_6433-768x1152.jpg 768w\" sizes=\"(max-width: 800px) 100vw, 800px\" \/><\/a><\/figure>\n\n\n\n<figure class=\"wp-block-image size-medium\"><a href=\"https:\/\/www.bellitalie.org\/wp-content\/uploads\/2023\/06\/basilica-sant-andrea-vercelli_6477.jpg\"><img loading=\"lazy\" width=\"1200\" height=\"800\" data-id=\"16785\"  src=\"https:\/\/www.bellitalie.org\/wp-content\/uploads\/2023\/06\/basilica-sant-andrea-vercelli_6477.jpg\" alt=\"basilica-sant-andrea-vercelli_6477\" class=\"wp-image-16785\" srcset=\"https:\/\/www.bellitalie.org\/wp-content\/uploads\/2023\/06\/basilica-sant-andrea-vercelli_6477.jpg 1200w, https:\/\/www.bellitalie.org\/wp-content\/uploads\/2023\/06\/basilica-sant-andrea-vercelli_6477-300x200.jpg 300w, https:\/\/www.bellitalie.org\/wp-content\/uploads\/2023\/06\/basilica-sant-andrea-vercelli_6477-1024x683.jpg 1024w, https:\/\/www.bellitalie.org\/wp-content\/uploads\/2023\/06\/basilica-sant-andrea-vercelli_6477-768x512.jpg 768w\" sizes=\"(max-width: 1200px) 100vw, 1200px\" \/><\/a><\/figure>\n\n\n\n<figure class=\"wp-block-image size-medium\"><a href=\"https:\/\/www.bellitalie.org\/wp-content\/uploads\/2023\/06\/chiostro-basilica-sant-andrea-vercelli_6491.jpg\"><img loading=\"lazy\" width=\"1200\" height=\"800\" data-id=\"16784\"  src=\"https:\/\/www.bellitalie.org\/wp-content\/uploads\/2023\/06\/chiostro-basilica-sant-andrea-vercelli_6491.jpg\" alt=\"foto del chiostro della basilica-sant-andrea-vercelli_6491\" class=\"wp-image-16784\" srcset=\"https:\/\/www.bellitalie.org\/wp-content\/uploads\/2023\/06\/chiostro-basilica-sant-andrea-vercelli_6491.jpg 1200w, https:\/\/www.bellitalie.org\/wp-content\/uploads\/2023\/06\/chiostro-basilica-sant-andrea-vercelli_6491-300x200.jpg 300w, https:\/\/www.bellitalie.org\/wp-content\/uploads\/2023\/06\/chiostro-basilica-sant-andrea-vercelli_6491-1024x683.jpg 1024w, https:\/\/www.bellitalie.org\/wp-content\/uploads\/2023\/06\/chiostro-basilica-sant-andrea-vercelli_6491-768x512.jpg 768w\" sizes=\"(max-width: 1200px) 100vw, 1200px\" \/><\/a><\/figure>\n\n\n\n<figure class=\"wp-block-image size-medium\"><a href=\"https:\/\/www.bellitalie.org\/wp-content\/uploads\/2023\/06\/chiostro-basilica-sant-andrea-vercelli_6497.jpg\"><img loading=\"lazy\" width=\"800\" height=\"1200\" data-id=\"16772\"  src=\"https:\/\/www.bellitalie.org\/wp-content\/uploads\/2023\/06\/chiostro-basilica-sant-andrea-vercelli_6497.jpg\" alt=\"chiostro-basilica-sant-andrea-vercelli_6497\" class=\"wp-image-16772\" srcset=\"https:\/\/www.bellitalie.org\/wp-content\/uploads\/2023\/06\/chiostro-basilica-sant-andrea-vercelli_6497.jpg 800w, https:\/\/www.bellitalie.org\/wp-content\/uploads\/2023\/06\/chiostro-basilica-sant-andrea-vercelli_6497-200x300.jpg 200w, https:\/\/www.bellitalie.org\/wp-content\/uploads\/2023\/06\/chiostro-basilica-sant-andrea-vercelli_6497-683x1024.jpg 683w, https:\/\/www.bellitalie.org\/wp-content\/uploads\/2023\/06\/chiostro-basilica-sant-andrea-vercelli_6497-768x1152.jpg 768w\" sizes=\"(max-width: 800px) 100vw, 800px\" \/><\/a><\/figure>\n\n\n\n<figure class=\"wp-block-image size-medium\"><a href=\"https:\/\/www.bellitalie.org\/wp-content\/uploads\/2023\/06\/cloitre-basilique-saint-andre-vercelli_6503.jpg\"><img loading=\"lazy\" width=\"1200\" height=\"800\" data-id=\"16779\"  src=\"https:\/\/www.bellitalie.org\/wp-content\/uploads\/2023\/06\/cloitre-basilique-saint-andre-vercelli_6503.jpg\" alt=\"photo cloitre-basilique-saint-andre-vercelli_6503\" class=\"wp-image-16779\" srcset=\"https:\/\/www.bellitalie.org\/wp-content\/uploads\/2023\/06\/cloitre-basilique-saint-andre-vercelli_6503.jpg 1200w, https:\/\/www.bellitalie.org\/wp-content\/uploads\/2023\/06\/cloitre-basilique-saint-andre-vercelli_6503-300x200.jpg 300w, https:\/\/www.bellitalie.org\/wp-content\/uploads\/2023\/06\/cloitre-basilique-saint-andre-vercelli_6503-1024x683.jpg 1024w, https:\/\/www.bellitalie.org\/wp-content\/uploads\/2023\/06\/cloitre-basilique-saint-andre-vercelli_6503-768x512.jpg 768w\" sizes=\"(max-width: 1200px) 100vw, 1200px\" \/><\/a><\/figure>\n\n\n\n<figure class=\"wp-block-image size-medium\"><a href=\"https:\/\/www.bellitalie.org\/wp-content\/uploads\/2023\/06\/cloitre-basilique-saint-andre-vercelli_6504.jpg\"><img loading=\"lazy\" width=\"1200\" height=\"800\" data-id=\"16771\"  src=\"https:\/\/www.bellitalie.org\/wp-content\/uploads\/2023\/06\/cloitre-basilique-saint-andre-vercelli_6504.jpg\" alt=\"cloitre-basilique-saint-andre-vercelli_6504\" class=\"wp-image-16771\" srcset=\"https:\/\/www.bellitalie.org\/wp-content\/uploads\/2023\/06\/cloitre-basilique-saint-andre-vercelli_6504.jpg 1200w, https:\/\/www.bellitalie.org\/wp-content\/uploads\/2023\/06\/cloitre-basilique-saint-andre-vercelli_6504-300x200.jpg 300w, https:\/\/www.bellitalie.org\/wp-content\/uploads\/2023\/06\/cloitre-basilique-saint-andre-vercelli_6504-1024x683.jpg 1024w, https:\/\/www.bellitalie.org\/wp-content\/uploads\/2023\/06\/cloitre-basilique-saint-andre-vercelli_6504-768x512.jpg 768w\" sizes=\"(max-width: 1200px) 100vw, 1200px\" \/><\/a><\/figure>\n<\/figure>\n\n\n<h2>Il Broletto<\/h2>\n<p>Nella piccola <strong>Piazza del Palazzo Vecchio<\/strong>, conosciuta anche come Piazza dei Pesci perch\u00e9 vi sorgeva il mercato del pesce, il <strong>Broletto<\/strong> (Palazzo Vecchio) fu sede del Comune dal XIII secolo fino al XIX secolo, di cui rimane dal XIII secolo la Torre Comunale.<\/p>\n<h2>Piazza Cavour<\/h2>\n<p>La vicina <strong>Piazza Cavour<\/strong>, un tempo Piazza Maggiore e dove si estendeva il foro romano, \u00e8 il cuore della citt\u00e0, con i suoi tipici portici, in parte di inizio Trecento per quelli a sesto acuto, e gli altri rinascimentali.<br \/>La <strong>Torre dell&#8217;Angelo<\/strong> risale alla fine del XIV secolo, con il suo stile medievale, di base quadrata con un corpo superiore ottagonale.<br \/>Al centro della piazza si erge la statua di Cavour del XIX secolo.<\/p>\n\n\n<figure class=\"wp-container-4 wp-block-gallery-3 wp-block-gallery has-nested-images columns-default is-cropped\">\n<figure class=\"wp-block-image size-medium\"><a href=\"https:\/\/www.bellitalie.org\/wp-content\/uploads\/2023\/06\/piazza-cavour-vercelli_6436.jpg\"><img loading=\"lazy\" width=\"1200\" height=\"800\" data-id=\"16819\"  src=\"https:\/\/www.bellitalie.org\/wp-content\/uploads\/2023\/06\/piazza-cavour-vercelli_6436.jpg\" alt=\"foto piazza cavour vercelli_6436\" class=\"wp-image-16819\" srcset=\"https:\/\/www.bellitalie.org\/wp-content\/uploads\/2023\/06\/piazza-cavour-vercelli_6436.jpg 1200w, https:\/\/www.bellitalie.org\/wp-content\/uploads\/2023\/06\/piazza-cavour-vercelli_6436-300x200.jpg 300w, https:\/\/www.bellitalie.org\/wp-content\/uploads\/2023\/06\/piazza-cavour-vercelli_6436-1024x683.jpg 1024w, https:\/\/www.bellitalie.org\/wp-content\/uploads\/2023\/06\/piazza-cavour-vercelli_6436-768x512.jpg 768w\" sizes=\"(max-width: 1200px) 100vw, 1200px\" \/><\/a><\/figure>\n\n\n\n<figure class=\"wp-block-image size-medium\"><a href=\"https:\/\/www.bellitalie.org\/wp-content\/uploads\/2023\/06\/piazza-cavour-vercelli_6421.jpg\"><img loading=\"lazy\" width=\"1200\" height=\"800\" data-id=\"16814\"  src=\"https:\/\/www.bellitalie.org\/wp-content\/uploads\/2023\/06\/piazza-cavour-vercelli_6421.jpg\" alt=\"piazza-cavour-vercelli_6421\" class=\"wp-image-16814\" srcset=\"https:\/\/www.bellitalie.org\/wp-content\/uploads\/2023\/06\/piazza-cavour-vercelli_6421.jpg 1200w, https:\/\/www.bellitalie.org\/wp-content\/uploads\/2023\/06\/piazza-cavour-vercelli_6421-300x200.jpg 300w, https:\/\/www.bellitalie.org\/wp-content\/uploads\/2023\/06\/piazza-cavour-vercelli_6421-1024x683.jpg 1024w, https:\/\/www.bellitalie.org\/wp-content\/uploads\/2023\/06\/piazza-cavour-vercelli_6421-768x512.jpg 768w\" sizes=\"(max-width: 1200px) 100vw, 1200px\" \/><\/a><\/figure>\n\n\n\n<figure class=\"wp-block-image size-medium\"><a href=\"https:\/\/www.bellitalie.org\/wp-content\/uploads\/2023\/06\/piazza-palazzo-vecchio-broletto-vercelli_6435.jpg\"><img loading=\"lazy\" width=\"1200\" height=\"800\" data-id=\"16816\"  src=\"https:\/\/www.bellitalie.org\/wp-content\/uploads\/2023\/06\/piazza-palazzo-vecchio-broletto-vercelli_6435.jpg\" alt=\"fotografie piazza-palazzo-vecchio-broletto-vercelli_6435\" class=\"wp-image-16816\" srcset=\"https:\/\/www.bellitalie.org\/wp-content\/uploads\/2023\/06\/piazza-palazzo-vecchio-broletto-vercelli_6435.jpg 1200w, https:\/\/www.bellitalie.org\/wp-content\/uploads\/2023\/06\/piazza-palazzo-vecchio-broletto-vercelli_6435-300x200.jpg 300w, https:\/\/www.bellitalie.org\/wp-content\/uploads\/2023\/06\/piazza-palazzo-vecchio-broletto-vercelli_6435-1024x683.jpg 1024w, https:\/\/www.bellitalie.org\/wp-content\/uploads\/2023\/06\/piazza-palazzo-vecchio-broletto-vercelli_6435-768x512.jpg 768w\" sizes=\"(max-width: 1200px) 100vw, 1200px\" \/><\/a><\/figure>\n\n\n\n<figure class=\"wp-block-image size-medium\"><a href=\"https:\/\/www.bellitalie.org\/wp-content\/uploads\/2023\/06\/piazza-cavour-vercelli_6426.jpg\"><img loading=\"lazy\" width=\"1200\" height=\"800\" data-id=\"16815\"  src=\"https:\/\/www.bellitalie.org\/wp-content\/uploads\/2023\/06\/piazza-cavour-vercelli_6426.jpg\" alt=\"photo piazza cavour vercelli_6426\" class=\"wp-image-16815\" srcset=\"https:\/\/www.bellitalie.org\/wp-content\/uploads\/2023\/06\/piazza-cavour-vercelli_6426.jpg 1200w, https:\/\/www.bellitalie.org\/wp-content\/uploads\/2023\/06\/piazza-cavour-vercelli_6426-300x200.jpg 300w, https:\/\/www.bellitalie.org\/wp-content\/uploads\/2023\/06\/piazza-cavour-vercelli_6426-1024x683.jpg 1024w, https:\/\/www.bellitalie.org\/wp-content\/uploads\/2023\/06\/piazza-cavour-vercelli_6426-768x512.jpg 768w\" sizes=\"(max-width: 1200px) 100vw, 1200px\" \/><\/a><\/figure>\n<\/figure>\n\n\n<h2>Cattedrale di Vercelli e museo del Duomo<\/h2>\n<p>Dedicata a Eusebio con un edificio paleocristiano del V secolo, la <strong>Cattedrale di Sant&#8217;Eusebio<\/strong> fu pi\u00f9 volte ricostruita, con architettura dalla fine del XVI al XIX secolo, a parte il grande campanile romanico che risale al XII secolo e che contrasta con la facciata settecentesca preceduta da un pronao neoclassico, e la grande cupola del 1832 ricoperta di rame.<br \/>L&#8217;interno conserva un superbo crocifisso argenteo del X secolo, grande 3 metri, o per esempio la statua marmorea detta <em>Madonna dello Schiaffo<\/em> del XVII secolo. Vi si trovano i resti di Eusebio o di Amedeo IX di Savoia.<br \/>Il vicino Palazzo Arcivescovile ospita il <strong>Museo del Tesoro Opera del Duomo<\/strong> che conserva reliquiari, urne, calici e oggetti, oltre alla Biblioteca degli Archivi Capitolari che conserva antichi manoscritti, e alla Pinacoteca.<\/p>\n<h2>Castello Visconti<\/h2>\n<p>Risalente al XIII secolo, il castello fu una residenza dei Savoia, trasformato in prigione nel XIX e poi in tribunale, ruolo che mantiene tuttora. Gli elementi originali si vedono dall&#8217;esterno con le sue quattro torri in mattoni.<\/p>\n\n\n<figure class=\"wp-container-6 wp-block-gallery-5 wp-block-gallery has-nested-images columns-default is-cropped\">\n<figure class=\"wp-block-image size-medium\"><a href=\"https:\/\/www.bellitalie.org\/wp-content\/uploads\/2021\/05\/duomo-vercelli_6509.jpg\"><img loading=\"lazy\" width=\"300\" height=\"200\" data-id=\"16802\"  src=\"https:\/\/www.bellitalie.org\/wp-content\/uploads\/2021\/05\/duomo-vercelli_6509-300x200.jpg\" alt=\"duomo-vercelli_6509\" class=\"wp-image-16802\" srcset=\"https:\/\/www.bellitalie.org\/wp-content\/uploads\/2021\/05\/duomo-vercelli_6509-300x200.jpg 300w, https:\/\/www.bellitalie.org\/wp-content\/uploads\/2021\/05\/duomo-vercelli_6509-1024x683.jpg 1024w, https:\/\/www.bellitalie.org\/wp-content\/uploads\/2021\/05\/duomo-vercelli_6509-768x512.jpg 768w, https:\/\/www.bellitalie.org\/wp-content\/uploads\/2021\/05\/duomo-vercelli_6509.jpg 1200w\" sizes=\"(max-width: 300px) 100vw, 300px\" \/><\/a><figcaption>Cath\u00e9drale<\/figcaption><\/figure>\n\n\n\n<figure class=\"wp-block-image size-medium\"><a href=\"https:\/\/www.bellitalie.org\/wp-content\/uploads\/2021\/05\/campanile-duomo-vercelli_6510.jpg\"><img loading=\"lazy\" width=\"1200\" height=\"800\" data-id=\"16858\"  src=\"https:\/\/www.bellitalie.org\/wp-content\/uploads\/2021\/05\/campanile-duomo-vercelli_6510.jpg\" alt=\"campanile-duomo-vercelli_6510\" class=\"wp-image-16858\" srcset=\"https:\/\/www.bellitalie.org\/wp-content\/uploads\/2021\/05\/campanile-duomo-vercelli_6510.jpg 1200w, https:\/\/www.bellitalie.org\/wp-content\/uploads\/2021\/05\/campanile-duomo-vercelli_6510-300x200.jpg 300w, https:\/\/www.bellitalie.org\/wp-content\/uploads\/2021\/05\/campanile-duomo-vercelli_6510-1024x683.jpg 1024w, https:\/\/www.bellitalie.org\/wp-content\/uploads\/2021\/05\/campanile-duomo-vercelli_6510-768x512.jpg 768w\" sizes=\"(max-width: 1200px) 100vw, 1200px\" \/><\/a><figcaption>Clocher de la cath\u00e9drale<\/figcaption><\/figure>\n\n\n\n<figure class=\"wp-block-image size-medium\"><a href=\"https:\/\/www.bellitalie.org\/wp-content\/uploads\/2023\/06\/castello-visconti-vercelli_6511.jpg\"><img loading=\"lazy\" width=\"300\" height=\"200\" data-id=\"16798\"  src=\"https:\/\/www.bellitalie.org\/wp-content\/uploads\/2023\/06\/castello-visconti-vercelli_6511-300x200.jpg\" alt=\"\" class=\"wp-image-16798\" srcset=\"https:\/\/www.bellitalie.org\/wp-content\/uploads\/2023\/06\/castello-visconti-vercelli_6511-300x200.jpg 300w, https:\/\/www.bellitalie.org\/wp-content\/uploads\/2023\/06\/castello-visconti-vercelli_6511-1024x683.jpg 1024w, https:\/\/www.bellitalie.org\/wp-content\/uploads\/2023\/06\/castello-visconti-vercelli_6511-768x512.jpg 768w, https:\/\/www.bellitalie.org\/wp-content\/uploads\/2023\/06\/castello-visconti-vercelli_6511.jpg 1200w\" sizes=\"(max-width: 300px) 100vw, 300px\" \/><\/a><figcaption>Ch\u00e2teau Visconti<\/figcaption><\/figure>\n<\/figure>\n\n\n<h2>Museo Borgogna <b><img src=\"https:\/\/www.bellitalie.org\/images\/1etoilesB20.png\" alt=\"interet 1 etoiles\" height=\"10\" \/><\/b><\/h2>\n<p>Il <strong>Museo Borgogna<\/strong> \u00e8 la seconda pinacoteca del Piemonte dopo la Galleria Sabauda di Torino, aperta dal 1908, conservando opere rinascimentali di maestri come Tiziano, Baldung, Spranger o Robbe, pi\u00f9 generalmente dal XV al XIX.<br \/>Il piano terra conserva le belle sale con oggetti d&#8217;arte decorativa e mobili, e i piani ospitano dipinti e sculture. Presenta in tutto circa 800 opere.<\/p>\n<h2>Museo Leone<\/h2>\n<p><strong>Camillo Leone<\/strong> era un notaio collezionista della citt\u00e0, la cui collezione \u00e8 ospitata in due edifici storici, la Casa Alciati del XVI secolo e il Palazzo Langosco del XVIII secolo. \u00c8 una collezione eclettica, che mescola armi preistoriche, oggetti di tombe egizie, vasi etruschi, mosaici medievali, argenterie, porcellane e dipinti moderni.<\/p>\n\n\n<figure class=\"wp-container-8 wp-block-gallery-7 wp-block-gallery has-nested-images columns-5 is-cropped\">\n<figure class=\"wp-block-image size-medium\"><a href=\"https:\/\/www.bellitalie.org\/wp-content\/uploads\/2023\/06\/casa-alciati-museo-leone-vercelli_6439.jpg\"><img loading=\"lazy\" width=\"300\" height=\"200\" data-id=\"16823\"  src=\"https:\/\/www.bellitalie.org\/wp-content\/uploads\/2023\/06\/casa-alciati-museo-leone-vercelli_6439-300x200.jpg\" alt=\"\" class=\"wp-image-16823\" srcset=\"https:\/\/www.bellitalie.org\/wp-content\/uploads\/2023\/06\/casa-alciati-museo-leone-vercelli_6439-300x200.jpg 300w, https:\/\/www.bellitalie.org\/wp-content\/uploads\/2023\/06\/casa-alciati-museo-leone-vercelli_6439-1024x683.jpg 1024w, https:\/\/www.bellitalie.org\/wp-content\/uploads\/2023\/06\/casa-alciati-museo-leone-vercelli_6439-768x512.jpg 768w, https:\/\/www.bellitalie.org\/wp-content\/uploads\/2023\/06\/casa-alciati-museo-leone-vercelli_6439.jpg 1200w\" sizes=\"(max-width: 300px) 100vw, 300px\" \/><\/a><\/figure>\n\n\n\n<figure class=\"wp-block-image size-medium\"><a href=\"https:\/\/www.bellitalie.org\/wp-content\/uploads\/2023\/06\/museo-leone-vercelli_6446.jpg\"><img loading=\"lazy\" width=\"200\" height=\"300\" data-id=\"16827\"  src=\"https:\/\/www.bellitalie.org\/wp-content\/uploads\/2023\/06\/museo-leone-vercelli_6446-200x300.jpg\" alt=\"\" class=\"wp-image-16827\" srcset=\"https:\/\/www.bellitalie.org\/wp-content\/uploads\/2023\/06\/museo-leone-vercelli_6446-200x300.jpg 200w, https:\/\/www.bellitalie.org\/wp-content\/uploads\/2023\/06\/museo-leone-vercelli_6446-683x1024.jpg 683w, https:\/\/www.bellitalie.org\/wp-content\/uploads\/2023\/06\/museo-leone-vercelli_6446-768x1152.jpg 768w, https:\/\/www.bellitalie.org\/wp-content\/uploads\/2023\/06\/museo-leone-vercelli_6446.jpg 800w\" sizes=\"(max-width: 200px) 100vw, 200px\" \/><\/a><\/figure>\n\n\n\n<figure class=\"wp-block-image size-medium\"><a href=\"https:\/\/www.bellitalie.org\/wp-content\/uploads\/2023\/06\/museo-leone-vercelli_6454.jpg\"><img loading=\"lazy\" width=\"300\" height=\"200\" data-id=\"16833\"  src=\"https:\/\/www.bellitalie.org\/wp-content\/uploads\/2023\/06\/museo-leone-vercelli_6454-300x200.jpg\" alt=\"\" class=\"wp-image-16833\" srcset=\"https:\/\/www.bellitalie.org\/wp-content\/uploads\/2023\/06\/museo-leone-vercelli_6454-300x200.jpg 300w, https:\/\/www.bellitalie.org\/wp-content\/uploads\/2023\/06\/museo-leone-vercelli_6454-1024x683.jpg 1024w, https:\/\/www.bellitalie.org\/wp-content\/uploads\/2023\/06\/museo-leone-vercelli_6454-768x512.jpg 768w, https:\/\/www.bellitalie.org\/wp-content\/uploads\/2023\/06\/museo-leone-vercelli_6454.jpg 1200w\" sizes=\"(max-width: 300px) 100vw, 300px\" \/><\/a><\/figure>\n\n\n\n<figure class=\"wp-block-image size-medium\"><a href=\"https:\/\/www.bellitalie.org\/wp-content\/uploads\/2023\/06\/museo-leone-vercelli_6458.jpg\"><img loading=\"lazy\" width=\"300\" height=\"200\" data-id=\"16826\"  src=\"https:\/\/www.bellitalie.org\/wp-content\/uploads\/2023\/06\/museo-leone-vercelli_6458-300x200.jpg\" alt=\"\" class=\"wp-image-16826\" srcset=\"https:\/\/www.bellitalie.org\/wp-content\/uploads\/2023\/06\/museo-leone-vercelli_6458-300x200.jpg 300w, https:\/\/www.bellitalie.org\/wp-content\/uploads\/2023\/06\/museo-leone-vercelli_6458-1024x683.jpg 1024w, https:\/\/www.bellitalie.org\/wp-content\/uploads\/2023\/06\/museo-leone-vercelli_6458-768x512.jpg 768w, https:\/\/www.bellitalie.org\/wp-content\/uploads\/2023\/06\/museo-leone-vercelli_6458.jpg 1200w\" sizes=\"(max-width: 300px) 100vw, 300px\" \/><\/a><\/figure>\n\n\n\n<figure class=\"wp-block-image size-large\"><img loading=\"lazy\" width=\"683\" height=\"1024\" data-id=\"16828\"  src=\"https:\/\/www.bellitalie.org\/wp-content\/uploads\/2023\/06\/museo-leone-vercelli_6462-683x1024.jpg\" alt=\"\" class=\"wp-image-16828\" srcset=\"https:\/\/www.bellitalie.org\/wp-content\/uploads\/2023\/06\/museo-leone-vercelli_6462-683x1024.jpg 683w, https:\/\/www.bellitalie.org\/wp-content\/uploads\/2023\/06\/museo-leone-vercelli_6462-200x300.jpg 200w, https:\/\/www.bellitalie.org\/wp-content\/uploads\/2023\/06\/museo-leone-vercelli_6462-768x1152.jpg 768w, https:\/\/www.bellitalie.org\/wp-content\/uploads\/2023\/06\/museo-leone-vercelli_6462.jpg 800w\" sizes=\"(max-width: 683px) 100vw, 683px\" \/><\/figure>\n<\/figure>\n\n\n<h2>MAC &#8211; Il Museo Archeologico Luigi Bruzza<\/h2>\n<p>Ospitato intorno al chiostro dell&#8217;antico <strong>monastero di Santa Chiara<\/strong>, il <strong>museo archeologico<\/strong> \u00e8 piccolo ma moderno, che raccoglie i ritrovamenti degli scavi sul territorio, fin dalle origini della citt\u00e0, organizzati cronologicamente e tematicamente. Conta circa 600 reperti archeologici, accompagnati da infografiche.<\/p>\n<h2>Altri luoghi della citt\u00e0<\/h2>\n<ul>\n<li>In via Foa si notano case del XV-XVI secolo, la Casa Centori e la Casa Tizzoni.<\/li>\n<li>L&#8217;<strong>Arca<\/strong>, centro di arte moderna,<\/li>\n<li>In Piazza Roma risale al 1224 l&#8217;<strong>Ospedale dei Pellegrini<\/strong>, di fronte alla Basilica di Sant&#8217;Andrea<\/li>\n<li>Nell&#8217;antico quartiere del ghetto, la <strong>sinagoga<\/strong> fu costruita tra il 1875 e il 1878 da Carlo Alberto, con una splendida facciata in arenaria bianca e blu di stile moresco che contrasta con gli edifici vicini.<\/li>\n<li>La <strong>Chiesa di San Cristoforo<\/strong>, fondata all&#8217;inizio del XVI secolo, conserva un bellissimo interno rinascimentale, con dipinti, affreschi della cupola di Gaudenzio Ferrari e Chancel.<\/li>\n<li>La <strong>Chiesa di San Francesco<\/strong>, vicino al Museo Borgogna, \u00e8 un importante edificio gotico con una facciata barocca.<\/li>\n<li>La <strong>Chiesa di San Bernardo<\/strong><\/li>\n<li><strong>Torri di Vercelli<\/strong> : da Vercelli si ergono belle torri, che si vedono da lontano, veri simboli della citt\u00e0. Le principali sono: Torre dell&#8217;Angelo Piazza Cavour, Torre dei Centori, Torre Comunale, Torre San Marco, Torre dell&#8217;Orologio, Torre dei Tizzoni e Torre dei Vialardi.<\/li>\n<\/ul>\n\n\n<figure class=\"wp-container-10 wp-block-gallery-9 wp-block-gallery has-nested-images columns-4 is-cropped\">\n<figure class=\"wp-block-image size-medium\"><a href=\"https:\/\/www.bellitalie.org\/wp-content\/uploads\/2023\/06\/palazzo-e-torre-dei-vialardi_6416.jpg\"><img loading=\"lazy\" width=\"1200\" height=\"800\" data-id=\"16841\"  src=\"https:\/\/www.bellitalie.org\/wp-content\/uploads\/2023\/06\/palazzo-e-torre-dei-vialardi_6416.jpg\" alt=\"foto palazzo-e-torre-dei-vialardi_6416\" class=\"wp-image-16841\" srcset=\"https:\/\/www.bellitalie.org\/wp-content\/uploads\/2023\/06\/palazzo-e-torre-dei-vialardi_6416.jpg 1200w, https:\/\/www.bellitalie.org\/wp-content\/uploads\/2023\/06\/palazzo-e-torre-dei-vialardi_6416-300x200.jpg 300w, https:\/\/www.bellitalie.org\/wp-content\/uploads\/2023\/06\/palazzo-e-torre-dei-vialardi_6416-1024x683.jpg 1024w, https:\/\/www.bellitalie.org\/wp-content\/uploads\/2023\/06\/palazzo-e-torre-dei-vialardi_6416-768x512.jpg 768w\" sizes=\"(max-width: 1200px) 100vw, 1200px\" \/><\/a><figcaption>Palazzo e Torre dei Vialardi<\/figcaption><\/figure>\n\n\n\n<figure class=\"wp-block-image size-medium\"><a href=\"https:\/\/www.bellitalie.org\/wp-content\/uploads\/2023\/06\/san-francesco-vercelli_6464.jpg\"><img loading=\"lazy\" width=\"1200\" height=\"800\" data-id=\"16847\"  src=\"https:\/\/www.bellitalie.org\/wp-content\/uploads\/2023\/06\/san-francesco-vercelli_6464.jpg\" alt=\"san-francesco-vercelli_6464\" class=\"wp-image-16847\" srcset=\"https:\/\/www.bellitalie.org\/wp-content\/uploads\/2023\/06\/san-francesco-vercelli_6464.jpg 1200w, https:\/\/www.bellitalie.org\/wp-content\/uploads\/2023\/06\/san-francesco-vercelli_6464-300x200.jpg 300w, https:\/\/www.bellitalie.org\/wp-content\/uploads\/2023\/06\/san-francesco-vercelli_6464-1024x683.jpg 1024w, https:\/\/www.bellitalie.org\/wp-content\/uploads\/2023\/06\/san-francesco-vercelli_6464-768x512.jpg 768w\" sizes=\"(max-width: 1200px) 100vw, 1200px\" \/><\/a><figcaption>Chiesa di San Francesco<\/figcaption><\/figure>\n\n\n\n<figure class=\"wp-block-image size-medium\"><a href=\"https:\/\/www.bellitalie.org\/wp-content\/uploads\/2023\/06\/san-paolo-vercelli_6473.jpg\"><img loading=\"lazy\" width=\"1200\" height=\"800\" data-id=\"16850\"  src=\"https:\/\/www.bellitalie.org\/wp-content\/uploads\/2023\/06\/san-paolo-vercelli_6473.jpg\" alt=\"san-paolo-vercelli_6473\" class=\"wp-image-16850\" srcset=\"https:\/\/www.bellitalie.org\/wp-content\/uploads\/2023\/06\/san-paolo-vercelli_6473.jpg 1200w, https:\/\/www.bellitalie.org\/wp-content\/uploads\/2023\/06\/san-paolo-vercelli_6473-300x200.jpg 300w, https:\/\/www.bellitalie.org\/wp-content\/uploads\/2023\/06\/san-paolo-vercelli_6473-1024x683.jpg 1024w, https:\/\/www.bellitalie.org\/wp-content\/uploads\/2023\/06\/san-paolo-vercelli_6473-768x512.jpg 768w\" sizes=\"(max-width: 1200px) 100vw, 1200px\" \/><\/a><figcaption>Chiesa di San Paolo<\/figcaption><\/figure>\n\n\n\n<figure class=\"wp-block-image size-medium\"><a href=\"https:\/\/www.bellitalie.org\/wp-content\/uploads\/2023\/06\/sinagoga-vercelli_6514.jpg\"><img loading=\"lazy\" width=\"1200\" height=\"800\" data-id=\"16844\"  src=\"https:\/\/www.bellitalie.org\/wp-content\/uploads\/2023\/06\/sinagoga-vercelli_6514.jpg\" alt=\"sinagoga-vercelli_6514\" class=\"wp-image-16844\" srcset=\"https:\/\/www.bellitalie.org\/wp-content\/uploads\/2023\/06\/sinagoga-vercelli_6514.jpg 1200w, https:\/\/www.bellitalie.org\/wp-content\/uploads\/2023\/06\/sinagoga-vercelli_6514-300x200.jpg 300w, https:\/\/www.bellitalie.org\/wp-content\/uploads\/2023\/06\/sinagoga-vercelli_6514-1024x683.jpg 1024w, https:\/\/www.bellitalie.org\/wp-content\/uploads\/2023\/06\/sinagoga-vercelli_6514-768x512.jpg 768w\" sizes=\"(max-width: 1200px) 100vw, 1200px\" \/><\/a><figcaption>Sinagoga<\/figcaption><\/figure>\n\n\n\n<figure class=\"wp-block-image size-medium\"><a href=\"https:\/\/www.bellitalie.org\/wp-content\/uploads\/2023\/06\/rizaie-vercelli_6653.jpg\"><img loading=\"lazy\" width=\"1200\" height=\"800\" data-id=\"16856\"  src=\"https:\/\/www.bellitalie.org\/wp-content\/uploads\/2023\/06\/rizaie-vercelli_6653.jpg\" alt=\"rizaie-vercelli_6653\" class=\"wp-image-16856\" srcset=\"https:\/\/www.bellitalie.org\/wp-content\/uploads\/2023\/06\/rizaie-vercelli_6653.jpg 1200w, https:\/\/www.bellitalie.org\/wp-content\/uploads\/2023\/06\/rizaie-vercelli_6653-300x200.jpg 300w, https:\/\/www.bellitalie.org\/wp-content\/uploads\/2023\/06\/rizaie-vercelli_6653-1024x683.jpg 1024w, https:\/\/www.bellitalie.org\/wp-content\/uploads\/2023\/06\/rizaie-vercelli_6653-768x512.jpg 768w\" sizes=\"(max-width: 1200px) 100vw, 1200px\" \/><\/a><figcaption>Risaie di Vercelli<\/figcaption><\/figure>\n\n\n\n<figure class=\"wp-block-image size-medium\"><a href=\"https:\/\/www.bellitalie.org\/wp-content\/uploads\/2023\/06\/teatro-civico-vercelli_6476.jpg\"><img loading=\"lazy\" width=\"800\" height=\"1200\" data-id=\"16857\"  src=\"https:\/\/www.bellitalie.org\/wp-content\/uploads\/2023\/06\/teatro-civico-vercelli_6476.jpg\" alt=\"teatro-civico-vercelli_6476\" class=\"wp-image-16857\" srcset=\"https:\/\/www.bellitalie.org\/wp-content\/uploads\/2023\/06\/teatro-civico-vercelli_6476.jpg 800w, https:\/\/www.bellitalie.org\/wp-content\/uploads\/2023\/06\/teatro-civico-vercelli_6476-200x300.jpg 200w, https:\/\/www.bellitalie.org\/wp-content\/uploads\/2023\/06\/teatro-civico-vercelli_6476-683x1024.jpg 683w, https:\/\/www.bellitalie.org\/wp-content\/uploads\/2023\/06\/teatro-civico-vercelli_6476-768x1152.jpg 768w\" sizes=\"(max-width: 800px) 100vw, 800px\" \/><\/a><figcaption>Teatro Civico<\/figcaption><\/figure>\n\n\n\n<figure class=\"wp-block-image size-medium\"><a href=\"https:\/\/www.bellitalie.org\/wp-content\/uploads\/2023\/06\/torre-del-broletto-vercelli_6423.jpg\"><img loading=\"lazy\" width=\"800\" height=\"1200\" data-id=\"16838\"  src=\"https:\/\/www.bellitalie.org\/wp-content\/uploads\/2023\/06\/torre-del-broletto-vercelli_6423.jpg\" alt=\"torre-del-broletto-vercelli_6423\" class=\"wp-image-16838\" srcset=\"https:\/\/www.bellitalie.org\/wp-content\/uploads\/2023\/06\/torre-del-broletto-vercelli_6423.jpg 800w, https:\/\/www.bellitalie.org\/wp-content\/uploads\/2023\/06\/torre-del-broletto-vercelli_6423-200x300.jpg 200w, https:\/\/www.bellitalie.org\/wp-content\/uploads\/2023\/06\/torre-del-broletto-vercelli_6423-683x1024.jpg 683w, https:\/\/www.bellitalie.org\/wp-content\/uploads\/2023\/06\/torre-del-broletto-vercelli_6423-768x1152.jpg 768w\" sizes=\"(max-width: 800px) 100vw, 800px\" \/><\/a><figcaption>Torre de Broletto<\/figcaption><\/figure>\n<\/figure>\n\n\n<h2>Gastronomia<\/h2>\n<ul>\n<li><strong>Bicciolani<\/strong> : specialit\u00e0 di Vercelli, biscotti fatti fin dal Rinascimento, con cannella e spezie.<\/li>\n<li><strong>La Panissa<\/strong> : rizotto al vino e fagioli rossi.<\/li>\n<\/ul>\n<h2>Informazioni<\/h2>\n<ul>\n<li>Articolo Wikipedia : <a href=\"https:\/\/it.wikipedia.org\/wiki\/Vercelli\" target=\"_blank\" rel=\"noopener\">it.wikipedia.org<\/a><\/li>\n<li>Portali uristici : <a href=\"https:\/\/www.viaggiaescopri.it\/cosa-vedere-a-vercelli\/\" target=\"_blank\" rel=\"noopener\">www.viaggiaescopri.it<\/a>, <a href=\"https:\/\/siviaggia.it\/idee-di-viaggio\/vercelli-cosa-vedere-cosa-visitare\/322935\/\" target=\"_blank\" rel=\"noopener\">siviaggia.it<\/a><\/li>\n<\/ul>\n<div id=\"meteo\"><br\/>\r\n\t\t<h2>Meteo a Vercelli<\/h2>\r\n<p><!-- Inizio codice ilMeteo.it --><\/p>\r\n<p><iframe src=\"https:\/\/www.ilmeteo.it\/box\/previsioni.php?citta=7743&amp;type=day1&amp;width=600&amp;ico=1&amp;lang=ita&amp;days=6&amp;font=Arial&amp;fontsize=12&amp;bg=FFFFFF&amp;fg=000000&amp;bgtitle=F0E8DF&amp;fgtitle=3D3D3D&amp;bgtab=FBFAF5&amp;fglink=1361A3\" width=\"600\" height=\"240\" frameborder=\"no\" scrolling=\"no\"><\/iframe><\/p>\r\n<p><!-- Fine codice ilMeteo.it --><\/p>\r\n<\/div>\n<h2>Cartina<\/h2>\n<div id=\"travelersmap-container-69f2b3a58d113\" class=\"travelersmap-container\" style=\"z-index: 1; min-height: 10px; min-width:10px; height:400px;width:100%; max-width:; max-height:; position:relative;\"><div style=\"position:absolute; z-index:-1;top: 50%;text-align: center;display: block;left: 50%;transform: translate(-50%,-50%);\">Travelers' Map is loading... <br> If you see this after your page is loaded completely, leafletJS files are missing.<\/div><\/div>\n<p>\u00a0<\/p>\n\n\n<div class=\"wp-container-13 wp-block-columns has-background\" style=\"background-color:#dfece5\">\n<div class=\"wp-container-11 wp-block-column\">\n<p><strong><a href=\"https:\/\/www.bellitalie.org\/it\/regione_italia\/piemonte\/\">Piemonte<\/a><\/strong><\/p>\n<ul class=\"lcp_catlist2\" id=\"lcp_instance_0\"><li><a href=\"https:\/\/www.bellitalie.org\/it\/destinazione\/piemonte\/cose-da-vedere-in-piemonte\/\">Cose da vedere in Piemonte<\/a><a href=\"https:\/\/www.bellitalie.org\/it\/destinazione\/piemonte\/cose-da-vedere-in-piemonte\/\" title=\"Cose da vedere in Piemonte\"><img width=\"150\" height=\"150\" src=\"https:\/\/www.bellitalie.org\/wp-content\/uploads\/2021\/11\/abbaye-saint-michel-de-la-cluse_5085-150x150.jpg\" class=\"lcp_thumbnail wp-post-image\" alt=\"Cose da vedere in Piemonte\" loading=\"lazy\" srcset=\"https:\/\/www.bellitalie.org\/wp-content\/uploads\/2021\/11\/abbaye-saint-michel-de-la-cluse_5085-150x150.jpg 150w, https:\/\/www.bellitalie.org\/wp-content\/uploads\/2021\/11\/abbaye-saint-michel-de-la-cluse_5085-50x50.jpg 50w, https:\/\/www.bellitalie.org\/wp-content\/uploads\/2021\/11\/abbaye-saint-michel-de-la-cluse_5085-80x80.jpg 80w, https:\/\/www.bellitalie.org\/wp-content\/uploads\/2021\/11\/abbaye-saint-michel-de-la-cluse_5085-75x75.jpg 75w\" sizes=\"(max-width: 150px) 100vw, 150px\" \/><\/a><div class=\"lcp_excerpt\">Le citt\u00e0, luoghi e siti da vedere nella regione Piemonte, da Torino la capitale con ...<\/div><\/li><li><a href=\"https:\/\/www.bellitalie.org\/it\/destinazione\/piemonte\/torino\/\">Torino<\/a><a href=\"https:\/\/www.bellitalie.org\/it\/destinazione\/piemonte\/torino\/\" title=\"Torino\"><img width=\"150\" height=\"150\" src=\"https:\/\/www.bellitalie.org\/wp-content\/uploads\/2021\/09\/palazzo-reale-torino_7953-150x150.jpg\" class=\"lcp_thumbnail wp-post-image\" alt=\"Torino\" loading=\"lazy\" srcset=\"https:\/\/www.bellitalie.org\/wp-content\/uploads\/2021\/09\/palazzo-reale-torino_7953-150x150.jpg 150w, https:\/\/www.bellitalie.org\/wp-content\/uploads\/2021\/09\/palazzo-reale-torino_7953-50x50.jpg 50w, https:\/\/www.bellitalie.org\/wp-content\/uploads\/2021\/09\/palazzo-reale-torino_7953-80x80.jpg 80w, https:\/\/www.bellitalie.org\/wp-content\/uploads\/2021\/09\/palazzo-reale-torino_7953-75x75.jpg 75w\" sizes=\"(max-width: 150px) 100vw, 150px\" \/><\/a><div class=\"lcp_excerpt\">\nPur essendo nota soprattutto per essere un importante centro industriale, con le sue immense fabbriche ...<\/div><\/li><li><a href=\"https:\/\/www.bellitalie.org\/it\/destinazione\/piemonte\/val-di-susa\/sacra-di-san-michele\/\">Sacra di San Michele<\/a><a href=\"https:\/\/www.bellitalie.org\/it\/destinazione\/piemonte\/val-di-susa\/sacra-di-san-michele\/\" title=\"Sacra di San Michele\"><img width=\"150\" height=\"150\" src=\"https:\/\/www.bellitalie.org\/wp-content\/uploads\/2021\/11\/abbaye-saint-michel-de-la-cluse_5078-150x150.jpg\" class=\"lcp_thumbnail wp-post-image\" alt=\"Sacra di San Michele\" loading=\"lazy\" srcset=\"https:\/\/www.bellitalie.org\/wp-content\/uploads\/2021\/11\/abbaye-saint-michel-de-la-cluse_5078-150x150.jpg 150w, https:\/\/www.bellitalie.org\/wp-content\/uploads\/2021\/11\/abbaye-saint-michel-de-la-cluse_5078-50x50.jpg 50w, https:\/\/www.bellitalie.org\/wp-content\/uploads\/2021\/11\/abbaye-saint-michel-de-la-cluse_5078-80x80.jpg 80w, https:\/\/www.bellitalie.org\/wp-content\/uploads\/2021\/11\/abbaye-saint-michel-de-la-cluse_5078-75x75.jpg 75w\" sizes=\"(max-width: 150px) 100vw, 150px\" \/><\/a><div class=\"lcp_excerpt\">La Sacra di San Michele della Chiusa, all&#8217;entrata della Val di Susa, \u00e8 arroccata sul ...<\/div><\/li><li><a href=\"https:\/\/www.bellitalie.org\/it\/destinazione\/lombardia\/lago-maggiore\/\">Lago Maggiore<\/a><a href=\"https:\/\/www.bellitalie.org\/it\/destinazione\/lombardia\/lago-maggiore\/\" title=\"Lago Maggiore\"><img width=\"150\" height=\"150\" src=\"https:\/\/www.bellitalie.org\/wp-content\/uploads\/2021\/09\/lac-majeur_7509-150x150.jpg\" class=\"lcp_thumbnail wp-post-image\" alt=\"Lago Maggiore\" loading=\"lazy\" srcset=\"https:\/\/www.bellitalie.org\/wp-content\/uploads\/2021\/09\/lac-majeur_7509-150x150.jpg 150w, https:\/\/www.bellitalie.org\/wp-content\/uploads\/2021\/09\/lac-majeur_7509-50x50.jpg 50w, https:\/\/www.bellitalie.org\/wp-content\/uploads\/2021\/09\/lac-majeur_7509-80x80.jpg 80w, https:\/\/www.bellitalie.org\/wp-content\/uploads\/2021\/09\/lac-majeur_7509-75x75.jpg 75w\" sizes=\"(max-width: 150px) 100vw, 150px\" \/><\/a><div class=\"lcp_excerpt\">\nIl Lago Maggiore \u00e8 una delle pi\u00f9 belle destinazioni del nord Italia, la cui sponda ...<\/div><\/li><li><a href=\"https:\/\/www.bellitalie.org\/it\/destinazione\/piemonte\/val-di-susa\/\">Val di Susa<\/a><a href=\"https:\/\/www.bellitalie.org\/it\/destinazione\/piemonte\/val-di-susa\/\" title=\"Val di Susa\"><img width=\"150\" height=\"150\" src=\"https:\/\/www.bellitalie.org\/wp-content\/uploads\/2021\/11\/panorama-vallee-de-suse-abbaye-saint-michel-de-la-cluse_5113-150x150.jpg\" class=\"lcp_thumbnail wp-post-image\" alt=\"Val di Susa\" loading=\"lazy\" srcset=\"https:\/\/www.bellitalie.org\/wp-content\/uploads\/2021\/11\/panorama-vallee-de-suse-abbaye-saint-michel-de-la-cluse_5113-150x150.jpg 150w, https:\/\/www.bellitalie.org\/wp-content\/uploads\/2021\/11\/panorama-vallee-de-suse-abbaye-saint-michel-de-la-cluse_5113-50x50.jpg 50w, https:\/\/www.bellitalie.org\/wp-content\/uploads\/2021\/11\/panorama-vallee-de-suse-abbaye-saint-michel-de-la-cluse_5113-80x80.jpg 80w, https:\/\/www.bellitalie.org\/wp-content\/uploads\/2021\/11\/panorama-vallee-de-suse-abbaye-saint-michel-de-la-cluse_5113-75x75.jpg 75w\" sizes=\"(max-width: 150px) 100vw, 150px\" \/><\/a><div class=\"lcp_excerpt\">La Val di Susa \u00e8 una bella valle alpina che conduce da Torino verso le ...<\/div><\/li><li><a href=\"https:\/\/www.bellitalie.org\/it\/destinazione\/piemonte\/lago-d-orta\/\">Lago d&#8217;Orta<\/a><a href=\"https:\/\/www.bellitalie.org\/it\/destinazione\/piemonte\/lago-d-orta\/\" title=\"Lago d&#039;Orta\"><img width=\"150\" height=\"150\" src=\"https:\/\/www.bellitalie.org\/wp-content\/uploads\/2023\/05\/panorama-lac-d-orta-mont-sacre-orta_6800-150x150.jpg\" class=\"lcp_thumbnail wp-post-image\" alt=\"Lago d&#039;Orta\" loading=\"lazy\" srcset=\"https:\/\/www.bellitalie.org\/wp-content\/uploads\/2023\/05\/panorama-lac-d-orta-mont-sacre-orta_6800-150x150.jpg 150w, https:\/\/www.bellitalie.org\/wp-content\/uploads\/2023\/05\/panorama-lac-d-orta-mont-sacre-orta_6800-50x50.jpg 50w, https:\/\/www.bellitalie.org\/wp-content\/uploads\/2023\/05\/panorama-lac-d-orta-mont-sacre-orta_6800-80x80.jpg 80w, https:\/\/www.bellitalie.org\/wp-content\/uploads\/2023\/05\/panorama-lac-d-orta-mont-sacre-orta_6800-75x75.jpg 75w\" sizes=\"(max-width: 150px) 100vw, 150px\" \/><\/a><div class=\"lcp_excerpt\">\nA pochi chilometri ad ovest del Lago Maggiore, il Lago d&#8217;Orta \u00e8 una destinazione affascinante ...<\/div><\/li><li><a href=\"https:\/\/www.bellitalie.org\/it\/destinazione\/piemonte\/langhe\/alba\/\">Alba<\/a><a href=\"https:\/\/www.bellitalie.org\/it\/destinazione\/piemonte\/langhe\/alba\/\" title=\"Alba\"><img width=\"150\" height=\"150\" src=\"https:\/\/www.bellitalie.org\/wp-content\/uploads\/2021\/09\/piazza-duomo-alba-langhe_4711-150x150.jpg\" class=\"lcp_thumbnail wp-post-image\" alt=\"Alba\" loading=\"lazy\" srcset=\"https:\/\/www.bellitalie.org\/wp-content\/uploads\/2021\/09\/piazza-duomo-alba-langhe_4711-150x150.jpg 150w, https:\/\/www.bellitalie.org\/wp-content\/uploads\/2021\/09\/piazza-duomo-alba-langhe_4711-50x50.jpg 50w, https:\/\/www.bellitalie.org\/wp-content\/uploads\/2021\/09\/piazza-duomo-alba-langhe_4711-80x80.jpg 80w, https:\/\/www.bellitalie.org\/wp-content\/uploads\/2021\/09\/piazza-duomo-alba-langhe_4711-75x75.jpg 75w\" sizes=\"(max-width: 150px) 100vw, 150px\" \/><\/a><div class=\"lcp_excerpt\">\nCapitale delle Langhe, Alba fu un potente insediamento romano, oggi una piccola citt\u00e0 che \u00e8 ...<\/div><\/li><li><a href=\"https:\/\/www.bellitalie.org\/it\/destinazione\/piemonte\/asti\/\">Asti<\/a><a href=\"https:\/\/www.bellitalie.org\/it\/destinazione\/piemonte\/asti\/\" title=\"Asti\"><img width=\"150\" height=\"150\" src=\"https:\/\/www.bellitalie.org\/wp-content\/uploads\/2021\/09\/asti_7883-150x150.jpg\" class=\"lcp_thumbnail wp-post-image\" alt=\"Asti\" loading=\"lazy\" srcset=\"https:\/\/www.bellitalie.org\/wp-content\/uploads\/2021\/09\/asti_7883-150x150.jpg 150w, https:\/\/www.bellitalie.org\/wp-content\/uploads\/2021\/09\/asti_7883-50x50.jpg 50w, https:\/\/www.bellitalie.org\/wp-content\/uploads\/2021\/09\/asti_7883-80x80.jpg 80w, https:\/\/www.bellitalie.org\/wp-content\/uploads\/2021\/09\/asti_7883-75x75.jpg 75w\" sizes=\"(max-width: 150px) 100vw, 150px\" \/><\/a><div class=\"lcp_excerpt\">\nAsti \u00e8 capoluogo dell&#8217;omonima provincia, in Piemonte, abitata nel 2021 da quasi 14.000 abitanti. Si ...<\/div><\/li><li><a href=\"https:\/\/www.bellitalie.org\/it\/destinazione\/piemonte\/cuneo-e-dintorni-2\/\">Cuneo e dintorni<\/a><a href=\"https:\/\/www.bellitalie.org\/it\/destinazione\/piemonte\/cuneo-e-dintorni-2\/\" title=\"Cuneo e dintorni\"><img width=\"150\" height=\"150\" src=\"https:\/\/www.bellitalie.org\/wp-content\/uploads\/2021\/07\/santuario-di-san-magno_0506-150x150.jpg\" class=\"lcp_thumbnail wp-post-image\" alt=\"Cuneo e dintorni\" loading=\"lazy\" srcset=\"https:\/\/www.bellitalie.org\/wp-content\/uploads\/2021\/07\/santuario-di-san-magno_0506-150x150.jpg 150w, https:\/\/www.bellitalie.org\/wp-content\/uploads\/2021\/07\/santuario-di-san-magno_0506-50x50.jpg 50w, https:\/\/www.bellitalie.org\/wp-content\/uploads\/2021\/07\/santuario-di-san-magno_0506-80x80.jpg 80w, https:\/\/www.bellitalie.org\/wp-content\/uploads\/2021\/07\/santuario-di-san-magno_0506-75x75.jpg 75w\" sizes=\"(max-width: 150px) 100vw, 150px\" \/><\/a><div class=\"lcp_excerpt\">Graziosa e accogliente citt\u00e0, Cuneo si trova ai piedi delle Alpi alla confluenza di due ...<\/div><\/li><li><a href=\"https:\/\/www.bellitalie.org\/it\/destinazione\/piemonte\/langhe\/\">Langhe<\/a><a href=\"https:\/\/www.bellitalie.org\/it\/destinazione\/piemonte\/langhe\/\" title=\"Langhe\"><img width=\"150\" height=\"150\" src=\"https:\/\/www.bellitalie.org\/wp-content\/uploads\/2023\/06\/vista-barolo-monteforte-d-alba_6285-150x150.jpg\" class=\"lcp_thumbnail wp-post-image\" alt=\"Langhe\" loading=\"lazy\" srcset=\"https:\/\/www.bellitalie.org\/wp-content\/uploads\/2023\/06\/vista-barolo-monteforte-d-alba_6285-150x150.jpg 150w, https:\/\/www.bellitalie.org\/wp-content\/uploads\/2023\/06\/vista-barolo-monteforte-d-alba_6285-50x50.jpg 50w, https:\/\/www.bellitalie.org\/wp-content\/uploads\/2023\/06\/vista-barolo-monteforte-d-alba_6285-80x80.jpg 80w, https:\/\/www.bellitalie.org\/wp-content\/uploads\/2023\/06\/vista-barolo-monteforte-d-alba_6285-75x75.jpg 75w\" sizes=\"(max-width: 150px) 100vw, 150px\" \/><\/a><div class=\"lcp_excerpt\">Il territorio delle Langhe \u00e8 una terra di vini elaborati, con le sue colline coperte ...<\/div><\/li><li><a href=\"https:\/\/www.bellitalie.org\/it\/destinazione\/piemonte\/monferrato-astigiano-e-basso\/\">Monferrata Astigiano e Basso Monferrato<\/a><a href=\"https:\/\/www.bellitalie.org\/it\/destinazione\/piemonte\/monferrato-astigiano-e-basso\/\" title=\"Monferrata Astigiano e Basso Monferrato\"><img width=\"150\" height=\"150\" src=\"https:\/\/www.bellitalie.org\/wp-content\/uploads\/2021\/10\/montiglio-monferrato_6351-150x150.jpg\" class=\"lcp_thumbnail wp-post-image\" alt=\"Monferrata Astigiano e Basso Monferrato\" loading=\"lazy\" srcset=\"https:\/\/www.bellitalie.org\/wp-content\/uploads\/2021\/10\/montiglio-monferrato_6351-150x150.jpg 150w, https:\/\/www.bellitalie.org\/wp-content\/uploads\/2021\/10\/montiglio-monferrato_6351-50x50.jpg 50w, https:\/\/www.bellitalie.org\/wp-content\/uploads\/2021\/10\/montiglio-monferrato_6351-80x80.jpg 80w, https:\/\/www.bellitalie.org\/wp-content\/uploads\/2021\/10\/montiglio-monferrato_6351-75x75.jpg 75w\" sizes=\"(max-width: 150px) 100vw, 150px\" \/><\/a><div class=\"lcp_excerpt\">Il Monferrato Astigiano e il Basso Monferrato a nord e ad ovest della provincia di ...<\/div><\/li><li><a href=\"https:\/\/www.bellitalie.org\/it\/destinazione\/piemonte\/roero-e-dintorni\">Roero e dintorni<\/a><a href=\"https:\/\/www.bellitalie.org\/it\/destinazione\/piemonte\/roero-e-dintorni\" title=\"Roero e dintorni\"><img width=\"150\" height=\"150\" src=\"https:\/\/www.bellitalie.org\/wp-content\/uploads\/2021\/03\/parco-giardini-della-rocca-bra_6201-150x150.jpg\" class=\"lcp_thumbnail wp-post-image\" alt=\"Roero e dintorni\" loading=\"lazy\" srcset=\"https:\/\/www.bellitalie.org\/wp-content\/uploads\/2021\/03\/parco-giardini-della-rocca-bra_6201-150x150.jpg 150w, https:\/\/www.bellitalie.org\/wp-content\/uploads\/2021\/03\/parco-giardini-della-rocca-bra_6201-50x50.jpg 50w, https:\/\/www.bellitalie.org\/wp-content\/uploads\/2021\/03\/parco-giardini-della-rocca-bra_6201-80x80.jpg 80w, https:\/\/www.bellitalie.org\/wp-content\/uploads\/2021\/03\/parco-giardini-della-rocca-bra_6201-75x75.jpg 75w\" sizes=\"(max-width: 150px) 100vw, 150px\" \/><\/a><div class=\"lcp_excerpt\">\nIl Roero \u00e8 con le Langhe e il Monferrato l&#8217;altra regione vinicola storica del Piemonte, ...<\/div><\/li><li><a href=\"https:\/\/www.bellitalie.org\/it\/destinazione\/piemonte\/domodossola-e-valli-ossolane\/\">Domodossola e Valli Ossolane<\/a><a href=\"https:\/\/www.bellitalie.org\/it\/destinazione\/piemonte\/domodossola-e-valli-ossolane\/\" title=\"Domodossola e Valli Ossolane\"><img width=\"150\" height=\"150\" src=\"https:\/\/www.bellitalie.org\/wp-content\/uploads\/2021\/09\/domodossola_1461-150x150.jpg\" class=\"lcp_thumbnail wp-post-image\" alt=\"Domodossola e Valli Ossolane\" loading=\"lazy\" srcset=\"https:\/\/www.bellitalie.org\/wp-content\/uploads\/2021\/09\/domodossola_1461-150x150.jpg 150w, https:\/\/www.bellitalie.org\/wp-content\/uploads\/2021\/09\/domodossola_1461-50x50.jpg 50w, https:\/\/www.bellitalie.org\/wp-content\/uploads\/2021\/09\/domodossola_1461-80x80.jpg 80w, https:\/\/www.bellitalie.org\/wp-content\/uploads\/2021\/09\/domodossola_1461-75x75.jpg 75w\" sizes=\"(max-width: 150px) 100vw, 150px\" \/><\/a><div class=\"lcp_excerpt\">\nValli Ossolane\nA nord-ovest del Lago Maggiore, le Valli Ossolane sono una bellissima piccola regione con ...<\/div><\/li><li><a href=\"https:\/\/www.bellitalie.org\/it\/destinazione\/piemonte\/la-valsesia\/\">La Valsesia<\/a><a href=\"https:\/\/www.bellitalie.org\/it\/destinazione\/piemonte\/la-valsesia\/\" title=\"La Valsesia\"><img width=\"150\" height=\"150\" src=\"https:\/\/www.bellitalie.org\/wp-content\/uploads\/2021\/08\/mont-sacre-de-varallo_6659-150x150.jpg\" class=\"lcp_thumbnail wp-post-image\" alt=\"La Valsesia\" loading=\"lazy\" srcset=\"https:\/\/www.bellitalie.org\/wp-content\/uploads\/2021\/08\/mont-sacre-de-varallo_6659-150x150.jpg 150w, https:\/\/www.bellitalie.org\/wp-content\/uploads\/2021\/08\/mont-sacre-de-varallo_6659-50x50.jpg 50w, https:\/\/www.bellitalie.org\/wp-content\/uploads\/2021\/08\/mont-sacre-de-varallo_6659-80x80.jpg 80w, https:\/\/www.bellitalie.org\/wp-content\/uploads\/2021\/08\/mont-sacre-de-varallo_6659-75x75.jpg 75w\" sizes=\"(max-width: 150px) 100vw, 150px\" \/><\/a><div class=\"lcp_excerpt\">\nMeno frequentata delle vicine valli alpine, la Valsesia ha tuttavia interessanti ricchezze naturali e culturali. ...<\/div><\/li><li><a href=\"https:\/\/www.bellitalie.org\/it\/destinazione\/piemonte\/saluzzo-e-dintorni\/\">Saluzzo e dintorni<\/a><a href=\"https:\/\/www.bellitalie.org\/it\/destinazione\/piemonte\/saluzzo-e-dintorni\/\" title=\"Saluzzo e dintorni\"><img width=\"150\" height=\"150\" src=\"https:\/\/www.bellitalie.org\/wp-content\/uploads\/2023\/06\/torre-civico-saluzzo_6222-150x150.jpg\" class=\"lcp_thumbnail wp-post-image\" alt=\"Saluzzo e dintorni\" loading=\"lazy\" srcset=\"https:\/\/www.bellitalie.org\/wp-content\/uploads\/2023\/06\/torre-civico-saluzzo_6222-150x150.jpg 150w, https:\/\/www.bellitalie.org\/wp-content\/uploads\/2023\/06\/torre-civico-saluzzo_6222-50x50.jpg 50w, https:\/\/www.bellitalie.org\/wp-content\/uploads\/2023\/06\/torre-civico-saluzzo_6222-80x80.jpg 80w, https:\/\/www.bellitalie.org\/wp-content\/uploads\/2023\/06\/torre-civico-saluzzo_6222-75x75.jpg 75w\" sizes=\"(max-width: 150px) 100vw, 150px\" \/><\/a><div class=\"lcp_excerpt\">\nAi piedi dei contrafforti alpini del Monviso, Saluzzo \u00e8 una picola citt\u00e0 di circa 17.000 ...<\/div><\/li><li><a href=\"https:\/\/www.bellitalie.org\/it\/destinazione\/piemonte\/val-di-susa\/susa\/\">Susa<\/a><a href=\"https:\/\/www.bellitalie.org\/it\/destinazione\/piemonte\/val-di-susa\/susa\/\" title=\"Susa\"><img width=\"150\" height=\"150\" src=\"https:\/\/www.bellitalie.org\/wp-content\/uploads\/2021\/09\/suse-italie_7843-150x150.jpg\" class=\"lcp_thumbnail wp-post-image\" alt=\"Susa\" loading=\"lazy\" srcset=\"https:\/\/www.bellitalie.org\/wp-content\/uploads\/2021\/09\/suse-italie_7843-150x150.jpg 150w, https:\/\/www.bellitalie.org\/wp-content\/uploads\/2021\/09\/suse-italie_7843-50x50.jpg 50w, https:\/\/www.bellitalie.org\/wp-content\/uploads\/2021\/09\/suse-italie_7843-80x80.jpg 80w, https:\/\/www.bellitalie.org\/wp-content\/uploads\/2021\/09\/suse-italie_7843-75x75.jpg 75w\" sizes=\"(max-width: 150px) 100vw, 150px\" \/><\/a><div class=\"lcp_excerpt\">\nSusa \u00e8 una piccola citt\u00e0 della Val di Susa, che conserva dalla sua lunga storia ...<\/div><\/li><li><a href=\"https:\/\/www.bellitalie.org\/it\/destinazione\/piemonte\/il-canavese-e-il-biellese-a-nord-di-torino\/#Sacro_Monte_di_Oropa\">Sacro Monte di Oropa<\/a><a href=\"https:\/\/www.bellitalie.org\/it\/destinazione\/piemonte\/il-canavese-e-il-biellese-a-nord-di-torino\/#Sacro_Monte_di_Oropa\" title=\"Sacro Monte di Oropa\"><img width=\"150\" height=\"150\" src=\"https:\/\/www.bellitalie.org\/wp-content\/uploads\/2023\/05\/monte-sacro-di-oropa_5680-150x150.jpg\" class=\"lcp_thumbnail wp-post-image\" alt=\"Sacro Monte di Oropa\" loading=\"lazy\" srcset=\"https:\/\/www.bellitalie.org\/wp-content\/uploads\/2023\/05\/monte-sacro-di-oropa_5680-150x150.jpg 150w, https:\/\/www.bellitalie.org\/wp-content\/uploads\/2023\/05\/monte-sacro-di-oropa_5680-50x50.jpg 50w, https:\/\/www.bellitalie.org\/wp-content\/uploads\/2023\/05\/monte-sacro-di-oropa_5680-80x80.jpg 80w, https:\/\/www.bellitalie.org\/wp-content\/uploads\/2023\/05\/monte-sacro-di-oropa_5680-75x75.jpg 75w\" sizes=\"(max-width: 150px) 100vw, 150px\" \/><\/a><div class=\"lcp_excerpt\">Il pi\u00f9 famoso e grandioso dei Sacri Monti si trova sul Monte di Oropa, al ...<\/div><\/li><li><a href=\"https:\/\/www.bellitalie.org\/it\/destinazione\/piemonte\/val-di-susa\/usseaux-e-forte-di-fenestrelle\/\">Usseaux e Forte di Fenestrelle<\/a><a href=\"https:\/\/www.bellitalie.org\/it\/destinazione\/piemonte\/val-di-susa\/usseaux-e-forte-di-fenestrelle\/\" title=\"Usseaux e Forte di Fenestrelle\"><img width=\"150\" height=\"150\" src=\"https:\/\/www.bellitalie.org\/wp-content\/uploads\/2024\/04\/forteresse-de-fenestrelle-piemont_4684-150x150.jpg\" class=\"lcp_thumbnail wp-post-image\" alt=\"Usseaux e Forte di Fenestrelle\" loading=\"lazy\" srcset=\"https:\/\/www.bellitalie.org\/wp-content\/uploads\/2024\/04\/forteresse-de-fenestrelle-piemont_4684-150x150.jpg 150w, https:\/\/www.bellitalie.org\/wp-content\/uploads\/2024\/04\/forteresse-de-fenestrelle-piemont_4684-50x50.jpg 50w, https:\/\/www.bellitalie.org\/wp-content\/uploads\/2024\/04\/forteresse-de-fenestrelle-piemont_4684-80x80.jpg 80w, https:\/\/www.bellitalie.org\/wp-content\/uploads\/2024\/04\/forteresse-de-fenestrelle-piemont_4684-75x75.jpg 75w\" sizes=\"(max-width: 150px) 100vw, 150px\" \/><\/a><div class=\"lcp_excerpt\">\nIl Val Chisone \u00e8 a sud del Val di Susa, a est della stazione sciistica ...<\/div><\/li><li><a href=\"https:\/\/www.bellitalie.org\/it\/destinazione\/piemonte\/casale-monferrato\/\">Casale Monferrato<\/a><a href=\"https:\/\/www.bellitalie.org\/it\/destinazione\/piemonte\/casale-monferrato\/\" title=\"Casale Monferrato\"><img width=\"150\" height=\"150\" src=\"https:\/\/www.bellitalie.org\/wp-content\/uploads\/2023\/06\/casale-monferrato_6570-150x150.jpg\" class=\"lcp_thumbnail wp-post-image\" alt=\"Casale Monferrato\" loading=\"lazy\" srcset=\"https:\/\/www.bellitalie.org\/wp-content\/uploads\/2023\/06\/casale-monferrato_6570-150x150.jpg 150w, https:\/\/www.bellitalie.org\/wp-content\/uploads\/2023\/06\/casale-monferrato_6570-50x50.jpg 50w, https:\/\/www.bellitalie.org\/wp-content\/uploads\/2023\/06\/casale-monferrato_6570-80x80.jpg 80w, https:\/\/www.bellitalie.org\/wp-content\/uploads\/2023\/06\/casale-monferrato_6570-75x75.jpg 75w\" sizes=\"(max-width: 150px) 100vw, 150px\" \/><\/a><div class=\"lcp_excerpt\">\nRisalente all&#8217;antichit\u00e0 romana, Casale Monferrato \u00e8 una graziosa e tranquilla cittadina con belle chiese, portici, ...<\/div><\/li><li class=\"current\"><a href=\"https:\/\/www.bellitalie.org\/it\/destinazione\/piemonte\/vercelli\/\">Vercelli<\/a><a href=\"https:\/\/www.bellitalie.org\/it\/destinazione\/piemonte\/vercelli\/\" title=\"Vercelli\"><img width=\"150\" height=\"150\" src=\"https:\/\/www.bellitalie.org\/wp-content\/uploads\/2023\/06\/piazza-cavour-vercelli_6436-150x150.jpg\" class=\"lcp_thumbnail wp-post-image\" alt=\"Vercelli\" loading=\"lazy\" srcset=\"https:\/\/www.bellitalie.org\/wp-content\/uploads\/2023\/06\/piazza-cavour-vercelli_6436-150x150.jpg 150w, https:\/\/www.bellitalie.org\/wp-content\/uploads\/2023\/06\/piazza-cavour-vercelli_6436-50x50.jpg 50w, https:\/\/www.bellitalie.org\/wp-content\/uploads\/2023\/06\/piazza-cavour-vercelli_6436-80x80.jpg 80w, https:\/\/www.bellitalie.org\/wp-content\/uploads\/2023\/06\/piazza-cavour-vercelli_6436-75x75.jpg 75w\" sizes=\"(max-width: 150px) 100vw, 150px\" \/><\/a><div class=\"lcp_excerpt\">\nVercelli non \u00e8 la citt\u00e0 pi\u00f9 conosciuta della regione, di cui gli italiani stessi non ...<\/div><\/li><li><a href=\"https:\/\/www.bellitalie.org\/it\/destinazione\/piemonte\/il-canavese-e-il-biellese-a-nord-di-torino\/\">Ivrea, il Canavese ed il Biellese<\/a><a href=\"https:\/\/www.bellitalie.org\/it\/destinazione\/piemonte\/il-canavese-e-il-biellese-a-nord-di-torino\/\" title=\"Ivrea, il Canavese ed il Biellese\"><img width=\"150\" height=\"150\" src=\"https:\/\/www.bellitalie.org\/wp-content\/uploads\/2021\/11\/castello-ducale-di-aglie_5367-150x150.jpg\" class=\"lcp_thumbnail wp-post-image\" alt=\"Ivrea, il Canavese ed il Biellese\" loading=\"lazy\" srcset=\"https:\/\/www.bellitalie.org\/wp-content\/uploads\/2021\/11\/castello-ducale-di-aglie_5367-150x150.jpg 150w, https:\/\/www.bellitalie.org\/wp-content\/uploads\/2021\/11\/castello-ducale-di-aglie_5367-50x50.jpg 50w, https:\/\/www.bellitalie.org\/wp-content\/uploads\/2021\/11\/castello-ducale-di-aglie_5367-80x80.jpg 80w, https:\/\/www.bellitalie.org\/wp-content\/uploads\/2021\/11\/castello-ducale-di-aglie_5367-75x75.jpg 75w\" sizes=\"(max-width: 150px) 100vw, 150px\" \/><\/a><div class=\"lcp_excerpt\">Il Canavese ha come capitale Ivrea, nelle colline prealpine a nord di Torino, e il ...<\/div><\/li><li><a href=\"https:\/\/www.bellitalie.org\/it\/destinazione\/piemonte\/novara\/\">Novara<\/a><a href=\"https:\/\/www.bellitalie.org\/it\/destinazione\/piemonte\/novara\/\" title=\"Novara\"><img width=\"150\" height=\"150\" src=\"https:\/\/www.bellitalie.org\/wp-content\/uploads\/2023\/06\/cupola-di-san-gaudenzio-novara_6622-1-150x150.jpg\" class=\"lcp_thumbnail wp-post-image\" alt=\"Novara\" loading=\"lazy\" srcset=\"https:\/\/www.bellitalie.org\/wp-content\/uploads\/2023\/06\/cupola-di-san-gaudenzio-novara_6622-1-150x150.jpg 150w, https:\/\/www.bellitalie.org\/wp-content\/uploads\/2023\/06\/cupola-di-san-gaudenzio-novara_6622-1-50x50.jpg 50w, https:\/\/www.bellitalie.org\/wp-content\/uploads\/2023\/06\/cupola-di-san-gaudenzio-novara_6622-1-80x80.jpg 80w, https:\/\/www.bellitalie.org\/wp-content\/uploads\/2023\/06\/cupola-di-san-gaudenzio-novara_6622-1-75x75.jpg 75w\" sizes=\"(max-width: 150px) 100vw, 150px\" \/><\/a><div class=\"lcp_excerpt\">\nA est del Piemonte e a sud del Lago Maggiore, Novara \u00e8 la seconda citt\u00e0 ...<\/div><\/li><\/ul>\n<\/div>\n\n\n\n<div class=\"wp-container-12 wp-block-column\"><\/div>\n<\/div>\n","protected":false},"excerpt":{"rendered":"<p>Vercelli non \u00e8 la citt\u00e0 pi\u00f9 conosciuta della regione, di cui gli italiani stessi non hanno grande considerazione, eppure racchiude come altre citt\u00e0 un po&#8217; anonime attrattive incontestabili.Situata sulla via Francigena, fu sede di un&#8217;importante arcidiocesi, che conobbe la costruzione di chiese in particolare tra il XVI e il XVIII secolo, passata sotto il controllo [&hellip;]<\/p>\n","protected":false},"author":1,"featured_media":16819,"parent":24694,"menu_order":0,"comment_status":"open","ping_status":"closed","template":"","format":"standard","meta":{"_links_to":"","_links_to_target":""},"tags":[],"categorie_page":[113],"region_italie":[88],"acf":[],"yoast_head":"<!-- This site is optimized with the Yoast SEO plugin v17.5 - https:\/\/yoast.com\/wordpress\/plugins\/seo\/ -->\n<title>Vercelli - Bellitalie<\/title>\n<meta name=\"description\" content=\"Turismo a Vercelli, citt\u00e0 piemontese conosciuta per le sue risaie, che conserva torri medievali o l\u2019attraente Basilica di Sant&#039;Andrea\" \/>\n<meta name=\"robots\" content=\"index, follow, max-snippet:-1, max-image-preview:large, max-video-preview:-1\" \/>\n<link rel=\"canonical\" href=\"https:\/\/www.bellitalie.org\/it\/destinazione\/piemonte\/vercelli\/\" \/>\n<meta property=\"og:locale\" content=\"it_IT\" \/>\n<meta property=\"og:type\" content=\"article\" \/>\n<meta property=\"og:title\" content=\"Vercelli - Bellitalie\" \/>\n<meta property=\"og:description\" content=\"Turismo a Vercelli, citt\u00e0 piemontese conosciuta per le sue risaie, che conserva torri medievali o l\u2019attraente Basilica di Sant&#039;Andrea\" \/>\n<meta property=\"og:url\" content=\"https:\/\/www.bellitalie.org\/it\/destinazione\/piemonte\/vercelli\/\" \/>\n<meta property=\"og:site_name\" content=\"Bellitalie\" \/>\n<meta property=\"article:modified_time\" content=\"2023-10-08T08:14:55+00:00\" \/>\n<meta property=\"og:image\" content=\"https:\/\/www.bellitalie.org\/wp-content\/uploads\/2023\/06\/piazza-cavour-vercelli_6436.jpg\" \/>\n\t<meta property=\"og:image:width\" content=\"1200\" \/>\n\t<meta property=\"og:image:height\" content=\"800\" \/>\n<meta name=\"twitter:card\" content=\"summary_large_image\" \/>\n<meta name=\"twitter:label1\" content=\"Tempo di lettura stimato\" \/>\n\t<meta name=\"twitter:data1\" content=\"10 minuti\" \/>\n<script type=\"application\/ld+json\" class=\"yoast-schema-graph\">{\"@context\":\"https:\/\/schema.org\",\"@graph\":[{\"@type\":\"WebSite\",\"@id\":\"https:\/\/www.bellitalie.org\/#website\",\"url\":\"https:\/\/www.bellitalie.org\/\",\"name\":\"Bellitalie\",\"description\":\"Regioni, citt\\u00e0 e patrimonio dell'Italia da nord a sud\",\"potentialAction\":[{\"@type\":\"SearchAction\",\"target\":{\"@type\":\"EntryPoint\",\"urlTemplate\":\"https:\/\/www.bellitalie.org\/?s={search_term_string}\"},\"query-input\":\"required name=search_term_string\"}],\"inLanguage\":\"it-IT\"},{\"@type\":\"ImageObject\",\"@id\":\"https:\/\/www.bellitalie.org\/it\/destinazione\/piemonte\/vercelli\/#primaryimage\",\"inLanguage\":\"it-IT\",\"url\":\"https:\/\/www.bellitalie.org\/wp-content\/uploads\/2023\/06\/piazza-cavour-vercelli_6436.jpg\",\"contentUrl\":\"https:\/\/www.bellitalie.org\/wp-content\/uploads\/2023\/06\/piazza-cavour-vercelli_6436.jpg\",\"width\":1200,\"height\":800,\"caption\":\"foto piazza cavour vercelli_6436\"},{\"@type\":\"WebPage\",\"@id\":\"https:\/\/www.bellitalie.org\/it\/destinazione\/piemonte\/vercelli\/#webpage\",\"url\":\"https:\/\/www.bellitalie.org\/it\/destinazione\/piemonte\/vercelli\/\",\"name\":\"Vercelli - Bellitalie\",\"isPartOf\":{\"@id\":\"https:\/\/www.bellitalie.org\/#website\"},\"primaryImageOfPage\":{\"@id\":\"https:\/\/www.bellitalie.org\/it\/destinazione\/piemonte\/vercelli\/#primaryimage\"},\"datePublished\":\"2021-05-09T09:03:00+00:00\",\"dateModified\":\"2023-10-08T08:14:55+00:00\",\"description\":\"Turismo a Vercelli, citt\\u00e0 piemontese conosciuta per le sue risaie, che conserva torri medievali o l\\u2019attraente Basilica di Sant'Andrea\",\"breadcrumb\":{\"@id\":\"https:\/\/www.bellitalie.org\/it\/destinazione\/piemonte\/vercelli\/#breadcrumb\"},\"inLanguage\":\"it-IT\",\"potentialAction\":[{\"@type\":\"ReadAction\",\"target\":[\"https:\/\/www.bellitalie.org\/it\/destinazione\/piemonte\/vercelli\/\"]}]},{\"@type\":\"BreadcrumbList\",\"@id\":\"https:\/\/www.bellitalie.org\/it\/destinazione\/piemonte\/vercelli\/#breadcrumb\",\"itemListElement\":[{\"@type\":\"ListItem\",\"position\":1,\"name\":\"Accueil\",\"item\":\"https:\/\/www.bellitalie.org\/it\/\"},{\"@type\":\"ListItem\",\"position\":2,\"name\":\"Piemonte\",\"item\":\"https:\/\/www.bellitalie.org\/it\/destinazione\/piemonte\/\"},{\"@type\":\"ListItem\",\"position\":3,\"name\":\"Vercelli\"}]},{\"@type\":\"Person\",\"@id\":\"https:\/\/www.bellitalie.org\/#\/schema\/person\/6f25c64f0b5df6df0b93a2be44045da5\",\"name\":\"Bellitalie\",\"image\":{\"@type\":\"ImageObject\",\"@id\":\"https:\/\/www.bellitalie.org\/#personlogo\",\"inLanguage\":\"it-IT\",\"url\":\"https:\/\/secure.gravatar.com\/avatar\/ad516503a11cd5ca435acc9bb6523536?s=96\",\"contentUrl\":\"https:\/\/secure.gravatar.com\/avatar\/ad516503a11cd5ca435acc9bb6523536?s=96\",\"caption\":\"Bellitalie\"},\"sameAs\":[\"https:\/\/www.bellitalie.org\"]}]}<\/script>\n<!-- \/ Yoast SEO plugin. -->","yoast_head_json":{"title":"Vercelli - Bellitalie","description":"Turismo a Vercelli, citt\u00e0 piemontese conosciuta per le sue risaie, che conserva torri medievali o l\u2019attraente Basilica di Sant'Andrea","robots":{"index":"index","follow":"follow","max-snippet":"max-snippet:-1","max-image-preview":"max-image-preview:large","max-video-preview":"max-video-preview:-1"},"canonical":"https:\/\/www.bellitalie.org\/it\/destinazione\/piemonte\/vercelli\/","og_locale":"it_IT","og_type":"article","og_title":"Vercelli - Bellitalie","og_description":"Turismo a Vercelli, citt\u00e0 piemontese conosciuta per le sue risaie, che conserva torri medievali o l\u2019attraente Basilica di Sant'Andrea","og_url":"https:\/\/www.bellitalie.org\/it\/destinazione\/piemonte\/vercelli\/","og_site_name":"Bellitalie","article_modified_time":"2023-10-08T08:14:55+00:00","og_image":[{"width":1200,"height":800,"url":"https:\/\/www.bellitalie.org\/wp-content\/uploads\/2023\/06\/piazza-cavour-vercelli_6436.jpg","type":"image\/jpeg"}],"twitter_card":"summary_large_image","twitter_misc":{"Tempo di lettura stimato":"10 minuti"},"schema":{"@context":"https:\/\/schema.org","@graph":[{"@type":"WebSite","@id":"https:\/\/www.bellitalie.org\/#website","url":"https:\/\/www.bellitalie.org\/","name":"Bellitalie","description":"Regioni, citt\u00e0 e patrimonio dell'Italia da nord a sud","potentialAction":[{"@type":"SearchAction","target":{"@type":"EntryPoint","urlTemplate":"https:\/\/www.bellitalie.org\/?s={search_term_string}"},"query-input":"required name=search_term_string"}],"inLanguage":"it-IT"},{"@type":"ImageObject","@id":"https:\/\/www.bellitalie.org\/it\/destinazione\/piemonte\/vercelli\/#primaryimage","inLanguage":"it-IT","url":"https:\/\/www.bellitalie.org\/wp-content\/uploads\/2023\/06\/piazza-cavour-vercelli_6436.jpg","contentUrl":"https:\/\/www.bellitalie.org\/wp-content\/uploads\/2023\/06\/piazza-cavour-vercelli_6436.jpg","width":1200,"height":800,"caption":"foto piazza cavour vercelli_6436"},{"@type":"WebPage","@id":"https:\/\/www.bellitalie.org\/it\/destinazione\/piemonte\/vercelli\/#webpage","url":"https:\/\/www.bellitalie.org\/it\/destinazione\/piemonte\/vercelli\/","name":"Vercelli - Bellitalie","isPartOf":{"@id":"https:\/\/www.bellitalie.org\/#website"},"primaryImageOfPage":{"@id":"https:\/\/www.bellitalie.org\/it\/destinazione\/piemonte\/vercelli\/#primaryimage"},"datePublished":"2021-05-09T09:03:00+00:00","dateModified":"2023-10-08T08:14:55+00:00","description":"Turismo a Vercelli, citt\u00e0 piemontese conosciuta per le sue risaie, che conserva torri medievali o l\u2019attraente Basilica di Sant'Andrea","breadcrumb":{"@id":"https:\/\/www.bellitalie.org\/it\/destinazione\/piemonte\/vercelli\/#breadcrumb"},"inLanguage":"it-IT","potentialAction":[{"@type":"ReadAction","target":["https:\/\/www.bellitalie.org\/it\/destinazione\/piemonte\/vercelli\/"]}]},{"@type":"BreadcrumbList","@id":"https:\/\/www.bellitalie.org\/it\/destinazione\/piemonte\/vercelli\/#breadcrumb","itemListElement":[{"@type":"ListItem","position":1,"name":"Accueil","item":"https:\/\/www.bellitalie.org\/it\/"},{"@type":"ListItem","position":2,"name":"Piemonte","item":"https:\/\/www.bellitalie.org\/it\/destinazione\/piemonte\/"},{"@type":"ListItem","position":3,"name":"Vercelli"}]},{"@type":"Person","@id":"https:\/\/www.bellitalie.org\/#\/schema\/person\/6f25c64f0b5df6df0b93a2be44045da5","name":"Bellitalie","image":{"@type":"ImageObject","@id":"https:\/\/www.bellitalie.org\/#personlogo","inLanguage":"it-IT","url":"https:\/\/secure.gravatar.com\/avatar\/ad516503a11cd5ca435acc9bb6523536?s=96","contentUrl":"https:\/\/secure.gravatar.com\/avatar\/ad516503a11cd5ca435acc9bb6523536?s=96","caption":"Bellitalie"},"sameAs":["https:\/\/www.bellitalie.org"]}]}},"_links":{"self":[{"href":"https:\/\/www.bellitalie.org\/it\/wp-json\/wp\/v2\/destination\/25270"}],"collection":[{"href":"https:\/\/www.bellitalie.org\/it\/wp-json\/wp\/v2\/destination"}],"about":[{"href":"https:\/\/www.bellitalie.org\/it\/wp-json\/wp\/v2\/types\/destination"}],"author":[{"embeddable":true,"href":"https:\/\/www.bellitalie.org\/it\/wp-json\/wp\/v2\/users\/1"}],"replies":[{"embeddable":true,"href":"https:\/\/www.bellitalie.org\/it\/wp-json\/wp\/v2\/comments?post=25270"}],"version-history":[{"count":2,"href":"https:\/\/www.bellitalie.org\/it\/wp-json\/wp\/v2\/destination\/25270\/revisions"}],"predecessor-version":[{"id":25273,"href":"https:\/\/www.bellitalie.org\/it\/wp-json\/wp\/v2\/destination\/25270\/revisions\/25273"}],"up":[{"embeddable":true,"href":"https:\/\/www.bellitalie.org\/it\/wp-json\/wp\/v2\/destination\/24694"}],"wp:featuredmedia":[{"embeddable":true,"href":"https:\/\/www.bellitalie.org\/it\/wp-json\/wp\/v2\/media\/16819"}],"wp:attachment":[{"href":"https:\/\/www.bellitalie.org\/it\/wp-json\/wp\/v2\/media?parent=25270"}],"wp:term":[{"taxonomy":"post_tag","embeddable":true,"href":"https:\/\/www.bellitalie.org\/it\/wp-json\/wp\/v2\/tags?post=25270"},{"taxonomy":"categorie_page","embeddable":true,"href":"https:\/\/www.bellitalie.org\/it\/wp-json\/wp\/v2\/categorie_page?post=25270"},{"taxonomy":"region_italie","embeddable":true,"href":"https:\/\/www.bellitalie.org\/it\/wp-json\/wp\/v2\/region_italie?post=25270"}],"curies":[{"name":"wp","href":"https:\/\/api.w.org\/{rel}","templated":true}]}}