{"id":25369,"date":"2021-09-30T23:54:00","date_gmt":"2021-09-30T21:54:00","guid":{"rendered":"https:\/\/www.bellitalie.org\/destination\/piemonte\/torino\/palais-royal-et-musees-royaux-de-turin\/"},"modified":"2023-10-10T11:17:23","modified_gmt":"2023-10-10T09:17:23","slug":"palazzo-e-musei-reali-di-torino","status":"publish","type":"destination","link":"https:\/\/www.bellitalie.org\/it\/destinazione\/piemonte\/torino\/palazzo-e-musei-reali-di-torino\/","title":{"rendered":"Palazzo e Musei Reali di Torino"},"content":{"rendered":"\n<p>Il sontuoso <strong>Palazzo Reale di Torino<\/strong>, residenza sabauda, \u00e8 oggi integrato nei <strong>Musei Reali<\/strong>. Questi ultimi danno anche accesso alla <strong>Cappella della Sindone<\/strong> di Guarini, all&#8217;Armeria Reale, alla Biblioteca Reale, al Museo dell&#8217;Antichit\u00e0, alla Pinacoteca della Galleria Sabauda e ai giardini.<\/p>\n<h2>Palazzo Reale di Torino<\/h2>\n<p>Il Palazzo Reale \u00e8 uno degli edifici pi\u00f9 importanti di Torino, una delle residenze storiche della famiglia reale sabauda fino al 1865. Conserva testimonianze dei fasti passati, quando era frequentato da nobili, re e ambasciatori. Il suo stile ostentato ricorda Versailles, con la sala del trono, le sale da pranzo, sala da ballo, arazzi, ecc.<\/p>\n<p>Nel 1563 Torino divenne capitale del Ducato di Savoia, e poco dopo nel 1584 Emanuele Filiberto di Savoia affid\u00f2 ad Ascanio Vitozzi la costruzione di un nuovo palazzo, alla morte del quale subentr\u00f2 l&#8217;architetto Amedeo di Castellamonte.<br>Nel corso del tempo, gli architetti reali si sono succeduti per abbellirlo, ingrandirlo e decorarlo.<br>Con il trasferimento della capitale italiana da Torino a Firenze nel 1864, prima di Roma, il palazzo perse gradualmente il suo ruolo di residenza poi divenne propriet\u00e0 dello Stato con la Repubblica italiana nel 1946.<\/p>\n\n\n<figure class=\"wp-container-2 wp-block-gallery-1 wp-block-gallery has-nested-images columns-5 is-cropped\">\n<figure class=\"wp-block-image size-medium\"><a href=\"https:\/\/www.bellitalie.org\/wp-content\/uploads\/2021\/09\/palazzo-reale-torino_7953.jpg\"><img loading=\"lazy\" width=\"300\" height=\"200\" data-id=\"1675\"  src=\"https:\/\/www.bellitalie.org\/wp-content\/uploads\/2021\/09\/palazzo-reale-torino_7953-300x200.jpg\" alt=\"Palais Royal, Turin\" class=\"wp-image-1675\" srcset=\"https:\/\/www.bellitalie.org\/wp-content\/uploads\/2021\/09\/palazzo-reale-torino_7953-300x200.jpg 300w, https:\/\/www.bellitalie.org\/wp-content\/uploads\/2021\/09\/palazzo-reale-torino_7953-1024x683.jpg 1024w, https:\/\/www.bellitalie.org\/wp-content\/uploads\/2021\/09\/palazzo-reale-torino_7953-768x512.jpg 768w, https:\/\/www.bellitalie.org\/wp-content\/uploads\/2021\/09\/palazzo-reale-torino_7953.jpg 1200w\" sizes=\"(max-width: 300px) 100vw, 300px\" \/><\/a><figcaption>Fasciata principale<\/figcaption><\/figure>\n\n\n\n<figure class=\"wp-block-image size-medium\"><a href=\"https:\/\/www.bellitalie.org\/wp-content\/uploads\/2021\/09\/escalier-d-honneur-palais-royal-turin_5764.jpg\"><img loading=\"lazy\" width=\"200\" height=\"300\" data-id=\"15417\"  src=\"https:\/\/www.bellitalie.org\/wp-content\/uploads\/2021\/09\/escalier-d-honneur-palais-royal-turin_5764-200x300.jpg\" alt=\"escalier-d-honneur-palais-royal-turin_5764\" class=\"wp-image-15417\" srcset=\"https:\/\/www.bellitalie.org\/wp-content\/uploads\/2021\/09\/escalier-d-honneur-palais-royal-turin_5764-200x300.jpg 200w, https:\/\/www.bellitalie.org\/wp-content\/uploads\/2021\/09\/escalier-d-honneur-palais-royal-turin_5764-683x1024.jpg 683w, https:\/\/www.bellitalie.org\/wp-content\/uploads\/2021\/09\/escalier-d-honneur-palais-royal-turin_5764-768x1152.jpg 768w, https:\/\/www.bellitalie.org\/wp-content\/uploads\/2021\/09\/escalier-d-honneur-palais-royal-turin_5764.jpg 800w\" sizes=\"(max-width: 200px) 100vw, 200px\" \/><\/a><figcaption>Scalone d&#8217;onore<\/figcaption><\/figure>\n\n\n\n<figure class=\"wp-block-image size-medium\"><a href=\"https:\/\/www.bellitalie.org\/wp-content\/uploads\/2021\/09\/salone-della-guardia-svizzera-palazzo-reale-torino_5767.jpg\"><img loading=\"lazy\" width=\"300\" height=\"200\" data-id=\"15453\"  src=\"https:\/\/www.bellitalie.org\/wp-content\/uploads\/2021\/09\/salone-della-guardia-svizzera-palazzo-reale-torino_5767-300x200.jpg\" alt=\"salone-della-guardia-svizzera-palazzo-reale-torino_5767\" class=\"wp-image-15453\" srcset=\"https:\/\/www.bellitalie.org\/wp-content\/uploads\/2021\/09\/salone-della-guardia-svizzera-palazzo-reale-torino_5767-300x200.jpg 300w, https:\/\/www.bellitalie.org\/wp-content\/uploads\/2021\/09\/salone-della-guardia-svizzera-palazzo-reale-torino_5767-1024x683.jpg 1024w, https:\/\/www.bellitalie.org\/wp-content\/uploads\/2021\/09\/salone-della-guardia-svizzera-palazzo-reale-torino_5767-768x512.jpg 768w, https:\/\/www.bellitalie.org\/wp-content\/uploads\/2021\/09\/salone-della-guardia-svizzera-palazzo-reale-torino_5767.jpg 1200w\" sizes=\"(max-width: 300px) 100vw, 300px\" \/><\/a><figcaption>Salone della Guardia Svizzera<\/figcaption><\/figure>\n\n\n\n<figure class=\"wp-block-image size-medium\"><a href=\"https:\/\/www.bellitalie.org\/wp-content\/uploads\/2021\/09\/salle-de-la-garde-suisse-palais-royal-turin_5768.jpg\"><img loading=\"lazy\" width=\"200\" height=\"300\" data-id=\"15447\"  src=\"https:\/\/www.bellitalie.org\/wp-content\/uploads\/2021\/09\/salle-de-la-garde-suisse-palais-royal-turin_5768-200x300.jpg\" alt=\"salle-de-la-garde-suisse-palais-royal-turin_5768\" class=\"wp-image-15447\" srcset=\"https:\/\/www.bellitalie.org\/wp-content\/uploads\/2021\/09\/salle-de-la-garde-suisse-palais-royal-turin_5768-200x300.jpg 200w, https:\/\/www.bellitalie.org\/wp-content\/uploads\/2021\/09\/salle-de-la-garde-suisse-palais-royal-turin_5768-683x1024.jpg 683w, https:\/\/www.bellitalie.org\/wp-content\/uploads\/2021\/09\/salle-de-la-garde-suisse-palais-royal-turin_5768-768x1152.jpg 768w, https:\/\/www.bellitalie.org\/wp-content\/uploads\/2021\/09\/salle-de-la-garde-suisse-palais-royal-turin_5768.jpg 800w\" sizes=\"(max-width: 200px) 100vw, 200px\" \/><\/a><figcaption>Salone della Guardia Svizzera<\/figcaption><\/figure>\n\n\n\n<figure class=\"wp-block-image size-medium\"><a href=\"https:\/\/www.bellitalie.org\/wp-content\/uploads\/2021\/09\/sala-delle-udienze-private-palazzo-reale-torino_5780.jpg\"><img loading=\"lazy\" width=\"200\" height=\"300\" data-id=\"15441\"  src=\"https:\/\/www.bellitalie.org\/wp-content\/uploads\/2021\/09\/sala-delle-udienze-private-palazzo-reale-torino_5780-200x300.jpg\" alt=\"sala-delle-udienze-private-palazzo-reale-torino_5780\" class=\"wp-image-15441\" srcset=\"https:\/\/www.bellitalie.org\/wp-content\/uploads\/2021\/09\/sala-delle-udienze-private-palazzo-reale-torino_5780-200x300.jpg 200w, https:\/\/www.bellitalie.org\/wp-content\/uploads\/2021\/09\/sala-delle-udienze-private-palazzo-reale-torino_5780-683x1024.jpg 683w, https:\/\/www.bellitalie.org\/wp-content\/uploads\/2021\/09\/sala-delle-udienze-private-palazzo-reale-torino_5780-768x1152.jpg 768w, https:\/\/www.bellitalie.org\/wp-content\/uploads\/2021\/09\/sala-delle-udienze-private-palazzo-reale-torino_5780.jpg 800w\" sizes=\"(max-width: 200px) 100vw, 200px\" \/><\/a><figcaption>Sala delle Udienze<\/figcaption><\/figure>\n\n\n\n<figure class=\"wp-block-image size-medium\"><a href=\"https:\/\/www.bellitalie.org\/wp-content\/uploads\/2021\/09\/sala-del-consiglio-palazzo-reale-torino_5785.jpg\"><img loading=\"lazy\" width=\"200\" height=\"300\" data-id=\"15435\"  src=\"https:\/\/www.bellitalie.org\/wp-content\/uploads\/2021\/09\/sala-del-consiglio-palazzo-reale-torino_5785-200x300.jpg\" alt=\"sala-del-consiglio-palazzo-reale-torino_5785\" class=\"wp-image-15435\" srcset=\"https:\/\/www.bellitalie.org\/wp-content\/uploads\/2021\/09\/sala-del-consiglio-palazzo-reale-torino_5785-200x300.jpg 200w, https:\/\/www.bellitalie.org\/wp-content\/uploads\/2021\/09\/sala-del-consiglio-palazzo-reale-torino_5785-683x1024.jpg 683w, https:\/\/www.bellitalie.org\/wp-content\/uploads\/2021\/09\/sala-del-consiglio-palazzo-reale-torino_5785-768x1152.jpg 768w, https:\/\/www.bellitalie.org\/wp-content\/uploads\/2021\/09\/sala-del-consiglio-palazzo-reale-torino_5785.jpg 800w\" sizes=\"(max-width: 200px) 100vw, 200px\" \/><\/a><figcaption>Sala del Consiglio<\/figcaption><\/figure>\n\n\n\n<figure class=\"wp-block-image size-medium\"><a href=\"https:\/\/www.bellitalie.org\/wp-content\/uploads\/2021\/09\/sala-del-trono-palazzo-reale-torino_5778.jpg\"><img loading=\"lazy\" width=\"300\" height=\"200\" data-id=\"15444\"  src=\"https:\/\/www.bellitalie.org\/wp-content\/uploads\/2021\/09\/sala-del-trono-palazzo-reale-torino_5778-300x200.jpg\" alt=\"sala-del-trono-palazzo-reale-torino_5778\" class=\"wp-image-15444\" srcset=\"https:\/\/www.bellitalie.org\/wp-content\/uploads\/2021\/09\/sala-del-trono-palazzo-reale-torino_5778-300x200.jpg 300w, https:\/\/www.bellitalie.org\/wp-content\/uploads\/2021\/09\/sala-del-trono-palazzo-reale-torino_5778-1024x683.jpg 1024w, https:\/\/www.bellitalie.org\/wp-content\/uploads\/2021\/09\/sala-del-trono-palazzo-reale-torino_5778-768x512.jpg 768w, https:\/\/www.bellitalie.org\/wp-content\/uploads\/2021\/09\/sala-del-trono-palazzo-reale-torino_5778.jpg 1200w\" sizes=\"(max-width: 300px) 100vw, 300px\" \/><\/a><figcaption>Sala del Trono<\/figcaption><\/figure>\n\n\n\n<figure class=\"wp-block-image size-medium\"><a href=\"https:\/\/www.bellitalie.org\/wp-content\/uploads\/2021\/09\/salle-des-audiences-privees-palais-royal-turin_5783.jpg\"><img loading=\"lazy\" width=\"200\" height=\"300\" data-id=\"15450\"  src=\"https:\/\/www.bellitalie.org\/wp-content\/uploads\/2021\/09\/salle-des-audiences-privees-palais-royal-turin_5783-200x300.jpg\" alt=\"salle-des-audiences-privees-palais-royal-turin_5783\" class=\"wp-image-15450\" srcset=\"https:\/\/www.bellitalie.org\/wp-content\/uploads\/2021\/09\/salle-des-audiences-privees-palais-royal-turin_5783-200x300.jpg 200w, https:\/\/www.bellitalie.org\/wp-content\/uploads\/2021\/09\/salle-des-audiences-privees-palais-royal-turin_5783-683x1024.jpg 683w, https:\/\/www.bellitalie.org\/wp-content\/uploads\/2021\/09\/salle-des-audiences-privees-palais-royal-turin_5783-768x1152.jpg 768w, https:\/\/www.bellitalie.org\/wp-content\/uploads\/2021\/09\/salle-des-audiences-privees-palais-royal-turin_5783.jpg 800w\" sizes=\"(max-width: 200px) 100vw, 200px\" \/><\/a><figcaption>Sala delle Udienze<\/figcaption><\/figure>\n\n\n\n<figure class=\"wp-block-image size-medium\"><a href=\"https:\/\/www.bellitalie.org\/wp-content\/uploads\/2021\/09\/gabinetto-cinese-palazzo-reale-torino_5787.jpg\"><img loading=\"lazy\" width=\"300\" height=\"200\" data-id=\"15423\"  src=\"https:\/\/www.bellitalie.org\/wp-content\/uploads\/2021\/09\/gabinetto-cinese-palazzo-reale-torino_5787-300x200.jpg\" alt=\"gabinetto-cinese-palazzo-reale-torino_5787\" class=\"wp-image-15423\" srcset=\"https:\/\/www.bellitalie.org\/wp-content\/uploads\/2021\/09\/gabinetto-cinese-palazzo-reale-torino_5787-300x200.jpg 300w, https:\/\/www.bellitalie.org\/wp-content\/uploads\/2021\/09\/gabinetto-cinese-palazzo-reale-torino_5787-1024x683.jpg 1024w, https:\/\/www.bellitalie.org\/wp-content\/uploads\/2021\/09\/gabinetto-cinese-palazzo-reale-torino_5787-768x512.jpg 768w, https:\/\/www.bellitalie.org\/wp-content\/uploads\/2021\/09\/gabinetto-cinese-palazzo-reale-torino_5787.jpg 1200w\" sizes=\"(max-width: 300px) 100vw, 300px\" \/><\/a><figcaption>Gabinetto Cinese<\/figcaption><\/figure>\n\n\n\n<figure class=\"wp-block-image size-medium\"><a href=\"https:\/\/www.bellitalie.org\/wp-content\/uploads\/2021\/09\/sala-dell-alcova-palazzo-reale-torino_5811.jpg\"><img loading=\"lazy\" width=\"300\" height=\"200\" data-id=\"15438\"  src=\"https:\/\/www.bellitalie.org\/wp-content\/uploads\/2021\/09\/sala-dell-alcova-palazzo-reale-torino_5811-300x200.jpg\" alt=\"sala-dell-alcova-palazzo-reale-torino_5811\" class=\"wp-image-15438\" srcset=\"https:\/\/www.bellitalie.org\/wp-content\/uploads\/2021\/09\/sala-dell-alcova-palazzo-reale-torino_5811-300x200.jpg 300w, https:\/\/www.bellitalie.org\/wp-content\/uploads\/2021\/09\/sala-dell-alcova-palazzo-reale-torino_5811-1024x683.jpg 1024w, https:\/\/www.bellitalie.org\/wp-content\/uploads\/2021\/09\/sala-dell-alcova-palazzo-reale-torino_5811-768x512.jpg 768w, https:\/\/www.bellitalie.org\/wp-content\/uploads\/2021\/09\/sala-dell-alcova-palazzo-reale-torino_5811.jpg 1200w\" sizes=\"(max-width: 300px) 100vw, 300px\" \/><\/a><figcaption>Sala dell&#8217;Alcova<\/figcaption><\/figure>\n<\/figure>\n\n\n<p>Le sale del primo piano sono decorate con soffitti scolpiti con grandi allegorie di <strong>Jan Miel<\/strong> e<strong> Charles Dauphin<\/strong> che esaltano le virt\u00f9 del sovrano.<br>Nel 1688, <strong>Daniel Seyter<\/strong> fu chiamato da Roma per dipingere la sontuosa galleria con vista sui giardini. Contribu\u00ec con il genovese <strong>Bartolomeo Guidobono<\/strong> agli appartamenti al piano terra. <strong>Vittorio Amedeo II<\/strong> affid\u00f2 dal 1713 a <strong>Filippo Juvarra<\/strong> la creazione di edifici amministrativi, segretariati, archivi di Stato, nonch\u00e9 il <strong>Teatro Reale<\/strong>.<br>L&#8217;architetto Reale successivo, <strong>Benedetto Alfieri<\/strong>, progett\u00f2 le decorazioni del secondo piano e le nuove Sale dell&#8217;Archivio affrescate da <strong>Francesco De Mura<\/strong> e <strong>Gregorio Guglielmi<\/strong>.<br>Con <strong>Carlo Alberto<\/strong> dal 1831 ci furono numerosi lavori di ristrutturazione da parte di <strong>Pelagio Palagi<\/strong> e nel 1862 il nuovo scalone.<\/p>\n\n\n<figure class=\"wp-container-4 wp-block-gallery-3 wp-block-gallery has-nested-images columns-4 is-cropped\">\n<figure class=\"wp-block-image size-medium\"><a href=\"https:\/\/www.bellitalie.org\/wp-content\/uploads\/2021\/09\/galleria-degli-specchi-palazzo-reale-torino_5809.jpg\"><img loading=\"lazy\" width=\"300\" height=\"200\" data-id=\"15426\"  src=\"https:\/\/www.bellitalie.org\/wp-content\/uploads\/2021\/09\/galleria-degli-specchi-palazzo-reale-torino_5809-300x200.jpg\" alt=\"galleria-degli-specchi-palazzo-reale-torino_5809\" class=\"wp-image-15426\" srcset=\"https:\/\/www.bellitalie.org\/wp-content\/uploads\/2021\/09\/galleria-degli-specchi-palazzo-reale-torino_5809-300x200.jpg 300w, https:\/\/www.bellitalie.org\/wp-content\/uploads\/2021\/09\/galleria-degli-specchi-palazzo-reale-torino_5809-1024x683.jpg 1024w, https:\/\/www.bellitalie.org\/wp-content\/uploads\/2021\/09\/galleria-degli-specchi-palazzo-reale-torino_5809-768x512.jpg 768w, https:\/\/www.bellitalie.org\/wp-content\/uploads\/2021\/09\/galleria-degli-specchi-palazzo-reale-torino_5809.jpg 1200w\" sizes=\"(max-width: 300px) 100vw, 300px\" \/><\/a><figcaption>Galleria degli Specchi<\/figcaption><\/figure>\n\n\n\n<figure class=\"wp-block-image size-medium\"><a href=\"https:\/\/www.bellitalie.org\/wp-content\/uploads\/2021\/09\/sala-da-pranzo-palazzo-reale-torino_5810.jpg\"><img loading=\"lazy\" width=\"300\" height=\"200\" data-id=\"15432\"  src=\"https:\/\/www.bellitalie.org\/wp-content\/uploads\/2021\/09\/sala-da-pranzo-palazzo-reale-torino_5810-300x200.jpg\" alt=\"sala-da-pranzo-palazzo-reale-torino_5810\" class=\"wp-image-15432\" srcset=\"https:\/\/www.bellitalie.org\/wp-content\/uploads\/2021\/09\/sala-da-pranzo-palazzo-reale-torino_5810-300x200.jpg 300w, https:\/\/www.bellitalie.org\/wp-content\/uploads\/2021\/09\/sala-da-pranzo-palazzo-reale-torino_5810-1024x683.jpg 1024w, https:\/\/www.bellitalie.org\/wp-content\/uploads\/2021\/09\/sala-da-pranzo-palazzo-reale-torino_5810-768x512.jpg 768w, https:\/\/www.bellitalie.org\/wp-content\/uploads\/2021\/09\/sala-da-pranzo-palazzo-reale-torino_5810.jpg 1200w\" sizes=\"(max-width: 300px) 100vw, 300px\" \/><\/a><figcaption>Sala da Pranzo<\/figcaption><\/figure>\n\n\n\n<figure class=\"wp-block-image size-medium\"><a href=\"https:\/\/www.bellitalie.org\/wp-content\/uploads\/2021\/09\/sala-da-ballo-palazzo-reale-torino_5813.jpg\"><img loading=\"lazy\" width=\"200\" height=\"300\" data-id=\"15429\"  src=\"https:\/\/www.bellitalie.org\/wp-content\/uploads\/2021\/09\/sala-da-ballo-palazzo-reale-torino_5813-200x300.jpg\" alt=\"sala-da-ballo-palazzo-reale-torino_5813\" class=\"wp-image-15429\" srcset=\"https:\/\/www.bellitalie.org\/wp-content\/uploads\/2021\/09\/sala-da-ballo-palazzo-reale-torino_5813-200x300.jpg 200w, https:\/\/www.bellitalie.org\/wp-content\/uploads\/2021\/09\/sala-da-ballo-palazzo-reale-torino_5813-683x1024.jpg 683w, https:\/\/www.bellitalie.org\/wp-content\/uploads\/2021\/09\/sala-da-ballo-palazzo-reale-torino_5813-768x1152.jpg 768w, https:\/\/www.bellitalie.org\/wp-content\/uploads\/2021\/09\/sala-da-ballo-palazzo-reale-torino_5813.jpg 800w\" sizes=\"(max-width: 200px) 100vw, 200px\" \/><\/a><figcaption>Sala da Ballo<\/figcaption><\/figure>\n\n\n\n<figure class=\"wp-block-image size-medium\"><a href=\"https:\/\/www.bellitalie.org\/wp-content\/uploads\/2021\/09\/scalone-di-filippo-juvarra-palazzo-reale-torino_5814.jpg\"><img loading=\"lazy\" width=\"200\" height=\"300\" data-id=\"15456\"  src=\"https:\/\/www.bellitalie.org\/wp-content\/uploads\/2021\/09\/scalone-di-filippo-juvarra-palazzo-reale-torino_5814-200x300.jpg\" alt=\"scalone-di-filippo-juvarra-palazzo-reale-torino_5814\" class=\"wp-image-15456\" srcset=\"https:\/\/www.bellitalie.org\/wp-content\/uploads\/2021\/09\/scalone-di-filippo-juvarra-palazzo-reale-torino_5814-200x300.jpg 200w, https:\/\/www.bellitalie.org\/wp-content\/uploads\/2021\/09\/scalone-di-filippo-juvarra-palazzo-reale-torino_5814-683x1024.jpg 683w, https:\/\/www.bellitalie.org\/wp-content\/uploads\/2021\/09\/scalone-di-filippo-juvarra-palazzo-reale-torino_5814-768x1152.jpg 768w, https:\/\/www.bellitalie.org\/wp-content\/uploads\/2021\/09\/scalone-di-filippo-juvarra-palazzo-reale-torino_5814.jpg 800w\" sizes=\"(max-width: 200px) 100vw, 200px\" \/><\/a><figcaption>Scalone di Juvarra<\/figcaption><\/figure>\n<\/figure>\n\n\n<h2>Cappella della Sacra Sindone<\/h2>\n<p>La <strong>Cappella della Sindone<\/strong> \u00e8 un capolavoro barocco fondato nel 1690, creato da <strong>Camillo Guarino Guarini<\/strong>, padre teatino e matematico, per ospitare la Sindone. Questa preziosa reliquia donata alla casa di Savoia nel 1453, \u00e8 una tela di lino dove l&#8217;immagine stampata \u00e8 identificata dalla Chiesa come quella del volto di Cristo, considerato il sudario che ha avvolto il corpo di Ges\u00f9 durante la sua deposizione nella tomba.<br>La cappella \u00e8 formata da una rotonda con un&#8217;originale cupola alta. Precedentemente collocata sull&#8217;altare centrale, la Sindone \u00e8 conservata dal 1993 in una grande vetrina di vetro e alluminio sul fondo della navata sinistra della cattedrale.<br>Guarini integr\u00f2 l&#8217;antico corpo cilindrico con una nuova struttura formata da tre archi inclinati, e soprattutto una cupola audaciosa concepita come una torre reliquiaria con livelli di archi sovrapposti che convergono verso la stella. L&#8217;interno \u00e8 rivestito in marmo nero venato e decorato con una bella decorazione con archi, pilastri, statue o capitelli in bronzo. Incendiata nel 1997, fu riaperta solo nel 2018.<\/p>\n\n\n<figure class=\"wp-container-6 wp-block-gallery-5 wp-block-gallery has-nested-images columns-default is-cropped\">\n<figure class=\"wp-block-image size-medium\"><a href=\"https:\/\/www.bellitalie.org\/wp-content\/uploads\/2021\/09\/cappella-della-sindone-palazzo-reale-torino_5815.jpg\"><img loading=\"lazy\" width=\"200\" height=\"300\" data-id=\"15783\"  src=\"https:\/\/www.bellitalie.org\/wp-content\/uploads\/2021\/09\/cappella-della-sindone-palazzo-reale-torino_5815-200x300.jpg\" alt=\"cappella-della-sindone-palazzo-reale-torino_5815\" class=\"wp-image-15783\" srcset=\"https:\/\/www.bellitalie.org\/wp-content\/uploads\/2021\/09\/cappella-della-sindone-palazzo-reale-torino_5815-200x300.jpg 200w, https:\/\/www.bellitalie.org\/wp-content\/uploads\/2021\/09\/cappella-della-sindone-palazzo-reale-torino_5815-683x1024.jpg 683w, https:\/\/www.bellitalie.org\/wp-content\/uploads\/2021\/09\/cappella-della-sindone-palazzo-reale-torino_5815-768x1152.jpg 768w, https:\/\/www.bellitalie.org\/wp-content\/uploads\/2021\/09\/cappella-della-sindone-palazzo-reale-torino_5815.jpg 800w\" sizes=\"(max-width: 200px) 100vw, 200px\" \/><\/a><figcaption>Cupola di Guarini<\/figcaption><\/figure>\n\n\n\n<figure class=\"wp-block-image size-medium\"><a href=\"https:\/\/www.bellitalie.org\/wp-content\/uploads\/2021\/09\/chapelle-du-saint-suaire-palais-royal-de-turin_5818.jpg\"><img loading=\"lazy\" width=\"200\" height=\"300\" data-id=\"15786\"  src=\"https:\/\/www.bellitalie.org\/wp-content\/uploads\/2021\/09\/chapelle-du-saint-suaire-palais-royal-de-turin_5818-200x300.jpg\" alt=\"chapelle-du-saint-suaire-palais-royal-de-turin_5818\" class=\"wp-image-15786\" srcset=\"https:\/\/www.bellitalie.org\/wp-content\/uploads\/2021\/09\/chapelle-du-saint-suaire-palais-royal-de-turin_5818-200x300.jpg 200w, https:\/\/www.bellitalie.org\/wp-content\/uploads\/2021\/09\/chapelle-du-saint-suaire-palais-royal-de-turin_5818-683x1024.jpg 683w, https:\/\/www.bellitalie.org\/wp-content\/uploads\/2021\/09\/chapelle-du-saint-suaire-palais-royal-de-turin_5818-768x1152.jpg 768w, https:\/\/www.bellitalie.org\/wp-content\/uploads\/2021\/09\/chapelle-du-saint-suaire-palais-royal-de-turin_5818.jpg 800w\" sizes=\"(max-width: 200px) 100vw, 200px\" \/><\/a><figcaption>Cappella della Sindone<\/figcaption><\/figure>\n\n\n\n<figure class=\"wp-block-image size-medium\"><a href=\"https:\/\/www.bellitalie.org\/wp-content\/uploads\/2021\/09\/saintsuaire-sindone.jpg\"><img loading=\"lazy\" width=\"235\" height=\"300\" data-id=\"1769\"  src=\"https:\/\/www.bellitalie.org\/wp-content\/uploads\/2021\/09\/saintsuaire-sindone-235x300.jpg\" alt=\"saint-suaire de Turin\" class=\"wp-image-1769\" srcset=\"https:\/\/www.bellitalie.org\/wp-content\/uploads\/2021\/09\/saintsuaire-sindone-235x300.jpg 235w, https:\/\/www.bellitalie.org\/wp-content\/uploads\/2021\/09\/saintsuaire-sindone.jpg 431w\" sizes=\"(max-width: 235px) 100vw, 235px\" \/><\/a><figcaption>Sindone di Torino<\/figcaption><\/figure>\n<\/figure>\n\n\n<h2>Musei Reali di Torino<\/h2>\n<p>I <strong>Musei Reali di Torino<\/strong> sono stati creati nel 2016 raggruppando diversi musei, tra cui lo stesso Palazzo Reale con i Giardini Reali, la Biblioteca e l&#8217;Armeria Reale, la Pinacoteca della Galleria Sabauda, il Museo di Antichit\u00e0, il Palazzo Chiabese e la Cappella del Sacro Sudario.<br>\u00c8 cos\u00ec un ampio spazio con un percorso di quasi 3 chilometri, 400.000 opere d&#8217;arte, che accoglie oltre 500.000 visitatori all&#8217;anno.<\/p>\n<h3>Biblioteca reale<\/h3>\n<p>Questa biblioteca \u00e8 stata a lungo e rimane una delle istituzioni pi\u00f9 importanti di Torino, con le sue testimonianze di pi\u00f9 di mille anni. Fondata nel 1839 da Carlo Alberto di Sardegna, conta attualmente circa 200.000 volumi stampati, di cui 4.500 manoscritti, 187 incunaboli. Tra le opere straordinarie si trova l&#8217;Autoritratto di Leonardo da Vinci, il Codice di Torino di Leonardo da Vinci, il taccuino d&#8217;ingegnere di Francesco di Giorgio Martini, o disegni e tele di grandi artisti.<\/p>\n<h3>Armeria Royale<\/h3>\n<p>La collezione dell&#8217;<strong>armeria reale<\/strong>, fu fondata da Carlo Alberto di Savoia e aperta al pubblico 5 anni dopo. Raccoglie notevoli armature e armi storiche, con molti pezzi unici appartenuti a personaggi illustri.<br>Occupa la Galleria Beaumont del XVIII e la Sala della Rotonda.<br>La collezione nasce dalle collezioni del Museo delle Antichit\u00e0 e degli Arsenali delle citt\u00e0 di Torino e di Genova, successivamente completate.<br>Nel 1997 \u00e8 iscritta insieme alla Biblioteca Reale al Patrimonio Mondiale dell&#8217;Umanit\u00e0 dall&#8217;Unesco.<\/p>\n<p>La sua collezione \u00e8 tra le pi\u00f9 ricche al mondo, con l&#8217;Armeria Reale di Madrid, quella di Vienna o dei Cavalieri di Malta.<br>Le armi e le armature coprono un periodo che va dal Neolitico fino al XX secolo, e soprattutto pezzi notevoli della casa reale dei Savoia dei XVI, XVII e XVIII secoli. Citiamo la spada di San Maurizio del XIII secolo con astuccio in pelle decorato del XV secolo, una staffa decorata con smalto di fabbricazione napoletana del XIV secolo, la spada utilizzata da Napoleone Bonaparte nella campagna d&#8217;Egitto e a Marengo, le armi dei re di Sardegna, tra cui l&#8217;armatura giapponese offerta nel 1870 a Vittorio Emanuele II di Savoia, un revolver Smith &amp; Wesson, ecc, cos\u00ec come oggetti preziosi, bandiere e medaglie.<\/p>\n\n\n<figure class=\"wp-container-8 wp-block-gallery-7 wp-block-gallery has-nested-images columns-default is-cropped\">\n<figure class=\"wp-block-image size-medium\"><a href=\"https:\/\/www.bellitalie.org\/wp-content\/uploads\/2021\/09\/armurerie-royale-palais-royal-turin_5797.jpg\"><img loading=\"lazy\" width=\"300\" height=\"200\" data-id=\"15478\"  src=\"https:\/\/www.bellitalie.org\/wp-content\/uploads\/2021\/09\/armurerie-royale-palais-royal-turin_5797-300x200.jpg\" alt=\"armurerie-royale-palais-royal-turin_5797\" class=\"wp-image-15478\" srcset=\"https:\/\/www.bellitalie.org\/wp-content\/uploads\/2021\/09\/armurerie-royale-palais-royal-turin_5797-300x200.jpg 300w, https:\/\/www.bellitalie.org\/wp-content\/uploads\/2021\/09\/armurerie-royale-palais-royal-turin_5797-1024x683.jpg 1024w, https:\/\/www.bellitalie.org\/wp-content\/uploads\/2021\/09\/armurerie-royale-palais-royal-turin_5797-768x512.jpg 768w, https:\/\/www.bellitalie.org\/wp-content\/uploads\/2021\/09\/armurerie-royale-palais-royal-turin_5797.jpg 1200w\" sizes=\"(max-width: 300px) 100vw, 300px\" \/><\/a><figcaption>Armeria Reale<\/figcaption><\/figure>\n\n\n\n<figure class=\"wp-block-image size-medium\"><a href=\"https:\/\/www.bellitalie.org\/wp-content\/uploads\/2021\/09\/armeria-reale-palazzo-reale-torino_5790.jpg\"><img loading=\"lazy\" width=\"200\" height=\"300\" data-id=\"15469\"  src=\"https:\/\/www.bellitalie.org\/wp-content\/uploads\/2021\/09\/armeria-reale-palazzo-reale-torino_5790-200x300.jpg\" alt=\"armeria-reale-palazzo-reale-torino_5790\" class=\"wp-image-15469\" srcset=\"https:\/\/www.bellitalie.org\/wp-content\/uploads\/2021\/09\/armeria-reale-palazzo-reale-torino_5790-200x300.jpg 200w, https:\/\/www.bellitalie.org\/wp-content\/uploads\/2021\/09\/armeria-reale-palazzo-reale-torino_5790-683x1024.jpg 683w, https:\/\/www.bellitalie.org\/wp-content\/uploads\/2021\/09\/armeria-reale-palazzo-reale-torino_5790-768x1152.jpg 768w, https:\/\/www.bellitalie.org\/wp-content\/uploads\/2021\/09\/armeria-reale-palazzo-reale-torino_5790.jpg 800w\" sizes=\"(max-width: 200px) 100vw, 200px\" \/><\/a><figcaption>Armeria Reale<\/figcaption><\/figure>\n\n\n\n<figure class=\"wp-block-image size-medium\"><a href=\"https:\/\/www.bellitalie.org\/wp-content\/uploads\/2021\/09\/armurerie-royale-palais-royal-turin_5800.jpg\"><img loading=\"lazy\" width=\"300\" height=\"200\" data-id=\"15481\"  src=\"https:\/\/www.bellitalie.org\/wp-content\/uploads\/2021\/09\/armurerie-royale-palais-royal-turin_5800-300x200.jpg\" alt=\"armurerie-royale-palais-royal-turin_5800\" class=\"wp-image-15481\" srcset=\"https:\/\/www.bellitalie.org\/wp-content\/uploads\/2021\/09\/armurerie-royale-palais-royal-turin_5800-300x200.jpg 300w, https:\/\/www.bellitalie.org\/wp-content\/uploads\/2021\/09\/armurerie-royale-palais-royal-turin_5800-1024x683.jpg 1024w, https:\/\/www.bellitalie.org\/wp-content\/uploads\/2021\/09\/armurerie-royale-palais-royal-turin_5800-768x512.jpg 768w, https:\/\/www.bellitalie.org\/wp-content\/uploads\/2021\/09\/armurerie-royale-palais-royal-turin_5800.jpg 1200w\" sizes=\"(max-width: 300px) 100vw, 300px\" \/><\/a><figcaption>Armeria Reale<\/figcaption><\/figure>\n\n\n\n<figure class=\"wp-block-image size-medium\"><a href=\"https:\/\/www.bellitalie.org\/wp-content\/uploads\/2021\/09\/armeria-reale-palazzo-reale-torino_5802.jpg\"><img loading=\"lazy\" width=\"300\" height=\"200\" data-id=\"15472\"  src=\"https:\/\/www.bellitalie.org\/wp-content\/uploads\/2021\/09\/armeria-reale-palazzo-reale-torino_5802-300x200.jpg\" alt=\"armeria-reale-palazzo-reale-torino_5802\" class=\"wp-image-15472\" srcset=\"https:\/\/www.bellitalie.org\/wp-content\/uploads\/2021\/09\/armeria-reale-palazzo-reale-torino_5802-300x200.jpg 300w, https:\/\/www.bellitalie.org\/wp-content\/uploads\/2021\/09\/armeria-reale-palazzo-reale-torino_5802-1024x683.jpg 1024w, https:\/\/www.bellitalie.org\/wp-content\/uploads\/2021\/09\/armeria-reale-palazzo-reale-torino_5802-768x512.jpg 768w, https:\/\/www.bellitalie.org\/wp-content\/uploads\/2021\/09\/armeria-reale-palazzo-reale-torino_5802.jpg 1200w\" sizes=\"(max-width: 300px) 100vw, 300px\" \/><\/a><\/figure>\n\n\n\n<figure class=\"wp-block-image size-medium\"><a href=\"https:\/\/www.bellitalie.org\/wp-content\/uploads\/2021\/09\/armeria-reale-palazzo-reale-torino_5805.jpg\"><img loading=\"lazy\" width=\"300\" height=\"200\" data-id=\"15475\"  src=\"https:\/\/www.bellitalie.org\/wp-content\/uploads\/2021\/09\/armeria-reale-palazzo-reale-torino_5805-300x200.jpg\" alt=\"armeria-reale-palazzo-reale-torino_5805\" class=\"wp-image-15475\" srcset=\"https:\/\/www.bellitalie.org\/wp-content\/uploads\/2021\/09\/armeria-reale-palazzo-reale-torino_5805-300x200.jpg 300w, https:\/\/www.bellitalie.org\/wp-content\/uploads\/2021\/09\/armeria-reale-palazzo-reale-torino_5805-1024x683.jpg 1024w, https:\/\/www.bellitalie.org\/wp-content\/uploads\/2021\/09\/armeria-reale-palazzo-reale-torino_5805-768x512.jpg 768w, https:\/\/www.bellitalie.org\/wp-content\/uploads\/2021\/09\/armeria-reale-palazzo-reale-torino_5805.jpg 1200w\" sizes=\"(max-width: 300px) 100vw, 300px\" \/><\/a><\/figure>\n<\/figure>\n\n\n<h3>Museo di Antichit\u00e0<\/h3>\n<p>Fondato all&#8217;inizio del XVI secolo per ospitare le opere e gli oggetti acquistati dai duchi di Savoia nel corso del tempo, fu integrato nel 1724 nel Museo Reale dell&#8217;Universit\u00e0 di Torino.<br \/>Il museo di archeologia \u00e8 stato creato nel 1940 in occasione della separazione con la collezione egiziana pura conservare gli oggetti greco-romani.<br \/>Conserva numerose vestigia del Piemonte durante l&#8217;antichit\u00e0 con sale dedicate alla storia di Torino, di fronte ai resti del teatro romano.<br \/>Al piano terra, la sezione Manica Nuova \u00e8 costituita dalla mostra Archeologia a Torino e dalle sale del tesoro di Marengo. La sezione Territorio \u00e8 dedicata all&#8217;archeologia del Piemonte, in parte sotterranea. Le Collezioni storiche sono il nucleo del museo con le numerose antichit\u00e0 greco-romane in particolare.<\/p>\n\n\n<figure class=\"wp-container-10 wp-block-gallery-9 wp-block-gallery has-nested-images columns-4 is-cropped\">\n<figure class=\"wp-block-image size-large\"><img loading=\"lazy\" width=\"1024\" height=\"683\" data-id=\"15490\"  src=\"https:\/\/www.bellitalie.org\/wp-content\/uploads\/2023\/05\/cesare-ritratto-galleria-archeologica-museo-di-antichita-palazzo-reale-torino_5843-1024x683.jpg\" alt=\"foto Busto di Giulio Cesare, museo di antichit\u00e0 di torino\" class=\"wp-image-15490\" srcset=\"https:\/\/www.bellitalie.org\/wp-content\/uploads\/2023\/05\/cesare-ritratto-galleria-archeologica-museo-di-antichita-palazzo-reale-torino_5843-1024x683.jpg 1024w, https:\/\/www.bellitalie.org\/wp-content\/uploads\/2023\/05\/cesare-ritratto-galleria-archeologica-museo-di-antichita-palazzo-reale-torino_5843-300x200.jpg 300w, https:\/\/www.bellitalie.org\/wp-content\/uploads\/2023\/05\/cesare-ritratto-galleria-archeologica-museo-di-antichita-palazzo-reale-torino_5843-768x512.jpg 768w, https:\/\/www.bellitalie.org\/wp-content\/uploads\/2023\/05\/cesare-ritratto-galleria-archeologica-museo-di-antichita-palazzo-reale-torino_5843.jpg 1200w\" sizes=\"(max-width: 1024px) 100vw, 1024px\" \/><figcaption>Busto di Giulio Cesare<\/figcaption><\/figure>\n\n\n\n<figure class=\"wp-block-image size-large\"><img loading=\"lazy\" width=\"683\" height=\"1024\" data-id=\"15488\"  src=\"https:\/\/www.bellitalie.org\/wp-content\/uploads\/2023\/05\/cesar-galerie-archeologique-musee-d-antiquite-palais-royal-turin_5851-683x1024.jpg\" alt=\"foto Busto di Giulio Cesare, museo di antichit\u00e0 di torino\" class=\"wp-image-15488\" srcset=\"https:\/\/www.bellitalie.org\/wp-content\/uploads\/2023\/05\/cesar-galerie-archeologique-musee-d-antiquite-palais-royal-turin_5851-683x1024.jpg 683w, https:\/\/www.bellitalie.org\/wp-content\/uploads\/2023\/05\/cesar-galerie-archeologique-musee-d-antiquite-palais-royal-turin_5851-200x300.jpg 200w, https:\/\/www.bellitalie.org\/wp-content\/uploads\/2023\/05\/cesar-galerie-archeologique-musee-d-antiquite-palais-royal-turin_5851-768x1152.jpg 768w, https:\/\/www.bellitalie.org\/wp-content\/uploads\/2023\/05\/cesar-galerie-archeologique-musee-d-antiquite-palais-royal-turin_5851.jpg 800w\" sizes=\"(max-width: 683px) 100vw, 683px\" \/><figcaption>Busto di Giulio Cesare<\/figcaption><\/figure>\n\n\n\n<figure class=\"wp-block-image size-medium\"><a href=\"https:\/\/www.bellitalie.org\/wp-content\/uploads\/2023\/05\/sarcofago-etrusco-galleria-archeologica-museo-di-antichita-palazzo-reale-torino_5860.jpg\"><img loading=\"lazy\" width=\"200\" height=\"300\" data-id=\"15491\"  src=\"https:\/\/www.bellitalie.org\/wp-content\/uploads\/2023\/05\/sarcofago-etrusco-galleria-archeologica-museo-di-antichita-palazzo-reale-torino_5860-200x300.jpg\" alt=\"Foto Sarcofago Etrusco, Museoo di antichit\u00e0 di Torino\" class=\"wp-image-15491\" srcset=\"https:\/\/www.bellitalie.org\/wp-content\/uploads\/2023\/05\/sarcofago-etrusco-galleria-archeologica-museo-di-antichita-palazzo-reale-torino_5860-200x300.jpg 200w, https:\/\/www.bellitalie.org\/wp-content\/uploads\/2023\/05\/sarcofago-etrusco-galleria-archeologica-museo-di-antichita-palazzo-reale-torino_5860-683x1024.jpg 683w, https:\/\/www.bellitalie.org\/wp-content\/uploads\/2023\/05\/sarcofago-etrusco-galleria-archeologica-museo-di-antichita-palazzo-reale-torino_5860-768x1152.jpg 768w, https:\/\/www.bellitalie.org\/wp-content\/uploads\/2023\/05\/sarcofago-etrusco-galleria-archeologica-museo-di-antichita-palazzo-reale-torino_5860.jpg 800w\" sizes=\"(max-width: 200px) 100vw, 200px\" \/><\/a><figcaption>Sarcofago Etrusco<\/figcaption><\/figure>\n\n\n\n<figure class=\"wp-block-image size-large\"><img loading=\"lazy\" width=\"683\" height=\"1024\" data-id=\"15492\"  src=\"https:\/\/www.bellitalie.org\/wp-content\/uploads\/2023\/05\/busto-di-lucio-vero-argento-galleria-archeologica-museo-di-antichita-palazzo-reale-torino_5872-683x1024.jpg\" alt=\"Foto Busto argentato di Lucius Verus\" class=\"wp-image-15492\" srcset=\"https:\/\/www.bellitalie.org\/wp-content\/uploads\/2023\/05\/busto-di-lucio-vero-argento-galleria-archeologica-museo-di-antichita-palazzo-reale-torino_5872-683x1024.jpg 683w, https:\/\/www.bellitalie.org\/wp-content\/uploads\/2023\/05\/busto-di-lucio-vero-argento-galleria-archeologica-museo-di-antichita-palazzo-reale-torino_5872-200x300.jpg 200w, https:\/\/www.bellitalie.org\/wp-content\/uploads\/2023\/05\/busto-di-lucio-vero-argento-galleria-archeologica-museo-di-antichita-palazzo-reale-torino_5872-768x1152.jpg 768w, https:\/\/www.bellitalie.org\/wp-content\/uploads\/2023\/05\/busto-di-lucio-vero-argento-galleria-archeologica-museo-di-antichita-palazzo-reale-torino_5872.jpg 800w\" sizes=\"(max-width: 683px) 100vw, 683px\" \/><figcaption>Busto argentato di Lucius Verus<\/figcaption><\/figure>\n\n\n\n<figure class=\"wp-block-image size-large\"><img loading=\"lazy\" width=\"683\" height=\"1024\" data-id=\"15486\"  src=\"https:\/\/www.bellitalie.org\/wp-content\/uploads\/2023\/05\/sargon-ii-galleria-archeologica-museo-di-antichita-palazzo-reale-torino_5826-683x1024.jpg\" alt=\"Foto Sargon II, re di Assiria, museo di antichit\u00e0 di torino\" class=\"wp-image-15486\" srcset=\"https:\/\/www.bellitalie.org\/wp-content\/uploads\/2023\/05\/sargon-ii-galleria-archeologica-museo-di-antichita-palazzo-reale-torino_5826-683x1024.jpg 683w, https:\/\/www.bellitalie.org\/wp-content\/uploads\/2023\/05\/sargon-ii-galleria-archeologica-museo-di-antichita-palazzo-reale-torino_5826-200x300.jpg 200w, https:\/\/www.bellitalie.org\/wp-content\/uploads\/2023\/05\/sargon-ii-galleria-archeologica-museo-di-antichita-palazzo-reale-torino_5826-768x1152.jpg 768w, https:\/\/www.bellitalie.org\/wp-content\/uploads\/2023\/05\/sargon-ii-galleria-archeologica-museo-di-antichita-palazzo-reale-torino_5826.jpg 800w\" sizes=\"(max-width: 683px) 100vw, 683px\" \/><figcaption>Sargon II, re di Assiria<\/figcaption><\/figure>\n\n\n\n<figure class=\"wp-block-image size-large\"><img loading=\"lazy\" width=\"683\" height=\"1024\" data-id=\"15487\"  src=\"https:\/\/www.bellitalie.org\/wp-content\/uploads\/2023\/05\/statua-di-zeus-galleria-archeologica-museo-di-antichita-palazzo-reale-torino_5867-683x1024.jpg\" alt=\"Foto Statua di Zeus Torino\" class=\"wp-image-15487\" srcset=\"https:\/\/www.bellitalie.org\/wp-content\/uploads\/2023\/05\/statua-di-zeus-galleria-archeologica-museo-di-antichita-palazzo-reale-torino_5867-683x1024.jpg 683w, https:\/\/www.bellitalie.org\/wp-content\/uploads\/2023\/05\/statua-di-zeus-galleria-archeologica-museo-di-antichita-palazzo-reale-torino_5867-200x300.jpg 200w, https:\/\/www.bellitalie.org\/wp-content\/uploads\/2023\/05\/statua-di-zeus-galleria-archeologica-museo-di-antichita-palazzo-reale-torino_5867-768x1152.jpg 768w, https:\/\/www.bellitalie.org\/wp-content\/uploads\/2023\/05\/statua-di-zeus-galleria-archeologica-museo-di-antichita-palazzo-reale-torino_5867.jpg 800w\" sizes=\"(max-width: 683px) 100vw, 683px\" \/><figcaption>Statua di Zeus<\/figcaption><\/figure>\n\n\n\n<figure class=\"wp-block-image size-large\"><img loading=\"lazy\" width=\"683\" height=\"1024\" data-id=\"15489\"  src=\"https:\/\/www.bellitalie.org\/wp-content\/uploads\/2023\/05\/torso-di-atleta-galleria-archeologica-museo-di-antichita-palazzo-reale-torino_5822-683x1024.jpg\" alt=\"Busto di atlete\" class=\"wp-image-15489\" srcset=\"https:\/\/www.bellitalie.org\/wp-content\/uploads\/2023\/05\/torso-di-atleta-galleria-archeologica-museo-di-antichita-palazzo-reale-torino_5822-683x1024.jpg 683w, https:\/\/www.bellitalie.org\/wp-content\/uploads\/2023\/05\/torso-di-atleta-galleria-archeologica-museo-di-antichita-palazzo-reale-torino_5822-200x300.jpg 200w, https:\/\/www.bellitalie.org\/wp-content\/uploads\/2023\/05\/torso-di-atleta-galleria-archeologica-museo-di-antichita-palazzo-reale-torino_5822-768x1152.jpg 768w, https:\/\/www.bellitalie.org\/wp-content\/uploads\/2023\/05\/torso-di-atleta-galleria-archeologica-museo-di-antichita-palazzo-reale-torino_5822.jpg 800w\" sizes=\"(max-width: 683px) 100vw, 683px\" \/><figcaption>Busto di atlete<\/figcaption><\/figure>\n<\/figure>\n\n\n<h3>Galleria Sabauda<\/h3>\n<p>Questa galleria \u00e8 un&#8217;importante pinacoteca che raccoglie una bella collezione di 700 dipinti<br \/>dal XIII al XX secolo, tra cui una sezione dedicata alla pittura piemontese (Giovanni Martino Spanzotti, Macrino d&#8217;Alba, Gerolamo Giovenone, Bernardino Lanino, Il Moncalvo, Tanzio da Varallo, Gaudenzio Ferrari e Defendente Ferrari, ecc), una sezione dedicata pi\u00f9 generalmente alla pittura italiana (Beato Angelico, Duccio di Boninsegna, Piero del Pollaiolo, Andrea Mantegna, Bronzino, Filippino Lippi, Daniele da Volterra, Il Veronese, Oretto, Guercino, Oragentileschi, Giambattista Tiepolo, Guido Reni, Bernardo Bellotto), e un importante gruppo della Scuola fiamminga e olandese dal XV al XVII secolo, con nomi come Van Dyck, Rubens, Rembrandt, Brueghel, Memling e Van Eyck.<\/p>\n\n\n<figure class=\"wp-container-12 wp-block-gallery-11 wp-block-gallery has-nested-images columns-default is-cropped\">\n<figure class=\"wp-block-image size-medium\"><a href=\"https:\/\/www.bellitalie.org\/wp-content\/uploads\/2023\/05\/jan-brueghel-il-giovane-vanitas-galerie-sabauda-turin_133850.jpg\"><img loading=\"lazy\" width=\"300\" height=\"178\" data-id=\"15501\"  src=\"https:\/\/www.bellitalie.org\/wp-content\/uploads\/2023\/05\/jan-brueghel-il-giovane-vanitas-galerie-sabauda-turin_133850-300x178.jpg\" alt=\"foto jan-brueghel-il-giovane-vanitas-galerie-sabauda-turin_133850\" class=\"wp-image-15501\" srcset=\"https:\/\/www.bellitalie.org\/wp-content\/uploads\/2023\/05\/jan-brueghel-il-giovane-vanitas-galerie-sabauda-turin_133850-300x178.jpg 300w, https:\/\/www.bellitalie.org\/wp-content\/uploads\/2023\/05\/jan-brueghel-il-giovane-vanitas-galerie-sabauda-turin_133850-1024x608.jpg 1024w, https:\/\/www.bellitalie.org\/wp-content\/uploads\/2023\/05\/jan-brueghel-il-giovane-vanitas-galerie-sabauda-turin_133850-768x456.jpg 768w, https:\/\/www.bellitalie.org\/wp-content\/uploads\/2023\/05\/jan-brueghel-il-giovane-vanitas-galerie-sabauda-turin_133850.jpg 1200w\" sizes=\"(max-width: 300px) 100vw, 300px\" \/><\/a><figcaption>Jan Brueghel il Giovane, Vanitas (XVII secolo)<\/figcaption><\/figure>\n\n\n\n<figure class=\"wp-block-image size-medium\"><a href=\"https:\/\/www.bellitalie.org\/wp-content\/uploads\/2021\/09\/nicolo-corso-sant-ambrogio-galleria-sabauda-musei-reali-torino_135706.jpg\"><img loading=\"lazy\" width=\"300\" height=\"225\" data-id=\"15516\"  src=\"https:\/\/www.bellitalie.org\/wp-content\/uploads\/2021\/09\/nicolo-corso-sant-ambrogio-galleria-sabauda-musei-reali-torino_135706-300x225.jpg\" alt=\"foto nicolo-corso-sant-ambrogio-galleria-sabauda-musei-reali-torino_135706\" class=\"wp-image-15516\" srcset=\"https:\/\/www.bellitalie.org\/wp-content\/uploads\/2021\/09\/nicolo-corso-sant-ambrogio-galleria-sabauda-musei-reali-torino_135706-300x225.jpg 300w, https:\/\/www.bellitalie.org\/wp-content\/uploads\/2021\/09\/nicolo-corso-sant-ambrogio-galleria-sabauda-musei-reali-torino_135706-1024x768.jpg 1024w, https:\/\/www.bellitalie.org\/wp-content\/uploads\/2021\/09\/nicolo-corso-sant-ambrogio-galleria-sabauda-musei-reali-torino_135706-768x576.jpg 768w, https:\/\/www.bellitalie.org\/wp-content\/uploads\/2021\/09\/nicolo-corso-sant-ambrogio-galleria-sabauda-musei-reali-torino_135706-800x600.jpg 800w, https:\/\/www.bellitalie.org\/wp-content\/uploads\/2021\/09\/nicolo-corso-sant-ambrogio-galleria-sabauda-musei-reali-torino_135706-320x240.jpg 320w, https:\/\/www.bellitalie.org\/wp-content\/uploads\/2021\/09\/nicolo-corso-sant-ambrogio-galleria-sabauda-musei-reali-torino_135706-640x480.jpg 640w, https:\/\/www.bellitalie.org\/wp-content\/uploads\/2021\/09\/nicolo-corso-sant-ambrogio-galleria-sabauda-musei-reali-torino_135706.jpg 1067w\" sizes=\"(max-width: 300px) 100vw, 300px\" \/><\/a><figcaption>Nicolo Corso, Sant&#8217;Ambrogio (inizio XVI secolo)<\/figcaption><\/figure>\n\n\n\n<figure class=\"wp-block-image size-medium\"><a href=\"https:\/\/www.bellitalie.org\/wp-content\/uploads\/2021\/09\/giovanni-lanfranco-rebecca-e-eliezer-al-pozzo-galerie-sabauda-musees-royaux-turin_134007.jpg\"><img loading=\"lazy\" width=\"300\" height=\"246\" data-id=\"15512\"  src=\"https:\/\/www.bellitalie.org\/wp-content\/uploads\/2021\/09\/giovanni-lanfranco-rebecca-e-eliezer-al-pozzo-galerie-sabauda-musees-royaux-turin_134007-300x246.jpg\" alt=\"foto giovanni-lanfranco-rebecca-e-eliezer-al-pozzo-galerie-sabauda-musees-royaux-turin_134007\" class=\"wp-image-15512\" srcset=\"https:\/\/www.bellitalie.org\/wp-content\/uploads\/2021\/09\/giovanni-lanfranco-rebecca-e-eliezer-al-pozzo-galerie-sabauda-musees-royaux-turin_134007-300x246.jpg 300w, https:\/\/www.bellitalie.org\/wp-content\/uploads\/2021\/09\/giovanni-lanfranco-rebecca-e-eliezer-al-pozzo-galerie-sabauda-musees-royaux-turin_134007-768x630.jpg 768w, https:\/\/www.bellitalie.org\/wp-content\/uploads\/2021\/09\/giovanni-lanfranco-rebecca-e-eliezer-al-pozzo-galerie-sabauda-musees-royaux-turin_134007.jpg 976w\" sizes=\"(max-width: 300px) 100vw, 300px\" \/><\/a><figcaption>Giovanni Lanfranco, Rebecca e Eliezer al pozzo (XVII secolo)<\/figcaption><\/figure>\n\n\n\n<figure class=\"wp-block-image size-medium\"><a href=\"https:\/\/www.bellitalie.org\/wp-content\/uploads\/2023\/05\/gramatica-galleria-sabauda-musei-reali-torino_134504.jpg\"><img loading=\"lazy\" width=\"300\" height=\"225\" data-id=\"15498\"  src=\"https:\/\/www.bellitalie.org\/wp-content\/uploads\/2023\/05\/gramatica-galleria-sabauda-musei-reali-torino_134504-300x225.jpg\" alt=\"foto gramatica-galleria-sabauda-musei-reali-torino_134504\" class=\"wp-image-15498\" srcset=\"https:\/\/www.bellitalie.org\/wp-content\/uploads\/2023\/05\/gramatica-galleria-sabauda-musei-reali-torino_134504-300x225.jpg 300w, https:\/\/www.bellitalie.org\/wp-content\/uploads\/2023\/05\/gramatica-galleria-sabauda-musei-reali-torino_134504-1024x768.jpg 1024w, https:\/\/www.bellitalie.org\/wp-content\/uploads\/2023\/05\/gramatica-galleria-sabauda-musei-reali-torino_134504-768x576.jpg 768w, https:\/\/www.bellitalie.org\/wp-content\/uploads\/2023\/05\/gramatica-galleria-sabauda-musei-reali-torino_134504-800x600.jpg 800w, https:\/\/www.bellitalie.org\/wp-content\/uploads\/2023\/05\/gramatica-galleria-sabauda-musei-reali-torino_134504-320x240.jpg 320w, https:\/\/www.bellitalie.org\/wp-content\/uploads\/2023\/05\/gramatica-galleria-sabauda-musei-reali-torino_134504-640x480.jpg 640w, https:\/\/www.bellitalie.org\/wp-content\/uploads\/2023\/05\/gramatica-galleria-sabauda-musei-reali-torino_134504.jpg 1067w\" sizes=\"(max-width: 300px) 100vw, 300px\" \/><\/a><figcaption>Gramatica, Muse (inizio XVII secolo)<\/figcaption><\/figure>\n\n\n\n<figure class=\"wp-block-image size-medium\"><a href=\"https:\/\/www.bellitalie.org\/wp-content\/uploads\/2023\/05\/padre-eterno-guercino-galleria-sabauda-musei-reali-torino_133806.jpg\"><img loading=\"lazy\" width=\"300\" height=\"219\" data-id=\"15500\"  src=\"https:\/\/www.bellitalie.org\/wp-content\/uploads\/2023\/05\/padre-eterno-guercino-galleria-sabauda-musei-reali-torino_133806-300x219.jpg\" alt=\"foto padre-eterno-guercino-galleria-sabauda-musei-reali-torino_133806\" class=\"wp-image-15500\" srcset=\"https:\/\/www.bellitalie.org\/wp-content\/uploads\/2023\/05\/padre-eterno-guercino-galleria-sabauda-musei-reali-torino_133806-300x219.jpg 300w, https:\/\/www.bellitalie.org\/wp-content\/uploads\/2023\/05\/padre-eterno-guercino-galleria-sabauda-musei-reali-torino_133806-1024x746.jpg 1024w, https:\/\/www.bellitalie.org\/wp-content\/uploads\/2023\/05\/padre-eterno-guercino-galleria-sabauda-musei-reali-torino_133806-768x560.jpg 768w, https:\/\/www.bellitalie.org\/wp-content\/uploads\/2023\/05\/padre-eterno-guercino-galleria-sabauda-musei-reali-torino_133806.jpg 1098w\" sizes=\"(max-width: 300px) 100vw, 300px\" \/><\/a><figcaption>Padre Eterno, Guercino (1646)<\/figcaption><\/figure>\n<\/figure>\n\n\n<h3>Giardini Reali<\/h3>\n<p>Nei giardini reali progettati da <strong>Andr\u00e9 le N\u00f4tre<\/strong> si scopre in particolare la <em>Fontana dei Tritoni<\/em>, e diversi settori, tra cui il Giardino del Duca che \u00e8 la parte pi\u00f9 antica, il Giardino del Boschetto, il Giardino delle Arti, le mura e il Garittone, e i Giardini inferiori<\/p>\n\n\n<figure class=\"wp-container-14 wp-block-gallery-13 wp-block-gallery has-nested-images columns-4 is-cropped\">\n<figure class=\"wp-block-image size-medium\"><a href=\"https:\/\/www.bellitalie.org\/wp-content\/uploads\/2023\/05\/fontana-delle-nereidi-e-dei-tritoni-palazzo-reale-torino_5883.jpg\"><img loading=\"lazy\" width=\"300\" height=\"200\" data-id=\"15522\"  src=\"https:\/\/www.bellitalie.org\/wp-content\/uploads\/2023\/05\/fontana-delle-nereidi-e-dei-tritoni-palazzo-reale-torino_5883-300x200.jpg\" alt=\"\" class=\"wp-image-15522\" srcset=\"https:\/\/www.bellitalie.org\/wp-content\/uploads\/2023\/05\/fontana-delle-nereidi-e-dei-tritoni-palazzo-reale-torino_5883-300x200.jpg 300w, https:\/\/www.bellitalie.org\/wp-content\/uploads\/2023\/05\/fontana-delle-nereidi-e-dei-tritoni-palazzo-reale-torino_5883-1024x683.jpg 1024w, https:\/\/www.bellitalie.org\/wp-content\/uploads\/2023\/05\/fontana-delle-nereidi-e-dei-tritoni-palazzo-reale-torino_5883-768x512.jpg 768w, https:\/\/www.bellitalie.org\/wp-content\/uploads\/2023\/05\/fontana-delle-nereidi-e-dei-tritoni-palazzo-reale-torino_5883.jpg 1200w\" sizes=\"(max-width: 300px) 100vw, 300px\" \/><\/a><figcaption>Fontana dei Nereidi e dei Tritoni<\/figcaption><\/figure>\n\n\n\n<figure class=\"wp-block-image size-medium\"><a href=\"https:\/\/www.bellitalie.org\/wp-content\/uploads\/2023\/05\/giardini-palazzo-reale-torino_5880.jpg\"><img loading=\"lazy\" width=\"300\" height=\"200\" data-id=\"15523\"  src=\"https:\/\/www.bellitalie.org\/wp-content\/uploads\/2023\/05\/giardini-palazzo-reale-torino_5880-300x200.jpg\" alt=\"\" class=\"wp-image-15523\" srcset=\"https:\/\/www.bellitalie.org\/wp-content\/uploads\/2023\/05\/giardini-palazzo-reale-torino_5880-300x200.jpg 300w, https:\/\/www.bellitalie.org\/wp-content\/uploads\/2023\/05\/giardini-palazzo-reale-torino_5880-1024x683.jpg 1024w, https:\/\/www.bellitalie.org\/wp-content\/uploads\/2023\/05\/giardini-palazzo-reale-torino_5880-768x512.jpg 768w, https:\/\/www.bellitalie.org\/wp-content\/uploads\/2023\/05\/giardini-palazzo-reale-torino_5880.jpg 1200w\" sizes=\"(max-width: 300px) 100vw, 300px\" \/><\/a><figcaption>Giardini Reali<\/figcaption><\/figure>\n\n\n\n<figure class=\"wp-block-image size-medium\"><a href=\"https:\/\/www.bellitalie.org\/wp-content\/uploads\/2023\/05\/jardins-palais-royal-turin_5882.jpg\"><img loading=\"lazy\" width=\"300\" height=\"200\" data-id=\"15524\"  src=\"https:\/\/www.bellitalie.org\/wp-content\/uploads\/2023\/05\/jardins-palais-royal-turin_5882-300x200.jpg\" alt=\"\" class=\"wp-image-15524\" srcset=\"https:\/\/www.bellitalie.org\/wp-content\/uploads\/2023\/05\/jardins-palais-royal-turin_5882-300x200.jpg 300w, https:\/\/www.bellitalie.org\/wp-content\/uploads\/2023\/05\/jardins-palais-royal-turin_5882-1024x683.jpg 1024w, https:\/\/www.bellitalie.org\/wp-content\/uploads\/2023\/05\/jardins-palais-royal-turin_5882-768x512.jpg 768w, https:\/\/www.bellitalie.org\/wp-content\/uploads\/2023\/05\/jardins-palais-royal-turin_5882.jpg 1200w\" sizes=\"(max-width: 300px) 100vw, 300px\" \/><\/a><\/figure>\n\n\n\n<figure class=\"wp-block-image size-medium\"><a href=\"https:\/\/www.bellitalie.org\/wp-content\/uploads\/2023\/05\/vista-sul-teatro-romano-palazzo-reale-torino_5819.jpg\"><img loading=\"lazy\" width=\"300\" height=\"200\" data-id=\"15532\"  src=\"https:\/\/www.bellitalie.org\/wp-content\/uploads\/2023\/05\/vista-sul-teatro-romano-palazzo-reale-torino_5819-300x200.jpg\" alt=\"\" class=\"wp-image-15532\" srcset=\"https:\/\/www.bellitalie.org\/wp-content\/uploads\/2023\/05\/vista-sul-teatro-romano-palazzo-reale-torino_5819-300x200.jpg 300w, https:\/\/www.bellitalie.org\/wp-content\/uploads\/2023\/05\/vista-sul-teatro-romano-palazzo-reale-torino_5819-1024x683.jpg 1024w, https:\/\/www.bellitalie.org\/wp-content\/uploads\/2023\/05\/vista-sul-teatro-romano-palazzo-reale-torino_5819-768x512.jpg 768w, https:\/\/www.bellitalie.org\/wp-content\/uploads\/2023\/05\/vista-sul-teatro-romano-palazzo-reale-torino_5819.jpg 1200w\" sizes=\"(max-width: 300px) 100vw, 300px\" \/><\/a><figcaption>Vista sul Teatro Romano<\/figcaption><\/figure>\n<\/figure>\n\n\n<h3>Palazzo Chiablese<\/h3>\n<p>Questo palazzo \u00e8 sede delle mostre temporanee dei Musei Reali di Torino.<\/p>\n<h2>Cartina ed indirizzo<\/h2>\n<p>Piazzetta Reale, 1, 10122 Torino<br \/><div id=\"travelersmap-container-69f7811706513\" class=\"travelersmap-container\" style=\"z-index: 1; min-height: 10px; min-width:10px; height:450px;width:100%; max-width:; max-height:; position:relative;\"><div style=\"position:absolute; z-index:-1;top: 50%;text-align: center;display: block;left: 50%;transform: translate(-50%,-50%);\">Travelers' Map is loading... <br> If you see this after your page is loaded completely, leafletJS files are missing.<\/div><\/div>\n<h2>Informazioni e fonti<\/h2>\n<ul>\n<li>Sito ufficiale : <a href=\"https:\/\/www.museireali.beniculturali.it\/\" target=\"_blank\" rel=\"noopener\">www.museireali.beniculturali.it<\/a><\/li>\n<li>Articolo Wikipedia : <a href=\"https:\/\/it.wikipedia.org\/wiki\/Musei_Reali_(Torino)\" target=\"_blank\" rel=\"noopener\">it.wikipedia.org<\/a><\/li>\n<li>Galleria archeologica : <a href=\"https:\/\/museireali.beniculturali.it\/wp-content\/uploads\/2022\/09\/3.-Percorso.pdf\" target=\"_blank\" rel=\"noopener\">museireali.beniculturali.it<\/a><\/li>\n<li>Sale del Palazzo Reale : <a href=\"https:\/\/mole24.it\/2021\/08\/27\/il-palazzo-reale-di-torino\" target=\"_blank\" rel=\"noopener\">mole24.it<\/a><\/li>\n<\/ul>\n\n\n<div class=\"wp-container-17 wp-block-columns has-background\" style=\"background-color:#dfece5\">\n<div class=\"wp-container-15 wp-block-column\">\n<p><a href=\"https:\/\/www.bellitalie.org\/it\/regione_italia\/piemonte\/\" target=\"_blank\" rel=\"noopener\"><strong>Piemonte<\/strong><\/a><\/p>\n<ul class=\"lcp_catlist2\" id=\"lcp_instance_0\"><li><a href=\"https:\/\/www.bellitalie.org\/it\/destinazione\/piemonte\/cose-da-vedere-in-piemonte\/\">Cose da vedere in Piemonte<\/a><a href=\"https:\/\/www.bellitalie.org\/it\/destinazione\/piemonte\/cose-da-vedere-in-piemonte\/\" title=\"Cose da vedere in Piemonte\"><img width=\"150\" height=\"150\" src=\"https:\/\/www.bellitalie.org\/wp-content\/uploads\/2021\/11\/abbaye-saint-michel-de-la-cluse_5085-150x150.jpg\" class=\"lcp_thumbnail wp-post-image\" alt=\"Cose da vedere in Piemonte\" loading=\"lazy\" srcset=\"https:\/\/www.bellitalie.org\/wp-content\/uploads\/2021\/11\/abbaye-saint-michel-de-la-cluse_5085-150x150.jpg 150w, https:\/\/www.bellitalie.org\/wp-content\/uploads\/2021\/11\/abbaye-saint-michel-de-la-cluse_5085-50x50.jpg 50w, https:\/\/www.bellitalie.org\/wp-content\/uploads\/2021\/11\/abbaye-saint-michel-de-la-cluse_5085-80x80.jpg 80w, https:\/\/www.bellitalie.org\/wp-content\/uploads\/2021\/11\/abbaye-saint-michel-de-la-cluse_5085-75x75.jpg 75w\" sizes=\"(max-width: 150px) 100vw, 150px\" \/><\/a><div class=\"lcp_excerpt\">Le citt\u00e0, luoghi e siti da vedere nella regione Piemonte, da Torino la capitale con ...<\/div><\/li><li><a href=\"https:\/\/www.bellitalie.org\/it\/destinazione\/piemonte\/torino\/\">Torino<\/a><a href=\"https:\/\/www.bellitalie.org\/it\/destinazione\/piemonte\/torino\/\" title=\"Torino\"><img width=\"150\" height=\"150\" src=\"https:\/\/www.bellitalie.org\/wp-content\/uploads\/2021\/09\/palazzo-reale-torino_7953-150x150.jpg\" class=\"lcp_thumbnail wp-post-image\" alt=\"Torino\" loading=\"lazy\" srcset=\"https:\/\/www.bellitalie.org\/wp-content\/uploads\/2021\/09\/palazzo-reale-torino_7953-150x150.jpg 150w, https:\/\/www.bellitalie.org\/wp-content\/uploads\/2021\/09\/palazzo-reale-torino_7953-50x50.jpg 50w, https:\/\/www.bellitalie.org\/wp-content\/uploads\/2021\/09\/palazzo-reale-torino_7953-80x80.jpg 80w, https:\/\/www.bellitalie.org\/wp-content\/uploads\/2021\/09\/palazzo-reale-torino_7953-75x75.jpg 75w\" sizes=\"(max-width: 150px) 100vw, 150px\" \/><\/a><div class=\"lcp_excerpt\">\nPur essendo nota soprattutto per essere un importante centro industriale, con le sue immense fabbriche ...<\/div><\/li><li><a href=\"https:\/\/www.bellitalie.org\/it\/destinazione\/piemonte\/val-di-susa\/sacra-di-san-michele\/\">Sacra di San Michele<\/a><a href=\"https:\/\/www.bellitalie.org\/it\/destinazione\/piemonte\/val-di-susa\/sacra-di-san-michele\/\" title=\"Sacra di San Michele\"><img width=\"150\" height=\"150\" src=\"https:\/\/www.bellitalie.org\/wp-content\/uploads\/2021\/11\/abbaye-saint-michel-de-la-cluse_5078-150x150.jpg\" class=\"lcp_thumbnail wp-post-image\" alt=\"Sacra di San Michele\" loading=\"lazy\" srcset=\"https:\/\/www.bellitalie.org\/wp-content\/uploads\/2021\/11\/abbaye-saint-michel-de-la-cluse_5078-150x150.jpg 150w, https:\/\/www.bellitalie.org\/wp-content\/uploads\/2021\/11\/abbaye-saint-michel-de-la-cluse_5078-50x50.jpg 50w, https:\/\/www.bellitalie.org\/wp-content\/uploads\/2021\/11\/abbaye-saint-michel-de-la-cluse_5078-80x80.jpg 80w, https:\/\/www.bellitalie.org\/wp-content\/uploads\/2021\/11\/abbaye-saint-michel-de-la-cluse_5078-75x75.jpg 75w\" sizes=\"(max-width: 150px) 100vw, 150px\" \/><\/a><div class=\"lcp_excerpt\">La Sacra di San Michele della Chiusa, all&#8217;entrata della Val di Susa, \u00e8 arroccata sul ...<\/div><\/li><li><a href=\"https:\/\/www.bellitalie.org\/it\/destinazione\/lombardia\/lago-maggiore\/\">Lago Maggiore<\/a><a href=\"https:\/\/www.bellitalie.org\/it\/destinazione\/lombardia\/lago-maggiore\/\" title=\"Lago Maggiore\"><img width=\"150\" height=\"150\" src=\"https:\/\/www.bellitalie.org\/wp-content\/uploads\/2021\/09\/lac-majeur_7509-150x150.jpg\" class=\"lcp_thumbnail wp-post-image\" alt=\"Lago Maggiore\" loading=\"lazy\" srcset=\"https:\/\/www.bellitalie.org\/wp-content\/uploads\/2021\/09\/lac-majeur_7509-150x150.jpg 150w, https:\/\/www.bellitalie.org\/wp-content\/uploads\/2021\/09\/lac-majeur_7509-50x50.jpg 50w, https:\/\/www.bellitalie.org\/wp-content\/uploads\/2021\/09\/lac-majeur_7509-80x80.jpg 80w, https:\/\/www.bellitalie.org\/wp-content\/uploads\/2021\/09\/lac-majeur_7509-75x75.jpg 75w\" sizes=\"(max-width: 150px) 100vw, 150px\" \/><\/a><div class=\"lcp_excerpt\">\nIl Lago Maggiore \u00e8 una delle pi\u00f9 belle destinazioni del nord Italia, la cui sponda ...<\/div><\/li><li><a href=\"https:\/\/www.bellitalie.org\/it\/destinazione\/piemonte\/val-di-susa\/\">Val di Susa<\/a><a href=\"https:\/\/www.bellitalie.org\/it\/destinazione\/piemonte\/val-di-susa\/\" title=\"Val di Susa\"><img width=\"150\" height=\"150\" src=\"https:\/\/www.bellitalie.org\/wp-content\/uploads\/2021\/11\/panorama-vallee-de-suse-abbaye-saint-michel-de-la-cluse_5113-150x150.jpg\" class=\"lcp_thumbnail wp-post-image\" alt=\"Val di Susa\" loading=\"lazy\" srcset=\"https:\/\/www.bellitalie.org\/wp-content\/uploads\/2021\/11\/panorama-vallee-de-suse-abbaye-saint-michel-de-la-cluse_5113-150x150.jpg 150w, https:\/\/www.bellitalie.org\/wp-content\/uploads\/2021\/11\/panorama-vallee-de-suse-abbaye-saint-michel-de-la-cluse_5113-50x50.jpg 50w, https:\/\/www.bellitalie.org\/wp-content\/uploads\/2021\/11\/panorama-vallee-de-suse-abbaye-saint-michel-de-la-cluse_5113-80x80.jpg 80w, https:\/\/www.bellitalie.org\/wp-content\/uploads\/2021\/11\/panorama-vallee-de-suse-abbaye-saint-michel-de-la-cluse_5113-75x75.jpg 75w\" sizes=\"(max-width: 150px) 100vw, 150px\" \/><\/a><div class=\"lcp_excerpt\">La Val di Susa \u00e8 una bella valle alpina che conduce da Torino verso le ...<\/div><\/li><li><a href=\"https:\/\/www.bellitalie.org\/it\/destinazione\/piemonte\/lago-d-orta\/\">Lago d&#8217;Orta<\/a><a href=\"https:\/\/www.bellitalie.org\/it\/destinazione\/piemonte\/lago-d-orta\/\" title=\"Lago d&#039;Orta\"><img width=\"150\" height=\"150\" src=\"https:\/\/www.bellitalie.org\/wp-content\/uploads\/2023\/05\/panorama-lac-d-orta-mont-sacre-orta_6800-150x150.jpg\" class=\"lcp_thumbnail wp-post-image\" alt=\"Lago d&#039;Orta\" loading=\"lazy\" srcset=\"https:\/\/www.bellitalie.org\/wp-content\/uploads\/2023\/05\/panorama-lac-d-orta-mont-sacre-orta_6800-150x150.jpg 150w, https:\/\/www.bellitalie.org\/wp-content\/uploads\/2023\/05\/panorama-lac-d-orta-mont-sacre-orta_6800-50x50.jpg 50w, https:\/\/www.bellitalie.org\/wp-content\/uploads\/2023\/05\/panorama-lac-d-orta-mont-sacre-orta_6800-80x80.jpg 80w, https:\/\/www.bellitalie.org\/wp-content\/uploads\/2023\/05\/panorama-lac-d-orta-mont-sacre-orta_6800-75x75.jpg 75w\" sizes=\"(max-width: 150px) 100vw, 150px\" \/><\/a><div class=\"lcp_excerpt\">\nA pochi chilometri ad ovest del Lago Maggiore, il Lago d&#8217;Orta \u00e8 una destinazione affascinante ...<\/div><\/li><li><a href=\"https:\/\/www.bellitalie.org\/it\/destinazione\/piemonte\/langhe\/alba\/\">Alba<\/a><a href=\"https:\/\/www.bellitalie.org\/it\/destinazione\/piemonte\/langhe\/alba\/\" title=\"Alba\"><img width=\"150\" height=\"150\" src=\"https:\/\/www.bellitalie.org\/wp-content\/uploads\/2021\/09\/piazza-duomo-alba-langhe_4711-150x150.jpg\" class=\"lcp_thumbnail wp-post-image\" alt=\"Alba\" loading=\"lazy\" srcset=\"https:\/\/www.bellitalie.org\/wp-content\/uploads\/2021\/09\/piazza-duomo-alba-langhe_4711-150x150.jpg 150w, https:\/\/www.bellitalie.org\/wp-content\/uploads\/2021\/09\/piazza-duomo-alba-langhe_4711-50x50.jpg 50w, https:\/\/www.bellitalie.org\/wp-content\/uploads\/2021\/09\/piazza-duomo-alba-langhe_4711-80x80.jpg 80w, https:\/\/www.bellitalie.org\/wp-content\/uploads\/2021\/09\/piazza-duomo-alba-langhe_4711-75x75.jpg 75w\" sizes=\"(max-width: 150px) 100vw, 150px\" \/><\/a><div class=\"lcp_excerpt\">\nCapitale delle Langhe, Alba fu un potente insediamento romano, oggi una piccola citt\u00e0 che \u00e8 ...<\/div><\/li><li><a href=\"https:\/\/www.bellitalie.org\/it\/destinazione\/piemonte\/asti\/\">Asti<\/a><a href=\"https:\/\/www.bellitalie.org\/it\/destinazione\/piemonte\/asti\/\" title=\"Asti\"><img width=\"150\" height=\"150\" src=\"https:\/\/www.bellitalie.org\/wp-content\/uploads\/2021\/09\/asti_7883-150x150.jpg\" class=\"lcp_thumbnail wp-post-image\" alt=\"Asti\" loading=\"lazy\" srcset=\"https:\/\/www.bellitalie.org\/wp-content\/uploads\/2021\/09\/asti_7883-150x150.jpg 150w, https:\/\/www.bellitalie.org\/wp-content\/uploads\/2021\/09\/asti_7883-50x50.jpg 50w, https:\/\/www.bellitalie.org\/wp-content\/uploads\/2021\/09\/asti_7883-80x80.jpg 80w, https:\/\/www.bellitalie.org\/wp-content\/uploads\/2021\/09\/asti_7883-75x75.jpg 75w\" sizes=\"(max-width: 150px) 100vw, 150px\" \/><\/a><div class=\"lcp_excerpt\">\nAsti \u00e8 capoluogo dell&#8217;omonima provincia, in Piemonte, abitata nel 2021 da quasi 14.000 abitanti. Si ...<\/div><\/li><li><a href=\"https:\/\/www.bellitalie.org\/it\/destinazione\/piemonte\/cuneo-e-dintorni-2\/\">Cuneo e dintorni<\/a><a href=\"https:\/\/www.bellitalie.org\/it\/destinazione\/piemonte\/cuneo-e-dintorni-2\/\" title=\"Cuneo e dintorni\"><img width=\"150\" height=\"150\" src=\"https:\/\/www.bellitalie.org\/wp-content\/uploads\/2021\/07\/santuario-di-san-magno_0506-150x150.jpg\" class=\"lcp_thumbnail wp-post-image\" alt=\"Cuneo e dintorni\" loading=\"lazy\" srcset=\"https:\/\/www.bellitalie.org\/wp-content\/uploads\/2021\/07\/santuario-di-san-magno_0506-150x150.jpg 150w, https:\/\/www.bellitalie.org\/wp-content\/uploads\/2021\/07\/santuario-di-san-magno_0506-50x50.jpg 50w, https:\/\/www.bellitalie.org\/wp-content\/uploads\/2021\/07\/santuario-di-san-magno_0506-80x80.jpg 80w, https:\/\/www.bellitalie.org\/wp-content\/uploads\/2021\/07\/santuario-di-san-magno_0506-75x75.jpg 75w\" sizes=\"(max-width: 150px) 100vw, 150px\" \/><\/a><div class=\"lcp_excerpt\">Graziosa e accogliente citt\u00e0, Cuneo si trova ai piedi delle Alpi alla confluenza di due ...<\/div><\/li><li><a href=\"https:\/\/www.bellitalie.org\/it\/destinazione\/piemonte\/langhe\/\">Langhe<\/a><a href=\"https:\/\/www.bellitalie.org\/it\/destinazione\/piemonte\/langhe\/\" title=\"Langhe\"><img width=\"150\" height=\"150\" src=\"https:\/\/www.bellitalie.org\/wp-content\/uploads\/2023\/06\/vista-barolo-monteforte-d-alba_6285-150x150.jpg\" class=\"lcp_thumbnail wp-post-image\" alt=\"Langhe\" loading=\"lazy\" srcset=\"https:\/\/www.bellitalie.org\/wp-content\/uploads\/2023\/06\/vista-barolo-monteforte-d-alba_6285-150x150.jpg 150w, https:\/\/www.bellitalie.org\/wp-content\/uploads\/2023\/06\/vista-barolo-monteforte-d-alba_6285-50x50.jpg 50w, https:\/\/www.bellitalie.org\/wp-content\/uploads\/2023\/06\/vista-barolo-monteforte-d-alba_6285-80x80.jpg 80w, https:\/\/www.bellitalie.org\/wp-content\/uploads\/2023\/06\/vista-barolo-monteforte-d-alba_6285-75x75.jpg 75w\" sizes=\"(max-width: 150px) 100vw, 150px\" \/><\/a><div class=\"lcp_excerpt\">Il territorio delle Langhe \u00e8 una terra di vini elaborati, con le sue colline coperte ...<\/div><\/li><li><a href=\"https:\/\/www.bellitalie.org\/it\/destinazione\/piemonte\/monferrato-astigiano-e-basso\/\">Monferrata Astigiano e Basso Monferrato<\/a><a href=\"https:\/\/www.bellitalie.org\/it\/destinazione\/piemonte\/monferrato-astigiano-e-basso\/\" title=\"Monferrata Astigiano e Basso Monferrato\"><img width=\"150\" height=\"150\" src=\"https:\/\/www.bellitalie.org\/wp-content\/uploads\/2021\/10\/montiglio-monferrato_6351-150x150.jpg\" class=\"lcp_thumbnail wp-post-image\" alt=\"Monferrata Astigiano e Basso Monferrato\" loading=\"lazy\" srcset=\"https:\/\/www.bellitalie.org\/wp-content\/uploads\/2021\/10\/montiglio-monferrato_6351-150x150.jpg 150w, https:\/\/www.bellitalie.org\/wp-content\/uploads\/2021\/10\/montiglio-monferrato_6351-50x50.jpg 50w, https:\/\/www.bellitalie.org\/wp-content\/uploads\/2021\/10\/montiglio-monferrato_6351-80x80.jpg 80w, https:\/\/www.bellitalie.org\/wp-content\/uploads\/2021\/10\/montiglio-monferrato_6351-75x75.jpg 75w\" sizes=\"(max-width: 150px) 100vw, 150px\" \/><\/a><div class=\"lcp_excerpt\">Il Monferrato Astigiano e il Basso Monferrato a nord e ad ovest della provincia di ...<\/div><\/li><li><a href=\"https:\/\/www.bellitalie.org\/it\/destinazione\/piemonte\/roero-e-dintorni\">Roero e dintorni<\/a><a href=\"https:\/\/www.bellitalie.org\/it\/destinazione\/piemonte\/roero-e-dintorni\" title=\"Roero e dintorni\"><img width=\"150\" height=\"150\" src=\"https:\/\/www.bellitalie.org\/wp-content\/uploads\/2021\/03\/parco-giardini-della-rocca-bra_6201-150x150.jpg\" class=\"lcp_thumbnail wp-post-image\" alt=\"Roero e dintorni\" loading=\"lazy\" srcset=\"https:\/\/www.bellitalie.org\/wp-content\/uploads\/2021\/03\/parco-giardini-della-rocca-bra_6201-150x150.jpg 150w, https:\/\/www.bellitalie.org\/wp-content\/uploads\/2021\/03\/parco-giardini-della-rocca-bra_6201-50x50.jpg 50w, https:\/\/www.bellitalie.org\/wp-content\/uploads\/2021\/03\/parco-giardini-della-rocca-bra_6201-80x80.jpg 80w, https:\/\/www.bellitalie.org\/wp-content\/uploads\/2021\/03\/parco-giardini-della-rocca-bra_6201-75x75.jpg 75w\" sizes=\"(max-width: 150px) 100vw, 150px\" \/><\/a><div class=\"lcp_excerpt\">\nIl Roero \u00e8 con le Langhe e il Monferrato l&#8217;altra regione vinicola storica del Piemonte, ...<\/div><\/li><li><a href=\"https:\/\/www.bellitalie.org\/it\/destinazione\/piemonte\/domodossola-e-valli-ossolane\/\">Domodossola e Valli Ossolane<\/a><a href=\"https:\/\/www.bellitalie.org\/it\/destinazione\/piemonte\/domodossola-e-valli-ossolane\/\" title=\"Domodossola e Valli Ossolane\"><img width=\"150\" height=\"150\" src=\"https:\/\/www.bellitalie.org\/wp-content\/uploads\/2021\/09\/domodossola_1461-150x150.jpg\" class=\"lcp_thumbnail wp-post-image\" alt=\"Domodossola e Valli Ossolane\" loading=\"lazy\" srcset=\"https:\/\/www.bellitalie.org\/wp-content\/uploads\/2021\/09\/domodossola_1461-150x150.jpg 150w, https:\/\/www.bellitalie.org\/wp-content\/uploads\/2021\/09\/domodossola_1461-50x50.jpg 50w, https:\/\/www.bellitalie.org\/wp-content\/uploads\/2021\/09\/domodossola_1461-80x80.jpg 80w, https:\/\/www.bellitalie.org\/wp-content\/uploads\/2021\/09\/domodossola_1461-75x75.jpg 75w\" sizes=\"(max-width: 150px) 100vw, 150px\" \/><\/a><div class=\"lcp_excerpt\">\nValli Ossolane\nA nord-ovest del Lago Maggiore, le Valli Ossolane sono una bellissima piccola regione con ...<\/div><\/li><li><a href=\"https:\/\/www.bellitalie.org\/it\/destinazione\/piemonte\/la-valsesia\/\">La Valsesia<\/a><a href=\"https:\/\/www.bellitalie.org\/it\/destinazione\/piemonte\/la-valsesia\/\" title=\"La Valsesia\"><img width=\"150\" height=\"150\" src=\"https:\/\/www.bellitalie.org\/wp-content\/uploads\/2021\/08\/mont-sacre-de-varallo_6659-150x150.jpg\" class=\"lcp_thumbnail wp-post-image\" alt=\"La Valsesia\" loading=\"lazy\" srcset=\"https:\/\/www.bellitalie.org\/wp-content\/uploads\/2021\/08\/mont-sacre-de-varallo_6659-150x150.jpg 150w, https:\/\/www.bellitalie.org\/wp-content\/uploads\/2021\/08\/mont-sacre-de-varallo_6659-50x50.jpg 50w, https:\/\/www.bellitalie.org\/wp-content\/uploads\/2021\/08\/mont-sacre-de-varallo_6659-80x80.jpg 80w, https:\/\/www.bellitalie.org\/wp-content\/uploads\/2021\/08\/mont-sacre-de-varallo_6659-75x75.jpg 75w\" sizes=\"(max-width: 150px) 100vw, 150px\" \/><\/a><div class=\"lcp_excerpt\">\nMeno frequentata delle vicine valli alpine, la Valsesia ha tuttavia interessanti ricchezze naturali e culturali. ...<\/div><\/li><li><a href=\"https:\/\/www.bellitalie.org\/it\/destinazione\/piemonte\/saluzzo-e-dintorni\/\">Saluzzo e dintorni<\/a><a href=\"https:\/\/www.bellitalie.org\/it\/destinazione\/piemonte\/saluzzo-e-dintorni\/\" title=\"Saluzzo e dintorni\"><img width=\"150\" height=\"150\" src=\"https:\/\/www.bellitalie.org\/wp-content\/uploads\/2023\/06\/torre-civico-saluzzo_6222-150x150.jpg\" class=\"lcp_thumbnail wp-post-image\" alt=\"Saluzzo e dintorni\" loading=\"lazy\" srcset=\"https:\/\/www.bellitalie.org\/wp-content\/uploads\/2023\/06\/torre-civico-saluzzo_6222-150x150.jpg 150w, https:\/\/www.bellitalie.org\/wp-content\/uploads\/2023\/06\/torre-civico-saluzzo_6222-50x50.jpg 50w, https:\/\/www.bellitalie.org\/wp-content\/uploads\/2023\/06\/torre-civico-saluzzo_6222-80x80.jpg 80w, https:\/\/www.bellitalie.org\/wp-content\/uploads\/2023\/06\/torre-civico-saluzzo_6222-75x75.jpg 75w\" sizes=\"(max-width: 150px) 100vw, 150px\" \/><\/a><div class=\"lcp_excerpt\">\nAi piedi dei contrafforti alpini del Monviso, Saluzzo \u00e8 una picola citt\u00e0 di circa 17.000 ...<\/div><\/li><li><a href=\"https:\/\/www.bellitalie.org\/it\/destinazione\/piemonte\/val-di-susa\/susa\/\">Susa<\/a><a href=\"https:\/\/www.bellitalie.org\/it\/destinazione\/piemonte\/val-di-susa\/susa\/\" title=\"Susa\"><img width=\"150\" height=\"150\" src=\"https:\/\/www.bellitalie.org\/wp-content\/uploads\/2021\/09\/suse-italie_7843-150x150.jpg\" class=\"lcp_thumbnail wp-post-image\" alt=\"Susa\" loading=\"lazy\" srcset=\"https:\/\/www.bellitalie.org\/wp-content\/uploads\/2021\/09\/suse-italie_7843-150x150.jpg 150w, https:\/\/www.bellitalie.org\/wp-content\/uploads\/2021\/09\/suse-italie_7843-50x50.jpg 50w, https:\/\/www.bellitalie.org\/wp-content\/uploads\/2021\/09\/suse-italie_7843-80x80.jpg 80w, https:\/\/www.bellitalie.org\/wp-content\/uploads\/2021\/09\/suse-italie_7843-75x75.jpg 75w\" sizes=\"(max-width: 150px) 100vw, 150px\" \/><\/a><div class=\"lcp_excerpt\">\nSusa \u00e8 una piccola citt\u00e0 della Val di Susa, che conserva dalla sua lunga storia ...<\/div><\/li><li><a href=\"https:\/\/www.bellitalie.org\/it\/destinazione\/piemonte\/il-canavese-e-il-biellese-a-nord-di-torino\/#Sacro_Monte_di_Oropa\">Sacro Monte di Oropa<\/a><a href=\"https:\/\/www.bellitalie.org\/it\/destinazione\/piemonte\/il-canavese-e-il-biellese-a-nord-di-torino\/#Sacro_Monte_di_Oropa\" title=\"Sacro Monte di Oropa\"><img width=\"150\" height=\"150\" src=\"https:\/\/www.bellitalie.org\/wp-content\/uploads\/2023\/05\/monte-sacro-di-oropa_5680-150x150.jpg\" class=\"lcp_thumbnail wp-post-image\" alt=\"Sacro Monte di Oropa\" loading=\"lazy\" srcset=\"https:\/\/www.bellitalie.org\/wp-content\/uploads\/2023\/05\/monte-sacro-di-oropa_5680-150x150.jpg 150w, https:\/\/www.bellitalie.org\/wp-content\/uploads\/2023\/05\/monte-sacro-di-oropa_5680-50x50.jpg 50w, https:\/\/www.bellitalie.org\/wp-content\/uploads\/2023\/05\/monte-sacro-di-oropa_5680-80x80.jpg 80w, https:\/\/www.bellitalie.org\/wp-content\/uploads\/2023\/05\/monte-sacro-di-oropa_5680-75x75.jpg 75w\" sizes=\"(max-width: 150px) 100vw, 150px\" \/><\/a><div class=\"lcp_excerpt\">Il pi\u00f9 famoso e grandioso dei Sacri Monti si trova sul Monte di Oropa, al ...<\/div><\/li><li><a href=\"https:\/\/www.bellitalie.org\/it\/destinazione\/piemonte\/val-di-susa\/usseaux-e-forte-di-fenestrelle\/\">Usseaux e Forte di Fenestrelle<\/a><a href=\"https:\/\/www.bellitalie.org\/it\/destinazione\/piemonte\/val-di-susa\/usseaux-e-forte-di-fenestrelle\/\" title=\"Usseaux e Forte di Fenestrelle\"><img width=\"150\" height=\"150\" src=\"https:\/\/www.bellitalie.org\/wp-content\/uploads\/2024\/04\/forteresse-de-fenestrelle-piemont_4684-150x150.jpg\" class=\"lcp_thumbnail wp-post-image\" alt=\"Usseaux e Forte di Fenestrelle\" loading=\"lazy\" srcset=\"https:\/\/www.bellitalie.org\/wp-content\/uploads\/2024\/04\/forteresse-de-fenestrelle-piemont_4684-150x150.jpg 150w, https:\/\/www.bellitalie.org\/wp-content\/uploads\/2024\/04\/forteresse-de-fenestrelle-piemont_4684-50x50.jpg 50w, https:\/\/www.bellitalie.org\/wp-content\/uploads\/2024\/04\/forteresse-de-fenestrelle-piemont_4684-80x80.jpg 80w, https:\/\/www.bellitalie.org\/wp-content\/uploads\/2024\/04\/forteresse-de-fenestrelle-piemont_4684-75x75.jpg 75w\" sizes=\"(max-width: 150px) 100vw, 150px\" \/><\/a><div class=\"lcp_excerpt\">\nIl Val Chisone \u00e8 a sud del Val di Susa, a est della stazione sciistica ...<\/div><\/li><li><a href=\"https:\/\/www.bellitalie.org\/it\/destinazione\/piemonte\/casale-monferrato\/\">Casale Monferrato<\/a><a href=\"https:\/\/www.bellitalie.org\/it\/destinazione\/piemonte\/casale-monferrato\/\" title=\"Casale Monferrato\"><img width=\"150\" height=\"150\" src=\"https:\/\/www.bellitalie.org\/wp-content\/uploads\/2023\/06\/casale-monferrato_6570-150x150.jpg\" class=\"lcp_thumbnail wp-post-image\" alt=\"Casale Monferrato\" loading=\"lazy\" srcset=\"https:\/\/www.bellitalie.org\/wp-content\/uploads\/2023\/06\/casale-monferrato_6570-150x150.jpg 150w, https:\/\/www.bellitalie.org\/wp-content\/uploads\/2023\/06\/casale-monferrato_6570-50x50.jpg 50w, https:\/\/www.bellitalie.org\/wp-content\/uploads\/2023\/06\/casale-monferrato_6570-80x80.jpg 80w, https:\/\/www.bellitalie.org\/wp-content\/uploads\/2023\/06\/casale-monferrato_6570-75x75.jpg 75w\" sizes=\"(max-width: 150px) 100vw, 150px\" \/><\/a><div class=\"lcp_excerpt\">\nRisalente all&#8217;antichit\u00e0 romana, Casale Monferrato \u00e8 una graziosa e tranquilla cittadina con belle chiese, portici, ...<\/div><\/li><li><a href=\"https:\/\/www.bellitalie.org\/it\/destinazione\/piemonte\/vercelli\/\">Vercelli<\/a><a href=\"https:\/\/www.bellitalie.org\/it\/destinazione\/piemonte\/vercelli\/\" title=\"Vercelli\"><img width=\"150\" height=\"150\" src=\"https:\/\/www.bellitalie.org\/wp-content\/uploads\/2023\/06\/piazza-cavour-vercelli_6436-150x150.jpg\" class=\"lcp_thumbnail wp-post-image\" alt=\"Vercelli\" loading=\"lazy\" srcset=\"https:\/\/www.bellitalie.org\/wp-content\/uploads\/2023\/06\/piazza-cavour-vercelli_6436-150x150.jpg 150w, https:\/\/www.bellitalie.org\/wp-content\/uploads\/2023\/06\/piazza-cavour-vercelli_6436-50x50.jpg 50w, https:\/\/www.bellitalie.org\/wp-content\/uploads\/2023\/06\/piazza-cavour-vercelli_6436-80x80.jpg 80w, https:\/\/www.bellitalie.org\/wp-content\/uploads\/2023\/06\/piazza-cavour-vercelli_6436-75x75.jpg 75w\" sizes=\"(max-width: 150px) 100vw, 150px\" \/><\/a><div class=\"lcp_excerpt\">\nVercelli non \u00e8 la citt\u00e0 pi\u00f9 conosciuta della regione, di cui gli italiani stessi non ...<\/div><\/li><li><a href=\"https:\/\/www.bellitalie.org\/it\/destinazione\/piemonte\/il-canavese-e-il-biellese-a-nord-di-torino\/\">Ivrea, il Canavese ed il Biellese<\/a><a href=\"https:\/\/www.bellitalie.org\/it\/destinazione\/piemonte\/il-canavese-e-il-biellese-a-nord-di-torino\/\" title=\"Ivrea, il Canavese ed il Biellese\"><img width=\"150\" height=\"150\" src=\"https:\/\/www.bellitalie.org\/wp-content\/uploads\/2021\/11\/castello-ducale-di-aglie_5367-150x150.jpg\" class=\"lcp_thumbnail wp-post-image\" alt=\"Ivrea, il Canavese ed il Biellese\" loading=\"lazy\" srcset=\"https:\/\/www.bellitalie.org\/wp-content\/uploads\/2021\/11\/castello-ducale-di-aglie_5367-150x150.jpg 150w, https:\/\/www.bellitalie.org\/wp-content\/uploads\/2021\/11\/castello-ducale-di-aglie_5367-50x50.jpg 50w, https:\/\/www.bellitalie.org\/wp-content\/uploads\/2021\/11\/castello-ducale-di-aglie_5367-80x80.jpg 80w, https:\/\/www.bellitalie.org\/wp-content\/uploads\/2021\/11\/castello-ducale-di-aglie_5367-75x75.jpg 75w\" sizes=\"(max-width: 150px) 100vw, 150px\" \/><\/a><div class=\"lcp_excerpt\">Il Canavese ha come capitale Ivrea, nelle colline prealpine a nord di Torino, e il ...<\/div><\/li><li><a href=\"https:\/\/www.bellitalie.org\/it\/destinazione\/piemonte\/novara\/\">Novara<\/a><a href=\"https:\/\/www.bellitalie.org\/it\/destinazione\/piemonte\/novara\/\" title=\"Novara\"><img width=\"150\" height=\"150\" src=\"https:\/\/www.bellitalie.org\/wp-content\/uploads\/2023\/06\/cupola-di-san-gaudenzio-novara_6622-1-150x150.jpg\" class=\"lcp_thumbnail wp-post-image\" alt=\"Novara\" loading=\"lazy\" srcset=\"https:\/\/www.bellitalie.org\/wp-content\/uploads\/2023\/06\/cupola-di-san-gaudenzio-novara_6622-1-150x150.jpg 150w, https:\/\/www.bellitalie.org\/wp-content\/uploads\/2023\/06\/cupola-di-san-gaudenzio-novara_6622-1-50x50.jpg 50w, https:\/\/www.bellitalie.org\/wp-content\/uploads\/2023\/06\/cupola-di-san-gaudenzio-novara_6622-1-80x80.jpg 80w, https:\/\/www.bellitalie.org\/wp-content\/uploads\/2023\/06\/cupola-di-san-gaudenzio-novara_6622-1-75x75.jpg 75w\" sizes=\"(max-width: 150px) 100vw, 150px\" \/><\/a><div class=\"lcp_excerpt\">\nA est del Piemonte e a sud del Lago Maggiore, Novara \u00e8 la seconda citt\u00e0 ...<\/div><\/li><\/ul>\n<\/div>\n\n\n\n<div class=\"wp-container-16 wp-block-column\">\n<p><a href=\"https:\/\/www.bellitalie.org\/it\/destinazione\/piemonte\/cose-da-vedere-in-piemonte\/\" target=\"_blank\" rel=\"noopener\"><strong>Torino<\/strong><\/a><\/p>\n<ul class=\"lcp_catlist2\" id=\"lcp_instance_0\"><li><a href=\"https:\/\/www.bellitalie.org\/it\/destinazione\/piemonte\/torino\/cosa-vedere-a-torino\/\">Cosa vedere a Torino<\/a><a href=\"https:\/\/www.bellitalie.org\/it\/destinazione\/piemonte\/torino\/cosa-vedere-a-torino\/\" title=\"Cosa vedere a Torino\"><img width=\"150\" height=\"150\" src=\"https:\/\/www.bellitalie.org\/wp-content\/uploads\/2021\/09\/turin_palais_royal_7954-150x150.jpg\" class=\"lcp_thumbnail wp-post-image\" alt=\"Cosa vedere a Torino\" loading=\"lazy\" srcset=\"https:\/\/www.bellitalie.org\/wp-content\/uploads\/2021\/09\/turin_palais_royal_7954-150x150.jpg 150w, https:\/\/www.bellitalie.org\/wp-content\/uploads\/2021\/09\/turin_palais_royal_7954-50x50.jpg 50w, https:\/\/www.bellitalie.org\/wp-content\/uploads\/2021\/09\/turin_palais_royal_7954-80x80.jpg 80w, https:\/\/www.bellitalie.org\/wp-content\/uploads\/2021\/09\/turin_palais_royal_7954-75x75.jpg 75w\" sizes=\"(max-width: 150px) 100vw, 150px\" \/><\/a><div class=\"lcp_excerpt\">\nVedi anche sotto la mappa interattiva di Torino con le principali attrazioni della citt\u00e0.\n1. Piazza ...<\/div><\/li><li><a href=\"https:\/\/www.bellitalie.org\/it\/destinazione\/piemonte\/torino\/piazza-castello-di-torino\/\">Piazza Castello di Torino<\/a><a href=\"https:\/\/www.bellitalie.org\/it\/destinazione\/piemonte\/torino\/piazza-castello-di-torino\/\" title=\"Piazza Castello di Torino\"><img width=\"150\" height=\"150\" src=\"https:\/\/www.bellitalie.org\/wp-content\/uploads\/2023\/05\/piazza-castello-torino_5751-150x150.jpg\" class=\"lcp_thumbnail wp-post-image\" alt=\"Piazza Castello di Torino\" loading=\"lazy\" srcset=\"https:\/\/www.bellitalie.org\/wp-content\/uploads\/2023\/05\/piazza-castello-torino_5751-150x150.jpg 150w, https:\/\/www.bellitalie.org\/wp-content\/uploads\/2023\/05\/piazza-castello-torino_5751-50x50.jpg 50w, https:\/\/www.bellitalie.org\/wp-content\/uploads\/2023\/05\/piazza-castello-torino_5751-80x80.jpg 80w, https:\/\/www.bellitalie.org\/wp-content\/uploads\/2023\/05\/piazza-castello-torino_5751-75x75.jpg 75w\" sizes=\"(max-width: 150px) 100vw, 150px\" \/><\/a><div class=\"lcp_excerpt\">\nPiazza Castello \u00e8 una piazza pedonale da secoli nel cuore di Torino, centro storico del ...<\/div><\/li><li><a href=\"https:\/\/www.bellitalie.org\/it\/destinazione\/piemonte\/torino\/museo-egizio-di-torino\/\">Museo Egizio di Torino<\/a><a href=\"https:\/\/www.bellitalie.org\/it\/destinazione\/piemonte\/torino\/museo-egizio-di-torino\/\" title=\"Museo Egizio di Torino\"><img width=\"150\" height=\"150\" src=\"https:\/\/www.bellitalie.org\/wp-content\/uploads\/2023\/05\/sarcofago-museo-egizio-torino_6026-150x150.jpg\" class=\"lcp_thumbnail wp-post-image\" alt=\"Museo Egizio di Torino\" loading=\"lazy\" srcset=\"https:\/\/www.bellitalie.org\/wp-content\/uploads\/2023\/05\/sarcofago-museo-egizio-torino_6026-150x150.jpg 150w, https:\/\/www.bellitalie.org\/wp-content\/uploads\/2023\/05\/sarcofago-museo-egizio-torino_6026-50x50.jpg 50w, https:\/\/www.bellitalie.org\/wp-content\/uploads\/2023\/05\/sarcofago-museo-egizio-torino_6026-80x80.jpg 80w, https:\/\/www.bellitalie.org\/wp-content\/uploads\/2023\/05\/sarcofago-museo-egizio-torino_6026-75x75.jpg 75w\" sizes=\"(max-width: 150px) 100vw, 150px\" \/><\/a><div class=\"lcp_excerpt\">\nIl Museo delle Antichit\u00e0 Egizie di Torino \u00e8 il secondo museo al mondo dedicato al ...<\/div><\/li><li><a href=\"https:\/\/www.bellitalie.org\/it\/destinazione\/piemonte\/torino\/mole-antonelliana-torino\/\">Mole Antonelliana<\/a><a href=\"https:\/\/www.bellitalie.org\/it\/destinazione\/piemonte\/torino\/mole-antonelliana-torino\/\" title=\"Mole Antonelliana\"><img width=\"150\" height=\"150\" src=\"https:\/\/www.bellitalie.org\/wp-content\/uploads\/2021\/09\/mole-antonelliana-torino_8003-150x150.jpg\" class=\"lcp_thumbnail wp-post-image\" alt=\"Mole Antonelliana\" loading=\"lazy\" srcset=\"https:\/\/www.bellitalie.org\/wp-content\/uploads\/2021\/09\/mole-antonelliana-torino_8003-150x150.jpg 150w, https:\/\/www.bellitalie.org\/wp-content\/uploads\/2021\/09\/mole-antonelliana-torino_8003-50x50.jpg 50w, https:\/\/www.bellitalie.org\/wp-content\/uploads\/2021\/09\/mole-antonelliana-torino_8003-80x80.jpg 80w, https:\/\/www.bellitalie.org\/wp-content\/uploads\/2021\/09\/mole-antonelliana-torino_8003-75x75.jpg 75w\" sizes=\"(max-width: 150px) 100vw, 150px\" \/><\/a><div class=\"lcp_excerpt\">\nLa Mole Antonelliana \u00e8 associata all&#8217;immagine di Torino di cui \u00e8 diventata il simbolo. Questo ...<\/div><\/li><li><a href=\"https:\/\/www.bellitalie.org\/it\/destinazione\/piemonte\/torino\/cattedrale-di-san-giovanni-battista-torino\/\">Cattedrale di San Giovanni Battista di Torino<\/a><a href=\"https:\/\/www.bellitalie.org\/it\/destinazione\/piemonte\/torino\/cattedrale-di-san-giovanni-battista-torino\/\" title=\"Cattedrale di San Giovanni Battista di Torino\"><img width=\"150\" height=\"150\" src=\"https:\/\/www.bellitalie.org\/wp-content\/uploads\/2021\/09\/duomo-san-giovanni_battista-torino_6124-150x150.jpg\" class=\"lcp_thumbnail wp-post-image\" alt=\"Cattedrale di San Giovanni Battista di Torino\" loading=\"lazy\" srcset=\"https:\/\/www.bellitalie.org\/wp-content\/uploads\/2021\/09\/duomo-san-giovanni_battista-torino_6124-150x150.jpg 150w, https:\/\/www.bellitalie.org\/wp-content\/uploads\/2021\/09\/duomo-san-giovanni_battista-torino_6124-50x50.jpg 50w, https:\/\/www.bellitalie.org\/wp-content\/uploads\/2021\/09\/duomo-san-giovanni_battista-torino_6124-80x80.jpg 80w, https:\/\/www.bellitalie.org\/wp-content\/uploads\/2021\/09\/duomo-san-giovanni_battista-torino_6124-75x75.jpg 75w\" sizes=\"(max-width: 150px) 100vw, 150px\" \/><\/a><div class=\"lcp_excerpt\">\nLa Cattedrale di San Giovanni Battista \u00e8 una delle poche chiese rinascimentali della zona di ...<\/div><\/li><li><a href=\"https:\/\/www.bellitalie.org\/it\/destinazione\/piemonte\/torino\/piazza-san-carlo-di-torino\/\">Piazza San Carlo di Torino<\/a><a href=\"https:\/\/www.bellitalie.org\/it\/destinazione\/piemonte\/torino\/piazza-san-carlo-di-torino\/\" title=\"Piazza San Carlo di Torino\"><img width=\"150\" height=\"150\" src=\"https:\/\/www.bellitalie.org\/wp-content\/uploads\/2023\/06\/piazza-san-carlo-torino_6099-150x150.jpg\" class=\"lcp_thumbnail wp-post-image\" alt=\"Piazza San Carlo di Torino\" loading=\"lazy\" srcset=\"https:\/\/www.bellitalie.org\/wp-content\/uploads\/2023\/06\/piazza-san-carlo-torino_6099-150x150.jpg 150w, https:\/\/www.bellitalie.org\/wp-content\/uploads\/2023\/06\/piazza-san-carlo-torino_6099-50x50.jpg 50w, https:\/\/www.bellitalie.org\/wp-content\/uploads\/2023\/06\/piazza-san-carlo-torino_6099-80x80.jpg 80w, https:\/\/www.bellitalie.org\/wp-content\/uploads\/2023\/06\/piazza-san-carlo-torino_6099-75x75.jpg 75w\" sizes=\"(max-width: 150px) 100vw, 150px\" \/><\/a><div class=\"lcp_excerpt\">\nGrande piazza pedonale di Torino, Piazza San Carlo \u00e8 probabilmente la pi\u00f9 bella della citt\u00e0 ...<\/div><\/li><li><a href=\"https:\/\/www.bellitalie.org\/it\/destinazione\/piemonte\/torino\/palazzo-madama\/\">Palazzo Madama<\/a><a href=\"https:\/\/www.bellitalie.org\/it\/destinazione\/piemonte\/torino\/palazzo-madama\/\" title=\"Palazzo Madama\"><img width=\"150\" height=\"150\" src=\"https:\/\/www.bellitalie.org\/wp-content\/uploads\/2023\/06\/palais-madame-turin_5894-150x150.jpg\" class=\"lcp_thumbnail wp-post-image\" alt=\"Palazzo Madama\" loading=\"lazy\" srcset=\"https:\/\/www.bellitalie.org\/wp-content\/uploads\/2023\/06\/palais-madame-turin_5894-150x150.jpg 150w, https:\/\/www.bellitalie.org\/wp-content\/uploads\/2023\/06\/palais-madame-turin_5894-50x50.jpg 50w, https:\/\/www.bellitalie.org\/wp-content\/uploads\/2023\/06\/palais-madame-turin_5894-80x80.jpg 80w, https:\/\/www.bellitalie.org\/wp-content\/uploads\/2023\/06\/palais-madame-turin_5894-75x75.jpg 75w\" sizes=\"(max-width: 150px) 100vw, 150px\" \/><\/a><div class=\"lcp_excerpt\">\nSituato in Piazza Castello, il Palazzo Madama \u00e8 uno degli edifici pi\u00f9 importanti della regione, ...<\/div><\/li><li><a href=\"https:\/\/www.bellitalie.org\/it\/destinazione\/piemonte\/torino\/porta-palatina-di-torino\/\">Porta Palatina di Torino<\/a><a href=\"https:\/\/www.bellitalie.org\/it\/destinazione\/piemonte\/torino\/porta-palatina-di-torino\/\" title=\"Porta Palatina di Torino\"><img width=\"150\" height=\"150\" src=\"https:\/\/www.bellitalie.org\/wp-content\/uploads\/2021\/09\/porta-palatina-torino_7968-150x150.jpg\" class=\"lcp_thumbnail wp-post-image\" alt=\"Porta Palatina di Torino\" loading=\"lazy\" srcset=\"https:\/\/www.bellitalie.org\/wp-content\/uploads\/2021\/09\/porta-palatina-torino_7968-150x150.jpg 150w, https:\/\/www.bellitalie.org\/wp-content\/uploads\/2021\/09\/porta-palatina-torino_7968-50x50.jpg 50w, https:\/\/www.bellitalie.org\/wp-content\/uploads\/2021\/09\/porta-palatina-torino_7968-80x80.jpg 80w, https:\/\/www.bellitalie.org\/wp-content\/uploads\/2021\/09\/porta-palatina-torino_7968-75x75.jpg 75w\" sizes=\"(max-width: 150px) 100vw, 150px\" \/><\/a><div class=\"lcp_excerpt\">\nAll&#8217;interno di una piccola area archeologica allestita nel 2006, l&#8217;attuale Porta Palatina risale all&#8217;epoca romana, ...<\/div><\/li><li><a href=\"https:\/\/www.bellitalie.org\/it\/destinazione\/piemonte\/torino\/reggia-di-venaria-reale\/\">Reggia di Venaria Reale<\/a><a href=\"https:\/\/www.bellitalie.org\/it\/destinazione\/piemonte\/torino\/reggia-di-venaria-reale\/\" title=\"Reggia di Venaria Reale\"><img width=\"150\" height=\"150\" src=\"https:\/\/www.bellitalie.org\/wp-content\/uploads\/2023\/06\/palais-royal-de-la-venaria-turin_5692-150x150.jpg\" class=\"lcp_thumbnail wp-post-image\" alt=\"Reggia di Venaria Reale\" loading=\"lazy\" srcset=\"https:\/\/www.bellitalie.org\/wp-content\/uploads\/2023\/06\/palais-royal-de-la-venaria-turin_5692-150x150.jpg 150w, https:\/\/www.bellitalie.org\/wp-content\/uploads\/2023\/06\/palais-royal-de-la-venaria-turin_5692-50x50.jpg 50w, https:\/\/www.bellitalie.org\/wp-content\/uploads\/2023\/06\/palais-royal-de-la-venaria-turin_5692-80x80.jpg 80w, https:\/\/www.bellitalie.org\/wp-content\/uploads\/2023\/06\/palais-royal-de-la-venaria-turin_5692-75x75.jpg 75w\" sizes=\"(max-width: 150px) 100vw, 150px\" \/><\/a><div class=\"lcp_excerpt\">\nLa Reggia di Venaria fu eretta su iniziativa del duca Carlo Emanuele II dall&#8217;architetto Amedeo ...<\/div><\/li><li><a href=\"https:\/\/www.bellitalie.org\/it\/destinazione\/piemonte\/torino\/altri-luoghi-e-monumenti-di-torino\/\">Altri luoghi e monumenti di Torino<\/a><a href=\"https:\/\/www.bellitalie.org\/it\/destinazione\/piemonte\/torino\/altri-luoghi-e-monumenti-di-torino\/\" title=\"Altri luoghi e monumenti di Torino\"><img width=\"150\" height=\"150\" src=\"https:\/\/www.bellitalie.org\/wp-content\/uploads\/2021\/09\/piazza-palazzo-di-citta-torino_7984-150x150.jpg\" class=\"lcp_thumbnail wp-post-image\" alt=\"Altri luoghi e monumenti di Torino\" loading=\"lazy\" srcset=\"https:\/\/www.bellitalie.org\/wp-content\/uploads\/2021\/09\/piazza-palazzo-di-citta-torino_7984-150x150.jpg 150w, https:\/\/www.bellitalie.org\/wp-content\/uploads\/2021\/09\/piazza-palazzo-di-citta-torino_7984-50x50.jpg 50w, https:\/\/www.bellitalie.org\/wp-content\/uploads\/2021\/09\/piazza-palazzo-di-citta-torino_7984-80x80.jpg 80w, https:\/\/www.bellitalie.org\/wp-content\/uploads\/2021\/09\/piazza-palazzo-di-citta-torino_7984-75x75.jpg 75w\" sizes=\"(max-width: 150px) 100vw, 150px\" \/><\/a><div class=\"lcp_excerpt\">\nQuesto articolo completa la pagina &#8220;Cosa vedere a Torino?&#8221; con immagini dei monumenti aggiuntivi.\nCuriosit\u00e0 della ...<\/div><\/li><li><a href=\"https:\/\/www.bellitalie.org\/it\/destinazione\/piemonte\/torino\/palazzina-di-caccia-di-stupinigi\/\">Palazzina di caccia di Stupinigi<\/a><a href=\"https:\/\/www.bellitalie.org\/it\/destinazione\/piemonte\/torino\/palazzina-di-caccia-di-stupinigi\/\" title=\"Palazzina di caccia di Stupinigi\"><img width=\"150\" height=\"150\" src=\"https:\/\/www.bellitalie.org\/wp-content\/uploads\/2023\/06\/palazzina-di-caccia-di-stupinigi_5708-150x150.jpg\" class=\"lcp_thumbnail wp-post-image\" alt=\"Palazzina di caccia di Stupinigi\" loading=\"lazy\" srcset=\"https:\/\/www.bellitalie.org\/wp-content\/uploads\/2023\/06\/palazzina-di-caccia-di-stupinigi_5708-150x150.jpg 150w, https:\/\/www.bellitalie.org\/wp-content\/uploads\/2023\/06\/palazzina-di-caccia-di-stupinigi_5708-50x50.jpg 50w, https:\/\/www.bellitalie.org\/wp-content\/uploads\/2023\/06\/palazzina-di-caccia-di-stupinigi_5708-80x80.jpg 80w, https:\/\/www.bellitalie.org\/wp-content\/uploads\/2023\/06\/palazzina-di-caccia-di-stupinigi_5708-75x75.jpg 75w\" sizes=\"(max-width: 150px) 100vw, 150px\" \/><\/a><div class=\"lcp_excerpt\">\nLa Palazzina di Caccia di Stupinigi \u00e8 sicuramente uno degli edifici pi\u00f9 belli del genere ...<\/div><\/li><li><a href=\"https:\/\/www.bellitalie.org\/it\/destinazione\/piemonte\/torino\/castello-di-rivoli\/\">Castello di Rivoli<\/a><a href=\"https:\/\/www.bellitalie.org\/it\/destinazione\/piemonte\/torino\/castello-di-rivoli\/\" title=\"Castello di Rivoli\"><img width=\"150\" height=\"150\" src=\"https:\/\/www.bellitalie.org\/wp-content\/uploads\/2023\/06\/chateau-de-rivoli_5704-150x150.jpg\" class=\"lcp_thumbnail wp-post-image\" alt=\"Castello di Rivoli\" loading=\"lazy\" srcset=\"https:\/\/www.bellitalie.org\/wp-content\/uploads\/2023\/06\/chateau-de-rivoli_5704-150x150.jpg 150w, https:\/\/www.bellitalie.org\/wp-content\/uploads\/2023\/06\/chateau-de-rivoli_5704-50x50.jpg 50w, https:\/\/www.bellitalie.org\/wp-content\/uploads\/2023\/06\/chateau-de-rivoli_5704-80x80.jpg 80w, https:\/\/www.bellitalie.org\/wp-content\/uploads\/2023\/06\/chateau-de-rivoli_5704-75x75.jpg 75w\" sizes=\"(max-width: 150px) 100vw, 150px\" \/><\/a><div class=\"lcp_excerpt\">\nIl Castello di Rivoli risale al IX e X secolo, diventando nel 1280 propriet\u00e0 della ...<\/div><\/li><li><a href=\"https:\/\/www.bellitalie.org\/it\/destinazione\/piemonte\/torino\/castello-reale-di-moncalieri\/\">Castello Reale di Moncalieri<\/a><a href=\"https:\/\/www.bellitalie.org\/it\/destinazione\/piemonte\/torino\/castello-reale-di-moncalieri\/\" title=\"Castello Reale di Moncalieri\"><img width=\"150\" height=\"150\" src=\"https:\/\/www.bellitalie.org\/wp-content\/uploads\/2023\/06\/castello-di-moncalieri_5716-150x150.jpg\" class=\"lcp_thumbnail wp-post-image\" alt=\"Castello Reale di Moncalieri\" loading=\"lazy\" srcset=\"https:\/\/www.bellitalie.org\/wp-content\/uploads\/2023\/06\/castello-di-moncalieri_5716-150x150.jpg 150w, https:\/\/www.bellitalie.org\/wp-content\/uploads\/2023\/06\/castello-di-moncalieri_5716-50x50.jpg 50w, https:\/\/www.bellitalie.org\/wp-content\/uploads\/2023\/06\/castello-di-moncalieri_5716-80x80.jpg 80w, https:\/\/www.bellitalie.org\/wp-content\/uploads\/2023\/06\/castello-di-moncalieri_5716-75x75.jpg 75w\" sizes=\"(max-width: 150px) 100vw, 150px\" \/><\/a><div class=\"lcp_excerpt\">\nIl Castello di Moncalieri \u00e8 un&#8217;altra delle residenze sabaude, che si trova nei dintorni di ...<\/div><\/li><li><a href=\"https:\/\/www.bellitalie.org\/it\/destinazione\/piemonte\/torino\/colline-torinesi\/\">Colline Torinesi<\/a><a href=\"https:\/\/www.bellitalie.org\/it\/destinazione\/piemonte\/torino\/colline-torinesi\/\" title=\"Colline Torinesi\"><img width=\"150\" height=\"150\" src=\"https:\/\/www.bellitalie.org\/wp-content\/uploads\/2023\/06\/colle-torinese_6177-150x150.jpg\" class=\"lcp_thumbnail wp-post-image\" alt=\"Colline Torinesi\" loading=\"lazy\" srcset=\"https:\/\/www.bellitalie.org\/wp-content\/uploads\/2023\/06\/colle-torinese_6177-150x150.jpg 150w, https:\/\/www.bellitalie.org\/wp-content\/uploads\/2023\/06\/colle-torinese_6177-50x50.jpg 50w, https:\/\/www.bellitalie.org\/wp-content\/uploads\/2023\/06\/colle-torinese_6177-80x80.jpg 80w, https:\/\/www.bellitalie.org\/wp-content\/uploads\/2023\/06\/colle-torinese_6177-75x75.jpg 75w\" sizes=\"(max-width: 150px) 100vw, 150px\" \/><\/a><div class=\"lcp_excerpt\">\nLe Colline Torinesi si trovano appena ad est di Torino e si estendono per alcune ...<\/div><\/li><\/ul>\n<\/div>\n<\/div>\n\n\n\n<p><\/p>\n","protected":false},"excerpt":{"rendered":"<p>Il sontuoso Palazzo Reale di Torino, residenza sabauda, \u00e8 oggi integrato nei Musei Reali. Questi ultimi danno anche accesso alla Cappella della Sindone di Guarini, all&#8217;Armeria Reale, alla Biblioteca Reale, al Museo dell&#8217;Antichit\u00e0, alla Pinacoteca della Galleria Sabauda e ai giardini. Palazzo Reale di Torino Il Palazzo Reale \u00e8 uno degli edifici pi\u00f9 importanti di [&hellip;]<\/p>\n","protected":false},"author":1,"featured_media":1677,"parent":25207,"menu_order":0,"comment_status":"open","ping_status":"closed","template":"","format":"standard","meta":{"_links_to":"","_links_to_target":""},"tags":[],"categorie_page":[97],"region_italie":[],"acf":[],"yoast_head":"<!-- This site is optimized with the Yoast SEO plugin v17.5 - https:\/\/yoast.com\/wordpress\/plugins\/seo\/ -->\n<title>Palazzo e Musei Reali di Torino - Bellitalie<\/title>\n<meta name=\"description\" content=\"Visita del Palazzo Reale di Torino e dei musei con le sale storiche, la cappella della sindone, l\u2019armeria, l&#039;archeologia e la pinacoteca\" \/>\n<meta name=\"robots\" content=\"index, follow, max-snippet:-1, max-image-preview:large, max-video-preview:-1\" \/>\n<link rel=\"canonical\" href=\"https:\/\/www.bellitalie.org\/it\/destinazione\/piemonte\/torino\/palazzo-e-musei-reali-di-torino\/\" \/>\n<meta property=\"og:locale\" content=\"it_IT\" \/>\n<meta property=\"og:type\" content=\"article\" \/>\n<meta property=\"og:title\" content=\"Palazzo e Musei Reali di Torino - Bellitalie\" \/>\n<meta property=\"og:description\" content=\"Visita del Palazzo Reale di Torino e dei musei con le sale storiche, la cappella della sindone, l\u2019armeria, l&#039;archeologia e la pinacoteca\" \/>\n<meta property=\"og:url\" content=\"https:\/\/www.bellitalie.org\/it\/destinazione\/piemonte\/torino\/palazzo-e-musei-reali-di-torino\/\" \/>\n<meta property=\"og:site_name\" content=\"Bellitalie\" \/>\n<meta property=\"article:modified_time\" content=\"2023-10-10T09:17:23+00:00\" \/>\n<meta property=\"og:image\" content=\"https:\/\/www.bellitalie.org\/wp-content\/uploads\/2021\/09\/palazzo-reale-torino_7953.jpg\" \/>\n\t<meta property=\"og:image:width\" content=\"1200\" \/>\n\t<meta property=\"og:image:height\" content=\"800\" \/>\n<meta name=\"twitter:card\" content=\"summary_large_image\" \/>\n<meta name=\"twitter:label1\" content=\"Tempo di lettura stimato\" \/>\n\t<meta name=\"twitter:data1\" content=\"14 minuti\" \/>\n<script type=\"application\/ld+json\" class=\"yoast-schema-graph\">{\"@context\":\"https:\/\/schema.org\",\"@graph\":[{\"@type\":\"WebSite\",\"@id\":\"https:\/\/www.bellitalie.org\/#website\",\"url\":\"https:\/\/www.bellitalie.org\/\",\"name\":\"Bellitalie\",\"description\":\"Regioni, citt\\u00e0 e patrimonio dell'Italia da nord a sud\",\"potentialAction\":[{\"@type\":\"SearchAction\",\"target\":{\"@type\":\"EntryPoint\",\"urlTemplate\":\"https:\/\/www.bellitalie.org\/?s={search_term_string}\"},\"query-input\":\"required name=search_term_string\"}],\"inLanguage\":\"it-IT\"},{\"@type\":\"ImageObject\",\"@id\":\"https:\/\/www.bellitalie.org\/it\/destinazione\/piemonte\/torino\/palazzo-e-musei-reali-di-torino\/#primaryimage\",\"inLanguage\":\"it-IT\",\"url\":\"https:\/\/www.bellitalie.org\/wp-content\/uploads\/2021\/09\/palazzo-reale-torino_7953.jpg\",\"contentUrl\":\"https:\/\/www.bellitalie.org\/wp-content\/uploads\/2021\/09\/palazzo-reale-torino_7953.jpg\",\"width\":1200,\"height\":800,\"caption\":\"Palais Royal, Turin\"},{\"@type\":\"WebPage\",\"@id\":\"https:\/\/www.bellitalie.org\/it\/destinazione\/piemonte\/torino\/palazzo-e-musei-reali-di-torino\/#webpage\",\"url\":\"https:\/\/www.bellitalie.org\/it\/destinazione\/piemonte\/torino\/palazzo-e-musei-reali-di-torino\/\",\"name\":\"Palazzo e Musei Reali di Torino - Bellitalie\",\"isPartOf\":{\"@id\":\"https:\/\/www.bellitalie.org\/#website\"},\"primaryImageOfPage\":{\"@id\":\"https:\/\/www.bellitalie.org\/it\/destinazione\/piemonte\/torino\/palazzo-e-musei-reali-di-torino\/#primaryimage\"},\"datePublished\":\"2021-09-30T21:54:00+00:00\",\"dateModified\":\"2023-10-10T09:17:23+00:00\",\"description\":\"Visita del Palazzo Reale di Torino e dei musei con le sale storiche, la cappella della sindone, l\\u2019armeria, l'archeologia e la pinacoteca\",\"breadcrumb\":{\"@id\":\"https:\/\/www.bellitalie.org\/it\/destinazione\/piemonte\/torino\/palazzo-e-musei-reali-di-torino\/#breadcrumb\"},\"inLanguage\":\"it-IT\",\"potentialAction\":[{\"@type\":\"ReadAction\",\"target\":[\"https:\/\/www.bellitalie.org\/it\/destinazione\/piemonte\/torino\/palazzo-e-musei-reali-di-torino\/\"]}]},{\"@type\":\"BreadcrumbList\",\"@id\":\"https:\/\/www.bellitalie.org\/it\/destinazione\/piemonte\/torino\/palazzo-e-musei-reali-di-torino\/#breadcrumb\",\"itemListElement\":[{\"@type\":\"ListItem\",\"position\":1,\"name\":\"Accueil\",\"item\":\"https:\/\/www.bellitalie.org\/it\/\"},{\"@type\":\"ListItem\",\"position\":2,\"name\":\"Piemonte\",\"item\":\"https:\/\/www.bellitalie.org\/it\/destinazione\/piemonte\/\"},{\"@type\":\"ListItem\",\"position\":3,\"name\":\"Torino\",\"item\":\"https:\/\/www.bellitalie.org\/it\/destinazione\/piemonte\/torino\/\"},{\"@type\":\"ListItem\",\"position\":4,\"name\":\"Palazzo e Musei Reali di Torino\"}]},{\"@type\":\"Person\",\"@id\":\"https:\/\/www.bellitalie.org\/#\/schema\/person\/6f25c64f0b5df6df0b93a2be44045da5\",\"name\":\"Bellitalie\",\"image\":{\"@type\":\"ImageObject\",\"@id\":\"https:\/\/www.bellitalie.org\/#personlogo\",\"inLanguage\":\"it-IT\",\"url\":\"https:\/\/secure.gravatar.com\/avatar\/ad516503a11cd5ca435acc9bb6523536?s=96\",\"contentUrl\":\"https:\/\/secure.gravatar.com\/avatar\/ad516503a11cd5ca435acc9bb6523536?s=96\",\"caption\":\"Bellitalie\"},\"sameAs\":[\"https:\/\/www.bellitalie.org\"]}]}<\/script>\n<!-- \/ Yoast SEO plugin. -->","yoast_head_json":{"title":"Palazzo e Musei Reali di Torino - Bellitalie","description":"Visita del Palazzo Reale di Torino e dei musei con le sale storiche, la cappella della sindone, l\u2019armeria, l'archeologia e la pinacoteca","robots":{"index":"index","follow":"follow","max-snippet":"max-snippet:-1","max-image-preview":"max-image-preview:large","max-video-preview":"max-video-preview:-1"},"canonical":"https:\/\/www.bellitalie.org\/it\/destinazione\/piemonte\/torino\/palazzo-e-musei-reali-di-torino\/","og_locale":"it_IT","og_type":"article","og_title":"Palazzo e Musei Reali di Torino - Bellitalie","og_description":"Visita del Palazzo Reale di Torino e dei musei con le sale storiche, la cappella della sindone, l\u2019armeria, l'archeologia e la pinacoteca","og_url":"https:\/\/www.bellitalie.org\/it\/destinazione\/piemonte\/torino\/palazzo-e-musei-reali-di-torino\/","og_site_name":"Bellitalie","article_modified_time":"2023-10-10T09:17:23+00:00","og_image":[{"width":1200,"height":800,"url":"https:\/\/www.bellitalie.org\/wp-content\/uploads\/2021\/09\/palazzo-reale-torino_7953.jpg","type":"image\/jpeg"}],"twitter_card":"summary_large_image","twitter_misc":{"Tempo di lettura stimato":"14 minuti"},"schema":{"@context":"https:\/\/schema.org","@graph":[{"@type":"WebSite","@id":"https:\/\/www.bellitalie.org\/#website","url":"https:\/\/www.bellitalie.org\/","name":"Bellitalie","description":"Regioni, citt\u00e0 e patrimonio dell'Italia da nord a sud","potentialAction":[{"@type":"SearchAction","target":{"@type":"EntryPoint","urlTemplate":"https:\/\/www.bellitalie.org\/?s={search_term_string}"},"query-input":"required name=search_term_string"}],"inLanguage":"it-IT"},{"@type":"ImageObject","@id":"https:\/\/www.bellitalie.org\/it\/destinazione\/piemonte\/torino\/palazzo-e-musei-reali-di-torino\/#primaryimage","inLanguage":"it-IT","url":"https:\/\/www.bellitalie.org\/wp-content\/uploads\/2021\/09\/palazzo-reale-torino_7953.jpg","contentUrl":"https:\/\/www.bellitalie.org\/wp-content\/uploads\/2021\/09\/palazzo-reale-torino_7953.jpg","width":1200,"height":800,"caption":"Palais Royal, Turin"},{"@type":"WebPage","@id":"https:\/\/www.bellitalie.org\/it\/destinazione\/piemonte\/torino\/palazzo-e-musei-reali-di-torino\/#webpage","url":"https:\/\/www.bellitalie.org\/it\/destinazione\/piemonte\/torino\/palazzo-e-musei-reali-di-torino\/","name":"Palazzo e Musei Reali di Torino - Bellitalie","isPartOf":{"@id":"https:\/\/www.bellitalie.org\/#website"},"primaryImageOfPage":{"@id":"https:\/\/www.bellitalie.org\/it\/destinazione\/piemonte\/torino\/palazzo-e-musei-reali-di-torino\/#primaryimage"},"datePublished":"2021-09-30T21:54:00+00:00","dateModified":"2023-10-10T09:17:23+00:00","description":"Visita del Palazzo Reale di Torino e dei musei con le sale storiche, la cappella della sindone, l\u2019armeria, l'archeologia e la pinacoteca","breadcrumb":{"@id":"https:\/\/www.bellitalie.org\/it\/destinazione\/piemonte\/torino\/palazzo-e-musei-reali-di-torino\/#breadcrumb"},"inLanguage":"it-IT","potentialAction":[{"@type":"ReadAction","target":["https:\/\/www.bellitalie.org\/it\/destinazione\/piemonte\/torino\/palazzo-e-musei-reali-di-torino\/"]}]},{"@type":"BreadcrumbList","@id":"https:\/\/www.bellitalie.org\/it\/destinazione\/piemonte\/torino\/palazzo-e-musei-reali-di-torino\/#breadcrumb","itemListElement":[{"@type":"ListItem","position":1,"name":"Accueil","item":"https:\/\/www.bellitalie.org\/it\/"},{"@type":"ListItem","position":2,"name":"Piemonte","item":"https:\/\/www.bellitalie.org\/it\/destinazione\/piemonte\/"},{"@type":"ListItem","position":3,"name":"Torino","item":"https:\/\/www.bellitalie.org\/it\/destinazione\/piemonte\/torino\/"},{"@type":"ListItem","position":4,"name":"Palazzo e Musei Reali di Torino"}]},{"@type":"Person","@id":"https:\/\/www.bellitalie.org\/#\/schema\/person\/6f25c64f0b5df6df0b93a2be44045da5","name":"Bellitalie","image":{"@type":"ImageObject","@id":"https:\/\/www.bellitalie.org\/#personlogo","inLanguage":"it-IT","url":"https:\/\/secure.gravatar.com\/avatar\/ad516503a11cd5ca435acc9bb6523536?s=96","contentUrl":"https:\/\/secure.gravatar.com\/avatar\/ad516503a11cd5ca435acc9bb6523536?s=96","caption":"Bellitalie"},"sameAs":["https:\/\/www.bellitalie.org"]}]}},"_links":{"self":[{"href":"https:\/\/www.bellitalie.org\/it\/wp-json\/wp\/v2\/destination\/25369"}],"collection":[{"href":"https:\/\/www.bellitalie.org\/it\/wp-json\/wp\/v2\/destination"}],"about":[{"href":"https:\/\/www.bellitalie.org\/it\/wp-json\/wp\/v2\/types\/destination"}],"author":[{"embeddable":true,"href":"https:\/\/www.bellitalie.org\/it\/wp-json\/wp\/v2\/users\/1"}],"replies":[{"embeddable":true,"href":"https:\/\/www.bellitalie.org\/it\/wp-json\/wp\/v2\/comments?post=25369"}],"version-history":[{"count":2,"href":"https:\/\/www.bellitalie.org\/it\/wp-json\/wp\/v2\/destination\/25369\/revisions"}],"predecessor-version":[{"id":25381,"href":"https:\/\/www.bellitalie.org\/it\/wp-json\/wp\/v2\/destination\/25369\/revisions\/25381"}],"up":[{"embeddable":true,"href":"https:\/\/www.bellitalie.org\/it\/wp-json\/wp\/v2\/destination\/25207"}],"wp:featuredmedia":[{"embeddable":true,"href":"https:\/\/www.bellitalie.org\/it\/wp-json\/wp\/v2\/media\/1677"}],"wp:attachment":[{"href":"https:\/\/www.bellitalie.org\/it\/wp-json\/wp\/v2\/media?parent=25369"}],"wp:term":[{"taxonomy":"post_tag","embeddable":true,"href":"https:\/\/www.bellitalie.org\/it\/wp-json\/wp\/v2\/tags?post=25369"},{"taxonomy":"categorie_page","embeddable":true,"href":"https:\/\/www.bellitalie.org\/it\/wp-json\/wp\/v2\/categorie_page?post=25369"},{"taxonomy":"region_italie","embeddable":true,"href":"https:\/\/www.bellitalie.org\/it\/wp-json\/wp\/v2\/region_italie?post=25369"}],"curies":[{"name":"wp","href":"https:\/\/api.w.org\/{rel}","templated":true}]}}