{"id":25953,"date":"2021-09-12T15:02:42","date_gmt":"2021-09-12T13:02:42","guid":{"rendered":"https:\/\/www.bellitalie.org\/destination\/lombardia\/pavie\/"},"modified":"2023-10-17T09:52:08","modified_gmt":"2023-10-17T07:52:08","slug":"pavia","status":"publish","type":"destination","link":"https:\/\/www.bellitalie.org\/it\/destinazione\/lombardia\/pavia\/","title":{"rendered":"Pavia"},"content":{"rendered":"\n<p class=\"Style4\" align=\"left\"><strong><span style=\"color: #000000;\"><a href=\"https:\/\/www.bellitalie.org\/wp-content\/uploads\/2021\/09\/pavie_7921.jpg\" rel=\"attachment wp-att-1397\"><img loading=\"lazy\" class=\"alignleft size-medium wp-image-1397\" src=\"https:\/\/www.bellitalie.org\/wp-content\/uploads\/2021\/09\/pavie_7921-300x200.jpg\" alt=\"Pavie, pont couvert\" width=\"300\" height=\"200\" srcset=\"https:\/\/www.bellitalie.org\/wp-content\/uploads\/2021\/09\/pavie_7921-300x200.jpg 300w, https:\/\/www.bellitalie.org\/wp-content\/uploads\/2021\/09\/pavie_7921-1024x683.jpg 1024w, https:\/\/www.bellitalie.org\/wp-content\/uploads\/2021\/09\/pavie_7921-768x512.jpg 768w, https:\/\/www.bellitalie.org\/wp-content\/uploads\/2021\/09\/pavie_7921.jpg 1200w\" sizes=\"(max-width: 300px) 100vw, 300px\" \/><\/a><\/span>Pavia<\/strong> \u00e8 una graziosa citt\u00e0 sulle sponde del Ticino a 40 km a sud di Milano, in piena Val Padana, in una zona di risaie. Meno conosciuta rispetto ad altre citt\u00e0 d&#8217;arte, si passa facilmente da folle di turisti e merita una scoperta, soprattutto per la sua architettura e per la sua gastronomia di cui il risotto \u00e8 la specialit\u00e0.<\/p>\n<p>Pavia \u00e8 ricca di un importante patrimonio romanico e medievale edificato sotto i Visconti e gli Sforza, tra cui la <strong>Basilica di San Michele<\/strong>, il <strong>Duomo<\/strong>, le torri medievali o il <strong>Castello Visconteo<\/strong>, e soprattutto la <strong>Certosa di Pavia<\/strong>. Questa si trova a 8 km dalla citt\u00e0, \u00e8 l&#8217;edificio tardo barocco pi\u00f9 notevole d&#8217;Italia.<\/p>\n<div class=\"su-note\"  style=\"border-color:#e1e0db;border-radius:3px;-moz-border-radius:3px;-webkit-border-radius:3px;\"><div class=\"su-note-inner su-u-clearfix su-u-trim\" style=\"background-color:#fbfaf5;border-color:#ffffff;color:#333333;border-radius:3px;-moz-border-radius:3px;-webkit-border-radius:3px;\">Prima della sua conquista da parte di Carlo Magno, Pavia fu la capitale dei longobardi. Pi\u00f9 tardi lott\u00f2 a lungo per la sua indipendenza fino a quando i Visconti di Milano la conquistarono nel 1359.<br \/>Nel 24 febbraio 1525 Carlo V sconfisse Francesco I nella battaglia di Pavia. Gli spagnoli lo occuparono fino al 1713, seguiti dagli austriaci.<\/div><\/div>\n<h2>Monumenti di Pavia<\/h2>\n<p><em>Leggere anche l&#8217;articolo sui luoghi di Pavia da scoprire<\/em><\/p>\n<ul>\n<li>La <strong>Certosa di Pavia<\/strong>, 8 km a nord del centro, fondata nel 1396, \u00e8 il pi\u00f9 importante monumento tardogotico d&#8217;Italia e uno degli edifici pi\u00f9 belli del Rinascimento.<\/li>\n<li>La <strong>Basilica di San Michele Maggiore<\/strong>, notevole esempio di architettura religiosa del romanico lombardo. Fu costruita sul sito di una chiesa pi\u00f9 antica e risale all&#8217;XI-XII secolo.<\/li>\n<li>La <strong>Basilica di San Pietro in Cielo d&#8217;Oro<\/strong>, fondata agli inizi del VI secolo, e ricostruita nel XII secolo, ospita la tomba di Sant&#8217;Agostino.<\/li>\n<li>La <strong>Cattedrale di Pavia<\/strong>, di minore interesse rispetto alle chiese precedenti, inizi\u00f2 la sua costruzione sotto gli Sforza nel 1488 ma fu terminata molti secoli dopo, la cui cupola ottagonale \u00e8 la terza d&#8217;Italia.<\/li>\n<li>Il <strong>Castello Visconti<\/strong>, originariamente nel XIV secolo dimora di caccia e relax, sotto la signoria di Galeazzo II Visconti.<\/li>\n<li><strong>Torri medievali<\/strong>. Rimangono cinque torri medievali, eredit\u00e0 dei secoli XI e XII.<\/li>\n<li><strong>Ponte Coperto e Borgo Ticino<\/strong>. Il ponte collega il centro storico al pittoresco quartiere di Borgo Ticino, superando il Ticino, affluente del Po.<\/li>\n<li><strong>Broletto e Piazza della Vittoria<\/strong>. Il Broletto fu per secoli sede del potere comunale, nella graziosa piazza Vittoria<\/li>\n<li><strong>Universit\u00e0 di Pavia<\/strong>. Fondata nel 1361, \u00e8 una delle pi\u00f9 antiche d&#8217;Europa.<\/li>\n<li><strong>San Teodoro<\/strong>. Dalla fine del XII secolo conserva un magnifico ciclo di affreschi sulla vita di San Teodoro.<\/li>\n<li>Il <strong>Parco della Vernavola<\/strong>, il polmone verde di Pavia, a nord del centro.<\/li>\n<\/ul>\n<h2>Galleria<\/h2>\n\n\t\t<style type=\"text\/css\">\n\t\t\t#gallery-1 {\n\t\t\t\tmargin: auto;\n\t\t\t}\n\t\t\t#gallery-1 .gallery-item {\n\t\t\t\tfloat: left;\n\t\t\t\tmargin-top: 10px;\n\t\t\t\ttext-align: center;\n\t\t\t\twidth: 20%;\n\t\t\t}\n\t\t\t#gallery-1 img {\n\t\t\t\tborder: 2px solid #cfcfcf;\n\t\t\t}\n\t\t\t#gallery-1 .gallery-caption {\n\t\t\t\tmargin-left: 0;\n\t\t\t}\n\t\t\t\/* see gallery_shortcode() in wp-includes\/media.php *\/\n\t\t<\/style>\n\t\t<div id='gallery-1' class='gallery galleryid-25953 gallery-columns-5 gallery-size-thumbnail'><dl class='gallery-item'>\n\t\t\t<dt class='gallery-icon portrait'>\n\t\t\t\t<a href='https:\/\/www.bellitalie.org\/wp-content\/uploads\/2021\/09\/pavia_duomo_7899.jpg'><img width=\"150\" height=\"150\" src=\"https:\/\/www.bellitalie.org\/wp-content\/uploads\/2021\/09\/pavia_duomo_7899-150x150.jpg\" class=\"attachment-thumbnail size-thumbnail\" alt=\"foto del Duomo di Pavia\" loading=\"lazy\" aria-describedby=\"gallery-1-1375\" srcset=\"https:\/\/www.bellitalie.org\/wp-content\/uploads\/2021\/09\/pavia_duomo_7899-150x150.jpg 150w, https:\/\/www.bellitalie.org\/wp-content\/uploads\/2021\/09\/pavia_duomo_7899-50x50.jpg 50w, https:\/\/www.bellitalie.org\/wp-content\/uploads\/2021\/09\/pavia_duomo_7899-80x80.jpg 80w, https:\/\/www.bellitalie.org\/wp-content\/uploads\/2021\/09\/pavia_duomo_7899-75x75.jpg 75w\" sizes=\"(max-width: 150px) 100vw, 150px\" \/><\/a>\n\t\t\t<\/dt>\n\t\t\t\t<dd class='wp-caption-text gallery-caption' id='gallery-1-1375'>\n\t\t\t\tCattedrale\n\t\t\t\t<\/dd><\/dl><dl class='gallery-item'>\n\t\t\t<dt class='gallery-icon landscape'>\n\t\t\t\t<a href='https:\/\/www.bellitalie.org\/wp-content\/uploads\/2021\/09\/pavie_basilica_di_san_michele_7910.jpg'><img width=\"150\" height=\"150\" src=\"https:\/\/www.bellitalie.org\/wp-content\/uploads\/2021\/09\/pavie_basilica_di_san_michele_7910-150x150.jpg\" class=\"attachment-thumbnail size-thumbnail\" alt=\"Foto della Basilica San Michele, Pavia\" loading=\"lazy\" aria-describedby=\"gallery-1-1360\" srcset=\"https:\/\/www.bellitalie.org\/wp-content\/uploads\/2021\/09\/pavie_basilica_di_san_michele_7910-150x150.jpg 150w, https:\/\/www.bellitalie.org\/wp-content\/uploads\/2021\/09\/pavie_basilica_di_san_michele_7910-50x50.jpg 50w, https:\/\/www.bellitalie.org\/wp-content\/uploads\/2021\/09\/pavie_basilica_di_san_michele_7910-80x80.jpg 80w, https:\/\/www.bellitalie.org\/wp-content\/uploads\/2021\/09\/pavie_basilica_di_san_michele_7910-75x75.jpg 75w\" sizes=\"(max-width: 150px) 100vw, 150px\" \/><\/a>\n\t\t\t<\/dt>\n\t\t\t\t<dd class='wp-caption-text gallery-caption' id='gallery-1-1360'>\n\t\t\t\tBasilica di San Michele\n\t\t\t\t<\/dd><\/dl><dl class='gallery-item'>\n\t\t\t<dt class='gallery-icon landscape'>\n\t\t\t\t<a href='https:\/\/www.bellitalie.org\/wp-content\/uploads\/2021\/09\/pavie_basilique_saint_michel_7911.jpg'><img width=\"150\" height=\"150\" src=\"https:\/\/www.bellitalie.org\/wp-content\/uploads\/2021\/09\/pavie_basilique_saint_michel_7911-150x150.jpg\" class=\"attachment-thumbnail size-thumbnail\" alt=\"Foto della Basilica San Michele, Pavia\" loading=\"lazy\" aria-describedby=\"gallery-1-1363\" srcset=\"https:\/\/www.bellitalie.org\/wp-content\/uploads\/2021\/09\/pavie_basilique_saint_michel_7911-150x150.jpg 150w, https:\/\/www.bellitalie.org\/wp-content\/uploads\/2021\/09\/pavie_basilique_saint_michel_7911-50x50.jpg 50w, https:\/\/www.bellitalie.org\/wp-content\/uploads\/2021\/09\/pavie_basilique_saint_michel_7911-80x80.jpg 80w, https:\/\/www.bellitalie.org\/wp-content\/uploads\/2021\/09\/pavie_basilique_saint_michel_7911-75x75.jpg 75w\" sizes=\"(max-width: 150px) 100vw, 150px\" \/><\/a>\n\t\t\t<\/dt>\n\t\t\t\t<dd class='wp-caption-text gallery-caption' id='gallery-1-1363'>\n\t\t\t\tBasilica di San Michele\n\t\t\t\t<\/dd><\/dl><dl class='gallery-item'>\n\t\t\t<dt class='gallery-icon landscape'>\n\t\t\t\t<a href='https:\/\/www.bellitalie.org\/wp-content\/uploads\/2021\/09\/pavie_7921.jpg'><img width=\"150\" height=\"150\" src=\"https:\/\/www.bellitalie.org\/wp-content\/uploads\/2021\/09\/pavie_7921-150x150.jpg\" class=\"attachment-thumbnail size-thumbnail\" alt=\"Foto del Ponte Coperto di Pavia\" loading=\"lazy\" aria-describedby=\"gallery-1-1399\" srcset=\"https:\/\/www.bellitalie.org\/wp-content\/uploads\/2021\/09\/pavie_7921-150x150.jpg 150w, https:\/\/www.bellitalie.org\/wp-content\/uploads\/2021\/09\/pavie_7921-50x50.jpg 50w, https:\/\/www.bellitalie.org\/wp-content\/uploads\/2021\/09\/pavie_7921-80x80.jpg 80w, https:\/\/www.bellitalie.org\/wp-content\/uploads\/2021\/09\/pavie_7921-75x75.jpg 75w\" sizes=\"(max-width: 150px) 100vw, 150px\" \/><\/a>\n\t\t\t<\/dt>\n\t\t\t\t<dd class='wp-caption-text gallery-caption' id='gallery-1-1399'>\n\t\t\t\tPonte coperto\n\t\t\t\t<\/dd><\/dl><dl class='gallery-item'>\n\t\t\t<dt class='gallery-icon portrait'>\n\t\t\t\t<a href='https:\/\/www.bellitalie.org\/wp-content\/uploads\/2021\/09\/pavie_tours_medievales_7901.jpg'><img width=\"150\" height=\"150\" src=\"https:\/\/www.bellitalie.org\/wp-content\/uploads\/2021\/09\/pavie_tours_medievales_7901-150x150.jpg\" class=\"attachment-thumbnail size-thumbnail\" alt=\"Foto delle Torre medievali di Pavia\" loading=\"lazy\" aria-describedby=\"gallery-1-1387\" srcset=\"https:\/\/www.bellitalie.org\/wp-content\/uploads\/2021\/09\/pavie_tours_medievales_7901-150x150.jpg 150w, https:\/\/www.bellitalie.org\/wp-content\/uploads\/2021\/09\/pavie_tours_medievales_7901-50x50.jpg 50w, https:\/\/www.bellitalie.org\/wp-content\/uploads\/2021\/09\/pavie_tours_medievales_7901-80x80.jpg 80w, https:\/\/www.bellitalie.org\/wp-content\/uploads\/2021\/09\/pavie_tours_medievales_7901-75x75.jpg 75w\" sizes=\"(max-width: 150px) 100vw, 150px\" \/><\/a>\n\t\t\t<\/dt>\n\t\t\t\t<dd class='wp-caption-text gallery-caption' id='gallery-1-1387'>\n\t\t\t\tTorre medievali\n\t\t\t\t<\/dd><\/dl><br style=\"clear: both\" \/><dl class='gallery-item'>\n\t\t\t<dt class='gallery-icon portrait'>\n\t\t\t\t<a href='https:\/\/www.bellitalie.org\/wp-content\/uploads\/2021\/09\/pavie_7902.jpg'><img width=\"150\" height=\"150\" src=\"https:\/\/www.bellitalie.org\/wp-content\/uploads\/2021\/09\/pavie_7902-150x150.jpg\" class=\"attachment-thumbnail size-thumbnail\" alt=\"Foto delle Torre medievali di Pavia\" loading=\"lazy\" aria-describedby=\"gallery-1-1384\" srcset=\"https:\/\/www.bellitalie.org\/wp-content\/uploads\/2021\/09\/pavie_7902-150x150.jpg 150w, https:\/\/www.bellitalie.org\/wp-content\/uploads\/2021\/09\/pavie_7902-50x50.jpg 50w, https:\/\/www.bellitalie.org\/wp-content\/uploads\/2021\/09\/pavie_7902-80x80.jpg 80w, https:\/\/www.bellitalie.org\/wp-content\/uploads\/2021\/09\/pavie_7902-75x75.jpg 75w\" sizes=\"(max-width: 150px) 100vw, 150px\" \/><\/a>\n\t\t\t<\/dt>\n\t\t\t\t<dd class='wp-caption-text gallery-caption' id='gallery-1-1384'>\n\t\t\t\tTorre medievali\n\t\t\t\t<\/dd><\/dl><dl class='gallery-item'>\n\t\t\t<dt class='gallery-icon portrait'>\n\t\t\t\t<a href='https:\/\/www.bellitalie.org\/wp-content\/uploads\/2021\/09\/pavie_italie_7919.jpg'><img width=\"150\" height=\"150\" src=\"https:\/\/www.bellitalie.org\/wp-content\/uploads\/2021\/09\/pavie_italie_7919-150x150.jpg\" class=\"attachment-thumbnail size-thumbnail\" alt=\"Foto di Pavia\" loading=\"lazy\" srcset=\"https:\/\/www.bellitalie.org\/wp-content\/uploads\/2021\/09\/pavie_italie_7919-150x150.jpg 150w, https:\/\/www.bellitalie.org\/wp-content\/uploads\/2021\/09\/pavie_italie_7919-50x50.jpg 50w, https:\/\/www.bellitalie.org\/wp-content\/uploads\/2021\/09\/pavie_italie_7919-80x80.jpg 80w, https:\/\/www.bellitalie.org\/wp-content\/uploads\/2021\/09\/pavie_italie_7919-75x75.jpg 75w\" sizes=\"(max-width: 150px) 100vw, 150px\" \/><\/a>\n\t\t\t<\/dt><\/dl>\n\t\t\t<br style='clear: both' \/>\n\t\t<\/div>\n\n<div id=\"meteo\"><br\/>\r\n\t\t<h2>Meteo a Pavia<\/h2>\r\n<p><!-- Inizio codice ilMeteo.it --><\/p>\r\n<p><iframe src=\"https:\/\/www.ilmeteo.it\/box\/previsioni.php?citta=5025&amp;type=day1&amp;width=600&amp;ico=1&amp;lang=ita&amp;days=6&amp;font=Arial&amp;fontsize=12&amp;bg=FFFFFF&amp;fg=000000&amp;bgtitle=F0E8DF&amp;fgtitle=3D3D3D&amp;bgtab=FBFAF5&amp;fglink=1361A3\" width=\"600\" height=\"240\" frameborder=\"no\" scrolling=\"no\"><\/iframe><\/p>\r\n<p><!-- Fine codice ilMeteo.it --><\/p>\r\n<\/div>\n<h2>Cartina<\/h2>\n<div id=\"travelersmap-container-69f2664499dba\" class=\"travelersmap-container\" style=\"z-index: 1; min-height: 10px; min-width:10px; height:400px;width:100%; max-width:; max-height:; position:relative;\"><div style=\"position:absolute; z-index:-1;top: 50%;text-align: center;display: block;left: 50%;transform: translate(-50%,-50%);\">Travelers' Map is loading... <br> If you see this after your page is loaded completely, leafletJS files are missing.<\/div><\/div>\n<h2>Informazioni<\/h2>\n<ul>\n<li>Articolo Wikipedia : <a href=\"https:\/\/it.wikipedia.org\/wiki\/Pavia\" target=\"_blank\" rel=\"noopener\">it.wikipedia.org<\/a><\/li>\n<li>Portali turistici : <a href=\"https:\/\/www.visitpavia.com\/\" target=\"_blank\" rel=\"noopener\">www.visitpavia.com<\/a>, <a href=\"https:\/\/www.in-lombardia.it\/it\/turismo-in-lombardia\/pavia-turismo\" target=\"_blank\" rel=\"noopener\">www.in-lombardia.it<\/a><\/li>\n<\/ul>\n\n\n<div class=\"wp-container-3 wp-block-columns has-background\" style=\"background-color:#dfece5\">\n<div class=\"wp-container-1 wp-block-column\">\n<p><strong>Pavia<\/strong><\/p>\n<p style=\"text-align: left;\"><ul class=\"lcp_catlist2\" id=\"lcp_instance_0\"><li><a href=\"https:\/\/www.bellitalie.org\/it\/destinazione\/lombardia\/pavia\/cosa-vedere-a-pavia\/\">Cosa vedere a Pavia<\/a><a href=\"https:\/\/www.bellitalie.org\/it\/destinazione\/lombardia\/pavia\/cosa-vedere-a-pavia\/\" title=\"Cosa vedere a Pavia\"><img width=\"150\" height=\"150\" src=\"https:\/\/www.bellitalie.org\/wp-content\/uploads\/2021\/09\/pavia_basilica_di_san_michele_7907-150x150.jpg\" class=\"lcp_thumbnail wp-post-image\" alt=\"Cosa vedere a Pavia\" loading=\"lazy\" srcset=\"https:\/\/www.bellitalie.org\/wp-content\/uploads\/2021\/09\/pavia_basilica_di_san_michele_7907-150x150.jpg 150w, https:\/\/www.bellitalie.org\/wp-content\/uploads\/2021\/09\/pavia_basilica_di_san_michele_7907-50x50.jpg 50w, https:\/\/www.bellitalie.org\/wp-content\/uploads\/2021\/09\/pavia_basilica_di_san_michele_7907-80x80.jpg 80w, https:\/\/www.bellitalie.org\/wp-content\/uploads\/2021\/09\/pavia_basilica_di_san_michele_7907-75x75.jpg 75w\" sizes=\"(max-width: 150px) 100vw, 150px\" \/><\/a><div class=\"lcp_excerpt\">\nVedere anche sotto la mappa di Pavia con i principali monumenti.\n1. Certosa di Pavia\nLa Certosa ...<\/div><\/li><\/ul>\n<\/div>\n\n\n\n<div class=\"wp-container-2 wp-block-column\">\n<p><strong><a href=\"https:\/\/www.bellitalie.org\/it\/regione_italia\/lombardia\/\">Lombardia<\/a><\/strong><\/p>\n<ul class=\"lcp_catlist2\" id=\"lcp_instance_0\"><li><a href=\"https:\/\/www.bellitalie.org\/it\/destinazione\/lombardia\/da-vedere-in-lombardia\/\">Da vedere in Lombardia<\/a><a href=\"https:\/\/www.bellitalie.org\/it\/destinazione\/lombardia\/da-vedere-in-lombardia\/\" title=\"Da vedere in Lombardia\"><img width=\"150\" height=\"150\" src=\"https:\/\/www.bellitalie.org\/wp-content\/uploads\/2021\/09\/lac-d-iseo_7534-150x150.jpg\" class=\"lcp_thumbnail wp-post-image\" alt=\"Da vedere in Lombardia\" loading=\"lazy\" srcset=\"https:\/\/www.bellitalie.org\/wp-content\/uploads\/2021\/09\/lac-d-iseo_7534-150x150.jpg 150w, https:\/\/www.bellitalie.org\/wp-content\/uploads\/2021\/09\/lac-d-iseo_7534-50x50.jpg 50w, https:\/\/www.bellitalie.org\/wp-content\/uploads\/2021\/09\/lac-d-iseo_7534-80x80.jpg 80w, https:\/\/www.bellitalie.org\/wp-content\/uploads\/2021\/09\/lac-d-iseo_7534-75x75.jpg 75w\" sizes=\"(max-width: 150px) 100vw, 150px\" \/><\/a><div class=\"lcp_excerpt\">\nMilano \nMilano, il capoluogo lombardo, \u00e8 il centro economico e finanziario dell&#8217;Italia con la sede ...<\/div><\/li><li><a href=\"https:\/\/www.bellitalie.org\/it\/destinazione\/lombardia\/milano\/\">Milano<\/a><a href=\"https:\/\/www.bellitalie.org\/it\/destinazione\/lombardia\/milano\/\" title=\"Milano\"><img width=\"150\" height=\"150\" src=\"https:\/\/www.bellitalie.org\/wp-content\/uploads\/2021\/09\/duomo-de-milan_8091-150x150.jpg\" class=\"lcp_thumbnail wp-post-image\" alt=\"Milano\" loading=\"lazy\" srcset=\"https:\/\/www.bellitalie.org\/wp-content\/uploads\/2021\/09\/duomo-de-milan_8091-150x150.jpg 150w, https:\/\/www.bellitalie.org\/wp-content\/uploads\/2021\/09\/duomo-de-milan_8091-50x50.jpg 50w, https:\/\/www.bellitalie.org\/wp-content\/uploads\/2021\/09\/duomo-de-milan_8091-80x80.jpg 80w, https:\/\/www.bellitalie.org\/wp-content\/uploads\/2021\/09\/duomo-de-milan_8091-75x75.jpg 75w\" sizes=\"(max-width: 150px) 100vw, 150px\" \/><\/a><div class=\"lcp_excerpt\">\nPrincipale citt\u00e0 economica e finanziaria d&#8217;Italia, centro internazionale della moda e dell&#8217;eleganza, Milano \u00e8 una ...<\/div><\/li><li><a href=\"https:\/\/www.bellitalie.org\/it\/destinazione\/lombardia\/lago-maggiore\/\">Lago Maggiore<\/a><a href=\"https:\/\/www.bellitalie.org\/it\/destinazione\/lombardia\/lago-maggiore\/\" title=\"Lago Maggiore\"><img width=\"150\" height=\"150\" src=\"https:\/\/www.bellitalie.org\/wp-content\/uploads\/2021\/09\/lac-majeur_7509-150x150.jpg\" class=\"lcp_thumbnail wp-post-image\" alt=\"Lago Maggiore\" loading=\"lazy\" srcset=\"https:\/\/www.bellitalie.org\/wp-content\/uploads\/2021\/09\/lac-majeur_7509-150x150.jpg 150w, https:\/\/www.bellitalie.org\/wp-content\/uploads\/2021\/09\/lac-majeur_7509-50x50.jpg 50w, https:\/\/www.bellitalie.org\/wp-content\/uploads\/2021\/09\/lac-majeur_7509-80x80.jpg 80w, https:\/\/www.bellitalie.org\/wp-content\/uploads\/2021\/09\/lac-majeur_7509-75x75.jpg 75w\" sizes=\"(max-width: 150px) 100vw, 150px\" \/><\/a><div class=\"lcp_excerpt\">\nIl Lago Maggiore \u00e8 una delle pi\u00f9 belle destinazioni del nord Italia, la cui sponda ...<\/div><\/li><li><a href=\"https:\/\/www.bellitalie.org\/it\/destinazione\/lombardia\/lago-di-como\/\">Lago di Como<\/a><a href=\"https:\/\/www.bellitalie.org\/it\/destinazione\/lombardia\/lago-di-como\/\" title=\"Lago di Como\"><img width=\"150\" height=\"150\" src=\"https:\/\/www.bellitalie.org\/wp-content\/uploads\/2021\/09\/lago_di_como_1496-150x150.jpg\" class=\"lcp_thumbnail wp-post-image\" alt=\"Lago di Como\" loading=\"lazy\" srcset=\"https:\/\/www.bellitalie.org\/wp-content\/uploads\/2021\/09\/lago_di_como_1496-150x150.jpg 150w, https:\/\/www.bellitalie.org\/wp-content\/uploads\/2021\/09\/lago_di_como_1496-50x50.jpg 50w, https:\/\/www.bellitalie.org\/wp-content\/uploads\/2021\/09\/lago_di_como_1496-80x80.jpg 80w, https:\/\/www.bellitalie.org\/wp-content\/uploads\/2021\/09\/lago_di_como_1496-75x75.jpg 75w\" sizes=\"(max-width: 150px) 100vw, 150px\" \/><\/a><div class=\"lcp_excerpt\">\nNon solo il Lago di Como \u00e8 il lago pi\u00f9 profondo d&#8217;Italia, ma \u00e8 anche ...<\/div><\/li><li><a href=\"https:\/\/www.bellitalie.org\/it\/destinazione\/veneto\/lago-di-garda\/\">Lago di Garda<\/a><a href=\"https:\/\/www.bellitalie.org\/it\/destinazione\/veneto\/lago-di-garda\/\" title=\"Lago di Garda\"><img width=\"150\" height=\"150\" src=\"https:\/\/www.bellitalie.org\/wp-content\/uploads\/2023\/09\/cote-lac-de-garde-malcesine-brenzone_9766-150x150.jpg\" class=\"lcp_thumbnail wp-post-image\" alt=\"Lago di Garda\" loading=\"lazy\" srcset=\"https:\/\/www.bellitalie.org\/wp-content\/uploads\/2023\/09\/cote-lac-de-garde-malcesine-brenzone_9766-150x150.jpg 150w, https:\/\/www.bellitalie.org\/wp-content\/uploads\/2023\/09\/cote-lac-de-garde-malcesine-brenzone_9766-50x50.jpg 50w, https:\/\/www.bellitalie.org\/wp-content\/uploads\/2023\/09\/cote-lac-de-garde-malcesine-brenzone_9766-80x80.jpg 80w, https:\/\/www.bellitalie.org\/wp-content\/uploads\/2023\/09\/cote-lac-de-garde-malcesine-brenzone_9766-75x75.jpg 75w\" sizes=\"(max-width: 150px) 100vw, 150px\" \/><\/a><div class=\"lcp_excerpt\">\nIl Lago di Garda \u00e8 il pi\u00f9 grande lago d&#8217;Italia, situato tra Brescia ad ovest ...<\/div><\/li><li><a href=\"https:\/\/www.bellitalie.org\/it\/destinazione\/lombardia\/bergamo\/\">Bergamo<\/a><a href=\"https:\/\/www.bellitalie.org\/it\/destinazione\/lombardia\/bergamo\/\" title=\"Bergamo\"><img width=\"150\" height=\"150\" src=\"https:\/\/www.bellitalie.org\/wp-content\/uploads\/2021\/09\/bergame_1513-150x150.jpg\" class=\"lcp_thumbnail wp-post-image\" alt=\"Bergamo\" loading=\"lazy\" srcset=\"https:\/\/www.bellitalie.org\/wp-content\/uploads\/2021\/09\/bergame_1513-150x150.jpg 150w, https:\/\/www.bellitalie.org\/wp-content\/uploads\/2021\/09\/bergame_1513-50x50.jpg 50w, https:\/\/www.bellitalie.org\/wp-content\/uploads\/2021\/09\/bergame_1513-80x80.jpg 80w, https:\/\/www.bellitalie.org\/wp-content\/uploads\/2021\/09\/bergame_1513-75x75.jpg 75w\" sizes=\"(max-width: 150px) 100vw, 150px\" \/><\/a><div class=\"lcp_excerpt\">\nLa citt\u00e0 alta di Bergamo \u00e8 il pi\u00f9 bel centro medievale di Lombardia, protetto da ...<\/div><\/li><li><a href=\"https:\/\/www.bellitalie.org\/it\/destinazione\/lombardia\/brescia\/\">Brescia<\/a><a href=\"https:\/\/www.bellitalie.org\/it\/destinazione\/lombardia\/brescia\/\" title=\"Brescia\"><img width=\"150\" height=\"150\" src=\"https:\/\/www.bellitalie.org\/wp-content\/uploads\/2021\/09\/brescia_1556-150x150.jpg\" class=\"lcp_thumbnail wp-post-image\" alt=\"Brescia\" loading=\"lazy\" srcset=\"https:\/\/www.bellitalie.org\/wp-content\/uploads\/2021\/09\/brescia_1556-150x150.jpg 150w, https:\/\/www.bellitalie.org\/wp-content\/uploads\/2021\/09\/brescia_1556-50x50.jpg 50w, https:\/\/www.bellitalie.org\/wp-content\/uploads\/2021\/09\/brescia_1556-80x80.jpg 80w, https:\/\/www.bellitalie.org\/wp-content\/uploads\/2021\/09\/brescia_1556-75x75.jpg 75w\" sizes=\"(max-width: 150px) 100vw, 150px\" \/><\/a><div class=\"lcp_excerpt\">\nBrescia, la seconda citt\u00e0 pi\u00f9 grande della Lombardia, non gode della fama che meriterebbe. \u00c8 ...<\/div><\/li><li><a href=\"https:\/\/www.bellitalie.org\/it\/destinazione\/lombardia\/mantova\/\">Mantova<\/a><a href=\"https:\/\/www.bellitalie.org\/it\/destinazione\/lombardia\/mantova\/\" title=\"Mantova\"><img width=\"150\" height=\"150\" src=\"https:\/\/www.bellitalie.org\/wp-content\/uploads\/2021\/09\/laghi-mincio-mantova_0704-150x150.jpg\" class=\"lcp_thumbnail wp-post-image\" alt=\"Mantova\" loading=\"lazy\" srcset=\"https:\/\/www.bellitalie.org\/wp-content\/uploads\/2021\/09\/laghi-mincio-mantova_0704-150x150.jpg 150w, https:\/\/www.bellitalie.org\/wp-content\/uploads\/2021\/09\/laghi-mincio-mantova_0704-50x50.jpg 50w, https:\/\/www.bellitalie.org\/wp-content\/uploads\/2021\/09\/laghi-mincio-mantova_0704-80x80.jpg 80w, https:\/\/www.bellitalie.org\/wp-content\/uploads\/2021\/09\/laghi-mincio-mantova_0704-75x75.jpg 75w\" sizes=\"(max-width: 150px) 100vw, 150px\" \/><\/a><div class=\"lcp_excerpt\">\nMantova \u00e8 una meravigliosa citt\u00e0 della pianura padana, iscritta dall&#8217;Unesco al Patrimonio dell&#8217;Umanit\u00e0 nel 2008. ...<\/div><\/li><li><a href=\"https:\/\/www.bellitalie.org\/it\/destinazione\/lombardia\/cremona\/\">Cremona<\/a><a href=\"https:\/\/www.bellitalie.org\/it\/destinazione\/lombardia\/cremona\/\" title=\"Cremona\"><img width=\"150\" height=\"150\" src=\"https:\/\/www.bellitalie.org\/wp-content\/uploads\/2021\/09\/cremone_7949-150x150.jpg\" class=\"lcp_thumbnail wp-post-image\" alt=\"Cremona\" loading=\"lazy\" srcset=\"https:\/\/www.bellitalie.org\/wp-content\/uploads\/2021\/09\/cremone_7949-150x150.jpg 150w, https:\/\/www.bellitalie.org\/wp-content\/uploads\/2021\/09\/cremone_7949-50x50.jpg 50w, https:\/\/www.bellitalie.org\/wp-content\/uploads\/2021\/09\/cremone_7949-80x80.jpg 80w, https:\/\/www.bellitalie.org\/wp-content\/uploads\/2021\/09\/cremone_7949-75x75.jpg 75w\" sizes=\"(max-width: 150px) 100vw, 150px\" \/><\/a><div class=\"lcp_excerpt\">\nCremona \u00e8 una citt\u00e0 lombarda di circa 71.000 abitanti (nel 2021), situata nella pianura padana, ...<\/div><\/li><li><a href=\"https:\/\/www.bellitalie.org\/it\/destinazione\/lombardia\/como\/\">Como<\/a><a href=\"https:\/\/www.bellitalie.org\/it\/destinazione\/lombardia\/como\/\" title=\"Como\"><img width=\"150\" height=\"150\" src=\"https:\/\/www.bellitalie.org\/wp-content\/uploads\/2021\/09\/come_1469-1-150x150.jpg\" class=\"lcp_thumbnail wp-post-image\" alt=\"Como\" loading=\"lazy\" srcset=\"https:\/\/www.bellitalie.org\/wp-content\/uploads\/2021\/09\/come_1469-1-150x150.jpg 150w, https:\/\/www.bellitalie.org\/wp-content\/uploads\/2021\/09\/come_1469-1-50x50.jpg 50w, https:\/\/www.bellitalie.org\/wp-content\/uploads\/2021\/09\/come_1469-1-80x80.jpg 80w, https:\/\/www.bellitalie.org\/wp-content\/uploads\/2021\/09\/come_1469-1-75x75.jpg 75w\" sizes=\"(max-width: 150px) 100vw, 150px\" \/><\/a><div class=\"lcp_excerpt\">\nComo \u00e8 con Lecco la citt\u00e0 pi\u00f9 grande del Lago di Como, con circa 84.000 ...<\/div><\/li><li class=\"current\"><a href=\"https:\/\/www.bellitalie.org\/it\/destinazione\/lombardia\/pavia\/\">Pavia<\/a><a href=\"https:\/\/www.bellitalie.org\/it\/destinazione\/lombardia\/pavia\/\" title=\"Pavia\"><img width=\"150\" height=\"150\" src=\"https:\/\/www.bellitalie.org\/wp-content\/uploads\/2021\/09\/pavie_7921-150x150.jpg\" class=\"lcp_thumbnail wp-post-image\" alt=\"Pavia\" loading=\"lazy\" srcset=\"https:\/\/www.bellitalie.org\/wp-content\/uploads\/2021\/09\/pavie_7921-150x150.jpg 150w, https:\/\/www.bellitalie.org\/wp-content\/uploads\/2021\/09\/pavie_7921-50x50.jpg 50w, https:\/\/www.bellitalie.org\/wp-content\/uploads\/2021\/09\/pavie_7921-80x80.jpg 80w, https:\/\/www.bellitalie.org\/wp-content\/uploads\/2021\/09\/pavie_7921-75x75.jpg 75w\" sizes=\"(max-width: 150px) 100vw, 150px\" \/><\/a><div class=\"lcp_excerpt\">\nPavia \u00e8 una graziosa citt\u00e0 sulle sponde del Ticino a 40 km a sud di ...<\/div><\/li><li><a href=\"https:\/\/www.bellitalie.org\/it\/destinazione\/lombardia\/sirmione\/\">Sirmione<\/a><a href=\"https:\/\/www.bellitalie.org\/it\/destinazione\/lombardia\/sirmione\/\" title=\"Sirmione\"><img width=\"150\" height=\"150\" src=\"https:\/\/www.bellitalie.org\/wp-content\/uploads\/2021\/09\/sirmione_1567-150x150.jpg\" class=\"lcp_thumbnail wp-post-image\" alt=\"Sirmione\" loading=\"lazy\" srcset=\"https:\/\/www.bellitalie.org\/wp-content\/uploads\/2021\/09\/sirmione_1567-150x150.jpg 150w, https:\/\/www.bellitalie.org\/wp-content\/uploads\/2021\/09\/sirmione_1567-50x50.jpg 50w, https:\/\/www.bellitalie.org\/wp-content\/uploads\/2021\/09\/sirmione_1567-80x80.jpg 80w, https:\/\/www.bellitalie.org\/wp-content\/uploads\/2021\/09\/sirmione_1567-75x75.jpg 75w\" sizes=\"(max-width: 150px) 100vw, 150px\" \/><\/a><div class=\"lcp_excerpt\">\nSirmione \u00e8 la citt\u00e0 emblematica del Lago di Garda, una delle destinazioni pi\u00f9 affascinanti della ...<\/div><\/li><li><a href=\"https:\/\/www.bellitalie.org\/it\/destinazione\/lombardia\/vigevano\/\">Vigevano<\/a><a href=\"https:\/\/www.bellitalie.org\/it\/destinazione\/lombardia\/vigevano\/\" title=\"Vigevano\"><img width=\"150\" height=\"150\" src=\"https:\/\/www.bellitalie.org\/wp-content\/uploads\/2021\/09\/piazza-ducale-vigevano_6578-150x150.jpg\" class=\"lcp_thumbnail wp-post-image\" alt=\"Vigevano\" loading=\"lazy\" srcset=\"https:\/\/www.bellitalie.org\/wp-content\/uploads\/2021\/09\/piazza-ducale-vigevano_6578-150x150.jpg 150w, https:\/\/www.bellitalie.org\/wp-content\/uploads\/2021\/09\/piazza-ducale-vigevano_6578-50x50.jpg 50w, https:\/\/www.bellitalie.org\/wp-content\/uploads\/2021\/09\/piazza-ducale-vigevano_6578-80x80.jpg 80w, https:\/\/www.bellitalie.org\/wp-content\/uploads\/2021\/09\/piazza-ducale-vigevano_6578-75x75.jpg 75w\" sizes=\"(max-width: 150px) 100vw, 150px\" \/><\/a><div class=\"lcp_excerpt\">\nVigevano \u00e8 una bellissima citt\u00e0 d&#8217;arte, eppure poco conosciuta, tra Milano, Pavia e Novara, a ...<\/div><\/li><li><a href=\"https:\/\/www.bellitalie.org\/it\/destinazione\/lombardia\/bellagio\/\">Bellagio<\/a><a href=\"https:\/\/www.bellitalie.org\/it\/destinazione\/lombardia\/bellagio\/\" title=\"Bellagio\"><img width=\"150\" height=\"150\" src=\"https:\/\/www.bellitalie.org\/wp-content\/uploads\/2021\/09\/bellagio_1529-150x150.jpg\" class=\"lcp_thumbnail wp-post-image\" alt=\"Bellagio\" loading=\"lazy\" srcset=\"https:\/\/www.bellitalie.org\/wp-content\/uploads\/2021\/09\/bellagio_1529-150x150.jpg 150w, https:\/\/www.bellitalie.org\/wp-content\/uploads\/2021\/09\/bellagio_1529-50x50.jpg 50w, https:\/\/www.bellitalie.org\/wp-content\/uploads\/2021\/09\/bellagio_1529-80x80.jpg 80w, https:\/\/www.bellitalie.org\/wp-content\/uploads\/2021\/09\/bellagio_1529-75x75.jpg 75w\" sizes=\"(max-width: 150px) 100vw, 150px\" \/><\/a><div class=\"lcp_excerpt\">\nAll&#8217;incrocio dei due bracci meridionali del Lago di Como, Bellagio \u00e8 un grazioso borgo designato ...<\/div><\/li><li><a href=\"https:\/\/www.bellitalie.org\/it\/destinazione\/lombardia\/lago-d-iseo\/\">Lago d&#8217;Iseo<\/a><a href=\"https:\/\/www.bellitalie.org\/it\/destinazione\/lombardia\/lago-d-iseo\/\" title=\"Lago d&#039;Iseo\"><img width=\"150\" height=\"150\" src=\"https:\/\/www.bellitalie.org\/wp-content\/uploads\/2021\/09\/lac-d-iseo_7534-150x150.jpg\" class=\"lcp_thumbnail wp-post-image\" alt=\"Lago d&#039;Iseo\" loading=\"lazy\" srcset=\"https:\/\/www.bellitalie.org\/wp-content\/uploads\/2021\/09\/lac-d-iseo_7534-150x150.jpg 150w, https:\/\/www.bellitalie.org\/wp-content\/uploads\/2021\/09\/lac-d-iseo_7534-50x50.jpg 50w, https:\/\/www.bellitalie.org\/wp-content\/uploads\/2021\/09\/lac-d-iseo_7534-80x80.jpg 80w, https:\/\/www.bellitalie.org\/wp-content\/uploads\/2021\/09\/lac-d-iseo_7534-75x75.jpg 75w\" sizes=\"(max-width: 150px) 100vw, 150px\" \/><\/a><div class=\"lcp_excerpt\">\nSituato tra Bergamo e Brescia, il piccolo Lago d&#8217;Iseo \u00e8 un sito di carattere in ...<\/div><\/li><li><a href=\"https:\/\/www.bellitalie.org\/it\/destinazione\/lombardia\/lago-d-idro-e-valle-sabbia\/\">Lago d&#8217;Idro e Valle Sabbia<\/a><a href=\"https:\/\/www.bellitalie.org\/it\/destinazione\/lombardia\/lago-d-idro-e-valle-sabbia\/\" title=\"Lago d&#039;Idro e Valle Sabbia\"><img width=\"150\" height=\"150\" src=\"https:\/\/www.bellitalie.org\/wp-content\/uploads\/2021\/09\/lac-d-idro_7540-150x150.jpg\" class=\"lcp_thumbnail wp-post-image\" alt=\"Lago d&#039;Idro e Valle Sabbia\" loading=\"lazy\" srcset=\"https:\/\/www.bellitalie.org\/wp-content\/uploads\/2021\/09\/lac-d-idro_7540-150x150.jpg 150w, https:\/\/www.bellitalie.org\/wp-content\/uploads\/2021\/09\/lac-d-idro_7540-50x50.jpg 50w, https:\/\/www.bellitalie.org\/wp-content\/uploads\/2021\/09\/lac-d-idro_7540-80x80.jpg 80w, https:\/\/www.bellitalie.org\/wp-content\/uploads\/2021\/09\/lac-d-idro_7540-75x75.jpg 75w\" sizes=\"(max-width: 150px) 100vw, 150px\" \/><\/a><div class=\"lcp_excerpt\">\nSeparato dal Lago di Garda da una montagna, il bellissimo piccolo Lago d&#8217;Idro arroccato a ...<\/div><\/li><li><a href=\"https:\/\/www.bellitalie.org\/it\/destinazione\/lombardia\/varese\/\">Varese<\/a><a href=\"https:\/\/www.bellitalie.org\/it\/destinazione\/lombardia\/varese\/\" title=\"Varese\"><img width=\"150\" height=\"150\" src=\"https:\/\/www.bellitalie.org\/wp-content\/uploads\/2023\/09\/palazzo-estense-varese_7161-150x150.jpg\" class=\"lcp_thumbnail wp-post-image\" alt=\"Varese\" loading=\"lazy\" srcset=\"https:\/\/www.bellitalie.org\/wp-content\/uploads\/2023\/09\/palazzo-estense-varese_7161-150x150.jpg 150w, https:\/\/www.bellitalie.org\/wp-content\/uploads\/2023\/09\/palazzo-estense-varese_7161-50x50.jpg 50w, https:\/\/www.bellitalie.org\/wp-content\/uploads\/2023\/09\/palazzo-estense-varese_7161-80x80.jpg 80w, https:\/\/www.bellitalie.org\/wp-content\/uploads\/2023\/09\/palazzo-estense-varese_7161-75x75.jpg 75w\" sizes=\"(max-width: 150px) 100vw, 150px\" \/><\/a><div class=\"lcp_excerpt\">\nVicino a Como e Milano, tra laghi e montagne, Varese \u00e8 una citt\u00e0 piuttosto ignorata ...<\/div><\/li><li><a href=\"https:\/\/www.bellitalie.org\/it\/destinazione\/lombardia\/val-camonica\/\">Val Camonica<\/a><a href=\"https:\/\/www.bellitalie.org\/it\/destinazione\/lombardia\/val-camonica\/\" title=\"Val Camonica\"><img width=\"150\" height=\"150\" src=\"https:\/\/www.bellitalie.org\/wp-content\/uploads\/2021\/09\/foppe-di-nadro-parc-gravures-rupestres-de-ceto-cimbergo-paspardo_8516-150x150.jpg\" class=\"lcp_thumbnail wp-post-image\" alt=\"Val Camonica\" loading=\"lazy\" srcset=\"https:\/\/www.bellitalie.org\/wp-content\/uploads\/2021\/09\/foppe-di-nadro-parc-gravures-rupestres-de-ceto-cimbergo-paspardo_8516-150x150.jpg 150w, https:\/\/www.bellitalie.org\/wp-content\/uploads\/2021\/09\/foppe-di-nadro-parc-gravures-rupestres-de-ceto-cimbergo-paspardo_8516-50x50.jpg 50w, https:\/\/www.bellitalie.org\/wp-content\/uploads\/2021\/09\/foppe-di-nadro-parc-gravures-rupestres-de-ceto-cimbergo-paspardo_8516-80x80.jpg 80w, https:\/\/www.bellitalie.org\/wp-content\/uploads\/2021\/09\/foppe-di-nadro-parc-gravures-rupestres-de-ceto-cimbergo-paspardo_8516-75x75.jpg 75w\" sizes=\"(max-width: 150px) 100vw, 150px\" \/><\/a><div class=\"lcp_excerpt\">\nIl fiume Oglio discende la Val Camonica per circa 80 km, dal Passo del Tonale ...<\/div><\/li><li><a href=\"https:\/\/www.bellitalie.org\/it\/destinazione\/lombardia\/monza-e-la-brianza\/\">Monza e la Brianza<\/a><a href=\"https:\/\/www.bellitalie.org\/it\/destinazione\/lombardia\/monza-e-la-brianza\/\" title=\"Monza e la Brianza\"><img width=\"150\" height=\"150\" src=\"https:\/\/www.bellitalie.org\/wp-content\/uploads\/2021\/09\/basilique-duomo-di-monza_8024-150x150.jpg\" class=\"lcp_thumbnail wp-post-image\" alt=\"Monza e la Brianza\" loading=\"lazy\" srcset=\"https:\/\/www.bellitalie.org\/wp-content\/uploads\/2021\/09\/basilique-duomo-di-monza_8024-150x150.jpg 150w, https:\/\/www.bellitalie.org\/wp-content\/uploads\/2021\/09\/basilique-duomo-di-monza_8024-50x50.jpg 50w, https:\/\/www.bellitalie.org\/wp-content\/uploads\/2021\/09\/basilique-duomo-di-monza_8024-80x80.jpg 80w, https:\/\/www.bellitalie.org\/wp-content\/uploads\/2021\/09\/basilique-duomo-di-monza_8024-75x75.jpg 75w\" sizes=\"(max-width: 150px) 100vw, 150px\" \/><\/a><div class=\"lcp_excerpt\">\nMonza\nSituata nel cuore della Brianza, vicino a Milano sulle rive del Lambro, Monza \u00e8 la ...<\/div><\/li><\/ul>\n<\/div>\n<\/div>\n","protected":false},"excerpt":{"rendered":"<p>Pavia \u00e8 una graziosa citt\u00e0 sulle sponde del Ticino a 40 km a sud di Milano, in piena Val Padana, in una zona di risaie. Meno conosciuta rispetto ad altre citt\u00e0 d&#8217;arte, si passa facilmente da folle di turisti e merita una scoperta, soprattutto per la sua architettura e per la sua gastronomia di cui [&hellip;]<\/p>\n","protected":false},"author":1,"featured_media":1399,"parent":24678,"menu_order":0,"comment_status":"open","ping_status":"closed","template":"","format":"standard","meta":{"_links_to":"","_links_to_target":""},"tags":[],"categorie_page":[113],"region_italie":[84],"acf":[],"yoast_head":"<!-- This site is optimized with the Yoast SEO plugin v17.5 - https:\/\/yoast.com\/wordpress\/plugins\/seo\/ -->\n<title>Pavia - Bellitalie<\/title>\n<meta name=\"description\" content=\"Scoperta di Pavia, in mezzo della Val Padana, con un patrimonio romanico e medievale di cui soprattutto la Certosa di Pavia del tardo barocco\" \/>\n<meta name=\"robots\" content=\"index, follow, max-snippet:-1, max-image-preview:large, max-video-preview:-1\" \/>\n<link rel=\"canonical\" href=\"https:\/\/www.bellitalie.org\/it\/destinazione\/lombardia\/pavia\/\" \/>\n<meta property=\"og:locale\" content=\"it_IT\" \/>\n<meta property=\"og:type\" content=\"article\" \/>\n<meta property=\"og:title\" content=\"Pavia - Bellitalie\" \/>\n<meta property=\"og:description\" content=\"Scoperta di Pavia, in mezzo della Val Padana, con un patrimonio romanico e medievale di cui soprattutto la Certosa di Pavia del tardo barocco\" \/>\n<meta property=\"og:url\" content=\"https:\/\/www.bellitalie.org\/it\/destinazione\/lombardia\/pavia\/\" \/>\n<meta property=\"og:site_name\" content=\"Bellitalie\" \/>\n<meta property=\"article:modified_time\" content=\"2023-10-17T07:52:08+00:00\" \/>\n<meta property=\"og:image\" content=\"https:\/\/www.bellitalie.org\/wp-content\/uploads\/2021\/09\/pavie_7921.jpg\" \/>\n\t<meta property=\"og:image:width\" content=\"1200\" \/>\n\t<meta property=\"og:image:height\" content=\"800\" \/>\n<meta name=\"twitter:card\" content=\"summary_large_image\" \/>\n<meta name=\"twitter:label1\" content=\"Tempo di lettura stimato\" \/>\n\t<meta name=\"twitter:data1\" content=\"3 minuti\" \/>\n<script type=\"application\/ld+json\" class=\"yoast-schema-graph\">{\"@context\":\"https:\/\/schema.org\",\"@graph\":[{\"@type\":\"WebSite\",\"@id\":\"https:\/\/www.bellitalie.org\/#website\",\"url\":\"https:\/\/www.bellitalie.org\/\",\"name\":\"Bellitalie\",\"description\":\"Regioni, citt\\u00e0 e patrimonio dell'Italia da nord a sud\",\"potentialAction\":[{\"@type\":\"SearchAction\",\"target\":{\"@type\":\"EntryPoint\",\"urlTemplate\":\"https:\/\/www.bellitalie.org\/?s={search_term_string}\"},\"query-input\":\"required name=search_term_string\"}],\"inLanguage\":\"it-IT\"},{\"@type\":\"ImageObject\",\"@id\":\"https:\/\/www.bellitalie.org\/it\/destinazione\/lombardia\/pavia\/#primaryimage\",\"inLanguage\":\"it-IT\",\"url\":\"https:\/\/www.bellitalie.org\/wp-content\/uploads\/2021\/09\/pavie_7921.jpg\",\"contentUrl\":\"https:\/\/www.bellitalie.org\/wp-content\/uploads\/2021\/09\/pavie_7921.jpg\",\"width\":1200,\"height\":800,\"caption\":\"Ponte coperto\"},{\"@type\":\"WebPage\",\"@id\":\"https:\/\/www.bellitalie.org\/it\/destinazione\/lombardia\/pavia\/#webpage\",\"url\":\"https:\/\/www.bellitalie.org\/it\/destinazione\/lombardia\/pavia\/\",\"name\":\"Pavia - Bellitalie\",\"isPartOf\":{\"@id\":\"https:\/\/www.bellitalie.org\/#website\"},\"primaryImageOfPage\":{\"@id\":\"https:\/\/www.bellitalie.org\/it\/destinazione\/lombardia\/pavia\/#primaryimage\"},\"datePublished\":\"2021-09-12T13:02:42+00:00\",\"dateModified\":\"2023-10-17T07:52:08+00:00\",\"description\":\"Scoperta di Pavia, in mezzo della Val Padana, con un patrimonio romanico e medievale di cui soprattutto la Certosa di Pavia del tardo barocco\",\"breadcrumb\":{\"@id\":\"https:\/\/www.bellitalie.org\/it\/destinazione\/lombardia\/pavia\/#breadcrumb\"},\"inLanguage\":\"it-IT\",\"potentialAction\":[{\"@type\":\"ReadAction\",\"target\":[\"https:\/\/www.bellitalie.org\/it\/destinazione\/lombardia\/pavia\/\"]}]},{\"@type\":\"BreadcrumbList\",\"@id\":\"https:\/\/www.bellitalie.org\/it\/destinazione\/lombardia\/pavia\/#breadcrumb\",\"itemListElement\":[{\"@type\":\"ListItem\",\"position\":1,\"name\":\"Accueil\",\"item\":\"https:\/\/www.bellitalie.org\/it\/\"},{\"@type\":\"ListItem\",\"position\":2,\"name\":\"Lombardia\",\"item\":\"https:\/\/www.bellitalie.org\/it\/regione_italia\/lombardia\/\"},{\"@type\":\"ListItem\",\"position\":3,\"name\":\"Pavia\"}]},{\"@type\":\"Person\",\"@id\":\"https:\/\/www.bellitalie.org\/#\/schema\/person\/6f25c64f0b5df6df0b93a2be44045da5\",\"name\":\"Bellitalie\",\"image\":{\"@type\":\"ImageObject\",\"@id\":\"https:\/\/www.bellitalie.org\/#personlogo\",\"inLanguage\":\"it-IT\",\"url\":\"https:\/\/secure.gravatar.com\/avatar\/ad516503a11cd5ca435acc9bb6523536?s=96\",\"contentUrl\":\"https:\/\/secure.gravatar.com\/avatar\/ad516503a11cd5ca435acc9bb6523536?s=96\",\"caption\":\"Bellitalie\"},\"sameAs\":[\"https:\/\/www.bellitalie.org\"]}]}<\/script>\n<!-- \/ Yoast SEO plugin. -->","yoast_head_json":{"title":"Pavia - Bellitalie","description":"Scoperta di Pavia, in mezzo della Val Padana, con un patrimonio romanico e medievale di cui soprattutto la Certosa di Pavia del tardo barocco","robots":{"index":"index","follow":"follow","max-snippet":"max-snippet:-1","max-image-preview":"max-image-preview:large","max-video-preview":"max-video-preview:-1"},"canonical":"https:\/\/www.bellitalie.org\/it\/destinazione\/lombardia\/pavia\/","og_locale":"it_IT","og_type":"article","og_title":"Pavia - Bellitalie","og_description":"Scoperta di Pavia, in mezzo della Val Padana, con un patrimonio romanico e medievale di cui soprattutto la Certosa di Pavia del tardo barocco","og_url":"https:\/\/www.bellitalie.org\/it\/destinazione\/lombardia\/pavia\/","og_site_name":"Bellitalie","article_modified_time":"2023-10-17T07:52:08+00:00","og_image":[{"width":1200,"height":800,"url":"https:\/\/www.bellitalie.org\/wp-content\/uploads\/2021\/09\/pavie_7921.jpg","type":"image\/jpeg"}],"twitter_card":"summary_large_image","twitter_misc":{"Tempo di lettura stimato":"3 minuti"},"schema":{"@context":"https:\/\/schema.org","@graph":[{"@type":"WebSite","@id":"https:\/\/www.bellitalie.org\/#website","url":"https:\/\/www.bellitalie.org\/","name":"Bellitalie","description":"Regioni, citt\u00e0 e patrimonio dell'Italia da nord a sud","potentialAction":[{"@type":"SearchAction","target":{"@type":"EntryPoint","urlTemplate":"https:\/\/www.bellitalie.org\/?s={search_term_string}"},"query-input":"required name=search_term_string"}],"inLanguage":"it-IT"},{"@type":"ImageObject","@id":"https:\/\/www.bellitalie.org\/it\/destinazione\/lombardia\/pavia\/#primaryimage","inLanguage":"it-IT","url":"https:\/\/www.bellitalie.org\/wp-content\/uploads\/2021\/09\/pavie_7921.jpg","contentUrl":"https:\/\/www.bellitalie.org\/wp-content\/uploads\/2021\/09\/pavie_7921.jpg","width":1200,"height":800,"caption":"Ponte coperto"},{"@type":"WebPage","@id":"https:\/\/www.bellitalie.org\/it\/destinazione\/lombardia\/pavia\/#webpage","url":"https:\/\/www.bellitalie.org\/it\/destinazione\/lombardia\/pavia\/","name":"Pavia - Bellitalie","isPartOf":{"@id":"https:\/\/www.bellitalie.org\/#website"},"primaryImageOfPage":{"@id":"https:\/\/www.bellitalie.org\/it\/destinazione\/lombardia\/pavia\/#primaryimage"},"datePublished":"2021-09-12T13:02:42+00:00","dateModified":"2023-10-17T07:52:08+00:00","description":"Scoperta di Pavia, in mezzo della Val Padana, con un patrimonio romanico e medievale di cui soprattutto la Certosa di Pavia del tardo barocco","breadcrumb":{"@id":"https:\/\/www.bellitalie.org\/it\/destinazione\/lombardia\/pavia\/#breadcrumb"},"inLanguage":"it-IT","potentialAction":[{"@type":"ReadAction","target":["https:\/\/www.bellitalie.org\/it\/destinazione\/lombardia\/pavia\/"]}]},{"@type":"BreadcrumbList","@id":"https:\/\/www.bellitalie.org\/it\/destinazione\/lombardia\/pavia\/#breadcrumb","itemListElement":[{"@type":"ListItem","position":1,"name":"Accueil","item":"https:\/\/www.bellitalie.org\/it\/"},{"@type":"ListItem","position":2,"name":"Lombardia","item":"https:\/\/www.bellitalie.org\/it\/regione_italia\/lombardia\/"},{"@type":"ListItem","position":3,"name":"Pavia"}]},{"@type":"Person","@id":"https:\/\/www.bellitalie.org\/#\/schema\/person\/6f25c64f0b5df6df0b93a2be44045da5","name":"Bellitalie","image":{"@type":"ImageObject","@id":"https:\/\/www.bellitalie.org\/#personlogo","inLanguage":"it-IT","url":"https:\/\/secure.gravatar.com\/avatar\/ad516503a11cd5ca435acc9bb6523536?s=96","contentUrl":"https:\/\/secure.gravatar.com\/avatar\/ad516503a11cd5ca435acc9bb6523536?s=96","caption":"Bellitalie"},"sameAs":["https:\/\/www.bellitalie.org"]}]}},"_links":{"self":[{"href":"https:\/\/www.bellitalie.org\/it\/wp-json\/wp\/v2\/destination\/25953"}],"collection":[{"href":"https:\/\/www.bellitalie.org\/it\/wp-json\/wp\/v2\/destination"}],"about":[{"href":"https:\/\/www.bellitalie.org\/it\/wp-json\/wp\/v2\/types\/destination"}],"author":[{"embeddable":true,"href":"https:\/\/www.bellitalie.org\/it\/wp-json\/wp\/v2\/users\/1"}],"replies":[{"embeddable":true,"href":"https:\/\/www.bellitalie.org\/it\/wp-json\/wp\/v2\/comments?post=25953"}],"version-history":[{"count":4,"href":"https:\/\/www.bellitalie.org\/it\/wp-json\/wp\/v2\/destination\/25953\/revisions"}],"predecessor-version":[{"id":26846,"href":"https:\/\/www.bellitalie.org\/it\/wp-json\/wp\/v2\/destination\/25953\/revisions\/26846"}],"up":[{"embeddable":true,"href":"https:\/\/www.bellitalie.org\/it\/wp-json\/wp\/v2\/destination\/24678"}],"wp:featuredmedia":[{"embeddable":true,"href":"https:\/\/www.bellitalie.org\/it\/wp-json\/wp\/v2\/media\/1399"}],"wp:attachment":[{"href":"https:\/\/www.bellitalie.org\/it\/wp-json\/wp\/v2\/media?parent=25953"}],"wp:term":[{"taxonomy":"post_tag","embeddable":true,"href":"https:\/\/www.bellitalie.org\/it\/wp-json\/wp\/v2\/tags?post=25953"},{"taxonomy":"categorie_page","embeddable":true,"href":"https:\/\/www.bellitalie.org\/it\/wp-json\/wp\/v2\/categorie_page?post=25953"},{"taxonomy":"region_italie","embeddable":true,"href":"https:\/\/www.bellitalie.org\/it\/wp-json\/wp\/v2\/region_italie?post=25953"}],"curies":[{"name":"wp","href":"https:\/\/api.w.org\/{rel}","templated":true}]}}