{"id":26091,"date":"2021-09-18T14:27:23","date_gmt":"2021-09-18T12:27:23","guid":{"rendered":"https:\/\/www.bellitalie.org\/destination\/lombardia\/brescia\/"},"modified":"2023-10-19T13:35:04","modified_gmt":"2023-10-19T11:35:04","slug":"brescia","status":"publish","type":"destination","link":"https:\/\/www.bellitalie.org\/it\/destinazione\/lombardia\/brescia\/","title":{"rendered":"Brescia"},"content":{"rendered":"\n<p><strong>Brescia<\/strong>, la seconda citt\u00e0 pi\u00f9 grande della Lombardia, non gode della fama che meriterebbe. \u00c8 infatti una citt\u00e0 molto bella, con un armonioso centro storico nella pianura ai piedi della collina che porta il suo castello storico, che si sviluppa con affascinanti strade intorno alle sue piazze storiche.<br>La sua storia \u00e8 millenaria, occupata dai Galli Liguri prima di diventare la Brixia romana che fu fin dalla Repubblica di Roma un&#8217;importante citt\u00e0 situata sulla Via Gallica. Di quell&#8217;epoca cene sono pervenuti notevoli resti, come i resti di templi, del foro e del teatro. Continu\u00f2 a prosperare nel Medioevo, con belle costruzioni lombarde.<br>Oggi Brescia \u00e8 una citt\u00e0 prospera dove vivono circa 200.000 abitanti, oltre 500.000 con il suo agglomerato, dove si insediarono numerose industrie, tra cui le sedi degli armaioli Beretta e Perazzi.<br>Nel 2011, l&#8217;Unesco ha inserito diversi siti della citt\u00e0 nella lista del patrimonio mondiale, tra cui il <strong>complesso Santa Giulia<\/strong> o il <strong>Capitolino romano<\/strong>. Durante una visita, si pu\u00f2 anche scoprire il suo castello costruito sulla bella collina e le sue due piazze storiche come <strong>Piazza della Loggia<\/strong> e <strong>Piazza Paolo VI<\/strong> detta anche Piazza delle Due Cattedrali.<\/p>\n\n\n<figure class=\"wp-container-2 wp-block-gallery-1 wp-block-gallery has-nested-images columns-default is-cropped\">\n<figure class=\"wp-block-image size-large\"><img loading=\"lazy\" width=\"1024\" height=\"683\" data-id=\"20260\"  src=\"https:\/\/www.bellitalie.org\/wp-content\/uploads\/2021\/09\/brescia_1556-1-1024x683.jpg\" alt=\"brescia_1556\" class=\"wp-image-20260\" srcset=\"https:\/\/www.bellitalie.org\/wp-content\/uploads\/2021\/09\/brescia_1556-1-1024x683.jpg 1024w, https:\/\/www.bellitalie.org\/wp-content\/uploads\/2021\/09\/brescia_1556-1-300x200.jpg 300w, https:\/\/www.bellitalie.org\/wp-content\/uploads\/2021\/09\/brescia_1556-1-768x512.jpg 768w, https:\/\/www.bellitalie.org\/wp-content\/uploads\/2021\/09\/brescia_1556-1.jpg 1200w\" sizes=\"(max-width: 1024px) 100vw, 1024px\" \/><figcaption>Tempio Capitolino di Brescia<\/figcaption><\/figure>\n<\/figure>\n\n\n<h2>Panoramica storica<\/h2>\n<p>Brescia fu la capitale dei Cenomani, celti originari della regione di Le Mans venuti a stabilirsi nell&#8217;Italia settentrionale nel V sec. a.C. I romani conquistarono la citt\u00e0 nel 187 a.C., e Brescia ottenne la cittadinanza romana nel &#8211; 49.<br \/>Dal 568 al 774 i Longobardi vi insediarono un importante ducato. Dal 1404 al 1797 la citt\u00e0 \u00e8 territorio della Repubblica di Venezia.<br \/>Una famosa rivolta popolare scoppi\u00f2 contro l&#8217;oppressione austriaca tra il 23 marzo e il 1\u00ba aprile 1849. Da allora Brescia \u00e8 soprannominata \u00abLeonessa d&#8217;Italia\u00bb in memoria del coraggio dei suoi abitanti.<\/p>\n<h2>Principali Monumenti<\/h2>\n<div id=\"travelersmap-container-69f2a0535d813\" class=\"travelersmap-container\" style=\"z-index: 1; min-height: 10px; min-width:10px; height:450px;width:100%; max-width:; max-height:; position:relative;\"><div style=\"position:absolute; z-index:-1;top: 50%;text-align: center;display: block;left: 50%;transform: translate(-50%,-50%);\">Travelers' Map is loading... <br> If you see this after your page is loaded completely, leafletJS files are missing.<\/div><\/div>\n<p>\u00a0<\/p>\n<p>\u2192 Leggere anche l&#8217;articolo completo <em><a href=\"https:\/\/www.bellitalie.org\/it\/destinazione\/lombardia\/brescia\/cosa-vedere-a-brescia\/\">cosa vedere a Brescia<\/a><\/em><\/p>\n<ul>\n<li><a href=\"https:\/\/www.bellitalie.org\/it\/destinazione\/lombardia\/brescia\/museo-di-santa-giulia\/\"><strong>Complesso di Santa Giulia<\/strong><\/a>, il museo della citt\u00e0 ospitato in un monastero<\/li>\n<li><a href=\"https:\/\/www.bellitalie.org\/it\/destinazione\/lombardia\/brescia\/parco-archeologico-di-brescia\/\"><strong>Area archeologica<\/strong><\/a>, intorno all&#8217;antico foro con il Campidoglio o il teatro<\/li>\n<li><a href=\"https:\/\/www.bellitalie.org\/it\/destinazione\/lombardia\/brescia\/castello-di-brescia\/\"><strong>Castello di Brescia<\/strong><\/a> sulla collina che domina la citt\u00e0<\/li>\n<li><a href=\"https:\/\/www.bellitalie.org\/it\/destinazione\/lombardia\/brescia\/piazza-della-loggia-di-brescia\/\"><strong>Piazza della Loggia<\/strong><\/a>. Una delle due piazze pi\u00f9 belle della citt\u00e0<\/li>\n<li><a href=\"https:\/\/www.bellitalie.org\/it\/destinazione\/lombardia\/brescia\/foto-della-piazza-paolo-vi-o-piazza-duomo\/\"><strong>Piazza Paolo VI<\/strong><\/a> o Piazza Duomo. La piazza con le due cattedrali o il Broletto medievale<\/li>\n<li><a href=\"https:\/\/www.bellitalie.org\/it\/destinazione\/lombardia\/brescia\/duomo-vecchio-di-brescia\/\"><strong>Duomo Vecchio<\/strong><\/a>. L&#8217;antica cattedrale medievale<\/li>\n<li><a href=\"https:\/\/www.bellitalie.org\/it\/destinazione\/lombardia\/brescia\/quartiere-del-carmine-e-torre-della-pallata\/\"><strong>Quartiere del Carmine<\/strong><\/a> e Torre Pallata<\/li>\n<li><a href=\"https:\/\/www.bellitalie.org\/it\/destinazione\/lombardia\/brescia\/chiesa-di-san-francesco-di-brescia\/\"><strong>Chiesa di San Francesco d&#8217;Assisi<\/strong><\/a><\/li>\n<li><a href=\"https:\/\/www.bellitalie.org\/it\/destinazione\/lombardia\/brescia\/pinacoteca-tosio-martinengo\/\"><strong>Pinacoteca Tosio Martinengo<\/strong><\/a> : una bella collezione legata alla pittura della scuola bresciana<\/li>\n<li><a href=\"https:\/\/www.bellitalie.org\/it\/destinazione\/lombardia\/brescia\/cosa-vedere-a-brescia\/#Altri_luoghi\">Altri luoghi<\/a>: Duomo Nuovo, Chiesa di San Cristo, Santa Maria dei Miracoli, Piazza Vittoria, Biblioteca Queriniana, San Giuseppe e Museo Diocesano, Teatro Grande, Museo delle Mille Miglia fuori citt\u00e0, Chiesa di Santa Maria della Carit\u00e0, Santa Maria del Carmine, Chiesa dei Santi Faustino e Giovita, Chiesa di San Nazaro e Celso, Piazzale Arnaldo, Palazzo Tosio, e altre chiese notevoli<\/li>\n<\/ul>\n<h2>Foto di alcuni luoghi<\/h2>\n\n\n<figure class=\"wp-container-4 wp-block-gallery-3 wp-block-gallery has-nested-images columns-5 is-cropped\">\n<figure class=\"wp-block-image size-medium\"><a href=\"https:\/\/www.bellitalie.org\/wp-content\/uploads\/2023\/08\/ex-basilica-romana-brescia_9252.jpg\"><img loading=\"lazy\" width=\"800\" height=\"1200\" data-id=\"20737\"  src=\"https:\/\/www.bellitalie.org\/wp-content\/uploads\/2023\/08\/ex-basilica-romana-brescia_9252.jpg\" alt=\"foto ex-basilica-romana-brescia_9252\" class=\"wp-image-20737\" srcset=\"https:\/\/www.bellitalie.org\/wp-content\/uploads\/2023\/08\/ex-basilica-romana-brescia_9252.jpg 800w, https:\/\/www.bellitalie.org\/wp-content\/uploads\/2023\/08\/ex-basilica-romana-brescia_9252-200x300.jpg 200w, https:\/\/www.bellitalie.org\/wp-content\/uploads\/2023\/08\/ex-basilica-romana-brescia_9252-683x1024.jpg 683w, https:\/\/www.bellitalie.org\/wp-content\/uploads\/2023\/08\/ex-basilica-romana-brescia_9252-768x1152.jpg 768w\" sizes=\"(max-width: 800px) 100vw, 800px\" \/><\/a><figcaption>Ex basilica romana<\/figcaption><\/figure>\n\n\n\n<figure class=\"wp-block-image size-medium\"><a href=\"https:\/\/www.bellitalie.org\/wp-content\/uploads\/2021\/09\/fontana-di-san-giovanni-brescia_9050.jpg\"><img loading=\"lazy\" width=\"800\" height=\"1200\" data-id=\"20740\"  src=\"https:\/\/www.bellitalie.org\/wp-content\/uploads\/2021\/09\/fontana-di-san-giovanni-brescia_9050.jpg\" alt=\"foto fontana-di-san-giovanni-brescia_9050\" class=\"wp-image-20740\" srcset=\"https:\/\/www.bellitalie.org\/wp-content\/uploads\/2021\/09\/fontana-di-san-giovanni-brescia_9050.jpg 800w, https:\/\/www.bellitalie.org\/wp-content\/uploads\/2021\/09\/fontana-di-san-giovanni-brescia_9050-200x300.jpg 200w, https:\/\/www.bellitalie.org\/wp-content\/uploads\/2021\/09\/fontana-di-san-giovanni-brescia_9050-683x1024.jpg 683w, https:\/\/www.bellitalie.org\/wp-content\/uploads\/2021\/09\/fontana-di-san-giovanni-brescia_9050-768x1152.jpg 768w\" sizes=\"(max-width: 800px) 100vw, 800px\" \/><\/a><figcaption>Fontana di San Giovanni<\/figcaption><\/figure>\n\n\n\n<figure class=\"wp-block-image size-medium\"><a href=\"https:\/\/www.bellitalie.org\/wp-content\/uploads\/2021\/09\/fontana-in-brescia_9262.jpg\"><img loading=\"lazy\" width=\"1200\" height=\"800\" data-id=\"20743\"  src=\"https:\/\/www.bellitalie.org\/wp-content\/uploads\/2021\/09\/fontana-in-brescia_9262.jpg\" alt=\"foto fontana-in-brescia_9262\" class=\"wp-image-20743\" srcset=\"https:\/\/www.bellitalie.org\/wp-content\/uploads\/2021\/09\/fontana-in-brescia_9262.jpg 1200w, https:\/\/www.bellitalie.org\/wp-content\/uploads\/2021\/09\/fontana-in-brescia_9262-300x200.jpg 300w, https:\/\/www.bellitalie.org\/wp-content\/uploads\/2021\/09\/fontana-in-brescia_9262-1024x683.jpg 1024w, https:\/\/www.bellitalie.org\/wp-content\/uploads\/2021\/09\/fontana-in-brescia_9262-768x512.jpg 768w\" sizes=\"(max-width: 1200px) 100vw, 1200px\" \/><\/a><figcaption>Fontana <\/figcaption><\/figure>\n\n\n\n<figure class=\"wp-block-image size-medium\"><a href=\"https:\/\/www.bellitalie.org\/wp-content\/uploads\/2021\/09\/fontana-in-brescia_9263.jpg\"><img loading=\"lazy\" width=\"1200\" height=\"800\" data-id=\"20746\"  src=\"https:\/\/www.bellitalie.org\/wp-content\/uploads\/2021\/09\/fontana-in-brescia_9263.jpg\" alt=\"foto fontana-in-brescia_9263\" class=\"wp-image-20746\" srcset=\"https:\/\/www.bellitalie.org\/wp-content\/uploads\/2021\/09\/fontana-in-brescia_9263.jpg 1200w, https:\/\/www.bellitalie.org\/wp-content\/uploads\/2021\/09\/fontana-in-brescia_9263-300x200.jpg 300w, https:\/\/www.bellitalie.org\/wp-content\/uploads\/2021\/09\/fontana-in-brescia_9263-1024x683.jpg 1024w, https:\/\/www.bellitalie.org\/wp-content\/uploads\/2021\/09\/fontana-in-brescia_9263-768x512.jpg 768w\" sizes=\"(max-width: 1200px) 100vw, 1200px\" \/><\/a><figcaption>Fontana <\/figcaption><\/figure>\n\n\n\n<figure class=\"wp-block-image size-medium\"><a href=\"https:\/\/www.bellitalie.org\/wp-content\/uploads\/2021\/09\/fontana-piazza-tito-speri-brescia_8958.jpg\"><img loading=\"lazy\" width=\"800\" height=\"1200\" data-id=\"20749\"  src=\"https:\/\/www.bellitalie.org\/wp-content\/uploads\/2021\/09\/fontana-piazza-tito-speri-brescia_8958.jpg\" alt=\"foto fontana-piazza-tito-speri-brescia_8958\" class=\"wp-image-20749\" srcset=\"https:\/\/www.bellitalie.org\/wp-content\/uploads\/2021\/09\/fontana-piazza-tito-speri-brescia_8958.jpg 800w, https:\/\/www.bellitalie.org\/wp-content\/uploads\/2021\/09\/fontana-piazza-tito-speri-brescia_8958-200x300.jpg 200w, https:\/\/www.bellitalie.org\/wp-content\/uploads\/2021\/09\/fontana-piazza-tito-speri-brescia_8958-683x1024.jpg 683w, https:\/\/www.bellitalie.org\/wp-content\/uploads\/2021\/09\/fontana-piazza-tito-speri-brescia_8958-768x1152.jpg 768w\" sizes=\"(max-width: 800px) 100vw, 800px\" \/><\/a><figcaption>Fontana Piazza Tito Speri<\/figcaption><\/figure>\n\n\n\n<figure class=\"wp-block-image size-medium\"><a href=\"https:\/\/www.bellitalie.org\/wp-content\/uploads\/2021\/09\/mostasu-dele-cosere-brescia_9048.jpg\"><img loading=\"lazy\" width=\"800\" height=\"1200\" data-id=\"20752\"  src=\"https:\/\/www.bellitalie.org\/wp-content\/uploads\/2021\/09\/mostasu-dele-cosere-brescia_9048.jpg\" alt=\"foto mostasu-dele-cosere-brescia_9048\" class=\"wp-image-20752\" srcset=\"https:\/\/www.bellitalie.org\/wp-content\/uploads\/2021\/09\/mostasu-dele-cosere-brescia_9048.jpg 800w, https:\/\/www.bellitalie.org\/wp-content\/uploads\/2021\/09\/mostasu-dele-cosere-brescia_9048-200x300.jpg 200w, https:\/\/www.bellitalie.org\/wp-content\/uploads\/2021\/09\/mostasu-dele-cosere-brescia_9048-683x1024.jpg 683w, https:\/\/www.bellitalie.org\/wp-content\/uploads\/2021\/09\/mostasu-dele-cosere-brescia_9048-768x1152.jpg 768w\" sizes=\"(max-width: 800px) 100vw, 800px\" \/><\/a><figcaption>Mostas\u00f9 d\u00e8 le Cos\u00e9re<\/figcaption><\/figure>\n\n\n\n<figure class=\"wp-block-image size-medium\"><a href=\"https:\/\/www.bellitalie.org\/wp-content\/uploads\/2021\/09\/piazza-bruno-boni-brescia_9260.jpg\"><img loading=\"lazy\" width=\"800\" height=\"1200\" data-id=\"20755\"  src=\"https:\/\/www.bellitalie.org\/wp-content\/uploads\/2021\/09\/piazza-bruno-boni-brescia_9260.jpg\" alt=\"foto piazza-bruno-boni-brescia_9260\" class=\"wp-image-20755\" srcset=\"https:\/\/www.bellitalie.org\/wp-content\/uploads\/2021\/09\/piazza-bruno-boni-brescia_9260.jpg 800w, https:\/\/www.bellitalie.org\/wp-content\/uploads\/2021\/09\/piazza-bruno-boni-brescia_9260-200x300.jpg 200w, https:\/\/www.bellitalie.org\/wp-content\/uploads\/2021\/09\/piazza-bruno-boni-brescia_9260-683x1024.jpg 683w, https:\/\/www.bellitalie.org\/wp-content\/uploads\/2021\/09\/piazza-bruno-boni-brescia_9260-768x1152.jpg 768w\" sizes=\"(max-width: 800px) 100vw, 800px\" \/><\/a><figcaption>Piazza Bruno Boni<\/figcaption><\/figure>\n\n\n\n<figure class=\"wp-block-image size-medium\"><a href=\"https:\/\/www.bellitalie.org\/wp-content\/uploads\/2023\/08\/via-della-pace-brescia_9044.jpg\"><img loading=\"lazy\" width=\"1200\" height=\"800\" data-id=\"20485\"  src=\"https:\/\/www.bellitalie.org\/wp-content\/uploads\/2023\/08\/via-della-pace-brescia_9044.jpg\" alt=\"foto via-della-pace-brescia_9044\" class=\"wp-image-20485\" srcset=\"https:\/\/www.bellitalie.org\/wp-content\/uploads\/2023\/08\/via-della-pace-brescia_9044.jpg 1200w, https:\/\/www.bellitalie.org\/wp-content\/uploads\/2023\/08\/via-della-pace-brescia_9044-300x200.jpg 300w, https:\/\/www.bellitalie.org\/wp-content\/uploads\/2023\/08\/via-della-pace-brescia_9044-1024x683.jpg 1024w, https:\/\/www.bellitalie.org\/wp-content\/uploads\/2023\/08\/via-della-pace-brescia_9044-768x512.jpg 768w\" sizes=\"(max-width: 1200px) 100vw, 1200px\" \/><\/a><figcaption>Via della Pace<\/figcaption><\/figure>\n\n\n\n<figure class=\"wp-block-image size-medium\"><a href=\"https:\/\/www.bellitalie.org\/wp-content\/uploads\/2023\/08\/tempio-capitolino-brescia_8843.jpg\"><img loading=\"lazy\" width=\"1200\" height=\"800\" data-id=\"20215\"  src=\"https:\/\/www.bellitalie.org\/wp-content\/uploads\/2023\/08\/tempio-capitolino-brescia_8843.jpg\" alt=\"foto tempio-capitolino-brescia_8843\" class=\"wp-image-20215\" srcset=\"https:\/\/www.bellitalie.org\/wp-content\/uploads\/2023\/08\/tempio-capitolino-brescia_8843.jpg 1200w, https:\/\/www.bellitalie.org\/wp-content\/uploads\/2023\/08\/tempio-capitolino-brescia_8843-300x200.jpg 300w, https:\/\/www.bellitalie.org\/wp-content\/uploads\/2023\/08\/tempio-capitolino-brescia_8843-1024x683.jpg 1024w, https:\/\/www.bellitalie.org\/wp-content\/uploads\/2023\/08\/tempio-capitolino-brescia_8843-768x512.jpg 768w\" sizes=\"(max-width: 1200px) 100vw, 1200px\" \/><\/a><figcaption>Tempio Capitolino<\/figcaption><\/figure>\n\n\n\n<figure class=\"wp-block-image size-medium\"><a href=\"https:\/\/www.bellitalie.org\/wp-content\/uploads\/2023\/08\/piazza-paolo-vi-brescia_9004.jpg\"><img loading=\"lazy\" width=\"800\" height=\"1200\" data-id=\"20374\"  src=\"https:\/\/www.bellitalie.org\/wp-content\/uploads\/2023\/08\/piazza-paolo-vi-brescia_9004.jpg\" alt=\"foto piazza-paolo-vi-brescia_9004\" class=\"wp-image-20374\" srcset=\"https:\/\/www.bellitalie.org\/wp-content\/uploads\/2023\/08\/piazza-paolo-vi-brescia_9004.jpg 800w, https:\/\/www.bellitalie.org\/wp-content\/uploads\/2023\/08\/piazza-paolo-vi-brescia_9004-200x300.jpg 200w, https:\/\/www.bellitalie.org\/wp-content\/uploads\/2023\/08\/piazza-paolo-vi-brescia_9004-683x1024.jpg 683w, https:\/\/www.bellitalie.org\/wp-content\/uploads\/2023\/08\/piazza-paolo-vi-brescia_9004-768x1152.jpg 768w\" sizes=\"(max-width: 800px) 100vw, 800px\" \/><\/a><figcaption>Piazza Paolo VI<\/figcaption><\/figure>\n\n\n\n<figure class=\"wp-block-image size-medium\"><a href=\"https:\/\/www.bellitalie.org\/wp-content\/uploads\/2021\/09\/duomo-vecchio-brescia_9003.jpg\"><img loading=\"lazy\" width=\"1200\" height=\"800\" data-id=\"20423\"  src=\"https:\/\/www.bellitalie.org\/wp-content\/uploads\/2021\/09\/duomo-vecchio-brescia_9003.jpg\" alt=\"foto duomo-vecchio-brescia_9003\" class=\"wp-image-20423\" srcset=\"https:\/\/www.bellitalie.org\/wp-content\/uploads\/2021\/09\/duomo-vecchio-brescia_9003.jpg 1200w, https:\/\/www.bellitalie.org\/wp-content\/uploads\/2021\/09\/duomo-vecchio-brescia_9003-300x200.jpg 300w, https:\/\/www.bellitalie.org\/wp-content\/uploads\/2021\/09\/duomo-vecchio-brescia_9003-1024x683.jpg 1024w, https:\/\/www.bellitalie.org\/wp-content\/uploads\/2021\/09\/duomo-vecchio-brescia_9003-768x512.jpg 768w\" sizes=\"(max-width: 1200px) 100vw, 1200px\" \/><\/a><figcaption>Duomo vecchio<\/figcaption><\/figure>\n\n\n\n<figure class=\"wp-block-image size-medium\"><a href=\"https:\/\/www.bellitalie.org\/wp-content\/uploads\/2021\/09\/fontana-della-brescia-armata_9014.jpg\"><img loading=\"lazy\" width=\"800\" height=\"1200\" data-id=\"20395\"  src=\"https:\/\/www.bellitalie.org\/wp-content\/uploads\/2021\/09\/fontana-della-brescia-armata_9014.jpg\" alt=\"foto fontana della minerva\" class=\"wp-image-20395\" srcset=\"https:\/\/www.bellitalie.org\/wp-content\/uploads\/2021\/09\/fontana-della-brescia-armata_9014.jpg 800w, https:\/\/www.bellitalie.org\/wp-content\/uploads\/2021\/09\/fontana-della-brescia-armata_9014-200x300.jpg 200w, https:\/\/www.bellitalie.org\/wp-content\/uploads\/2021\/09\/fontana-della-brescia-armata_9014-683x1024.jpg 683w, https:\/\/www.bellitalie.org\/wp-content\/uploads\/2021\/09\/fontana-della-brescia-armata_9014-768x1152.jpg 768w\" sizes=\"(max-width: 800px) 100vw, 800px\" \/><\/a><figcaption>Fontana della Minerva<\/figcaption><\/figure>\n\n\n\n<figure class=\"wp-block-image size-medium\"><a href=\"https:\/\/www.bellitalie.org\/wp-content\/uploads\/2023\/08\/palazzo-del-broletto-brescia_9066.jpg\"><img loading=\"lazy\" width=\"1200\" height=\"800\" data-id=\"20386\"  src=\"https:\/\/www.bellitalie.org\/wp-content\/uploads\/2023\/08\/palazzo-del-broletto-brescia_9066.jpg\" alt=\"foto palazzo-del-broletto-brescia_9066\" class=\"wp-image-20386\" srcset=\"https:\/\/www.bellitalie.org\/wp-content\/uploads\/2023\/08\/palazzo-del-broletto-brescia_9066.jpg 1200w, https:\/\/www.bellitalie.org\/wp-content\/uploads\/2023\/08\/palazzo-del-broletto-brescia_9066-300x200.jpg 300w, https:\/\/www.bellitalie.org\/wp-content\/uploads\/2023\/08\/palazzo-del-broletto-brescia_9066-1024x683.jpg 1024w, https:\/\/www.bellitalie.org\/wp-content\/uploads\/2023\/08\/palazzo-del-broletto-brescia_9066-768x512.jpg 768w\" sizes=\"(max-width: 1200px) 100vw, 1200px\" \/><\/a><figcaption>Broletto<\/figcaption><\/figure>\n\n\n\n<figure class=\"wp-block-image size-medium\"><a href=\"https:\/\/www.bellitalie.org\/wp-content\/uploads\/2021\/09\/torre-dell-orologio-piazza-della-loggia-brescia_8968.jpg\"><img loading=\"lazy\" width=\"1200\" height=\"800\" data-id=\"20358\"  src=\"https:\/\/www.bellitalie.org\/wp-content\/uploads\/2021\/09\/torre-dell-orologio-piazza-della-loggia-brescia_8968.jpg\" alt=\"foto torre-dell-orologio-piazza-della-loggia-brescia_8968\" class=\"wp-image-20358\" srcset=\"https:\/\/www.bellitalie.org\/wp-content\/uploads\/2021\/09\/torre-dell-orologio-piazza-della-loggia-brescia_8968.jpg 1200w, https:\/\/www.bellitalie.org\/wp-content\/uploads\/2021\/09\/torre-dell-orologio-piazza-della-loggia-brescia_8968-300x200.jpg 300w, https:\/\/www.bellitalie.org\/wp-content\/uploads\/2021\/09\/torre-dell-orologio-piazza-della-loggia-brescia_8968-1024x683.jpg 1024w, https:\/\/www.bellitalie.org\/wp-content\/uploads\/2021\/09\/torre-dell-orologio-piazza-della-loggia-brescia_8968-768x512.jpg 768w\" sizes=\"(max-width: 1200px) 100vw, 1200px\" \/><\/a><figcaption>Piazza della Loggia<\/figcaption><\/figure>\n\n\n\n<figure class=\"wp-block-image size-medium\"><a href=\"https:\/\/www.bellitalie.org\/wp-content\/uploads\/2021\/09\/torre-dei-prigionieri-castello-di-brescia_8834.jpg\"><img loading=\"lazy\" width=\"1200\" height=\"800\" data-id=\"20273\"  src=\"https:\/\/www.bellitalie.org\/wp-content\/uploads\/2021\/09\/torre-dei-prigionieri-castello-di-brescia_8834.jpg\" alt=\"foto torre-dei-prigionieri-castello-di-brescia_8834\" class=\"wp-image-20273\" srcset=\"https:\/\/www.bellitalie.org\/wp-content\/uploads\/2021\/09\/torre-dei-prigionieri-castello-di-brescia_8834.jpg 1200w, https:\/\/www.bellitalie.org\/wp-content\/uploads\/2021\/09\/torre-dei-prigionieri-castello-di-brescia_8834-300x200.jpg 300w, https:\/\/www.bellitalie.org\/wp-content\/uploads\/2021\/09\/torre-dei-prigionieri-castello-di-brescia_8834-1024x683.jpg 1024w, https:\/\/www.bellitalie.org\/wp-content\/uploads\/2021\/09\/torre-dei-prigionieri-castello-di-brescia_8834-768x512.jpg 768w\" sizes=\"(max-width: 1200px) 100vw, 1200px\" \/><\/a><figcaption>Castello di Brescia<\/figcaption><\/figure>\n<\/figure>\n\n\n<h2>Informazioni<\/h2>\n<ul>\n<li>Articolo Wikipedia : <a href=\"https:\/\/it.wikipedia.org\/wiki\/Brescia\" target=\"_blank\" rel=\"noopener\">it.wikipedia.org<\/a><\/li>\n<li>Portali turistici : <a href=\"http:\/\/www.turismobrescia.it\" target=\"_blank\" rel=\"noopener\">www.turismobrescia.it<\/a>, <a href=\"https:\/\/www.in-lombardia.it\/it\/turismo-in-lombardia\/brescia-turismo\" target=\"_blank\" rel=\"noopener\">www.in-lombardia.it<\/a>, <a href=\"https:\/\/www.bresciatourism.it\/cosa-fare\/12-cose-da-vedere-a-brescia\/\" target=\"_blank\" rel=\"noopener\">www.bresciatourism.it<\/a><\/li>\n<\/ul>\n\n<h3>Cartina<\/h3>\n<div id=\"travelersmap-container-69f2a0535fcd9\" class=\"travelersmap-container\" style=\"z-index: 1; min-height: 10px; min-width:10px; height:400px;width:100%; max-width:; max-height:; position:relative;\"><div style=\"position:absolute; z-index:-1;top: 50%;text-align: center;display: block;left: 50%;transform: translate(-50%,-50%);\">Travelers' Map is loading... <br> If you see this after your page is loaded completely, leafletJS files are missing.<\/div><\/div>\n<p><\/p>\n\n\n<div class=\"wp-container-7 wp-block-columns has-background\" style=\"background-color:#dfece5\">\n<div class=\"wp-container-5 wp-block-column\">\n<p><strong>Brescia<\/strong><\/p>\n<ul class=\"lcp_catlist2\" id=\"lcp_instance_0\"><li class=\"current\"><a href=\"https:\/\/www.bellitalie.org\/it\/destinazione\/lombardia\/brescia\/cosa-vedere-a-brescia\/\">Cosa vedere a Brescia<\/a><a href=\"https:\/\/www.bellitalie.org\/it\/destinazione\/lombardia\/brescia\/cosa-vedere-a-brescia\/\" title=\"Cosa vedere a Brescia\"><img width=\"150\" height=\"150\" src=\"https:\/\/www.bellitalie.org\/wp-content\/uploads\/2021\/11\/santa_maria_in_solario_brescia-150x150.jpg\" class=\"lcp_thumbnail wp-post-image\" alt=\"Cosa vedere a Brescia\" loading=\"lazy\" srcset=\"https:\/\/www.bellitalie.org\/wp-content\/uploads\/2021\/11\/santa_maria_in_solario_brescia-150x150.jpg 150w, https:\/\/www.bellitalie.org\/wp-content\/uploads\/2021\/11\/santa_maria_in_solario_brescia-50x50.jpg 50w, https:\/\/www.bellitalie.org\/wp-content\/uploads\/2021\/11\/santa_maria_in_solario_brescia-80x80.jpg 80w, https:\/\/www.bellitalie.org\/wp-content\/uploads\/2021\/11\/santa_maria_in_solario_brescia-75x75.jpg 75w\" sizes=\"(max-width: 150px) 100vw, 150px\" \/><\/a><div class=\"lcp_excerpt\">\nDi seguito la mappa di Brescia con i principali luoghi\n1. Complesso di Santa Giulia\nIl complesso ...<\/div><\/li><li><a href=\"https:\/\/www.bellitalie.org\/it\/destinazione\/lombardia\/brescia\/museo-di-santa-giulia\/\">Museo di Santa Giulia<\/a><a href=\"https:\/\/www.bellitalie.org\/it\/destinazione\/lombardia\/brescia\/museo-di-santa-giulia\/\" title=\"Museo di Santa Giulia\"><img width=\"150\" height=\"150\" src=\"https:\/\/www.bellitalie.org\/wp-content\/uploads\/2021\/09\/chiesa-di-san-salvatore-museo-di-santa-giulia_8922-150x150.jpg\" class=\"lcp_thumbnail wp-post-image\" alt=\"Museo di Santa Giulia\" loading=\"lazy\" srcset=\"https:\/\/www.bellitalie.org\/wp-content\/uploads\/2021\/09\/chiesa-di-san-salvatore-museo-di-santa-giulia_8922-150x150.jpg 150w, https:\/\/www.bellitalie.org\/wp-content\/uploads\/2021\/09\/chiesa-di-san-salvatore-museo-di-santa-giulia_8922-50x50.jpg 50w, https:\/\/www.bellitalie.org\/wp-content\/uploads\/2021\/09\/chiesa-di-san-salvatore-museo-di-santa-giulia_8922-80x80.jpg 80w, https:\/\/www.bellitalie.org\/wp-content\/uploads\/2021\/09\/chiesa-di-san-salvatore-museo-di-santa-giulia_8922-75x75.jpg 75w\" sizes=\"(max-width: 150px) 100vw, 150px\" \/><\/a><div class=\"lcp_excerpt\">\nIl Museo della citt\u00e0 di Brescia si trova nel complesso di Santa Giulia. \u00c8 un ...<\/div><\/li><li><a href=\"https:\/\/www.bellitalie.org\/it\/destinazione\/lombardia\/brescia\/parco-archeologico-di-brescia\/\">Parco Archeologico di Brescia<\/a><a href=\"https:\/\/www.bellitalie.org\/it\/destinazione\/lombardia\/brescia\/parco-archeologico-di-brescia\/\" title=\"Parco Archeologico di Brescia\"><img width=\"150\" height=\"150\" src=\"https:\/\/www.bellitalie.org\/wp-content\/uploads\/2023\/08\/capitolium-romano-brixia-brescia_9249-150x150.jpg\" class=\"lcp_thumbnail wp-post-image\" alt=\"Parco Archeologico di Brescia\" loading=\"lazy\" srcset=\"https:\/\/www.bellitalie.org\/wp-content\/uploads\/2023\/08\/capitolium-romano-brixia-brescia_9249-150x150.jpg 150w, https:\/\/www.bellitalie.org\/wp-content\/uploads\/2023\/08\/capitolium-romano-brixia-brescia_9249-50x50.jpg 50w, https:\/\/www.bellitalie.org\/wp-content\/uploads\/2023\/08\/capitolium-romano-brixia-brescia_9249-80x80.jpg 80w, https:\/\/www.bellitalie.org\/wp-content\/uploads\/2023\/08\/capitolium-romano-brixia-brescia_9249-75x75.jpg 75w\" sizes=\"(max-width: 150px) 100vw, 150px\" \/><\/a><div class=\"lcp_excerpt\">\nNel pieno centro di Brescia, l&#8217;area archeologica \u00e8 stata iscritta al Patrimonio dell&#8217;Umanit\u00e0 dall&#8217;Unesco, con ...<\/div><\/li><li><a href=\"https:\/\/www.bellitalie.org\/it\/destinazione\/lombardia\/brescia\/castello-di-brescia\/\">Castello di Brescia<\/a><a href=\"https:\/\/www.bellitalie.org\/it\/destinazione\/lombardia\/brescia\/castello-di-brescia\/\" title=\"Castello di Brescia\"><img width=\"150\" height=\"150\" src=\"https:\/\/www.bellitalie.org\/wp-content\/uploads\/2021\/09\/torre-dei-prigionieri-castello-di-brescia_8834-150x150.jpg\" class=\"lcp_thumbnail wp-post-image\" alt=\"Castello di Brescia\" loading=\"lazy\" srcset=\"https:\/\/www.bellitalie.org\/wp-content\/uploads\/2021\/09\/torre-dei-prigionieri-castello-di-brescia_8834-150x150.jpg 150w, https:\/\/www.bellitalie.org\/wp-content\/uploads\/2021\/09\/torre-dei-prigionieri-castello-di-brescia_8834-50x50.jpg 50w, https:\/\/www.bellitalie.org\/wp-content\/uploads\/2021\/09\/torre-dei-prigionieri-castello-di-brescia_8834-80x80.jpg 80w, https:\/\/www.bellitalie.org\/wp-content\/uploads\/2021\/09\/torre-dei-prigionieri-castello-di-brescia_8834-75x75.jpg 75w\" sizes=\"(max-width: 150px) 100vw, 150px\" \/><\/a><div class=\"lcp_excerpt\">\nCostruito sul Colle Cidneo che domina la citt\u00e0, il Castello di Brescia \u00e8 un vasto ...<\/div><\/li><li><a href=\"https:\/\/www.bellitalie.org\/it\/destinazione\/lombardia\/brescia\/piazza-della-loggia-di-brescia\/\">Piazza della Loggia di Brescia<\/a><a href=\"https:\/\/www.bellitalie.org\/it\/destinazione\/lombardia\/brescia\/piazza-della-loggia-di-brescia\/\" title=\"Piazza della Loggia di Brescia\"><img width=\"150\" height=\"150\" src=\"https:\/\/www.bellitalie.org\/wp-content\/uploads\/2021\/09\/torre-dell-orologio-piazza-della-loggia-brescia_8968-150x150.jpg\" class=\"lcp_thumbnail wp-post-image\" alt=\"Piazza della Loggia di Brescia\" loading=\"lazy\" srcset=\"https:\/\/www.bellitalie.org\/wp-content\/uploads\/2021\/09\/torre-dell-orologio-piazza-della-loggia-brescia_8968-150x150.jpg 150w, https:\/\/www.bellitalie.org\/wp-content\/uploads\/2021\/09\/torre-dell-orologio-piazza-della-loggia-brescia_8968-50x50.jpg 50w, https:\/\/www.bellitalie.org\/wp-content\/uploads\/2021\/09\/torre-dell-orologio-piazza-della-loggia-brescia_8968-80x80.jpg 80w, https:\/\/www.bellitalie.org\/wp-content\/uploads\/2021\/09\/torre-dell-orologio-piazza-della-loggia-brescia_8968-75x75.jpg 75w\" sizes=\"(max-width: 150px) 100vw, 150px\" \/><\/a><div class=\"lcp_excerpt\">\nLa Piazza della Loggia, detta anche Piazza Vecchia, \u00e8 probabilmente la piazza pi\u00f9 bella di ...<\/div><\/li><li><a href=\"https:\/\/www.bellitalie.org\/it\/destinazione\/lombardia\/brescia\/foto-della-piazza-paolo-vi-o-piazza-duomo\/\">Piazza Paolo VI o Piazza Duomo<\/a><a href=\"https:\/\/www.bellitalie.org\/it\/destinazione\/lombardia\/brescia\/foto-della-piazza-paolo-vi-o-piazza-duomo\/\" title=\"Piazza Paolo VI o Piazza Duomo\"><img width=\"150\" height=\"150\" src=\"https:\/\/www.bellitalie.org\/wp-content\/uploads\/2023\/08\/piazza-paolo-vi-brescia_9004-150x150.jpg\" class=\"lcp_thumbnail wp-post-image\" alt=\"Piazza Paolo VI o Piazza Duomo\" loading=\"lazy\" srcset=\"https:\/\/www.bellitalie.org\/wp-content\/uploads\/2023\/08\/piazza-paolo-vi-brescia_9004-150x150.jpg 150w, https:\/\/www.bellitalie.org\/wp-content\/uploads\/2023\/08\/piazza-paolo-vi-brescia_9004-50x50.jpg 50w, https:\/\/www.bellitalie.org\/wp-content\/uploads\/2023\/08\/piazza-paolo-vi-brescia_9004-80x80.jpg 80w, https:\/\/www.bellitalie.org\/wp-content\/uploads\/2023\/08\/piazza-paolo-vi-brescia_9004-75x75.jpg 75w\" sizes=\"(max-width: 150px) 100vw, 150px\" \/><\/a><div class=\"lcp_excerpt\">\nChiamata anche Piazza delle Due Cattedrali, la Piazza Paolo VI \u00e8 l&#8217;altra bella piazza di ...<\/div><\/li><li><a href=\"https:\/\/www.bellitalie.org\/it\/destinazione\/lombardia\/brescia\/duomo-vecchio-di-brescia\/\">Duomo Vecchio di Brescia<\/a><a href=\"https:\/\/www.bellitalie.org\/it\/destinazione\/lombardia\/brescia\/duomo-vecchio-di-brescia\/\" title=\"Duomo Vecchio di Brescia\"><img width=\"150\" height=\"150\" src=\"https:\/\/www.bellitalie.org\/wp-content\/uploads\/2021\/09\/duomo-vecchio-brescia_9003-150x150.jpg\" class=\"lcp_thumbnail wp-post-image\" alt=\"Duomo Vecchio di Brescia\" loading=\"lazy\" srcset=\"https:\/\/www.bellitalie.org\/wp-content\/uploads\/2021\/09\/duomo-vecchio-brescia_9003-150x150.jpg 150w, https:\/\/www.bellitalie.org\/wp-content\/uploads\/2021\/09\/duomo-vecchio-brescia_9003-50x50.jpg 50w, https:\/\/www.bellitalie.org\/wp-content\/uploads\/2021\/09\/duomo-vecchio-brescia_9003-80x80.jpg 80w, https:\/\/www.bellitalie.org\/wp-content\/uploads\/2021\/09\/duomo-vecchio-brescia_9003-75x75.jpg 75w\" sizes=\"(max-width: 150px) 100vw, 150px\" \/><\/a><div class=\"lcp_excerpt\">\nIl Duomo Vecchio, detto anche Cattedrale Invernale di Santa Maria Assunta, \u00e8 un raro e ...<\/div><\/li><li><a href=\"https:\/\/www.bellitalie.org\/it\/destinazione\/lombardia\/brescia\/quartiere-del-carmine-e-torre-della-pallata\/\">Quartiere del Carmine e Torre della Pallata<\/a><a href=\"https:\/\/www.bellitalie.org\/it\/destinazione\/lombardia\/brescia\/quartiere-del-carmine-e-torre-della-pallata\/\" title=\"Quartiere del Carmine e Torre della Pallata\"><img width=\"150\" height=\"150\" src=\"https:\/\/www.bellitalie.org\/wp-content\/uploads\/2023\/08\/torre-della-pallata-brescia_9046-150x150.jpg\" class=\"lcp_thumbnail wp-post-image\" alt=\"Quartiere del Carmine e Torre della Pallata\" loading=\"lazy\" srcset=\"https:\/\/www.bellitalie.org\/wp-content\/uploads\/2023\/08\/torre-della-pallata-brescia_9046-150x150.jpg 150w, https:\/\/www.bellitalie.org\/wp-content\/uploads\/2023\/08\/torre-della-pallata-brescia_9046-50x50.jpg 50w, https:\/\/www.bellitalie.org\/wp-content\/uploads\/2023\/08\/torre-della-pallata-brescia_9046-80x80.jpg 80w, https:\/\/www.bellitalie.org\/wp-content\/uploads\/2023\/08\/torre-della-pallata-brescia_9046-75x75.jpg 75w\" sizes=\"(max-width: 150px) 100vw, 150px\" \/><\/a><div class=\"lcp_excerpt\">\nVicino a Piazza Loggia, il Carmine \u00e8 un quartiere popolare, multiculturale e frequentato dai giovani. ...<\/div><\/li><li><a href=\"https:\/\/www.bellitalie.org\/it\/destinazione\/lombardia\/brescia\/chiesa-di-san-francesco-di-brescia\/\">Chiesa di San Francesco di Brescia<\/a><a href=\"https:\/\/www.bellitalie.org\/it\/destinazione\/lombardia\/brescia\/chiesa-di-san-francesco-di-brescia\/\" title=\"Chiesa di San Francesco di Brescia\"><img width=\"150\" height=\"150\" src=\"https:\/\/www.bellitalie.org\/wp-content\/uploads\/2023\/08\/chiesa-di-san-francesco-brescia_9025-150x150.jpg\" class=\"lcp_thumbnail wp-post-image\" alt=\"Chiesa di San Francesco di Brescia\" loading=\"lazy\" srcset=\"https:\/\/www.bellitalie.org\/wp-content\/uploads\/2023\/08\/chiesa-di-san-francesco-brescia_9025-150x150.jpg 150w, https:\/\/www.bellitalie.org\/wp-content\/uploads\/2023\/08\/chiesa-di-san-francesco-brescia_9025-50x50.jpg 50w, https:\/\/www.bellitalie.org\/wp-content\/uploads\/2023\/08\/chiesa-di-san-francesco-brescia_9025-80x80.jpg 80w, https:\/\/www.bellitalie.org\/wp-content\/uploads\/2023\/08\/chiesa-di-san-francesco-brescia_9025-75x75.jpg 75w\" sizes=\"(max-width: 150px) 100vw, 150px\" \/><\/a><div class=\"lcp_excerpt\">\nLa Chiesa di San Francesco d&#8217;Assisi di Brescia fu costruita nel XIII secolo con uno ...<\/div><\/li><li><a href=\"https:\/\/www.bellitalie.org\/it\/destinazione\/lombardia\/brescia\/pinacoteca-tosio-martinengo\/\">Pinacoteca Tosio Martinengo<\/a><a href=\"https:\/\/www.bellitalie.org\/it\/destinazione\/lombardia\/brescia\/pinacoteca-tosio-martinengo\/\" title=\"Pinacoteca Tosio Martinengo\"><img width=\"150\" height=\"150\" src=\"https:\/\/www.bellitalie.org\/wp-content\/uploads\/2023\/08\/raphael-le-christ-benissant-pinacoteca-brescia_9269-150x150.jpg\" class=\"lcp_thumbnail wp-post-image\" alt=\"Pinacoteca Tosio Martinengo\" loading=\"lazy\" srcset=\"https:\/\/www.bellitalie.org\/wp-content\/uploads\/2023\/08\/raphael-le-christ-benissant-pinacoteca-brescia_9269-150x150.jpg 150w, https:\/\/www.bellitalie.org\/wp-content\/uploads\/2023\/08\/raphael-le-christ-benissant-pinacoteca-brescia_9269-50x50.jpg 50w, https:\/\/www.bellitalie.org\/wp-content\/uploads\/2023\/08\/raphael-le-christ-benissant-pinacoteca-brescia_9269-80x80.jpg 80w, https:\/\/www.bellitalie.org\/wp-content\/uploads\/2023\/08\/raphael-le-christ-benissant-pinacoteca-brescia_9269-75x75.jpg 75w\" sizes=\"(max-width: 150px) 100vw, 150px\" \/><\/a><div class=\"lcp_excerpt\">\nUn tempo ospitata in Palazzo Tosio, la Pinacoteca Tosio Martinengo vanta una bella collezione che ...<\/div><\/li><\/ul>\n<\/div>\n\n\n\n<div class=\"wp-container-6 wp-block-column\">\n<p><strong><a href=\"https:\/\/www.bellitalie.org\/it\/regione_italia\/lombardia\/\">Lombardia<\/a><\/strong><\/p>\n<ul class=\"lcp_catlist2\" id=\"lcp_instance_0\"><li><a href=\"https:\/\/www.bellitalie.org\/it\/destinazione\/lombardia\/da-vedere-in-lombardia\/\">Da vedere in Lombardia<\/a><a href=\"https:\/\/www.bellitalie.org\/it\/destinazione\/lombardia\/da-vedere-in-lombardia\/\" title=\"Da vedere in Lombardia\"><img width=\"150\" height=\"150\" src=\"https:\/\/www.bellitalie.org\/wp-content\/uploads\/2021\/09\/lac-d-iseo_7534-150x150.jpg\" class=\"lcp_thumbnail wp-post-image\" alt=\"Da vedere in Lombardia\" loading=\"lazy\" srcset=\"https:\/\/www.bellitalie.org\/wp-content\/uploads\/2021\/09\/lac-d-iseo_7534-150x150.jpg 150w, https:\/\/www.bellitalie.org\/wp-content\/uploads\/2021\/09\/lac-d-iseo_7534-50x50.jpg 50w, https:\/\/www.bellitalie.org\/wp-content\/uploads\/2021\/09\/lac-d-iseo_7534-80x80.jpg 80w, https:\/\/www.bellitalie.org\/wp-content\/uploads\/2021\/09\/lac-d-iseo_7534-75x75.jpg 75w\" sizes=\"(max-width: 150px) 100vw, 150px\" \/><\/a><div class=\"lcp_excerpt\">\nMilano \nMilano, il capoluogo lombardo, \u00e8 il centro economico e finanziario dell&#8217;Italia con la sede ...<\/div><\/li><li><a href=\"https:\/\/www.bellitalie.org\/it\/destinazione\/lombardia\/milano\/\">Milano<\/a><a href=\"https:\/\/www.bellitalie.org\/it\/destinazione\/lombardia\/milano\/\" title=\"Milano\"><img width=\"150\" height=\"150\" src=\"https:\/\/www.bellitalie.org\/wp-content\/uploads\/2021\/09\/duomo-de-milan_8091-150x150.jpg\" class=\"lcp_thumbnail wp-post-image\" alt=\"Milano\" loading=\"lazy\" srcset=\"https:\/\/www.bellitalie.org\/wp-content\/uploads\/2021\/09\/duomo-de-milan_8091-150x150.jpg 150w, https:\/\/www.bellitalie.org\/wp-content\/uploads\/2021\/09\/duomo-de-milan_8091-50x50.jpg 50w, https:\/\/www.bellitalie.org\/wp-content\/uploads\/2021\/09\/duomo-de-milan_8091-80x80.jpg 80w, https:\/\/www.bellitalie.org\/wp-content\/uploads\/2021\/09\/duomo-de-milan_8091-75x75.jpg 75w\" sizes=\"(max-width: 150px) 100vw, 150px\" \/><\/a><div class=\"lcp_excerpt\">\nPrincipale citt\u00e0 economica e finanziaria d&#8217;Italia, centro internazionale della moda e dell&#8217;eleganza, Milano \u00e8 una ...<\/div><\/li><li><a href=\"https:\/\/www.bellitalie.org\/it\/destinazione\/lombardia\/lago-maggiore\/\">Lago Maggiore<\/a><a href=\"https:\/\/www.bellitalie.org\/it\/destinazione\/lombardia\/lago-maggiore\/\" title=\"Lago Maggiore\"><img width=\"150\" height=\"150\" src=\"https:\/\/www.bellitalie.org\/wp-content\/uploads\/2021\/09\/lac-majeur_7509-150x150.jpg\" class=\"lcp_thumbnail wp-post-image\" alt=\"Lago Maggiore\" loading=\"lazy\" srcset=\"https:\/\/www.bellitalie.org\/wp-content\/uploads\/2021\/09\/lac-majeur_7509-150x150.jpg 150w, https:\/\/www.bellitalie.org\/wp-content\/uploads\/2021\/09\/lac-majeur_7509-50x50.jpg 50w, https:\/\/www.bellitalie.org\/wp-content\/uploads\/2021\/09\/lac-majeur_7509-80x80.jpg 80w, https:\/\/www.bellitalie.org\/wp-content\/uploads\/2021\/09\/lac-majeur_7509-75x75.jpg 75w\" sizes=\"(max-width: 150px) 100vw, 150px\" \/><\/a><div class=\"lcp_excerpt\">\nIl Lago Maggiore \u00e8 una delle pi\u00f9 belle destinazioni del nord Italia, la cui sponda ...<\/div><\/li><li><a href=\"https:\/\/www.bellitalie.org\/it\/destinazione\/lombardia\/lago-di-como\/\">Lago di Como<\/a><a href=\"https:\/\/www.bellitalie.org\/it\/destinazione\/lombardia\/lago-di-como\/\" title=\"Lago di Como\"><img width=\"150\" height=\"150\" src=\"https:\/\/www.bellitalie.org\/wp-content\/uploads\/2021\/09\/lago_di_como_1496-150x150.jpg\" class=\"lcp_thumbnail wp-post-image\" alt=\"Lago di Como\" loading=\"lazy\" srcset=\"https:\/\/www.bellitalie.org\/wp-content\/uploads\/2021\/09\/lago_di_como_1496-150x150.jpg 150w, https:\/\/www.bellitalie.org\/wp-content\/uploads\/2021\/09\/lago_di_como_1496-50x50.jpg 50w, https:\/\/www.bellitalie.org\/wp-content\/uploads\/2021\/09\/lago_di_como_1496-80x80.jpg 80w, https:\/\/www.bellitalie.org\/wp-content\/uploads\/2021\/09\/lago_di_como_1496-75x75.jpg 75w\" sizes=\"(max-width: 150px) 100vw, 150px\" \/><\/a><div class=\"lcp_excerpt\">\nNon solo il Lago di Como \u00e8 il lago pi\u00f9 profondo d&#8217;Italia, ma \u00e8 anche ...<\/div><\/li><li><a href=\"https:\/\/www.bellitalie.org\/it\/destinazione\/veneto\/lago-di-garda\/\">Lago di Garda<\/a><a href=\"https:\/\/www.bellitalie.org\/it\/destinazione\/veneto\/lago-di-garda\/\" title=\"Lago di Garda\"><img width=\"150\" height=\"150\" src=\"https:\/\/www.bellitalie.org\/wp-content\/uploads\/2023\/09\/cote-lac-de-garde-malcesine-brenzone_9766-150x150.jpg\" class=\"lcp_thumbnail wp-post-image\" alt=\"Lago di Garda\" loading=\"lazy\" srcset=\"https:\/\/www.bellitalie.org\/wp-content\/uploads\/2023\/09\/cote-lac-de-garde-malcesine-brenzone_9766-150x150.jpg 150w, https:\/\/www.bellitalie.org\/wp-content\/uploads\/2023\/09\/cote-lac-de-garde-malcesine-brenzone_9766-50x50.jpg 50w, https:\/\/www.bellitalie.org\/wp-content\/uploads\/2023\/09\/cote-lac-de-garde-malcesine-brenzone_9766-80x80.jpg 80w, https:\/\/www.bellitalie.org\/wp-content\/uploads\/2023\/09\/cote-lac-de-garde-malcesine-brenzone_9766-75x75.jpg 75w\" sizes=\"(max-width: 150px) 100vw, 150px\" \/><\/a><div class=\"lcp_excerpt\">\nIl Lago di Garda \u00e8 il pi\u00f9 grande lago d&#8217;Italia, situato tra Brescia ad ovest ...<\/div><\/li><li><a href=\"https:\/\/www.bellitalie.org\/it\/destinazione\/lombardia\/bergamo\/\">Bergamo<\/a><a href=\"https:\/\/www.bellitalie.org\/it\/destinazione\/lombardia\/bergamo\/\" title=\"Bergamo\"><img width=\"150\" height=\"150\" src=\"https:\/\/www.bellitalie.org\/wp-content\/uploads\/2021\/09\/bergame_1513-150x150.jpg\" class=\"lcp_thumbnail wp-post-image\" alt=\"Bergamo\" loading=\"lazy\" srcset=\"https:\/\/www.bellitalie.org\/wp-content\/uploads\/2021\/09\/bergame_1513-150x150.jpg 150w, https:\/\/www.bellitalie.org\/wp-content\/uploads\/2021\/09\/bergame_1513-50x50.jpg 50w, https:\/\/www.bellitalie.org\/wp-content\/uploads\/2021\/09\/bergame_1513-80x80.jpg 80w, https:\/\/www.bellitalie.org\/wp-content\/uploads\/2021\/09\/bergame_1513-75x75.jpg 75w\" sizes=\"(max-width: 150px) 100vw, 150px\" \/><\/a><div class=\"lcp_excerpt\">\nLa citt\u00e0 alta di Bergamo \u00e8 il pi\u00f9 bel centro medievale di Lombardia, protetto da ...<\/div><\/li><li><a href=\"https:\/\/www.bellitalie.org\/it\/destinazione\/lombardia\/brescia\/\">Brescia<\/a><a href=\"https:\/\/www.bellitalie.org\/it\/destinazione\/lombardia\/brescia\/\" title=\"Brescia\"><img width=\"150\" height=\"150\" src=\"https:\/\/www.bellitalie.org\/wp-content\/uploads\/2021\/09\/brescia_1556-150x150.jpg\" class=\"lcp_thumbnail wp-post-image\" alt=\"Brescia\" loading=\"lazy\" srcset=\"https:\/\/www.bellitalie.org\/wp-content\/uploads\/2021\/09\/brescia_1556-150x150.jpg 150w, https:\/\/www.bellitalie.org\/wp-content\/uploads\/2021\/09\/brescia_1556-50x50.jpg 50w, https:\/\/www.bellitalie.org\/wp-content\/uploads\/2021\/09\/brescia_1556-80x80.jpg 80w, https:\/\/www.bellitalie.org\/wp-content\/uploads\/2021\/09\/brescia_1556-75x75.jpg 75w\" sizes=\"(max-width: 150px) 100vw, 150px\" \/><\/a><div class=\"lcp_excerpt\">\nBrescia, la seconda citt\u00e0 pi\u00f9 grande della Lombardia, non gode della fama che meriterebbe. \u00c8 ...<\/div><\/li><li><a href=\"https:\/\/www.bellitalie.org\/it\/destinazione\/lombardia\/mantova\/\">Mantova<\/a><a href=\"https:\/\/www.bellitalie.org\/it\/destinazione\/lombardia\/mantova\/\" title=\"Mantova\"><img width=\"150\" height=\"150\" src=\"https:\/\/www.bellitalie.org\/wp-content\/uploads\/2021\/09\/laghi-mincio-mantova_0704-150x150.jpg\" class=\"lcp_thumbnail wp-post-image\" alt=\"Mantova\" loading=\"lazy\" srcset=\"https:\/\/www.bellitalie.org\/wp-content\/uploads\/2021\/09\/laghi-mincio-mantova_0704-150x150.jpg 150w, https:\/\/www.bellitalie.org\/wp-content\/uploads\/2021\/09\/laghi-mincio-mantova_0704-50x50.jpg 50w, https:\/\/www.bellitalie.org\/wp-content\/uploads\/2021\/09\/laghi-mincio-mantova_0704-80x80.jpg 80w, https:\/\/www.bellitalie.org\/wp-content\/uploads\/2021\/09\/laghi-mincio-mantova_0704-75x75.jpg 75w\" sizes=\"(max-width: 150px) 100vw, 150px\" \/><\/a><div class=\"lcp_excerpt\">\nMantova \u00e8 una meravigliosa citt\u00e0 della pianura padana, iscritta dall&#8217;Unesco al Patrimonio dell&#8217;Umanit\u00e0 nel 2008. ...<\/div><\/li><li><a href=\"https:\/\/www.bellitalie.org\/it\/destinazione\/lombardia\/cremona\/\">Cremona<\/a><a href=\"https:\/\/www.bellitalie.org\/it\/destinazione\/lombardia\/cremona\/\" title=\"Cremona\"><img width=\"150\" height=\"150\" src=\"https:\/\/www.bellitalie.org\/wp-content\/uploads\/2021\/09\/cremone_7949-150x150.jpg\" class=\"lcp_thumbnail wp-post-image\" alt=\"Cremona\" loading=\"lazy\" srcset=\"https:\/\/www.bellitalie.org\/wp-content\/uploads\/2021\/09\/cremone_7949-150x150.jpg 150w, https:\/\/www.bellitalie.org\/wp-content\/uploads\/2021\/09\/cremone_7949-50x50.jpg 50w, https:\/\/www.bellitalie.org\/wp-content\/uploads\/2021\/09\/cremone_7949-80x80.jpg 80w, https:\/\/www.bellitalie.org\/wp-content\/uploads\/2021\/09\/cremone_7949-75x75.jpg 75w\" sizes=\"(max-width: 150px) 100vw, 150px\" \/><\/a><div class=\"lcp_excerpt\">\nCremona \u00e8 una citt\u00e0 lombarda di circa 71.000 abitanti (nel 2021), situata nella pianura padana, ...<\/div><\/li><li><a href=\"https:\/\/www.bellitalie.org\/it\/destinazione\/lombardia\/como\/\">Como<\/a><a href=\"https:\/\/www.bellitalie.org\/it\/destinazione\/lombardia\/como\/\" title=\"Como\"><img width=\"150\" height=\"150\" src=\"https:\/\/www.bellitalie.org\/wp-content\/uploads\/2021\/09\/come_1469-1-150x150.jpg\" class=\"lcp_thumbnail wp-post-image\" alt=\"Como\" loading=\"lazy\" srcset=\"https:\/\/www.bellitalie.org\/wp-content\/uploads\/2021\/09\/come_1469-1-150x150.jpg 150w, https:\/\/www.bellitalie.org\/wp-content\/uploads\/2021\/09\/come_1469-1-50x50.jpg 50w, https:\/\/www.bellitalie.org\/wp-content\/uploads\/2021\/09\/come_1469-1-80x80.jpg 80w, https:\/\/www.bellitalie.org\/wp-content\/uploads\/2021\/09\/come_1469-1-75x75.jpg 75w\" sizes=\"(max-width: 150px) 100vw, 150px\" \/><\/a><div class=\"lcp_excerpt\">\nComo \u00e8 con Lecco la citt\u00e0 pi\u00f9 grande del Lago di Como, con circa 84.000 ...<\/div><\/li><li><a href=\"https:\/\/www.bellitalie.org\/it\/destinazione\/lombardia\/pavia\/\">Pavia<\/a><a href=\"https:\/\/www.bellitalie.org\/it\/destinazione\/lombardia\/pavia\/\" title=\"Pavia\"><img width=\"150\" height=\"150\" src=\"https:\/\/www.bellitalie.org\/wp-content\/uploads\/2021\/09\/pavie_7921-150x150.jpg\" class=\"lcp_thumbnail wp-post-image\" alt=\"Pavia\" loading=\"lazy\" srcset=\"https:\/\/www.bellitalie.org\/wp-content\/uploads\/2021\/09\/pavie_7921-150x150.jpg 150w, https:\/\/www.bellitalie.org\/wp-content\/uploads\/2021\/09\/pavie_7921-50x50.jpg 50w, https:\/\/www.bellitalie.org\/wp-content\/uploads\/2021\/09\/pavie_7921-80x80.jpg 80w, https:\/\/www.bellitalie.org\/wp-content\/uploads\/2021\/09\/pavie_7921-75x75.jpg 75w\" sizes=\"(max-width: 150px) 100vw, 150px\" \/><\/a><div class=\"lcp_excerpt\">\nPavia \u00e8 una graziosa citt\u00e0 sulle sponde del Ticino a 40 km a sud di ...<\/div><\/li><li><a href=\"https:\/\/www.bellitalie.org\/it\/destinazione\/lombardia\/sirmione\/\">Sirmione<\/a><a href=\"https:\/\/www.bellitalie.org\/it\/destinazione\/lombardia\/sirmione\/\" title=\"Sirmione\"><img width=\"150\" height=\"150\" src=\"https:\/\/www.bellitalie.org\/wp-content\/uploads\/2021\/09\/sirmione_1567-150x150.jpg\" class=\"lcp_thumbnail wp-post-image\" alt=\"Sirmione\" loading=\"lazy\" srcset=\"https:\/\/www.bellitalie.org\/wp-content\/uploads\/2021\/09\/sirmione_1567-150x150.jpg 150w, https:\/\/www.bellitalie.org\/wp-content\/uploads\/2021\/09\/sirmione_1567-50x50.jpg 50w, https:\/\/www.bellitalie.org\/wp-content\/uploads\/2021\/09\/sirmione_1567-80x80.jpg 80w, https:\/\/www.bellitalie.org\/wp-content\/uploads\/2021\/09\/sirmione_1567-75x75.jpg 75w\" sizes=\"(max-width: 150px) 100vw, 150px\" \/><\/a><div class=\"lcp_excerpt\">\nSirmione \u00e8 la citt\u00e0 emblematica del Lago di Garda, una delle destinazioni pi\u00f9 affascinanti della ...<\/div><\/li><li><a href=\"https:\/\/www.bellitalie.org\/it\/destinazione\/lombardia\/vigevano\/\">Vigevano<\/a><a href=\"https:\/\/www.bellitalie.org\/it\/destinazione\/lombardia\/vigevano\/\" title=\"Vigevano\"><img width=\"150\" height=\"150\" src=\"https:\/\/www.bellitalie.org\/wp-content\/uploads\/2021\/09\/piazza-ducale-vigevano_6578-150x150.jpg\" class=\"lcp_thumbnail wp-post-image\" alt=\"Vigevano\" loading=\"lazy\" srcset=\"https:\/\/www.bellitalie.org\/wp-content\/uploads\/2021\/09\/piazza-ducale-vigevano_6578-150x150.jpg 150w, https:\/\/www.bellitalie.org\/wp-content\/uploads\/2021\/09\/piazza-ducale-vigevano_6578-50x50.jpg 50w, https:\/\/www.bellitalie.org\/wp-content\/uploads\/2021\/09\/piazza-ducale-vigevano_6578-80x80.jpg 80w, https:\/\/www.bellitalie.org\/wp-content\/uploads\/2021\/09\/piazza-ducale-vigevano_6578-75x75.jpg 75w\" sizes=\"(max-width: 150px) 100vw, 150px\" \/><\/a><div class=\"lcp_excerpt\">\nVigevano \u00e8 una bellissima citt\u00e0 d&#8217;arte, eppure poco conosciuta, tra Milano, Pavia e Novara, a ...<\/div><\/li><li><a href=\"https:\/\/www.bellitalie.org\/it\/destinazione\/lombardia\/bellagio\/\">Bellagio<\/a><a href=\"https:\/\/www.bellitalie.org\/it\/destinazione\/lombardia\/bellagio\/\" title=\"Bellagio\"><img width=\"150\" height=\"150\" src=\"https:\/\/www.bellitalie.org\/wp-content\/uploads\/2021\/09\/bellagio_1529-150x150.jpg\" class=\"lcp_thumbnail wp-post-image\" alt=\"Bellagio\" loading=\"lazy\" srcset=\"https:\/\/www.bellitalie.org\/wp-content\/uploads\/2021\/09\/bellagio_1529-150x150.jpg 150w, https:\/\/www.bellitalie.org\/wp-content\/uploads\/2021\/09\/bellagio_1529-50x50.jpg 50w, https:\/\/www.bellitalie.org\/wp-content\/uploads\/2021\/09\/bellagio_1529-80x80.jpg 80w, https:\/\/www.bellitalie.org\/wp-content\/uploads\/2021\/09\/bellagio_1529-75x75.jpg 75w\" sizes=\"(max-width: 150px) 100vw, 150px\" \/><\/a><div class=\"lcp_excerpt\">\nAll&#8217;incrocio dei due bracci meridionali del Lago di Como, Bellagio \u00e8 un grazioso borgo designato ...<\/div><\/li><li><a href=\"https:\/\/www.bellitalie.org\/it\/destinazione\/lombardia\/lago-d-iseo\/\">Lago d&#8217;Iseo<\/a><a href=\"https:\/\/www.bellitalie.org\/it\/destinazione\/lombardia\/lago-d-iseo\/\" title=\"Lago d&#039;Iseo\"><img width=\"150\" height=\"150\" src=\"https:\/\/www.bellitalie.org\/wp-content\/uploads\/2021\/09\/lac-d-iseo_7534-150x150.jpg\" class=\"lcp_thumbnail wp-post-image\" alt=\"Lago d&#039;Iseo\" loading=\"lazy\" srcset=\"https:\/\/www.bellitalie.org\/wp-content\/uploads\/2021\/09\/lac-d-iseo_7534-150x150.jpg 150w, https:\/\/www.bellitalie.org\/wp-content\/uploads\/2021\/09\/lac-d-iseo_7534-50x50.jpg 50w, https:\/\/www.bellitalie.org\/wp-content\/uploads\/2021\/09\/lac-d-iseo_7534-80x80.jpg 80w, https:\/\/www.bellitalie.org\/wp-content\/uploads\/2021\/09\/lac-d-iseo_7534-75x75.jpg 75w\" sizes=\"(max-width: 150px) 100vw, 150px\" \/><\/a><div class=\"lcp_excerpt\">\nSituato tra Bergamo e Brescia, il piccolo Lago d&#8217;Iseo \u00e8 un sito di carattere in ...<\/div><\/li><li><a href=\"https:\/\/www.bellitalie.org\/it\/destinazione\/lombardia\/lago-d-idro-e-valle-sabbia\/\">Lago d&#8217;Idro e Valle Sabbia<\/a><a href=\"https:\/\/www.bellitalie.org\/it\/destinazione\/lombardia\/lago-d-idro-e-valle-sabbia\/\" title=\"Lago d&#039;Idro e Valle Sabbia\"><img width=\"150\" height=\"150\" src=\"https:\/\/www.bellitalie.org\/wp-content\/uploads\/2021\/09\/lac-d-idro_7540-150x150.jpg\" class=\"lcp_thumbnail wp-post-image\" alt=\"Lago d&#039;Idro e Valle Sabbia\" loading=\"lazy\" srcset=\"https:\/\/www.bellitalie.org\/wp-content\/uploads\/2021\/09\/lac-d-idro_7540-150x150.jpg 150w, https:\/\/www.bellitalie.org\/wp-content\/uploads\/2021\/09\/lac-d-idro_7540-50x50.jpg 50w, https:\/\/www.bellitalie.org\/wp-content\/uploads\/2021\/09\/lac-d-idro_7540-80x80.jpg 80w, https:\/\/www.bellitalie.org\/wp-content\/uploads\/2021\/09\/lac-d-idro_7540-75x75.jpg 75w\" sizes=\"(max-width: 150px) 100vw, 150px\" \/><\/a><div class=\"lcp_excerpt\">\nSeparato dal Lago di Garda da una montagna, il bellissimo piccolo Lago d&#8217;Idro arroccato a ...<\/div><\/li><li><a href=\"https:\/\/www.bellitalie.org\/it\/destinazione\/lombardia\/varese\/\">Varese<\/a><a href=\"https:\/\/www.bellitalie.org\/it\/destinazione\/lombardia\/varese\/\" title=\"Varese\"><img width=\"150\" height=\"150\" src=\"https:\/\/www.bellitalie.org\/wp-content\/uploads\/2023\/09\/palazzo-estense-varese_7161-150x150.jpg\" class=\"lcp_thumbnail wp-post-image\" alt=\"Varese\" loading=\"lazy\" srcset=\"https:\/\/www.bellitalie.org\/wp-content\/uploads\/2023\/09\/palazzo-estense-varese_7161-150x150.jpg 150w, https:\/\/www.bellitalie.org\/wp-content\/uploads\/2023\/09\/palazzo-estense-varese_7161-50x50.jpg 50w, https:\/\/www.bellitalie.org\/wp-content\/uploads\/2023\/09\/palazzo-estense-varese_7161-80x80.jpg 80w, https:\/\/www.bellitalie.org\/wp-content\/uploads\/2023\/09\/palazzo-estense-varese_7161-75x75.jpg 75w\" sizes=\"(max-width: 150px) 100vw, 150px\" \/><\/a><div class=\"lcp_excerpt\">\nVicino a Como e Milano, tra laghi e montagne, Varese \u00e8 una citt\u00e0 piuttosto ignorata ...<\/div><\/li><li><a href=\"https:\/\/www.bellitalie.org\/it\/destinazione\/lombardia\/val-camonica\/\">Val Camonica<\/a><a href=\"https:\/\/www.bellitalie.org\/it\/destinazione\/lombardia\/val-camonica\/\" title=\"Val Camonica\"><img width=\"150\" height=\"150\" src=\"https:\/\/www.bellitalie.org\/wp-content\/uploads\/2021\/09\/foppe-di-nadro-parc-gravures-rupestres-de-ceto-cimbergo-paspardo_8516-150x150.jpg\" class=\"lcp_thumbnail wp-post-image\" alt=\"Val Camonica\" loading=\"lazy\" srcset=\"https:\/\/www.bellitalie.org\/wp-content\/uploads\/2021\/09\/foppe-di-nadro-parc-gravures-rupestres-de-ceto-cimbergo-paspardo_8516-150x150.jpg 150w, https:\/\/www.bellitalie.org\/wp-content\/uploads\/2021\/09\/foppe-di-nadro-parc-gravures-rupestres-de-ceto-cimbergo-paspardo_8516-50x50.jpg 50w, https:\/\/www.bellitalie.org\/wp-content\/uploads\/2021\/09\/foppe-di-nadro-parc-gravures-rupestres-de-ceto-cimbergo-paspardo_8516-80x80.jpg 80w, https:\/\/www.bellitalie.org\/wp-content\/uploads\/2021\/09\/foppe-di-nadro-parc-gravures-rupestres-de-ceto-cimbergo-paspardo_8516-75x75.jpg 75w\" sizes=\"(max-width: 150px) 100vw, 150px\" \/><\/a><div class=\"lcp_excerpt\">\nIl fiume Oglio discende la Val Camonica per circa 80 km, dal Passo del Tonale ...<\/div><\/li><li><a href=\"https:\/\/www.bellitalie.org\/it\/destinazione\/lombardia\/monza-e-la-brianza\/\">Monza e la Brianza<\/a><a href=\"https:\/\/www.bellitalie.org\/it\/destinazione\/lombardia\/monza-e-la-brianza\/\" title=\"Monza e la Brianza\"><img width=\"150\" height=\"150\" src=\"https:\/\/www.bellitalie.org\/wp-content\/uploads\/2021\/09\/basilique-duomo-di-monza_8024-150x150.jpg\" class=\"lcp_thumbnail wp-post-image\" alt=\"Monza e la Brianza\" loading=\"lazy\" srcset=\"https:\/\/www.bellitalie.org\/wp-content\/uploads\/2021\/09\/basilique-duomo-di-monza_8024-150x150.jpg 150w, https:\/\/www.bellitalie.org\/wp-content\/uploads\/2021\/09\/basilique-duomo-di-monza_8024-50x50.jpg 50w, https:\/\/www.bellitalie.org\/wp-content\/uploads\/2021\/09\/basilique-duomo-di-monza_8024-80x80.jpg 80w, https:\/\/www.bellitalie.org\/wp-content\/uploads\/2021\/09\/basilique-duomo-di-monza_8024-75x75.jpg 75w\" sizes=\"(max-width: 150px) 100vw, 150px\" \/><\/a><div class=\"lcp_excerpt\">\nMonza\nSituata nel cuore della Brianza, vicino a Milano sulle rive del Lambro, Monza \u00e8 la ...<\/div><\/li><\/ul>\n<\/div>\n<\/div>\n","protected":false},"excerpt":{"rendered":"<p>Brescia, la seconda citt\u00e0 pi\u00f9 grande della Lombardia, non gode della fama che meriterebbe. \u00c8 infatti una citt\u00e0 molto bella, con un armonioso centro storico nella pianura ai piedi della collina che porta il suo castello storico, che si sviluppa con affascinanti strade intorno alle sue piazze storiche.La sua storia \u00e8 millenaria, occupata dai Galli [&hellip;]<\/p>\n","protected":false},"author":1,"featured_media":1337,"parent":24678,"menu_order":0,"comment_status":"open","ping_status":"closed","template":"","format":"standard","meta":{"_links_to":"","_links_to_target":""},"tags":[],"categorie_page":[113],"region_italie":[84],"acf":[],"yoast_head":"<!-- This site is optimized with the Yoast SEO plugin v17.5 - https:\/\/yoast.com\/wordpress\/plugins\/seo\/ -->\n<title>Brescia - Bellitalie<\/title>\n<meta name=\"description\" content=\"Scoperta di Brescia, citt\u00e0 lombarda la cui ricca storia risale almeno ai romani, con monumenti medievali, romani, o le sue due cattedrali\" \/>\n<meta name=\"robots\" content=\"index, follow, max-snippet:-1, max-image-preview:large, max-video-preview:-1\" \/>\n<link rel=\"canonical\" href=\"https:\/\/www.bellitalie.org\/it\/destinazione\/lombardia\/brescia\/\" \/>\n<meta property=\"og:locale\" content=\"it_IT\" \/>\n<meta property=\"og:type\" content=\"article\" \/>\n<meta property=\"og:title\" content=\"Brescia - Bellitalie\" \/>\n<meta property=\"og:description\" content=\"Scoperta di Brescia, citt\u00e0 lombarda la cui ricca storia risale almeno ai romani, con monumenti medievali, romani, o le sue due cattedrali\" \/>\n<meta property=\"og:url\" content=\"https:\/\/www.bellitalie.org\/it\/destinazione\/lombardia\/brescia\/\" \/>\n<meta property=\"og:site_name\" content=\"Bellitalie\" \/>\n<meta property=\"article:modified_time\" content=\"2023-10-19T11:35:04+00:00\" \/>\n<meta property=\"og:image\" content=\"https:\/\/www.bellitalie.org\/wp-content\/uploads\/2021\/09\/brescia_1556.jpg\" \/>\n\t<meta property=\"og:image:width\" content=\"1200\" \/>\n\t<meta property=\"og:image:height\" content=\"800\" \/>\n<meta name=\"twitter:card\" content=\"summary_large_image\" \/>\n<meta name=\"twitter:label1\" content=\"Tempo di lettura stimato\" \/>\n\t<meta name=\"twitter:data1\" content=\"6 minuti\" \/>\n<script type=\"application\/ld+json\" class=\"yoast-schema-graph\">{\"@context\":\"https:\/\/schema.org\",\"@graph\":[{\"@type\":\"WebSite\",\"@id\":\"https:\/\/www.bellitalie.org\/#website\",\"url\":\"https:\/\/www.bellitalie.org\/\",\"name\":\"Bellitalie\",\"description\":\"Regioni, citt\\u00e0 e patrimonio dell'Italia da nord a sud\",\"potentialAction\":[{\"@type\":\"SearchAction\",\"target\":{\"@type\":\"EntryPoint\",\"urlTemplate\":\"https:\/\/www.bellitalie.org\/?s={search_term_string}\"},\"query-input\":\"required name=search_term_string\"}],\"inLanguage\":\"it-IT\"},{\"@type\":\"ImageObject\",\"@id\":\"https:\/\/www.bellitalie.org\/it\/destinazione\/lombardia\/brescia\/#primaryimage\",\"inLanguage\":\"it-IT\",\"url\":\"https:\/\/www.bellitalie.org\/wp-content\/uploads\/2021\/09\/brescia_1556.jpg\",\"contentUrl\":\"https:\/\/www.bellitalie.org\/wp-content\/uploads\/2021\/09\/brescia_1556.jpg\",\"width\":1200,\"height\":800,\"caption\":\"Temple Capitolain\"},{\"@type\":\"WebPage\",\"@id\":\"https:\/\/www.bellitalie.org\/it\/destinazione\/lombardia\/brescia\/#webpage\",\"url\":\"https:\/\/www.bellitalie.org\/it\/destinazione\/lombardia\/brescia\/\",\"name\":\"Brescia - Bellitalie\",\"isPartOf\":{\"@id\":\"https:\/\/www.bellitalie.org\/#website\"},\"primaryImageOfPage\":{\"@id\":\"https:\/\/www.bellitalie.org\/it\/destinazione\/lombardia\/brescia\/#primaryimage\"},\"datePublished\":\"2021-09-18T12:27:23+00:00\",\"dateModified\":\"2023-10-19T11:35:04+00:00\",\"description\":\"Scoperta di Brescia, citt\\u00e0 lombarda la cui ricca storia risale almeno ai romani, con monumenti medievali, romani, o le sue due cattedrali\",\"breadcrumb\":{\"@id\":\"https:\/\/www.bellitalie.org\/it\/destinazione\/lombardia\/brescia\/#breadcrumb\"},\"inLanguage\":\"it-IT\",\"potentialAction\":[{\"@type\":\"ReadAction\",\"target\":[\"https:\/\/www.bellitalie.org\/it\/destinazione\/lombardia\/brescia\/\"]}]},{\"@type\":\"BreadcrumbList\",\"@id\":\"https:\/\/www.bellitalie.org\/it\/destinazione\/lombardia\/brescia\/#breadcrumb\",\"itemListElement\":[{\"@type\":\"ListItem\",\"position\":1,\"name\":\"Accueil\",\"item\":\"https:\/\/www.bellitalie.org\/it\/\"},{\"@type\":\"ListItem\",\"position\":2,\"name\":\"Lombardia\",\"item\":\"https:\/\/www.bellitalie.org\/it\/regione_italia\/lombardia\/\"},{\"@type\":\"ListItem\",\"position\":3,\"name\":\"Brescia\"}]},{\"@type\":\"Person\",\"@id\":\"https:\/\/www.bellitalie.org\/#\/schema\/person\/6f25c64f0b5df6df0b93a2be44045da5\",\"name\":\"Bellitalie\",\"image\":{\"@type\":\"ImageObject\",\"@id\":\"https:\/\/www.bellitalie.org\/#personlogo\",\"inLanguage\":\"it-IT\",\"url\":\"https:\/\/secure.gravatar.com\/avatar\/ad516503a11cd5ca435acc9bb6523536?s=96\",\"contentUrl\":\"https:\/\/secure.gravatar.com\/avatar\/ad516503a11cd5ca435acc9bb6523536?s=96\",\"caption\":\"Bellitalie\"},\"sameAs\":[\"https:\/\/www.bellitalie.org\"]}]}<\/script>\n<!-- \/ Yoast SEO plugin. -->","yoast_head_json":{"title":"Brescia - Bellitalie","description":"Scoperta di Brescia, citt\u00e0 lombarda la cui ricca storia risale almeno ai romani, con monumenti medievali, romani, o le sue due cattedrali","robots":{"index":"index","follow":"follow","max-snippet":"max-snippet:-1","max-image-preview":"max-image-preview:large","max-video-preview":"max-video-preview:-1"},"canonical":"https:\/\/www.bellitalie.org\/it\/destinazione\/lombardia\/brescia\/","og_locale":"it_IT","og_type":"article","og_title":"Brescia - Bellitalie","og_description":"Scoperta di Brescia, citt\u00e0 lombarda la cui ricca storia risale almeno ai romani, con monumenti medievali, romani, o le sue due cattedrali","og_url":"https:\/\/www.bellitalie.org\/it\/destinazione\/lombardia\/brescia\/","og_site_name":"Bellitalie","article_modified_time":"2023-10-19T11:35:04+00:00","og_image":[{"width":1200,"height":800,"url":"https:\/\/www.bellitalie.org\/wp-content\/uploads\/2021\/09\/brescia_1556.jpg","type":"image\/jpeg"}],"twitter_card":"summary_large_image","twitter_misc":{"Tempo di lettura stimato":"6 minuti"},"schema":{"@context":"https:\/\/schema.org","@graph":[{"@type":"WebSite","@id":"https:\/\/www.bellitalie.org\/#website","url":"https:\/\/www.bellitalie.org\/","name":"Bellitalie","description":"Regioni, citt\u00e0 e patrimonio dell'Italia da nord a sud","potentialAction":[{"@type":"SearchAction","target":{"@type":"EntryPoint","urlTemplate":"https:\/\/www.bellitalie.org\/?s={search_term_string}"},"query-input":"required name=search_term_string"}],"inLanguage":"it-IT"},{"@type":"ImageObject","@id":"https:\/\/www.bellitalie.org\/it\/destinazione\/lombardia\/brescia\/#primaryimage","inLanguage":"it-IT","url":"https:\/\/www.bellitalie.org\/wp-content\/uploads\/2021\/09\/brescia_1556.jpg","contentUrl":"https:\/\/www.bellitalie.org\/wp-content\/uploads\/2021\/09\/brescia_1556.jpg","width":1200,"height":800,"caption":"Temple Capitolain"},{"@type":"WebPage","@id":"https:\/\/www.bellitalie.org\/it\/destinazione\/lombardia\/brescia\/#webpage","url":"https:\/\/www.bellitalie.org\/it\/destinazione\/lombardia\/brescia\/","name":"Brescia - Bellitalie","isPartOf":{"@id":"https:\/\/www.bellitalie.org\/#website"},"primaryImageOfPage":{"@id":"https:\/\/www.bellitalie.org\/it\/destinazione\/lombardia\/brescia\/#primaryimage"},"datePublished":"2021-09-18T12:27:23+00:00","dateModified":"2023-10-19T11:35:04+00:00","description":"Scoperta di Brescia, citt\u00e0 lombarda la cui ricca storia risale almeno ai romani, con monumenti medievali, romani, o le sue due cattedrali","breadcrumb":{"@id":"https:\/\/www.bellitalie.org\/it\/destinazione\/lombardia\/brescia\/#breadcrumb"},"inLanguage":"it-IT","potentialAction":[{"@type":"ReadAction","target":["https:\/\/www.bellitalie.org\/it\/destinazione\/lombardia\/brescia\/"]}]},{"@type":"BreadcrumbList","@id":"https:\/\/www.bellitalie.org\/it\/destinazione\/lombardia\/brescia\/#breadcrumb","itemListElement":[{"@type":"ListItem","position":1,"name":"Accueil","item":"https:\/\/www.bellitalie.org\/it\/"},{"@type":"ListItem","position":2,"name":"Lombardia","item":"https:\/\/www.bellitalie.org\/it\/regione_italia\/lombardia\/"},{"@type":"ListItem","position":3,"name":"Brescia"}]},{"@type":"Person","@id":"https:\/\/www.bellitalie.org\/#\/schema\/person\/6f25c64f0b5df6df0b93a2be44045da5","name":"Bellitalie","image":{"@type":"ImageObject","@id":"https:\/\/www.bellitalie.org\/#personlogo","inLanguage":"it-IT","url":"https:\/\/secure.gravatar.com\/avatar\/ad516503a11cd5ca435acc9bb6523536?s=96","contentUrl":"https:\/\/secure.gravatar.com\/avatar\/ad516503a11cd5ca435acc9bb6523536?s=96","caption":"Bellitalie"},"sameAs":["https:\/\/www.bellitalie.org"]}]}},"_links":{"self":[{"href":"https:\/\/www.bellitalie.org\/it\/wp-json\/wp\/v2\/destination\/26091"}],"collection":[{"href":"https:\/\/www.bellitalie.org\/it\/wp-json\/wp\/v2\/destination"}],"about":[{"href":"https:\/\/www.bellitalie.org\/it\/wp-json\/wp\/v2\/types\/destination"}],"author":[{"embeddable":true,"href":"https:\/\/www.bellitalie.org\/it\/wp-json\/wp\/v2\/users\/1"}],"replies":[{"embeddable":true,"href":"https:\/\/www.bellitalie.org\/it\/wp-json\/wp\/v2\/comments?post=26091"}],"version-history":[{"count":3,"href":"https:\/\/www.bellitalie.org\/it\/wp-json\/wp\/v2\/destination\/26091\/revisions"}],"predecessor-version":[{"id":26190,"href":"https:\/\/www.bellitalie.org\/it\/wp-json\/wp\/v2\/destination\/26091\/revisions\/26190"}],"up":[{"embeddable":true,"href":"https:\/\/www.bellitalie.org\/it\/wp-json\/wp\/v2\/destination\/24678"}],"wp:featuredmedia":[{"embeddable":true,"href":"https:\/\/www.bellitalie.org\/it\/wp-json\/wp\/v2\/media\/1337"}],"wp:attachment":[{"href":"https:\/\/www.bellitalie.org\/it\/wp-json\/wp\/v2\/media?parent=26091"}],"wp:term":[{"taxonomy":"post_tag","embeddable":true,"href":"https:\/\/www.bellitalie.org\/it\/wp-json\/wp\/v2\/tags?post=26091"},{"taxonomy":"categorie_page","embeddable":true,"href":"https:\/\/www.bellitalie.org\/it\/wp-json\/wp\/v2\/categorie_page?post=26091"},{"taxonomy":"region_italie","embeddable":true,"href":"https:\/\/www.bellitalie.org\/it\/wp-json\/wp\/v2\/region_italie?post=26091"}],"curies":[{"name":"wp","href":"https:\/\/api.w.org\/{rel}","templated":true}]}}