{"id":26158,"date":"2021-09-09T12:36:00","date_gmt":"2021-09-09T10:36:00","guid":{"rendered":"https:\/\/www.bellitalie.org\/destination\/lombardia\/brescia\/piazza-paolo-vi-ou-piazza-duomo\/"},"modified":"2023-10-19T11:54:40","modified_gmt":"2023-10-19T09:54:40","slug":"foto-della-piazza-paolo-vi-o-piazza-duomo","status":"publish","type":"destination","link":"https:\/\/www.bellitalie.org\/it\/destinazione\/lombardia\/brescia\/foto-della-piazza-paolo-vi-o-piazza-duomo\/","title":{"rendered":"Piazza Paolo VI o Piazza Duomo"},"content":{"rendered":"\n<p>Chiamata anche <strong>Piazza delle Due Cattedrali<\/strong>, la <strong>Piazza Paolo VI<\/strong> \u00e8 l&#8217;altra bella piazza di Brescia con la Piazza della Loggia, di forma allungata e rettangolare. Ci sorgono importanti edifici della citt\u00e0, sia civili che religiosi, con soprattutto il <strong>Palazzo del Broletto<\/strong>, la sua <strong>Torre del Pegol<\/strong> dei XII-XIII secoli, e le due cattedrali: il circolare <strong>Duomo Vecchio<\/strong> medievale, e il barocco <strong>Duomo Nuovo<\/strong> con la sua cupola che \u00e8 la terza pi\u00f9 alta d&#8217;Italia.<br \/>La piazza \u00e8 chiusa a sud dal <strong>Palazzo Negroboni<\/strong> del XX secolo. Di fronte al Broletto il palazzo del inizio ottocento \u00e8 in stile neoclassico con due grandi colonne centrali ioniche, mentre la <strong>Casa dei Camerlenghi<\/strong> risale al XII secolo con trifore quattrocentesche. <br \/>Ci sono anche due fontane, la fontana con la statua di Minerva, e quella della <em>Brescia armata<\/em>.<\/p>\n\n\n<figure class=\"wp-container-2 wp-block-gallery-1 wp-block-gallery has-nested-images columns-default is-cropped\">\n<figure class=\"wp-block-image size-medium\"><a href=\"https:\/\/www.bellitalie.org\/wp-content\/uploads\/2023\/08\/piazza-paolo-vi-brescia_9004.jpg\"><img loading=\"lazy\" width=\"200\" height=\"300\" data-id=\"20372\"  src=\"https:\/\/www.bellitalie.org\/wp-content\/uploads\/2023\/08\/piazza-paolo-vi-brescia_9004-200x300.jpg\" alt=\"piazza-paolo-vi-brescia_9004\" class=\"wp-image-20372\" srcset=\"https:\/\/www.bellitalie.org\/wp-content\/uploads\/2023\/08\/piazza-paolo-vi-brescia_9004-200x300.jpg 200w, https:\/\/www.bellitalie.org\/wp-content\/uploads\/2023\/08\/piazza-paolo-vi-brescia_9004-683x1024.jpg 683w, https:\/\/www.bellitalie.org\/wp-content\/uploads\/2023\/08\/piazza-paolo-vi-brescia_9004-768x1152.jpg 768w, https:\/\/www.bellitalie.org\/wp-content\/uploads\/2023\/08\/piazza-paolo-vi-brescia_9004.jpg 800w\" sizes=\"(max-width: 200px) 100vw, 200px\" \/><\/a><figcaption>Broletto et torre<\/figcaption><\/figure>\n\n\n\n<figure class=\"wp-block-image size-medium\"><a href=\"https:\/\/www.bellitalie.org\/wp-content\/uploads\/2021\/09\/fontana-della-brescia-armata_9014.jpg\"><img loading=\"lazy\" width=\"200\" height=\"300\" data-id=\"20393\"  src=\"https:\/\/www.bellitalie.org\/wp-content\/uploads\/2021\/09\/fontana-della-brescia-armata_9014-200x300.jpg\" alt=\"fontana della minerva\" class=\"wp-image-20393\" srcset=\"https:\/\/www.bellitalie.org\/wp-content\/uploads\/2021\/09\/fontana-della-brescia-armata_9014-200x300.jpg 200w, https:\/\/www.bellitalie.org\/wp-content\/uploads\/2021\/09\/fontana-della-brescia-armata_9014-683x1024.jpg 683w, https:\/\/www.bellitalie.org\/wp-content\/uploads\/2021\/09\/fontana-della-brescia-armata_9014-768x1152.jpg 768w, https:\/\/www.bellitalie.org\/wp-content\/uploads\/2021\/09\/fontana-della-brescia-armata_9014.jpg 800w\" sizes=\"(max-width: 200px) 100vw, 200px\" \/><\/a><figcaption>Fontana della Minerva<\/figcaption><\/figure>\n\n\n\n<figure class=\"wp-block-image size-medium\"><a href=\"https:\/\/www.bellitalie.org\/wp-content\/uploads\/2021\/09\/fontana-della-brescia-armata-brescia_9002.jpg\"><img loading=\"lazy\" width=\"200\" height=\"300\" data-id=\"20415\"  src=\"https:\/\/www.bellitalie.org\/wp-content\/uploads\/2021\/09\/fontana-della-brescia-armata-brescia_9002-200x300.jpg\" alt=\"fontana-della-brescia-armata-brescia_9002\" class=\"wp-image-20415\" srcset=\"https:\/\/www.bellitalie.org\/wp-content\/uploads\/2021\/09\/fontana-della-brescia-armata-brescia_9002-200x300.jpg 200w, https:\/\/www.bellitalie.org\/wp-content\/uploads\/2021\/09\/fontana-della-brescia-armata-brescia_9002-683x1024.jpg 683w, https:\/\/www.bellitalie.org\/wp-content\/uploads\/2021\/09\/fontana-della-brescia-armata-brescia_9002-768x1152.jpg 768w, https:\/\/www.bellitalie.org\/wp-content\/uploads\/2021\/09\/fontana-della-brescia-armata-brescia_9002.jpg 800w\" sizes=\"(max-width: 200px) 100vw, 200px\" \/><\/a><figcaption>Fontana della Brescia armata<\/figcaption><\/figure>\n<\/figure>\n\n\n<h2>Palazzo del Broletto<\/h2>\n<p>Situato sul lato orientale, il <strong>Palazzo del Broletto<\/strong> era il palazzo signorile nel medioevo. \u00c8 il pi\u00f9 antico della citt\u00e0, con la sua loggia e la torre comunale detta <strong>Torre del Pegol<\/strong> (XII-XIII) alta 54 metri.<br \/>Fu sede delle istituzioni comunali, che si svilupparono attorno ad un cortile centrale, costruito in diverse fasi tra l&#8217;epoca medievale e il XVII secolo con il portico settentrionale.<br \/>Oggi ospita le amministrazioni, la prefettura e una stazione di polizia.<\/p>\n\n\n<figure class=\"wp-container-4 wp-block-gallery-3 wp-block-gallery has-nested-images columns-default is-cropped\">\n<figure class=\"wp-block-image size-medium\"><a href=\"https:\/\/www.bellitalie.org\/wp-content\/uploads\/2023\/08\/broletto-brescia_9011.jpg\"><img loading=\"lazy\" width=\"200\" height=\"300\" data-id=\"20375\"  src=\"https:\/\/www.bellitalie.org\/wp-content\/uploads\/2023\/08\/broletto-brescia_9011-200x300.jpg\" alt=\"piazza-paolo-vi-brescia_9004\" class=\"wp-image-20375\" srcset=\"https:\/\/www.bellitalie.org\/wp-content\/uploads\/2023\/08\/broletto-brescia_9011-200x300.jpg 200w, https:\/\/www.bellitalie.org\/wp-content\/uploads\/2023\/08\/broletto-brescia_9011-683x1024.jpg 683w, https:\/\/www.bellitalie.org\/wp-content\/uploads\/2023\/08\/broletto-brescia_9011-768x1152.jpg 768w, https:\/\/www.bellitalie.org\/wp-content\/uploads\/2023\/08\/broletto-brescia_9011.jpg 800w\" sizes=\"(max-width: 200px) 100vw, 200px\" \/><\/a><\/figure>\n\n\n\n<figure class=\"wp-block-image size-medium\"><a href=\"https:\/\/www.bellitalie.org\/wp-content\/uploads\/2023\/08\/broletto-brescia_9012.jpg\"><img loading=\"lazy\" width=\"300\" height=\"200\" data-id=\"20378\"  src=\"https:\/\/www.bellitalie.org\/wp-content\/uploads\/2023\/08\/broletto-brescia_9012-300x200.jpg\" alt=\"broletto-brescia_9012\" class=\"wp-image-20378\" srcset=\"https:\/\/www.bellitalie.org\/wp-content\/uploads\/2023\/08\/broletto-brescia_9012-300x200.jpg 300w, https:\/\/www.bellitalie.org\/wp-content\/uploads\/2023\/08\/broletto-brescia_9012-1024x683.jpg 1024w, https:\/\/www.bellitalie.org\/wp-content\/uploads\/2023\/08\/broletto-brescia_9012-768x512.jpg 768w, https:\/\/www.bellitalie.org\/wp-content\/uploads\/2023\/08\/broletto-brescia_9012.jpg 1200w\" sizes=\"(max-width: 300px) 100vw, 300px\" \/><\/a><\/figure>\n\n\n\n<figure class=\"wp-block-image size-medium\"><a href=\"https:\/\/www.bellitalie.org\/wp-content\/uploads\/2023\/08\/palazzo-del-broletto-brescia_9065.jpg\"><img loading=\"lazy\" width=\"200\" height=\"300\" data-id=\"20381\"  src=\"https:\/\/www.bellitalie.org\/wp-content\/uploads\/2023\/08\/palazzo-del-broletto-brescia_9065-200x300.jpg\" alt=\"palazzo-del-broletto-brescia_9065\" class=\"wp-image-20381\" srcset=\"https:\/\/www.bellitalie.org\/wp-content\/uploads\/2023\/08\/palazzo-del-broletto-brescia_9065-200x300.jpg 200w, https:\/\/www.bellitalie.org\/wp-content\/uploads\/2023\/08\/palazzo-del-broletto-brescia_9065-683x1024.jpg 683w, https:\/\/www.bellitalie.org\/wp-content\/uploads\/2023\/08\/palazzo-del-broletto-brescia_9065-768x1152.jpg 768w, https:\/\/www.bellitalie.org\/wp-content\/uploads\/2023\/08\/palazzo-del-broletto-brescia_9065.jpg 800w\" sizes=\"(max-width: 200px) 100vw, 200px\" \/><\/a><\/figure>\n\n\n\n<figure class=\"wp-block-image size-medium\"><a href=\"https:\/\/www.bellitalie.org\/wp-content\/uploads\/2023\/08\/palazzo-del-broletto-brescia_9067.jpg\"><img loading=\"lazy\" width=\"300\" height=\"200\" data-id=\"20387\"  src=\"https:\/\/www.bellitalie.org\/wp-content\/uploads\/2023\/08\/palazzo-del-broletto-brescia_9067-300x200.jpg\" alt=\"palazzo-del-broletto-brescia_9067\" class=\"wp-image-20387\" srcset=\"https:\/\/www.bellitalie.org\/wp-content\/uploads\/2023\/08\/palazzo-del-broletto-brescia_9067-300x200.jpg 300w, https:\/\/www.bellitalie.org\/wp-content\/uploads\/2023\/08\/palazzo-del-broletto-brescia_9067-1024x683.jpg 1024w, https:\/\/www.bellitalie.org\/wp-content\/uploads\/2023\/08\/palazzo-del-broletto-brescia_9067-768x512.jpg 768w, https:\/\/www.bellitalie.org\/wp-content\/uploads\/2023\/08\/palazzo-del-broletto-brescia_9067.jpg 1200w\" sizes=\"(max-width: 300px) 100vw, 300px\" \/><\/a><\/figure>\n\n\n\n<figure class=\"wp-block-image size-medium\"><a href=\"https:\/\/www.bellitalie.org\/wp-content\/uploads\/2023\/08\/palazzo-del-broletto-brescia_9066.jpg\"><img loading=\"lazy\" width=\"300\" height=\"200\" data-id=\"20384\"  src=\"https:\/\/www.bellitalie.org\/wp-content\/uploads\/2023\/08\/palazzo-del-broletto-brescia_9066-300x200.jpg\" alt=\"palazzo-del-broletto-brescia_9066\" class=\"wp-image-20384\" srcset=\"https:\/\/www.bellitalie.org\/wp-content\/uploads\/2023\/08\/palazzo-del-broletto-brescia_9066-300x200.jpg 300w, https:\/\/www.bellitalie.org\/wp-content\/uploads\/2023\/08\/palazzo-del-broletto-brescia_9066-1024x683.jpg 1024w, https:\/\/www.bellitalie.org\/wp-content\/uploads\/2023\/08\/palazzo-del-broletto-brescia_9066-768x512.jpg 768w, https:\/\/www.bellitalie.org\/wp-content\/uploads\/2023\/08\/palazzo-del-broletto-brescia_9066.jpg 1200w\" sizes=\"(max-width: 300px) 100vw, 300px\" \/><\/a><\/figure>\n<\/figure>\n\n\n<h2>Duomo Nuovo<\/h2>\n<p>Il <strong>Duomo Nuovo<\/strong>, o <strong>Cattedrale estiva di Santa Maria Assunta<\/strong>, fu costruito in pi\u00f9 di due secoli, dal 1604 al 1825. Si presenta con una grande facciata in marmo bianco, barocca e rococ\u00f2, e una cupola alta 80 metri che \u00e8 la terza pi\u00f9 alta d&#8217;Italia. Fu costruito su un&#8217;antica cattedrale paleocristiana.<br \/>Le tre navate interne sono divise da grandi colonne e pilastri sostengono la cupola.<br \/>Conserva numerose opere d&#8217;arte, tra cui un crocifisso ligneo del XV secolo, bellissimi dipinti tra cui opere di Moretto, Romanino e Palma il Giovanne, o la tomba di Sant&#8217;Apollonio, un monumento rinascimentale dedicato a Paolo VI.<\/p>\n\n\n<figure class=\"wp-container-6 wp-block-gallery-5 wp-block-gallery has-nested-images columns-default is-cropped\">\n<figure class=\"wp-block-image size-medium\"><a href=\"https:\/\/www.bellitalie.org\/wp-content\/uploads\/2021\/09\/cattedrale-di-santa-maria-assunta-brescia_9006.jpg\"><img loading=\"lazy\" width=\"200\" height=\"300\" data-id=\"20402\"  src=\"https:\/\/www.bellitalie.org\/wp-content\/uploads\/2021\/09\/cattedrale-di-santa-maria-assunta-brescia_9006-200x300.jpg\" alt=\"foto della cattedrale di santa maria assunta di brescia_9006\" class=\"wp-image-20402\" srcset=\"https:\/\/www.bellitalie.org\/wp-content\/uploads\/2021\/09\/cattedrale-di-santa-maria-assunta-brescia_9006-200x300.jpg 200w, https:\/\/www.bellitalie.org\/wp-content\/uploads\/2021\/09\/cattedrale-di-santa-maria-assunta-brescia_9006-683x1024.jpg 683w, https:\/\/www.bellitalie.org\/wp-content\/uploads\/2021\/09\/cattedrale-di-santa-maria-assunta-brescia_9006-768x1152.jpg 768w, https:\/\/www.bellitalie.org\/wp-content\/uploads\/2021\/09\/cattedrale-di-santa-maria-assunta-brescia_9006.jpg 800w\" sizes=\"(max-width: 200px) 100vw, 200px\" \/><\/a><figcaption>Duomo Nuovo<\/figcaption><\/figure>\n\n\n\n<figure class=\"wp-block-image size-medium\"><a href=\"https:\/\/www.bellitalie.org\/wp-content\/uploads\/2021\/09\/altare-con-l-arca-di-sant-apollonio-brescia_9009.jpg\"><img loading=\"lazy\" width=\"200\" height=\"300\" data-id=\"20399\"  src=\"https:\/\/www.bellitalie.org\/wp-content\/uploads\/2021\/09\/altare-con-l-arca-di-sant-apollonio-brescia_9009-200x300.jpg\" alt=\"foto dell'altare con l'arca di sant'apollonio-brescia_9009\" class=\"wp-image-20399\" srcset=\"https:\/\/www.bellitalie.org\/wp-content\/uploads\/2021\/09\/altare-con-l-arca-di-sant-apollonio-brescia_9009-200x300.jpg 200w, https:\/\/www.bellitalie.org\/wp-content\/uploads\/2021\/09\/altare-con-l-arca-di-sant-apollonio-brescia_9009-683x1024.jpg 683w, https:\/\/www.bellitalie.org\/wp-content\/uploads\/2021\/09\/altare-con-l-arca-di-sant-apollonio-brescia_9009-768x1152.jpg 768w, https:\/\/www.bellitalie.org\/wp-content\/uploads\/2021\/09\/altare-con-l-arca-di-sant-apollonio-brescia_9009.jpg 800w\" sizes=\"(max-width: 200px) 100vw, 200px\" \/><\/a><figcaption>Arco e altare Sant&#8217;Apollonio<\/figcaption><\/figure>\n\n\n\n<figure class=\"wp-block-image size-medium\"><a href=\"https:\/\/www.bellitalie.org\/wp-content\/uploads\/2021\/09\/cattedrale-di-santa-maria-assunta-brescia_9007.jpg\"><img loading=\"lazy\" width=\"300\" height=\"200\" data-id=\"20405\"  src=\"https:\/\/www.bellitalie.org\/wp-content\/uploads\/2021\/09\/cattedrale-di-santa-maria-assunta-brescia_9007-300x200.jpg\" alt=\"cattedrale-di-santa-maria-assunta-brescia_9007\" class=\"wp-image-20405\" srcset=\"https:\/\/www.bellitalie.org\/wp-content\/uploads\/2021\/09\/cattedrale-di-santa-maria-assunta-brescia_9007-300x200.jpg 300w, https:\/\/www.bellitalie.org\/wp-content\/uploads\/2021\/09\/cattedrale-di-santa-maria-assunta-brescia_9007-1024x683.jpg 1024w, https:\/\/www.bellitalie.org\/wp-content\/uploads\/2021\/09\/cattedrale-di-santa-maria-assunta-brescia_9007-768x512.jpg 768w, https:\/\/www.bellitalie.org\/wp-content\/uploads\/2021\/09\/cattedrale-di-santa-maria-assunta-brescia_9007.jpg 1200w\" sizes=\"(max-width: 300px) 100vw, 300px\" \/><\/a><figcaption>Cupola del Duomo Nuovo<\/figcaption><\/figure>\n<\/figure>\n\n\n<h2>Duomo Vecchio<\/h2>\n<p>Il <strong>Duomo Vecchio<\/strong>, o Rotonda, risale al XII secolo. \u00c8 un notevole esempio di edificio medievale circolare. Conserva in particolare nella <strong>Cappella delle Sante Croci<\/strong> l&#8217;omonimo tesoro con reliquie e oggetti sacri. La Cripta romanica San Filastrio si trova sotto il presbiterio (vedere anche articolo dedicato al Duomo Vecchio).<\/p>\n<h2>Informazioni<\/h2>\n<ul>\n<li>Articolo Wikipedia : <a href=\"https:\/\/it.wikipedia.org\/wiki\/Piazza_del_Duomo_(Brescia)\" target=\"_blank\" rel=\"noopener\">Piazza Paolo VI<\/a> <\/li>\n<li>Portali turistici : <a href=\"https:\/\/www.bresciatourism.it\/cosa-fare\/piazza-paolo-vi-brescia\/\" target=\"_blank\" rel=\"noopener\">www.bresciatourism.it<\/a><\/li>\n<li>Sito del comune : <a href=\"https:\/\/www.comune.brescia.it\/aree-tematiche\/cultura-e-turismo\/punti-e-itinerari-di-interesse\/piazza-paolo-vi\" target=\"_blank\" rel=\"noopener\">www.comune.brescia.it<\/a><\/li>\n<\/ul>\n\n<h2>Cartina<\/h2>\n<div id=\"travelersmap-container-69f2b37203c49\" class=\"travelersmap-container\" style=\"z-index: 1; min-height: 10px; min-width:10px; height:400px;width:100%; max-width:; max-height:; position:relative;\"><div style=\"position:absolute; z-index:-1;top: 50%;text-align: center;display: block;left: 50%;transform: translate(-50%,-50%);\">Travelers' Map is loading... <br> If you see this after your page is loaded completely, leafletJS files are missing.<\/div><\/div>\n<p>\u00a0<\/p>\n\n\n<div class=\"wp-container-9 wp-block-columns has-background\" style=\"background-color:#dfece5\">\n<div class=\"wp-container-7 wp-block-column\">\n<p><a href=\"https:\/\/www.bellitalie.org\/it\/destinazione\/lombardia\/brescia\/\"><strong>Brescia<\/strong><\/a><\/p>\n<ul class=\"lcp_catlist2\" id=\"lcp_instance_0\"><li><a href=\"https:\/\/www.bellitalie.org\/it\/destinazione\/lombardia\/brescia\/cosa-vedere-a-brescia\/\">Cosa vedere a Brescia<\/a><a href=\"https:\/\/www.bellitalie.org\/it\/destinazione\/lombardia\/brescia\/cosa-vedere-a-brescia\/\" title=\"Cosa vedere a Brescia\"><img width=\"150\" height=\"150\" src=\"https:\/\/www.bellitalie.org\/wp-content\/uploads\/2021\/11\/santa_maria_in_solario_brescia-150x150.jpg\" class=\"lcp_thumbnail wp-post-image\" alt=\"Cosa vedere a Brescia\" loading=\"lazy\" srcset=\"https:\/\/www.bellitalie.org\/wp-content\/uploads\/2021\/11\/santa_maria_in_solario_brescia-150x150.jpg 150w, https:\/\/www.bellitalie.org\/wp-content\/uploads\/2021\/11\/santa_maria_in_solario_brescia-50x50.jpg 50w, https:\/\/www.bellitalie.org\/wp-content\/uploads\/2021\/11\/santa_maria_in_solario_brescia-80x80.jpg 80w, https:\/\/www.bellitalie.org\/wp-content\/uploads\/2021\/11\/santa_maria_in_solario_brescia-75x75.jpg 75w\" sizes=\"(max-width: 150px) 100vw, 150px\" \/><\/a><div class=\"lcp_excerpt\">\nDi seguito la mappa di Brescia con i principali luoghi\n1. Complesso di Santa Giulia\nIl complesso ...<\/div><\/li><li><a href=\"https:\/\/www.bellitalie.org\/it\/destinazione\/lombardia\/brescia\/museo-di-santa-giulia\/\">Museo di Santa Giulia<\/a><a href=\"https:\/\/www.bellitalie.org\/it\/destinazione\/lombardia\/brescia\/museo-di-santa-giulia\/\" title=\"Museo di Santa Giulia\"><img width=\"150\" height=\"150\" src=\"https:\/\/www.bellitalie.org\/wp-content\/uploads\/2021\/09\/chiesa-di-san-salvatore-museo-di-santa-giulia_8922-150x150.jpg\" class=\"lcp_thumbnail wp-post-image\" alt=\"Museo di Santa Giulia\" loading=\"lazy\" srcset=\"https:\/\/www.bellitalie.org\/wp-content\/uploads\/2021\/09\/chiesa-di-san-salvatore-museo-di-santa-giulia_8922-150x150.jpg 150w, https:\/\/www.bellitalie.org\/wp-content\/uploads\/2021\/09\/chiesa-di-san-salvatore-museo-di-santa-giulia_8922-50x50.jpg 50w, https:\/\/www.bellitalie.org\/wp-content\/uploads\/2021\/09\/chiesa-di-san-salvatore-museo-di-santa-giulia_8922-80x80.jpg 80w, https:\/\/www.bellitalie.org\/wp-content\/uploads\/2021\/09\/chiesa-di-san-salvatore-museo-di-santa-giulia_8922-75x75.jpg 75w\" sizes=\"(max-width: 150px) 100vw, 150px\" \/><\/a><div class=\"lcp_excerpt\">\nIl Museo della citt\u00e0 di Brescia si trova nel complesso di Santa Giulia. \u00c8 un ...<\/div><\/li><li><a href=\"https:\/\/www.bellitalie.org\/it\/destinazione\/lombardia\/brescia\/parco-archeologico-di-brescia\/\">Parco Archeologico di Brescia<\/a><a href=\"https:\/\/www.bellitalie.org\/it\/destinazione\/lombardia\/brescia\/parco-archeologico-di-brescia\/\" title=\"Parco Archeologico di Brescia\"><img width=\"150\" height=\"150\" src=\"https:\/\/www.bellitalie.org\/wp-content\/uploads\/2023\/08\/capitolium-romano-brixia-brescia_9249-150x150.jpg\" class=\"lcp_thumbnail wp-post-image\" alt=\"Parco Archeologico di Brescia\" loading=\"lazy\" srcset=\"https:\/\/www.bellitalie.org\/wp-content\/uploads\/2023\/08\/capitolium-romano-brixia-brescia_9249-150x150.jpg 150w, https:\/\/www.bellitalie.org\/wp-content\/uploads\/2023\/08\/capitolium-romano-brixia-brescia_9249-50x50.jpg 50w, https:\/\/www.bellitalie.org\/wp-content\/uploads\/2023\/08\/capitolium-romano-brixia-brescia_9249-80x80.jpg 80w, https:\/\/www.bellitalie.org\/wp-content\/uploads\/2023\/08\/capitolium-romano-brixia-brescia_9249-75x75.jpg 75w\" sizes=\"(max-width: 150px) 100vw, 150px\" \/><\/a><div class=\"lcp_excerpt\">\nNel pieno centro di Brescia, l&#8217;area archeologica \u00e8 stata iscritta al Patrimonio dell&#8217;Umanit\u00e0 dall&#8217;Unesco, con ...<\/div><\/li><li><a href=\"https:\/\/www.bellitalie.org\/it\/destinazione\/lombardia\/brescia\/castello-di-brescia\/\">Castello di Brescia<\/a><a href=\"https:\/\/www.bellitalie.org\/it\/destinazione\/lombardia\/brescia\/castello-di-brescia\/\" title=\"Castello di Brescia\"><img width=\"150\" height=\"150\" src=\"https:\/\/www.bellitalie.org\/wp-content\/uploads\/2021\/09\/torre-dei-prigionieri-castello-di-brescia_8834-150x150.jpg\" class=\"lcp_thumbnail wp-post-image\" alt=\"Castello di Brescia\" loading=\"lazy\" srcset=\"https:\/\/www.bellitalie.org\/wp-content\/uploads\/2021\/09\/torre-dei-prigionieri-castello-di-brescia_8834-150x150.jpg 150w, https:\/\/www.bellitalie.org\/wp-content\/uploads\/2021\/09\/torre-dei-prigionieri-castello-di-brescia_8834-50x50.jpg 50w, https:\/\/www.bellitalie.org\/wp-content\/uploads\/2021\/09\/torre-dei-prigionieri-castello-di-brescia_8834-80x80.jpg 80w, https:\/\/www.bellitalie.org\/wp-content\/uploads\/2021\/09\/torre-dei-prigionieri-castello-di-brescia_8834-75x75.jpg 75w\" sizes=\"(max-width: 150px) 100vw, 150px\" \/><\/a><div class=\"lcp_excerpt\">\nCostruito sul Colle Cidneo che domina la citt\u00e0, il Castello di Brescia \u00e8 un vasto ...<\/div><\/li><li><a href=\"https:\/\/www.bellitalie.org\/it\/destinazione\/lombardia\/brescia\/piazza-della-loggia-di-brescia\/\">Piazza della Loggia di Brescia<\/a><a href=\"https:\/\/www.bellitalie.org\/it\/destinazione\/lombardia\/brescia\/piazza-della-loggia-di-brescia\/\" title=\"Piazza della Loggia di Brescia\"><img width=\"150\" height=\"150\" src=\"https:\/\/www.bellitalie.org\/wp-content\/uploads\/2021\/09\/torre-dell-orologio-piazza-della-loggia-brescia_8968-150x150.jpg\" class=\"lcp_thumbnail wp-post-image\" alt=\"Piazza della Loggia di Brescia\" loading=\"lazy\" srcset=\"https:\/\/www.bellitalie.org\/wp-content\/uploads\/2021\/09\/torre-dell-orologio-piazza-della-loggia-brescia_8968-150x150.jpg 150w, https:\/\/www.bellitalie.org\/wp-content\/uploads\/2021\/09\/torre-dell-orologio-piazza-della-loggia-brescia_8968-50x50.jpg 50w, https:\/\/www.bellitalie.org\/wp-content\/uploads\/2021\/09\/torre-dell-orologio-piazza-della-loggia-brescia_8968-80x80.jpg 80w, https:\/\/www.bellitalie.org\/wp-content\/uploads\/2021\/09\/torre-dell-orologio-piazza-della-loggia-brescia_8968-75x75.jpg 75w\" sizes=\"(max-width: 150px) 100vw, 150px\" \/><\/a><div class=\"lcp_excerpt\">\nLa Piazza della Loggia, detta anche Piazza Vecchia, \u00e8 probabilmente la piazza pi\u00f9 bella di ...<\/div><\/li><li class=\"current\"><a href=\"https:\/\/www.bellitalie.org\/it\/destinazione\/lombardia\/brescia\/foto-della-piazza-paolo-vi-o-piazza-duomo\/\">Piazza Paolo VI o Piazza Duomo<\/a><a href=\"https:\/\/www.bellitalie.org\/it\/destinazione\/lombardia\/brescia\/foto-della-piazza-paolo-vi-o-piazza-duomo\/\" title=\"Piazza Paolo VI o Piazza Duomo\"><img width=\"150\" height=\"150\" src=\"https:\/\/www.bellitalie.org\/wp-content\/uploads\/2023\/08\/piazza-paolo-vi-brescia_9004-150x150.jpg\" class=\"lcp_thumbnail wp-post-image\" alt=\"Piazza Paolo VI o Piazza Duomo\" loading=\"lazy\" srcset=\"https:\/\/www.bellitalie.org\/wp-content\/uploads\/2023\/08\/piazza-paolo-vi-brescia_9004-150x150.jpg 150w, https:\/\/www.bellitalie.org\/wp-content\/uploads\/2023\/08\/piazza-paolo-vi-brescia_9004-50x50.jpg 50w, https:\/\/www.bellitalie.org\/wp-content\/uploads\/2023\/08\/piazza-paolo-vi-brescia_9004-80x80.jpg 80w, https:\/\/www.bellitalie.org\/wp-content\/uploads\/2023\/08\/piazza-paolo-vi-brescia_9004-75x75.jpg 75w\" sizes=\"(max-width: 150px) 100vw, 150px\" \/><\/a><div class=\"lcp_excerpt\">\nChiamata anche Piazza delle Due Cattedrali, la Piazza Paolo VI \u00e8 l&#8217;altra bella piazza di ...<\/div><\/li><li><a href=\"https:\/\/www.bellitalie.org\/it\/destinazione\/lombardia\/brescia\/duomo-vecchio-di-brescia\/\">Duomo Vecchio di Brescia<\/a><a href=\"https:\/\/www.bellitalie.org\/it\/destinazione\/lombardia\/brescia\/duomo-vecchio-di-brescia\/\" title=\"Duomo Vecchio di Brescia\"><img width=\"150\" height=\"150\" src=\"https:\/\/www.bellitalie.org\/wp-content\/uploads\/2021\/09\/duomo-vecchio-brescia_9003-150x150.jpg\" class=\"lcp_thumbnail wp-post-image\" alt=\"Duomo Vecchio di Brescia\" loading=\"lazy\" srcset=\"https:\/\/www.bellitalie.org\/wp-content\/uploads\/2021\/09\/duomo-vecchio-brescia_9003-150x150.jpg 150w, https:\/\/www.bellitalie.org\/wp-content\/uploads\/2021\/09\/duomo-vecchio-brescia_9003-50x50.jpg 50w, https:\/\/www.bellitalie.org\/wp-content\/uploads\/2021\/09\/duomo-vecchio-brescia_9003-80x80.jpg 80w, https:\/\/www.bellitalie.org\/wp-content\/uploads\/2021\/09\/duomo-vecchio-brescia_9003-75x75.jpg 75w\" sizes=\"(max-width: 150px) 100vw, 150px\" \/><\/a><div class=\"lcp_excerpt\">\nIl Duomo Vecchio, detto anche Cattedrale Invernale di Santa Maria Assunta, \u00e8 un raro e ...<\/div><\/li><li><a href=\"https:\/\/www.bellitalie.org\/it\/destinazione\/lombardia\/brescia\/quartiere-del-carmine-e-torre-della-pallata\/\">Quartiere del Carmine e Torre della Pallata<\/a><a href=\"https:\/\/www.bellitalie.org\/it\/destinazione\/lombardia\/brescia\/quartiere-del-carmine-e-torre-della-pallata\/\" title=\"Quartiere del Carmine e Torre della Pallata\"><img width=\"150\" height=\"150\" src=\"https:\/\/www.bellitalie.org\/wp-content\/uploads\/2023\/08\/torre-della-pallata-brescia_9046-150x150.jpg\" class=\"lcp_thumbnail wp-post-image\" alt=\"Quartiere del Carmine e Torre della Pallata\" loading=\"lazy\" srcset=\"https:\/\/www.bellitalie.org\/wp-content\/uploads\/2023\/08\/torre-della-pallata-brescia_9046-150x150.jpg 150w, https:\/\/www.bellitalie.org\/wp-content\/uploads\/2023\/08\/torre-della-pallata-brescia_9046-50x50.jpg 50w, https:\/\/www.bellitalie.org\/wp-content\/uploads\/2023\/08\/torre-della-pallata-brescia_9046-80x80.jpg 80w, https:\/\/www.bellitalie.org\/wp-content\/uploads\/2023\/08\/torre-della-pallata-brescia_9046-75x75.jpg 75w\" sizes=\"(max-width: 150px) 100vw, 150px\" \/><\/a><div class=\"lcp_excerpt\">\nVicino a Piazza Loggia, il Carmine \u00e8 un quartiere popolare, multiculturale e frequentato dai giovani. ...<\/div><\/li><li><a href=\"https:\/\/www.bellitalie.org\/it\/destinazione\/lombardia\/brescia\/chiesa-di-san-francesco-di-brescia\/\">Chiesa di San Francesco di Brescia<\/a><a href=\"https:\/\/www.bellitalie.org\/it\/destinazione\/lombardia\/brescia\/chiesa-di-san-francesco-di-brescia\/\" title=\"Chiesa di San Francesco di Brescia\"><img width=\"150\" height=\"150\" src=\"https:\/\/www.bellitalie.org\/wp-content\/uploads\/2023\/08\/chiesa-di-san-francesco-brescia_9025-150x150.jpg\" class=\"lcp_thumbnail wp-post-image\" alt=\"Chiesa di San Francesco di Brescia\" loading=\"lazy\" srcset=\"https:\/\/www.bellitalie.org\/wp-content\/uploads\/2023\/08\/chiesa-di-san-francesco-brescia_9025-150x150.jpg 150w, https:\/\/www.bellitalie.org\/wp-content\/uploads\/2023\/08\/chiesa-di-san-francesco-brescia_9025-50x50.jpg 50w, https:\/\/www.bellitalie.org\/wp-content\/uploads\/2023\/08\/chiesa-di-san-francesco-brescia_9025-80x80.jpg 80w, https:\/\/www.bellitalie.org\/wp-content\/uploads\/2023\/08\/chiesa-di-san-francesco-brescia_9025-75x75.jpg 75w\" sizes=\"(max-width: 150px) 100vw, 150px\" \/><\/a><div class=\"lcp_excerpt\">\nLa Chiesa di San Francesco d&#8217;Assisi di Brescia fu costruita nel XIII secolo con uno ...<\/div><\/li><li><a href=\"https:\/\/www.bellitalie.org\/it\/destinazione\/lombardia\/brescia\/pinacoteca-tosio-martinengo\/\">Pinacoteca Tosio Martinengo<\/a><a href=\"https:\/\/www.bellitalie.org\/it\/destinazione\/lombardia\/brescia\/pinacoteca-tosio-martinengo\/\" title=\"Pinacoteca Tosio Martinengo\"><img width=\"150\" height=\"150\" src=\"https:\/\/www.bellitalie.org\/wp-content\/uploads\/2023\/08\/raphael-le-christ-benissant-pinacoteca-brescia_9269-150x150.jpg\" class=\"lcp_thumbnail wp-post-image\" alt=\"Pinacoteca Tosio Martinengo\" loading=\"lazy\" srcset=\"https:\/\/www.bellitalie.org\/wp-content\/uploads\/2023\/08\/raphael-le-christ-benissant-pinacoteca-brescia_9269-150x150.jpg 150w, https:\/\/www.bellitalie.org\/wp-content\/uploads\/2023\/08\/raphael-le-christ-benissant-pinacoteca-brescia_9269-50x50.jpg 50w, https:\/\/www.bellitalie.org\/wp-content\/uploads\/2023\/08\/raphael-le-christ-benissant-pinacoteca-brescia_9269-80x80.jpg 80w, https:\/\/www.bellitalie.org\/wp-content\/uploads\/2023\/08\/raphael-le-christ-benissant-pinacoteca-brescia_9269-75x75.jpg 75w\" sizes=\"(max-width: 150px) 100vw, 150px\" \/><\/a><div class=\"lcp_excerpt\">\nUn tempo ospitata in Palazzo Tosio, la Pinacoteca Tosio Martinengo vanta una bella collezione che ...<\/div><\/li><\/ul>\n<\/div>\n\n\n\n<div class=\"wp-container-8 wp-block-column\">\n<p><strong><a href=\"https:\/\/www.bellitalie.org\/it\/regione_italia\/lombardia\/\">Lombardia<\/a><\/strong><\/p>\n<ul class=\"lcp_catlist2\" id=\"lcp_instance_0\"><li><a href=\"https:\/\/www.bellitalie.org\/it\/destinazione\/lombardia\/da-vedere-in-lombardia\/\">Da vedere in Lombardia<\/a><a href=\"https:\/\/www.bellitalie.org\/it\/destinazione\/lombardia\/da-vedere-in-lombardia\/\" title=\"Da vedere in Lombardia\"><img width=\"150\" height=\"150\" src=\"https:\/\/www.bellitalie.org\/wp-content\/uploads\/2021\/09\/lac-d-iseo_7534-150x150.jpg\" class=\"lcp_thumbnail wp-post-image\" alt=\"Da vedere in Lombardia\" loading=\"lazy\" srcset=\"https:\/\/www.bellitalie.org\/wp-content\/uploads\/2021\/09\/lac-d-iseo_7534-150x150.jpg 150w, https:\/\/www.bellitalie.org\/wp-content\/uploads\/2021\/09\/lac-d-iseo_7534-50x50.jpg 50w, https:\/\/www.bellitalie.org\/wp-content\/uploads\/2021\/09\/lac-d-iseo_7534-80x80.jpg 80w, https:\/\/www.bellitalie.org\/wp-content\/uploads\/2021\/09\/lac-d-iseo_7534-75x75.jpg 75w\" sizes=\"(max-width: 150px) 100vw, 150px\" \/><\/a><div class=\"lcp_excerpt\">\nMilano \nMilano, il capoluogo lombardo, \u00e8 il centro economico e finanziario dell&#8217;Italia con la sede ...<\/div><\/li><li><a href=\"https:\/\/www.bellitalie.org\/it\/destinazione\/lombardia\/milano\/\">Milano<\/a><a href=\"https:\/\/www.bellitalie.org\/it\/destinazione\/lombardia\/milano\/\" title=\"Milano\"><img width=\"150\" height=\"150\" src=\"https:\/\/www.bellitalie.org\/wp-content\/uploads\/2021\/09\/duomo-de-milan_8091-150x150.jpg\" class=\"lcp_thumbnail wp-post-image\" alt=\"Milano\" loading=\"lazy\" srcset=\"https:\/\/www.bellitalie.org\/wp-content\/uploads\/2021\/09\/duomo-de-milan_8091-150x150.jpg 150w, https:\/\/www.bellitalie.org\/wp-content\/uploads\/2021\/09\/duomo-de-milan_8091-50x50.jpg 50w, https:\/\/www.bellitalie.org\/wp-content\/uploads\/2021\/09\/duomo-de-milan_8091-80x80.jpg 80w, https:\/\/www.bellitalie.org\/wp-content\/uploads\/2021\/09\/duomo-de-milan_8091-75x75.jpg 75w\" sizes=\"(max-width: 150px) 100vw, 150px\" \/><\/a><div class=\"lcp_excerpt\">\nPrincipale citt\u00e0 economica e finanziaria d&#8217;Italia, centro internazionale della moda e dell&#8217;eleganza, Milano \u00e8 una ...<\/div><\/li><li><a href=\"https:\/\/www.bellitalie.org\/it\/destinazione\/lombardia\/lago-maggiore\/\">Lago Maggiore<\/a><a href=\"https:\/\/www.bellitalie.org\/it\/destinazione\/lombardia\/lago-maggiore\/\" title=\"Lago Maggiore\"><img width=\"150\" height=\"150\" src=\"https:\/\/www.bellitalie.org\/wp-content\/uploads\/2021\/09\/lac-majeur_7509-150x150.jpg\" class=\"lcp_thumbnail wp-post-image\" alt=\"Lago Maggiore\" loading=\"lazy\" srcset=\"https:\/\/www.bellitalie.org\/wp-content\/uploads\/2021\/09\/lac-majeur_7509-150x150.jpg 150w, https:\/\/www.bellitalie.org\/wp-content\/uploads\/2021\/09\/lac-majeur_7509-50x50.jpg 50w, https:\/\/www.bellitalie.org\/wp-content\/uploads\/2021\/09\/lac-majeur_7509-80x80.jpg 80w, https:\/\/www.bellitalie.org\/wp-content\/uploads\/2021\/09\/lac-majeur_7509-75x75.jpg 75w\" sizes=\"(max-width: 150px) 100vw, 150px\" \/><\/a><div class=\"lcp_excerpt\">\nIl Lago Maggiore \u00e8 una delle pi\u00f9 belle destinazioni del nord Italia, la cui sponda ...<\/div><\/li><li><a href=\"https:\/\/www.bellitalie.org\/it\/destinazione\/lombardia\/lago-di-como\/\">Lago di Como<\/a><a href=\"https:\/\/www.bellitalie.org\/it\/destinazione\/lombardia\/lago-di-como\/\" title=\"Lago di Como\"><img width=\"150\" height=\"150\" src=\"https:\/\/www.bellitalie.org\/wp-content\/uploads\/2021\/09\/lago_di_como_1496-150x150.jpg\" class=\"lcp_thumbnail wp-post-image\" alt=\"Lago di Como\" loading=\"lazy\" srcset=\"https:\/\/www.bellitalie.org\/wp-content\/uploads\/2021\/09\/lago_di_como_1496-150x150.jpg 150w, https:\/\/www.bellitalie.org\/wp-content\/uploads\/2021\/09\/lago_di_como_1496-50x50.jpg 50w, https:\/\/www.bellitalie.org\/wp-content\/uploads\/2021\/09\/lago_di_como_1496-80x80.jpg 80w, https:\/\/www.bellitalie.org\/wp-content\/uploads\/2021\/09\/lago_di_como_1496-75x75.jpg 75w\" sizes=\"(max-width: 150px) 100vw, 150px\" \/><\/a><div class=\"lcp_excerpt\">\nNon solo il Lago di Como \u00e8 il lago pi\u00f9 profondo d&#8217;Italia, ma \u00e8 anche ...<\/div><\/li><li><a href=\"https:\/\/www.bellitalie.org\/it\/destinazione\/veneto\/lago-di-garda\/\">Lago di Garda<\/a><a href=\"https:\/\/www.bellitalie.org\/it\/destinazione\/veneto\/lago-di-garda\/\" title=\"Lago di Garda\"><img width=\"150\" height=\"150\" src=\"https:\/\/www.bellitalie.org\/wp-content\/uploads\/2023\/09\/cote-lac-de-garde-malcesine-brenzone_9766-150x150.jpg\" class=\"lcp_thumbnail wp-post-image\" alt=\"Lago di Garda\" loading=\"lazy\" srcset=\"https:\/\/www.bellitalie.org\/wp-content\/uploads\/2023\/09\/cote-lac-de-garde-malcesine-brenzone_9766-150x150.jpg 150w, https:\/\/www.bellitalie.org\/wp-content\/uploads\/2023\/09\/cote-lac-de-garde-malcesine-brenzone_9766-50x50.jpg 50w, https:\/\/www.bellitalie.org\/wp-content\/uploads\/2023\/09\/cote-lac-de-garde-malcesine-brenzone_9766-80x80.jpg 80w, https:\/\/www.bellitalie.org\/wp-content\/uploads\/2023\/09\/cote-lac-de-garde-malcesine-brenzone_9766-75x75.jpg 75w\" sizes=\"(max-width: 150px) 100vw, 150px\" \/><\/a><div class=\"lcp_excerpt\">\nIl Lago di Garda \u00e8 il pi\u00f9 grande lago d&#8217;Italia, situato tra Brescia ad ovest ...<\/div><\/li><li><a href=\"https:\/\/www.bellitalie.org\/it\/destinazione\/lombardia\/bergamo\/\">Bergamo<\/a><a href=\"https:\/\/www.bellitalie.org\/it\/destinazione\/lombardia\/bergamo\/\" title=\"Bergamo\"><img width=\"150\" height=\"150\" src=\"https:\/\/www.bellitalie.org\/wp-content\/uploads\/2021\/09\/bergame_1513-150x150.jpg\" class=\"lcp_thumbnail wp-post-image\" alt=\"Bergamo\" loading=\"lazy\" srcset=\"https:\/\/www.bellitalie.org\/wp-content\/uploads\/2021\/09\/bergame_1513-150x150.jpg 150w, https:\/\/www.bellitalie.org\/wp-content\/uploads\/2021\/09\/bergame_1513-50x50.jpg 50w, https:\/\/www.bellitalie.org\/wp-content\/uploads\/2021\/09\/bergame_1513-80x80.jpg 80w, https:\/\/www.bellitalie.org\/wp-content\/uploads\/2021\/09\/bergame_1513-75x75.jpg 75w\" sizes=\"(max-width: 150px) 100vw, 150px\" \/><\/a><div class=\"lcp_excerpt\">\nLa citt\u00e0 alta di Bergamo \u00e8 il pi\u00f9 bel centro medievale di Lombardia, protetto da ...<\/div><\/li><li><a href=\"https:\/\/www.bellitalie.org\/it\/destinazione\/lombardia\/brescia\/\">Brescia<\/a><a href=\"https:\/\/www.bellitalie.org\/it\/destinazione\/lombardia\/brescia\/\" title=\"Brescia\"><img width=\"150\" height=\"150\" src=\"https:\/\/www.bellitalie.org\/wp-content\/uploads\/2021\/09\/brescia_1556-150x150.jpg\" class=\"lcp_thumbnail wp-post-image\" alt=\"Brescia\" loading=\"lazy\" srcset=\"https:\/\/www.bellitalie.org\/wp-content\/uploads\/2021\/09\/brescia_1556-150x150.jpg 150w, https:\/\/www.bellitalie.org\/wp-content\/uploads\/2021\/09\/brescia_1556-50x50.jpg 50w, https:\/\/www.bellitalie.org\/wp-content\/uploads\/2021\/09\/brescia_1556-80x80.jpg 80w, https:\/\/www.bellitalie.org\/wp-content\/uploads\/2021\/09\/brescia_1556-75x75.jpg 75w\" sizes=\"(max-width: 150px) 100vw, 150px\" \/><\/a><div class=\"lcp_excerpt\">\nBrescia, la seconda citt\u00e0 pi\u00f9 grande della Lombardia, non gode della fama che meriterebbe. \u00c8 ...<\/div><\/li><li><a href=\"https:\/\/www.bellitalie.org\/it\/destinazione\/lombardia\/mantova\/\">Mantova<\/a><a href=\"https:\/\/www.bellitalie.org\/it\/destinazione\/lombardia\/mantova\/\" title=\"Mantova\"><img width=\"150\" height=\"150\" src=\"https:\/\/www.bellitalie.org\/wp-content\/uploads\/2021\/09\/laghi-mincio-mantova_0704-150x150.jpg\" class=\"lcp_thumbnail wp-post-image\" alt=\"Mantova\" loading=\"lazy\" srcset=\"https:\/\/www.bellitalie.org\/wp-content\/uploads\/2021\/09\/laghi-mincio-mantova_0704-150x150.jpg 150w, https:\/\/www.bellitalie.org\/wp-content\/uploads\/2021\/09\/laghi-mincio-mantova_0704-50x50.jpg 50w, https:\/\/www.bellitalie.org\/wp-content\/uploads\/2021\/09\/laghi-mincio-mantova_0704-80x80.jpg 80w, https:\/\/www.bellitalie.org\/wp-content\/uploads\/2021\/09\/laghi-mincio-mantova_0704-75x75.jpg 75w\" sizes=\"(max-width: 150px) 100vw, 150px\" \/><\/a><div class=\"lcp_excerpt\">\nMantova \u00e8 una meravigliosa citt\u00e0 della pianura padana, iscritta dall&#8217;Unesco al Patrimonio dell&#8217;Umanit\u00e0 nel 2008. ...<\/div><\/li><li><a href=\"https:\/\/www.bellitalie.org\/it\/destinazione\/lombardia\/cremona\/\">Cremona<\/a><a href=\"https:\/\/www.bellitalie.org\/it\/destinazione\/lombardia\/cremona\/\" title=\"Cremona\"><img width=\"150\" height=\"150\" src=\"https:\/\/www.bellitalie.org\/wp-content\/uploads\/2021\/09\/cremone_7949-150x150.jpg\" class=\"lcp_thumbnail wp-post-image\" alt=\"Cremona\" loading=\"lazy\" srcset=\"https:\/\/www.bellitalie.org\/wp-content\/uploads\/2021\/09\/cremone_7949-150x150.jpg 150w, https:\/\/www.bellitalie.org\/wp-content\/uploads\/2021\/09\/cremone_7949-50x50.jpg 50w, https:\/\/www.bellitalie.org\/wp-content\/uploads\/2021\/09\/cremone_7949-80x80.jpg 80w, https:\/\/www.bellitalie.org\/wp-content\/uploads\/2021\/09\/cremone_7949-75x75.jpg 75w\" sizes=\"(max-width: 150px) 100vw, 150px\" \/><\/a><div class=\"lcp_excerpt\">\nCremona \u00e8 una citt\u00e0 lombarda di circa 71.000 abitanti (nel 2021), situata nella pianura padana, ...<\/div><\/li><li><a href=\"https:\/\/www.bellitalie.org\/it\/destinazione\/lombardia\/como\/\">Como<\/a><a href=\"https:\/\/www.bellitalie.org\/it\/destinazione\/lombardia\/como\/\" title=\"Como\"><img width=\"150\" height=\"150\" src=\"https:\/\/www.bellitalie.org\/wp-content\/uploads\/2021\/09\/come_1469-1-150x150.jpg\" class=\"lcp_thumbnail wp-post-image\" alt=\"Como\" loading=\"lazy\" srcset=\"https:\/\/www.bellitalie.org\/wp-content\/uploads\/2021\/09\/come_1469-1-150x150.jpg 150w, https:\/\/www.bellitalie.org\/wp-content\/uploads\/2021\/09\/come_1469-1-50x50.jpg 50w, https:\/\/www.bellitalie.org\/wp-content\/uploads\/2021\/09\/come_1469-1-80x80.jpg 80w, https:\/\/www.bellitalie.org\/wp-content\/uploads\/2021\/09\/come_1469-1-75x75.jpg 75w\" sizes=\"(max-width: 150px) 100vw, 150px\" \/><\/a><div class=\"lcp_excerpt\">\nComo \u00e8 con Lecco la citt\u00e0 pi\u00f9 grande del Lago di Como, con circa 84.000 ...<\/div><\/li><li><a href=\"https:\/\/www.bellitalie.org\/it\/destinazione\/lombardia\/pavia\/\">Pavia<\/a><a href=\"https:\/\/www.bellitalie.org\/it\/destinazione\/lombardia\/pavia\/\" title=\"Pavia\"><img width=\"150\" height=\"150\" src=\"https:\/\/www.bellitalie.org\/wp-content\/uploads\/2021\/09\/pavie_7921-150x150.jpg\" class=\"lcp_thumbnail wp-post-image\" alt=\"Pavia\" loading=\"lazy\" srcset=\"https:\/\/www.bellitalie.org\/wp-content\/uploads\/2021\/09\/pavie_7921-150x150.jpg 150w, https:\/\/www.bellitalie.org\/wp-content\/uploads\/2021\/09\/pavie_7921-50x50.jpg 50w, https:\/\/www.bellitalie.org\/wp-content\/uploads\/2021\/09\/pavie_7921-80x80.jpg 80w, https:\/\/www.bellitalie.org\/wp-content\/uploads\/2021\/09\/pavie_7921-75x75.jpg 75w\" sizes=\"(max-width: 150px) 100vw, 150px\" \/><\/a><div class=\"lcp_excerpt\">\nPavia \u00e8 una graziosa citt\u00e0 sulle sponde del Ticino a 40 km a sud di ...<\/div><\/li><li><a href=\"https:\/\/www.bellitalie.org\/it\/destinazione\/lombardia\/sirmione\/\">Sirmione<\/a><a href=\"https:\/\/www.bellitalie.org\/it\/destinazione\/lombardia\/sirmione\/\" title=\"Sirmione\"><img width=\"150\" height=\"150\" src=\"https:\/\/www.bellitalie.org\/wp-content\/uploads\/2021\/09\/sirmione_1567-150x150.jpg\" class=\"lcp_thumbnail wp-post-image\" alt=\"Sirmione\" loading=\"lazy\" srcset=\"https:\/\/www.bellitalie.org\/wp-content\/uploads\/2021\/09\/sirmione_1567-150x150.jpg 150w, https:\/\/www.bellitalie.org\/wp-content\/uploads\/2021\/09\/sirmione_1567-50x50.jpg 50w, https:\/\/www.bellitalie.org\/wp-content\/uploads\/2021\/09\/sirmione_1567-80x80.jpg 80w, https:\/\/www.bellitalie.org\/wp-content\/uploads\/2021\/09\/sirmione_1567-75x75.jpg 75w\" sizes=\"(max-width: 150px) 100vw, 150px\" \/><\/a><div class=\"lcp_excerpt\">\nSirmione \u00e8 la citt\u00e0 emblematica del Lago di Garda, una delle destinazioni pi\u00f9 affascinanti della ...<\/div><\/li><li><a href=\"https:\/\/www.bellitalie.org\/it\/destinazione\/lombardia\/vigevano\/\">Vigevano<\/a><a href=\"https:\/\/www.bellitalie.org\/it\/destinazione\/lombardia\/vigevano\/\" title=\"Vigevano\"><img width=\"150\" height=\"150\" src=\"https:\/\/www.bellitalie.org\/wp-content\/uploads\/2021\/09\/piazza-ducale-vigevano_6578-150x150.jpg\" class=\"lcp_thumbnail wp-post-image\" alt=\"Vigevano\" loading=\"lazy\" srcset=\"https:\/\/www.bellitalie.org\/wp-content\/uploads\/2021\/09\/piazza-ducale-vigevano_6578-150x150.jpg 150w, https:\/\/www.bellitalie.org\/wp-content\/uploads\/2021\/09\/piazza-ducale-vigevano_6578-50x50.jpg 50w, https:\/\/www.bellitalie.org\/wp-content\/uploads\/2021\/09\/piazza-ducale-vigevano_6578-80x80.jpg 80w, https:\/\/www.bellitalie.org\/wp-content\/uploads\/2021\/09\/piazza-ducale-vigevano_6578-75x75.jpg 75w\" sizes=\"(max-width: 150px) 100vw, 150px\" \/><\/a><div class=\"lcp_excerpt\">\nVigevano \u00e8 una bellissima citt\u00e0 d&#8217;arte, eppure poco conosciuta, tra Milano, Pavia e Novara, a ...<\/div><\/li><li><a href=\"https:\/\/www.bellitalie.org\/it\/destinazione\/lombardia\/bellagio\/\">Bellagio<\/a><a href=\"https:\/\/www.bellitalie.org\/it\/destinazione\/lombardia\/bellagio\/\" title=\"Bellagio\"><img width=\"150\" height=\"150\" src=\"https:\/\/www.bellitalie.org\/wp-content\/uploads\/2021\/09\/bellagio_1529-150x150.jpg\" class=\"lcp_thumbnail wp-post-image\" alt=\"Bellagio\" loading=\"lazy\" srcset=\"https:\/\/www.bellitalie.org\/wp-content\/uploads\/2021\/09\/bellagio_1529-150x150.jpg 150w, https:\/\/www.bellitalie.org\/wp-content\/uploads\/2021\/09\/bellagio_1529-50x50.jpg 50w, https:\/\/www.bellitalie.org\/wp-content\/uploads\/2021\/09\/bellagio_1529-80x80.jpg 80w, https:\/\/www.bellitalie.org\/wp-content\/uploads\/2021\/09\/bellagio_1529-75x75.jpg 75w\" sizes=\"(max-width: 150px) 100vw, 150px\" \/><\/a><div class=\"lcp_excerpt\">\nAll&#8217;incrocio dei due bracci meridionali del Lago di Como, Bellagio \u00e8 un grazioso borgo designato ...<\/div><\/li><li><a href=\"https:\/\/www.bellitalie.org\/it\/destinazione\/lombardia\/lago-d-iseo\/\">Lago d&#8217;Iseo<\/a><a href=\"https:\/\/www.bellitalie.org\/it\/destinazione\/lombardia\/lago-d-iseo\/\" title=\"Lago d&#039;Iseo\"><img width=\"150\" height=\"150\" src=\"https:\/\/www.bellitalie.org\/wp-content\/uploads\/2021\/09\/lac-d-iseo_7534-150x150.jpg\" class=\"lcp_thumbnail wp-post-image\" alt=\"Lago d&#039;Iseo\" loading=\"lazy\" srcset=\"https:\/\/www.bellitalie.org\/wp-content\/uploads\/2021\/09\/lac-d-iseo_7534-150x150.jpg 150w, https:\/\/www.bellitalie.org\/wp-content\/uploads\/2021\/09\/lac-d-iseo_7534-50x50.jpg 50w, https:\/\/www.bellitalie.org\/wp-content\/uploads\/2021\/09\/lac-d-iseo_7534-80x80.jpg 80w, https:\/\/www.bellitalie.org\/wp-content\/uploads\/2021\/09\/lac-d-iseo_7534-75x75.jpg 75w\" sizes=\"(max-width: 150px) 100vw, 150px\" \/><\/a><div class=\"lcp_excerpt\">\nSituato tra Bergamo e Brescia, il piccolo Lago d&#8217;Iseo \u00e8 un sito di carattere in ...<\/div><\/li><li><a href=\"https:\/\/www.bellitalie.org\/it\/destinazione\/lombardia\/lago-d-idro-e-valle-sabbia\/\">Lago d&#8217;Idro e Valle Sabbia<\/a><a href=\"https:\/\/www.bellitalie.org\/it\/destinazione\/lombardia\/lago-d-idro-e-valle-sabbia\/\" title=\"Lago d&#039;Idro e Valle Sabbia\"><img width=\"150\" height=\"150\" src=\"https:\/\/www.bellitalie.org\/wp-content\/uploads\/2021\/09\/lac-d-idro_7540-150x150.jpg\" class=\"lcp_thumbnail wp-post-image\" alt=\"Lago d&#039;Idro e Valle Sabbia\" loading=\"lazy\" srcset=\"https:\/\/www.bellitalie.org\/wp-content\/uploads\/2021\/09\/lac-d-idro_7540-150x150.jpg 150w, https:\/\/www.bellitalie.org\/wp-content\/uploads\/2021\/09\/lac-d-idro_7540-50x50.jpg 50w, https:\/\/www.bellitalie.org\/wp-content\/uploads\/2021\/09\/lac-d-idro_7540-80x80.jpg 80w, https:\/\/www.bellitalie.org\/wp-content\/uploads\/2021\/09\/lac-d-idro_7540-75x75.jpg 75w\" sizes=\"(max-width: 150px) 100vw, 150px\" \/><\/a><div class=\"lcp_excerpt\">\nSeparato dal Lago di Garda da una montagna, il bellissimo piccolo Lago d&#8217;Idro arroccato a ...<\/div><\/li><li><a href=\"https:\/\/www.bellitalie.org\/it\/destinazione\/lombardia\/varese\/\">Varese<\/a><a href=\"https:\/\/www.bellitalie.org\/it\/destinazione\/lombardia\/varese\/\" title=\"Varese\"><img width=\"150\" height=\"150\" src=\"https:\/\/www.bellitalie.org\/wp-content\/uploads\/2023\/09\/palazzo-estense-varese_7161-150x150.jpg\" class=\"lcp_thumbnail wp-post-image\" alt=\"Varese\" loading=\"lazy\" srcset=\"https:\/\/www.bellitalie.org\/wp-content\/uploads\/2023\/09\/palazzo-estense-varese_7161-150x150.jpg 150w, https:\/\/www.bellitalie.org\/wp-content\/uploads\/2023\/09\/palazzo-estense-varese_7161-50x50.jpg 50w, https:\/\/www.bellitalie.org\/wp-content\/uploads\/2023\/09\/palazzo-estense-varese_7161-80x80.jpg 80w, https:\/\/www.bellitalie.org\/wp-content\/uploads\/2023\/09\/palazzo-estense-varese_7161-75x75.jpg 75w\" sizes=\"(max-width: 150px) 100vw, 150px\" \/><\/a><div class=\"lcp_excerpt\">\nVicino a Como e Milano, tra laghi e montagne, Varese \u00e8 una citt\u00e0 piuttosto ignorata ...<\/div><\/li><li><a href=\"https:\/\/www.bellitalie.org\/it\/destinazione\/lombardia\/val-camonica\/\">Val Camonica<\/a><a href=\"https:\/\/www.bellitalie.org\/it\/destinazione\/lombardia\/val-camonica\/\" title=\"Val Camonica\"><img width=\"150\" height=\"150\" src=\"https:\/\/www.bellitalie.org\/wp-content\/uploads\/2021\/09\/foppe-di-nadro-parc-gravures-rupestres-de-ceto-cimbergo-paspardo_8516-150x150.jpg\" class=\"lcp_thumbnail wp-post-image\" alt=\"Val Camonica\" loading=\"lazy\" srcset=\"https:\/\/www.bellitalie.org\/wp-content\/uploads\/2021\/09\/foppe-di-nadro-parc-gravures-rupestres-de-ceto-cimbergo-paspardo_8516-150x150.jpg 150w, https:\/\/www.bellitalie.org\/wp-content\/uploads\/2021\/09\/foppe-di-nadro-parc-gravures-rupestres-de-ceto-cimbergo-paspardo_8516-50x50.jpg 50w, https:\/\/www.bellitalie.org\/wp-content\/uploads\/2021\/09\/foppe-di-nadro-parc-gravures-rupestres-de-ceto-cimbergo-paspardo_8516-80x80.jpg 80w, https:\/\/www.bellitalie.org\/wp-content\/uploads\/2021\/09\/foppe-di-nadro-parc-gravures-rupestres-de-ceto-cimbergo-paspardo_8516-75x75.jpg 75w\" sizes=\"(max-width: 150px) 100vw, 150px\" \/><\/a><div class=\"lcp_excerpt\">\nIl fiume Oglio discende la Val Camonica per circa 80 km, dal Passo del Tonale ...<\/div><\/li><li><a href=\"https:\/\/www.bellitalie.org\/it\/destinazione\/lombardia\/monza-e-la-brianza\/\">Monza e la Brianza<\/a><a href=\"https:\/\/www.bellitalie.org\/it\/destinazione\/lombardia\/monza-e-la-brianza\/\" title=\"Monza e la Brianza\"><img width=\"150\" height=\"150\" src=\"https:\/\/www.bellitalie.org\/wp-content\/uploads\/2021\/09\/basilique-duomo-di-monza_8024-150x150.jpg\" class=\"lcp_thumbnail wp-post-image\" alt=\"Monza e la Brianza\" loading=\"lazy\" srcset=\"https:\/\/www.bellitalie.org\/wp-content\/uploads\/2021\/09\/basilique-duomo-di-monza_8024-150x150.jpg 150w, https:\/\/www.bellitalie.org\/wp-content\/uploads\/2021\/09\/basilique-duomo-di-monza_8024-50x50.jpg 50w, https:\/\/www.bellitalie.org\/wp-content\/uploads\/2021\/09\/basilique-duomo-di-monza_8024-80x80.jpg 80w, https:\/\/www.bellitalie.org\/wp-content\/uploads\/2021\/09\/basilique-duomo-di-monza_8024-75x75.jpg 75w\" sizes=\"(max-width: 150px) 100vw, 150px\" \/><\/a><div class=\"lcp_excerpt\">\nMonza\nSituata nel cuore della Brianza, vicino a Milano sulle rive del Lambro, Monza \u00e8 la ...<\/div><\/li><\/ul>\n<\/div>\n<\/div>\n","protected":false},"excerpt":{"rendered":"<p>Chiamata anche Piazza delle Due Cattedrali, la Piazza Paolo VI \u00e8 l&#8217;altra bella piazza di Brescia con la Piazza della Loggia, di forma allungata e rettangolare. Ci sorgono importanti edifici della citt\u00e0, sia civili che religiosi, con soprattutto il Palazzo del Broletto, la sua Torre del Pegol dei XII-XIII secoli, e le due cattedrali: il [&hellip;]<\/p>\n","protected":false},"author":1,"featured_media":20374,"parent":26091,"menu_order":0,"comment_status":"open","ping_status":"closed","template":"","format":"standard","meta":{"_links_to":"","_links_to_target":""},"tags":[],"categorie_page":[97],"region_italie":[],"acf":[],"yoast_head":"<!-- This site is optimized with the Yoast SEO plugin v17.5 - https:\/\/yoast.com\/wordpress\/plugins\/seo\/ -->\n<title>Piazza Paolo VI o Piazza Duomo - Bellitalie<\/title>\n<meta name=\"description\" content=\"Tour della Piazza Paolo VI di Brescia, con le due cattedrali tra cui la Rotonda, il medievale Palazzo del Broletto con la Torre, e le fontane\" \/>\n<meta name=\"robots\" content=\"index, follow, max-snippet:-1, max-image-preview:large, max-video-preview:-1\" \/>\n<link rel=\"canonical\" href=\"https:\/\/www.bellitalie.org\/it\/destinazione\/lombardia\/brescia\/foto-della-piazza-paolo-vi-o-piazza-duomo\/\" \/>\n<meta property=\"og:locale\" content=\"it_IT\" \/>\n<meta property=\"og:type\" content=\"article\" \/>\n<meta property=\"og:title\" content=\"Piazza Paolo VI o Piazza Duomo - Bellitalie\" \/>\n<meta property=\"og:description\" content=\"Tour della Piazza Paolo VI di Brescia, con le due cattedrali tra cui la Rotonda, il medievale Palazzo del Broletto con la Torre, e le fontane\" \/>\n<meta property=\"og:url\" content=\"https:\/\/www.bellitalie.org\/it\/destinazione\/lombardia\/brescia\/foto-della-piazza-paolo-vi-o-piazza-duomo\/\" \/>\n<meta property=\"og:site_name\" content=\"Bellitalie\" \/>\n<meta property=\"article:modified_time\" content=\"2023-10-19T09:54:40+00:00\" \/>\n<meta property=\"og:image\" content=\"https:\/\/www.bellitalie.org\/wp-content\/uploads\/2023\/08\/piazza-paolo-vi-brescia_9004.jpg\" \/>\n\t<meta property=\"og:image:width\" content=\"800\" \/>\n\t<meta property=\"og:image:height\" content=\"1200\" \/>\n<meta name=\"twitter:card\" content=\"summary_large_image\" \/>\n<meta name=\"twitter:label1\" content=\"Tempo di lettura stimato\" \/>\n\t<meta name=\"twitter:data1\" content=\"5 minuti\" \/>\n<script type=\"application\/ld+json\" class=\"yoast-schema-graph\">{\"@context\":\"https:\/\/schema.org\",\"@graph\":[{\"@type\":\"WebSite\",\"@id\":\"https:\/\/www.bellitalie.org\/#website\",\"url\":\"https:\/\/www.bellitalie.org\/\",\"name\":\"Bellitalie\",\"description\":\"Regioni, citt\\u00e0 e patrimonio dell'Italia da nord a sud\",\"potentialAction\":[{\"@type\":\"SearchAction\",\"target\":{\"@type\":\"EntryPoint\",\"urlTemplate\":\"https:\/\/www.bellitalie.org\/?s={search_term_string}\"},\"query-input\":\"required name=search_term_string\"}],\"inLanguage\":\"it-IT\"},{\"@type\":\"ImageObject\",\"@id\":\"https:\/\/www.bellitalie.org\/it\/destinazione\/lombardia\/brescia\/foto-della-piazza-paolo-vi-o-piazza-duomo\/#primaryimage\",\"inLanguage\":\"it-IT\",\"url\":\"https:\/\/www.bellitalie.org\/wp-content\/uploads\/2023\/08\/piazza-paolo-vi-brescia_9004.jpg\",\"contentUrl\":\"https:\/\/www.bellitalie.org\/wp-content\/uploads\/2023\/08\/piazza-paolo-vi-brescia_9004.jpg\",\"width\":800,\"height\":1200,\"caption\":\"Piazza Paolo VI\"},{\"@type\":\"WebPage\",\"@id\":\"https:\/\/www.bellitalie.org\/it\/destinazione\/lombardia\/brescia\/foto-della-piazza-paolo-vi-o-piazza-duomo\/#webpage\",\"url\":\"https:\/\/www.bellitalie.org\/it\/destinazione\/lombardia\/brescia\/foto-della-piazza-paolo-vi-o-piazza-duomo\/\",\"name\":\"Piazza Paolo VI o Piazza Duomo - Bellitalie\",\"isPartOf\":{\"@id\":\"https:\/\/www.bellitalie.org\/#website\"},\"primaryImageOfPage\":{\"@id\":\"https:\/\/www.bellitalie.org\/it\/destinazione\/lombardia\/brescia\/foto-della-piazza-paolo-vi-o-piazza-duomo\/#primaryimage\"},\"datePublished\":\"2021-09-09T10:36:00+00:00\",\"dateModified\":\"2023-10-19T09:54:40+00:00\",\"description\":\"Tour della Piazza Paolo VI di Brescia, con le due cattedrali tra cui la Rotonda, il medievale Palazzo del Broletto con la Torre, e le fontane\",\"breadcrumb\":{\"@id\":\"https:\/\/www.bellitalie.org\/it\/destinazione\/lombardia\/brescia\/foto-della-piazza-paolo-vi-o-piazza-duomo\/#breadcrumb\"},\"inLanguage\":\"it-IT\",\"potentialAction\":[{\"@type\":\"ReadAction\",\"target\":[\"https:\/\/www.bellitalie.org\/it\/destinazione\/lombardia\/brescia\/foto-della-piazza-paolo-vi-o-piazza-duomo\/\"]}]},{\"@type\":\"BreadcrumbList\",\"@id\":\"https:\/\/www.bellitalie.org\/it\/destinazione\/lombardia\/brescia\/foto-della-piazza-paolo-vi-o-piazza-duomo\/#breadcrumb\",\"itemListElement\":[{\"@type\":\"ListItem\",\"position\":1,\"name\":\"Accueil\",\"item\":\"https:\/\/www.bellitalie.org\/it\/\"},{\"@type\":\"ListItem\",\"position\":2,\"name\":\"Lombardia\",\"item\":\"https:\/\/www.bellitalie.org\/it\/regione_italia\/lombardia\/\"},{\"@type\":\"ListItem\",\"position\":3,\"name\":\"Brescia\",\"item\":\"https:\/\/www.bellitalie.org\/it\/destinazione\/lombardia\/brescia\/\"},{\"@type\":\"ListItem\",\"position\":4,\"name\":\"Piazza Paolo VI o Piazza Duomo\"}]},{\"@type\":\"Person\",\"@id\":\"https:\/\/www.bellitalie.org\/#\/schema\/person\/6f25c64f0b5df6df0b93a2be44045da5\",\"name\":\"Bellitalie\",\"image\":{\"@type\":\"ImageObject\",\"@id\":\"https:\/\/www.bellitalie.org\/#personlogo\",\"inLanguage\":\"it-IT\",\"url\":\"https:\/\/secure.gravatar.com\/avatar\/ad516503a11cd5ca435acc9bb6523536?s=96\",\"contentUrl\":\"https:\/\/secure.gravatar.com\/avatar\/ad516503a11cd5ca435acc9bb6523536?s=96\",\"caption\":\"Bellitalie\"},\"sameAs\":[\"https:\/\/www.bellitalie.org\"]}]}<\/script>\n<!-- \/ Yoast SEO plugin. -->","yoast_head_json":{"title":"Piazza Paolo VI o Piazza Duomo - Bellitalie","description":"Tour della Piazza Paolo VI di Brescia, con le due cattedrali tra cui la Rotonda, il medievale Palazzo del Broletto con la Torre, e le fontane","robots":{"index":"index","follow":"follow","max-snippet":"max-snippet:-1","max-image-preview":"max-image-preview:large","max-video-preview":"max-video-preview:-1"},"canonical":"https:\/\/www.bellitalie.org\/it\/destinazione\/lombardia\/brescia\/foto-della-piazza-paolo-vi-o-piazza-duomo\/","og_locale":"it_IT","og_type":"article","og_title":"Piazza Paolo VI o Piazza Duomo - Bellitalie","og_description":"Tour della Piazza Paolo VI di Brescia, con le due cattedrali tra cui la Rotonda, il medievale Palazzo del Broletto con la Torre, e le fontane","og_url":"https:\/\/www.bellitalie.org\/it\/destinazione\/lombardia\/brescia\/foto-della-piazza-paolo-vi-o-piazza-duomo\/","og_site_name":"Bellitalie","article_modified_time":"2023-10-19T09:54:40+00:00","og_image":[{"width":800,"height":1200,"url":"https:\/\/www.bellitalie.org\/wp-content\/uploads\/2023\/08\/piazza-paolo-vi-brescia_9004.jpg","type":"image\/jpeg"}],"twitter_card":"summary_large_image","twitter_misc":{"Tempo di lettura stimato":"5 minuti"},"schema":{"@context":"https:\/\/schema.org","@graph":[{"@type":"WebSite","@id":"https:\/\/www.bellitalie.org\/#website","url":"https:\/\/www.bellitalie.org\/","name":"Bellitalie","description":"Regioni, citt\u00e0 e patrimonio dell'Italia da nord a sud","potentialAction":[{"@type":"SearchAction","target":{"@type":"EntryPoint","urlTemplate":"https:\/\/www.bellitalie.org\/?s={search_term_string}"},"query-input":"required name=search_term_string"}],"inLanguage":"it-IT"},{"@type":"ImageObject","@id":"https:\/\/www.bellitalie.org\/it\/destinazione\/lombardia\/brescia\/foto-della-piazza-paolo-vi-o-piazza-duomo\/#primaryimage","inLanguage":"it-IT","url":"https:\/\/www.bellitalie.org\/wp-content\/uploads\/2023\/08\/piazza-paolo-vi-brescia_9004.jpg","contentUrl":"https:\/\/www.bellitalie.org\/wp-content\/uploads\/2023\/08\/piazza-paolo-vi-brescia_9004.jpg","width":800,"height":1200,"caption":"Piazza Paolo VI"},{"@type":"WebPage","@id":"https:\/\/www.bellitalie.org\/it\/destinazione\/lombardia\/brescia\/foto-della-piazza-paolo-vi-o-piazza-duomo\/#webpage","url":"https:\/\/www.bellitalie.org\/it\/destinazione\/lombardia\/brescia\/foto-della-piazza-paolo-vi-o-piazza-duomo\/","name":"Piazza Paolo VI o Piazza Duomo - Bellitalie","isPartOf":{"@id":"https:\/\/www.bellitalie.org\/#website"},"primaryImageOfPage":{"@id":"https:\/\/www.bellitalie.org\/it\/destinazione\/lombardia\/brescia\/foto-della-piazza-paolo-vi-o-piazza-duomo\/#primaryimage"},"datePublished":"2021-09-09T10:36:00+00:00","dateModified":"2023-10-19T09:54:40+00:00","description":"Tour della Piazza Paolo VI di Brescia, con le due cattedrali tra cui la Rotonda, il medievale Palazzo del Broletto con la Torre, e le fontane","breadcrumb":{"@id":"https:\/\/www.bellitalie.org\/it\/destinazione\/lombardia\/brescia\/foto-della-piazza-paolo-vi-o-piazza-duomo\/#breadcrumb"},"inLanguage":"it-IT","potentialAction":[{"@type":"ReadAction","target":["https:\/\/www.bellitalie.org\/it\/destinazione\/lombardia\/brescia\/foto-della-piazza-paolo-vi-o-piazza-duomo\/"]}]},{"@type":"BreadcrumbList","@id":"https:\/\/www.bellitalie.org\/it\/destinazione\/lombardia\/brescia\/foto-della-piazza-paolo-vi-o-piazza-duomo\/#breadcrumb","itemListElement":[{"@type":"ListItem","position":1,"name":"Accueil","item":"https:\/\/www.bellitalie.org\/it\/"},{"@type":"ListItem","position":2,"name":"Lombardia","item":"https:\/\/www.bellitalie.org\/it\/regione_italia\/lombardia\/"},{"@type":"ListItem","position":3,"name":"Brescia","item":"https:\/\/www.bellitalie.org\/it\/destinazione\/lombardia\/brescia\/"},{"@type":"ListItem","position":4,"name":"Piazza Paolo VI o Piazza Duomo"}]},{"@type":"Person","@id":"https:\/\/www.bellitalie.org\/#\/schema\/person\/6f25c64f0b5df6df0b93a2be44045da5","name":"Bellitalie","image":{"@type":"ImageObject","@id":"https:\/\/www.bellitalie.org\/#personlogo","inLanguage":"it-IT","url":"https:\/\/secure.gravatar.com\/avatar\/ad516503a11cd5ca435acc9bb6523536?s=96","contentUrl":"https:\/\/secure.gravatar.com\/avatar\/ad516503a11cd5ca435acc9bb6523536?s=96","caption":"Bellitalie"},"sameAs":["https:\/\/www.bellitalie.org"]}]}},"_links":{"self":[{"href":"https:\/\/www.bellitalie.org\/it\/wp-json\/wp\/v2\/destination\/26158"}],"collection":[{"href":"https:\/\/www.bellitalie.org\/it\/wp-json\/wp\/v2\/destination"}],"about":[{"href":"https:\/\/www.bellitalie.org\/it\/wp-json\/wp\/v2\/types\/destination"}],"author":[{"embeddable":true,"href":"https:\/\/www.bellitalie.org\/it\/wp-json\/wp\/v2\/users\/1"}],"replies":[{"embeddable":true,"href":"https:\/\/www.bellitalie.org\/it\/wp-json\/wp\/v2\/comments?post=26158"}],"version-history":[{"count":2,"href":"https:\/\/www.bellitalie.org\/it\/wp-json\/wp\/v2\/destination\/26158\/revisions"}],"predecessor-version":[{"id":26162,"href":"https:\/\/www.bellitalie.org\/it\/wp-json\/wp\/v2\/destination\/26158\/revisions\/26162"}],"up":[{"embeddable":true,"href":"https:\/\/www.bellitalie.org\/it\/wp-json\/wp\/v2\/destination\/26091"}],"wp:featuredmedia":[{"embeddable":true,"href":"https:\/\/www.bellitalie.org\/it\/wp-json\/wp\/v2\/media\/20374"}],"wp:attachment":[{"href":"https:\/\/www.bellitalie.org\/it\/wp-json\/wp\/v2\/media?parent=26158"}],"wp:term":[{"taxonomy":"post_tag","embeddable":true,"href":"https:\/\/www.bellitalie.org\/it\/wp-json\/wp\/v2\/tags?post=26158"},{"taxonomy":"categorie_page","embeddable":true,"href":"https:\/\/www.bellitalie.org\/it\/wp-json\/wp\/v2\/categorie_page?post=26158"},{"taxonomy":"region_italie","embeddable":true,"href":"https:\/\/www.bellitalie.org\/it\/wp-json\/wp\/v2\/region_italie?post=26158"}],"curies":[{"name":"wp","href":"https:\/\/api.w.org\/{rel}","templated":true}]}}