{"id":26174,"date":"2021-09-06T15:12:00","date_gmt":"2021-09-06T13:12:00","guid":{"rendered":"https:\/\/www.bellitalie.org\/destination\/lombardia\/brescia\/eglise-saint-francois-de-brescia\/"},"modified":"2023-10-19T12:58:32","modified_gmt":"2023-10-19T10:58:32","slug":"chiesa-di-san-francesco-di-brescia","status":"publish","type":"destination","link":"https:\/\/www.bellitalie.org\/it\/destinazione\/lombardia\/brescia\/chiesa-di-san-francesco-di-brescia\/","title":{"rendered":"Chiesa di San Francesco di Brescia"},"content":{"rendered":"\n<p>La <strong>Chiesa di San Francesco d&#8217;Assisi<\/strong> di Brescia fu costruita nel XIII secolo con uno stile in transizione tra il romanico e il gotico. Di epoca romanica, ha il campanile e la bella facciata con il portale in marmo e un grande rosone.<\/p>\n<h2>Descrizione e architettura<\/h2>\n<p>L&#8217;interno \u00e8 sobrio con la sua pianta basilicale a tre navate, con un soffitto in legno al<br \/>centro. Il suo ornamento pittorico \u00e8 ricco soprattutto con sulla parete destra porzioni di affreschi dei XIV e XV secoli tra cui una <em>Deposizione<\/em> nello stile di <strong>Giotto<\/strong> e la bella scena con i Fratelli e Secolari. Su questo lato si trovano altari con bellissime pale d&#8217;altare e affreschi, opere di <strong>Moretto<\/strong>, <strong>Filippo di Caravaggio<\/strong> o <strong>Romanino<\/strong>. Si ritrovano diverse opere di quest&#8217;ultimo nel presbiterio e nell&#8217;abside, e un coro in legno intarsiato del XV secolo di <strong>Filipo Morari di Soresina<\/strong>. A sinistra si trova un crocifisso del XIV secolo.<br \/>Il <strong>Chiostro della Madonina<\/strong> risale al XV secolo e nella sagrestia rinascimentale le sedi intarsiate datano del 1511 e si trova una grande croce in argento del 1501.<br \/>Il grande chiostro fu realizzato nel 1394 da <strong>Campione<\/strong> con colonne in marmo rosso di Verona.<br \/>La chiesa \u00e8 nota anche per ospitare un presepe meccanico nel periodo natalizio.<\/p>\n\n\n<figure class=\"wp-container-2 wp-block-gallery-1 wp-block-gallery has-nested-images columns-4 is-cropped\">\n<figure class=\"wp-block-image size-medium\"><a href=\"https:\/\/www.bellitalie.org\/wp-content\/uploads\/2023\/08\/chiesa-di-san-francesco-brescia_9025.jpg\"><img loading=\"lazy\" width=\"300\" height=\"200\" data-id=\"20517\"  src=\"https:\/\/www.bellitalie.org\/wp-content\/uploads\/2023\/08\/chiesa-di-san-francesco-brescia_9025-300x200.jpg\" alt=\"foot della chiesa di san francesco di brescia_9025\" class=\"wp-image-20517\" srcset=\"https:\/\/www.bellitalie.org\/wp-content\/uploads\/2023\/08\/chiesa-di-san-francesco-brescia_9025-300x200.jpg 300w, https:\/\/www.bellitalie.org\/wp-content\/uploads\/2023\/08\/chiesa-di-san-francesco-brescia_9025-1024x683.jpg 1024w, https:\/\/www.bellitalie.org\/wp-content\/uploads\/2023\/08\/chiesa-di-san-francesco-brescia_9025-768x512.jpg 768w, https:\/\/www.bellitalie.org\/wp-content\/uploads\/2023\/08\/chiesa-di-san-francesco-brescia_9025.jpg 1200w\" sizes=\"(max-width: 300px) 100vw, 300px\" \/><\/a><figcaption>Facciata<\/figcaption><\/figure>\n\n\n\n<figure class=\"wp-block-image size-medium\"><a href=\"https:\/\/www.bellitalie.org\/wp-content\/uploads\/2023\/08\/chiesa-di-san-francesco-brescia_9017.jpg\"><img loading=\"lazy\" width=\"200\" height=\"300\" data-id=\"20514\"  src=\"https:\/\/www.bellitalie.org\/wp-content\/uploads\/2023\/08\/chiesa-di-san-francesco-brescia_9017-200x300.jpg\" alt=\"foto della chiesa di san francesco, brescia_9017\" class=\"wp-image-20514\" srcset=\"https:\/\/www.bellitalie.org\/wp-content\/uploads\/2023\/08\/chiesa-di-san-francesco-brescia_9017-200x300.jpg 200w, https:\/\/www.bellitalie.org\/wp-content\/uploads\/2023\/08\/chiesa-di-san-francesco-brescia_9017-683x1024.jpg 683w, https:\/\/www.bellitalie.org\/wp-content\/uploads\/2023\/08\/chiesa-di-san-francesco-brescia_9017-768x1152.jpg 768w, https:\/\/www.bellitalie.org\/wp-content\/uploads\/2023\/08\/chiesa-di-san-francesco-brescia_9017.jpg 800w\" sizes=\"(max-width: 200px) 100vw, 200px\" \/><\/a><figcaption>Campanile<\/figcaption><\/figure>\n\n\n\n<figure class=\"wp-block-image size-medium\"><a href=\"https:\/\/www.bellitalie.org\/wp-content\/uploads\/2023\/08\/interno-chiesa-di-san-francesco-brescia_9023.jpg\"><img loading=\"lazy\" width=\"300\" height=\"200\" data-id=\"20535\"  src=\"https:\/\/www.bellitalie.org\/wp-content\/uploads\/2023\/08\/interno-chiesa-di-san-francesco-brescia_9023-300x200.jpg\" alt=\"interno-chiesa-di-san-francesco-brescia_9023\" class=\"wp-image-20535\" srcset=\"https:\/\/www.bellitalie.org\/wp-content\/uploads\/2023\/08\/interno-chiesa-di-san-francesco-brescia_9023-300x200.jpg 300w, https:\/\/www.bellitalie.org\/wp-content\/uploads\/2023\/08\/interno-chiesa-di-san-francesco-brescia_9023-1024x683.jpg 1024w, https:\/\/www.bellitalie.org\/wp-content\/uploads\/2023\/08\/interno-chiesa-di-san-francesco-brescia_9023-768x512.jpg 768w, https:\/\/www.bellitalie.org\/wp-content\/uploads\/2023\/08\/interno-chiesa-di-san-francesco-brescia_9023.jpg 1200w\" sizes=\"(max-width: 300px) 100vw, 300px\" \/><\/a><figcaption>Navata centrale<\/figcaption><\/figure>\n\n\n\n<figure class=\"wp-block-image size-medium\"><a href=\"https:\/\/www.bellitalie.org\/wp-content\/uploads\/2023\/08\/affreschi-chiesa-di-san-francesco-brescia_9022.jpg\"><img loading=\"lazy\" width=\"200\" height=\"300\" data-id=\"20508\"  src=\"https:\/\/www.bellitalie.org\/wp-content\/uploads\/2023\/08\/affreschi-chiesa-di-san-francesco-brescia_9022-200x300.jpg\" alt=\"affreschi-chiesa-di-san-francesco-brescia_9022\" class=\"wp-image-20508\" srcset=\"https:\/\/www.bellitalie.org\/wp-content\/uploads\/2023\/08\/affreschi-chiesa-di-san-francesco-brescia_9022-200x300.jpg 200w, https:\/\/www.bellitalie.org\/wp-content\/uploads\/2023\/08\/affreschi-chiesa-di-san-francesco-brescia_9022-683x1024.jpg 683w, https:\/\/www.bellitalie.org\/wp-content\/uploads\/2023\/08\/affreschi-chiesa-di-san-francesco-brescia_9022-768x1152.jpg 768w, https:\/\/www.bellitalie.org\/wp-content\/uploads\/2023\/08\/affreschi-chiesa-di-san-francesco-brescia_9022.jpg 800w\" sizes=\"(max-width: 200px) 100vw, 200px\" \/><\/a><figcaption>Affresco del XIV secolo<\/figcaption><\/figure>\n\n\n\n<figure class=\"wp-block-image size-medium\"><a href=\"https:\/\/www.bellitalie.org\/wp-content\/uploads\/2023\/08\/affreschi-chiesa-san-francesco-brescia_9033.jpg\"><img loading=\"lazy\" width=\"300\" height=\"200\" data-id=\"20511\"  src=\"https:\/\/www.bellitalie.org\/wp-content\/uploads\/2023\/08\/affreschi-chiesa-san-francesco-brescia_9033-300x200.jpg\" alt=\"affreschi-chiesa-san-francesco-brescia_9033\" class=\"wp-image-20511\" srcset=\"https:\/\/www.bellitalie.org\/wp-content\/uploads\/2023\/08\/affreschi-chiesa-san-francesco-brescia_9033-300x200.jpg 300w, https:\/\/www.bellitalie.org\/wp-content\/uploads\/2023\/08\/affreschi-chiesa-san-francesco-brescia_9033-1024x683.jpg 1024w, https:\/\/www.bellitalie.org\/wp-content\/uploads\/2023\/08\/affreschi-chiesa-san-francesco-brescia_9033-768x512.jpg 768w, https:\/\/www.bellitalie.org\/wp-content\/uploads\/2023\/08\/affreschi-chiesa-san-francesco-brescia_9033.jpg 1200w\" sizes=\"(max-width: 300px) 100vw, 300px\" \/><\/a><\/figure>\n\n\n\n<figure class=\"wp-block-image size-medium\"><a href=\"https:\/\/www.bellitalie.org\/wp-content\/uploads\/2023\/08\/chiostro-minore-madonnina-chiesa-di-san-francesco-brescia_9021.jpg\"><img loading=\"lazy\" width=\"300\" height=\"200\" data-id=\"20526\"  src=\"https:\/\/www.bellitalie.org\/wp-content\/uploads\/2023\/08\/chiostro-minore-madonnina-chiesa-di-san-francesco-brescia_9021-300x200.jpg\" alt=\"chiostro-minore-madonnina-chiesa-di-san-francesco-brescia_9021\" class=\"wp-image-20526\" srcset=\"https:\/\/www.bellitalie.org\/wp-content\/uploads\/2023\/08\/chiostro-minore-madonnina-chiesa-di-san-francesco-brescia_9021-300x200.jpg 300w, https:\/\/www.bellitalie.org\/wp-content\/uploads\/2023\/08\/chiostro-minore-madonnina-chiesa-di-san-francesco-brescia_9021-1024x683.jpg 1024w, https:\/\/www.bellitalie.org\/wp-content\/uploads\/2023\/08\/chiostro-minore-madonnina-chiesa-di-san-francesco-brescia_9021-768x512.jpg 768w, https:\/\/www.bellitalie.org\/wp-content\/uploads\/2023\/08\/chiostro-minore-madonnina-chiesa-di-san-francesco-brescia_9021.jpg 1200w\" sizes=\"(max-width: 300px) 100vw, 300px\" \/><\/a><figcaption>Chiostro della Madonnina<\/figcaption><\/figure>\n\n\n\n<figure class=\"wp-block-image size-medium\"><a href=\"https:\/\/www.bellitalie.org\/wp-content\/uploads\/2023\/08\/chiostro-chiesa-di-san-francesco-brescia_9028.jpg\"><img loading=\"lazy\" width=\"300\" height=\"200\" data-id=\"20520\"  src=\"https:\/\/www.bellitalie.org\/wp-content\/uploads\/2023\/08\/chiostro-chiesa-di-san-francesco-brescia_9028-300x200.jpg\" alt=\"chiostro-chiesa-di-san-francesco-brescia_9028\" class=\"wp-image-20520\" srcset=\"https:\/\/www.bellitalie.org\/wp-content\/uploads\/2023\/08\/chiostro-chiesa-di-san-francesco-brescia_9028-300x200.jpg 300w, https:\/\/www.bellitalie.org\/wp-content\/uploads\/2023\/08\/chiostro-chiesa-di-san-francesco-brescia_9028-1024x683.jpg 1024w, https:\/\/www.bellitalie.org\/wp-content\/uploads\/2023\/08\/chiostro-chiesa-di-san-francesco-brescia_9028-768x512.jpg 768w, https:\/\/www.bellitalie.org\/wp-content\/uploads\/2023\/08\/chiostro-chiesa-di-san-francesco-brescia_9028.jpg 1200w\" sizes=\"(max-width: 300px) 100vw, 300px\" \/><\/a><figcaption>Grande chiostro<\/figcaption><\/figure>\n\n\n\n<figure class=\"wp-block-image size-medium\"><a href=\"https:\/\/www.bellitalie.org\/wp-content\/uploads\/2023\/08\/cloitre-eglise-san-francesco-brescia_9031.jpg\"><img loading=\"lazy\" width=\"200\" height=\"300\" data-id=\"20529\"  src=\"https:\/\/www.bellitalie.org\/wp-content\/uploads\/2023\/08\/cloitre-eglise-san-francesco-brescia_9031-200x300.jpg\" alt=\"cloitre-eglise-san-francesco-brescia_9031\" class=\"wp-image-20529\" srcset=\"https:\/\/www.bellitalie.org\/wp-content\/uploads\/2023\/08\/cloitre-eglise-san-francesco-brescia_9031-200x300.jpg 200w, https:\/\/www.bellitalie.org\/wp-content\/uploads\/2023\/08\/cloitre-eglise-san-francesco-brescia_9031-683x1024.jpg 683w, https:\/\/www.bellitalie.org\/wp-content\/uploads\/2023\/08\/cloitre-eglise-san-francesco-brescia_9031-768x1152.jpg 768w, https:\/\/www.bellitalie.org\/wp-content\/uploads\/2023\/08\/cloitre-eglise-san-francesco-brescia_9031.jpg 800w\" sizes=\"(max-width: 200px) 100vw, 200px\" \/><\/a><\/figure>\n\n\n\n<figure class=\"wp-block-image size-medium\"><a href=\"https:\/\/www.bellitalie.org\/wp-content\/uploads\/2021\/09\/affreschi-chiesa-san-francesco-brescia_90222.jpg\"><img loading=\"lazy\" width=\"645\" height=\"1200\" data-id=\"20541\"  src=\"https:\/\/www.bellitalie.org\/wp-content\/uploads\/2021\/09\/affreschi-chiesa-san-francesco-brescia_90222.jpg\" alt=\"\" class=\"wp-image-20541\" srcset=\"https:\/\/www.bellitalie.org\/wp-content\/uploads\/2021\/09\/affreschi-chiesa-san-francesco-brescia_90222.jpg 645w, https:\/\/www.bellitalie.org\/wp-content\/uploads\/2021\/09\/affreschi-chiesa-san-francesco-brescia_90222-161x300.jpg 161w, https:\/\/www.bellitalie.org\/wp-content\/uploads\/2021\/09\/affreschi-chiesa-san-francesco-brescia_90222-550x1024.jpg 550w\" sizes=\"(max-width: 645px) 100vw, 645px\" \/><\/a><figcaption>Affresco del XIV sec<\/figcaption><\/figure>\n\n\n\n<figure class=\"wp-block-image size-medium\"><a href=\"https:\/\/www.bellitalie.org\/wp-content\/uploads\/2023\/08\/chiostro-chiesa-di-san-francesco-brescia_9029.jpg\"><img loading=\"lazy\" width=\"300\" height=\"200\" data-id=\"20523\"  src=\"https:\/\/www.bellitalie.org\/wp-content\/uploads\/2023\/08\/chiostro-chiesa-di-san-francesco-brescia_9029-300x200.jpg\" alt=\"chiostro-chiesa-di-san-francesco-brescia_9029\" class=\"wp-image-20523\" srcset=\"https:\/\/www.bellitalie.org\/wp-content\/uploads\/2023\/08\/chiostro-chiesa-di-san-francesco-brescia_9029-300x200.jpg 300w, https:\/\/www.bellitalie.org\/wp-content\/uploads\/2023\/08\/chiostro-chiesa-di-san-francesco-brescia_9029-1024x683.jpg 1024w, https:\/\/www.bellitalie.org\/wp-content\/uploads\/2023\/08\/chiostro-chiesa-di-san-francesco-brescia_9029-768x512.jpg 768w, https:\/\/www.bellitalie.org\/wp-content\/uploads\/2023\/08\/chiostro-chiesa-di-san-francesco-brescia_9029.jpg 1200w\" sizes=\"(max-width: 300px) 100vw, 300px\" \/><\/a><\/figure>\n\n\n\n<figure class=\"wp-block-image size-medium\"><a href=\"https:\/\/www.bellitalie.org\/wp-content\/uploads\/2023\/08\/cloitre-eglise-san-francesco-brescia_9032.jpg\"><img loading=\"lazy\" width=\"300\" height=\"200\" data-id=\"20532\"  src=\"https:\/\/www.bellitalie.org\/wp-content\/uploads\/2023\/08\/cloitre-eglise-san-francesco-brescia_9032-300x200.jpg\" alt=\"cloitre-eglise-san-francesco-brescia_9032\" class=\"wp-image-20532\" srcset=\"https:\/\/www.bellitalie.org\/wp-content\/uploads\/2023\/08\/cloitre-eglise-san-francesco-brescia_9032-300x200.jpg 300w, https:\/\/www.bellitalie.org\/wp-content\/uploads\/2023\/08\/cloitre-eglise-san-francesco-brescia_9032-1024x683.jpg 1024w, https:\/\/www.bellitalie.org\/wp-content\/uploads\/2023\/08\/cloitre-eglise-san-francesco-brescia_9032-768x512.jpg 768w, https:\/\/www.bellitalie.org\/wp-content\/uploads\/2023\/08\/cloitre-eglise-san-francesco-brescia_9032.jpg 1200w\" sizes=\"(max-width: 300px) 100vw, 300px\" \/><\/a><\/figure>\n<\/figure>\n\n\n<h2>Informazioni<\/h2>\n<ul>\n<li>Articoli Wikipedia : <a href=\"https:\/\/it.wikipedia.org\/wiki\/Chiesa_di_San_Francesco_d%27Assisi_(Brescia)\" target=\"_blank\" rel=\"noopener\">it.wikipedia.org<\/a><\/li>\n<li>Sito ufficiale : <a href=\"https:\/\/www.sanfrancescobrescia.it\/\" target=\"_blank\" rel=\"noopener\">www.sanfrancescobrescia.it<\/a><\/li>\n<\/ul>\n\n<h2>Cartina<\/h2>\n<div id=\"travelersmap-container-69f2b37203d6d\" class=\"travelersmap-container\" style=\"z-index: 1; min-height: 10px; min-width:10px; height:400px;width:100%; max-width:; max-height:; position:relative;\"><div style=\"position:absolute; z-index:-1;top: 50%;text-align: center;display: block;left: 50%;transform: translate(-50%,-50%);\">Travelers' Map is loading... <br> If you see this after your page is loaded completely, leafletJS files are missing.<\/div><\/div>\n<p>\u00a0<\/p>\n\n\n<div class=\"wp-container-5 wp-block-columns has-background\" style=\"background-color:#dfece5\">\n<div class=\"wp-container-3 wp-block-column\">\n<p><a href=\"https:\/\/www.bellitalie.org\/it\/destinazione\/lombardia\/brescia\/\"><strong>Brescia<\/strong><\/a><\/p>\n<ul class=\"lcp_catlist2\" id=\"lcp_instance_0\"><li><a href=\"https:\/\/www.bellitalie.org\/it\/destinazione\/lombardia\/brescia\/cosa-vedere-a-brescia\/\">Cosa vedere a Brescia<\/a><a href=\"https:\/\/www.bellitalie.org\/it\/destinazione\/lombardia\/brescia\/cosa-vedere-a-brescia\/\" title=\"Cosa vedere a Brescia\"><img width=\"150\" height=\"150\" src=\"https:\/\/www.bellitalie.org\/wp-content\/uploads\/2021\/11\/santa_maria_in_solario_brescia-150x150.jpg\" class=\"lcp_thumbnail wp-post-image\" alt=\"Cosa vedere a Brescia\" loading=\"lazy\" srcset=\"https:\/\/www.bellitalie.org\/wp-content\/uploads\/2021\/11\/santa_maria_in_solario_brescia-150x150.jpg 150w, https:\/\/www.bellitalie.org\/wp-content\/uploads\/2021\/11\/santa_maria_in_solario_brescia-50x50.jpg 50w, https:\/\/www.bellitalie.org\/wp-content\/uploads\/2021\/11\/santa_maria_in_solario_brescia-80x80.jpg 80w, https:\/\/www.bellitalie.org\/wp-content\/uploads\/2021\/11\/santa_maria_in_solario_brescia-75x75.jpg 75w\" sizes=\"(max-width: 150px) 100vw, 150px\" \/><\/a><div class=\"lcp_excerpt\">\nDi seguito la mappa di Brescia con i principali luoghi\n1. Complesso di Santa Giulia\nIl complesso ...<\/div><\/li><li><a href=\"https:\/\/www.bellitalie.org\/it\/destinazione\/lombardia\/brescia\/museo-di-santa-giulia\/\">Museo di Santa Giulia<\/a><a href=\"https:\/\/www.bellitalie.org\/it\/destinazione\/lombardia\/brescia\/museo-di-santa-giulia\/\" title=\"Museo di Santa Giulia\"><img width=\"150\" height=\"150\" src=\"https:\/\/www.bellitalie.org\/wp-content\/uploads\/2021\/09\/chiesa-di-san-salvatore-museo-di-santa-giulia_8922-150x150.jpg\" class=\"lcp_thumbnail wp-post-image\" alt=\"Museo di Santa Giulia\" loading=\"lazy\" srcset=\"https:\/\/www.bellitalie.org\/wp-content\/uploads\/2021\/09\/chiesa-di-san-salvatore-museo-di-santa-giulia_8922-150x150.jpg 150w, https:\/\/www.bellitalie.org\/wp-content\/uploads\/2021\/09\/chiesa-di-san-salvatore-museo-di-santa-giulia_8922-50x50.jpg 50w, https:\/\/www.bellitalie.org\/wp-content\/uploads\/2021\/09\/chiesa-di-san-salvatore-museo-di-santa-giulia_8922-80x80.jpg 80w, https:\/\/www.bellitalie.org\/wp-content\/uploads\/2021\/09\/chiesa-di-san-salvatore-museo-di-santa-giulia_8922-75x75.jpg 75w\" sizes=\"(max-width: 150px) 100vw, 150px\" \/><\/a><div class=\"lcp_excerpt\">\nIl Museo della citt\u00e0 di Brescia si trova nel complesso di Santa Giulia. \u00c8 un ...<\/div><\/li><li><a href=\"https:\/\/www.bellitalie.org\/it\/destinazione\/lombardia\/brescia\/parco-archeologico-di-brescia\/\">Parco Archeologico di Brescia<\/a><a href=\"https:\/\/www.bellitalie.org\/it\/destinazione\/lombardia\/brescia\/parco-archeologico-di-brescia\/\" title=\"Parco Archeologico di Brescia\"><img width=\"150\" height=\"150\" src=\"https:\/\/www.bellitalie.org\/wp-content\/uploads\/2023\/08\/capitolium-romano-brixia-brescia_9249-150x150.jpg\" class=\"lcp_thumbnail wp-post-image\" alt=\"Parco Archeologico di Brescia\" loading=\"lazy\" srcset=\"https:\/\/www.bellitalie.org\/wp-content\/uploads\/2023\/08\/capitolium-romano-brixia-brescia_9249-150x150.jpg 150w, https:\/\/www.bellitalie.org\/wp-content\/uploads\/2023\/08\/capitolium-romano-brixia-brescia_9249-50x50.jpg 50w, https:\/\/www.bellitalie.org\/wp-content\/uploads\/2023\/08\/capitolium-romano-brixia-brescia_9249-80x80.jpg 80w, https:\/\/www.bellitalie.org\/wp-content\/uploads\/2023\/08\/capitolium-romano-brixia-brescia_9249-75x75.jpg 75w\" sizes=\"(max-width: 150px) 100vw, 150px\" \/><\/a><div class=\"lcp_excerpt\">\nNel pieno centro di Brescia, l&#8217;area archeologica \u00e8 stata iscritta al Patrimonio dell&#8217;Umanit\u00e0 dall&#8217;Unesco, con ...<\/div><\/li><li><a href=\"https:\/\/www.bellitalie.org\/it\/destinazione\/lombardia\/brescia\/castello-di-brescia\/\">Castello di Brescia<\/a><a href=\"https:\/\/www.bellitalie.org\/it\/destinazione\/lombardia\/brescia\/castello-di-brescia\/\" title=\"Castello di Brescia\"><img width=\"150\" height=\"150\" src=\"https:\/\/www.bellitalie.org\/wp-content\/uploads\/2021\/09\/torre-dei-prigionieri-castello-di-brescia_8834-150x150.jpg\" class=\"lcp_thumbnail wp-post-image\" alt=\"Castello di Brescia\" loading=\"lazy\" srcset=\"https:\/\/www.bellitalie.org\/wp-content\/uploads\/2021\/09\/torre-dei-prigionieri-castello-di-brescia_8834-150x150.jpg 150w, https:\/\/www.bellitalie.org\/wp-content\/uploads\/2021\/09\/torre-dei-prigionieri-castello-di-brescia_8834-50x50.jpg 50w, https:\/\/www.bellitalie.org\/wp-content\/uploads\/2021\/09\/torre-dei-prigionieri-castello-di-brescia_8834-80x80.jpg 80w, https:\/\/www.bellitalie.org\/wp-content\/uploads\/2021\/09\/torre-dei-prigionieri-castello-di-brescia_8834-75x75.jpg 75w\" sizes=\"(max-width: 150px) 100vw, 150px\" \/><\/a><div class=\"lcp_excerpt\">\nCostruito sul Colle Cidneo che domina la citt\u00e0, il Castello di Brescia \u00e8 un vasto ...<\/div><\/li><li><a href=\"https:\/\/www.bellitalie.org\/it\/destinazione\/lombardia\/brescia\/piazza-della-loggia-di-brescia\/\">Piazza della Loggia di Brescia<\/a><a href=\"https:\/\/www.bellitalie.org\/it\/destinazione\/lombardia\/brescia\/piazza-della-loggia-di-brescia\/\" title=\"Piazza della Loggia di Brescia\"><img width=\"150\" height=\"150\" src=\"https:\/\/www.bellitalie.org\/wp-content\/uploads\/2021\/09\/torre-dell-orologio-piazza-della-loggia-brescia_8968-150x150.jpg\" class=\"lcp_thumbnail wp-post-image\" alt=\"Piazza della Loggia di Brescia\" loading=\"lazy\" srcset=\"https:\/\/www.bellitalie.org\/wp-content\/uploads\/2021\/09\/torre-dell-orologio-piazza-della-loggia-brescia_8968-150x150.jpg 150w, https:\/\/www.bellitalie.org\/wp-content\/uploads\/2021\/09\/torre-dell-orologio-piazza-della-loggia-brescia_8968-50x50.jpg 50w, https:\/\/www.bellitalie.org\/wp-content\/uploads\/2021\/09\/torre-dell-orologio-piazza-della-loggia-brescia_8968-80x80.jpg 80w, https:\/\/www.bellitalie.org\/wp-content\/uploads\/2021\/09\/torre-dell-orologio-piazza-della-loggia-brescia_8968-75x75.jpg 75w\" sizes=\"(max-width: 150px) 100vw, 150px\" \/><\/a><div class=\"lcp_excerpt\">\nLa Piazza della Loggia, detta anche Piazza Vecchia, \u00e8 probabilmente la piazza pi\u00f9 bella di ...<\/div><\/li><li><a href=\"https:\/\/www.bellitalie.org\/it\/destinazione\/lombardia\/brescia\/foto-della-piazza-paolo-vi-o-piazza-duomo\/\">Piazza Paolo VI o Piazza Duomo<\/a><a href=\"https:\/\/www.bellitalie.org\/it\/destinazione\/lombardia\/brescia\/foto-della-piazza-paolo-vi-o-piazza-duomo\/\" title=\"Piazza Paolo VI o Piazza Duomo\"><img width=\"150\" height=\"150\" src=\"https:\/\/www.bellitalie.org\/wp-content\/uploads\/2023\/08\/piazza-paolo-vi-brescia_9004-150x150.jpg\" class=\"lcp_thumbnail wp-post-image\" alt=\"Piazza Paolo VI o Piazza Duomo\" loading=\"lazy\" srcset=\"https:\/\/www.bellitalie.org\/wp-content\/uploads\/2023\/08\/piazza-paolo-vi-brescia_9004-150x150.jpg 150w, https:\/\/www.bellitalie.org\/wp-content\/uploads\/2023\/08\/piazza-paolo-vi-brescia_9004-50x50.jpg 50w, https:\/\/www.bellitalie.org\/wp-content\/uploads\/2023\/08\/piazza-paolo-vi-brescia_9004-80x80.jpg 80w, https:\/\/www.bellitalie.org\/wp-content\/uploads\/2023\/08\/piazza-paolo-vi-brescia_9004-75x75.jpg 75w\" sizes=\"(max-width: 150px) 100vw, 150px\" \/><\/a><div class=\"lcp_excerpt\">\nChiamata anche Piazza delle Due Cattedrali, la Piazza Paolo VI \u00e8 l&#8217;altra bella piazza di ...<\/div><\/li><li><a href=\"https:\/\/www.bellitalie.org\/it\/destinazione\/lombardia\/brescia\/duomo-vecchio-di-brescia\/\">Duomo Vecchio di Brescia<\/a><a href=\"https:\/\/www.bellitalie.org\/it\/destinazione\/lombardia\/brescia\/duomo-vecchio-di-brescia\/\" title=\"Duomo Vecchio di Brescia\"><img width=\"150\" height=\"150\" src=\"https:\/\/www.bellitalie.org\/wp-content\/uploads\/2021\/09\/duomo-vecchio-brescia_9003-150x150.jpg\" class=\"lcp_thumbnail wp-post-image\" alt=\"Duomo Vecchio di Brescia\" loading=\"lazy\" srcset=\"https:\/\/www.bellitalie.org\/wp-content\/uploads\/2021\/09\/duomo-vecchio-brescia_9003-150x150.jpg 150w, https:\/\/www.bellitalie.org\/wp-content\/uploads\/2021\/09\/duomo-vecchio-brescia_9003-50x50.jpg 50w, https:\/\/www.bellitalie.org\/wp-content\/uploads\/2021\/09\/duomo-vecchio-brescia_9003-80x80.jpg 80w, https:\/\/www.bellitalie.org\/wp-content\/uploads\/2021\/09\/duomo-vecchio-brescia_9003-75x75.jpg 75w\" sizes=\"(max-width: 150px) 100vw, 150px\" \/><\/a><div class=\"lcp_excerpt\">\nIl Duomo Vecchio, detto anche Cattedrale Invernale di Santa Maria Assunta, \u00e8 un raro e ...<\/div><\/li><li><a href=\"https:\/\/www.bellitalie.org\/it\/destinazione\/lombardia\/brescia\/quartiere-del-carmine-e-torre-della-pallata\/\">Quartiere del Carmine e Torre della Pallata<\/a><a href=\"https:\/\/www.bellitalie.org\/it\/destinazione\/lombardia\/brescia\/quartiere-del-carmine-e-torre-della-pallata\/\" title=\"Quartiere del Carmine e Torre della Pallata\"><img width=\"150\" height=\"150\" src=\"https:\/\/www.bellitalie.org\/wp-content\/uploads\/2023\/08\/torre-della-pallata-brescia_9046-150x150.jpg\" class=\"lcp_thumbnail wp-post-image\" alt=\"Quartiere del Carmine e Torre della Pallata\" loading=\"lazy\" srcset=\"https:\/\/www.bellitalie.org\/wp-content\/uploads\/2023\/08\/torre-della-pallata-brescia_9046-150x150.jpg 150w, https:\/\/www.bellitalie.org\/wp-content\/uploads\/2023\/08\/torre-della-pallata-brescia_9046-50x50.jpg 50w, https:\/\/www.bellitalie.org\/wp-content\/uploads\/2023\/08\/torre-della-pallata-brescia_9046-80x80.jpg 80w, https:\/\/www.bellitalie.org\/wp-content\/uploads\/2023\/08\/torre-della-pallata-brescia_9046-75x75.jpg 75w\" sizes=\"(max-width: 150px) 100vw, 150px\" \/><\/a><div class=\"lcp_excerpt\">\nVicino a Piazza Loggia, il Carmine \u00e8 un quartiere popolare, multiculturale e frequentato dai giovani. ...<\/div><\/li><li class=\"current\"><a href=\"https:\/\/www.bellitalie.org\/it\/destinazione\/lombardia\/brescia\/chiesa-di-san-francesco-di-brescia\/\">Chiesa di San Francesco di Brescia<\/a><a href=\"https:\/\/www.bellitalie.org\/it\/destinazione\/lombardia\/brescia\/chiesa-di-san-francesco-di-brescia\/\" title=\"Chiesa di San Francesco di Brescia\"><img width=\"150\" height=\"150\" src=\"https:\/\/www.bellitalie.org\/wp-content\/uploads\/2023\/08\/chiesa-di-san-francesco-brescia_9025-150x150.jpg\" class=\"lcp_thumbnail wp-post-image\" alt=\"Chiesa di San Francesco di Brescia\" loading=\"lazy\" srcset=\"https:\/\/www.bellitalie.org\/wp-content\/uploads\/2023\/08\/chiesa-di-san-francesco-brescia_9025-150x150.jpg 150w, https:\/\/www.bellitalie.org\/wp-content\/uploads\/2023\/08\/chiesa-di-san-francesco-brescia_9025-50x50.jpg 50w, https:\/\/www.bellitalie.org\/wp-content\/uploads\/2023\/08\/chiesa-di-san-francesco-brescia_9025-80x80.jpg 80w, https:\/\/www.bellitalie.org\/wp-content\/uploads\/2023\/08\/chiesa-di-san-francesco-brescia_9025-75x75.jpg 75w\" sizes=\"(max-width: 150px) 100vw, 150px\" \/><\/a><div class=\"lcp_excerpt\">\nLa Chiesa di San Francesco d&#8217;Assisi di Brescia fu costruita nel XIII secolo con uno ...<\/div><\/li><li><a href=\"https:\/\/www.bellitalie.org\/it\/destinazione\/lombardia\/brescia\/pinacoteca-tosio-martinengo\/\">Pinacoteca Tosio Martinengo<\/a><a href=\"https:\/\/www.bellitalie.org\/it\/destinazione\/lombardia\/brescia\/pinacoteca-tosio-martinengo\/\" title=\"Pinacoteca Tosio Martinengo\"><img width=\"150\" height=\"150\" src=\"https:\/\/www.bellitalie.org\/wp-content\/uploads\/2023\/08\/raphael-le-christ-benissant-pinacoteca-brescia_9269-150x150.jpg\" class=\"lcp_thumbnail wp-post-image\" alt=\"Pinacoteca Tosio Martinengo\" loading=\"lazy\" srcset=\"https:\/\/www.bellitalie.org\/wp-content\/uploads\/2023\/08\/raphael-le-christ-benissant-pinacoteca-brescia_9269-150x150.jpg 150w, https:\/\/www.bellitalie.org\/wp-content\/uploads\/2023\/08\/raphael-le-christ-benissant-pinacoteca-brescia_9269-50x50.jpg 50w, https:\/\/www.bellitalie.org\/wp-content\/uploads\/2023\/08\/raphael-le-christ-benissant-pinacoteca-brescia_9269-80x80.jpg 80w, https:\/\/www.bellitalie.org\/wp-content\/uploads\/2023\/08\/raphael-le-christ-benissant-pinacoteca-brescia_9269-75x75.jpg 75w\" sizes=\"(max-width: 150px) 100vw, 150px\" \/><\/a><div class=\"lcp_excerpt\">\nUn tempo ospitata in Palazzo Tosio, la Pinacoteca Tosio Martinengo vanta una bella collezione che ...<\/div><\/li><\/ul>\n<\/div>\n\n\n\n<div class=\"wp-container-4 wp-block-column\">\n<p><strong><a href=\"https:\/\/www.bellitalie.org\/it\/regione_italia\/lombardia\/\">Lombardia<\/a><\/strong><\/p>\n<ul class=\"lcp_catlist2\" id=\"lcp_instance_0\"><li><a href=\"https:\/\/www.bellitalie.org\/it\/destinazione\/lombardia\/da-vedere-in-lombardia\/\">Da vedere in Lombardia<\/a><a href=\"https:\/\/www.bellitalie.org\/it\/destinazione\/lombardia\/da-vedere-in-lombardia\/\" title=\"Da vedere in Lombardia\"><img width=\"150\" height=\"150\" src=\"https:\/\/www.bellitalie.org\/wp-content\/uploads\/2021\/09\/lac-d-iseo_7534-150x150.jpg\" class=\"lcp_thumbnail wp-post-image\" alt=\"Da vedere in Lombardia\" loading=\"lazy\" srcset=\"https:\/\/www.bellitalie.org\/wp-content\/uploads\/2021\/09\/lac-d-iseo_7534-150x150.jpg 150w, https:\/\/www.bellitalie.org\/wp-content\/uploads\/2021\/09\/lac-d-iseo_7534-50x50.jpg 50w, https:\/\/www.bellitalie.org\/wp-content\/uploads\/2021\/09\/lac-d-iseo_7534-80x80.jpg 80w, https:\/\/www.bellitalie.org\/wp-content\/uploads\/2021\/09\/lac-d-iseo_7534-75x75.jpg 75w\" sizes=\"(max-width: 150px) 100vw, 150px\" \/><\/a><div class=\"lcp_excerpt\">\nMilano \nMilano, il capoluogo lombardo, \u00e8 il centro economico e finanziario dell&#8217;Italia con la sede ...<\/div><\/li><li><a href=\"https:\/\/www.bellitalie.org\/it\/destinazione\/lombardia\/milano\/\">Milano<\/a><a href=\"https:\/\/www.bellitalie.org\/it\/destinazione\/lombardia\/milano\/\" title=\"Milano\"><img width=\"150\" height=\"150\" src=\"https:\/\/www.bellitalie.org\/wp-content\/uploads\/2021\/09\/duomo-de-milan_8091-150x150.jpg\" class=\"lcp_thumbnail wp-post-image\" alt=\"Milano\" loading=\"lazy\" srcset=\"https:\/\/www.bellitalie.org\/wp-content\/uploads\/2021\/09\/duomo-de-milan_8091-150x150.jpg 150w, https:\/\/www.bellitalie.org\/wp-content\/uploads\/2021\/09\/duomo-de-milan_8091-50x50.jpg 50w, https:\/\/www.bellitalie.org\/wp-content\/uploads\/2021\/09\/duomo-de-milan_8091-80x80.jpg 80w, https:\/\/www.bellitalie.org\/wp-content\/uploads\/2021\/09\/duomo-de-milan_8091-75x75.jpg 75w\" sizes=\"(max-width: 150px) 100vw, 150px\" \/><\/a><div class=\"lcp_excerpt\">\nPrincipale citt\u00e0 economica e finanziaria d&#8217;Italia, centro internazionale della moda e dell&#8217;eleganza, Milano \u00e8 una ...<\/div><\/li><li><a href=\"https:\/\/www.bellitalie.org\/it\/destinazione\/lombardia\/lago-maggiore\/\">Lago Maggiore<\/a><a href=\"https:\/\/www.bellitalie.org\/it\/destinazione\/lombardia\/lago-maggiore\/\" title=\"Lago Maggiore\"><img width=\"150\" height=\"150\" src=\"https:\/\/www.bellitalie.org\/wp-content\/uploads\/2021\/09\/lac-majeur_7509-150x150.jpg\" class=\"lcp_thumbnail wp-post-image\" alt=\"Lago Maggiore\" loading=\"lazy\" srcset=\"https:\/\/www.bellitalie.org\/wp-content\/uploads\/2021\/09\/lac-majeur_7509-150x150.jpg 150w, https:\/\/www.bellitalie.org\/wp-content\/uploads\/2021\/09\/lac-majeur_7509-50x50.jpg 50w, https:\/\/www.bellitalie.org\/wp-content\/uploads\/2021\/09\/lac-majeur_7509-80x80.jpg 80w, https:\/\/www.bellitalie.org\/wp-content\/uploads\/2021\/09\/lac-majeur_7509-75x75.jpg 75w\" sizes=\"(max-width: 150px) 100vw, 150px\" \/><\/a><div class=\"lcp_excerpt\">\nIl Lago Maggiore \u00e8 una delle pi\u00f9 belle destinazioni del nord Italia, la cui sponda ...<\/div><\/li><li><a href=\"https:\/\/www.bellitalie.org\/it\/destinazione\/lombardia\/lago-di-como\/\">Lago di Como<\/a><a href=\"https:\/\/www.bellitalie.org\/it\/destinazione\/lombardia\/lago-di-como\/\" title=\"Lago di Como\"><img width=\"150\" height=\"150\" src=\"https:\/\/www.bellitalie.org\/wp-content\/uploads\/2021\/09\/lago_di_como_1496-150x150.jpg\" class=\"lcp_thumbnail wp-post-image\" alt=\"Lago di Como\" loading=\"lazy\" srcset=\"https:\/\/www.bellitalie.org\/wp-content\/uploads\/2021\/09\/lago_di_como_1496-150x150.jpg 150w, https:\/\/www.bellitalie.org\/wp-content\/uploads\/2021\/09\/lago_di_como_1496-50x50.jpg 50w, https:\/\/www.bellitalie.org\/wp-content\/uploads\/2021\/09\/lago_di_como_1496-80x80.jpg 80w, https:\/\/www.bellitalie.org\/wp-content\/uploads\/2021\/09\/lago_di_como_1496-75x75.jpg 75w\" sizes=\"(max-width: 150px) 100vw, 150px\" \/><\/a><div class=\"lcp_excerpt\">\nNon solo il Lago di Como \u00e8 il lago pi\u00f9 profondo d&#8217;Italia, ma \u00e8 anche ...<\/div><\/li><li><a href=\"https:\/\/www.bellitalie.org\/it\/destinazione\/veneto\/lago-di-garda\/\">Lago di Garda<\/a><a href=\"https:\/\/www.bellitalie.org\/it\/destinazione\/veneto\/lago-di-garda\/\" title=\"Lago di Garda\"><img width=\"150\" height=\"150\" src=\"https:\/\/www.bellitalie.org\/wp-content\/uploads\/2023\/09\/cote-lac-de-garde-malcesine-brenzone_9766-150x150.jpg\" class=\"lcp_thumbnail wp-post-image\" alt=\"Lago di Garda\" loading=\"lazy\" srcset=\"https:\/\/www.bellitalie.org\/wp-content\/uploads\/2023\/09\/cote-lac-de-garde-malcesine-brenzone_9766-150x150.jpg 150w, https:\/\/www.bellitalie.org\/wp-content\/uploads\/2023\/09\/cote-lac-de-garde-malcesine-brenzone_9766-50x50.jpg 50w, https:\/\/www.bellitalie.org\/wp-content\/uploads\/2023\/09\/cote-lac-de-garde-malcesine-brenzone_9766-80x80.jpg 80w, https:\/\/www.bellitalie.org\/wp-content\/uploads\/2023\/09\/cote-lac-de-garde-malcesine-brenzone_9766-75x75.jpg 75w\" sizes=\"(max-width: 150px) 100vw, 150px\" \/><\/a><div class=\"lcp_excerpt\">\nIl Lago di Garda \u00e8 il pi\u00f9 grande lago d&#8217;Italia, situato tra Brescia ad ovest ...<\/div><\/li><li><a href=\"https:\/\/www.bellitalie.org\/it\/destinazione\/lombardia\/bergamo\/\">Bergamo<\/a><a href=\"https:\/\/www.bellitalie.org\/it\/destinazione\/lombardia\/bergamo\/\" title=\"Bergamo\"><img width=\"150\" height=\"150\" src=\"https:\/\/www.bellitalie.org\/wp-content\/uploads\/2021\/09\/bergame_1513-150x150.jpg\" class=\"lcp_thumbnail wp-post-image\" alt=\"Bergamo\" loading=\"lazy\" srcset=\"https:\/\/www.bellitalie.org\/wp-content\/uploads\/2021\/09\/bergame_1513-150x150.jpg 150w, https:\/\/www.bellitalie.org\/wp-content\/uploads\/2021\/09\/bergame_1513-50x50.jpg 50w, https:\/\/www.bellitalie.org\/wp-content\/uploads\/2021\/09\/bergame_1513-80x80.jpg 80w, https:\/\/www.bellitalie.org\/wp-content\/uploads\/2021\/09\/bergame_1513-75x75.jpg 75w\" sizes=\"(max-width: 150px) 100vw, 150px\" \/><\/a><div class=\"lcp_excerpt\">\nLa citt\u00e0 alta di Bergamo \u00e8 il pi\u00f9 bel centro medievale di Lombardia, protetto da ...<\/div><\/li><li><a href=\"https:\/\/www.bellitalie.org\/it\/destinazione\/lombardia\/brescia\/\">Brescia<\/a><a href=\"https:\/\/www.bellitalie.org\/it\/destinazione\/lombardia\/brescia\/\" title=\"Brescia\"><img width=\"150\" height=\"150\" src=\"https:\/\/www.bellitalie.org\/wp-content\/uploads\/2021\/09\/brescia_1556-150x150.jpg\" class=\"lcp_thumbnail wp-post-image\" alt=\"Brescia\" loading=\"lazy\" srcset=\"https:\/\/www.bellitalie.org\/wp-content\/uploads\/2021\/09\/brescia_1556-150x150.jpg 150w, https:\/\/www.bellitalie.org\/wp-content\/uploads\/2021\/09\/brescia_1556-50x50.jpg 50w, https:\/\/www.bellitalie.org\/wp-content\/uploads\/2021\/09\/brescia_1556-80x80.jpg 80w, https:\/\/www.bellitalie.org\/wp-content\/uploads\/2021\/09\/brescia_1556-75x75.jpg 75w\" sizes=\"(max-width: 150px) 100vw, 150px\" \/><\/a><div class=\"lcp_excerpt\">\nBrescia, la seconda citt\u00e0 pi\u00f9 grande della Lombardia, non gode della fama che meriterebbe. \u00c8 ...<\/div><\/li><li><a href=\"https:\/\/www.bellitalie.org\/it\/destinazione\/lombardia\/mantova\/\">Mantova<\/a><a href=\"https:\/\/www.bellitalie.org\/it\/destinazione\/lombardia\/mantova\/\" title=\"Mantova\"><img width=\"150\" height=\"150\" src=\"https:\/\/www.bellitalie.org\/wp-content\/uploads\/2021\/09\/laghi-mincio-mantova_0704-150x150.jpg\" class=\"lcp_thumbnail wp-post-image\" alt=\"Mantova\" loading=\"lazy\" srcset=\"https:\/\/www.bellitalie.org\/wp-content\/uploads\/2021\/09\/laghi-mincio-mantova_0704-150x150.jpg 150w, https:\/\/www.bellitalie.org\/wp-content\/uploads\/2021\/09\/laghi-mincio-mantova_0704-50x50.jpg 50w, https:\/\/www.bellitalie.org\/wp-content\/uploads\/2021\/09\/laghi-mincio-mantova_0704-80x80.jpg 80w, https:\/\/www.bellitalie.org\/wp-content\/uploads\/2021\/09\/laghi-mincio-mantova_0704-75x75.jpg 75w\" sizes=\"(max-width: 150px) 100vw, 150px\" \/><\/a><div class=\"lcp_excerpt\">\nMantova \u00e8 una meravigliosa citt\u00e0 della pianura padana, iscritta dall&#8217;Unesco al Patrimonio dell&#8217;Umanit\u00e0 nel 2008. ...<\/div><\/li><li><a href=\"https:\/\/www.bellitalie.org\/it\/destinazione\/lombardia\/cremona\/\">Cremona<\/a><a href=\"https:\/\/www.bellitalie.org\/it\/destinazione\/lombardia\/cremona\/\" title=\"Cremona\"><img width=\"150\" height=\"150\" src=\"https:\/\/www.bellitalie.org\/wp-content\/uploads\/2021\/09\/cremone_7949-150x150.jpg\" class=\"lcp_thumbnail wp-post-image\" alt=\"Cremona\" loading=\"lazy\" srcset=\"https:\/\/www.bellitalie.org\/wp-content\/uploads\/2021\/09\/cremone_7949-150x150.jpg 150w, https:\/\/www.bellitalie.org\/wp-content\/uploads\/2021\/09\/cremone_7949-50x50.jpg 50w, https:\/\/www.bellitalie.org\/wp-content\/uploads\/2021\/09\/cremone_7949-80x80.jpg 80w, https:\/\/www.bellitalie.org\/wp-content\/uploads\/2021\/09\/cremone_7949-75x75.jpg 75w\" sizes=\"(max-width: 150px) 100vw, 150px\" \/><\/a><div class=\"lcp_excerpt\">\nCremona \u00e8 una citt\u00e0 lombarda di circa 71.000 abitanti (nel 2021), situata nella pianura padana, ...<\/div><\/li><li><a href=\"https:\/\/www.bellitalie.org\/it\/destinazione\/lombardia\/como\/\">Como<\/a><a href=\"https:\/\/www.bellitalie.org\/it\/destinazione\/lombardia\/como\/\" title=\"Como\"><img width=\"150\" height=\"150\" src=\"https:\/\/www.bellitalie.org\/wp-content\/uploads\/2021\/09\/come_1469-1-150x150.jpg\" class=\"lcp_thumbnail wp-post-image\" alt=\"Como\" loading=\"lazy\" srcset=\"https:\/\/www.bellitalie.org\/wp-content\/uploads\/2021\/09\/come_1469-1-150x150.jpg 150w, https:\/\/www.bellitalie.org\/wp-content\/uploads\/2021\/09\/come_1469-1-50x50.jpg 50w, https:\/\/www.bellitalie.org\/wp-content\/uploads\/2021\/09\/come_1469-1-80x80.jpg 80w, https:\/\/www.bellitalie.org\/wp-content\/uploads\/2021\/09\/come_1469-1-75x75.jpg 75w\" sizes=\"(max-width: 150px) 100vw, 150px\" \/><\/a><div class=\"lcp_excerpt\">\nComo \u00e8 con Lecco la citt\u00e0 pi\u00f9 grande del Lago di Como, con circa 84.000 ...<\/div><\/li><li><a href=\"https:\/\/www.bellitalie.org\/it\/destinazione\/lombardia\/pavia\/\">Pavia<\/a><a href=\"https:\/\/www.bellitalie.org\/it\/destinazione\/lombardia\/pavia\/\" title=\"Pavia\"><img width=\"150\" height=\"150\" src=\"https:\/\/www.bellitalie.org\/wp-content\/uploads\/2021\/09\/pavie_7921-150x150.jpg\" class=\"lcp_thumbnail wp-post-image\" alt=\"Pavia\" loading=\"lazy\" srcset=\"https:\/\/www.bellitalie.org\/wp-content\/uploads\/2021\/09\/pavie_7921-150x150.jpg 150w, https:\/\/www.bellitalie.org\/wp-content\/uploads\/2021\/09\/pavie_7921-50x50.jpg 50w, https:\/\/www.bellitalie.org\/wp-content\/uploads\/2021\/09\/pavie_7921-80x80.jpg 80w, https:\/\/www.bellitalie.org\/wp-content\/uploads\/2021\/09\/pavie_7921-75x75.jpg 75w\" sizes=\"(max-width: 150px) 100vw, 150px\" \/><\/a><div class=\"lcp_excerpt\">\nPavia \u00e8 una graziosa citt\u00e0 sulle sponde del Ticino a 40 km a sud di ...<\/div><\/li><li><a href=\"https:\/\/www.bellitalie.org\/it\/destinazione\/lombardia\/sirmione\/\">Sirmione<\/a><a href=\"https:\/\/www.bellitalie.org\/it\/destinazione\/lombardia\/sirmione\/\" title=\"Sirmione\"><img width=\"150\" height=\"150\" src=\"https:\/\/www.bellitalie.org\/wp-content\/uploads\/2021\/09\/sirmione_1567-150x150.jpg\" class=\"lcp_thumbnail wp-post-image\" alt=\"Sirmione\" loading=\"lazy\" srcset=\"https:\/\/www.bellitalie.org\/wp-content\/uploads\/2021\/09\/sirmione_1567-150x150.jpg 150w, https:\/\/www.bellitalie.org\/wp-content\/uploads\/2021\/09\/sirmione_1567-50x50.jpg 50w, https:\/\/www.bellitalie.org\/wp-content\/uploads\/2021\/09\/sirmione_1567-80x80.jpg 80w, https:\/\/www.bellitalie.org\/wp-content\/uploads\/2021\/09\/sirmione_1567-75x75.jpg 75w\" sizes=\"(max-width: 150px) 100vw, 150px\" \/><\/a><div class=\"lcp_excerpt\">\nSirmione \u00e8 la citt\u00e0 emblematica del Lago di Garda, una delle destinazioni pi\u00f9 affascinanti della ...<\/div><\/li><li><a href=\"https:\/\/www.bellitalie.org\/it\/destinazione\/lombardia\/vigevano\/\">Vigevano<\/a><a href=\"https:\/\/www.bellitalie.org\/it\/destinazione\/lombardia\/vigevano\/\" title=\"Vigevano\"><img width=\"150\" height=\"150\" src=\"https:\/\/www.bellitalie.org\/wp-content\/uploads\/2021\/09\/piazza-ducale-vigevano_6578-150x150.jpg\" class=\"lcp_thumbnail wp-post-image\" alt=\"Vigevano\" loading=\"lazy\" srcset=\"https:\/\/www.bellitalie.org\/wp-content\/uploads\/2021\/09\/piazza-ducale-vigevano_6578-150x150.jpg 150w, https:\/\/www.bellitalie.org\/wp-content\/uploads\/2021\/09\/piazza-ducale-vigevano_6578-50x50.jpg 50w, https:\/\/www.bellitalie.org\/wp-content\/uploads\/2021\/09\/piazza-ducale-vigevano_6578-80x80.jpg 80w, https:\/\/www.bellitalie.org\/wp-content\/uploads\/2021\/09\/piazza-ducale-vigevano_6578-75x75.jpg 75w\" sizes=\"(max-width: 150px) 100vw, 150px\" \/><\/a><div class=\"lcp_excerpt\">\nVigevano \u00e8 una bellissima citt\u00e0 d&#8217;arte, eppure poco conosciuta, tra Milano, Pavia e Novara, a ...<\/div><\/li><li><a href=\"https:\/\/www.bellitalie.org\/it\/destinazione\/lombardia\/bellagio\/\">Bellagio<\/a><a href=\"https:\/\/www.bellitalie.org\/it\/destinazione\/lombardia\/bellagio\/\" title=\"Bellagio\"><img width=\"150\" height=\"150\" src=\"https:\/\/www.bellitalie.org\/wp-content\/uploads\/2021\/09\/bellagio_1529-150x150.jpg\" class=\"lcp_thumbnail wp-post-image\" alt=\"Bellagio\" loading=\"lazy\" srcset=\"https:\/\/www.bellitalie.org\/wp-content\/uploads\/2021\/09\/bellagio_1529-150x150.jpg 150w, https:\/\/www.bellitalie.org\/wp-content\/uploads\/2021\/09\/bellagio_1529-50x50.jpg 50w, https:\/\/www.bellitalie.org\/wp-content\/uploads\/2021\/09\/bellagio_1529-80x80.jpg 80w, https:\/\/www.bellitalie.org\/wp-content\/uploads\/2021\/09\/bellagio_1529-75x75.jpg 75w\" sizes=\"(max-width: 150px) 100vw, 150px\" \/><\/a><div class=\"lcp_excerpt\">\nAll&#8217;incrocio dei due bracci meridionali del Lago di Como, Bellagio \u00e8 un grazioso borgo designato ...<\/div><\/li><li><a href=\"https:\/\/www.bellitalie.org\/it\/destinazione\/lombardia\/lago-d-iseo\/\">Lago d&#8217;Iseo<\/a><a href=\"https:\/\/www.bellitalie.org\/it\/destinazione\/lombardia\/lago-d-iseo\/\" title=\"Lago d&#039;Iseo\"><img width=\"150\" height=\"150\" src=\"https:\/\/www.bellitalie.org\/wp-content\/uploads\/2021\/09\/lac-d-iseo_7534-150x150.jpg\" class=\"lcp_thumbnail wp-post-image\" alt=\"Lago d&#039;Iseo\" loading=\"lazy\" srcset=\"https:\/\/www.bellitalie.org\/wp-content\/uploads\/2021\/09\/lac-d-iseo_7534-150x150.jpg 150w, https:\/\/www.bellitalie.org\/wp-content\/uploads\/2021\/09\/lac-d-iseo_7534-50x50.jpg 50w, https:\/\/www.bellitalie.org\/wp-content\/uploads\/2021\/09\/lac-d-iseo_7534-80x80.jpg 80w, https:\/\/www.bellitalie.org\/wp-content\/uploads\/2021\/09\/lac-d-iseo_7534-75x75.jpg 75w\" sizes=\"(max-width: 150px) 100vw, 150px\" \/><\/a><div class=\"lcp_excerpt\">\nSituato tra Bergamo e Brescia, il piccolo Lago d&#8217;Iseo \u00e8 un sito di carattere in ...<\/div><\/li><li><a href=\"https:\/\/www.bellitalie.org\/it\/destinazione\/lombardia\/lago-d-idro-e-valle-sabbia\/\">Lago d&#8217;Idro e Valle Sabbia<\/a><a href=\"https:\/\/www.bellitalie.org\/it\/destinazione\/lombardia\/lago-d-idro-e-valle-sabbia\/\" title=\"Lago d&#039;Idro e Valle Sabbia\"><img width=\"150\" height=\"150\" src=\"https:\/\/www.bellitalie.org\/wp-content\/uploads\/2021\/09\/lac-d-idro_7540-150x150.jpg\" class=\"lcp_thumbnail wp-post-image\" alt=\"Lago d&#039;Idro e Valle Sabbia\" loading=\"lazy\" srcset=\"https:\/\/www.bellitalie.org\/wp-content\/uploads\/2021\/09\/lac-d-idro_7540-150x150.jpg 150w, https:\/\/www.bellitalie.org\/wp-content\/uploads\/2021\/09\/lac-d-idro_7540-50x50.jpg 50w, https:\/\/www.bellitalie.org\/wp-content\/uploads\/2021\/09\/lac-d-idro_7540-80x80.jpg 80w, https:\/\/www.bellitalie.org\/wp-content\/uploads\/2021\/09\/lac-d-idro_7540-75x75.jpg 75w\" sizes=\"(max-width: 150px) 100vw, 150px\" \/><\/a><div class=\"lcp_excerpt\">\nSeparato dal Lago di Garda da una montagna, il bellissimo piccolo Lago d&#8217;Idro arroccato a ...<\/div><\/li><li><a href=\"https:\/\/www.bellitalie.org\/it\/destinazione\/lombardia\/varese\/\">Varese<\/a><a href=\"https:\/\/www.bellitalie.org\/it\/destinazione\/lombardia\/varese\/\" title=\"Varese\"><img width=\"150\" height=\"150\" src=\"https:\/\/www.bellitalie.org\/wp-content\/uploads\/2023\/09\/palazzo-estense-varese_7161-150x150.jpg\" class=\"lcp_thumbnail wp-post-image\" alt=\"Varese\" loading=\"lazy\" srcset=\"https:\/\/www.bellitalie.org\/wp-content\/uploads\/2023\/09\/palazzo-estense-varese_7161-150x150.jpg 150w, https:\/\/www.bellitalie.org\/wp-content\/uploads\/2023\/09\/palazzo-estense-varese_7161-50x50.jpg 50w, https:\/\/www.bellitalie.org\/wp-content\/uploads\/2023\/09\/palazzo-estense-varese_7161-80x80.jpg 80w, https:\/\/www.bellitalie.org\/wp-content\/uploads\/2023\/09\/palazzo-estense-varese_7161-75x75.jpg 75w\" sizes=\"(max-width: 150px) 100vw, 150px\" \/><\/a><div class=\"lcp_excerpt\">\nVicino a Como e Milano, tra laghi e montagne, Varese \u00e8 una citt\u00e0 piuttosto ignorata ...<\/div><\/li><li><a href=\"https:\/\/www.bellitalie.org\/it\/destinazione\/lombardia\/val-camonica\/\">Val Camonica<\/a><a href=\"https:\/\/www.bellitalie.org\/it\/destinazione\/lombardia\/val-camonica\/\" title=\"Val Camonica\"><img width=\"150\" height=\"150\" src=\"https:\/\/www.bellitalie.org\/wp-content\/uploads\/2021\/09\/foppe-di-nadro-parc-gravures-rupestres-de-ceto-cimbergo-paspardo_8516-150x150.jpg\" class=\"lcp_thumbnail wp-post-image\" alt=\"Val Camonica\" loading=\"lazy\" srcset=\"https:\/\/www.bellitalie.org\/wp-content\/uploads\/2021\/09\/foppe-di-nadro-parc-gravures-rupestres-de-ceto-cimbergo-paspardo_8516-150x150.jpg 150w, https:\/\/www.bellitalie.org\/wp-content\/uploads\/2021\/09\/foppe-di-nadro-parc-gravures-rupestres-de-ceto-cimbergo-paspardo_8516-50x50.jpg 50w, https:\/\/www.bellitalie.org\/wp-content\/uploads\/2021\/09\/foppe-di-nadro-parc-gravures-rupestres-de-ceto-cimbergo-paspardo_8516-80x80.jpg 80w, https:\/\/www.bellitalie.org\/wp-content\/uploads\/2021\/09\/foppe-di-nadro-parc-gravures-rupestres-de-ceto-cimbergo-paspardo_8516-75x75.jpg 75w\" sizes=\"(max-width: 150px) 100vw, 150px\" \/><\/a><div class=\"lcp_excerpt\">\nIl fiume Oglio discende la Val Camonica per circa 80 km, dal Passo del Tonale ...<\/div><\/li><li><a href=\"https:\/\/www.bellitalie.org\/it\/destinazione\/lombardia\/monza-e-la-brianza\/\">Monza e la Brianza<\/a><a href=\"https:\/\/www.bellitalie.org\/it\/destinazione\/lombardia\/monza-e-la-brianza\/\" title=\"Monza e la Brianza\"><img width=\"150\" height=\"150\" src=\"https:\/\/www.bellitalie.org\/wp-content\/uploads\/2021\/09\/basilique-duomo-di-monza_8024-150x150.jpg\" class=\"lcp_thumbnail wp-post-image\" alt=\"Monza e la Brianza\" loading=\"lazy\" srcset=\"https:\/\/www.bellitalie.org\/wp-content\/uploads\/2021\/09\/basilique-duomo-di-monza_8024-150x150.jpg 150w, https:\/\/www.bellitalie.org\/wp-content\/uploads\/2021\/09\/basilique-duomo-di-monza_8024-50x50.jpg 50w, https:\/\/www.bellitalie.org\/wp-content\/uploads\/2021\/09\/basilique-duomo-di-monza_8024-80x80.jpg 80w, https:\/\/www.bellitalie.org\/wp-content\/uploads\/2021\/09\/basilique-duomo-di-monza_8024-75x75.jpg 75w\" sizes=\"(max-width: 150px) 100vw, 150px\" \/><\/a><div class=\"lcp_excerpt\">\nMonza\nSituata nel cuore della Brianza, vicino a Milano sulle rive del Lambro, Monza \u00e8 la ...<\/div><\/li><\/ul>\n<\/div>\n<\/div>\n","protected":false},"excerpt":{"rendered":"<p>La Chiesa di San Francesco d&#8217;Assisi di Brescia fu costruita nel XIII secolo con uno stile in transizione tra il romanico e il gotico. Di epoca romanica, ha il campanile e la bella facciata con il portale in marmo e un grande rosone. Descrizione e architettura L&#8217;interno \u00e8 sobrio con la sua pianta basilicale a [&hellip;]<\/p>\n","protected":false},"author":1,"featured_media":20519,"parent":26091,"menu_order":0,"comment_status":"open","ping_status":"closed","template":"","format":"standard","meta":{"_links_to":"","_links_to_target":""},"tags":[],"categorie_page":[97],"region_italie":[],"acf":[],"yoast_head":"<!-- This site is optimized with the Yoast SEO plugin v17.5 - https:\/\/yoast.com\/wordpress\/plugins\/seo\/ -->\n<title>Chiesa di San Francesco di Brescia - Bellitalie<\/title>\n<meta name=\"description\" content=\"La Chiesa di San Francesco d&#039;Assisi di Brescia fu costruita nel XIII secolo con uno stile in transizione tra il romanico e il gotico\" \/>\n<meta name=\"robots\" content=\"index, follow, max-snippet:-1, max-image-preview:large, max-video-preview:-1\" \/>\n<link rel=\"canonical\" href=\"https:\/\/www.bellitalie.org\/it\/destinazione\/lombardia\/brescia\/chiesa-di-san-francesco-di-brescia\/\" \/>\n<meta property=\"og:locale\" content=\"it_IT\" \/>\n<meta property=\"og:type\" content=\"article\" \/>\n<meta property=\"og:title\" content=\"Chiesa di San Francesco di Brescia - Bellitalie\" \/>\n<meta property=\"og:description\" content=\"La Chiesa di San Francesco d&#039;Assisi di Brescia fu costruita nel XIII secolo con uno stile in transizione tra il romanico e il gotico\" \/>\n<meta property=\"og:url\" content=\"https:\/\/www.bellitalie.org\/it\/destinazione\/lombardia\/brescia\/chiesa-di-san-francesco-di-brescia\/\" \/>\n<meta property=\"og:site_name\" content=\"Bellitalie\" \/>\n<meta property=\"article:modified_time\" content=\"2023-10-19T10:58:32+00:00\" \/>\n<meta property=\"og:image\" content=\"https:\/\/www.bellitalie.org\/wp-content\/uploads\/2023\/08\/chiesa-di-san-francesco-brescia_9025.jpg\" \/>\n\t<meta property=\"og:image:width\" content=\"1200\" \/>\n\t<meta property=\"og:image:height\" content=\"800\" \/>\n<meta name=\"twitter:card\" content=\"summary_large_image\" \/>\n<meta name=\"twitter:label1\" content=\"Tempo di lettura stimato\" \/>\n\t<meta name=\"twitter:data1\" content=\"4 minuti\" \/>\n<script type=\"application\/ld+json\" class=\"yoast-schema-graph\">{\"@context\":\"https:\/\/schema.org\",\"@graph\":[{\"@type\":\"WebSite\",\"@id\":\"https:\/\/www.bellitalie.org\/#website\",\"url\":\"https:\/\/www.bellitalie.org\/\",\"name\":\"Bellitalie\",\"description\":\"Regioni, citt\\u00e0 e patrimonio dell'Italia da nord a sud\",\"potentialAction\":[{\"@type\":\"SearchAction\",\"target\":{\"@type\":\"EntryPoint\",\"urlTemplate\":\"https:\/\/www.bellitalie.org\/?s={search_term_string}\"},\"query-input\":\"required name=search_term_string\"}],\"inLanguage\":\"it-IT\"},{\"@type\":\"ImageObject\",\"@id\":\"https:\/\/www.bellitalie.org\/it\/destinazione\/lombardia\/brescia\/chiesa-di-san-francesco-di-brescia\/#primaryimage\",\"inLanguage\":\"it-IT\",\"url\":\"https:\/\/www.bellitalie.org\/wp-content\/uploads\/2023\/08\/chiesa-di-san-francesco-brescia_9025.jpg\",\"contentUrl\":\"https:\/\/www.bellitalie.org\/wp-content\/uploads\/2023\/08\/chiesa-di-san-francesco-brescia_9025.jpg\",\"width\":1200,\"height\":800,\"caption\":\"chiesa-di-san-francesco-brescia_9025\"},{\"@type\":\"WebPage\",\"@id\":\"https:\/\/www.bellitalie.org\/it\/destinazione\/lombardia\/brescia\/chiesa-di-san-francesco-di-brescia\/#webpage\",\"url\":\"https:\/\/www.bellitalie.org\/it\/destinazione\/lombardia\/brescia\/chiesa-di-san-francesco-di-brescia\/\",\"name\":\"Chiesa di San Francesco di Brescia - Bellitalie\",\"isPartOf\":{\"@id\":\"https:\/\/www.bellitalie.org\/#website\"},\"primaryImageOfPage\":{\"@id\":\"https:\/\/www.bellitalie.org\/it\/destinazione\/lombardia\/brescia\/chiesa-di-san-francesco-di-brescia\/#primaryimage\"},\"datePublished\":\"2021-09-06T13:12:00+00:00\",\"dateModified\":\"2023-10-19T10:58:32+00:00\",\"description\":\"La Chiesa di San Francesco d'Assisi di Brescia fu costruita nel XIII secolo con uno stile in transizione tra il romanico e il gotico\",\"breadcrumb\":{\"@id\":\"https:\/\/www.bellitalie.org\/it\/destinazione\/lombardia\/brescia\/chiesa-di-san-francesco-di-brescia\/#breadcrumb\"},\"inLanguage\":\"it-IT\",\"potentialAction\":[{\"@type\":\"ReadAction\",\"target\":[\"https:\/\/www.bellitalie.org\/it\/destinazione\/lombardia\/brescia\/chiesa-di-san-francesco-di-brescia\/\"]}]},{\"@type\":\"BreadcrumbList\",\"@id\":\"https:\/\/www.bellitalie.org\/it\/destinazione\/lombardia\/brescia\/chiesa-di-san-francesco-di-brescia\/#breadcrumb\",\"itemListElement\":[{\"@type\":\"ListItem\",\"position\":1,\"name\":\"Accueil\",\"item\":\"https:\/\/www.bellitalie.org\/it\/\"},{\"@type\":\"ListItem\",\"position\":2,\"name\":\"Lombardia\",\"item\":\"https:\/\/www.bellitalie.org\/it\/regione_italia\/lombardia\/\"},{\"@type\":\"ListItem\",\"position\":3,\"name\":\"Brescia\",\"item\":\"https:\/\/www.bellitalie.org\/it\/destinazione\/lombardia\/brescia\/\"},{\"@type\":\"ListItem\",\"position\":4,\"name\":\"Chiesa di San Francesco di Brescia\"}]},{\"@type\":\"Person\",\"@id\":\"https:\/\/www.bellitalie.org\/#\/schema\/person\/6f25c64f0b5df6df0b93a2be44045da5\",\"name\":\"Bellitalie\",\"image\":{\"@type\":\"ImageObject\",\"@id\":\"https:\/\/www.bellitalie.org\/#personlogo\",\"inLanguage\":\"it-IT\",\"url\":\"https:\/\/secure.gravatar.com\/avatar\/ad516503a11cd5ca435acc9bb6523536?s=96\",\"contentUrl\":\"https:\/\/secure.gravatar.com\/avatar\/ad516503a11cd5ca435acc9bb6523536?s=96\",\"caption\":\"Bellitalie\"},\"sameAs\":[\"https:\/\/www.bellitalie.org\"]}]}<\/script>\n<!-- \/ Yoast SEO plugin. -->","yoast_head_json":{"title":"Chiesa di San Francesco di Brescia - Bellitalie","description":"La Chiesa di San Francesco d'Assisi di Brescia fu costruita nel XIII secolo con uno stile in transizione tra il romanico e il gotico","robots":{"index":"index","follow":"follow","max-snippet":"max-snippet:-1","max-image-preview":"max-image-preview:large","max-video-preview":"max-video-preview:-1"},"canonical":"https:\/\/www.bellitalie.org\/it\/destinazione\/lombardia\/brescia\/chiesa-di-san-francesco-di-brescia\/","og_locale":"it_IT","og_type":"article","og_title":"Chiesa di San Francesco di Brescia - Bellitalie","og_description":"La Chiesa di San Francesco d'Assisi di Brescia fu costruita nel XIII secolo con uno stile in transizione tra il romanico e il gotico","og_url":"https:\/\/www.bellitalie.org\/it\/destinazione\/lombardia\/brescia\/chiesa-di-san-francesco-di-brescia\/","og_site_name":"Bellitalie","article_modified_time":"2023-10-19T10:58:32+00:00","og_image":[{"width":1200,"height":800,"url":"https:\/\/www.bellitalie.org\/wp-content\/uploads\/2023\/08\/chiesa-di-san-francesco-brescia_9025.jpg","type":"image\/jpeg"}],"twitter_card":"summary_large_image","twitter_misc":{"Tempo di lettura stimato":"4 minuti"},"schema":{"@context":"https:\/\/schema.org","@graph":[{"@type":"WebSite","@id":"https:\/\/www.bellitalie.org\/#website","url":"https:\/\/www.bellitalie.org\/","name":"Bellitalie","description":"Regioni, citt\u00e0 e patrimonio dell'Italia da nord a sud","potentialAction":[{"@type":"SearchAction","target":{"@type":"EntryPoint","urlTemplate":"https:\/\/www.bellitalie.org\/?s={search_term_string}"},"query-input":"required name=search_term_string"}],"inLanguage":"it-IT"},{"@type":"ImageObject","@id":"https:\/\/www.bellitalie.org\/it\/destinazione\/lombardia\/brescia\/chiesa-di-san-francesco-di-brescia\/#primaryimage","inLanguage":"it-IT","url":"https:\/\/www.bellitalie.org\/wp-content\/uploads\/2023\/08\/chiesa-di-san-francesco-brescia_9025.jpg","contentUrl":"https:\/\/www.bellitalie.org\/wp-content\/uploads\/2023\/08\/chiesa-di-san-francesco-brescia_9025.jpg","width":1200,"height":800,"caption":"chiesa-di-san-francesco-brescia_9025"},{"@type":"WebPage","@id":"https:\/\/www.bellitalie.org\/it\/destinazione\/lombardia\/brescia\/chiesa-di-san-francesco-di-brescia\/#webpage","url":"https:\/\/www.bellitalie.org\/it\/destinazione\/lombardia\/brescia\/chiesa-di-san-francesco-di-brescia\/","name":"Chiesa di San Francesco di Brescia - Bellitalie","isPartOf":{"@id":"https:\/\/www.bellitalie.org\/#website"},"primaryImageOfPage":{"@id":"https:\/\/www.bellitalie.org\/it\/destinazione\/lombardia\/brescia\/chiesa-di-san-francesco-di-brescia\/#primaryimage"},"datePublished":"2021-09-06T13:12:00+00:00","dateModified":"2023-10-19T10:58:32+00:00","description":"La Chiesa di San Francesco d'Assisi di Brescia fu costruita nel XIII secolo con uno stile in transizione tra il romanico e il gotico","breadcrumb":{"@id":"https:\/\/www.bellitalie.org\/it\/destinazione\/lombardia\/brescia\/chiesa-di-san-francesco-di-brescia\/#breadcrumb"},"inLanguage":"it-IT","potentialAction":[{"@type":"ReadAction","target":["https:\/\/www.bellitalie.org\/it\/destinazione\/lombardia\/brescia\/chiesa-di-san-francesco-di-brescia\/"]}]},{"@type":"BreadcrumbList","@id":"https:\/\/www.bellitalie.org\/it\/destinazione\/lombardia\/brescia\/chiesa-di-san-francesco-di-brescia\/#breadcrumb","itemListElement":[{"@type":"ListItem","position":1,"name":"Accueil","item":"https:\/\/www.bellitalie.org\/it\/"},{"@type":"ListItem","position":2,"name":"Lombardia","item":"https:\/\/www.bellitalie.org\/it\/regione_italia\/lombardia\/"},{"@type":"ListItem","position":3,"name":"Brescia","item":"https:\/\/www.bellitalie.org\/it\/destinazione\/lombardia\/brescia\/"},{"@type":"ListItem","position":4,"name":"Chiesa di San Francesco di Brescia"}]},{"@type":"Person","@id":"https:\/\/www.bellitalie.org\/#\/schema\/person\/6f25c64f0b5df6df0b93a2be44045da5","name":"Bellitalie","image":{"@type":"ImageObject","@id":"https:\/\/www.bellitalie.org\/#personlogo","inLanguage":"it-IT","url":"https:\/\/secure.gravatar.com\/avatar\/ad516503a11cd5ca435acc9bb6523536?s=96","contentUrl":"https:\/\/secure.gravatar.com\/avatar\/ad516503a11cd5ca435acc9bb6523536?s=96","caption":"Bellitalie"},"sameAs":["https:\/\/www.bellitalie.org"]}]}},"_links":{"self":[{"href":"https:\/\/www.bellitalie.org\/it\/wp-json\/wp\/v2\/destination\/26174"}],"collection":[{"href":"https:\/\/www.bellitalie.org\/it\/wp-json\/wp\/v2\/destination"}],"about":[{"href":"https:\/\/www.bellitalie.org\/it\/wp-json\/wp\/v2\/types\/destination"}],"author":[{"embeddable":true,"href":"https:\/\/www.bellitalie.org\/it\/wp-json\/wp\/v2\/users\/1"}],"replies":[{"embeddable":true,"href":"https:\/\/www.bellitalie.org\/it\/wp-json\/wp\/v2\/comments?post=26174"}],"version-history":[{"count":2,"href":"https:\/\/www.bellitalie.org\/it\/wp-json\/wp\/v2\/destination\/26174\/revisions"}],"predecessor-version":[{"id":26177,"href":"https:\/\/www.bellitalie.org\/it\/wp-json\/wp\/v2\/destination\/26174\/revisions\/26177"}],"up":[{"embeddable":true,"href":"https:\/\/www.bellitalie.org\/it\/wp-json\/wp\/v2\/destination\/26091"}],"wp:featuredmedia":[{"embeddable":true,"href":"https:\/\/www.bellitalie.org\/it\/wp-json\/wp\/v2\/media\/20519"}],"wp:attachment":[{"href":"https:\/\/www.bellitalie.org\/it\/wp-json\/wp\/v2\/media?parent=26174"}],"wp:term":[{"taxonomy":"post_tag","embeddable":true,"href":"https:\/\/www.bellitalie.org\/it\/wp-json\/wp\/v2\/tags?post=26174"},{"taxonomy":"categorie_page","embeddable":true,"href":"https:\/\/www.bellitalie.org\/it\/wp-json\/wp\/v2\/categorie_page?post=26174"},{"taxonomy":"region_italie","embeddable":true,"href":"https:\/\/www.bellitalie.org\/it\/wp-json\/wp\/v2\/region_italie?post=26174"}],"curies":[{"name":"wp","href":"https:\/\/api.w.org\/{rel}","templated":true}]}}