{"id":26337,"date":"2021-09-08T14:52:54","date_gmt":"2021-09-08T12:52:54","guid":{"rendered":"https:\/\/www.bellitalie.org\/destination\/lombardia\/bellagio\/"},"modified":"2023-10-23T15:42:25","modified_gmt":"2023-10-23T13:42:25","slug":"bellagio","status":"publish","type":"destination","link":"https:\/\/www.bellitalie.org\/it\/destinazione\/lombardia\/bellagio\/","title":{"rendered":"Bellagio"},"content":{"rendered":"\n<p>All&#8217;incrocio dei due bracci meridionali del Lago di Como, <strong>Bellagio<\/strong> \u00e8 un grazioso borgo designato come la \u00abperla del Lago di Como\u00bb, localit\u00e0 di villeggiatura situata sulla punta di terra che avanza tra le acque. \u00c8 in questo contesto eccezionale che furono costruite dal XVIII secolo ville aristocratiche e borghesi. Queste presero posto a celebrit\u00e0 storiche come Napoleone, Liszt o Manzoni.<br>\u00c8 una destinazione turistica, ben fornita di caff\u00e8 e ristoranti. Nonostante la frequentazione a volte un po&#8217; eccessiva, il luogo conserva un grande magnetismo, con la sua piccola collina circondata dai due bracci del lago che si uniscono alla <strong>Punta Spartivento<\/strong>. Si pu\u00f2 raggiungerla con passeggiate in riva al lago, o attraversare il notevole centro storico, i cui vicoli pittoreschi sono formati da case colorate, scale e antiche chiese.<br>Due delle ville si distinguono e possono essere visitate: la <strong>Villa Serbelloni<\/strong> su un promontorio con il suo giardino terrazzato che ospit\u00f2 imperatori o Manzoni, e la <strong>Villa Melzi<\/strong> neoclassica del XIX secolo con il suo giardino all&#8217;inglese che ospitava Bonaparte o Listz.<br>Da Bellagio si possono raggiungere in barca diversi altri borghi sul lago, tra cui le altre due sponde.<\/p>\n\n\n<figure class=\"wp-container-2 wp-block-gallery-1 wp-block-gallery has-nested-images columns-default is-cropped\">\n<figure class=\"wp-block-image size-medium\"><a href=\"https:\/\/www.bellitalie.org\/wp-content\/uploads\/2021\/09\/bellagio_1529.jpg\"><img loading=\"lazy\" width=\"1200\" height=\"800\" data-id=\"917\"  src=\"https:\/\/www.bellitalie.org\/wp-content\/uploads\/2021\/09\/bellagio_1529.jpg\" alt=\"Foto di Bellagio\" class=\"wp-image-917\" srcset=\"https:\/\/www.bellitalie.org\/wp-content\/uploads\/2021\/09\/bellagio_1529.jpg 1200w, https:\/\/www.bellitalie.org\/wp-content\/uploads\/2021\/09\/bellagio_1529-300x200.jpg 300w, https:\/\/www.bellitalie.org\/wp-content\/uploads\/2021\/09\/bellagio_1529-1024x683.jpg 1024w, https:\/\/www.bellitalie.org\/wp-content\/uploads\/2021\/09\/bellagio_1529-768x512.jpg 768w\" sizes=\"(max-width: 1200px) 100vw, 1200px\" \/><\/a><figcaption>Riva di Bellagio<\/figcaption><\/figure>\n\n\n\n<figure class=\"wp-block-image size-medium\"><a href=\"https:\/\/www.bellitalie.org\/wp-content\/uploads\/2021\/10\/lungolago-bellagio_8108.jpg\"><img loading=\"lazy\" width=\"1200\" height=\"800\" data-id=\"21233\"  src=\"https:\/\/www.bellitalie.org\/wp-content\/uploads\/2021\/10\/lungolago-bellagio_8108.jpg\" alt=\"foto del lungolago-bellagio_8108\" class=\"wp-image-21233\" srcset=\"https:\/\/www.bellitalie.org\/wp-content\/uploads\/2021\/10\/lungolago-bellagio_8108.jpg 1200w, https:\/\/www.bellitalie.org\/wp-content\/uploads\/2021\/10\/lungolago-bellagio_8108-300x200.jpg 300w, https:\/\/www.bellitalie.org\/wp-content\/uploads\/2021\/10\/lungolago-bellagio_8108-1024x683.jpg 1024w, https:\/\/www.bellitalie.org\/wp-content\/uploads\/2021\/10\/lungolago-bellagio_8108-768x512.jpg 768w\" sizes=\"(max-width: 1200px) 100vw, 1200px\" \/><\/a><figcaption>Veduta su Bellagio<\/figcaption><\/figure>\n\n\n\n<figure class=\"wp-block-image size-large\"><a href=\"https:\/\/www.bellitalie.org\/wp-content\/uploads\/2021\/09\/centre-historique-bellagio_8159.jpg\"><img loading=\"lazy\" width=\"683\" height=\"1024\" data-id=\"21746\"  src=\"https:\/\/www.bellitalie.org\/wp-content\/uploads\/2021\/09\/centre-historique-bellagio_8159-683x1024.jpg\" alt=\"Foto del centro storico di Bellagio\" class=\"wp-image-21746\" srcset=\"https:\/\/www.bellitalie.org\/wp-content\/uploads\/2021\/09\/centre-historique-bellagio_8159-683x1024.jpg 683w, https:\/\/www.bellitalie.org\/wp-content\/uploads\/2021\/09\/centre-historique-bellagio_8159-200x300.jpg 200w, https:\/\/www.bellitalie.org\/wp-content\/uploads\/2021\/09\/centre-historique-bellagio_8159-768x1152.jpg 768w, https:\/\/www.bellitalie.org\/wp-content\/uploads\/2021\/09\/centre-historique-bellagio_8159.jpg 800w\" sizes=\"(max-width: 683px) 100vw, 683px\" \/><\/a><figcaption>Centro storico<\/figcaption><\/figure>\n\n\n\n<figure class=\"wp-block-image size-medium\"><a href=\"https:\/\/www.bellitalie.org\/wp-content\/uploads\/2021\/09\/bellagio-punta-spartivento_8148.jpg\"><img loading=\"lazy\" width=\"300\" height=\"200\" data-id=\"21713\"  src=\"https:\/\/www.bellitalie.org\/wp-content\/uploads\/2021\/09\/bellagio-punta-spartivento_8148-300x200.jpg\" alt=\"bellagio-punta-spartivento_8148\" class=\"wp-image-21713\" srcset=\"https:\/\/www.bellitalie.org\/wp-content\/uploads\/2021\/09\/bellagio-punta-spartivento_8148-300x200.jpg 300w, https:\/\/www.bellitalie.org\/wp-content\/uploads\/2021\/09\/bellagio-punta-spartivento_8148-1024x683.jpg 1024w, https:\/\/www.bellitalie.org\/wp-content\/uploads\/2021\/09\/bellagio-punta-spartivento_8148-768x512.jpg 768w, https:\/\/www.bellitalie.org\/wp-content\/uploads\/2021\/09\/bellagio-punta-spartivento_8148.jpg 1200w\" sizes=\"(max-width: 300px) 100vw, 300px\" \/><\/a><figcaption>Punta Spartivento<\/figcaption><\/figure>\n\n\n\n<figure class=\"wp-block-image size-medium\"><a href=\"https:\/\/www.bellitalie.org\/wp-content\/uploads\/2021\/10\/bellagio_8139.jpg\"><img loading=\"lazy\" width=\"200\" height=\"300\" data-id=\"21454\"  src=\"https:\/\/www.bellitalie.org\/wp-content\/uploads\/2021\/10\/bellagio_8139-200x300.jpg\" alt=\"bellagio_8139\" class=\"wp-image-21454\" srcset=\"https:\/\/www.bellitalie.org\/wp-content\/uploads\/2021\/10\/bellagio_8139-200x300.jpg 200w, https:\/\/www.bellitalie.org\/wp-content\/uploads\/2021\/10\/bellagio_8139-683x1024.jpg 683w, https:\/\/www.bellitalie.org\/wp-content\/uploads\/2021\/10\/bellagio_8139-768x1152.jpg 768w, https:\/\/www.bellitalie.org\/wp-content\/uploads\/2021\/10\/bellagio_8139.jpg 800w\" sizes=\"(max-width: 200px) 100vw, 200px\" \/><\/a><figcaption>Riva<\/figcaption><\/figure>\n\n\n\n<figure class=\"wp-block-image size-medium\"><a href=\"https:\/\/www.bellitalie.org\/wp-content\/uploads\/2021\/09\/bellagio_8128.jpg\"><img loading=\"lazy\" width=\"300\" height=\"200\" data-id=\"21707\"  src=\"https:\/\/www.bellitalie.org\/wp-content\/uploads\/2021\/09\/bellagio_8128-300x200.jpg\" alt=\"bellagio_8128\" class=\"wp-image-21707\" srcset=\"https:\/\/www.bellitalie.org\/wp-content\/uploads\/2021\/09\/bellagio_8128-300x200.jpg 300w, https:\/\/www.bellitalie.org\/wp-content\/uploads\/2021\/09\/bellagio_8128-1024x683.jpg 1024w, https:\/\/www.bellitalie.org\/wp-content\/uploads\/2021\/09\/bellagio_8128-768x512.jpg 768w, https:\/\/www.bellitalie.org\/wp-content\/uploads\/2021\/09\/bellagio_8128.jpg 1200w\" sizes=\"(max-width: 300px) 100vw, 300px\" \/><\/a><figcaption>Riva<\/figcaption><\/figure>\n<\/figure>\n\n\n<h2>Tour di Bellagio<\/h2>\n<p>La <strong>Villa Serbelloni<\/strong>, poco distante dalla punta occidentale, \u00e8 uno dei simboli di Bellagio, costruita nel XVII secolo sui resti di un antico castello, acquistato dagli Sfondrati dalla grande famiglia lombarda dei Serbelloni, che ora \u00e8 un prestigioso hotel di propriet\u00e0 della Fondazione Rockfeller e che accoglie dei congressi internazionali. Il visitatore pu\u00f2 scoprire i suoi incantevoli giardini labirintici, con il suo parco terrazzato percorso da sentieri, piante esotiche e roseti. Si visitano da fine marzo a inizio novembre circa.<br>Ospiti illustri hanno soggiornato qui per molto tempo, come Leonardo da Vinci o il cardinale Borromeo, e nel XIX secolo per esempio Alessandro Manzoni, l&#8217;imperatore Francesco I d&#8217;Austria, il kaiser Guglielmo o il re d&#8217;Italia Umberto I.<\/p>\n<p>Nel vicino centro storico, la <strong>Basilica di San Giacomo<\/strong> \u00e8 una bella chiesa del XII secolo in stile romanico lombardo, con un bel campanile. L&#8217;interno conserva opere di grande valore, tra cui il trittico della <em>Madonna con i santi Rocco e Sebastiano e la Deposizione di Ges\u00f9<\/em>, della scuola del Perugino.<\/p>\n<p>A sud del centro, <strong>Villa Melzi<\/strong> \u00e8 un edificio neoclassico degli inizi del XIX secolo, con una facciata sobria e un giardino all&#8217;inglese. In particolare ospit\u00f2 Bonaparte e Listz. L&#8217;ampio spazio verde \u00e8 ornato da opere come statue egiziane o urne etrusche, tra piante rare, alberi secolari, ecc. L&#8217;interno fu accuratamente allestito, dai migliori scultori, tappezzieri e pittori dell&#8217;epoca, tra cui tele di Appiani e sculture di Canova.<br>La villa \u00e8 privata, ma \u00e8 possibile visitarne i giardini, da fine marzo a inizio novembre.<\/p>\n<p>A circa 2 km a sud del centro citt\u00e0, l&#8217;affascinante <strong>Chiesa barocca di San Giovanni<\/strong> conserva un bellissimo altare maggiore e una pala d&#8217;altare con il <em>Cristo risorto<\/em> di Gaudenzio Ferrari.<br>Accanto al Museo degli strumenti di navigazione \u00e8 esposta una collezione di meridiane, astrolabi e altri strumenti, dedicata alla storia marittima. Conta pi\u00f9 di duecento oggetti.<\/p>\n<p>Nei dintorni, il triangolo Lariano, tra Bellagio, Como e Lecco \u00e8 un massiccio tra i due bracci del lago, le cui cime offrono bellissimi panorami, come dal Monte San Primo (1682 m), il Monte Palanzone (1436 m) e i Corni di Canzo (1373 m).<br>\u00c8 inoltre possibile partire da Bellagio per escursioni in barca alla scoperta delle bellezze di questa zona del lago, come Menaggio, Varenna, Villa Carlotta, Tremezzo e Lenno.<\/p>\n\n\n<figure class=\"wp-container-4 wp-block-gallery-3 wp-block-gallery has-nested-images columns-4 is-cropped\">\n<figure class=\"wp-block-image size-medium\"><a href=\"https:\/\/www.bellitalie.org\/wp-content\/uploads\/2021\/09\/lungolago-bellagio_8132.jpg\"><img loading=\"lazy\" width=\"300\" height=\"200\" data-id=\"21716\"  src=\"https:\/\/www.bellitalie.org\/wp-content\/uploads\/2021\/09\/lungolago-bellagio_8132-300x200.jpg\" alt=\"lungolago-bellagio_8132\" class=\"wp-image-21716\" srcset=\"https:\/\/www.bellitalie.org\/wp-content\/uploads\/2021\/09\/lungolago-bellagio_8132-300x200.jpg 300w, https:\/\/www.bellitalie.org\/wp-content\/uploads\/2021\/09\/lungolago-bellagio_8132-1024x683.jpg 1024w, https:\/\/www.bellitalie.org\/wp-content\/uploads\/2021\/09\/lungolago-bellagio_8132-768x512.jpg 768w, https:\/\/www.bellitalie.org\/wp-content\/uploads\/2021\/09\/lungolago-bellagio_8132.jpg 1200w\" sizes=\"(max-width: 300px) 100vw, 300px\" \/><\/a><figcaption>Riva<\/figcaption><\/figure>\n\n\n\n<figure class=\"wp-block-image size-medium\"><a href=\"https:\/\/www.bellitalie.org\/wp-content\/uploads\/2021\/09\/bellagio_8124.jpg\"><img loading=\"lazy\" width=\"200\" height=\"300\" data-id=\"21704\"  src=\"https:\/\/www.bellitalie.org\/wp-content\/uploads\/2021\/09\/bellagio_8124-200x300.jpg\" alt=\"bellagio_8124\" class=\"wp-image-21704\" srcset=\"https:\/\/www.bellitalie.org\/wp-content\/uploads\/2021\/09\/bellagio_8124-200x300.jpg 200w, https:\/\/www.bellitalie.org\/wp-content\/uploads\/2021\/09\/bellagio_8124-683x1024.jpg 683w, https:\/\/www.bellitalie.org\/wp-content\/uploads\/2021\/09\/bellagio_8124-768x1152.jpg 768w, https:\/\/www.bellitalie.org\/wp-content\/uploads\/2021\/09\/bellagio_8124.jpg 800w\" sizes=\"(max-width: 200px) 100vw, 200px\" \/><\/a><figcaption>Riva<\/figcaption><\/figure>\n\n\n\n<figure class=\"wp-block-image size-medium\"><a href=\"https:\/\/www.bellitalie.org\/wp-content\/uploads\/2021\/09\/bellagio-centro-storico_8143.jpg\"><img loading=\"lazy\" width=\"200\" height=\"300\" data-id=\"21710\"  src=\"https:\/\/www.bellitalie.org\/wp-content\/uploads\/2021\/09\/bellagio-centro-storico_8143-200x300.jpg\" alt=\"bellagio-centro-storico_8143\" class=\"wp-image-21710\" srcset=\"https:\/\/www.bellitalie.org\/wp-content\/uploads\/2021\/09\/bellagio-centro-storico_8143-200x300.jpg 200w, https:\/\/www.bellitalie.org\/wp-content\/uploads\/2021\/09\/bellagio-centro-storico_8143-683x1024.jpg 683w, https:\/\/www.bellitalie.org\/wp-content\/uploads\/2021\/09\/bellagio-centro-storico_8143-768x1152.jpg 768w, https:\/\/www.bellitalie.org\/wp-content\/uploads\/2021\/09\/bellagio-centro-storico_8143.jpg 800w\" sizes=\"(max-width: 200px) 100vw, 200px\" \/><\/a><figcaption>Centro storico<\/figcaption><\/figure>\n\n\n\n<figure class=\"wp-block-image size-medium\"><a href=\"https:\/\/www.bellitalie.org\/wp-content\/uploads\/2021\/09\/basilique-saint-jacques-bellagio_8158.jpg\"><img loading=\"lazy\" width=\"300\" height=\"200\" data-id=\"21737\"  src=\"https:\/\/www.bellitalie.org\/wp-content\/uploads\/2021\/09\/basilique-saint-jacques-bellagio_8158-300x200.jpg\" alt=\"basilique-saint-jacques-bellagio_8158\" class=\"wp-image-21737\" srcset=\"https:\/\/www.bellitalie.org\/wp-content\/uploads\/2021\/09\/basilique-saint-jacques-bellagio_8158-300x200.jpg 300w, https:\/\/www.bellitalie.org\/wp-content\/uploads\/2021\/09\/basilique-saint-jacques-bellagio_8158-1024x683.jpg 1024w, https:\/\/www.bellitalie.org\/wp-content\/uploads\/2021\/09\/basilique-saint-jacques-bellagio_8158-768x512.jpg 768w, https:\/\/www.bellitalie.org\/wp-content\/uploads\/2021\/09\/basilique-saint-jacques-bellagio_8158.jpg 1200w\" sizes=\"(max-width: 300px) 100vw, 300px\" \/><\/a><figcaption>Basilica San Giacomo<\/figcaption><\/figure>\n\n\n\n<figure class=\"wp-block-image size-medium\"><a href=\"https:\/\/www.bellitalie.org\/wp-content\/uploads\/2021\/09\/basilica-san-giacomo-bellagio_8153.jpg\"><img loading=\"lazy\" width=\"300\" height=\"200\" data-id=\"21734\"  src=\"https:\/\/www.bellitalie.org\/wp-content\/uploads\/2021\/09\/basilica-san-giacomo-bellagio_8153-300x200.jpg\" alt=\"basilica-san-giacomo-bellagio_8153\" class=\"wp-image-21734\" srcset=\"https:\/\/www.bellitalie.org\/wp-content\/uploads\/2021\/09\/basilica-san-giacomo-bellagio_8153-300x200.jpg 300w, https:\/\/www.bellitalie.org\/wp-content\/uploads\/2021\/09\/basilica-san-giacomo-bellagio_8153-1024x683.jpg 1024w, https:\/\/www.bellitalie.org\/wp-content\/uploads\/2021\/09\/basilica-san-giacomo-bellagio_8153-768x512.jpg 768w, https:\/\/www.bellitalie.org\/wp-content\/uploads\/2021\/09\/basilica-san-giacomo-bellagio_8153.jpg 1200w\" sizes=\"(max-width: 300px) 100vw, 300px\" \/><\/a><figcaption>Basilica San Giacomo<\/figcaption><\/figure>\n\n\n\n<figure class=\"wp-block-image size-medium\"><a href=\"https:\/\/www.bellitalie.org\/wp-content\/uploads\/2021\/09\/basilica-san-giacomo-bellagio_8151.jpg\"><img loading=\"lazy\" width=\"200\" height=\"300\" data-id=\"21728\"  src=\"https:\/\/www.bellitalie.org\/wp-content\/uploads\/2021\/09\/basilica-san-giacomo-bellagio_8151-200x300.jpg\" alt=\"basilica-san-giacomo-bellagio_8151\" class=\"wp-image-21728\" srcset=\"https:\/\/www.bellitalie.org\/wp-content\/uploads\/2021\/09\/basilica-san-giacomo-bellagio_8151-200x300.jpg 200w, https:\/\/www.bellitalie.org\/wp-content\/uploads\/2021\/09\/basilica-san-giacomo-bellagio_8151-683x1024.jpg 683w, https:\/\/www.bellitalie.org\/wp-content\/uploads\/2021\/09\/basilica-san-giacomo-bellagio_8151-768x1152.jpg 768w, https:\/\/www.bellitalie.org\/wp-content\/uploads\/2021\/09\/basilica-san-giacomo-bellagio_8151.jpg 800w\" sizes=\"(max-width: 200px) 100vw, 200px\" \/><\/a><figcaption>Basilica San Giacomo<\/figcaption><\/figure>\n\n\n\n<figure class=\"wp-block-image size-medium\"><a href=\"https:\/\/www.bellitalie.org\/wp-content\/uploads\/2021\/09\/basilica-san-giacomo-bellagio_8152.jpg\"><img loading=\"lazy\" width=\"200\" height=\"300\" data-id=\"21731\"  src=\"https:\/\/www.bellitalie.org\/wp-content\/uploads\/2021\/09\/basilica-san-giacomo-bellagio_8152-200x300.jpg\" alt=\"basilica-san-giacomo-bellagio_8152\" class=\"wp-image-21731\" srcset=\"https:\/\/www.bellitalie.org\/wp-content\/uploads\/2021\/09\/basilica-san-giacomo-bellagio_8152-200x300.jpg 200w, https:\/\/www.bellitalie.org\/wp-content\/uploads\/2021\/09\/basilica-san-giacomo-bellagio_8152-683x1024.jpg 683w, https:\/\/www.bellitalie.org\/wp-content\/uploads\/2021\/09\/basilica-san-giacomo-bellagio_8152-768x1152.jpg 768w, https:\/\/www.bellitalie.org\/wp-content\/uploads\/2021\/09\/basilica-san-giacomo-bellagio_8152.jpg 800w\" sizes=\"(max-width: 200px) 100vw, 200px\" \/><\/a><figcaption>Basilica San Giacomo<\/figcaption><\/figure>\n\n\n\n<figure class=\"wp-block-image size-medium\"><a href=\"https:\/\/www.bellitalie.org\/wp-content\/uploads\/2021\/09\/bellagio-punta-spartivento_8147.jpg\"><img loading=\"lazy\" width=\"300\" height=\"200\" data-id=\"21743\"  src=\"https:\/\/www.bellitalie.org\/wp-content\/uploads\/2021\/09\/bellagio-punta-spartivento_8147-300x200.jpg\" alt=\"bellagio-punta-spartivento_8147\" class=\"wp-image-21743\" srcset=\"https:\/\/www.bellitalie.org\/wp-content\/uploads\/2021\/09\/bellagio-punta-spartivento_8147-300x200.jpg 300w, https:\/\/www.bellitalie.org\/wp-content\/uploads\/2021\/09\/bellagio-punta-spartivento_8147-1024x683.jpg 1024w, https:\/\/www.bellitalie.org\/wp-content\/uploads\/2021\/09\/bellagio-punta-spartivento_8147-768x512.jpg 768w, https:\/\/www.bellitalie.org\/wp-content\/uploads\/2021\/09\/bellagio-punta-spartivento_8147.jpg 1200w\" sizes=\"(max-width: 300px) 100vw, 300px\" \/><\/a><figcaption>Punta Spartivento<\/figcaption><\/figure>\n\n\n\n<figure class=\"wp-block-image size-medium\"><a href=\"https:\/\/www.bellitalie.org\/wp-content\/uploads\/2021\/09\/bellagio_8123.jpg\"><img loading=\"lazy\" width=\"300\" height=\"200\" data-id=\"21740\"  src=\"https:\/\/www.bellitalie.org\/wp-content\/uploads\/2021\/09\/bellagio_8123-300x200.jpg\" alt=\"bellagio_8123\" class=\"wp-image-21740\" srcset=\"https:\/\/www.bellitalie.org\/wp-content\/uploads\/2021\/09\/bellagio_8123-300x200.jpg 300w, https:\/\/www.bellitalie.org\/wp-content\/uploads\/2021\/09\/bellagio_8123-1024x683.jpg 1024w, https:\/\/www.bellitalie.org\/wp-content\/uploads\/2021\/09\/bellagio_8123-768x512.jpg 768w, https:\/\/www.bellitalie.org\/wp-content\/uploads\/2021\/09\/bellagio_8123.jpg 1200w\" sizes=\"(max-width: 300px) 100vw, 300px\" \/><\/a><figcaption>Riva<\/figcaption><\/figure>\n\n\n\n<figure class=\"wp-block-image size-medium\"><a href=\"https:\/\/www.bellitalie.org\/wp-content\/uploads\/2021\/10\/belvedere-strada-bellagio_8165.jpg\"><img loading=\"lazy\" width=\"300\" height=\"200\" data-id=\"21457\"  src=\"https:\/\/www.bellitalie.org\/wp-content\/uploads\/2021\/10\/belvedere-strada-bellagio_8165-300x200.jpg\" alt=\"belvedere-strada-bellagio_8165\" class=\"wp-image-21457\" srcset=\"https:\/\/www.bellitalie.org\/wp-content\/uploads\/2021\/10\/belvedere-strada-bellagio_8165-300x200.jpg 300w, https:\/\/www.bellitalie.org\/wp-content\/uploads\/2021\/10\/belvedere-strada-bellagio_8165-1024x683.jpg 1024w, https:\/\/www.bellitalie.org\/wp-content\/uploads\/2021\/10\/belvedere-strada-bellagio_8165-768x512.jpg 768w, https:\/\/www.bellitalie.org\/wp-content\/uploads\/2021\/10\/belvedere-strada-bellagio_8165.jpg 1200w\" sizes=\"(max-width: 300px) 100vw, 300px\" \/><\/a><figcaption>Veduta dalle alture<\/figcaption><\/figure>\n<\/figure>\n\n\n<p><\/p>\n<h2>Informazioni<\/h2>\n<ul>\n<li>Sito del comune di Bellagio : <a href=\"http:\/\/www.comune.bellagio.co.it\" target=\"_blank\" rel=\"noopener\">www.comune.bellagio.co.it<\/a><\/li>\n<li><a href=\"https:\/\/it.wikipedia.org\/wiki\/Bellagio\" target=\"_blank\" rel=\"noopener\">Articolo Wikipedia<\/a><\/li>\n<li>Portali turistici : <a href=\"https:\/\/www.bellagiolakecomo.com\/\" target=\"_blank\" rel=\"noopener\">www.bellagiolakecomo.com<\/a>, <a href=\"https:\/\/www.in-lombardia.it\/it\/turismo-in-lombardia\/lago-di-como-turismo\/bellagio\" target=\"_blank\" rel=\"noopener\">www.in-lombardia.it<\/a><\/li>\n<\/ul>\n<div id=\"meteo\"><br\/>\r\n\t\t<h2>Meteo a Bellagio<\/h2>\r\n<p><!-- Inizio codice ilMeteo.it --><\/p>\r\n<p><iframe src=\"https:\/\/www.ilmeteo.it\/box\/previsioni.php?citta=598&amp;type=day1&amp;width=600&amp;ico=1&amp;lang=ita&amp;days=6&amp;font=Arial&amp;fontsize=12&amp;bg=FFFFFF&amp;fg=000000&amp;bgtitle=F0E8DF&amp;fgtitle=3D3D3D&amp;bgtab=FBFAF5&amp;fglink=1361A3\" width=\"600\" height=\"240\" frameborder=\"no\" scrolling=\"no\"><\/iframe><\/p>\r\n<p><!-- Fine codice ilMeteo.it --><\/p>\r\n<\/div>\n<h2>Cartina<\/h2>\n<div id=\"travelersmap-container-69f4791d00703\" class=\"travelersmap-container\" style=\"z-index: 1; min-height: 10px; min-width:10px; height:400px;width:100%; max-width:; max-height:; position:relative;\"><div style=\"position:absolute; z-index:-1;top: 50%;text-align: center;display: block;left: 50%;transform: translate(-50%,-50%);\">Travelers' Map is loading... <br> If you see this after your page is loaded completely, leafletJS files are missing.<\/div><\/div>\n<p><\/p>\n\n\n<div class=\"wp-container-7 wp-block-columns has-background\" style=\"background-color:#dfece5\">\n<div class=\"wp-container-5 wp-block-column\">\n<p><a href=\"https:\/\/www.bellitalie.org\/it\/destinazione\/lombardia\/lago-di-como\/\"><strong>Lago di Como<\/strong><\/a><\/p>\n<ul class=\"lcp_catlist2\" id=\"lcp_instance_0\"><li><a href=\"https:\/\/www.bellitalie.org\/it\/destinazione\/lombardia\/lago-di-como\/cosa-vedere-sul-lago-di-como\/\">Cosa vedere sul Lago di Como<\/a><a href=\"https:\/\/www.bellitalie.org\/it\/destinazione\/lombardia\/lago-di-como\/cosa-vedere-sul-lago-di-como\/\" title=\"Cosa vedere sul Lago di Como\"><img width=\"150\" height=\"150\" src=\"https:\/\/www.bellitalie.org\/wp-content\/uploads\/2021\/10\/chateau-de-vezio-varenna_8331-150x150.jpg\" class=\"lcp_thumbnail wp-post-image\" alt=\"Cosa vedere sul Lago di Como\" loading=\"lazy\" srcset=\"https:\/\/www.bellitalie.org\/wp-content\/uploads\/2021\/10\/chateau-de-vezio-varenna_8331-150x150.jpg 150w, https:\/\/www.bellitalie.org\/wp-content\/uploads\/2021\/10\/chateau-de-vezio-varenna_8331-50x50.jpg 50w, https:\/\/www.bellitalie.org\/wp-content\/uploads\/2021\/10\/chateau-de-vezio-varenna_8331-80x80.jpg 80w, https:\/\/www.bellitalie.org\/wp-content\/uploads\/2021\/10\/chateau-de-vezio-varenna_8331-75x75.jpg 75w\" sizes=\"(max-width: 150px) 100vw, 150px\" \/><\/a><div class=\"lcp_excerpt\">\nQuesta pagina completa la presentazione generale del Lago di Como\nLungo i 185 km del perimetro ...<\/div><\/li><li><a href=\"https:\/\/www.bellitalie.org\/it\/destinazione\/lombardia\/como\/\">Como<\/a><a href=\"https:\/\/www.bellitalie.org\/it\/destinazione\/lombardia\/como\/\" title=\"Como\"><img width=\"150\" height=\"150\" src=\"https:\/\/www.bellitalie.org\/wp-content\/uploads\/2021\/09\/come_1469-1-150x150.jpg\" class=\"lcp_thumbnail wp-post-image\" alt=\"Como\" loading=\"lazy\" srcset=\"https:\/\/www.bellitalie.org\/wp-content\/uploads\/2021\/09\/come_1469-1-150x150.jpg 150w, https:\/\/www.bellitalie.org\/wp-content\/uploads\/2021\/09\/come_1469-1-50x50.jpg 50w, https:\/\/www.bellitalie.org\/wp-content\/uploads\/2021\/09\/come_1469-1-80x80.jpg 80w, https:\/\/www.bellitalie.org\/wp-content\/uploads\/2021\/09\/come_1469-1-75x75.jpg 75w\" sizes=\"(max-width: 150px) 100vw, 150px\" \/><\/a><div class=\"lcp_excerpt\">\nComo \u00e8 con Lecco la citt\u00e0 pi\u00f9 grande del Lago di Como, con circa 84.000 ...<\/div><\/li><li class=\"current\"><a href=\"https:\/\/www.bellitalie.org\/it\/destinazione\/lombardia\/bellagio\/\">Bellagio<\/a><a href=\"https:\/\/www.bellitalie.org\/it\/destinazione\/lombardia\/bellagio\/\" title=\"Bellagio\"><img width=\"150\" height=\"150\" src=\"https:\/\/www.bellitalie.org\/wp-content\/uploads\/2021\/09\/bellagio_1529-150x150.jpg\" class=\"lcp_thumbnail wp-post-image\" alt=\"Bellagio\" loading=\"lazy\" srcset=\"https:\/\/www.bellitalie.org\/wp-content\/uploads\/2021\/09\/bellagio_1529-150x150.jpg 150w, https:\/\/www.bellitalie.org\/wp-content\/uploads\/2021\/09\/bellagio_1529-50x50.jpg 50w, https:\/\/www.bellitalie.org\/wp-content\/uploads\/2021\/09\/bellagio_1529-80x80.jpg 80w, https:\/\/www.bellitalie.org\/wp-content\/uploads\/2021\/09\/bellagio_1529-75x75.jpg 75w\" sizes=\"(max-width: 150px) 100vw, 150px\" \/><\/a><div class=\"lcp_excerpt\">\nAll&#8217;incrocio dei due bracci meridionali del Lago di Como, Bellagio \u00e8 un grazioso borgo designato ...<\/div><\/li><li><a href=\"https:\/\/www.bellitalie.org\/it\/destinazione\/lombardia\/lago-di-como\/varenna\/\">Varenna<\/a><a href=\"https:\/\/www.bellitalie.org\/it\/destinazione\/lombardia\/lago-di-como\/varenna\/\" title=\"Varenna\"><img width=\"150\" height=\"150\" src=\"https:\/\/www.bellitalie.org\/wp-content\/uploads\/2021\/09\/varenna_8335-150x150.jpg\" class=\"lcp_thumbnail wp-post-image\" alt=\"Varenna\" loading=\"lazy\" srcset=\"https:\/\/www.bellitalie.org\/wp-content\/uploads\/2021\/09\/varenna_8335-150x150.jpg 150w, https:\/\/www.bellitalie.org\/wp-content\/uploads\/2021\/09\/varenna_8335-50x50.jpg 50w, https:\/\/www.bellitalie.org\/wp-content\/uploads\/2021\/09\/varenna_8335-80x80.jpg 80w, https:\/\/www.bellitalie.org\/wp-content\/uploads\/2021\/09\/varenna_8335-75x75.jpg 75w\" sizes=\"(max-width: 150px) 100vw, 150px\" \/><\/a><div class=\"lcp_excerpt\">\nVarenna \u00e8 uno dei borghi pi\u00f9 affascinanti del Lago di Como, circondato da bellissimi siti ...<\/div><\/li><li><a href=\"https:\/\/www.bellitalie.org\/it\/destinazione\/lombardia\/lago-di-como\/menaggio\/\">Menaggio<\/a><a href=\"https:\/\/www.bellitalie.org\/it\/destinazione\/lombardia\/lago-di-como\/menaggio\/\" title=\"Menaggio\"><img width=\"150\" height=\"150\" src=\"https:\/\/www.bellitalie.org\/wp-content\/uploads\/2021\/08\/lungolago-menaggio_8272-150x150.jpg\" class=\"lcp_thumbnail wp-post-image\" alt=\"Menaggio\" loading=\"lazy\" srcset=\"https:\/\/www.bellitalie.org\/wp-content\/uploads\/2021\/08\/lungolago-menaggio_8272-150x150.jpg 150w, https:\/\/www.bellitalie.org\/wp-content\/uploads\/2021\/08\/lungolago-menaggio_8272-50x50.jpg 50w, https:\/\/www.bellitalie.org\/wp-content\/uploads\/2021\/08\/lungolago-menaggio_8272-80x80.jpg 80w, https:\/\/www.bellitalie.org\/wp-content\/uploads\/2021\/08\/lungolago-menaggio_8272-75x75.jpg 75w\" sizes=\"(max-width: 150px) 100vw, 150px\" \/><\/a><div class=\"lcp_excerpt\">\nMenaggio \u00e8 un incantevole villaggio sulla riva occidentale del Lago di Como, relativamente tranquillo rispetto ...<\/div><\/li><\/ul>\n<\/div>\n\n\n\n<div class=\"wp-container-6 wp-block-column\">\n<p><strong><a href=\"https:\/\/www.bellitalie.org\/it\/regione_italia\/lombardia\/\">Lombardia<\/a><\/strong><\/p>\n<ul class=\"lcp_catlist2\" id=\"lcp_instance_0\"><li><a href=\"https:\/\/www.bellitalie.org\/it\/destinazione\/lombardia\/da-vedere-in-lombardia\/\">Da vedere in Lombardia<\/a><a href=\"https:\/\/www.bellitalie.org\/it\/destinazione\/lombardia\/da-vedere-in-lombardia\/\" title=\"Da vedere in Lombardia\"><img width=\"150\" height=\"150\" src=\"https:\/\/www.bellitalie.org\/wp-content\/uploads\/2021\/09\/lac-d-iseo_7534-150x150.jpg\" class=\"lcp_thumbnail wp-post-image\" alt=\"Da vedere in Lombardia\" loading=\"lazy\" srcset=\"https:\/\/www.bellitalie.org\/wp-content\/uploads\/2021\/09\/lac-d-iseo_7534-150x150.jpg 150w, https:\/\/www.bellitalie.org\/wp-content\/uploads\/2021\/09\/lac-d-iseo_7534-50x50.jpg 50w, https:\/\/www.bellitalie.org\/wp-content\/uploads\/2021\/09\/lac-d-iseo_7534-80x80.jpg 80w, https:\/\/www.bellitalie.org\/wp-content\/uploads\/2021\/09\/lac-d-iseo_7534-75x75.jpg 75w\" sizes=\"(max-width: 150px) 100vw, 150px\" \/><\/a><div class=\"lcp_excerpt\">\nMilano \nMilano, il capoluogo lombardo, \u00e8 il centro economico e finanziario dell&#8217;Italia con la sede ...<\/div><\/li><li><a href=\"https:\/\/www.bellitalie.org\/it\/destinazione\/lombardia\/milano\/\">Milano<\/a><a href=\"https:\/\/www.bellitalie.org\/it\/destinazione\/lombardia\/milano\/\" title=\"Milano\"><img width=\"150\" height=\"150\" src=\"https:\/\/www.bellitalie.org\/wp-content\/uploads\/2021\/09\/duomo-de-milan_8091-150x150.jpg\" class=\"lcp_thumbnail wp-post-image\" alt=\"Milano\" loading=\"lazy\" srcset=\"https:\/\/www.bellitalie.org\/wp-content\/uploads\/2021\/09\/duomo-de-milan_8091-150x150.jpg 150w, https:\/\/www.bellitalie.org\/wp-content\/uploads\/2021\/09\/duomo-de-milan_8091-50x50.jpg 50w, https:\/\/www.bellitalie.org\/wp-content\/uploads\/2021\/09\/duomo-de-milan_8091-80x80.jpg 80w, https:\/\/www.bellitalie.org\/wp-content\/uploads\/2021\/09\/duomo-de-milan_8091-75x75.jpg 75w\" sizes=\"(max-width: 150px) 100vw, 150px\" \/><\/a><div class=\"lcp_excerpt\">\nPrincipale citt\u00e0 economica e finanziaria d&#8217;Italia, centro internazionale della moda e dell&#8217;eleganza, Milano \u00e8 una ...<\/div><\/li><li><a href=\"https:\/\/www.bellitalie.org\/it\/destinazione\/lombardia\/lago-maggiore\/\">Lago Maggiore<\/a><a href=\"https:\/\/www.bellitalie.org\/it\/destinazione\/lombardia\/lago-maggiore\/\" title=\"Lago Maggiore\"><img width=\"150\" height=\"150\" src=\"https:\/\/www.bellitalie.org\/wp-content\/uploads\/2021\/09\/lac-majeur_7509-150x150.jpg\" class=\"lcp_thumbnail wp-post-image\" alt=\"Lago Maggiore\" loading=\"lazy\" srcset=\"https:\/\/www.bellitalie.org\/wp-content\/uploads\/2021\/09\/lac-majeur_7509-150x150.jpg 150w, https:\/\/www.bellitalie.org\/wp-content\/uploads\/2021\/09\/lac-majeur_7509-50x50.jpg 50w, https:\/\/www.bellitalie.org\/wp-content\/uploads\/2021\/09\/lac-majeur_7509-80x80.jpg 80w, https:\/\/www.bellitalie.org\/wp-content\/uploads\/2021\/09\/lac-majeur_7509-75x75.jpg 75w\" sizes=\"(max-width: 150px) 100vw, 150px\" \/><\/a><div class=\"lcp_excerpt\">\nIl Lago Maggiore \u00e8 una delle pi\u00f9 belle destinazioni del nord Italia, la cui sponda ...<\/div><\/li><li><a href=\"https:\/\/www.bellitalie.org\/it\/destinazione\/lombardia\/lago-di-como\/\">Lago di Como<\/a><a href=\"https:\/\/www.bellitalie.org\/it\/destinazione\/lombardia\/lago-di-como\/\" title=\"Lago di Como\"><img width=\"150\" height=\"150\" src=\"https:\/\/www.bellitalie.org\/wp-content\/uploads\/2021\/09\/lago_di_como_1496-150x150.jpg\" class=\"lcp_thumbnail wp-post-image\" alt=\"Lago di Como\" loading=\"lazy\" srcset=\"https:\/\/www.bellitalie.org\/wp-content\/uploads\/2021\/09\/lago_di_como_1496-150x150.jpg 150w, https:\/\/www.bellitalie.org\/wp-content\/uploads\/2021\/09\/lago_di_como_1496-50x50.jpg 50w, https:\/\/www.bellitalie.org\/wp-content\/uploads\/2021\/09\/lago_di_como_1496-80x80.jpg 80w, https:\/\/www.bellitalie.org\/wp-content\/uploads\/2021\/09\/lago_di_como_1496-75x75.jpg 75w\" sizes=\"(max-width: 150px) 100vw, 150px\" \/><\/a><div class=\"lcp_excerpt\">\nNon solo il Lago di Como \u00e8 il lago pi\u00f9 profondo d&#8217;Italia, ma \u00e8 anche ...<\/div><\/li><li><a href=\"https:\/\/www.bellitalie.org\/it\/destinazione\/veneto\/lago-di-garda\/\">Lago di Garda<\/a><a href=\"https:\/\/www.bellitalie.org\/it\/destinazione\/veneto\/lago-di-garda\/\" title=\"Lago di Garda\"><img width=\"150\" height=\"150\" src=\"https:\/\/www.bellitalie.org\/wp-content\/uploads\/2023\/09\/cote-lac-de-garde-malcesine-brenzone_9766-150x150.jpg\" class=\"lcp_thumbnail wp-post-image\" alt=\"Lago di Garda\" loading=\"lazy\" srcset=\"https:\/\/www.bellitalie.org\/wp-content\/uploads\/2023\/09\/cote-lac-de-garde-malcesine-brenzone_9766-150x150.jpg 150w, https:\/\/www.bellitalie.org\/wp-content\/uploads\/2023\/09\/cote-lac-de-garde-malcesine-brenzone_9766-50x50.jpg 50w, https:\/\/www.bellitalie.org\/wp-content\/uploads\/2023\/09\/cote-lac-de-garde-malcesine-brenzone_9766-80x80.jpg 80w, https:\/\/www.bellitalie.org\/wp-content\/uploads\/2023\/09\/cote-lac-de-garde-malcesine-brenzone_9766-75x75.jpg 75w\" sizes=\"(max-width: 150px) 100vw, 150px\" \/><\/a><div class=\"lcp_excerpt\">\nIl Lago di Garda \u00e8 il pi\u00f9 grande lago d&#8217;Italia, situato tra Brescia ad ovest ...<\/div><\/li><li><a href=\"https:\/\/www.bellitalie.org\/it\/destinazione\/lombardia\/bergamo\/\">Bergamo<\/a><a href=\"https:\/\/www.bellitalie.org\/it\/destinazione\/lombardia\/bergamo\/\" title=\"Bergamo\"><img width=\"150\" height=\"150\" src=\"https:\/\/www.bellitalie.org\/wp-content\/uploads\/2021\/09\/bergame_1513-150x150.jpg\" class=\"lcp_thumbnail wp-post-image\" alt=\"Bergamo\" loading=\"lazy\" srcset=\"https:\/\/www.bellitalie.org\/wp-content\/uploads\/2021\/09\/bergame_1513-150x150.jpg 150w, https:\/\/www.bellitalie.org\/wp-content\/uploads\/2021\/09\/bergame_1513-50x50.jpg 50w, https:\/\/www.bellitalie.org\/wp-content\/uploads\/2021\/09\/bergame_1513-80x80.jpg 80w, https:\/\/www.bellitalie.org\/wp-content\/uploads\/2021\/09\/bergame_1513-75x75.jpg 75w\" sizes=\"(max-width: 150px) 100vw, 150px\" \/><\/a><div class=\"lcp_excerpt\">\nLa citt\u00e0 alta di Bergamo \u00e8 il pi\u00f9 bel centro medievale di Lombardia, protetto da ...<\/div><\/li><li><a href=\"https:\/\/www.bellitalie.org\/it\/destinazione\/lombardia\/brescia\/\">Brescia<\/a><a href=\"https:\/\/www.bellitalie.org\/it\/destinazione\/lombardia\/brescia\/\" title=\"Brescia\"><img width=\"150\" height=\"150\" src=\"https:\/\/www.bellitalie.org\/wp-content\/uploads\/2021\/09\/brescia_1556-150x150.jpg\" class=\"lcp_thumbnail wp-post-image\" alt=\"Brescia\" loading=\"lazy\" srcset=\"https:\/\/www.bellitalie.org\/wp-content\/uploads\/2021\/09\/brescia_1556-150x150.jpg 150w, https:\/\/www.bellitalie.org\/wp-content\/uploads\/2021\/09\/brescia_1556-50x50.jpg 50w, https:\/\/www.bellitalie.org\/wp-content\/uploads\/2021\/09\/brescia_1556-80x80.jpg 80w, https:\/\/www.bellitalie.org\/wp-content\/uploads\/2021\/09\/brescia_1556-75x75.jpg 75w\" sizes=\"(max-width: 150px) 100vw, 150px\" \/><\/a><div class=\"lcp_excerpt\">\nBrescia, la seconda citt\u00e0 pi\u00f9 grande della Lombardia, non gode della fama che meriterebbe. \u00c8 ...<\/div><\/li><li><a href=\"https:\/\/www.bellitalie.org\/it\/destinazione\/lombardia\/mantova\/\">Mantova<\/a><a href=\"https:\/\/www.bellitalie.org\/it\/destinazione\/lombardia\/mantova\/\" title=\"Mantova\"><img width=\"150\" height=\"150\" src=\"https:\/\/www.bellitalie.org\/wp-content\/uploads\/2021\/09\/laghi-mincio-mantova_0704-150x150.jpg\" class=\"lcp_thumbnail wp-post-image\" alt=\"Mantova\" loading=\"lazy\" srcset=\"https:\/\/www.bellitalie.org\/wp-content\/uploads\/2021\/09\/laghi-mincio-mantova_0704-150x150.jpg 150w, https:\/\/www.bellitalie.org\/wp-content\/uploads\/2021\/09\/laghi-mincio-mantova_0704-50x50.jpg 50w, https:\/\/www.bellitalie.org\/wp-content\/uploads\/2021\/09\/laghi-mincio-mantova_0704-80x80.jpg 80w, https:\/\/www.bellitalie.org\/wp-content\/uploads\/2021\/09\/laghi-mincio-mantova_0704-75x75.jpg 75w\" sizes=\"(max-width: 150px) 100vw, 150px\" \/><\/a><div class=\"lcp_excerpt\">\nMantova \u00e8 una meravigliosa citt\u00e0 della pianura padana, iscritta dall&#8217;Unesco al Patrimonio dell&#8217;Umanit\u00e0 nel 2008. ...<\/div><\/li><li><a href=\"https:\/\/www.bellitalie.org\/it\/destinazione\/lombardia\/cremona\/\">Cremona<\/a><a href=\"https:\/\/www.bellitalie.org\/it\/destinazione\/lombardia\/cremona\/\" title=\"Cremona\"><img width=\"150\" height=\"150\" src=\"https:\/\/www.bellitalie.org\/wp-content\/uploads\/2021\/09\/cremone_7949-150x150.jpg\" class=\"lcp_thumbnail wp-post-image\" alt=\"Cremona\" loading=\"lazy\" srcset=\"https:\/\/www.bellitalie.org\/wp-content\/uploads\/2021\/09\/cremone_7949-150x150.jpg 150w, https:\/\/www.bellitalie.org\/wp-content\/uploads\/2021\/09\/cremone_7949-50x50.jpg 50w, https:\/\/www.bellitalie.org\/wp-content\/uploads\/2021\/09\/cremone_7949-80x80.jpg 80w, https:\/\/www.bellitalie.org\/wp-content\/uploads\/2021\/09\/cremone_7949-75x75.jpg 75w\" sizes=\"(max-width: 150px) 100vw, 150px\" \/><\/a><div class=\"lcp_excerpt\">\nCremona \u00e8 una citt\u00e0 lombarda di circa 71.000 abitanti (nel 2021), situata nella pianura padana, ...<\/div><\/li><li><a href=\"https:\/\/www.bellitalie.org\/it\/destinazione\/lombardia\/como\/\">Como<\/a><a href=\"https:\/\/www.bellitalie.org\/it\/destinazione\/lombardia\/como\/\" title=\"Como\"><img width=\"150\" height=\"150\" src=\"https:\/\/www.bellitalie.org\/wp-content\/uploads\/2021\/09\/come_1469-1-150x150.jpg\" class=\"lcp_thumbnail wp-post-image\" alt=\"Como\" loading=\"lazy\" srcset=\"https:\/\/www.bellitalie.org\/wp-content\/uploads\/2021\/09\/come_1469-1-150x150.jpg 150w, https:\/\/www.bellitalie.org\/wp-content\/uploads\/2021\/09\/come_1469-1-50x50.jpg 50w, https:\/\/www.bellitalie.org\/wp-content\/uploads\/2021\/09\/come_1469-1-80x80.jpg 80w, https:\/\/www.bellitalie.org\/wp-content\/uploads\/2021\/09\/come_1469-1-75x75.jpg 75w\" sizes=\"(max-width: 150px) 100vw, 150px\" \/><\/a><div class=\"lcp_excerpt\">\nComo \u00e8 con Lecco la citt\u00e0 pi\u00f9 grande del Lago di Como, con circa 84.000 ...<\/div><\/li><li><a href=\"https:\/\/www.bellitalie.org\/it\/destinazione\/lombardia\/pavia\/\">Pavia<\/a><a href=\"https:\/\/www.bellitalie.org\/it\/destinazione\/lombardia\/pavia\/\" title=\"Pavia\"><img width=\"150\" height=\"150\" src=\"https:\/\/www.bellitalie.org\/wp-content\/uploads\/2021\/09\/pavie_7921-150x150.jpg\" class=\"lcp_thumbnail wp-post-image\" alt=\"Pavia\" loading=\"lazy\" srcset=\"https:\/\/www.bellitalie.org\/wp-content\/uploads\/2021\/09\/pavie_7921-150x150.jpg 150w, https:\/\/www.bellitalie.org\/wp-content\/uploads\/2021\/09\/pavie_7921-50x50.jpg 50w, https:\/\/www.bellitalie.org\/wp-content\/uploads\/2021\/09\/pavie_7921-80x80.jpg 80w, https:\/\/www.bellitalie.org\/wp-content\/uploads\/2021\/09\/pavie_7921-75x75.jpg 75w\" sizes=\"(max-width: 150px) 100vw, 150px\" \/><\/a><div class=\"lcp_excerpt\">\nPavia \u00e8 una graziosa citt\u00e0 sulle sponde del Ticino a 40 km a sud di ...<\/div><\/li><li><a href=\"https:\/\/www.bellitalie.org\/it\/destinazione\/lombardia\/sirmione\/\">Sirmione<\/a><a href=\"https:\/\/www.bellitalie.org\/it\/destinazione\/lombardia\/sirmione\/\" title=\"Sirmione\"><img width=\"150\" height=\"150\" src=\"https:\/\/www.bellitalie.org\/wp-content\/uploads\/2021\/09\/sirmione_1567-150x150.jpg\" class=\"lcp_thumbnail wp-post-image\" alt=\"Sirmione\" loading=\"lazy\" srcset=\"https:\/\/www.bellitalie.org\/wp-content\/uploads\/2021\/09\/sirmione_1567-150x150.jpg 150w, https:\/\/www.bellitalie.org\/wp-content\/uploads\/2021\/09\/sirmione_1567-50x50.jpg 50w, https:\/\/www.bellitalie.org\/wp-content\/uploads\/2021\/09\/sirmione_1567-80x80.jpg 80w, https:\/\/www.bellitalie.org\/wp-content\/uploads\/2021\/09\/sirmione_1567-75x75.jpg 75w\" sizes=\"(max-width: 150px) 100vw, 150px\" \/><\/a><div class=\"lcp_excerpt\">\nSirmione \u00e8 la citt\u00e0 emblematica del Lago di Garda, una delle destinazioni pi\u00f9 affascinanti della ...<\/div><\/li><li><a href=\"https:\/\/www.bellitalie.org\/it\/destinazione\/lombardia\/vigevano\/\">Vigevano<\/a><a href=\"https:\/\/www.bellitalie.org\/it\/destinazione\/lombardia\/vigevano\/\" title=\"Vigevano\"><img width=\"150\" height=\"150\" src=\"https:\/\/www.bellitalie.org\/wp-content\/uploads\/2021\/09\/piazza-ducale-vigevano_6578-150x150.jpg\" class=\"lcp_thumbnail wp-post-image\" alt=\"Vigevano\" loading=\"lazy\" srcset=\"https:\/\/www.bellitalie.org\/wp-content\/uploads\/2021\/09\/piazza-ducale-vigevano_6578-150x150.jpg 150w, https:\/\/www.bellitalie.org\/wp-content\/uploads\/2021\/09\/piazza-ducale-vigevano_6578-50x50.jpg 50w, https:\/\/www.bellitalie.org\/wp-content\/uploads\/2021\/09\/piazza-ducale-vigevano_6578-80x80.jpg 80w, https:\/\/www.bellitalie.org\/wp-content\/uploads\/2021\/09\/piazza-ducale-vigevano_6578-75x75.jpg 75w\" sizes=\"(max-width: 150px) 100vw, 150px\" \/><\/a><div class=\"lcp_excerpt\">\nVigevano \u00e8 una bellissima citt\u00e0 d&#8217;arte, eppure poco conosciuta, tra Milano, Pavia e Novara, a ...<\/div><\/li><li class=\"current\"><a href=\"https:\/\/www.bellitalie.org\/it\/destinazione\/lombardia\/bellagio\/\">Bellagio<\/a><a href=\"https:\/\/www.bellitalie.org\/it\/destinazione\/lombardia\/bellagio\/\" title=\"Bellagio\"><img width=\"150\" height=\"150\" src=\"https:\/\/www.bellitalie.org\/wp-content\/uploads\/2021\/09\/bellagio_1529-150x150.jpg\" class=\"lcp_thumbnail wp-post-image\" alt=\"Bellagio\" loading=\"lazy\" srcset=\"https:\/\/www.bellitalie.org\/wp-content\/uploads\/2021\/09\/bellagio_1529-150x150.jpg 150w, https:\/\/www.bellitalie.org\/wp-content\/uploads\/2021\/09\/bellagio_1529-50x50.jpg 50w, https:\/\/www.bellitalie.org\/wp-content\/uploads\/2021\/09\/bellagio_1529-80x80.jpg 80w, https:\/\/www.bellitalie.org\/wp-content\/uploads\/2021\/09\/bellagio_1529-75x75.jpg 75w\" sizes=\"(max-width: 150px) 100vw, 150px\" \/><\/a><div class=\"lcp_excerpt\">\nAll&#8217;incrocio dei due bracci meridionali del Lago di Como, Bellagio \u00e8 un grazioso borgo designato ...<\/div><\/li><li><a href=\"https:\/\/www.bellitalie.org\/it\/destinazione\/lombardia\/lago-d-iseo\/\">Lago d&#8217;Iseo<\/a><a href=\"https:\/\/www.bellitalie.org\/it\/destinazione\/lombardia\/lago-d-iseo\/\" title=\"Lago d&#039;Iseo\"><img width=\"150\" height=\"150\" src=\"https:\/\/www.bellitalie.org\/wp-content\/uploads\/2021\/09\/lac-d-iseo_7534-150x150.jpg\" class=\"lcp_thumbnail wp-post-image\" alt=\"Lago d&#039;Iseo\" loading=\"lazy\" srcset=\"https:\/\/www.bellitalie.org\/wp-content\/uploads\/2021\/09\/lac-d-iseo_7534-150x150.jpg 150w, https:\/\/www.bellitalie.org\/wp-content\/uploads\/2021\/09\/lac-d-iseo_7534-50x50.jpg 50w, https:\/\/www.bellitalie.org\/wp-content\/uploads\/2021\/09\/lac-d-iseo_7534-80x80.jpg 80w, https:\/\/www.bellitalie.org\/wp-content\/uploads\/2021\/09\/lac-d-iseo_7534-75x75.jpg 75w\" sizes=\"(max-width: 150px) 100vw, 150px\" \/><\/a><div class=\"lcp_excerpt\">\nSituato tra Bergamo e Brescia, il piccolo Lago d&#8217;Iseo \u00e8 un sito di carattere in ...<\/div><\/li><li><a href=\"https:\/\/www.bellitalie.org\/it\/destinazione\/lombardia\/lago-d-idro-e-valle-sabbia\/\">Lago d&#8217;Idro e Valle Sabbia<\/a><a href=\"https:\/\/www.bellitalie.org\/it\/destinazione\/lombardia\/lago-d-idro-e-valle-sabbia\/\" title=\"Lago d&#039;Idro e Valle Sabbia\"><img width=\"150\" height=\"150\" src=\"https:\/\/www.bellitalie.org\/wp-content\/uploads\/2021\/09\/lac-d-idro_7540-150x150.jpg\" class=\"lcp_thumbnail wp-post-image\" alt=\"Lago d&#039;Idro e Valle Sabbia\" loading=\"lazy\" srcset=\"https:\/\/www.bellitalie.org\/wp-content\/uploads\/2021\/09\/lac-d-idro_7540-150x150.jpg 150w, https:\/\/www.bellitalie.org\/wp-content\/uploads\/2021\/09\/lac-d-idro_7540-50x50.jpg 50w, https:\/\/www.bellitalie.org\/wp-content\/uploads\/2021\/09\/lac-d-idro_7540-80x80.jpg 80w, https:\/\/www.bellitalie.org\/wp-content\/uploads\/2021\/09\/lac-d-idro_7540-75x75.jpg 75w\" sizes=\"(max-width: 150px) 100vw, 150px\" \/><\/a><div class=\"lcp_excerpt\">\nSeparato dal Lago di Garda da una montagna, il bellissimo piccolo Lago d&#8217;Idro arroccato a ...<\/div><\/li><li><a href=\"https:\/\/www.bellitalie.org\/it\/destinazione\/lombardia\/varese\/\">Varese<\/a><a href=\"https:\/\/www.bellitalie.org\/it\/destinazione\/lombardia\/varese\/\" title=\"Varese\"><img width=\"150\" height=\"150\" src=\"https:\/\/www.bellitalie.org\/wp-content\/uploads\/2023\/09\/palazzo-estense-varese_7161-150x150.jpg\" class=\"lcp_thumbnail wp-post-image\" alt=\"Varese\" loading=\"lazy\" srcset=\"https:\/\/www.bellitalie.org\/wp-content\/uploads\/2023\/09\/palazzo-estense-varese_7161-150x150.jpg 150w, https:\/\/www.bellitalie.org\/wp-content\/uploads\/2023\/09\/palazzo-estense-varese_7161-50x50.jpg 50w, https:\/\/www.bellitalie.org\/wp-content\/uploads\/2023\/09\/palazzo-estense-varese_7161-80x80.jpg 80w, https:\/\/www.bellitalie.org\/wp-content\/uploads\/2023\/09\/palazzo-estense-varese_7161-75x75.jpg 75w\" sizes=\"(max-width: 150px) 100vw, 150px\" \/><\/a><div class=\"lcp_excerpt\">\nVicino a Como e Milano, tra laghi e montagne, Varese \u00e8 una citt\u00e0 piuttosto ignorata ...<\/div><\/li><li><a href=\"https:\/\/www.bellitalie.org\/it\/destinazione\/lombardia\/val-camonica\/\">Val Camonica<\/a><a href=\"https:\/\/www.bellitalie.org\/it\/destinazione\/lombardia\/val-camonica\/\" title=\"Val Camonica\"><img width=\"150\" height=\"150\" src=\"https:\/\/www.bellitalie.org\/wp-content\/uploads\/2021\/09\/foppe-di-nadro-parc-gravures-rupestres-de-ceto-cimbergo-paspardo_8516-150x150.jpg\" class=\"lcp_thumbnail wp-post-image\" alt=\"Val Camonica\" loading=\"lazy\" srcset=\"https:\/\/www.bellitalie.org\/wp-content\/uploads\/2021\/09\/foppe-di-nadro-parc-gravures-rupestres-de-ceto-cimbergo-paspardo_8516-150x150.jpg 150w, https:\/\/www.bellitalie.org\/wp-content\/uploads\/2021\/09\/foppe-di-nadro-parc-gravures-rupestres-de-ceto-cimbergo-paspardo_8516-50x50.jpg 50w, https:\/\/www.bellitalie.org\/wp-content\/uploads\/2021\/09\/foppe-di-nadro-parc-gravures-rupestres-de-ceto-cimbergo-paspardo_8516-80x80.jpg 80w, https:\/\/www.bellitalie.org\/wp-content\/uploads\/2021\/09\/foppe-di-nadro-parc-gravures-rupestres-de-ceto-cimbergo-paspardo_8516-75x75.jpg 75w\" sizes=\"(max-width: 150px) 100vw, 150px\" \/><\/a><div class=\"lcp_excerpt\">\nIl fiume Oglio discende la Val Camonica per circa 80 km, dal Passo del Tonale ...<\/div><\/li><li><a href=\"https:\/\/www.bellitalie.org\/it\/destinazione\/lombardia\/monza-e-la-brianza\/\">Monza e la Brianza<\/a><a href=\"https:\/\/www.bellitalie.org\/it\/destinazione\/lombardia\/monza-e-la-brianza\/\" title=\"Monza e la Brianza\"><img width=\"150\" height=\"150\" src=\"https:\/\/www.bellitalie.org\/wp-content\/uploads\/2021\/09\/basilique-duomo-di-monza_8024-150x150.jpg\" class=\"lcp_thumbnail wp-post-image\" alt=\"Monza e la Brianza\" loading=\"lazy\" srcset=\"https:\/\/www.bellitalie.org\/wp-content\/uploads\/2021\/09\/basilique-duomo-di-monza_8024-150x150.jpg 150w, https:\/\/www.bellitalie.org\/wp-content\/uploads\/2021\/09\/basilique-duomo-di-monza_8024-50x50.jpg 50w, https:\/\/www.bellitalie.org\/wp-content\/uploads\/2021\/09\/basilique-duomo-di-monza_8024-80x80.jpg 80w, https:\/\/www.bellitalie.org\/wp-content\/uploads\/2021\/09\/basilique-duomo-di-monza_8024-75x75.jpg 75w\" sizes=\"(max-width: 150px) 100vw, 150px\" \/><\/a><div class=\"lcp_excerpt\">\nMonza\nSituata nel cuore della Brianza, vicino a Milano sulle rive del Lambro, Monza \u00e8 la ...<\/div><\/li><\/ul>\n<\/div>\n<\/div>\n","protected":false},"excerpt":{"rendered":"<p>All&#8217;incrocio dei due bracci meridionali del Lago di Como, Bellagio \u00e8 un grazioso borgo designato come la \u00abperla del Lago di Como\u00bb, localit\u00e0 di villeggiatura situata sulla punta di terra che avanza tra le acque. \u00c8 in questo contesto eccezionale che furono costruite dal XVIII secolo ville aristocratiche e borghesi. Queste presero posto a celebrit\u00e0 [&hellip;]<\/p>\n","protected":false},"author":1,"featured_media":919,"parent":24678,"menu_order":0,"comment_status":"open","ping_status":"closed","template":"","format":"standard","meta":{"_links_to":"","_links_to_target":""},"tags":[],"categorie_page":[113,102],"region_italie":[84],"acf":[],"yoast_head":"<!-- This site is optimized with the Yoast SEO plugin v17.5 - https:\/\/yoast.com\/wordpress\/plugins\/seo\/ -->\n<title>Bellagio - Bellitalie<\/title>\n<meta name=\"description\" content=\"Scoperta di Bellagio, la perla del lago di Como, localit\u00e0 di villeggiatura dal settecento situata sulla lingua di terra con un centro storico\" \/>\n<meta name=\"robots\" content=\"index, follow, max-snippet:-1, max-image-preview:large, max-video-preview:-1\" \/>\n<link rel=\"canonical\" href=\"https:\/\/www.bellitalie.org\/it\/destinazione\/lombardia\/bellagio\/\" \/>\n<meta property=\"og:locale\" content=\"it_IT\" \/>\n<meta property=\"og:type\" content=\"article\" \/>\n<meta property=\"og:title\" content=\"Bellagio - Bellitalie\" \/>\n<meta property=\"og:description\" content=\"Scoperta di Bellagio, la perla del lago di Como, localit\u00e0 di villeggiatura dal settecento situata sulla lingua di terra con un centro storico\" \/>\n<meta property=\"og:url\" content=\"https:\/\/www.bellitalie.org\/it\/destinazione\/lombardia\/bellagio\/\" \/>\n<meta property=\"og:site_name\" content=\"Bellitalie\" \/>\n<meta property=\"article:modified_time\" content=\"2023-10-23T13:42:25+00:00\" \/>\n<meta property=\"og:image\" content=\"https:\/\/www.bellitalie.org\/wp-content\/uploads\/2021\/09\/bellagio_1529.jpg\" \/>\n\t<meta property=\"og:image:width\" content=\"1200\" \/>\n\t<meta property=\"og:image:height\" content=\"800\" \/>\n<meta name=\"twitter:card\" content=\"summary_large_image\" \/>\n<meta name=\"twitter:label1\" content=\"Tempo di lettura stimato\" \/>\n\t<meta name=\"twitter:data1\" content=\"7 minuti\" \/>\n<script type=\"application\/ld+json\" class=\"yoast-schema-graph\">{\"@context\":\"https:\/\/schema.org\",\"@graph\":[{\"@type\":\"WebSite\",\"@id\":\"https:\/\/www.bellitalie.org\/#website\",\"url\":\"https:\/\/www.bellitalie.org\/\",\"name\":\"Bellitalie\",\"description\":\"Regioni, citt\\u00e0 e patrimonio dell'Italia da nord a sud\",\"potentialAction\":[{\"@type\":\"SearchAction\",\"target\":{\"@type\":\"EntryPoint\",\"urlTemplate\":\"https:\/\/www.bellitalie.org\/?s={search_term_string}\"},\"query-input\":\"required name=search_term_string\"}],\"inLanguage\":\"it-IT\"},{\"@type\":\"ImageObject\",\"@id\":\"https:\/\/www.bellitalie.org\/it\/destinazione\/lombardia\/bellagio\/#primaryimage\",\"inLanguage\":\"it-IT\",\"url\":\"https:\/\/www.bellitalie.org\/wp-content\/uploads\/2021\/09\/bellagio_1529.jpg\",\"contentUrl\":\"https:\/\/www.bellitalie.org\/wp-content\/uploads\/2021\/09\/bellagio_1529.jpg\",\"width\":1200,\"height\":800,\"caption\":\"Bellagio\"},{\"@type\":\"WebPage\",\"@id\":\"https:\/\/www.bellitalie.org\/it\/destinazione\/lombardia\/bellagio\/#webpage\",\"url\":\"https:\/\/www.bellitalie.org\/it\/destinazione\/lombardia\/bellagio\/\",\"name\":\"Bellagio - Bellitalie\",\"isPartOf\":{\"@id\":\"https:\/\/www.bellitalie.org\/#website\"},\"primaryImageOfPage\":{\"@id\":\"https:\/\/www.bellitalie.org\/it\/destinazione\/lombardia\/bellagio\/#primaryimage\"},\"datePublished\":\"2021-09-08T12:52:54+00:00\",\"dateModified\":\"2023-10-23T13:42:25+00:00\",\"description\":\"Scoperta di Bellagio, la perla del lago di Como, localit\\u00e0 di villeggiatura dal settecento situata sulla lingua di terra con un centro storico\",\"breadcrumb\":{\"@id\":\"https:\/\/www.bellitalie.org\/it\/destinazione\/lombardia\/bellagio\/#breadcrumb\"},\"inLanguage\":\"it-IT\",\"potentialAction\":[{\"@type\":\"ReadAction\",\"target\":[\"https:\/\/www.bellitalie.org\/it\/destinazione\/lombardia\/bellagio\/\"]}]},{\"@type\":\"BreadcrumbList\",\"@id\":\"https:\/\/www.bellitalie.org\/it\/destinazione\/lombardia\/bellagio\/#breadcrumb\",\"itemListElement\":[{\"@type\":\"ListItem\",\"position\":1,\"name\":\"Accueil\",\"item\":\"https:\/\/www.bellitalie.org\/it\/\"},{\"@type\":\"ListItem\",\"position\":2,\"name\":\"Lombardia\",\"item\":\"https:\/\/www.bellitalie.org\/it\/regione_italia\/lombardia\/\"},{\"@type\":\"ListItem\",\"position\":3,\"name\":\"Bellagio\"}]},{\"@type\":\"Person\",\"@id\":\"https:\/\/www.bellitalie.org\/#\/schema\/person\/6f25c64f0b5df6df0b93a2be44045da5\",\"name\":\"Bellitalie\",\"image\":{\"@type\":\"ImageObject\",\"@id\":\"https:\/\/www.bellitalie.org\/#personlogo\",\"inLanguage\":\"it-IT\",\"url\":\"https:\/\/secure.gravatar.com\/avatar\/ad516503a11cd5ca435acc9bb6523536?s=96\",\"contentUrl\":\"https:\/\/secure.gravatar.com\/avatar\/ad516503a11cd5ca435acc9bb6523536?s=96\",\"caption\":\"Bellitalie\"},\"sameAs\":[\"https:\/\/www.bellitalie.org\"]}]}<\/script>\n<!-- \/ Yoast SEO plugin. -->","yoast_head_json":{"title":"Bellagio - Bellitalie","description":"Scoperta di Bellagio, la perla del lago di Como, localit\u00e0 di villeggiatura dal settecento situata sulla lingua di terra con un centro storico","robots":{"index":"index","follow":"follow","max-snippet":"max-snippet:-1","max-image-preview":"max-image-preview:large","max-video-preview":"max-video-preview:-1"},"canonical":"https:\/\/www.bellitalie.org\/it\/destinazione\/lombardia\/bellagio\/","og_locale":"it_IT","og_type":"article","og_title":"Bellagio - Bellitalie","og_description":"Scoperta di Bellagio, la perla del lago di Como, localit\u00e0 di villeggiatura dal settecento situata sulla lingua di terra con un centro storico","og_url":"https:\/\/www.bellitalie.org\/it\/destinazione\/lombardia\/bellagio\/","og_site_name":"Bellitalie","article_modified_time":"2023-10-23T13:42:25+00:00","og_image":[{"width":1200,"height":800,"url":"https:\/\/www.bellitalie.org\/wp-content\/uploads\/2021\/09\/bellagio_1529.jpg","type":"image\/jpeg"}],"twitter_card":"summary_large_image","twitter_misc":{"Tempo di lettura stimato":"7 minuti"},"schema":{"@context":"https:\/\/schema.org","@graph":[{"@type":"WebSite","@id":"https:\/\/www.bellitalie.org\/#website","url":"https:\/\/www.bellitalie.org\/","name":"Bellitalie","description":"Regioni, citt\u00e0 e patrimonio dell'Italia da nord a sud","potentialAction":[{"@type":"SearchAction","target":{"@type":"EntryPoint","urlTemplate":"https:\/\/www.bellitalie.org\/?s={search_term_string}"},"query-input":"required name=search_term_string"}],"inLanguage":"it-IT"},{"@type":"ImageObject","@id":"https:\/\/www.bellitalie.org\/it\/destinazione\/lombardia\/bellagio\/#primaryimage","inLanguage":"it-IT","url":"https:\/\/www.bellitalie.org\/wp-content\/uploads\/2021\/09\/bellagio_1529.jpg","contentUrl":"https:\/\/www.bellitalie.org\/wp-content\/uploads\/2021\/09\/bellagio_1529.jpg","width":1200,"height":800,"caption":"Bellagio"},{"@type":"WebPage","@id":"https:\/\/www.bellitalie.org\/it\/destinazione\/lombardia\/bellagio\/#webpage","url":"https:\/\/www.bellitalie.org\/it\/destinazione\/lombardia\/bellagio\/","name":"Bellagio - Bellitalie","isPartOf":{"@id":"https:\/\/www.bellitalie.org\/#website"},"primaryImageOfPage":{"@id":"https:\/\/www.bellitalie.org\/it\/destinazione\/lombardia\/bellagio\/#primaryimage"},"datePublished":"2021-09-08T12:52:54+00:00","dateModified":"2023-10-23T13:42:25+00:00","description":"Scoperta di Bellagio, la perla del lago di Como, localit\u00e0 di villeggiatura dal settecento situata sulla lingua di terra con un centro storico","breadcrumb":{"@id":"https:\/\/www.bellitalie.org\/it\/destinazione\/lombardia\/bellagio\/#breadcrumb"},"inLanguage":"it-IT","potentialAction":[{"@type":"ReadAction","target":["https:\/\/www.bellitalie.org\/it\/destinazione\/lombardia\/bellagio\/"]}]},{"@type":"BreadcrumbList","@id":"https:\/\/www.bellitalie.org\/it\/destinazione\/lombardia\/bellagio\/#breadcrumb","itemListElement":[{"@type":"ListItem","position":1,"name":"Accueil","item":"https:\/\/www.bellitalie.org\/it\/"},{"@type":"ListItem","position":2,"name":"Lombardia","item":"https:\/\/www.bellitalie.org\/it\/regione_italia\/lombardia\/"},{"@type":"ListItem","position":3,"name":"Bellagio"}]},{"@type":"Person","@id":"https:\/\/www.bellitalie.org\/#\/schema\/person\/6f25c64f0b5df6df0b93a2be44045da5","name":"Bellitalie","image":{"@type":"ImageObject","@id":"https:\/\/www.bellitalie.org\/#personlogo","inLanguage":"it-IT","url":"https:\/\/secure.gravatar.com\/avatar\/ad516503a11cd5ca435acc9bb6523536?s=96","contentUrl":"https:\/\/secure.gravatar.com\/avatar\/ad516503a11cd5ca435acc9bb6523536?s=96","caption":"Bellitalie"},"sameAs":["https:\/\/www.bellitalie.org"]}]}},"_links":{"self":[{"href":"https:\/\/www.bellitalie.org\/it\/wp-json\/wp\/v2\/destination\/26337"}],"collection":[{"href":"https:\/\/www.bellitalie.org\/it\/wp-json\/wp\/v2\/destination"}],"about":[{"href":"https:\/\/www.bellitalie.org\/it\/wp-json\/wp\/v2\/types\/destination"}],"author":[{"embeddable":true,"href":"https:\/\/www.bellitalie.org\/it\/wp-json\/wp\/v2\/users\/1"}],"replies":[{"embeddable":true,"href":"https:\/\/www.bellitalie.org\/it\/wp-json\/wp\/v2\/comments?post=26337"}],"version-history":[{"count":3,"href":"https:\/\/www.bellitalie.org\/it\/wp-json\/wp\/v2\/destination\/26337\/revisions"}],"predecessor-version":[{"id":26520,"href":"https:\/\/www.bellitalie.org\/it\/wp-json\/wp\/v2\/destination\/26337\/revisions\/26520"}],"up":[{"embeddable":true,"href":"https:\/\/www.bellitalie.org\/it\/wp-json\/wp\/v2\/destination\/24678"}],"wp:featuredmedia":[{"embeddable":true,"href":"https:\/\/www.bellitalie.org\/it\/wp-json\/wp\/v2\/media\/919"}],"wp:attachment":[{"href":"https:\/\/www.bellitalie.org\/it\/wp-json\/wp\/v2\/media?parent=26337"}],"wp:term":[{"taxonomy":"post_tag","embeddable":true,"href":"https:\/\/www.bellitalie.org\/it\/wp-json\/wp\/v2\/tags?post=26337"},{"taxonomy":"categorie_page","embeddable":true,"href":"https:\/\/www.bellitalie.org\/it\/wp-json\/wp\/v2\/categorie_page?post=26337"},{"taxonomy":"region_italie","embeddable":true,"href":"https:\/\/www.bellitalie.org\/it\/wp-json\/wp\/v2\/region_italie?post=26337"}],"curies":[{"name":"wp","href":"https:\/\/api.w.org\/{rel}","templated":true}]}}