{"id":26343,"date":"2021-09-07T19:23:00","date_gmt":"2021-09-07T17:23:00","guid":{"rendered":"https:\/\/www.bellitalie.org\/destination\/veneto\/peschiera-del-garda\/"},"modified":"2023-10-22T13:35:51","modified_gmt":"2023-10-22T11:35:51","slug":"peschiera-del-garda","status":"publish","type":"destination","link":"https:\/\/www.bellitalie.org\/it\/destinazione\/veneto\/peschiera-del-garda\/","title":{"rendered":"Peschiera del Garda"},"content":{"rendered":"\n<p>Sulla sponda meridionale del Lago di Garda, <strong>Peschiera del Garda<\/strong> \u00e8 una citt\u00e0-fortezza circondata dalle acque, iscritta a ragione nella lista del patrimonio mondiale dall&#8217;Unesco insieme ad altre opere difensive veneziane dei secoli XVI e XVII. Si trova infatti in una posizione strategica, tra la catena delle Alpi e la pianura padana, che funge da difesa per proteggere il territorio terrestre di Venezia e le rotte commerciali.<br>Fu una colonia romana chiamata Arilica, poi fortificata dagli Scaligeri di Verona, poi dai veneziani che ne crearono la cittadella pentagonale, e dagli Asburgo d&#8217;Austria.<br>La citt\u00e0 ha anche un museo della pesca e delle tradizioni lacustri.<\/p>\n<h2>Centro storico<\/h2>\n<p>Il piacevole centro storico \u00e8 protetto dalla notevole cittadella veneziana del XVI secolo, eretta al centro dell&#8217;estuario del Mincio. \u00c8 costituito da due linee di difesa, con bastioni e contro bastioni, i veneziani hanno ristrutturato antiche fortificazioni aggiungendo terrazze e bastioni ai cinque angoli della cinta medievale, a forma di pentagono.<br>Una passeggiata \u00e8 organizzata lungo la cima delle mura e dei bastioni.<br>Si entra nel centro storico attraverso le porte monumentali, costruite su isolotti collegati da ponti, tra cui il bel Ponte dei Voltoni. La citt\u00e0 ha sette ponti.<\/p>\n\n\n<figure class=\"wp-container-2 wp-block-gallery-1 wp-block-gallery has-nested-images columns-2 is-cropped\">\n<figure class=\"wp-block-image size-medium\"><a href=\"https:\/\/www.bellitalie.org\/wp-content\/uploads\/2021\/09\/citadella-peschiera-del-garda_9514.jpg\"><img loading=\"lazy\" width=\"300\" height=\"200\" data-id=\"22328\"  src=\"https:\/\/www.bellitalie.org\/wp-content\/uploads\/2021\/09\/citadella-peschiera-del-garda_9514-300x200.jpg\" alt=\"citadella-peschiera-del-garda_9514\" class=\"wp-image-22328\" srcset=\"https:\/\/www.bellitalie.org\/wp-content\/uploads\/2021\/09\/citadella-peschiera-del-garda_9514-300x200.jpg 300w, https:\/\/www.bellitalie.org\/wp-content\/uploads\/2021\/09\/citadella-peschiera-del-garda_9514-1024x683.jpg 1024w, https:\/\/www.bellitalie.org\/wp-content\/uploads\/2021\/09\/citadella-peschiera-del-garda_9514-768x512.jpg 768w, https:\/\/www.bellitalie.org\/wp-content\/uploads\/2021\/09\/citadella-peschiera-del-garda_9514.jpg 1200w\" sizes=\"(max-width: 300px) 100vw, 300px\" \/><\/a><figcaption>Bastione Querini<\/figcaption><\/figure>\n\n\n\n<figure class=\"wp-block-image size-medium\"><a href=\"https:\/\/www.bellitalie.org\/wp-content\/uploads\/2021\/09\/canale-di-mezzo-peschiera-del-garda_9516.jpg\"><img loading=\"lazy\" width=\"300\" height=\"200\" data-id=\"21945\"  src=\"https:\/\/www.bellitalie.org\/wp-content\/uploads\/2021\/09\/canale-di-mezzo-peschiera-del-garda_9516-300x200.jpg\" alt=\"canale-di-mezzo-peschiera-del-garda_9516\" class=\"wp-image-21945\" srcset=\"https:\/\/www.bellitalie.org\/wp-content\/uploads\/2021\/09\/canale-di-mezzo-peschiera-del-garda_9516-300x200.jpg 300w, https:\/\/www.bellitalie.org\/wp-content\/uploads\/2021\/09\/canale-di-mezzo-peschiera-del-garda_9516-1024x683.jpg 1024w, https:\/\/www.bellitalie.org\/wp-content\/uploads\/2021\/09\/canale-di-mezzo-peschiera-del-garda_9516-768x512.jpg 768w, https:\/\/www.bellitalie.org\/wp-content\/uploads\/2021\/09\/canale-di-mezzo-peschiera-del-garda_9516.jpg 1200w\" sizes=\"(max-width: 300px) 100vw, 300px\" \/><\/a><figcaption>Canale di Mezzo<\/figcaption><\/figure>\n\n\n\n<figure class=\"wp-block-image size-large\"><a href=\"https:\/\/www.bellitalie.org\/wp-content\/uploads\/2021\/09\/ponte-dei-voltoni-peschiera-del-garda_9874.jpg\"><img loading=\"lazy\" width=\"1024\" height=\"683\" data-id=\"22331\"  src=\"https:\/\/www.bellitalie.org\/wp-content\/uploads\/2021\/09\/ponte-dei-voltoni-peschiera-del-garda_9874-1024x683.jpg\" alt=\"ponte-dei-voltoni-peschiera-del-garda_9874\" class=\"wp-image-22331\" srcset=\"https:\/\/www.bellitalie.org\/wp-content\/uploads\/2021\/09\/ponte-dei-voltoni-peschiera-del-garda_9874-1024x683.jpg 1024w, https:\/\/www.bellitalie.org\/wp-content\/uploads\/2021\/09\/ponte-dei-voltoni-peschiera-del-garda_9874-300x200.jpg 300w, https:\/\/www.bellitalie.org\/wp-content\/uploads\/2021\/09\/ponte-dei-voltoni-peschiera-del-garda_9874-768x512.jpg 768w, https:\/\/www.bellitalie.org\/wp-content\/uploads\/2021\/09\/ponte-dei-voltoni-peschiera-del-garda_9874.jpg 1200w\" sizes=\"(max-width: 1024px) 100vw, 1024px\" \/><\/a><figcaption>Ponte dei Voltoni<\/figcaption><\/figure>\n<\/figure>\n\n\n<p>I canali sono fiancheggiati da case affacciate sull&#8217;acqua, con romantici ristoranti e piccoli negozi, che hanno valso a Peschiera il titolo di &#8220;Piccola Venezia sul Garda&#8221;.<br>Nel centro si possono vedere le fondamenta di una torre medievale e alcuni resti romani.<\/p>\n<h2>Giro della cittadella<\/h2>\n<p>A sud il <strong>Ponte Reale<\/strong> conduce alla cinquecentesca <strong>Porta Brescia<\/strong> che ospita regolarmente mostre. Oltrepassata la porta, a destra si passa ai piedi del <strong>Bastione Feltrin<\/strong> che fu il primo bastione costruito e che ospitava la polveriera austriaca. Pi\u00f9 avanti si trovano l&#8217;antica caserma, l&#8217;ospedale militare e la fortezza dove si trovava all&#8217;interno delle mura il vecchio <strong>Castello Scaligeri<\/strong>, e il <strong>Bastione Cantarane<\/strong> dal 1551 alla punta non accessibile.<br>Poi, verso nord-est, il grazioso <strong>Ponte dei Voltoni<\/strong> \u00e8 il pi\u00f9 emblematico di Peschiera, anch&#8217;esso del XVI secolo, dal quale si gode una vista sul cuore storico.<br>Dopo il ponte si trova la <strong>Caserma d&#8217;Artiglieria<\/strong> del XIX secolo, poi il <strong>Bastione San Marco<\/strong>, che ospitava le palle di cannone, e oggi dalla sua corte si accede al Museo delle Tradizioni locali.<br>Dopo aver superato la bellissima <strong>Porta Verona<\/strong> costruita nel 1553, pi\u00f9 a ovest il piccolo parco \u00e8 circondato dalla <strong>Caserma Francesco I<\/strong> e dall&#8217;antico padiglione degli ufficiali, per raggiungere il <strong>Bastione Querini<\/strong> del 1552, dal quale si gode una bella vista sul lago. Alla sua base, l&#8217;edificio del XIX secolo \u00e8 un palazzo aperto in occasione di mostre.<br>Dopo il ponte si raggiunge a destra il <strong>Bastione Tognon<\/strong>, collegato al <strong>Bastione Feltrin<\/strong> da un sentiero panoramico.<\/p>\n<p><em>Si raccomanda in particolare il \u00abgiro delle mura\u00bb in barca o gondola \u00e8 un bel modo di vedere la cittadella (partenza verso il Ponte Reale per le gondole o da Piazza San Marco, 30 min ca).<\/em><br><em>Si pu\u00f2 anche fare una gita di un giorno da Pescheria, nella parte meridionale del lago, con Rocca di Garda, Villa Canossa, Punta San Vigilio, l&#8217;Isola del Garda e Sirmione.<\/em><\/p>\n\n\n<div data-gyg-href=\"https:\/\/widget.getyourguide.com\/default\/activities.frame\" data-gyg-locale-code=\"it-IT\" data-gyg-widget=\"activities\" data-gyg-number-of-items=\"3\" data-gyg-excluded-tour-ids=\"225588,225582,225585\" data-gyg-partner-id=\"DLYVAO3\" data-gyg-q=\"peschiera%20del%20garda%20excursion%20bateau\"><\/div>\n\n\n<h2>Galleria<\/h2>\n\n\n<figure class=\"wp-container-4 wp-block-gallery-3 wp-block-gallery has-nested-images columns-2 is-cropped\">\n<figure class=\"wp-block-image size-medium\"><a href=\"https:\/\/www.bellitalie.org\/wp-content\/uploads\/2023\/09\/citadelle-peschiera-del-garda_9513.jpg\"><img loading=\"lazy\" width=\"300\" height=\"200\" data-id=\"22336\"  src=\"https:\/\/www.bellitalie.org\/wp-content\/uploads\/2023\/09\/citadelle-peschiera-del-garda_9513-300x200.jpg\" alt=\"\" class=\"wp-image-22336\" srcset=\"https:\/\/www.bellitalie.org\/wp-content\/uploads\/2023\/09\/citadelle-peschiera-del-garda_9513-300x200.jpg 300w, https:\/\/www.bellitalie.org\/wp-content\/uploads\/2023\/09\/citadelle-peschiera-del-garda_9513-1024x683.jpg 1024w, https:\/\/www.bellitalie.org\/wp-content\/uploads\/2023\/09\/citadelle-peschiera-del-garda_9513-768x512.jpg 768w, https:\/\/www.bellitalie.org\/wp-content\/uploads\/2023\/09\/citadelle-peschiera-del-garda_9513.jpg 1200w\" sizes=\"(max-width: 300px) 100vw, 300px\" \/><\/a><figcaption>Mura della cittadella<\/figcaption><\/figure>\n\n\n\n<figure class=\"wp-block-image size-medium\"><a href=\"https:\/\/www.bellitalie.org\/wp-content\/uploads\/2023\/09\/ponte-di-porta-brescia-peschiera-del-garda_9517.jpg\"><img loading=\"lazy\" width=\"300\" height=\"200\" data-id=\"22334\"  src=\"https:\/\/www.bellitalie.org\/wp-content\/uploads\/2023\/09\/ponte-di-porta-brescia-peschiera-del-garda_9517-300x200.jpg\" alt=\"\" class=\"wp-image-22334\" srcset=\"https:\/\/www.bellitalie.org\/wp-content\/uploads\/2023\/09\/ponte-di-porta-brescia-peschiera-del-garda_9517-300x200.jpg 300w, https:\/\/www.bellitalie.org\/wp-content\/uploads\/2023\/09\/ponte-di-porta-brescia-peschiera-del-garda_9517-1024x683.jpg 1024w, https:\/\/www.bellitalie.org\/wp-content\/uploads\/2023\/09\/ponte-di-porta-brescia-peschiera-del-garda_9517-768x512.jpg 768w, https:\/\/www.bellitalie.org\/wp-content\/uploads\/2023\/09\/ponte-di-porta-brescia-peschiera-del-garda_9517.jpg 1200w\" sizes=\"(max-width: 300px) 100vw, 300px\" \/><\/a><figcaption>Ponte e Porta Brescia<\/figcaption><\/figure>\n\n\n\n<figure class=\"wp-block-image size-medium\"><a href=\"https:\/\/www.bellitalie.org\/wp-content\/uploads\/2021\/09\/canale-di-mezzo-peschiera-del-garda_9870.jpg\"><img loading=\"lazy\" width=\"300\" height=\"200\" data-id=\"22342\"  src=\"https:\/\/www.bellitalie.org\/wp-content\/uploads\/2021\/09\/canale-di-mezzo-peschiera-del-garda_9870-300x200.jpg\" alt=\"canale-di-mezzo-peschiera-del-garda_9870\" class=\"wp-image-22342\" srcset=\"https:\/\/www.bellitalie.org\/wp-content\/uploads\/2021\/09\/canale-di-mezzo-peschiera-del-garda_9870-300x200.jpg 300w, https:\/\/www.bellitalie.org\/wp-content\/uploads\/2021\/09\/canale-di-mezzo-peschiera-del-garda_9870-1024x683.jpg 1024w, https:\/\/www.bellitalie.org\/wp-content\/uploads\/2021\/09\/canale-di-mezzo-peschiera-del-garda_9870-768x512.jpg 768w, https:\/\/www.bellitalie.org\/wp-content\/uploads\/2021\/09\/canale-di-mezzo-peschiera-del-garda_9870.jpg 1200w\" sizes=\"(max-width: 300px) 100vw, 300px\" \/><\/a><figcaption>Canale di Mezzo<\/figcaption><\/figure>\n\n\n\n<figure class=\"wp-block-image size-medium\"><a href=\"https:\/\/www.bellitalie.org\/wp-content\/uploads\/2021\/09\/ponte-dei-voltoni-peschiera-del-garda_9875.jpg\"><img loading=\"lazy\" width=\"300\" height=\"200\" data-id=\"22345\"  src=\"https:\/\/www.bellitalie.org\/wp-content\/uploads\/2021\/09\/ponte-dei-voltoni-peschiera-del-garda_9875-300x200.jpg\" alt=\"ponte-dei-voltoni-peschiera-del-garda_9875\" class=\"wp-image-22345\" srcset=\"https:\/\/www.bellitalie.org\/wp-content\/uploads\/2021\/09\/ponte-dei-voltoni-peschiera-del-garda_9875-300x200.jpg 300w, https:\/\/www.bellitalie.org\/wp-content\/uploads\/2021\/09\/ponte-dei-voltoni-peschiera-del-garda_9875-1024x683.jpg 1024w, https:\/\/www.bellitalie.org\/wp-content\/uploads\/2021\/09\/ponte-dei-voltoni-peschiera-del-garda_9875-768x512.jpg 768w, https:\/\/www.bellitalie.org\/wp-content\/uploads\/2021\/09\/ponte-dei-voltoni-peschiera-del-garda_9875.jpg 1200w\" sizes=\"(max-width: 300px) 100vw, 300px\" \/><\/a><figcaption>Ponte dei Voltoni<\/figcaption><\/figure>\n<\/figure>\n\n\n<h2>Madonna del Frassino<\/h2>\n<p>Fuori dal centro, la <strong>Madonna del Frassino<\/strong> \u00e8 un bel santuario francescano che risale al XVI secolo. Un viale alberato conduce all&#8217;edificio rinascimentale costruito tra il 1511 e il 1514. La chiesa conserva opere d&#8217;arte, come tele di Paolo Farinati, o un incantevole chiostro.<\/p>\n\n\n<figure class=\"wp-container-6 wp-block-gallery-5 wp-block-gallery has-nested-images columns-3 is-cropped\">\n<figure class=\"wp-block-image size-medium\"><a href=\"https:\/\/www.bellitalie.org\/wp-content\/uploads\/2021\/09\/santuario-della-madonna-del-frassino-peschiera_9501.jpg\"><img loading=\"lazy\" width=\"1200\" height=\"800\" data-id=\"22348\"  src=\"https:\/\/www.bellitalie.org\/wp-content\/uploads\/2021\/09\/santuario-della-madonna-del-frassino-peschiera_9501.jpg\" alt=\"santuario-della-madonna-del-frassino-peschiera_9501\" class=\"wp-image-22348\" srcset=\"https:\/\/www.bellitalie.org\/wp-content\/uploads\/2021\/09\/santuario-della-madonna-del-frassino-peschiera_9501.jpg 1200w, https:\/\/www.bellitalie.org\/wp-content\/uploads\/2021\/09\/santuario-della-madonna-del-frassino-peschiera_9501-300x200.jpg 300w, https:\/\/www.bellitalie.org\/wp-content\/uploads\/2021\/09\/santuario-della-madonna-del-frassino-peschiera_9501-1024x683.jpg 1024w, https:\/\/www.bellitalie.org\/wp-content\/uploads\/2021\/09\/santuario-della-madonna-del-frassino-peschiera_9501-768x512.jpg 768w\" sizes=\"(max-width: 1200px) 100vw, 1200px\" \/><\/a><\/figure>\n\n\n\n<figure class=\"wp-block-image size-medium\"><a href=\"https:\/\/www.bellitalie.org\/wp-content\/uploads\/2021\/09\/santuario-della-madonna-del-frassino-peschiera_9511.jpg\"><img loading=\"lazy\" width=\"800\" height=\"1200\" data-id=\"22357\"  src=\"https:\/\/www.bellitalie.org\/wp-content\/uploads\/2021\/09\/santuario-della-madonna-del-frassino-peschiera_9511.jpg\" alt=\"santuario-della-madonna-del-frassino-peschiera_9511\" class=\"wp-image-22357\" srcset=\"https:\/\/www.bellitalie.org\/wp-content\/uploads\/2021\/09\/santuario-della-madonna-del-frassino-peschiera_9511.jpg 800w, https:\/\/www.bellitalie.org\/wp-content\/uploads\/2021\/09\/santuario-della-madonna-del-frassino-peschiera_9511-200x300.jpg 200w, https:\/\/www.bellitalie.org\/wp-content\/uploads\/2021\/09\/santuario-della-madonna-del-frassino-peschiera_9511-683x1024.jpg 683w, https:\/\/www.bellitalie.org\/wp-content\/uploads\/2021\/09\/santuario-della-madonna-del-frassino-peschiera_9511-768x1152.jpg 768w\" sizes=\"(max-width: 800px) 100vw, 800px\" \/><\/a><\/figure>\n\n\n\n<figure class=\"wp-block-image size-medium\"><a href=\"https:\/\/www.bellitalie.org\/wp-content\/uploads\/2021\/09\/santuario-della-madonna-del-frassino-peschiera_9504.jpg\"><img loading=\"lazy\" width=\"1200\" height=\"800\" data-id=\"22351\"  src=\"https:\/\/www.bellitalie.org\/wp-content\/uploads\/2021\/09\/santuario-della-madonna-del-frassino-peschiera_9504.jpg\" alt=\"santuario-della-madonna-del-frassino-peschiera_9504\" class=\"wp-image-22351\" srcset=\"https:\/\/www.bellitalie.org\/wp-content\/uploads\/2021\/09\/santuario-della-madonna-del-frassino-peschiera_9504.jpg 1200w, https:\/\/www.bellitalie.org\/wp-content\/uploads\/2021\/09\/santuario-della-madonna-del-frassino-peschiera_9504-300x200.jpg 300w, https:\/\/www.bellitalie.org\/wp-content\/uploads\/2021\/09\/santuario-della-madonna-del-frassino-peschiera_9504-1024x683.jpg 1024w, https:\/\/www.bellitalie.org\/wp-content\/uploads\/2021\/09\/santuario-della-madonna-del-frassino-peschiera_9504-768x512.jpg 768w\" sizes=\"(max-width: 1200px) 100vw, 1200px\" \/><\/a><\/figure>\n\n\n\n<figure class=\"wp-block-image size-large\"><a href=\"https:\/\/www.bellitalie.org\/wp-content\/uploads\/2021\/09\/santuario-della-madonna-del-frassino-peschiera_9506.jpg\"><img loading=\"lazy\" width=\"1024\" height=\"683\" data-id=\"22354\"  src=\"https:\/\/www.bellitalie.org\/wp-content\/uploads\/2021\/09\/santuario-della-madonna-del-frassino-peschiera_9506-1024x683.jpg\" alt=\"santuario-della-madonna-del-frassino-peschiera_9506\" class=\"wp-image-22354\" srcset=\"https:\/\/www.bellitalie.org\/wp-content\/uploads\/2021\/09\/santuario-della-madonna-del-frassino-peschiera_9506-1024x683.jpg 1024w, https:\/\/www.bellitalie.org\/wp-content\/uploads\/2021\/09\/santuario-della-madonna-del-frassino-peschiera_9506-300x200.jpg 300w, https:\/\/www.bellitalie.org\/wp-content\/uploads\/2021\/09\/santuario-della-madonna-del-frassino-peschiera_9506-768x512.jpg 768w, https:\/\/www.bellitalie.org\/wp-content\/uploads\/2021\/09\/santuario-della-madonna-del-frassino-peschiera_9506.jpg 1200w\" sizes=\"(max-width: 1024px) 100vw, 1024px\" \/><\/a><\/figure>\n<\/figure>\n\n\n<h2>Informazioni<\/h2>\n<ul>\n<li>Sito turistico del comune : <a href=\"https:\/\/www.tourismpeschiera.it\/\" target=\"_blank\" rel=\"noopener\">www.tourismpeschiera.it<\/a><\/li>\n<li>Articolo Wikipedia : <a href=\"https:\/\/it.wikipedia.org\/wiki\/Peschiera_del_Garda\" target=\"_blank\" rel=\"noopener\">it.wikipedia.org<\/a><\/li>\n<\/ul>\n\n<h2>Cartina<\/h2>\n<div id=\"travelersmap-container-69f3c7f274f9f\" class=\"travelersmap-container\" style=\"z-index: 1; min-height: 10px; min-width:10px; height:400px;width:100%; max-width:; max-height:; position:relative;\"><div style=\"position:absolute; z-index:-1;top: 50%;text-align: center;display: block;left: 50%;transform: translate(-50%,-50%);\">Travelers' Map is loading... <br> If you see this after your page is loaded completely, leafletJS files are missing.<\/div><\/div>\n<p><\/p>\n\n\n<div class=\"wp-container-9 wp-block-columns has-background\" style=\"background-color:#dfece5\">\n<div class=\"wp-container-7 wp-block-column\">\n<p><strong><a href=\"https:\/\/www.bellitalie.org\/it\/regione_italia\/lombardia\/\">Lombardia<\/a><\/strong><\/p>\n<ul class=\"lcp_catlist2\" id=\"lcp_instance_0\"><li><a href=\"https:\/\/www.bellitalie.org\/it\/destinazione\/lombardia\/da-vedere-in-lombardia\/\">Da vedere in Lombardia<\/a><a href=\"https:\/\/www.bellitalie.org\/it\/destinazione\/lombardia\/da-vedere-in-lombardia\/\" title=\"Da vedere in Lombardia\"><img width=\"150\" height=\"150\" src=\"https:\/\/www.bellitalie.org\/wp-content\/uploads\/2021\/09\/lac-d-iseo_7534-150x150.jpg\" class=\"lcp_thumbnail wp-post-image\" alt=\"Da vedere in Lombardia\" loading=\"lazy\" srcset=\"https:\/\/www.bellitalie.org\/wp-content\/uploads\/2021\/09\/lac-d-iseo_7534-150x150.jpg 150w, https:\/\/www.bellitalie.org\/wp-content\/uploads\/2021\/09\/lac-d-iseo_7534-50x50.jpg 50w, https:\/\/www.bellitalie.org\/wp-content\/uploads\/2021\/09\/lac-d-iseo_7534-80x80.jpg 80w, https:\/\/www.bellitalie.org\/wp-content\/uploads\/2021\/09\/lac-d-iseo_7534-75x75.jpg 75w\" sizes=\"(max-width: 150px) 100vw, 150px\" \/><\/a><div class=\"lcp_excerpt\">\nMilano \nMilano, il capoluogo lombardo, \u00e8 il centro economico e finanziario dell&#8217;Italia con la sede ...<\/div><\/li><li><a href=\"https:\/\/www.bellitalie.org\/it\/destinazione\/lombardia\/milano\/\">Milano<\/a><a href=\"https:\/\/www.bellitalie.org\/it\/destinazione\/lombardia\/milano\/\" title=\"Milano\"><img width=\"150\" height=\"150\" src=\"https:\/\/www.bellitalie.org\/wp-content\/uploads\/2021\/09\/duomo-de-milan_8091-150x150.jpg\" class=\"lcp_thumbnail wp-post-image\" alt=\"Milano\" loading=\"lazy\" srcset=\"https:\/\/www.bellitalie.org\/wp-content\/uploads\/2021\/09\/duomo-de-milan_8091-150x150.jpg 150w, https:\/\/www.bellitalie.org\/wp-content\/uploads\/2021\/09\/duomo-de-milan_8091-50x50.jpg 50w, https:\/\/www.bellitalie.org\/wp-content\/uploads\/2021\/09\/duomo-de-milan_8091-80x80.jpg 80w, https:\/\/www.bellitalie.org\/wp-content\/uploads\/2021\/09\/duomo-de-milan_8091-75x75.jpg 75w\" sizes=\"(max-width: 150px) 100vw, 150px\" \/><\/a><div class=\"lcp_excerpt\">\nPrincipale citt\u00e0 economica e finanziaria d&#8217;Italia, centro internazionale della moda e dell&#8217;eleganza, Milano \u00e8 una ...<\/div><\/li><li><a href=\"https:\/\/www.bellitalie.org\/it\/destinazione\/lombardia\/lago-maggiore\/\">Lago Maggiore<\/a><a href=\"https:\/\/www.bellitalie.org\/it\/destinazione\/lombardia\/lago-maggiore\/\" title=\"Lago Maggiore\"><img width=\"150\" height=\"150\" src=\"https:\/\/www.bellitalie.org\/wp-content\/uploads\/2021\/09\/lac-majeur_7509-150x150.jpg\" class=\"lcp_thumbnail wp-post-image\" alt=\"Lago Maggiore\" loading=\"lazy\" srcset=\"https:\/\/www.bellitalie.org\/wp-content\/uploads\/2021\/09\/lac-majeur_7509-150x150.jpg 150w, https:\/\/www.bellitalie.org\/wp-content\/uploads\/2021\/09\/lac-majeur_7509-50x50.jpg 50w, https:\/\/www.bellitalie.org\/wp-content\/uploads\/2021\/09\/lac-majeur_7509-80x80.jpg 80w, https:\/\/www.bellitalie.org\/wp-content\/uploads\/2021\/09\/lac-majeur_7509-75x75.jpg 75w\" sizes=\"(max-width: 150px) 100vw, 150px\" \/><\/a><div class=\"lcp_excerpt\">\nIl Lago Maggiore \u00e8 una delle pi\u00f9 belle destinazioni del nord Italia, la cui sponda ...<\/div><\/li><li><a href=\"https:\/\/www.bellitalie.org\/it\/destinazione\/lombardia\/lago-di-como\/\">Lago di Como<\/a><a href=\"https:\/\/www.bellitalie.org\/it\/destinazione\/lombardia\/lago-di-como\/\" title=\"Lago di Como\"><img width=\"150\" height=\"150\" src=\"https:\/\/www.bellitalie.org\/wp-content\/uploads\/2021\/09\/lago_di_como_1496-150x150.jpg\" class=\"lcp_thumbnail wp-post-image\" alt=\"Lago di Como\" loading=\"lazy\" srcset=\"https:\/\/www.bellitalie.org\/wp-content\/uploads\/2021\/09\/lago_di_como_1496-150x150.jpg 150w, https:\/\/www.bellitalie.org\/wp-content\/uploads\/2021\/09\/lago_di_como_1496-50x50.jpg 50w, https:\/\/www.bellitalie.org\/wp-content\/uploads\/2021\/09\/lago_di_como_1496-80x80.jpg 80w, https:\/\/www.bellitalie.org\/wp-content\/uploads\/2021\/09\/lago_di_como_1496-75x75.jpg 75w\" sizes=\"(max-width: 150px) 100vw, 150px\" \/><\/a><div class=\"lcp_excerpt\">\nNon solo il Lago di Como \u00e8 il lago pi\u00f9 profondo d&#8217;Italia, ma \u00e8 anche ...<\/div><\/li><li><a href=\"https:\/\/www.bellitalie.org\/it\/destinazione\/veneto\/lago-di-garda\/\">Lago di Garda<\/a><a href=\"https:\/\/www.bellitalie.org\/it\/destinazione\/veneto\/lago-di-garda\/\" title=\"Lago di Garda\"><img width=\"150\" height=\"150\" src=\"https:\/\/www.bellitalie.org\/wp-content\/uploads\/2023\/09\/cote-lac-de-garde-malcesine-brenzone_9766-150x150.jpg\" class=\"lcp_thumbnail wp-post-image\" alt=\"Lago di Garda\" loading=\"lazy\" srcset=\"https:\/\/www.bellitalie.org\/wp-content\/uploads\/2023\/09\/cote-lac-de-garde-malcesine-brenzone_9766-150x150.jpg 150w, https:\/\/www.bellitalie.org\/wp-content\/uploads\/2023\/09\/cote-lac-de-garde-malcesine-brenzone_9766-50x50.jpg 50w, https:\/\/www.bellitalie.org\/wp-content\/uploads\/2023\/09\/cote-lac-de-garde-malcesine-brenzone_9766-80x80.jpg 80w, https:\/\/www.bellitalie.org\/wp-content\/uploads\/2023\/09\/cote-lac-de-garde-malcesine-brenzone_9766-75x75.jpg 75w\" sizes=\"(max-width: 150px) 100vw, 150px\" \/><\/a><div class=\"lcp_excerpt\">\nIl Lago di Garda \u00e8 il pi\u00f9 grande lago d&#8217;Italia, situato tra Brescia ad ovest ...<\/div><\/li><li><a href=\"https:\/\/www.bellitalie.org\/it\/destinazione\/lombardia\/bergamo\/\">Bergamo<\/a><a href=\"https:\/\/www.bellitalie.org\/it\/destinazione\/lombardia\/bergamo\/\" title=\"Bergamo\"><img width=\"150\" height=\"150\" src=\"https:\/\/www.bellitalie.org\/wp-content\/uploads\/2021\/09\/bergame_1513-150x150.jpg\" class=\"lcp_thumbnail wp-post-image\" alt=\"Bergamo\" loading=\"lazy\" srcset=\"https:\/\/www.bellitalie.org\/wp-content\/uploads\/2021\/09\/bergame_1513-150x150.jpg 150w, https:\/\/www.bellitalie.org\/wp-content\/uploads\/2021\/09\/bergame_1513-50x50.jpg 50w, https:\/\/www.bellitalie.org\/wp-content\/uploads\/2021\/09\/bergame_1513-80x80.jpg 80w, https:\/\/www.bellitalie.org\/wp-content\/uploads\/2021\/09\/bergame_1513-75x75.jpg 75w\" sizes=\"(max-width: 150px) 100vw, 150px\" \/><\/a><div class=\"lcp_excerpt\">\nLa citt\u00e0 alta di Bergamo \u00e8 il pi\u00f9 bel centro medievale di Lombardia, protetto da ...<\/div><\/li><li><a href=\"https:\/\/www.bellitalie.org\/it\/destinazione\/lombardia\/brescia\/\">Brescia<\/a><a href=\"https:\/\/www.bellitalie.org\/it\/destinazione\/lombardia\/brescia\/\" title=\"Brescia\"><img width=\"150\" height=\"150\" src=\"https:\/\/www.bellitalie.org\/wp-content\/uploads\/2021\/09\/brescia_1556-150x150.jpg\" class=\"lcp_thumbnail wp-post-image\" alt=\"Brescia\" loading=\"lazy\" srcset=\"https:\/\/www.bellitalie.org\/wp-content\/uploads\/2021\/09\/brescia_1556-150x150.jpg 150w, https:\/\/www.bellitalie.org\/wp-content\/uploads\/2021\/09\/brescia_1556-50x50.jpg 50w, https:\/\/www.bellitalie.org\/wp-content\/uploads\/2021\/09\/brescia_1556-80x80.jpg 80w, https:\/\/www.bellitalie.org\/wp-content\/uploads\/2021\/09\/brescia_1556-75x75.jpg 75w\" sizes=\"(max-width: 150px) 100vw, 150px\" \/><\/a><div class=\"lcp_excerpt\">\nBrescia, la seconda citt\u00e0 pi\u00f9 grande della Lombardia, non gode della fama che meriterebbe. \u00c8 ...<\/div><\/li><li><a href=\"https:\/\/www.bellitalie.org\/it\/destinazione\/lombardia\/mantova\/\">Mantova<\/a><a href=\"https:\/\/www.bellitalie.org\/it\/destinazione\/lombardia\/mantova\/\" title=\"Mantova\"><img width=\"150\" height=\"150\" src=\"https:\/\/www.bellitalie.org\/wp-content\/uploads\/2021\/09\/laghi-mincio-mantova_0704-150x150.jpg\" class=\"lcp_thumbnail wp-post-image\" alt=\"Mantova\" loading=\"lazy\" srcset=\"https:\/\/www.bellitalie.org\/wp-content\/uploads\/2021\/09\/laghi-mincio-mantova_0704-150x150.jpg 150w, https:\/\/www.bellitalie.org\/wp-content\/uploads\/2021\/09\/laghi-mincio-mantova_0704-50x50.jpg 50w, https:\/\/www.bellitalie.org\/wp-content\/uploads\/2021\/09\/laghi-mincio-mantova_0704-80x80.jpg 80w, https:\/\/www.bellitalie.org\/wp-content\/uploads\/2021\/09\/laghi-mincio-mantova_0704-75x75.jpg 75w\" sizes=\"(max-width: 150px) 100vw, 150px\" \/><\/a><div class=\"lcp_excerpt\">\nMantova \u00e8 una meravigliosa citt\u00e0 della pianura padana, iscritta dall&#8217;Unesco al Patrimonio dell&#8217;Umanit\u00e0 nel 2008. ...<\/div><\/li><li><a href=\"https:\/\/www.bellitalie.org\/it\/destinazione\/lombardia\/cremona\/\">Cremona<\/a><a href=\"https:\/\/www.bellitalie.org\/it\/destinazione\/lombardia\/cremona\/\" title=\"Cremona\"><img width=\"150\" height=\"150\" src=\"https:\/\/www.bellitalie.org\/wp-content\/uploads\/2021\/09\/cremone_7949-150x150.jpg\" class=\"lcp_thumbnail wp-post-image\" alt=\"Cremona\" loading=\"lazy\" srcset=\"https:\/\/www.bellitalie.org\/wp-content\/uploads\/2021\/09\/cremone_7949-150x150.jpg 150w, https:\/\/www.bellitalie.org\/wp-content\/uploads\/2021\/09\/cremone_7949-50x50.jpg 50w, https:\/\/www.bellitalie.org\/wp-content\/uploads\/2021\/09\/cremone_7949-80x80.jpg 80w, https:\/\/www.bellitalie.org\/wp-content\/uploads\/2021\/09\/cremone_7949-75x75.jpg 75w\" sizes=\"(max-width: 150px) 100vw, 150px\" \/><\/a><div class=\"lcp_excerpt\">\nCremona \u00e8 una citt\u00e0 lombarda di circa 71.000 abitanti (nel 2021), situata nella pianura padana, ...<\/div><\/li><li><a href=\"https:\/\/www.bellitalie.org\/it\/destinazione\/lombardia\/como\/\">Como<\/a><a href=\"https:\/\/www.bellitalie.org\/it\/destinazione\/lombardia\/como\/\" title=\"Como\"><img width=\"150\" height=\"150\" src=\"https:\/\/www.bellitalie.org\/wp-content\/uploads\/2021\/09\/come_1469-1-150x150.jpg\" class=\"lcp_thumbnail wp-post-image\" alt=\"Como\" loading=\"lazy\" srcset=\"https:\/\/www.bellitalie.org\/wp-content\/uploads\/2021\/09\/come_1469-1-150x150.jpg 150w, https:\/\/www.bellitalie.org\/wp-content\/uploads\/2021\/09\/come_1469-1-50x50.jpg 50w, https:\/\/www.bellitalie.org\/wp-content\/uploads\/2021\/09\/come_1469-1-80x80.jpg 80w, https:\/\/www.bellitalie.org\/wp-content\/uploads\/2021\/09\/come_1469-1-75x75.jpg 75w\" sizes=\"(max-width: 150px) 100vw, 150px\" \/><\/a><div class=\"lcp_excerpt\">\nComo \u00e8 con Lecco la citt\u00e0 pi\u00f9 grande del Lago di Como, con circa 84.000 ...<\/div><\/li><li><a href=\"https:\/\/www.bellitalie.org\/it\/destinazione\/lombardia\/pavia\/\">Pavia<\/a><a href=\"https:\/\/www.bellitalie.org\/it\/destinazione\/lombardia\/pavia\/\" title=\"Pavia\"><img width=\"150\" height=\"150\" src=\"https:\/\/www.bellitalie.org\/wp-content\/uploads\/2021\/09\/pavie_7921-150x150.jpg\" class=\"lcp_thumbnail wp-post-image\" alt=\"Pavia\" loading=\"lazy\" srcset=\"https:\/\/www.bellitalie.org\/wp-content\/uploads\/2021\/09\/pavie_7921-150x150.jpg 150w, https:\/\/www.bellitalie.org\/wp-content\/uploads\/2021\/09\/pavie_7921-50x50.jpg 50w, https:\/\/www.bellitalie.org\/wp-content\/uploads\/2021\/09\/pavie_7921-80x80.jpg 80w, https:\/\/www.bellitalie.org\/wp-content\/uploads\/2021\/09\/pavie_7921-75x75.jpg 75w\" sizes=\"(max-width: 150px) 100vw, 150px\" \/><\/a><div class=\"lcp_excerpt\">\nPavia \u00e8 una graziosa citt\u00e0 sulle sponde del Ticino a 40 km a sud di ...<\/div><\/li><li><a href=\"https:\/\/www.bellitalie.org\/it\/destinazione\/lombardia\/sirmione\/\">Sirmione<\/a><a href=\"https:\/\/www.bellitalie.org\/it\/destinazione\/lombardia\/sirmione\/\" title=\"Sirmione\"><img width=\"150\" height=\"150\" src=\"https:\/\/www.bellitalie.org\/wp-content\/uploads\/2021\/09\/sirmione_1567-150x150.jpg\" class=\"lcp_thumbnail wp-post-image\" alt=\"Sirmione\" loading=\"lazy\" srcset=\"https:\/\/www.bellitalie.org\/wp-content\/uploads\/2021\/09\/sirmione_1567-150x150.jpg 150w, https:\/\/www.bellitalie.org\/wp-content\/uploads\/2021\/09\/sirmione_1567-50x50.jpg 50w, https:\/\/www.bellitalie.org\/wp-content\/uploads\/2021\/09\/sirmione_1567-80x80.jpg 80w, https:\/\/www.bellitalie.org\/wp-content\/uploads\/2021\/09\/sirmione_1567-75x75.jpg 75w\" sizes=\"(max-width: 150px) 100vw, 150px\" \/><\/a><div class=\"lcp_excerpt\">\nSirmione \u00e8 la citt\u00e0 emblematica del Lago di Garda, una delle destinazioni pi\u00f9 affascinanti della ...<\/div><\/li><li><a href=\"https:\/\/www.bellitalie.org\/it\/destinazione\/lombardia\/vigevano\/\">Vigevano<\/a><a href=\"https:\/\/www.bellitalie.org\/it\/destinazione\/lombardia\/vigevano\/\" title=\"Vigevano\"><img width=\"150\" height=\"150\" src=\"https:\/\/www.bellitalie.org\/wp-content\/uploads\/2021\/09\/piazza-ducale-vigevano_6578-150x150.jpg\" class=\"lcp_thumbnail wp-post-image\" alt=\"Vigevano\" loading=\"lazy\" srcset=\"https:\/\/www.bellitalie.org\/wp-content\/uploads\/2021\/09\/piazza-ducale-vigevano_6578-150x150.jpg 150w, https:\/\/www.bellitalie.org\/wp-content\/uploads\/2021\/09\/piazza-ducale-vigevano_6578-50x50.jpg 50w, https:\/\/www.bellitalie.org\/wp-content\/uploads\/2021\/09\/piazza-ducale-vigevano_6578-80x80.jpg 80w, https:\/\/www.bellitalie.org\/wp-content\/uploads\/2021\/09\/piazza-ducale-vigevano_6578-75x75.jpg 75w\" sizes=\"(max-width: 150px) 100vw, 150px\" \/><\/a><div class=\"lcp_excerpt\">\nVigevano \u00e8 una bellissima citt\u00e0 d&#8217;arte, eppure poco conosciuta, tra Milano, Pavia e Novara, a ...<\/div><\/li><li><a href=\"https:\/\/www.bellitalie.org\/it\/destinazione\/lombardia\/bellagio\/\">Bellagio<\/a><a href=\"https:\/\/www.bellitalie.org\/it\/destinazione\/lombardia\/bellagio\/\" title=\"Bellagio\"><img width=\"150\" height=\"150\" src=\"https:\/\/www.bellitalie.org\/wp-content\/uploads\/2021\/09\/bellagio_1529-150x150.jpg\" class=\"lcp_thumbnail wp-post-image\" alt=\"Bellagio\" loading=\"lazy\" srcset=\"https:\/\/www.bellitalie.org\/wp-content\/uploads\/2021\/09\/bellagio_1529-150x150.jpg 150w, https:\/\/www.bellitalie.org\/wp-content\/uploads\/2021\/09\/bellagio_1529-50x50.jpg 50w, https:\/\/www.bellitalie.org\/wp-content\/uploads\/2021\/09\/bellagio_1529-80x80.jpg 80w, https:\/\/www.bellitalie.org\/wp-content\/uploads\/2021\/09\/bellagio_1529-75x75.jpg 75w\" sizes=\"(max-width: 150px) 100vw, 150px\" \/><\/a><div class=\"lcp_excerpt\">\nAll&#8217;incrocio dei due bracci meridionali del Lago di Como, Bellagio \u00e8 un grazioso borgo designato ...<\/div><\/li><li><a href=\"https:\/\/www.bellitalie.org\/it\/destinazione\/lombardia\/lago-d-iseo\/\">Lago d&#8217;Iseo<\/a><a href=\"https:\/\/www.bellitalie.org\/it\/destinazione\/lombardia\/lago-d-iseo\/\" title=\"Lago d&#039;Iseo\"><img width=\"150\" height=\"150\" src=\"https:\/\/www.bellitalie.org\/wp-content\/uploads\/2021\/09\/lac-d-iseo_7534-150x150.jpg\" class=\"lcp_thumbnail wp-post-image\" alt=\"Lago d&#039;Iseo\" loading=\"lazy\" srcset=\"https:\/\/www.bellitalie.org\/wp-content\/uploads\/2021\/09\/lac-d-iseo_7534-150x150.jpg 150w, https:\/\/www.bellitalie.org\/wp-content\/uploads\/2021\/09\/lac-d-iseo_7534-50x50.jpg 50w, https:\/\/www.bellitalie.org\/wp-content\/uploads\/2021\/09\/lac-d-iseo_7534-80x80.jpg 80w, https:\/\/www.bellitalie.org\/wp-content\/uploads\/2021\/09\/lac-d-iseo_7534-75x75.jpg 75w\" sizes=\"(max-width: 150px) 100vw, 150px\" \/><\/a><div class=\"lcp_excerpt\">\nSituato tra Bergamo e Brescia, il piccolo Lago d&#8217;Iseo \u00e8 un sito di carattere in ...<\/div><\/li><li><a href=\"https:\/\/www.bellitalie.org\/it\/destinazione\/lombardia\/lago-d-idro-e-valle-sabbia\/\">Lago d&#8217;Idro e Valle Sabbia<\/a><a href=\"https:\/\/www.bellitalie.org\/it\/destinazione\/lombardia\/lago-d-idro-e-valle-sabbia\/\" title=\"Lago d&#039;Idro e Valle Sabbia\"><img width=\"150\" height=\"150\" src=\"https:\/\/www.bellitalie.org\/wp-content\/uploads\/2021\/09\/lac-d-idro_7540-150x150.jpg\" class=\"lcp_thumbnail wp-post-image\" alt=\"Lago d&#039;Idro e Valle Sabbia\" loading=\"lazy\" srcset=\"https:\/\/www.bellitalie.org\/wp-content\/uploads\/2021\/09\/lac-d-idro_7540-150x150.jpg 150w, https:\/\/www.bellitalie.org\/wp-content\/uploads\/2021\/09\/lac-d-idro_7540-50x50.jpg 50w, https:\/\/www.bellitalie.org\/wp-content\/uploads\/2021\/09\/lac-d-idro_7540-80x80.jpg 80w, https:\/\/www.bellitalie.org\/wp-content\/uploads\/2021\/09\/lac-d-idro_7540-75x75.jpg 75w\" sizes=\"(max-width: 150px) 100vw, 150px\" \/><\/a><div class=\"lcp_excerpt\">\nSeparato dal Lago di Garda da una montagna, il bellissimo piccolo Lago d&#8217;Idro arroccato a ...<\/div><\/li><li><a href=\"https:\/\/www.bellitalie.org\/it\/destinazione\/lombardia\/varese\/\">Varese<\/a><a href=\"https:\/\/www.bellitalie.org\/it\/destinazione\/lombardia\/varese\/\" title=\"Varese\"><img width=\"150\" height=\"150\" src=\"https:\/\/www.bellitalie.org\/wp-content\/uploads\/2023\/09\/palazzo-estense-varese_7161-150x150.jpg\" class=\"lcp_thumbnail wp-post-image\" alt=\"Varese\" loading=\"lazy\" srcset=\"https:\/\/www.bellitalie.org\/wp-content\/uploads\/2023\/09\/palazzo-estense-varese_7161-150x150.jpg 150w, https:\/\/www.bellitalie.org\/wp-content\/uploads\/2023\/09\/palazzo-estense-varese_7161-50x50.jpg 50w, https:\/\/www.bellitalie.org\/wp-content\/uploads\/2023\/09\/palazzo-estense-varese_7161-80x80.jpg 80w, https:\/\/www.bellitalie.org\/wp-content\/uploads\/2023\/09\/palazzo-estense-varese_7161-75x75.jpg 75w\" sizes=\"(max-width: 150px) 100vw, 150px\" \/><\/a><div class=\"lcp_excerpt\">\nVicino a Como e Milano, tra laghi e montagne, Varese \u00e8 una citt\u00e0 piuttosto ignorata ...<\/div><\/li><li><a href=\"https:\/\/www.bellitalie.org\/it\/destinazione\/lombardia\/val-camonica\/\">Val Camonica<\/a><a href=\"https:\/\/www.bellitalie.org\/it\/destinazione\/lombardia\/val-camonica\/\" title=\"Val Camonica\"><img width=\"150\" height=\"150\" src=\"https:\/\/www.bellitalie.org\/wp-content\/uploads\/2021\/09\/foppe-di-nadro-parc-gravures-rupestres-de-ceto-cimbergo-paspardo_8516-150x150.jpg\" class=\"lcp_thumbnail wp-post-image\" alt=\"Val Camonica\" loading=\"lazy\" srcset=\"https:\/\/www.bellitalie.org\/wp-content\/uploads\/2021\/09\/foppe-di-nadro-parc-gravures-rupestres-de-ceto-cimbergo-paspardo_8516-150x150.jpg 150w, https:\/\/www.bellitalie.org\/wp-content\/uploads\/2021\/09\/foppe-di-nadro-parc-gravures-rupestres-de-ceto-cimbergo-paspardo_8516-50x50.jpg 50w, https:\/\/www.bellitalie.org\/wp-content\/uploads\/2021\/09\/foppe-di-nadro-parc-gravures-rupestres-de-ceto-cimbergo-paspardo_8516-80x80.jpg 80w, https:\/\/www.bellitalie.org\/wp-content\/uploads\/2021\/09\/foppe-di-nadro-parc-gravures-rupestres-de-ceto-cimbergo-paspardo_8516-75x75.jpg 75w\" sizes=\"(max-width: 150px) 100vw, 150px\" \/><\/a><div class=\"lcp_excerpt\">\nIl fiume Oglio discende la Val Camonica per circa 80 km, dal Passo del Tonale ...<\/div><\/li><li><a href=\"https:\/\/www.bellitalie.org\/it\/destinazione\/lombardia\/monza-e-la-brianza\/\">Monza e la Brianza<\/a><a href=\"https:\/\/www.bellitalie.org\/it\/destinazione\/lombardia\/monza-e-la-brianza\/\" title=\"Monza e la Brianza\"><img width=\"150\" height=\"150\" src=\"https:\/\/www.bellitalie.org\/wp-content\/uploads\/2021\/09\/basilique-duomo-di-monza_8024-150x150.jpg\" class=\"lcp_thumbnail wp-post-image\" alt=\"Monza e la Brianza\" loading=\"lazy\" srcset=\"https:\/\/www.bellitalie.org\/wp-content\/uploads\/2021\/09\/basilique-duomo-di-monza_8024-150x150.jpg 150w, https:\/\/www.bellitalie.org\/wp-content\/uploads\/2021\/09\/basilique-duomo-di-monza_8024-50x50.jpg 50w, https:\/\/www.bellitalie.org\/wp-content\/uploads\/2021\/09\/basilique-duomo-di-monza_8024-80x80.jpg 80w, https:\/\/www.bellitalie.org\/wp-content\/uploads\/2021\/09\/basilique-duomo-di-monza_8024-75x75.jpg 75w\" sizes=\"(max-width: 150px) 100vw, 150px\" \/><\/a><div class=\"lcp_excerpt\">\nMonza\nSituata nel cuore della Brianza, vicino a Milano sulle rive del Lambro, Monza \u00e8 la ...<\/div><\/li><\/ul>\n<\/div>\n\n\n\n<div class=\"wp-container-8 wp-block-column\">\n<p><strong><a href=\"https:\/\/www.bellitalie.org\/it\/destinazione\/veneto\/lago-di-garda\/\">Lago di Garda<\/a><\/strong><\/p>\n<ul class=\"lcp_catlist2\" id=\"lcp_instance_0\"><li><a href=\"https:\/\/www.bellitalie.org\/it\/destinazione\/veneto\/lago-di-garda\/cosa-vedere-attorno-al-lago-di-garda\/\">Cosa vedere sul Lago di Garda<\/a><a href=\"https:\/\/www.bellitalie.org\/it\/destinazione\/veneto\/lago-di-garda\/cosa-vedere-attorno-al-lago-di-garda\/\" title=\"Cosa vedere sul Lago di Garda\"><img width=\"150\" height=\"150\" src=\"https:\/\/www.bellitalie.org\/wp-content\/uploads\/2021\/09\/maderno-lungolago-lago-di-garda_9361-150x150.jpg\" class=\"lcp_thumbnail wp-post-image\" alt=\"Cosa vedere sul Lago di Garda\" loading=\"lazy\" srcset=\"https:\/\/www.bellitalie.org\/wp-content\/uploads\/2021\/09\/maderno-lungolago-lago-di-garda_9361-150x150.jpg 150w, https:\/\/www.bellitalie.org\/wp-content\/uploads\/2021\/09\/maderno-lungolago-lago-di-garda_9361-50x50.jpg 50w, https:\/\/www.bellitalie.org\/wp-content\/uploads\/2021\/09\/maderno-lungolago-lago-di-garda_9361-80x80.jpg 80w, https:\/\/www.bellitalie.org\/wp-content\/uploads\/2021\/09\/maderno-lungolago-lago-di-garda_9361-75x75.jpg 75w\" sizes=\"(max-width: 150px) 100vw, 150px\" \/><\/a><div class=\"lcp_excerpt\">\nQuesta pagina completa la presentazione generale del Lago di Garda\nIl Lago di Garda \u00e8 il ...<\/div><\/li><li><a href=\"https:\/\/www.bellitalie.org\/it\/destinazione\/lombardia\/sirmione\/\">Sirmione<\/a><a href=\"https:\/\/www.bellitalie.org\/it\/destinazione\/lombardia\/sirmione\/\" title=\"Sirmione\"><img width=\"150\" height=\"150\" src=\"https:\/\/www.bellitalie.org\/wp-content\/uploads\/2021\/09\/sirmione_1567-150x150.jpg\" class=\"lcp_thumbnail wp-post-image\" alt=\"Sirmione\" loading=\"lazy\" srcset=\"https:\/\/www.bellitalie.org\/wp-content\/uploads\/2021\/09\/sirmione_1567-150x150.jpg 150w, https:\/\/www.bellitalie.org\/wp-content\/uploads\/2021\/09\/sirmione_1567-50x50.jpg 50w, https:\/\/www.bellitalie.org\/wp-content\/uploads\/2021\/09\/sirmione_1567-80x80.jpg 80w, https:\/\/www.bellitalie.org\/wp-content\/uploads\/2021\/09\/sirmione_1567-75x75.jpg 75w\" sizes=\"(max-width: 150px) 100vw, 150px\" \/><\/a><div class=\"lcp_excerpt\">\nSirmione \u00e8 la citt\u00e0 emblematica del Lago di Garda, una delle destinazioni pi\u00f9 affascinanti della ...<\/div><\/li><li class=\"current\"><a href=\"https:\/\/www.bellitalie.org\/it\/destinazione\/veneto\/peschiera-del-garda\/\">Peschiera del Garda<\/a><a href=\"https:\/\/www.bellitalie.org\/it\/destinazione\/veneto\/peschiera-del-garda\/\" title=\"Peschiera del Garda\"><img width=\"150\" height=\"150\" src=\"https:\/\/www.bellitalie.org\/wp-content\/uploads\/2021\/09\/canale-di-mezzo-peschiera-del-garda_9516-150x150.jpg\" class=\"lcp_thumbnail wp-post-image\" alt=\"Peschiera del Garda\" loading=\"lazy\" srcset=\"https:\/\/www.bellitalie.org\/wp-content\/uploads\/2021\/09\/canale-di-mezzo-peschiera-del-garda_9516-150x150.jpg 150w, https:\/\/www.bellitalie.org\/wp-content\/uploads\/2021\/09\/canale-di-mezzo-peschiera-del-garda_9516-50x50.jpg 50w, https:\/\/www.bellitalie.org\/wp-content\/uploads\/2021\/09\/canale-di-mezzo-peschiera-del-garda_9516-80x80.jpg 80w, https:\/\/www.bellitalie.org\/wp-content\/uploads\/2021\/09\/canale-di-mezzo-peschiera-del-garda_9516-75x75.jpg 75w\" sizes=\"(max-width: 150px) 100vw, 150px\" \/><\/a><div class=\"lcp_excerpt\">\nSulla sponda meridionale del Lago di Garda, Peschiera del Garda \u00e8 una citt\u00e0-fortezza circondata dalle ...<\/div><\/li><li><a href=\"https:\/\/www.bellitalie.org\/it\/destinazione\/lombardia\/lago-d-idro-e-valle-sabbia\/\">Lago d&#8217;Idro e Valle Sabbia<\/a><a href=\"https:\/\/www.bellitalie.org\/it\/destinazione\/lombardia\/lago-d-idro-e-valle-sabbia\/\" title=\"Lago d&#039;Idro e Valle Sabbia\"><img width=\"150\" height=\"150\" src=\"https:\/\/www.bellitalie.org\/wp-content\/uploads\/2021\/09\/lac-d-idro_7540-150x150.jpg\" class=\"lcp_thumbnail wp-post-image\" alt=\"Lago d&#039;Idro e Valle Sabbia\" loading=\"lazy\" srcset=\"https:\/\/www.bellitalie.org\/wp-content\/uploads\/2021\/09\/lac-d-idro_7540-150x150.jpg 150w, https:\/\/www.bellitalie.org\/wp-content\/uploads\/2021\/09\/lac-d-idro_7540-50x50.jpg 50w, https:\/\/www.bellitalie.org\/wp-content\/uploads\/2021\/09\/lac-d-idro_7540-80x80.jpg 80w, https:\/\/www.bellitalie.org\/wp-content\/uploads\/2021\/09\/lac-d-idro_7540-75x75.jpg 75w\" sizes=\"(max-width: 150px) 100vw, 150px\" \/><\/a><div class=\"lcp_excerpt\">\nSeparato dal Lago di Garda da una montagna, il bellissimo piccolo Lago d&#8217;Idro arroccato a ...<\/div><\/li><li><a href=\"https:\/\/www.bellitalie.org\/it\/destinazione\/trentino-alto-adige\/riva-del-garda\/\">Riva del Garda<\/a><a href=\"https:\/\/www.bellitalie.org\/it\/destinazione\/trentino-alto-adige\/riva-del-garda\/\" title=\"Riva del Garda\"><img width=\"150\" height=\"150\" src=\"https:\/\/www.bellitalie.org\/wp-content\/uploads\/2021\/09\/riva_di_garda_7554-150x150.jpg\" class=\"lcp_thumbnail wp-post-image\" alt=\"Riva del Garda\" loading=\"lazy\" srcset=\"https:\/\/www.bellitalie.org\/wp-content\/uploads\/2021\/09\/riva_di_garda_7554-150x150.jpg 150w, https:\/\/www.bellitalie.org\/wp-content\/uploads\/2021\/09\/riva_di_garda_7554-50x50.jpg 50w, https:\/\/www.bellitalie.org\/wp-content\/uploads\/2021\/09\/riva_di_garda_7554-80x80.jpg 80w, https:\/\/www.bellitalie.org\/wp-content\/uploads\/2021\/09\/riva_di_garda_7554-75x75.jpg 75w\" sizes=\"(max-width: 150px) 100vw, 150px\" \/><\/a><div class=\"lcp_excerpt\">\nRiva del Garda \u00e8 una cittadina di circa 20.000 abitanti situata all&#8217;estremit\u00e0 settentrionale del Lago ...<\/div><\/li><li><a href=\"https:\/\/www.bellitalie.org\/it\/destinazione\/veneto\/lago-di-garda\/desenzano-del-garda\/\">Desenzano del Garda<\/a><a href=\"https:\/\/www.bellitalie.org\/it\/destinazione\/veneto\/lago-di-garda\/desenzano-del-garda\/\" title=\"Desenzano del Garda\"><img width=\"150\" height=\"150\" src=\"https:\/\/www.bellitalie.org\/wp-content\/uploads\/2021\/09\/porto-vecchio-descenzano-del-garda_9470-150x150.jpg\" class=\"lcp_thumbnail wp-post-image\" alt=\"Desenzano del Garda\" loading=\"lazy\" srcset=\"https:\/\/www.bellitalie.org\/wp-content\/uploads\/2021\/09\/porto-vecchio-descenzano-del-garda_9470-150x150.jpg 150w, https:\/\/www.bellitalie.org\/wp-content\/uploads\/2021\/09\/porto-vecchio-descenzano-del-garda_9470-50x50.jpg 50w, https:\/\/www.bellitalie.org\/wp-content\/uploads\/2021\/09\/porto-vecchio-descenzano-del-garda_9470-80x80.jpg 80w, https:\/\/www.bellitalie.org\/wp-content\/uploads\/2021\/09\/porto-vecchio-descenzano-del-garda_9470-75x75.jpg 75w\" sizes=\"(max-width: 150px) 100vw, 150px\" \/><\/a><div class=\"lcp_excerpt\">\nDesenzano del Garda che si trova a sud-ovest del Lago di Garda \u00e8 una piacevole ...<\/div><\/li><li><a href=\"https:\/\/www.bellitalie.org\/it\/destinazione\/veneto\/lago-di-garda\/malcesine-e-dintorni\/\">Malcesine e dintorni<\/a><a href=\"https:\/\/www.bellitalie.org\/it\/destinazione\/veneto\/lago-di-garda\/malcesine-e-dintorni\/\" title=\"Malcesine e dintorni\"><img width=\"150\" height=\"150\" src=\"https:\/\/www.bellitalie.org\/wp-content\/uploads\/2023\/09\/castello-scaligero-di-malcesine_9737-150x150.jpg\" class=\"lcp_thumbnail wp-post-image\" alt=\"Malcesine e dintorni\" loading=\"lazy\" srcset=\"https:\/\/www.bellitalie.org\/wp-content\/uploads\/2023\/09\/castello-scaligero-di-malcesine_9737-150x150.jpg 150w, https:\/\/www.bellitalie.org\/wp-content\/uploads\/2023\/09\/castello-scaligero-di-malcesine_9737-50x50.jpg 50w, https:\/\/www.bellitalie.org\/wp-content\/uploads\/2023\/09\/castello-scaligero-di-malcesine_9737-80x80.jpg 80w, https:\/\/www.bellitalie.org\/wp-content\/uploads\/2023\/09\/castello-scaligero-di-malcesine_9737-75x75.jpg 75w\" sizes=\"(max-width: 150px) 100vw, 150px\" \/><\/a><div class=\"lcp_excerpt\">\nMalcesine e la costa orientale tra Brenzone e Torbole e Monte Baldo\nMalcesine\nMalcesine \u00e8 un villaggio ...<\/div><\/li><li><a href=\"https:\/\/www.bellitalie.org\/it\/destinazione\/veneto\/lago-di-garda\/gardone-riviera-e-vittoriale-degli-italiani\/\">Gardone Riviera e Vittoriale degli Italiani<\/a><a href=\"https:\/\/www.bellitalie.org\/it\/destinazione\/veneto\/lago-di-garda\/gardone-riviera-e-vittoriale-degli-italiani\/\" title=\"Gardone Riviera e Vittoriale degli Italiani\"><img width=\"150\" height=\"150\" src=\"https:\/\/www.bellitalie.org\/wp-content\/uploads\/2023\/09\/gardone-riviera_9425-150x150.jpg\" class=\"lcp_thumbnail wp-post-image\" alt=\"Gardone Riviera e Vittoriale degli Italiani\" loading=\"lazy\" srcset=\"https:\/\/www.bellitalie.org\/wp-content\/uploads\/2023\/09\/gardone-riviera_9425-150x150.jpg 150w, https:\/\/www.bellitalie.org\/wp-content\/uploads\/2023\/09\/gardone-riviera_9425-50x50.jpg 50w, https:\/\/www.bellitalie.org\/wp-content\/uploads\/2023\/09\/gardone-riviera_9425-80x80.jpg 80w, https:\/\/www.bellitalie.org\/wp-content\/uploads\/2023\/09\/gardone-riviera_9425-75x75.jpg 75w\" sizes=\"(max-width: 150px) 100vw, 150px\" \/><\/a><div class=\"lcp_excerpt\">\nGardone Riviera \u00e8 una delle localit\u00e0 pi\u00f9 attraenti della Riviera dei Limoni, ai piedi del ...<\/div><\/li><li><a href=\"https:\/\/www.bellitalie.org\/it\/destinazione\/veneto\/lago-di-garda\/manerba-san-felice-e-isola-del-garda\/\">Manerba, San Felice e Isola del Garda<\/a><a href=\"https:\/\/www.bellitalie.org\/it\/destinazione\/veneto\/lago-di-garda\/manerba-san-felice-e-isola-del-garda\/\" title=\"Manerba, San Felice e Isola del Garda\"><img width=\"150\" height=\"150\" src=\"https:\/\/www.bellitalie.org\/wp-content\/uploads\/2021\/10\/rocca-di-manerba-del-garda_9452-150x150.jpg\" class=\"lcp_thumbnail wp-post-image\" alt=\"Manerba, San Felice e Isola del Garda\" loading=\"lazy\" srcset=\"https:\/\/www.bellitalie.org\/wp-content\/uploads\/2021\/10\/rocca-di-manerba-del-garda_9452-150x150.jpg 150w, https:\/\/www.bellitalie.org\/wp-content\/uploads\/2021\/10\/rocca-di-manerba-del-garda_9452-50x50.jpg 50w, https:\/\/www.bellitalie.org\/wp-content\/uploads\/2021\/10\/rocca-di-manerba-del-garda_9452-80x80.jpg 80w, https:\/\/www.bellitalie.org\/wp-content\/uploads\/2021\/10\/rocca-di-manerba-del-garda_9452-75x75.jpg 75w\" sizes=\"(max-width: 150px) 100vw, 150px\" \/><\/a><div class=\"lcp_excerpt\">\nSituati sulla sponda occidentale a sud-ovest del lago, i comuni di San Felice del Benaco ...<\/div><\/li><\/ul>\n<\/div>\n<\/div>\n","protected":false},"excerpt":{"rendered":"<p>Sulla sponda meridionale del Lago di Garda, Peschiera del Garda \u00e8 una citt\u00e0-fortezza circondata dalle acque, iscritta a ragione nella lista del patrimonio mondiale dall&#8217;Unesco insieme ad altre opere difensive veneziane dei secoli XVI e XVII. Si trova infatti in una posizione strategica, tra la catena delle Alpi e la pianura padana, che funge da [&hellip;]<\/p>\n","protected":false},"author":1,"featured_media":21947,"parent":24719,"menu_order":0,"comment_status":"open","ping_status":"closed","template":"","format":"standard","meta":{"_links_to":"","_links_to_target":""},"tags":[],"categorie_page":[113,103],"region_italie":[95],"acf":[],"yoast_head":"<!-- This site is optimized with the Yoast SEO plugin v17.5 - https:\/\/yoast.com\/wordpress\/plugins\/seo\/ -->\n<title>Peschiera del Garda - Bellitalie<\/title>\n<meta name=\"description\" content=\"Peschiera del Garda \u00e8 una citt\u00e0-fortezza circondata dalle acque al sud del Lago di Garda, una opera difensiva veneziana dei secoli XVI e XVII\" \/>\n<meta name=\"robots\" content=\"index, follow, max-snippet:-1, max-image-preview:large, max-video-preview:-1\" \/>\n<link rel=\"canonical\" href=\"https:\/\/www.bellitalie.org\/it\/destinazione\/veneto\/peschiera-del-garda\/\" \/>\n<meta property=\"og:locale\" content=\"it_IT\" \/>\n<meta property=\"og:type\" content=\"article\" \/>\n<meta property=\"og:title\" content=\"Peschiera del Garda - Bellitalie\" \/>\n<meta property=\"og:description\" content=\"Peschiera del Garda \u00e8 una citt\u00e0-fortezza circondata dalle acque al sud del Lago di Garda, una opera difensiva veneziana dei secoli XVI e XVII\" \/>\n<meta property=\"og:url\" content=\"https:\/\/www.bellitalie.org\/it\/destinazione\/veneto\/peschiera-del-garda\/\" \/>\n<meta property=\"og:site_name\" content=\"Bellitalie\" \/>\n<meta property=\"article:modified_time\" content=\"2023-10-22T11:35:51+00:00\" \/>\n<meta property=\"og:image\" content=\"https:\/\/www.bellitalie.org\/wp-content\/uploads\/2021\/09\/canale-di-mezzo-peschiera-del-garda_9516.jpg\" \/>\n\t<meta property=\"og:image:width\" content=\"1200\" \/>\n\t<meta property=\"og:image:height\" content=\"800\" \/>\n<meta name=\"twitter:card\" content=\"summary_large_image\" \/>\n<meta name=\"twitter:label1\" content=\"Tempo di lettura stimato\" \/>\n\t<meta name=\"twitter:data1\" content=\"5 minuti\" \/>\n<script type=\"application\/ld+json\" class=\"yoast-schema-graph\">{\"@context\":\"https:\/\/schema.org\",\"@graph\":[{\"@type\":\"WebSite\",\"@id\":\"https:\/\/www.bellitalie.org\/#website\",\"url\":\"https:\/\/www.bellitalie.org\/\",\"name\":\"Bellitalie\",\"description\":\"Regioni, citt\\u00e0 e patrimonio dell'Italia da nord a sud\",\"potentialAction\":[{\"@type\":\"SearchAction\",\"target\":{\"@type\":\"EntryPoint\",\"urlTemplate\":\"https:\/\/www.bellitalie.org\/?s={search_term_string}\"},\"query-input\":\"required name=search_term_string\"}],\"inLanguage\":\"it-IT\"},{\"@type\":\"ImageObject\",\"@id\":\"https:\/\/www.bellitalie.org\/it\/destinazione\/veneto\/peschiera-del-garda\/#primaryimage\",\"inLanguage\":\"it-IT\",\"url\":\"https:\/\/www.bellitalie.org\/wp-content\/uploads\/2021\/09\/canale-di-mezzo-peschiera-del-garda_9516.jpg\",\"contentUrl\":\"https:\/\/www.bellitalie.org\/wp-content\/uploads\/2021\/09\/canale-di-mezzo-peschiera-del-garda_9516.jpg\",\"width\":1200,\"height\":800,\"caption\":\"canale-di-mezzo-peschiera-del-garda_9516\"},{\"@type\":\"WebPage\",\"@id\":\"https:\/\/www.bellitalie.org\/it\/destinazione\/veneto\/peschiera-del-garda\/#webpage\",\"url\":\"https:\/\/www.bellitalie.org\/it\/destinazione\/veneto\/peschiera-del-garda\/\",\"name\":\"Peschiera del Garda - Bellitalie\",\"isPartOf\":{\"@id\":\"https:\/\/www.bellitalie.org\/#website\"},\"primaryImageOfPage\":{\"@id\":\"https:\/\/www.bellitalie.org\/it\/destinazione\/veneto\/peschiera-del-garda\/#primaryimage\"},\"datePublished\":\"2021-09-07T17:23:00+00:00\",\"dateModified\":\"2023-10-22T11:35:51+00:00\",\"description\":\"Peschiera del Garda \\u00e8 una citt\\u00e0-fortezza circondata dalle acque al sud del Lago di Garda, una opera difensiva veneziana dei secoli XVI e XVII\",\"breadcrumb\":{\"@id\":\"https:\/\/www.bellitalie.org\/it\/destinazione\/veneto\/peschiera-del-garda\/#breadcrumb\"},\"inLanguage\":\"it-IT\",\"potentialAction\":[{\"@type\":\"ReadAction\",\"target\":[\"https:\/\/www.bellitalie.org\/it\/destinazione\/veneto\/peschiera-del-garda\/\"]}]},{\"@type\":\"BreadcrumbList\",\"@id\":\"https:\/\/www.bellitalie.org\/it\/destinazione\/veneto\/peschiera-del-garda\/#breadcrumb\",\"itemListElement\":[{\"@type\":\"ListItem\",\"position\":1,\"name\":\"Accueil\",\"item\":\"https:\/\/www.bellitalie.org\/it\/\"},{\"@type\":\"ListItem\",\"position\":2,\"name\":\"Veneto\",\"item\":\"https:\/\/www.bellitalie.org\/it\/regione_italia\/veneto\/\"},{\"@type\":\"ListItem\",\"position\":3,\"name\":\"Peschiera del Garda\"}]},{\"@type\":\"Person\",\"@id\":\"https:\/\/www.bellitalie.org\/#\/schema\/person\/6f25c64f0b5df6df0b93a2be44045da5\",\"name\":\"Bellitalie\",\"image\":{\"@type\":\"ImageObject\",\"@id\":\"https:\/\/www.bellitalie.org\/#personlogo\",\"inLanguage\":\"it-IT\",\"url\":\"https:\/\/secure.gravatar.com\/avatar\/ad516503a11cd5ca435acc9bb6523536?s=96\",\"contentUrl\":\"https:\/\/secure.gravatar.com\/avatar\/ad516503a11cd5ca435acc9bb6523536?s=96\",\"caption\":\"Bellitalie\"},\"sameAs\":[\"https:\/\/www.bellitalie.org\"]}]}<\/script>\n<!-- \/ Yoast SEO plugin. -->","yoast_head_json":{"title":"Peschiera del Garda - Bellitalie","description":"Peschiera del Garda \u00e8 una citt\u00e0-fortezza circondata dalle acque al sud del Lago di Garda, una opera difensiva veneziana dei secoli XVI e XVII","robots":{"index":"index","follow":"follow","max-snippet":"max-snippet:-1","max-image-preview":"max-image-preview:large","max-video-preview":"max-video-preview:-1"},"canonical":"https:\/\/www.bellitalie.org\/it\/destinazione\/veneto\/peschiera-del-garda\/","og_locale":"it_IT","og_type":"article","og_title":"Peschiera del Garda - Bellitalie","og_description":"Peschiera del Garda \u00e8 una citt\u00e0-fortezza circondata dalle acque al sud del Lago di Garda, una opera difensiva veneziana dei secoli XVI e XVII","og_url":"https:\/\/www.bellitalie.org\/it\/destinazione\/veneto\/peschiera-del-garda\/","og_site_name":"Bellitalie","article_modified_time":"2023-10-22T11:35:51+00:00","og_image":[{"width":1200,"height":800,"url":"https:\/\/www.bellitalie.org\/wp-content\/uploads\/2021\/09\/canale-di-mezzo-peschiera-del-garda_9516.jpg","type":"image\/jpeg"}],"twitter_card":"summary_large_image","twitter_misc":{"Tempo di lettura stimato":"5 minuti"},"schema":{"@context":"https:\/\/schema.org","@graph":[{"@type":"WebSite","@id":"https:\/\/www.bellitalie.org\/#website","url":"https:\/\/www.bellitalie.org\/","name":"Bellitalie","description":"Regioni, citt\u00e0 e patrimonio dell'Italia da nord a sud","potentialAction":[{"@type":"SearchAction","target":{"@type":"EntryPoint","urlTemplate":"https:\/\/www.bellitalie.org\/?s={search_term_string}"},"query-input":"required name=search_term_string"}],"inLanguage":"it-IT"},{"@type":"ImageObject","@id":"https:\/\/www.bellitalie.org\/it\/destinazione\/veneto\/peschiera-del-garda\/#primaryimage","inLanguage":"it-IT","url":"https:\/\/www.bellitalie.org\/wp-content\/uploads\/2021\/09\/canale-di-mezzo-peschiera-del-garda_9516.jpg","contentUrl":"https:\/\/www.bellitalie.org\/wp-content\/uploads\/2021\/09\/canale-di-mezzo-peschiera-del-garda_9516.jpg","width":1200,"height":800,"caption":"canale-di-mezzo-peschiera-del-garda_9516"},{"@type":"WebPage","@id":"https:\/\/www.bellitalie.org\/it\/destinazione\/veneto\/peschiera-del-garda\/#webpage","url":"https:\/\/www.bellitalie.org\/it\/destinazione\/veneto\/peschiera-del-garda\/","name":"Peschiera del Garda - Bellitalie","isPartOf":{"@id":"https:\/\/www.bellitalie.org\/#website"},"primaryImageOfPage":{"@id":"https:\/\/www.bellitalie.org\/it\/destinazione\/veneto\/peschiera-del-garda\/#primaryimage"},"datePublished":"2021-09-07T17:23:00+00:00","dateModified":"2023-10-22T11:35:51+00:00","description":"Peschiera del Garda \u00e8 una citt\u00e0-fortezza circondata dalle acque al sud del Lago di Garda, una opera difensiva veneziana dei secoli XVI e XVII","breadcrumb":{"@id":"https:\/\/www.bellitalie.org\/it\/destinazione\/veneto\/peschiera-del-garda\/#breadcrumb"},"inLanguage":"it-IT","potentialAction":[{"@type":"ReadAction","target":["https:\/\/www.bellitalie.org\/it\/destinazione\/veneto\/peschiera-del-garda\/"]}]},{"@type":"BreadcrumbList","@id":"https:\/\/www.bellitalie.org\/it\/destinazione\/veneto\/peschiera-del-garda\/#breadcrumb","itemListElement":[{"@type":"ListItem","position":1,"name":"Accueil","item":"https:\/\/www.bellitalie.org\/it\/"},{"@type":"ListItem","position":2,"name":"Veneto","item":"https:\/\/www.bellitalie.org\/it\/regione_italia\/veneto\/"},{"@type":"ListItem","position":3,"name":"Peschiera del Garda"}]},{"@type":"Person","@id":"https:\/\/www.bellitalie.org\/#\/schema\/person\/6f25c64f0b5df6df0b93a2be44045da5","name":"Bellitalie","image":{"@type":"ImageObject","@id":"https:\/\/www.bellitalie.org\/#personlogo","inLanguage":"it-IT","url":"https:\/\/secure.gravatar.com\/avatar\/ad516503a11cd5ca435acc9bb6523536?s=96","contentUrl":"https:\/\/secure.gravatar.com\/avatar\/ad516503a11cd5ca435acc9bb6523536?s=96","caption":"Bellitalie"},"sameAs":["https:\/\/www.bellitalie.org"]}]}},"_links":{"self":[{"href":"https:\/\/www.bellitalie.org\/it\/wp-json\/wp\/v2\/destination\/26343"}],"collection":[{"href":"https:\/\/www.bellitalie.org\/it\/wp-json\/wp\/v2\/destination"}],"about":[{"href":"https:\/\/www.bellitalie.org\/it\/wp-json\/wp\/v2\/types\/destination"}],"author":[{"embeddable":true,"href":"https:\/\/www.bellitalie.org\/it\/wp-json\/wp\/v2\/users\/1"}],"replies":[{"embeddable":true,"href":"https:\/\/www.bellitalie.org\/it\/wp-json\/wp\/v2\/comments?post=26343"}],"version-history":[{"count":3,"href":"https:\/\/www.bellitalie.org\/it\/wp-json\/wp\/v2\/destination\/26343\/revisions"}],"predecessor-version":[{"id":26358,"href":"https:\/\/www.bellitalie.org\/it\/wp-json\/wp\/v2\/destination\/26343\/revisions\/26358"}],"up":[{"embeddable":true,"href":"https:\/\/www.bellitalie.org\/it\/wp-json\/wp\/v2\/destination\/24719"}],"wp:featuredmedia":[{"embeddable":true,"href":"https:\/\/www.bellitalie.org\/it\/wp-json\/wp\/v2\/media\/21947"}],"wp:attachment":[{"href":"https:\/\/www.bellitalie.org\/it\/wp-json\/wp\/v2\/media?parent=26343"}],"wp:term":[{"taxonomy":"post_tag","embeddable":true,"href":"https:\/\/www.bellitalie.org\/it\/wp-json\/wp\/v2\/tags?post=26343"},{"taxonomy":"categorie_page","embeddable":true,"href":"https:\/\/www.bellitalie.org\/it\/wp-json\/wp\/v2\/categorie_page?post=26343"},{"taxonomy":"region_italie","embeddable":true,"href":"https:\/\/www.bellitalie.org\/it\/wp-json\/wp\/v2\/region_italie?post=26343"}],"curies":[{"name":"wp","href":"https:\/\/api.w.org\/{rel}","templated":true}]}}