{"id":26400,"date":"2021-08-29T00:30:00","date_gmt":"2021-08-28T22:30:00","guid":{"rendered":"https:\/\/www.bellitalie.org\/destination\/veneto\/lago-di-garda\/malcesine-et-environs\/"},"modified":"2023-10-22T17:48:59","modified_gmt":"2023-10-22T15:48:59","slug":"malcesine-e-dintorni","status":"publish","type":"destination","link":"https:\/\/www.bellitalie.org\/it\/destinazione\/veneto\/lago-di-garda\/malcesine-e-dintorni\/","title":{"rendered":"Malcesine e dintorni"},"content":{"rendered":"\n<p>Malcesine e la costa orientale tra Brenzone e Torbole e Monte Baldo<\/p>\n<h2>Malcesine<\/h2>\n<p><strong>Malcesine<\/strong> \u00e8 un villaggio turistico, soprattutto con il suo intimidatorio <strong>Castello Scaligeri<\/strong> che tiene in rispetto la riva dall&#8217;alto del suo sperone roccioso, proprio sul bordo del lago, con la sua grande torre che si scorge da lontano. Si visita, in particolare il Museo di Storia Naturale, e soprattutto la torre dalla quale si domina il lago e la citt\u00e0.<br \/>Il centro storico che si \u00e8 sviluppato nel medioevo, \u00e8 oggi molto turistico, con molti negozi commerciali, e anche un piccolo porto discreto.<br \/>Il <strong>Palazzo dei Capitani<\/strong>, in stile gotico veneziano, \u00e8 sede del Municipio, con le sue decorazioni e affreschi.<br \/>Non lontano dal centro verso sud, una delle belle spiagge \u00e8 quella della <strong>Val di Sogno<\/strong> con la sua incantevole baia.<\/p>\n\n\n<figure class=\"wp-container-2 wp-block-gallery-1 wp-block-gallery has-nested-images columns-2 is-cropped\">\n<figure class=\"wp-block-image size-large\"><a href=\"https:\/\/www.bellitalie.org\/wp-content\/uploads\/2021\/09\/malcesine_9749.jpg\"><img loading=\"lazy\" width=\"1200\" height=\"800\" data-id=\"21970\"  src=\"https:\/\/www.bellitalie.org\/wp-content\/uploads\/2021\/09\/malcesine_9749.jpg\" alt=\"foto di malcesine_9749\" class=\"wp-image-21970\" srcset=\"https:\/\/www.bellitalie.org\/wp-content\/uploads\/2021\/09\/malcesine_9749.jpg 1200w, https:\/\/www.bellitalie.org\/wp-content\/uploads\/2021\/09\/malcesine_9749-300x200.jpg 300w, https:\/\/www.bellitalie.org\/wp-content\/uploads\/2021\/09\/malcesine_9749-1024x683.jpg 1024w, https:\/\/www.bellitalie.org\/wp-content\/uploads\/2021\/09\/malcesine_9749-768x512.jpg 768w\" sizes=\"(max-width: 1200px) 100vw, 1200px\" \/><\/a><figcaption>Malcesine<\/figcaption><\/figure>\n\n\n\n<figure class=\"wp-block-image size-large\"><a href=\"https:\/\/www.bellitalie.org\/wp-content\/uploads\/2023\/09\/palazzo-dei-capitani-malcesine_9730.jpg\"><img loading=\"lazy\" width=\"800\" height=\"1200\" data-id=\"22417\"  src=\"https:\/\/www.bellitalie.org\/wp-content\/uploads\/2023\/09\/palazzo-dei-capitani-malcesine_9730.jpg\" alt=\"foto del palazzo dei capitani, malcesine_9730\" class=\"wp-image-22417\" srcset=\"https:\/\/www.bellitalie.org\/wp-content\/uploads\/2023\/09\/palazzo-dei-capitani-malcesine_9730.jpg 800w, https:\/\/www.bellitalie.org\/wp-content\/uploads\/2023\/09\/palazzo-dei-capitani-malcesine_9730-200x300.jpg 200w, https:\/\/www.bellitalie.org\/wp-content\/uploads\/2023\/09\/palazzo-dei-capitani-malcesine_9730-683x1024.jpg 683w, https:\/\/www.bellitalie.org\/wp-content\/uploads\/2023\/09\/palazzo-dei-capitani-malcesine_9730-768x1152.jpg 768w\" sizes=\"(max-width: 800px) 100vw, 800px\" \/><\/a><figcaption>Palazzo dei Capitani<\/figcaption><\/figure>\n\n\n\n<figure class=\"wp-block-image size-large\"><a href=\"https:\/\/www.bellitalie.org\/wp-content\/uploads\/2023\/09\/castello-scaligero-di-malcesine_9737.jpg\"><img loading=\"lazy\" width=\"1200\" height=\"800\" data-id=\"22408\"  src=\"https:\/\/www.bellitalie.org\/wp-content\/uploads\/2023\/09\/castello-scaligero-di-malcesine_9737.jpg\" alt=\"foto del castello scaligero di malcesine_9737\" class=\"wp-image-22408\" srcset=\"https:\/\/www.bellitalie.org\/wp-content\/uploads\/2023\/09\/castello-scaligero-di-malcesine_9737.jpg 1200w, https:\/\/www.bellitalie.org\/wp-content\/uploads\/2023\/09\/castello-scaligero-di-malcesine_9737-300x200.jpg 300w, https:\/\/www.bellitalie.org\/wp-content\/uploads\/2023\/09\/castello-scaligero-di-malcesine_9737-1024x683.jpg 1024w, https:\/\/www.bellitalie.org\/wp-content\/uploads\/2023\/09\/castello-scaligero-di-malcesine_9737-768x512.jpg 768w\" sizes=\"(max-width: 1200px) 100vw, 1200px\" \/><\/a><figcaption>Rocca Scaligeri<\/figcaption><\/figure>\n<\/figure>\n\n\n<h2>Riva di Malcesine-Brenzone<\/h2>\n<p>A sud di Malcesine, la riva \u00e8 formata da numerose spiagge di ciottoli, facilmente raggiungibili lungo la strada, con parcheggi sufficienti. Questa strada \u00e8 costeggiata da una bella pista ciclabile per diversi chilometri. Le acque sono belle e poco profonde, anche se spesso vedono un intenso traffico di anatre e cigni. Ci sono molti pontili in legno rudimentali ma con la menzione &#8220;propriet\u00e0 privata&#8221;, probabilmente per indurre gli uccelli acquatici a defecare altrove.<br \/>Nella frazione di Cassone, il fiume Avril \u00e8 il pi\u00f9 corto d&#8217;Italia, lungo 175 metri, passando sotto tre ponti fino al porticciolo.<br \/>Verso nord, da Malcesine, la strada \u00e8 panoramica e superba, passando da Tempesta fino a Torbole.<\/p>\n\n\n<figure class=\"wp-container-4 wp-block-gallery-3 wp-block-gallery has-nested-images columns-2 is-cropped\">\n<figure class=\"wp-block-image size-medium\"><a href=\"https:\/\/www.bellitalie.org\/wp-content\/uploads\/2023\/09\/costa-lago-di-garda-malcesine-brenzone_9758.jpg\"><img loading=\"lazy\" width=\"300\" height=\"200\" data-id=\"22426\"  src=\"https:\/\/www.bellitalie.org\/wp-content\/uploads\/2023\/09\/costa-lago-di-garda-malcesine-brenzone_9758-300x200.jpg\" alt=\"costa-lago-di-garda-malcesine-brenzone_9758\" class=\"wp-image-22426\" srcset=\"https:\/\/www.bellitalie.org\/wp-content\/uploads\/2023\/09\/costa-lago-di-garda-malcesine-brenzone_9758-300x200.jpg 300w, https:\/\/www.bellitalie.org\/wp-content\/uploads\/2023\/09\/costa-lago-di-garda-malcesine-brenzone_9758-1024x683.jpg 1024w, https:\/\/www.bellitalie.org\/wp-content\/uploads\/2023\/09\/costa-lago-di-garda-malcesine-brenzone_9758-768x512.jpg 768w, https:\/\/www.bellitalie.org\/wp-content\/uploads\/2023\/09\/costa-lago-di-garda-malcesine-brenzone_9758.jpg 1200w\" sizes=\"(max-width: 300px) 100vw, 300px\" \/><\/a><\/figure>\n\n\n\n<figure class=\"wp-block-image size-medium\"><a href=\"https:\/\/www.bellitalie.org\/wp-content\/uploads\/2023\/09\/cote-lac-de-garde-malcesine-brenzone_9766.jpg\"><img loading=\"lazy\" width=\"300\" height=\"200\" data-id=\"22429\"  src=\"https:\/\/www.bellitalie.org\/wp-content\/uploads\/2023\/09\/cote-lac-de-garde-malcesine-brenzone_9766-300x200.jpg\" alt=\"cote-lac-de-garde-malcesine-brenzone_9766\" class=\"wp-image-22429\" srcset=\"https:\/\/www.bellitalie.org\/wp-content\/uploads\/2023\/09\/cote-lac-de-garde-malcesine-brenzone_9766-300x200.jpg 300w, https:\/\/www.bellitalie.org\/wp-content\/uploads\/2023\/09\/cote-lac-de-garde-malcesine-brenzone_9766-1024x683.jpg 1024w, https:\/\/www.bellitalie.org\/wp-content\/uploads\/2023\/09\/cote-lac-de-garde-malcesine-brenzone_9766-768x512.jpg 768w, https:\/\/www.bellitalie.org\/wp-content\/uploads\/2023\/09\/cote-lac-de-garde-malcesine-brenzone_9766.jpg 1200w\" sizes=\"(max-width: 300px) 100vw, 300px\" \/><\/a><\/figure>\n\n\n\n<figure class=\"wp-block-image size-large\"><a href=\"https:\/\/www.bellitalie.org\/wp-content\/uploads\/2021\/09\/ciclovia-lungolago-brenzone_9768.jpg\"><img loading=\"lazy\" width=\"1024\" height=\"683\" data-id=\"21974\"  src=\"https:\/\/www.bellitalie.org\/wp-content\/uploads\/2021\/09\/ciclovia-lungolago-brenzone_9768-1024x683.jpg\" alt=\"ciclovia-lungolago-brenzone_9768\" class=\"wp-image-21974\" srcset=\"https:\/\/www.bellitalie.org\/wp-content\/uploads\/2021\/09\/ciclovia-lungolago-brenzone_9768-1024x683.jpg 1024w, https:\/\/www.bellitalie.org\/wp-content\/uploads\/2021\/09\/ciclovia-lungolago-brenzone_9768-300x200.jpg 300w, https:\/\/www.bellitalie.org\/wp-content\/uploads\/2021\/09\/ciclovia-lungolago-brenzone_9768-768x512.jpg 768w, https:\/\/www.bellitalie.org\/wp-content\/uploads\/2021\/09\/ciclovia-lungolago-brenzone_9768.jpg 1200w\" sizes=\"(max-width: 1024px) 100vw, 1024px\" \/><\/a><\/figure>\n<\/figure>\n\n\n<h2>Monte Baldo<\/h2>\n<p>La cabinovia della funivia del <strong>Monte Baldo<\/strong> permette una salita panoramica fino a 1760 metri d&#8217;altitudine, con il suo piccolo comprensorio sciistico, il cui panorama abbraccia in alcuni punti tutto il lago. \u00c8 anche un buon punto di partenza per escursioni all&#8217;aria aperta, su sentieri pi\u00f9 o meno lunghi.<\/p>\n<h2>Campo di Brenzone<\/h2>\n<p><strong>Campo di Brenzone<\/strong> \u00e8 un piccolo borgo di origine medievale, semiabbandonato, immerso nel verde delle pendici, in posizione dominante sul lago. Vi si accede da Brenzone con una piccola passeggiata di quasi 1 km. Sulle sue alture, la chiesa di San Pietro in Vincoli del XIII secolo conserva affreschi di Giorgio Da Riva del 1358.<\/p>\n<p>\u00a0<\/p>\n<h2>Informazioni<\/h2>\n<ul>\n<li>Articolo Wikipedia : <a href=\"https:\/\/it.wikipedia.org\/wiki\/Malcesine\" target=\"_blank\" rel=\"noopener\">it.wikipedia.org<\/a><\/li>\n<li>Portali turistici : <a href=\"https:\/\/www.visitmalcesine.com\/\" target=\"_blank\" rel=\"noopener\">www.visitmalcesine.com<\/a><\/li>\n<\/ul>\n<div id=\"meteo\"><br\/>\r\n\t\t<h2>Meteo a Malcesine<\/h2>\r\n<p><!-- Inizio codice ilMeteo.it --><\/p>\r\n<p><iframe src=\"https:\/\/www.ilmeteo.it\/box\/previsioni.php?citta=3785&amp;type=day1&amp;width=600&amp;ico=1&amp;lang=ita&amp;days=6&amp;font=Arial&amp;fontsize=12&amp;bg=FFFFFF&amp;fg=000000&amp;bgtitle=F0E8DF&amp;fgtitle=3D3D3D&amp;bgtab=FBFAF5&amp;fglink=1361A3\" width=\"600\" height=\"240\" frameborder=\"no\" scrolling=\"no\"><\/iframe><\/p>\r\n<p><!-- Fine codice ilMeteo.it --><\/p>\r\n<\/div>\n<h2>Cartina<\/h2>\n<div id=\"travelersmap-container-69f490656ff6d\" class=\"travelersmap-container\" style=\"z-index: 1; min-height: 10px; min-width:10px; height:400px;width:100%; max-width:; max-height:; position:relative;\"><div style=\"position:absolute; z-index:-1;top: 50%;text-align: center;display: block;left: 50%;transform: translate(-50%,-50%);\">Travelers' Map is loading... <br> If you see this after your page is loaded completely, leafletJS files are missing.<\/div><\/div>\n<p>\u00a0<\/p>\n\n\n<div class=\"wp-container-7 wp-block-columns has-background\" style=\"background-color:#dfece5\">\n<div class=\"wp-container-5 wp-block-column\">\n<p><a href=\"https:\/\/www.bellitalie.org\/it\/regione_italia\/veneto\/\"><strong>Veneto<\/strong><\/a><\/p>\n<ul class=\"lcp_catlist2\" id=\"lcp_instance_0\"><li><a href=\"https:\/\/www.bellitalie.org\/it\/destinazione\/veneto\/verona\/\">Verona<\/a><a href=\"https:\/\/www.bellitalie.org\/it\/destinazione\/veneto\/verona\/\" title=\"Verona\"><img width=\"150\" height=\"150\" src=\"https:\/\/www.bellitalie.org\/wp-content\/uploads\/2021\/09\/verone-italie_1623-150x150.jpg\" class=\"lcp_thumbnail wp-post-image\" alt=\"Verona\" loading=\"lazy\" srcset=\"https:\/\/www.bellitalie.org\/wp-content\/uploads\/2021\/09\/verone-italie_1623-150x150.jpg 150w, https:\/\/www.bellitalie.org\/wp-content\/uploads\/2021\/09\/verone-italie_1623-50x50.jpg 50w, https:\/\/www.bellitalie.org\/wp-content\/uploads\/2021\/09\/verone-italie_1623-80x80.jpg 80w, https:\/\/www.bellitalie.org\/wp-content\/uploads\/2021\/09\/verone-italie_1623-75x75.jpg 75w\" sizes=\"(max-width: 150px) 100vw, 150px\" \/><\/a><div class=\"lcp_excerpt\">\nVerona non si limita all&#8217;amore tragico di Romeo e Giulietta raccontato da Shakespeare, tutt&#8217;altro. \u00c8 ...<\/div><\/li><li><a href=\"https:\/\/www.bellitalie.org\/it\/destinazione\/veneto\/lago-di-garda\/\">Lago di Garda<\/a><a href=\"https:\/\/www.bellitalie.org\/it\/destinazione\/veneto\/lago-di-garda\/\" title=\"Lago di Garda\"><img width=\"150\" height=\"150\" src=\"https:\/\/www.bellitalie.org\/wp-content\/uploads\/2023\/09\/cote-lac-de-garde-malcesine-brenzone_9766-150x150.jpg\" class=\"lcp_thumbnail wp-post-image\" alt=\"Lago di Garda\" loading=\"lazy\" srcset=\"https:\/\/www.bellitalie.org\/wp-content\/uploads\/2023\/09\/cote-lac-de-garde-malcesine-brenzone_9766-150x150.jpg 150w, https:\/\/www.bellitalie.org\/wp-content\/uploads\/2023\/09\/cote-lac-de-garde-malcesine-brenzone_9766-50x50.jpg 50w, https:\/\/www.bellitalie.org\/wp-content\/uploads\/2023\/09\/cote-lac-de-garde-malcesine-brenzone_9766-80x80.jpg 80w, https:\/\/www.bellitalie.org\/wp-content\/uploads\/2023\/09\/cote-lac-de-garde-malcesine-brenzone_9766-75x75.jpg 75w\" sizes=\"(max-width: 150px) 100vw, 150px\" \/><\/a><div class=\"lcp_excerpt\">\nIl Lago di Garda \u00e8 il pi\u00f9 grande lago d&#8217;Italia, situato tra Brescia ad ovest ...<\/div><\/li><li><a href=\"https:\/\/www.bellitalie.org\/it\/destinazione\/veneto\/peschiera-del-garda\/\">Peschiera del Garda<\/a><a href=\"https:\/\/www.bellitalie.org\/it\/destinazione\/veneto\/peschiera-del-garda\/\" title=\"Peschiera del Garda\"><img width=\"150\" height=\"150\" src=\"https:\/\/www.bellitalie.org\/wp-content\/uploads\/2021\/09\/canale-di-mezzo-peschiera-del-garda_9516-150x150.jpg\" class=\"lcp_thumbnail wp-post-image\" alt=\"Peschiera del Garda\" loading=\"lazy\" srcset=\"https:\/\/www.bellitalie.org\/wp-content\/uploads\/2021\/09\/canale-di-mezzo-peschiera-del-garda_9516-150x150.jpg 150w, https:\/\/www.bellitalie.org\/wp-content\/uploads\/2021\/09\/canale-di-mezzo-peschiera-del-garda_9516-50x50.jpg 50w, https:\/\/www.bellitalie.org\/wp-content\/uploads\/2021\/09\/canale-di-mezzo-peschiera-del-garda_9516-80x80.jpg 80w, https:\/\/www.bellitalie.org\/wp-content\/uploads\/2021\/09\/canale-di-mezzo-peschiera-del-garda_9516-75x75.jpg 75w\" sizes=\"(max-width: 150px) 100vw, 150px\" \/><\/a><div class=\"lcp_excerpt\">\nSulla sponda meridionale del Lago di Garda, Peschiera del Garda \u00e8 una citt\u00e0-fortezza circondata dalle ...<\/div><\/li><\/ul>\n<\/div>\n\n\n\n<div class=\"wp-container-6 wp-block-column\">\n<p><strong><a href=\"https:\/\/www.bellitalie.org\/it\/destinazione\/veneto\/lago-di-garda\/\">Lago di Garda<\/a><\/strong><\/p>\n<ul class=\"lcp_catlist2\" id=\"lcp_instance_0\"><li><a href=\"https:\/\/www.bellitalie.org\/it\/destinazione\/veneto\/lago-di-garda\/cosa-vedere-attorno-al-lago-di-garda\/\">Cosa vedere sul Lago di Garda<\/a><a href=\"https:\/\/www.bellitalie.org\/it\/destinazione\/veneto\/lago-di-garda\/cosa-vedere-attorno-al-lago-di-garda\/\" title=\"Cosa vedere sul Lago di Garda\"><img width=\"150\" height=\"150\" src=\"https:\/\/www.bellitalie.org\/wp-content\/uploads\/2021\/09\/maderno-lungolago-lago-di-garda_9361-150x150.jpg\" class=\"lcp_thumbnail wp-post-image\" alt=\"Cosa vedere sul Lago di Garda\" loading=\"lazy\" srcset=\"https:\/\/www.bellitalie.org\/wp-content\/uploads\/2021\/09\/maderno-lungolago-lago-di-garda_9361-150x150.jpg 150w, https:\/\/www.bellitalie.org\/wp-content\/uploads\/2021\/09\/maderno-lungolago-lago-di-garda_9361-50x50.jpg 50w, https:\/\/www.bellitalie.org\/wp-content\/uploads\/2021\/09\/maderno-lungolago-lago-di-garda_9361-80x80.jpg 80w, https:\/\/www.bellitalie.org\/wp-content\/uploads\/2021\/09\/maderno-lungolago-lago-di-garda_9361-75x75.jpg 75w\" sizes=\"(max-width: 150px) 100vw, 150px\" \/><\/a><div class=\"lcp_excerpt\">\nQuesta pagina completa la presentazione generale del Lago di Garda\nIl Lago di Garda \u00e8 il ...<\/div><\/li><li><a href=\"https:\/\/www.bellitalie.org\/it\/destinazione\/lombardia\/sirmione\/\">Sirmione<\/a><a href=\"https:\/\/www.bellitalie.org\/it\/destinazione\/lombardia\/sirmione\/\" title=\"Sirmione\"><img width=\"150\" height=\"150\" src=\"https:\/\/www.bellitalie.org\/wp-content\/uploads\/2021\/09\/sirmione_1567-150x150.jpg\" class=\"lcp_thumbnail wp-post-image\" alt=\"Sirmione\" loading=\"lazy\" srcset=\"https:\/\/www.bellitalie.org\/wp-content\/uploads\/2021\/09\/sirmione_1567-150x150.jpg 150w, https:\/\/www.bellitalie.org\/wp-content\/uploads\/2021\/09\/sirmione_1567-50x50.jpg 50w, https:\/\/www.bellitalie.org\/wp-content\/uploads\/2021\/09\/sirmione_1567-80x80.jpg 80w, https:\/\/www.bellitalie.org\/wp-content\/uploads\/2021\/09\/sirmione_1567-75x75.jpg 75w\" sizes=\"(max-width: 150px) 100vw, 150px\" \/><\/a><div class=\"lcp_excerpt\">\nSirmione \u00e8 la citt\u00e0 emblematica del Lago di Garda, una delle destinazioni pi\u00f9 affascinanti della ...<\/div><\/li><li><a href=\"https:\/\/www.bellitalie.org\/it\/destinazione\/veneto\/peschiera-del-garda\/\">Peschiera del Garda<\/a><a href=\"https:\/\/www.bellitalie.org\/it\/destinazione\/veneto\/peschiera-del-garda\/\" title=\"Peschiera del Garda\"><img width=\"150\" height=\"150\" src=\"https:\/\/www.bellitalie.org\/wp-content\/uploads\/2021\/09\/canale-di-mezzo-peschiera-del-garda_9516-150x150.jpg\" class=\"lcp_thumbnail wp-post-image\" alt=\"Peschiera del Garda\" loading=\"lazy\" srcset=\"https:\/\/www.bellitalie.org\/wp-content\/uploads\/2021\/09\/canale-di-mezzo-peschiera-del-garda_9516-150x150.jpg 150w, https:\/\/www.bellitalie.org\/wp-content\/uploads\/2021\/09\/canale-di-mezzo-peschiera-del-garda_9516-50x50.jpg 50w, https:\/\/www.bellitalie.org\/wp-content\/uploads\/2021\/09\/canale-di-mezzo-peschiera-del-garda_9516-80x80.jpg 80w, https:\/\/www.bellitalie.org\/wp-content\/uploads\/2021\/09\/canale-di-mezzo-peschiera-del-garda_9516-75x75.jpg 75w\" sizes=\"(max-width: 150px) 100vw, 150px\" \/><\/a><div class=\"lcp_excerpt\">\nSulla sponda meridionale del Lago di Garda, Peschiera del Garda \u00e8 una citt\u00e0-fortezza circondata dalle ...<\/div><\/li><li><a href=\"https:\/\/www.bellitalie.org\/it\/destinazione\/lombardia\/lago-d-idro-e-valle-sabbia\/\">Lago d&#8217;Idro e Valle Sabbia<\/a><a href=\"https:\/\/www.bellitalie.org\/it\/destinazione\/lombardia\/lago-d-idro-e-valle-sabbia\/\" title=\"Lago d&#039;Idro e Valle Sabbia\"><img width=\"150\" height=\"150\" src=\"https:\/\/www.bellitalie.org\/wp-content\/uploads\/2021\/09\/lac-d-idro_7540-150x150.jpg\" class=\"lcp_thumbnail wp-post-image\" alt=\"Lago d&#039;Idro e Valle Sabbia\" loading=\"lazy\" srcset=\"https:\/\/www.bellitalie.org\/wp-content\/uploads\/2021\/09\/lac-d-idro_7540-150x150.jpg 150w, https:\/\/www.bellitalie.org\/wp-content\/uploads\/2021\/09\/lac-d-idro_7540-50x50.jpg 50w, https:\/\/www.bellitalie.org\/wp-content\/uploads\/2021\/09\/lac-d-idro_7540-80x80.jpg 80w, https:\/\/www.bellitalie.org\/wp-content\/uploads\/2021\/09\/lac-d-idro_7540-75x75.jpg 75w\" sizes=\"(max-width: 150px) 100vw, 150px\" \/><\/a><div class=\"lcp_excerpt\">\nSeparato dal Lago di Garda da una montagna, il bellissimo piccolo Lago d&#8217;Idro arroccato a ...<\/div><\/li><li><a href=\"https:\/\/www.bellitalie.org\/it\/destinazione\/trentino-alto-adige\/riva-del-garda\/\">Riva del Garda<\/a><a href=\"https:\/\/www.bellitalie.org\/it\/destinazione\/trentino-alto-adige\/riva-del-garda\/\" title=\"Riva del Garda\"><img width=\"150\" height=\"150\" src=\"https:\/\/www.bellitalie.org\/wp-content\/uploads\/2021\/09\/riva_di_garda_7554-150x150.jpg\" class=\"lcp_thumbnail wp-post-image\" alt=\"Riva del Garda\" loading=\"lazy\" srcset=\"https:\/\/www.bellitalie.org\/wp-content\/uploads\/2021\/09\/riva_di_garda_7554-150x150.jpg 150w, https:\/\/www.bellitalie.org\/wp-content\/uploads\/2021\/09\/riva_di_garda_7554-50x50.jpg 50w, https:\/\/www.bellitalie.org\/wp-content\/uploads\/2021\/09\/riva_di_garda_7554-80x80.jpg 80w, https:\/\/www.bellitalie.org\/wp-content\/uploads\/2021\/09\/riva_di_garda_7554-75x75.jpg 75w\" sizes=\"(max-width: 150px) 100vw, 150px\" \/><\/a><div class=\"lcp_excerpt\">\nRiva del Garda \u00e8 una cittadina di circa 20.000 abitanti situata all&#8217;estremit\u00e0 settentrionale del Lago ...<\/div><\/li><li><a href=\"https:\/\/www.bellitalie.org\/it\/destinazione\/veneto\/lago-di-garda\/desenzano-del-garda\/\">Desenzano del Garda<\/a><a href=\"https:\/\/www.bellitalie.org\/it\/destinazione\/veneto\/lago-di-garda\/desenzano-del-garda\/\" title=\"Desenzano del Garda\"><img width=\"150\" height=\"150\" src=\"https:\/\/www.bellitalie.org\/wp-content\/uploads\/2021\/09\/porto-vecchio-descenzano-del-garda_9470-150x150.jpg\" class=\"lcp_thumbnail wp-post-image\" alt=\"Desenzano del Garda\" loading=\"lazy\" srcset=\"https:\/\/www.bellitalie.org\/wp-content\/uploads\/2021\/09\/porto-vecchio-descenzano-del-garda_9470-150x150.jpg 150w, https:\/\/www.bellitalie.org\/wp-content\/uploads\/2021\/09\/porto-vecchio-descenzano-del-garda_9470-50x50.jpg 50w, https:\/\/www.bellitalie.org\/wp-content\/uploads\/2021\/09\/porto-vecchio-descenzano-del-garda_9470-80x80.jpg 80w, https:\/\/www.bellitalie.org\/wp-content\/uploads\/2021\/09\/porto-vecchio-descenzano-del-garda_9470-75x75.jpg 75w\" sizes=\"(max-width: 150px) 100vw, 150px\" \/><\/a><div class=\"lcp_excerpt\">\nDesenzano del Garda che si trova a sud-ovest del Lago di Garda \u00e8 una piacevole ...<\/div><\/li><li class=\"current\"><a href=\"https:\/\/www.bellitalie.org\/it\/destinazione\/veneto\/lago-di-garda\/malcesine-e-dintorni\/\">Malcesine e dintorni<\/a><a href=\"https:\/\/www.bellitalie.org\/it\/destinazione\/veneto\/lago-di-garda\/malcesine-e-dintorni\/\" title=\"Malcesine e dintorni\"><img width=\"150\" height=\"150\" src=\"https:\/\/www.bellitalie.org\/wp-content\/uploads\/2023\/09\/castello-scaligero-di-malcesine_9737-150x150.jpg\" class=\"lcp_thumbnail wp-post-image\" alt=\"Malcesine e dintorni\" loading=\"lazy\" srcset=\"https:\/\/www.bellitalie.org\/wp-content\/uploads\/2023\/09\/castello-scaligero-di-malcesine_9737-150x150.jpg 150w, https:\/\/www.bellitalie.org\/wp-content\/uploads\/2023\/09\/castello-scaligero-di-malcesine_9737-50x50.jpg 50w, https:\/\/www.bellitalie.org\/wp-content\/uploads\/2023\/09\/castello-scaligero-di-malcesine_9737-80x80.jpg 80w, https:\/\/www.bellitalie.org\/wp-content\/uploads\/2023\/09\/castello-scaligero-di-malcesine_9737-75x75.jpg 75w\" sizes=\"(max-width: 150px) 100vw, 150px\" \/><\/a><div class=\"lcp_excerpt\">\nMalcesine e la costa orientale tra Brenzone e Torbole e Monte Baldo\nMalcesine\nMalcesine \u00e8 un villaggio ...<\/div><\/li><li><a href=\"https:\/\/www.bellitalie.org\/it\/destinazione\/veneto\/lago-di-garda\/gardone-riviera-e-vittoriale-degli-italiani\/\">Gardone Riviera e Vittoriale degli Italiani<\/a><a href=\"https:\/\/www.bellitalie.org\/it\/destinazione\/veneto\/lago-di-garda\/gardone-riviera-e-vittoriale-degli-italiani\/\" title=\"Gardone Riviera e Vittoriale degli Italiani\"><img width=\"150\" height=\"150\" src=\"https:\/\/www.bellitalie.org\/wp-content\/uploads\/2023\/09\/gardone-riviera_9425-150x150.jpg\" class=\"lcp_thumbnail wp-post-image\" alt=\"Gardone Riviera e Vittoriale degli Italiani\" loading=\"lazy\" srcset=\"https:\/\/www.bellitalie.org\/wp-content\/uploads\/2023\/09\/gardone-riviera_9425-150x150.jpg 150w, https:\/\/www.bellitalie.org\/wp-content\/uploads\/2023\/09\/gardone-riviera_9425-50x50.jpg 50w, https:\/\/www.bellitalie.org\/wp-content\/uploads\/2023\/09\/gardone-riviera_9425-80x80.jpg 80w, https:\/\/www.bellitalie.org\/wp-content\/uploads\/2023\/09\/gardone-riviera_9425-75x75.jpg 75w\" sizes=\"(max-width: 150px) 100vw, 150px\" \/><\/a><div class=\"lcp_excerpt\">\nGardone Riviera \u00e8 una delle localit\u00e0 pi\u00f9 attraenti della Riviera dei Limoni, ai piedi del ...<\/div><\/li><li><a href=\"https:\/\/www.bellitalie.org\/it\/destinazione\/veneto\/lago-di-garda\/manerba-san-felice-e-isola-del-garda\/\">Manerba, San Felice e Isola del Garda<\/a><a href=\"https:\/\/www.bellitalie.org\/it\/destinazione\/veneto\/lago-di-garda\/manerba-san-felice-e-isola-del-garda\/\" title=\"Manerba, San Felice e Isola del Garda\"><img width=\"150\" height=\"150\" src=\"https:\/\/www.bellitalie.org\/wp-content\/uploads\/2021\/10\/rocca-di-manerba-del-garda_9452-150x150.jpg\" class=\"lcp_thumbnail wp-post-image\" alt=\"Manerba, San Felice e Isola del Garda\" loading=\"lazy\" srcset=\"https:\/\/www.bellitalie.org\/wp-content\/uploads\/2021\/10\/rocca-di-manerba-del-garda_9452-150x150.jpg 150w, https:\/\/www.bellitalie.org\/wp-content\/uploads\/2021\/10\/rocca-di-manerba-del-garda_9452-50x50.jpg 50w, https:\/\/www.bellitalie.org\/wp-content\/uploads\/2021\/10\/rocca-di-manerba-del-garda_9452-80x80.jpg 80w, https:\/\/www.bellitalie.org\/wp-content\/uploads\/2021\/10\/rocca-di-manerba-del-garda_9452-75x75.jpg 75w\" sizes=\"(max-width: 150px) 100vw, 150px\" \/><\/a><div class=\"lcp_excerpt\">\nSituati sulla sponda occidentale a sud-ovest del lago, i comuni di San Felice del Benaco ...<\/div><\/li><\/ul>\n<\/div>\n<\/div>\n","protected":false},"excerpt":{"rendered":"<p>Malcesine e la costa orientale tra Brenzone e Torbole e Monte Baldo Malcesine Malcesine \u00e8 un villaggio turistico, soprattutto con il suo intimidatorio Castello Scaligeri che tiene in rispetto la riva dall&#8217;alto del suo sperone roccioso, proprio sul bordo del lago, con la sua grande torre che si scorge da lontano. Si visita, in particolare [&hellip;]<\/p>\n","protected":false},"author":1,"featured_media":22410,"parent":26259,"menu_order":0,"comment_status":"open","ping_status":"closed","template":"","format":"standard","meta":{"_links_to":"","_links_to_target":""},"tags":[],"categorie_page":[113,103],"region_italie":[],"acf":[],"yoast_head":"<!-- This site is optimized with the Yoast SEO plugin v17.5 - https:\/\/yoast.com\/wordpress\/plugins\/seo\/ -->\n<title>Malcesine e dintorni - Bellitalie<\/title>\n<meta name=\"description\" content=\"Visita di Malcesine e la riva tra Brenzone, Torbole e Monte Baldo, villaggio turistico con un Castello Scaligeri, centro storico e palazzi\" \/>\n<meta name=\"robots\" content=\"index, follow, max-snippet:-1, max-image-preview:large, max-video-preview:-1\" \/>\n<link rel=\"canonical\" href=\"https:\/\/www.bellitalie.org\/it\/destinazione\/veneto\/lago-di-garda\/malcesine-e-dintorni\/\" \/>\n<meta property=\"og:locale\" content=\"it_IT\" \/>\n<meta property=\"og:type\" content=\"article\" \/>\n<meta property=\"og:title\" content=\"Malcesine e dintorni - Bellitalie\" \/>\n<meta property=\"og:description\" content=\"Visita di Malcesine e la riva tra Brenzone, Torbole e Monte Baldo, villaggio turistico con un Castello Scaligeri, centro storico e palazzi\" \/>\n<meta property=\"og:url\" content=\"https:\/\/www.bellitalie.org\/it\/destinazione\/veneto\/lago-di-garda\/malcesine-e-dintorni\/\" \/>\n<meta property=\"og:site_name\" content=\"Bellitalie\" \/>\n<meta property=\"article:modified_time\" content=\"2023-10-22T15:48:59+00:00\" \/>\n<meta property=\"og:image\" content=\"https:\/\/www.bellitalie.org\/wp-content\/uploads\/2023\/09\/castello-scaligero-di-malcesine_9737.jpg\" \/>\n\t<meta property=\"og:image:width\" content=\"1200\" \/>\n\t<meta property=\"og:image:height\" content=\"800\" \/>\n<meta name=\"twitter:card\" content=\"summary_large_image\" \/>\n<meta name=\"twitter:label1\" content=\"Tempo di lettura stimato\" \/>\n\t<meta name=\"twitter:data1\" content=\"3 minuti\" \/>\n<script type=\"application\/ld+json\" class=\"yoast-schema-graph\">{\"@context\":\"https:\/\/schema.org\",\"@graph\":[{\"@type\":\"WebSite\",\"@id\":\"https:\/\/www.bellitalie.org\/#website\",\"url\":\"https:\/\/www.bellitalie.org\/\",\"name\":\"Bellitalie\",\"description\":\"Regioni, citt\\u00e0 e patrimonio dell'Italia da nord a sud\",\"potentialAction\":[{\"@type\":\"SearchAction\",\"target\":{\"@type\":\"EntryPoint\",\"urlTemplate\":\"https:\/\/www.bellitalie.org\/?s={search_term_string}\"},\"query-input\":\"required name=search_term_string\"}],\"inLanguage\":\"it-IT\"},{\"@type\":\"ImageObject\",\"@id\":\"https:\/\/www.bellitalie.org\/it\/destinazione\/veneto\/lago-di-garda\/malcesine-e-dintorni\/#primaryimage\",\"inLanguage\":\"it-IT\",\"url\":\"https:\/\/www.bellitalie.org\/wp-content\/uploads\/2023\/09\/castello-scaligero-di-malcesine_9737.jpg\",\"contentUrl\":\"https:\/\/www.bellitalie.org\/wp-content\/uploads\/2023\/09\/castello-scaligero-di-malcesine_9737.jpg\",\"width\":1200,\"height\":800,\"caption\":\"castello-scaligero-di-malcesine_9737\"},{\"@type\":\"WebPage\",\"@id\":\"https:\/\/www.bellitalie.org\/it\/destinazione\/veneto\/lago-di-garda\/malcesine-e-dintorni\/#webpage\",\"url\":\"https:\/\/www.bellitalie.org\/it\/destinazione\/veneto\/lago-di-garda\/malcesine-e-dintorni\/\",\"name\":\"Malcesine e dintorni - Bellitalie\",\"isPartOf\":{\"@id\":\"https:\/\/www.bellitalie.org\/#website\"},\"primaryImageOfPage\":{\"@id\":\"https:\/\/www.bellitalie.org\/it\/destinazione\/veneto\/lago-di-garda\/malcesine-e-dintorni\/#primaryimage\"},\"datePublished\":\"2021-08-28T22:30:00+00:00\",\"dateModified\":\"2023-10-22T15:48:59+00:00\",\"description\":\"Visita di Malcesine e la riva tra Brenzone, Torbole e Monte Baldo, villaggio turistico con un Castello Scaligeri, centro storico e palazzi\",\"breadcrumb\":{\"@id\":\"https:\/\/www.bellitalie.org\/it\/destinazione\/veneto\/lago-di-garda\/malcesine-e-dintorni\/#breadcrumb\"},\"inLanguage\":\"it-IT\",\"potentialAction\":[{\"@type\":\"ReadAction\",\"target\":[\"https:\/\/www.bellitalie.org\/it\/destinazione\/veneto\/lago-di-garda\/malcesine-e-dintorni\/\"]}]},{\"@type\":\"BreadcrumbList\",\"@id\":\"https:\/\/www.bellitalie.org\/it\/destinazione\/veneto\/lago-di-garda\/malcesine-e-dintorni\/#breadcrumb\",\"itemListElement\":[{\"@type\":\"ListItem\",\"position\":1,\"name\":\"Accueil\",\"item\":\"https:\/\/www.bellitalie.org\/it\/\"},{\"@type\":\"ListItem\",\"position\":2,\"name\":\"Veneto\",\"item\":\"https:\/\/www.bellitalie.org\/it\/regione_italia\/veneto\/\"},{\"@type\":\"ListItem\",\"position\":3,\"name\":\"Lago di Garda\",\"item\":\"https:\/\/www.bellitalie.org\/it\/destinazione\/veneto\/lago-di-garda\/\"},{\"@type\":\"ListItem\",\"position\":4,\"name\":\"Malcesine e dintorni\"}]},{\"@type\":\"Person\",\"@id\":\"https:\/\/www.bellitalie.org\/#\/schema\/person\/6f25c64f0b5df6df0b93a2be44045da5\",\"name\":\"Bellitalie\",\"image\":{\"@type\":\"ImageObject\",\"@id\":\"https:\/\/www.bellitalie.org\/#personlogo\",\"inLanguage\":\"it-IT\",\"url\":\"https:\/\/secure.gravatar.com\/avatar\/ad516503a11cd5ca435acc9bb6523536?s=96\",\"contentUrl\":\"https:\/\/secure.gravatar.com\/avatar\/ad516503a11cd5ca435acc9bb6523536?s=96\",\"caption\":\"Bellitalie\"},\"sameAs\":[\"https:\/\/www.bellitalie.org\"]}]}<\/script>\n<!-- \/ Yoast SEO plugin. -->","yoast_head_json":{"title":"Malcesine e dintorni - Bellitalie","description":"Visita di Malcesine e la riva tra Brenzone, Torbole e Monte Baldo, villaggio turistico con un Castello Scaligeri, centro storico e palazzi","robots":{"index":"index","follow":"follow","max-snippet":"max-snippet:-1","max-image-preview":"max-image-preview:large","max-video-preview":"max-video-preview:-1"},"canonical":"https:\/\/www.bellitalie.org\/it\/destinazione\/veneto\/lago-di-garda\/malcesine-e-dintorni\/","og_locale":"it_IT","og_type":"article","og_title":"Malcesine e dintorni - Bellitalie","og_description":"Visita di Malcesine e la riva tra Brenzone, Torbole e Monte Baldo, villaggio turistico con un Castello Scaligeri, centro storico e palazzi","og_url":"https:\/\/www.bellitalie.org\/it\/destinazione\/veneto\/lago-di-garda\/malcesine-e-dintorni\/","og_site_name":"Bellitalie","article_modified_time":"2023-10-22T15:48:59+00:00","og_image":[{"width":1200,"height":800,"url":"https:\/\/www.bellitalie.org\/wp-content\/uploads\/2023\/09\/castello-scaligero-di-malcesine_9737.jpg","type":"image\/jpeg"}],"twitter_card":"summary_large_image","twitter_misc":{"Tempo di lettura stimato":"3 minuti"},"schema":{"@context":"https:\/\/schema.org","@graph":[{"@type":"WebSite","@id":"https:\/\/www.bellitalie.org\/#website","url":"https:\/\/www.bellitalie.org\/","name":"Bellitalie","description":"Regioni, citt\u00e0 e patrimonio dell'Italia da nord a sud","potentialAction":[{"@type":"SearchAction","target":{"@type":"EntryPoint","urlTemplate":"https:\/\/www.bellitalie.org\/?s={search_term_string}"},"query-input":"required name=search_term_string"}],"inLanguage":"it-IT"},{"@type":"ImageObject","@id":"https:\/\/www.bellitalie.org\/it\/destinazione\/veneto\/lago-di-garda\/malcesine-e-dintorni\/#primaryimage","inLanguage":"it-IT","url":"https:\/\/www.bellitalie.org\/wp-content\/uploads\/2023\/09\/castello-scaligero-di-malcesine_9737.jpg","contentUrl":"https:\/\/www.bellitalie.org\/wp-content\/uploads\/2023\/09\/castello-scaligero-di-malcesine_9737.jpg","width":1200,"height":800,"caption":"castello-scaligero-di-malcesine_9737"},{"@type":"WebPage","@id":"https:\/\/www.bellitalie.org\/it\/destinazione\/veneto\/lago-di-garda\/malcesine-e-dintorni\/#webpage","url":"https:\/\/www.bellitalie.org\/it\/destinazione\/veneto\/lago-di-garda\/malcesine-e-dintorni\/","name":"Malcesine e dintorni - Bellitalie","isPartOf":{"@id":"https:\/\/www.bellitalie.org\/#website"},"primaryImageOfPage":{"@id":"https:\/\/www.bellitalie.org\/it\/destinazione\/veneto\/lago-di-garda\/malcesine-e-dintorni\/#primaryimage"},"datePublished":"2021-08-28T22:30:00+00:00","dateModified":"2023-10-22T15:48:59+00:00","description":"Visita di Malcesine e la riva tra Brenzone, Torbole e Monte Baldo, villaggio turistico con un Castello Scaligeri, centro storico e palazzi","breadcrumb":{"@id":"https:\/\/www.bellitalie.org\/it\/destinazione\/veneto\/lago-di-garda\/malcesine-e-dintorni\/#breadcrumb"},"inLanguage":"it-IT","potentialAction":[{"@type":"ReadAction","target":["https:\/\/www.bellitalie.org\/it\/destinazione\/veneto\/lago-di-garda\/malcesine-e-dintorni\/"]}]},{"@type":"BreadcrumbList","@id":"https:\/\/www.bellitalie.org\/it\/destinazione\/veneto\/lago-di-garda\/malcesine-e-dintorni\/#breadcrumb","itemListElement":[{"@type":"ListItem","position":1,"name":"Accueil","item":"https:\/\/www.bellitalie.org\/it\/"},{"@type":"ListItem","position":2,"name":"Veneto","item":"https:\/\/www.bellitalie.org\/it\/regione_italia\/veneto\/"},{"@type":"ListItem","position":3,"name":"Lago di Garda","item":"https:\/\/www.bellitalie.org\/it\/destinazione\/veneto\/lago-di-garda\/"},{"@type":"ListItem","position":4,"name":"Malcesine e dintorni"}]},{"@type":"Person","@id":"https:\/\/www.bellitalie.org\/#\/schema\/person\/6f25c64f0b5df6df0b93a2be44045da5","name":"Bellitalie","image":{"@type":"ImageObject","@id":"https:\/\/www.bellitalie.org\/#personlogo","inLanguage":"it-IT","url":"https:\/\/secure.gravatar.com\/avatar\/ad516503a11cd5ca435acc9bb6523536?s=96","contentUrl":"https:\/\/secure.gravatar.com\/avatar\/ad516503a11cd5ca435acc9bb6523536?s=96","caption":"Bellitalie"},"sameAs":["https:\/\/www.bellitalie.org"]}]}},"_links":{"self":[{"href":"https:\/\/www.bellitalie.org\/it\/wp-json\/wp\/v2\/destination\/26400"}],"collection":[{"href":"https:\/\/www.bellitalie.org\/it\/wp-json\/wp\/v2\/destination"}],"about":[{"href":"https:\/\/www.bellitalie.org\/it\/wp-json\/wp\/v2\/types\/destination"}],"author":[{"embeddable":true,"href":"https:\/\/www.bellitalie.org\/it\/wp-json\/wp\/v2\/users\/1"}],"replies":[{"embeddable":true,"href":"https:\/\/www.bellitalie.org\/it\/wp-json\/wp\/v2\/comments?post=26400"}],"version-history":[{"count":2,"href":"https:\/\/www.bellitalie.org\/it\/wp-json\/wp\/v2\/destination\/26400\/revisions"}],"predecessor-version":[{"id":26409,"href":"https:\/\/www.bellitalie.org\/it\/wp-json\/wp\/v2\/destination\/26400\/revisions\/26409"}],"up":[{"embeddable":true,"href":"https:\/\/www.bellitalie.org\/it\/wp-json\/wp\/v2\/destination\/26259"}],"wp:featuredmedia":[{"embeddable":true,"href":"https:\/\/www.bellitalie.org\/it\/wp-json\/wp\/v2\/media\/22410"}],"wp:attachment":[{"href":"https:\/\/www.bellitalie.org\/it\/wp-json\/wp\/v2\/media?parent=26400"}],"wp:term":[{"taxonomy":"post_tag","embeddable":true,"href":"https:\/\/www.bellitalie.org\/it\/wp-json\/wp\/v2\/tags?post=26400"},{"taxonomy":"categorie_page","embeddable":true,"href":"https:\/\/www.bellitalie.org\/it\/wp-json\/wp\/v2\/categorie_page?post=26400"},{"taxonomy":"region_italie","embeddable":true,"href":"https:\/\/www.bellitalie.org\/it\/wp-json\/wp\/v2\/region_italie?post=26400"}],"curies":[{"name":"wp","href":"https:\/\/api.w.org\/{rel}","templated":true}]}}