{"id":26423,"date":"2021-08-25T10:17:00","date_gmt":"2021-08-25T08:17:00","guid":{"rendered":"https:\/\/www.bellitalie.org\/destination\/veneto\/lago-di-garda\/manerba-san-felice-et-ile-de-garde\/"},"modified":"2023-10-29T11:40:26","modified_gmt":"2023-10-29T10:40:26","slug":"manerba-san-felice-e-isola-del-garda","status":"publish","type":"destination","link":"https:\/\/www.bellitalie.org\/it\/destinazione\/veneto\/lago-di-garda\/manerba-san-felice-e-isola-del-garda\/","title":{"rendered":"Manerba, San Felice e Isola del Garda"},"content":{"rendered":"\n<p>Situati sulla sponda occidentale a sud-ovest del lago, i comuni di <strong>San Felice del Benaco<\/strong> e <strong>Manerba del Garda<\/strong> sono ideali per il relax, grazie alla loro tranquillit\u00e0, al loro terreno molto dolce con vigneti e uliveti, nonch\u00e9 a grandi spiagge e campeggi.<br>La storia e la natura hanno lasciato bellissimi siti, come la <strong>Rocca di Manerba<\/strong> con i resti di un&#8217;antica fortezza su uno sperone roccioso; l&#8217;<strong>Isola del Garda<\/strong> vicino alla costa con il suo palazzo veneziano e i suoi giardini; oppure proprio di fronte a quest&#8217;ultima il piccolo promontorio della <strong>Chiesa di San Fermo<\/strong> nel comune di San Felice.<\/p>\n<h2>Rocca di Manerba<\/h2>\n<p>A Manerba si trova il sito culminante dell&#8217;antica e vasta <strong>Rocca di Manerba<\/strong> sul suo promontorio roccioso con bellissimo panorama sul lago. Invece, ci vuole immaginazione per apprezzare il potere passato del castello. Il sito comprende le due vette della Rocca Vecchia e dell&#8217;eremo di San Giorgio, all&#8217;interno di un parco naturale e archeologico dichiarato Patrimonio dell&#8217;Umanit\u00e0 dall&#8217;Unesco.<br>Le principali vestigia che rimangono sono quelle della fortezza medievale, ma la presenza umana \u00e8 attestata dal Mesolitico, passando per un tempio romano dedicato a Minerva (Manerba).<br>Sono presenti anche i resti di una villa romana. Vi si pu\u00f2 accedere in particolare dal centro di Manerba, o da un sentiero che sale dalla Punta Sasso.<\/p>\n\n\n<figure class=\"wp-container-2 wp-block-gallery-1 wp-block-gallery has-nested-images columns-default is-cropped\">\n<figure class=\"wp-block-image size-medium\"><a href=\"https:\/\/www.bellitalie.org\/wp-content\/uploads\/2023\/09\/rocca-di-manerba-del-garda_9448.jpg\"><img loading=\"lazy\" width=\"200\" height=\"300\" data-id=\"22150\"  src=\"https:\/\/www.bellitalie.org\/wp-content\/uploads\/2023\/09\/rocca-di-manerba-del-garda_9448-200x300.jpg\" alt=\"foto della rocca di manerba del garda_9448\" class=\"wp-image-22150\" srcset=\"https:\/\/www.bellitalie.org\/wp-content\/uploads\/2023\/09\/rocca-di-manerba-del-garda_9448-200x300.jpg 200w, https:\/\/www.bellitalie.org\/wp-content\/uploads\/2023\/09\/rocca-di-manerba-del-garda_9448-683x1024.jpg 683w, https:\/\/www.bellitalie.org\/wp-content\/uploads\/2023\/09\/rocca-di-manerba-del-garda_9448-768x1152.jpg 768w, https:\/\/www.bellitalie.org\/wp-content\/uploads\/2023\/09\/rocca-di-manerba-del-garda_9448.jpg 800w\" sizes=\"(max-width: 200px) 100vw, 200px\" \/><\/a><\/figure>\n\n\n\n<figure class=\"wp-block-image size-medium\"><a href=\"https:\/\/www.bellitalie.org\/wp-content\/uploads\/2023\/09\/rocca-di-manerba-del-garda_9451.jpg\"><img loading=\"lazy\" width=\"300\" height=\"200\" data-id=\"22153\"  src=\"https:\/\/www.bellitalie.org\/wp-content\/uploads\/2023\/09\/rocca-di-manerba-del-garda_9451-300x200.jpg\" alt=\"foto rocca-di-manerba-del-garda_9451\" class=\"wp-image-22153\" srcset=\"https:\/\/www.bellitalie.org\/wp-content\/uploads\/2023\/09\/rocca-di-manerba-del-garda_9451-300x200.jpg 300w, https:\/\/www.bellitalie.org\/wp-content\/uploads\/2023\/09\/rocca-di-manerba-del-garda_9451-1024x683.jpg 1024w, https:\/\/www.bellitalie.org\/wp-content\/uploads\/2023\/09\/rocca-di-manerba-del-garda_9451-768x512.jpg 768w, https:\/\/www.bellitalie.org\/wp-content\/uploads\/2023\/09\/rocca-di-manerba-del-garda_9451.jpg 1200w\" sizes=\"(max-width: 300px) 100vw, 300px\" \/><\/a><\/figure>\n\n\n\n<figure class=\"wp-block-image size-medium\"><a href=\"https:\/\/www.bellitalie.org\/wp-content\/uploads\/2023\/09\/rocca-di-manerba-del-garda_9454.jpg\"><img loading=\"lazy\" width=\"300\" height=\"200\" data-id=\"22156\"  src=\"https:\/\/www.bellitalie.org\/wp-content\/uploads\/2023\/09\/rocca-di-manerba-del-garda_9454-300x200.jpg\" alt=\"rocca-di-manerba-del-garda_9454\" class=\"wp-image-22156\" srcset=\"https:\/\/www.bellitalie.org\/wp-content\/uploads\/2023\/09\/rocca-di-manerba-del-garda_9454-300x200.jpg 300w, https:\/\/www.bellitalie.org\/wp-content\/uploads\/2023\/09\/rocca-di-manerba-del-garda_9454-1024x683.jpg 1024w, https:\/\/www.bellitalie.org\/wp-content\/uploads\/2023\/09\/rocca-di-manerba-del-garda_9454-768x512.jpg 768w, https:\/\/www.bellitalie.org\/wp-content\/uploads\/2023\/09\/rocca-di-manerba-del-garda_9454.jpg 1200w\" sizes=\"(max-width: 300px) 100vw, 300px\" \/><\/a><\/figure>\n\n\n\n<figure class=\"wp-block-image size-large\"><a href=\"https:\/\/www.bellitalie.org\/wp-content\/uploads\/2023\/09\/rocca-di-manerba-del-garda_9453.jpg\"><img loading=\"lazy\" width=\"1024\" height=\"683\" data-id=\"22159\"  src=\"https:\/\/www.bellitalie.org\/wp-content\/uploads\/2023\/09\/rocca-di-manerba-del-garda_9453-1024x683.jpg\" alt=\"rocca-di-manerba-del-garda_9453\" class=\"wp-image-22159\" srcset=\"https:\/\/www.bellitalie.org\/wp-content\/uploads\/2023\/09\/rocca-di-manerba-del-garda_9453-1024x683.jpg 1024w, https:\/\/www.bellitalie.org\/wp-content\/uploads\/2023\/09\/rocca-di-manerba-del-garda_9453-300x200.jpg 300w, https:\/\/www.bellitalie.org\/wp-content\/uploads\/2023\/09\/rocca-di-manerba-del-garda_9453-768x512.jpg 768w, https:\/\/www.bellitalie.org\/wp-content\/uploads\/2023\/09\/rocca-di-manerba-del-garda_9453.jpg 1200w\" sizes=\"(max-width: 1024px) 100vw, 1024px\" \/><\/a><\/figure>\n<\/figure>\n\n\n<h2>San Felice del Benaco<\/h2>\n<p>Appena a nord di Manerba, il comune di <strong>San Felice del Benaco<\/strong> \u00e8 anche terra di ulivi e vigneti, lontano dal traffico stradale e turistico.<br>Il piccolo <strong>promontorio di San Fermo<\/strong> \u00e8 un luogo molto tranquillo con una bella vista sul lago e sull&#8217;Isola del Garda, e ai suoi piedi la Baia del Vento \u00e8 una piacevole spiaggia di ciottoli ben attrezzata e dotata di parcheggio. La <strong>Chiesetta di San Fermo<\/strong> sul promontorio risale al XV secolo, in precedenza qui sorgeva un imponente castello che fu distrutto.<\/p>\n<p>Nel comune, il <strong>santuario della Madonna del Carmine<\/strong>, risalente al XV secolo e il convento carmelitano, presenta una facciata sobria in stile gotico lombardo, celando un interno decorato da splendidi affreschi del XVI secolo conserva splendidi affreschi antichi.<\/p>\n\n\n<figure class=\"wp-container-4 wp-block-gallery-3 wp-block-gallery has-nested-images columns-4 is-cropped\">\n<figure class=\"wp-block-image size-medium\"><a href=\"https:\/\/www.bellitalie.org\/wp-content\/uploads\/2023\/09\/baia-del-vento-san-felice-del-benaco_9430.jpg\"><img loading=\"lazy\" width=\"300\" height=\"200\" data-id=\"22162\"  src=\"https:\/\/www.bellitalie.org\/wp-content\/uploads\/2023\/09\/baia-del-vento-san-felice-del-benaco_9430-300x200.jpg\" alt=\"baia-del-vento-san-felice-del-benaco_9430\" class=\"wp-image-22162\" srcset=\"https:\/\/www.bellitalie.org\/wp-content\/uploads\/2023\/09\/baia-del-vento-san-felice-del-benaco_9430-300x200.jpg 300w, https:\/\/www.bellitalie.org\/wp-content\/uploads\/2023\/09\/baia-del-vento-san-felice-del-benaco_9430-1024x683.jpg 1024w, https:\/\/www.bellitalie.org\/wp-content\/uploads\/2023\/09\/baia-del-vento-san-felice-del-benaco_9430-768x512.jpg 768w, https:\/\/www.bellitalie.org\/wp-content\/uploads\/2023\/09\/baia-del-vento-san-felice-del-benaco_9430.jpg 1200w\" sizes=\"(max-width: 300px) 100vw, 300px\" \/><\/a><figcaption>Baia al Vento<\/figcaption><\/figure>\n\n\n\n<figure class=\"wp-block-image size-medium\"><a href=\"https:\/\/www.bellitalie.org\/wp-content\/uploads\/2023\/09\/baia-del-vento-san-felice-del-benaco_9431.jpg\"><img loading=\"lazy\" width=\"300\" height=\"200\" data-id=\"22165\"  src=\"https:\/\/www.bellitalie.org\/wp-content\/uploads\/2023\/09\/baia-del-vento-san-felice-del-benaco_9431-300x200.jpg\" alt=\"baia-del-vento-san-felice-del-benaco_9431\" class=\"wp-image-22165\" srcset=\"https:\/\/www.bellitalie.org\/wp-content\/uploads\/2023\/09\/baia-del-vento-san-felice-del-benaco_9431-300x200.jpg 300w, https:\/\/www.bellitalie.org\/wp-content\/uploads\/2023\/09\/baia-del-vento-san-felice-del-benaco_9431-1024x683.jpg 1024w, https:\/\/www.bellitalie.org\/wp-content\/uploads\/2023\/09\/baia-del-vento-san-felice-del-benaco_9431-768x512.jpg 768w, https:\/\/www.bellitalie.org\/wp-content\/uploads\/2023\/09\/baia-del-vento-san-felice-del-benaco_9431.jpg 1200w\" sizes=\"(max-width: 300px) 100vw, 300px\" \/><\/a><figcaption>Baia al Vento<\/figcaption><\/figure>\n\n\n\n<figure class=\"wp-block-image size-medium\"><a href=\"https:\/\/www.bellitalie.org\/wp-content\/uploads\/2023\/09\/panorama-isola-del-garda-chiesa-di-san-fermo-san-felice-del-benaco_9434.jpg\"><img loading=\"lazy\" width=\"200\" height=\"300\" data-id=\"22168\"  src=\"https:\/\/www.bellitalie.org\/wp-content\/uploads\/2023\/09\/panorama-isola-del-garda-chiesa-di-san-fermo-san-felice-del-benaco_9434-200x300.jpg\" alt=\"panorama-isola-del-garda-chiesa-di-san-fermo-san-felice-del-benaco_9434\" class=\"wp-image-22168\" srcset=\"https:\/\/www.bellitalie.org\/wp-content\/uploads\/2023\/09\/panorama-isola-del-garda-chiesa-di-san-fermo-san-felice-del-benaco_9434-200x300.jpg 200w, https:\/\/www.bellitalie.org\/wp-content\/uploads\/2023\/09\/panorama-isola-del-garda-chiesa-di-san-fermo-san-felice-del-benaco_9434-683x1024.jpg 683w, https:\/\/www.bellitalie.org\/wp-content\/uploads\/2023\/09\/panorama-isola-del-garda-chiesa-di-san-fermo-san-felice-del-benaco_9434-768x1152.jpg 768w, https:\/\/www.bellitalie.org\/wp-content\/uploads\/2023\/09\/panorama-isola-del-garda-chiesa-di-san-fermo-san-felice-del-benaco_9434.jpg 800w\" sizes=\"(max-width: 200px) 100vw, 200px\" \/><\/a><figcaption>San Fermo<\/figcaption><\/figure>\n\n\n\n<figure class=\"wp-block-image size-medium\"><a href=\"https:\/\/www.bellitalie.org\/wp-content\/uploads\/2021\/10\/madonna-del-carmine-san-felice-del-benaco_9426.jpg\"><img loading=\"lazy\" width=\"1200\" height=\"800\" data-id=\"22181\"  src=\"https:\/\/www.bellitalie.org\/wp-content\/uploads\/2021\/10\/madonna-del-carmine-san-felice-del-benaco_9426.jpg\" alt=\"madonna-del-carmine-san-felice-del-benaco_9426\" class=\"wp-image-22181\" srcset=\"https:\/\/www.bellitalie.org\/wp-content\/uploads\/2021\/10\/madonna-del-carmine-san-felice-del-benaco_9426.jpg 1200w, https:\/\/www.bellitalie.org\/wp-content\/uploads\/2021\/10\/madonna-del-carmine-san-felice-del-benaco_9426-300x200.jpg 300w, https:\/\/www.bellitalie.org\/wp-content\/uploads\/2021\/10\/madonna-del-carmine-san-felice-del-benaco_9426-1024x683.jpg 1024w, https:\/\/www.bellitalie.org\/wp-content\/uploads\/2021\/10\/madonna-del-carmine-san-felice-del-benaco_9426-768x512.jpg 768w\" sizes=\"(max-width: 1200px) 100vw, 1200px\" \/><\/a><figcaption>Madonna del Carmine<\/figcaption><\/figure>\n\n\n\n<figure class=\"wp-block-image size-medium\"><a href=\"https:\/\/www.bellitalie.org\/wp-content\/uploads\/2021\/10\/madonna-del-carmine-san-felice-del-benaco_9438.jpg\"><img loading=\"lazy\" width=\"1200\" height=\"800\" data-id=\"22184\"  src=\"https:\/\/www.bellitalie.org\/wp-content\/uploads\/2021\/10\/madonna-del-carmine-san-felice-del-benaco_9438.jpg\" alt=\"madonna-del-carmine-san-felice-del-benaco_9438\" class=\"wp-image-22184\" srcset=\"https:\/\/www.bellitalie.org\/wp-content\/uploads\/2021\/10\/madonna-del-carmine-san-felice-del-benaco_9438.jpg 1200w, https:\/\/www.bellitalie.org\/wp-content\/uploads\/2021\/10\/madonna-del-carmine-san-felice-del-benaco_9438-300x200.jpg 300w, https:\/\/www.bellitalie.org\/wp-content\/uploads\/2021\/10\/madonna-del-carmine-san-felice-del-benaco_9438-1024x683.jpg 1024w, https:\/\/www.bellitalie.org\/wp-content\/uploads\/2021\/10\/madonna-del-carmine-san-felice-del-benaco_9438-768x512.jpg 768w\" sizes=\"(max-width: 1200px) 100vw, 1200px\" \/><\/a><figcaption>Madonna del Carmine<\/figcaption><\/figure>\n\n\n\n<figure class=\"wp-block-image size-medium\"><a href=\"https:\/\/www.bellitalie.org\/wp-content\/uploads\/2021\/10\/madonna-del-carmine-san-felice-del-benaco_9440.jpg\"><img loading=\"lazy\" width=\"1200\" height=\"800\" data-id=\"22187\"  src=\"https:\/\/www.bellitalie.org\/wp-content\/uploads\/2021\/10\/madonna-del-carmine-san-felice-del-benaco_9440.jpg\" alt=\"madonna-del-carmine-san-felice-del-benaco_9440\" class=\"wp-image-22187\" srcset=\"https:\/\/www.bellitalie.org\/wp-content\/uploads\/2021\/10\/madonna-del-carmine-san-felice-del-benaco_9440.jpg 1200w, https:\/\/www.bellitalie.org\/wp-content\/uploads\/2021\/10\/madonna-del-carmine-san-felice-del-benaco_9440-300x200.jpg 300w, https:\/\/www.bellitalie.org\/wp-content\/uploads\/2021\/10\/madonna-del-carmine-san-felice-del-benaco_9440-1024x683.jpg 1024w, https:\/\/www.bellitalie.org\/wp-content\/uploads\/2021\/10\/madonna-del-carmine-san-felice-del-benaco_9440-768x512.jpg 768w\" sizes=\"(max-width: 1200px) 100vw, 1200px\" \/><\/a><figcaption>Madonna del Carmine<\/figcaption><\/figure>\n\n\n\n<figure class=\"wp-block-image size-medium\"><a href=\"https:\/\/www.bellitalie.org\/wp-content\/uploads\/2021\/10\/madonna-del-carmine-san-felice-del-benaco_9441.jpg\"><img loading=\"lazy\" width=\"800\" height=\"1200\" data-id=\"22190\"  src=\"https:\/\/www.bellitalie.org\/wp-content\/uploads\/2021\/10\/madonna-del-carmine-san-felice-del-benaco_9441.jpg\" alt=\"madonna-del-carmine-san-felice-del-benaco_9441\" class=\"wp-image-22190\" srcset=\"https:\/\/www.bellitalie.org\/wp-content\/uploads\/2021\/10\/madonna-del-carmine-san-felice-del-benaco_9441.jpg 800w, https:\/\/www.bellitalie.org\/wp-content\/uploads\/2021\/10\/madonna-del-carmine-san-felice-del-benaco_9441-200x300.jpg 200w, https:\/\/www.bellitalie.org\/wp-content\/uploads\/2021\/10\/madonna-del-carmine-san-felice-del-benaco_9441-683x1024.jpg 683w, https:\/\/www.bellitalie.org\/wp-content\/uploads\/2021\/10\/madonna-del-carmine-san-felice-del-benaco_9441-768x1152.jpg 768w\" sizes=\"(max-width: 800px) 100vw, 800px\" \/><\/a><figcaption>Madonna del Carmine<\/figcaption><\/figure>\n\n\n\n<figure class=\"wp-block-image size-medium\"><a href=\"https:\/\/www.bellitalie.org\/wp-content\/uploads\/2021\/10\/madonna-del-carmine-san-felice-del-benaco_9445.jpg\"><img loading=\"lazy\" width=\"1200\" height=\"800\" data-id=\"22193\"  src=\"https:\/\/www.bellitalie.org\/wp-content\/uploads\/2021\/10\/madonna-del-carmine-san-felice-del-benaco_9445.jpg\" alt=\"madonna-del-carmine-san-felice-del-benaco_9445\" class=\"wp-image-22193\" srcset=\"https:\/\/www.bellitalie.org\/wp-content\/uploads\/2021\/10\/madonna-del-carmine-san-felice-del-benaco_9445.jpg 1200w, https:\/\/www.bellitalie.org\/wp-content\/uploads\/2021\/10\/madonna-del-carmine-san-felice-del-benaco_9445-300x200.jpg 300w, https:\/\/www.bellitalie.org\/wp-content\/uploads\/2021\/10\/madonna-del-carmine-san-felice-del-benaco_9445-1024x683.jpg 1024w, https:\/\/www.bellitalie.org\/wp-content\/uploads\/2021\/10\/madonna-del-carmine-san-felice-del-benaco_9445-768x512.jpg 768w\" sizes=\"(max-width: 1200px) 100vw, 1200px\" \/><\/a><figcaption>Madonna del Carmine<\/figcaption><\/figure>\n<\/figure>\n\n\n<h2>Isola del Garda<\/h2>\n<p>Sull&#8217;isolotto dell&#8217;<strong>Isola del Garda<\/strong>, chiamata anche Isola Borghese, si trova la <strong>Villa De Ferrari<\/strong> dell&#8217;inizio del XX secolo, di raffinato stile neogotico veneziano, circondata da terrazze che scendono verso il lago e i loro splendidi giardini all&#8217;italiana e all&#8217;inglese, ricche di una variet\u00e0 botanica e di frutta di ogni genere.<br>Quest&#8217;isola fu un santuario romano, e pi\u00f9 tardi Francesco d&#8217;Assisi vi fece costruire un eremo. Pi\u00f9 tardi qui soggiornarono Dante Alighieri, o Sant&#8217;Antonio da Padova.<br>L&#8217;isola appartiene alla contessa Cavazza che vi risiede. A 200 metri dalla costa, la villa pu\u00f2 essere visitata su prenotazione con visite guidate, raggiungibile in barca in genere due volte alla settimana dai vicini moli (Salo, San Felice del Benaco, Gardone Riviera e Sirmione).<\/p>\n\n\n<figure class=\"wp-container-6 wp-block-gallery-5 wp-block-gallery has-nested-images columns-default is-cropped\">\n<figure class=\"wp-block-image size-large\"><a href=\"https:\/\/www.bellitalie.org\/wp-content\/uploads\/2021\/09\/panorama-isola-del-garda-chiesa-di-san-fermo-san-felice-del-benaco_9435.jpg\"><img loading=\"lazy\" width=\"1200\" height=\"800\" data-id=\"21885\"  src=\"https:\/\/www.bellitalie.org\/wp-content\/uploads\/2021\/09\/panorama-isola-del-garda-chiesa-di-san-fermo-san-felice-del-benaco_9435.jpg\" alt=\"panorama-isola-del-garda-chiesa-di-san-fermo-san-felice-del-benaco_9435\" class=\"wp-image-21885\" srcset=\"https:\/\/www.bellitalie.org\/wp-content\/uploads\/2021\/09\/panorama-isola-del-garda-chiesa-di-san-fermo-san-felice-del-benaco_9435.jpg 1200w, https:\/\/www.bellitalie.org\/wp-content\/uploads\/2021\/09\/panorama-isola-del-garda-chiesa-di-san-fermo-san-felice-del-benaco_9435-300x200.jpg 300w, https:\/\/www.bellitalie.org\/wp-content\/uploads\/2021\/09\/panorama-isola-del-garda-chiesa-di-san-fermo-san-felice-del-benaco_9435-1024x683.jpg 1024w, https:\/\/www.bellitalie.org\/wp-content\/uploads\/2021\/09\/panorama-isola-del-garda-chiesa-di-san-fermo-san-felice-del-benaco_9435-768x512.jpg 768w\" sizes=\"(max-width: 1200px) 100vw, 1200px\" \/><\/a><figcaption><br><br>Visita su l&#8217;Isola del Garda<\/figcaption><\/figure>\n<\/figure>\n\n\n<p><\/p>\n<h2>Informazioni<\/h2>\n<ul>\n<li>Sito ufficiale del Isola del Garda : <a href=\"https:\/\/www.isoladelgarda.com\" target=\"_blank\" rel=\"noopener\">www.isoladelgarda.com<\/a><\/li>\n<li>Articoli Wikipedia : <a href=\"https:\/\/it.wikipedia.org\/wiki\/Isola_di_Garda\" target=\"_blank\" rel=\"noopener\">Isola del Garda<\/a>, <a href=\"https:\/\/en.wikipedia.org\/wiki\/Rocca_di_Manerba_del_Garda\" target=\"_blank\" rel=\"noopener\">Rocca di Manerba del Garda<\/a><\/li>\n<li>Portali turistici : <a href=\"https:\/\/www.bresciatourism.it\/cosa-fare\/isola-del-garda\/\" target=\"_blank\" rel=\"noopener\">Isola del Garda su www.bresciatourism.it<\/a>, <a href=\"https:\/\/www.tuttogarda.it\/san_felice\/san_felice_chiesa_san_fermo.htm\" target=\"_blank\" rel=\"noopener\">San Fermo su www.tuttogarda.it<\/a><\/li>\n<\/ul>\n<div id=\"meteo\"><br\/>\r\n\t\t<h2>Meteo sul Lago di Garda<\/h2>\r\n<p><!-- Inizio codice ilMeteo.it --><\/p>\r\n<p><iframe src=\"https:\/\/www.ilmeteo.it\/box\/previsioni.php?citta=20360&amp;type=day1&amp;width=600&amp;ico=1&amp;lang=ita&amp;days=6&amp;font=Arial&amp;fontsize=12&amp;bg=FFFFFF&amp;fg=000000&amp;bgtitle=F0E8DF&amp;fgtitle=3D3D3D&amp;bgtab=FBFAF5&amp;fglink=1361A3\" width=\"600\" height=\"240\" frameborder=\"no\" scrolling=\"no\"><\/iframe><\/p>\r\n<p><!-- Fine codice ilMeteo.it --><\/p>\r\n<\/div>\n<h2>Cartina<\/h2>\n<div id=\"travelersmap-container-69f2555f9915f\" class=\"travelersmap-container\" style=\"z-index: 1; min-height: 10px; min-width:10px; height:400px;width:100%; max-width:; max-height:; position:relative;\"><div style=\"position:absolute; z-index:-1;top: 50%;text-align: center;display: block;left: 50%;transform: translate(-50%,-50%);\">Travelers' Map is loading... <br> If you see this after your page is loaded completely, leafletJS files are missing.<\/div><\/div>\n<p><\/p>\n\n\n<div class=\"wp-container-9 wp-block-columns has-background\" style=\"background-color:#dfece5\">\n<div class=\"wp-container-7 wp-block-column\">\n<p><strong><a href=\"https:\/\/www.bellitalie.org\/it\/regione_italia\/lombardia\/\">Lombardia<\/a><\/strong><\/p>\n<ul class=\"lcp_catlist2\" id=\"lcp_instance_0\"><li><a href=\"https:\/\/www.bellitalie.org\/it\/destinazione\/lombardia\/da-vedere-in-lombardia\/\">Da vedere in Lombardia<\/a><a href=\"https:\/\/www.bellitalie.org\/it\/destinazione\/lombardia\/da-vedere-in-lombardia\/\" title=\"Da vedere in Lombardia\"><img width=\"150\" height=\"150\" src=\"https:\/\/www.bellitalie.org\/wp-content\/uploads\/2021\/09\/lac-d-iseo_7534-150x150.jpg\" class=\"lcp_thumbnail wp-post-image\" alt=\"Da vedere in Lombardia\" loading=\"lazy\" srcset=\"https:\/\/www.bellitalie.org\/wp-content\/uploads\/2021\/09\/lac-d-iseo_7534-150x150.jpg 150w, https:\/\/www.bellitalie.org\/wp-content\/uploads\/2021\/09\/lac-d-iseo_7534-50x50.jpg 50w, https:\/\/www.bellitalie.org\/wp-content\/uploads\/2021\/09\/lac-d-iseo_7534-80x80.jpg 80w, https:\/\/www.bellitalie.org\/wp-content\/uploads\/2021\/09\/lac-d-iseo_7534-75x75.jpg 75w\" sizes=\"(max-width: 150px) 100vw, 150px\" \/><\/a><div class=\"lcp_excerpt\">\nMilano \nMilano, il capoluogo lombardo, \u00e8 il centro economico e finanziario dell&#8217;Italia con la sede ...<\/div><\/li><li><a href=\"https:\/\/www.bellitalie.org\/it\/destinazione\/lombardia\/milano\/\">Milano<\/a><a href=\"https:\/\/www.bellitalie.org\/it\/destinazione\/lombardia\/milano\/\" title=\"Milano\"><img width=\"150\" height=\"150\" src=\"https:\/\/www.bellitalie.org\/wp-content\/uploads\/2021\/09\/duomo-de-milan_8091-150x150.jpg\" class=\"lcp_thumbnail wp-post-image\" alt=\"Milano\" loading=\"lazy\" srcset=\"https:\/\/www.bellitalie.org\/wp-content\/uploads\/2021\/09\/duomo-de-milan_8091-150x150.jpg 150w, https:\/\/www.bellitalie.org\/wp-content\/uploads\/2021\/09\/duomo-de-milan_8091-50x50.jpg 50w, https:\/\/www.bellitalie.org\/wp-content\/uploads\/2021\/09\/duomo-de-milan_8091-80x80.jpg 80w, https:\/\/www.bellitalie.org\/wp-content\/uploads\/2021\/09\/duomo-de-milan_8091-75x75.jpg 75w\" sizes=\"(max-width: 150px) 100vw, 150px\" \/><\/a><div class=\"lcp_excerpt\">\nPrincipale citt\u00e0 economica e finanziaria d&#8217;Italia, centro internazionale della moda e dell&#8217;eleganza, Milano \u00e8 una ...<\/div><\/li><li><a href=\"https:\/\/www.bellitalie.org\/it\/destinazione\/lombardia\/lago-maggiore\/\">Lago Maggiore<\/a><a href=\"https:\/\/www.bellitalie.org\/it\/destinazione\/lombardia\/lago-maggiore\/\" title=\"Lago Maggiore\"><img width=\"150\" height=\"150\" src=\"https:\/\/www.bellitalie.org\/wp-content\/uploads\/2021\/09\/lac-majeur_7509-150x150.jpg\" class=\"lcp_thumbnail wp-post-image\" alt=\"Lago Maggiore\" loading=\"lazy\" srcset=\"https:\/\/www.bellitalie.org\/wp-content\/uploads\/2021\/09\/lac-majeur_7509-150x150.jpg 150w, https:\/\/www.bellitalie.org\/wp-content\/uploads\/2021\/09\/lac-majeur_7509-50x50.jpg 50w, https:\/\/www.bellitalie.org\/wp-content\/uploads\/2021\/09\/lac-majeur_7509-80x80.jpg 80w, https:\/\/www.bellitalie.org\/wp-content\/uploads\/2021\/09\/lac-majeur_7509-75x75.jpg 75w\" sizes=\"(max-width: 150px) 100vw, 150px\" \/><\/a><div class=\"lcp_excerpt\">\nIl Lago Maggiore \u00e8 una delle pi\u00f9 belle destinazioni del nord Italia, la cui sponda ...<\/div><\/li><li><a href=\"https:\/\/www.bellitalie.org\/it\/destinazione\/lombardia\/lago-di-como\/\">Lago di Como<\/a><a href=\"https:\/\/www.bellitalie.org\/it\/destinazione\/lombardia\/lago-di-como\/\" title=\"Lago di Como\"><img width=\"150\" height=\"150\" src=\"https:\/\/www.bellitalie.org\/wp-content\/uploads\/2021\/09\/lago_di_como_1496-150x150.jpg\" class=\"lcp_thumbnail wp-post-image\" alt=\"Lago di Como\" loading=\"lazy\" srcset=\"https:\/\/www.bellitalie.org\/wp-content\/uploads\/2021\/09\/lago_di_como_1496-150x150.jpg 150w, https:\/\/www.bellitalie.org\/wp-content\/uploads\/2021\/09\/lago_di_como_1496-50x50.jpg 50w, https:\/\/www.bellitalie.org\/wp-content\/uploads\/2021\/09\/lago_di_como_1496-80x80.jpg 80w, https:\/\/www.bellitalie.org\/wp-content\/uploads\/2021\/09\/lago_di_como_1496-75x75.jpg 75w\" sizes=\"(max-width: 150px) 100vw, 150px\" \/><\/a><div class=\"lcp_excerpt\">\nNon solo il Lago di Como \u00e8 il lago pi\u00f9 profondo d&#8217;Italia, ma \u00e8 anche ...<\/div><\/li><li><a href=\"https:\/\/www.bellitalie.org\/it\/destinazione\/veneto\/lago-di-garda\/\">Lago di Garda<\/a><a href=\"https:\/\/www.bellitalie.org\/it\/destinazione\/veneto\/lago-di-garda\/\" title=\"Lago di Garda\"><img width=\"150\" height=\"150\" src=\"https:\/\/www.bellitalie.org\/wp-content\/uploads\/2023\/09\/cote-lac-de-garde-malcesine-brenzone_9766-150x150.jpg\" class=\"lcp_thumbnail wp-post-image\" alt=\"Lago di Garda\" loading=\"lazy\" srcset=\"https:\/\/www.bellitalie.org\/wp-content\/uploads\/2023\/09\/cote-lac-de-garde-malcesine-brenzone_9766-150x150.jpg 150w, https:\/\/www.bellitalie.org\/wp-content\/uploads\/2023\/09\/cote-lac-de-garde-malcesine-brenzone_9766-50x50.jpg 50w, https:\/\/www.bellitalie.org\/wp-content\/uploads\/2023\/09\/cote-lac-de-garde-malcesine-brenzone_9766-80x80.jpg 80w, https:\/\/www.bellitalie.org\/wp-content\/uploads\/2023\/09\/cote-lac-de-garde-malcesine-brenzone_9766-75x75.jpg 75w\" sizes=\"(max-width: 150px) 100vw, 150px\" \/><\/a><div class=\"lcp_excerpt\">\nIl Lago di Garda \u00e8 il pi\u00f9 grande lago d&#8217;Italia, situato tra Brescia ad ovest ...<\/div><\/li><li><a href=\"https:\/\/www.bellitalie.org\/it\/destinazione\/lombardia\/bergamo\/\">Bergamo<\/a><a href=\"https:\/\/www.bellitalie.org\/it\/destinazione\/lombardia\/bergamo\/\" title=\"Bergamo\"><img width=\"150\" height=\"150\" src=\"https:\/\/www.bellitalie.org\/wp-content\/uploads\/2021\/09\/bergame_1513-150x150.jpg\" class=\"lcp_thumbnail wp-post-image\" alt=\"Bergamo\" loading=\"lazy\" srcset=\"https:\/\/www.bellitalie.org\/wp-content\/uploads\/2021\/09\/bergame_1513-150x150.jpg 150w, https:\/\/www.bellitalie.org\/wp-content\/uploads\/2021\/09\/bergame_1513-50x50.jpg 50w, https:\/\/www.bellitalie.org\/wp-content\/uploads\/2021\/09\/bergame_1513-80x80.jpg 80w, https:\/\/www.bellitalie.org\/wp-content\/uploads\/2021\/09\/bergame_1513-75x75.jpg 75w\" sizes=\"(max-width: 150px) 100vw, 150px\" \/><\/a><div class=\"lcp_excerpt\">\nLa citt\u00e0 alta di Bergamo \u00e8 il pi\u00f9 bel centro medievale di Lombardia, protetto da ...<\/div><\/li><li><a href=\"https:\/\/www.bellitalie.org\/it\/destinazione\/lombardia\/brescia\/\">Brescia<\/a><a href=\"https:\/\/www.bellitalie.org\/it\/destinazione\/lombardia\/brescia\/\" title=\"Brescia\"><img width=\"150\" height=\"150\" src=\"https:\/\/www.bellitalie.org\/wp-content\/uploads\/2021\/09\/brescia_1556-150x150.jpg\" class=\"lcp_thumbnail wp-post-image\" alt=\"Brescia\" loading=\"lazy\" srcset=\"https:\/\/www.bellitalie.org\/wp-content\/uploads\/2021\/09\/brescia_1556-150x150.jpg 150w, https:\/\/www.bellitalie.org\/wp-content\/uploads\/2021\/09\/brescia_1556-50x50.jpg 50w, https:\/\/www.bellitalie.org\/wp-content\/uploads\/2021\/09\/brescia_1556-80x80.jpg 80w, https:\/\/www.bellitalie.org\/wp-content\/uploads\/2021\/09\/brescia_1556-75x75.jpg 75w\" sizes=\"(max-width: 150px) 100vw, 150px\" \/><\/a><div class=\"lcp_excerpt\">\nBrescia, la seconda citt\u00e0 pi\u00f9 grande della Lombardia, non gode della fama che meriterebbe. \u00c8 ...<\/div><\/li><li><a href=\"https:\/\/www.bellitalie.org\/it\/destinazione\/lombardia\/mantova\/\">Mantova<\/a><a href=\"https:\/\/www.bellitalie.org\/it\/destinazione\/lombardia\/mantova\/\" title=\"Mantova\"><img width=\"150\" height=\"150\" src=\"https:\/\/www.bellitalie.org\/wp-content\/uploads\/2021\/09\/laghi-mincio-mantova_0704-150x150.jpg\" class=\"lcp_thumbnail wp-post-image\" alt=\"Mantova\" loading=\"lazy\" srcset=\"https:\/\/www.bellitalie.org\/wp-content\/uploads\/2021\/09\/laghi-mincio-mantova_0704-150x150.jpg 150w, https:\/\/www.bellitalie.org\/wp-content\/uploads\/2021\/09\/laghi-mincio-mantova_0704-50x50.jpg 50w, https:\/\/www.bellitalie.org\/wp-content\/uploads\/2021\/09\/laghi-mincio-mantova_0704-80x80.jpg 80w, https:\/\/www.bellitalie.org\/wp-content\/uploads\/2021\/09\/laghi-mincio-mantova_0704-75x75.jpg 75w\" sizes=\"(max-width: 150px) 100vw, 150px\" \/><\/a><div class=\"lcp_excerpt\">\nMantova \u00e8 una meravigliosa citt\u00e0 della pianura padana, iscritta dall&#8217;Unesco al Patrimonio dell&#8217;Umanit\u00e0 nel 2008. ...<\/div><\/li><li><a href=\"https:\/\/www.bellitalie.org\/it\/destinazione\/lombardia\/cremona\/\">Cremona<\/a><a href=\"https:\/\/www.bellitalie.org\/it\/destinazione\/lombardia\/cremona\/\" title=\"Cremona\"><img width=\"150\" height=\"150\" src=\"https:\/\/www.bellitalie.org\/wp-content\/uploads\/2021\/09\/cremone_7949-150x150.jpg\" class=\"lcp_thumbnail wp-post-image\" alt=\"Cremona\" loading=\"lazy\" srcset=\"https:\/\/www.bellitalie.org\/wp-content\/uploads\/2021\/09\/cremone_7949-150x150.jpg 150w, https:\/\/www.bellitalie.org\/wp-content\/uploads\/2021\/09\/cremone_7949-50x50.jpg 50w, https:\/\/www.bellitalie.org\/wp-content\/uploads\/2021\/09\/cremone_7949-80x80.jpg 80w, https:\/\/www.bellitalie.org\/wp-content\/uploads\/2021\/09\/cremone_7949-75x75.jpg 75w\" sizes=\"(max-width: 150px) 100vw, 150px\" \/><\/a><div class=\"lcp_excerpt\">\nCremona \u00e8 una citt\u00e0 lombarda di circa 71.000 abitanti (nel 2021), situata nella pianura padana, ...<\/div><\/li><li><a href=\"https:\/\/www.bellitalie.org\/it\/destinazione\/lombardia\/como\/\">Como<\/a><a href=\"https:\/\/www.bellitalie.org\/it\/destinazione\/lombardia\/como\/\" title=\"Como\"><img width=\"150\" height=\"150\" src=\"https:\/\/www.bellitalie.org\/wp-content\/uploads\/2021\/09\/come_1469-1-150x150.jpg\" class=\"lcp_thumbnail wp-post-image\" alt=\"Como\" loading=\"lazy\" srcset=\"https:\/\/www.bellitalie.org\/wp-content\/uploads\/2021\/09\/come_1469-1-150x150.jpg 150w, https:\/\/www.bellitalie.org\/wp-content\/uploads\/2021\/09\/come_1469-1-50x50.jpg 50w, https:\/\/www.bellitalie.org\/wp-content\/uploads\/2021\/09\/come_1469-1-80x80.jpg 80w, https:\/\/www.bellitalie.org\/wp-content\/uploads\/2021\/09\/come_1469-1-75x75.jpg 75w\" sizes=\"(max-width: 150px) 100vw, 150px\" \/><\/a><div class=\"lcp_excerpt\">\nComo \u00e8 con Lecco la citt\u00e0 pi\u00f9 grande del Lago di Como, con circa 84.000 ...<\/div><\/li><li><a href=\"https:\/\/www.bellitalie.org\/it\/destinazione\/lombardia\/pavia\/\">Pavia<\/a><a href=\"https:\/\/www.bellitalie.org\/it\/destinazione\/lombardia\/pavia\/\" title=\"Pavia\"><img width=\"150\" height=\"150\" src=\"https:\/\/www.bellitalie.org\/wp-content\/uploads\/2021\/09\/pavie_7921-150x150.jpg\" class=\"lcp_thumbnail wp-post-image\" alt=\"Pavia\" loading=\"lazy\" srcset=\"https:\/\/www.bellitalie.org\/wp-content\/uploads\/2021\/09\/pavie_7921-150x150.jpg 150w, https:\/\/www.bellitalie.org\/wp-content\/uploads\/2021\/09\/pavie_7921-50x50.jpg 50w, https:\/\/www.bellitalie.org\/wp-content\/uploads\/2021\/09\/pavie_7921-80x80.jpg 80w, https:\/\/www.bellitalie.org\/wp-content\/uploads\/2021\/09\/pavie_7921-75x75.jpg 75w\" sizes=\"(max-width: 150px) 100vw, 150px\" \/><\/a><div class=\"lcp_excerpt\">\nPavia \u00e8 una graziosa citt\u00e0 sulle sponde del Ticino a 40 km a sud di ...<\/div><\/li><li><a href=\"https:\/\/www.bellitalie.org\/it\/destinazione\/lombardia\/sirmione\/\">Sirmione<\/a><a href=\"https:\/\/www.bellitalie.org\/it\/destinazione\/lombardia\/sirmione\/\" title=\"Sirmione\"><img width=\"150\" height=\"150\" src=\"https:\/\/www.bellitalie.org\/wp-content\/uploads\/2021\/09\/sirmione_1567-150x150.jpg\" class=\"lcp_thumbnail wp-post-image\" alt=\"Sirmione\" loading=\"lazy\" srcset=\"https:\/\/www.bellitalie.org\/wp-content\/uploads\/2021\/09\/sirmione_1567-150x150.jpg 150w, https:\/\/www.bellitalie.org\/wp-content\/uploads\/2021\/09\/sirmione_1567-50x50.jpg 50w, https:\/\/www.bellitalie.org\/wp-content\/uploads\/2021\/09\/sirmione_1567-80x80.jpg 80w, https:\/\/www.bellitalie.org\/wp-content\/uploads\/2021\/09\/sirmione_1567-75x75.jpg 75w\" sizes=\"(max-width: 150px) 100vw, 150px\" \/><\/a><div class=\"lcp_excerpt\">\nSirmione \u00e8 la citt\u00e0 emblematica del Lago di Garda, una delle destinazioni pi\u00f9 affascinanti della ...<\/div><\/li><li><a href=\"https:\/\/www.bellitalie.org\/it\/destinazione\/lombardia\/vigevano\/\">Vigevano<\/a><a href=\"https:\/\/www.bellitalie.org\/it\/destinazione\/lombardia\/vigevano\/\" title=\"Vigevano\"><img width=\"150\" height=\"150\" src=\"https:\/\/www.bellitalie.org\/wp-content\/uploads\/2021\/09\/piazza-ducale-vigevano_6578-150x150.jpg\" class=\"lcp_thumbnail wp-post-image\" alt=\"Vigevano\" loading=\"lazy\" srcset=\"https:\/\/www.bellitalie.org\/wp-content\/uploads\/2021\/09\/piazza-ducale-vigevano_6578-150x150.jpg 150w, https:\/\/www.bellitalie.org\/wp-content\/uploads\/2021\/09\/piazza-ducale-vigevano_6578-50x50.jpg 50w, https:\/\/www.bellitalie.org\/wp-content\/uploads\/2021\/09\/piazza-ducale-vigevano_6578-80x80.jpg 80w, https:\/\/www.bellitalie.org\/wp-content\/uploads\/2021\/09\/piazza-ducale-vigevano_6578-75x75.jpg 75w\" sizes=\"(max-width: 150px) 100vw, 150px\" \/><\/a><div class=\"lcp_excerpt\">\nVigevano \u00e8 una bellissima citt\u00e0 d&#8217;arte, eppure poco conosciuta, tra Milano, Pavia e Novara, a ...<\/div><\/li><li><a href=\"https:\/\/www.bellitalie.org\/it\/destinazione\/lombardia\/bellagio\/\">Bellagio<\/a><a href=\"https:\/\/www.bellitalie.org\/it\/destinazione\/lombardia\/bellagio\/\" title=\"Bellagio\"><img width=\"150\" height=\"150\" src=\"https:\/\/www.bellitalie.org\/wp-content\/uploads\/2021\/09\/bellagio_1529-150x150.jpg\" class=\"lcp_thumbnail wp-post-image\" alt=\"Bellagio\" loading=\"lazy\" srcset=\"https:\/\/www.bellitalie.org\/wp-content\/uploads\/2021\/09\/bellagio_1529-150x150.jpg 150w, https:\/\/www.bellitalie.org\/wp-content\/uploads\/2021\/09\/bellagio_1529-50x50.jpg 50w, https:\/\/www.bellitalie.org\/wp-content\/uploads\/2021\/09\/bellagio_1529-80x80.jpg 80w, https:\/\/www.bellitalie.org\/wp-content\/uploads\/2021\/09\/bellagio_1529-75x75.jpg 75w\" sizes=\"(max-width: 150px) 100vw, 150px\" \/><\/a><div class=\"lcp_excerpt\">\nAll&#8217;incrocio dei due bracci meridionali del Lago di Como, Bellagio \u00e8 un grazioso borgo designato ...<\/div><\/li><li><a href=\"https:\/\/www.bellitalie.org\/it\/destinazione\/lombardia\/lago-d-iseo\/\">Lago d&#8217;Iseo<\/a><a href=\"https:\/\/www.bellitalie.org\/it\/destinazione\/lombardia\/lago-d-iseo\/\" title=\"Lago d&#039;Iseo\"><img width=\"150\" height=\"150\" src=\"https:\/\/www.bellitalie.org\/wp-content\/uploads\/2021\/09\/lac-d-iseo_7534-150x150.jpg\" class=\"lcp_thumbnail wp-post-image\" alt=\"Lago d&#039;Iseo\" loading=\"lazy\" srcset=\"https:\/\/www.bellitalie.org\/wp-content\/uploads\/2021\/09\/lac-d-iseo_7534-150x150.jpg 150w, https:\/\/www.bellitalie.org\/wp-content\/uploads\/2021\/09\/lac-d-iseo_7534-50x50.jpg 50w, https:\/\/www.bellitalie.org\/wp-content\/uploads\/2021\/09\/lac-d-iseo_7534-80x80.jpg 80w, https:\/\/www.bellitalie.org\/wp-content\/uploads\/2021\/09\/lac-d-iseo_7534-75x75.jpg 75w\" sizes=\"(max-width: 150px) 100vw, 150px\" \/><\/a><div class=\"lcp_excerpt\">\nSituato tra Bergamo e Brescia, il piccolo Lago d&#8217;Iseo \u00e8 un sito di carattere in ...<\/div><\/li><li><a href=\"https:\/\/www.bellitalie.org\/it\/destinazione\/lombardia\/lago-d-idro-e-valle-sabbia\/\">Lago d&#8217;Idro e Valle Sabbia<\/a><a href=\"https:\/\/www.bellitalie.org\/it\/destinazione\/lombardia\/lago-d-idro-e-valle-sabbia\/\" title=\"Lago d&#039;Idro e Valle Sabbia\"><img width=\"150\" height=\"150\" src=\"https:\/\/www.bellitalie.org\/wp-content\/uploads\/2021\/09\/lac-d-idro_7540-150x150.jpg\" class=\"lcp_thumbnail wp-post-image\" alt=\"Lago d&#039;Idro e Valle Sabbia\" loading=\"lazy\" srcset=\"https:\/\/www.bellitalie.org\/wp-content\/uploads\/2021\/09\/lac-d-idro_7540-150x150.jpg 150w, https:\/\/www.bellitalie.org\/wp-content\/uploads\/2021\/09\/lac-d-idro_7540-50x50.jpg 50w, https:\/\/www.bellitalie.org\/wp-content\/uploads\/2021\/09\/lac-d-idro_7540-80x80.jpg 80w, https:\/\/www.bellitalie.org\/wp-content\/uploads\/2021\/09\/lac-d-idro_7540-75x75.jpg 75w\" sizes=\"(max-width: 150px) 100vw, 150px\" \/><\/a><div class=\"lcp_excerpt\">\nSeparato dal Lago di Garda da una montagna, il bellissimo piccolo Lago d&#8217;Idro arroccato a ...<\/div><\/li><li><a href=\"https:\/\/www.bellitalie.org\/it\/destinazione\/lombardia\/varese\/\">Varese<\/a><a href=\"https:\/\/www.bellitalie.org\/it\/destinazione\/lombardia\/varese\/\" title=\"Varese\"><img width=\"150\" height=\"150\" src=\"https:\/\/www.bellitalie.org\/wp-content\/uploads\/2023\/09\/palazzo-estense-varese_7161-150x150.jpg\" class=\"lcp_thumbnail wp-post-image\" alt=\"Varese\" loading=\"lazy\" srcset=\"https:\/\/www.bellitalie.org\/wp-content\/uploads\/2023\/09\/palazzo-estense-varese_7161-150x150.jpg 150w, https:\/\/www.bellitalie.org\/wp-content\/uploads\/2023\/09\/palazzo-estense-varese_7161-50x50.jpg 50w, https:\/\/www.bellitalie.org\/wp-content\/uploads\/2023\/09\/palazzo-estense-varese_7161-80x80.jpg 80w, https:\/\/www.bellitalie.org\/wp-content\/uploads\/2023\/09\/palazzo-estense-varese_7161-75x75.jpg 75w\" sizes=\"(max-width: 150px) 100vw, 150px\" \/><\/a><div class=\"lcp_excerpt\">\nVicino a Como e Milano, tra laghi e montagne, Varese \u00e8 una citt\u00e0 piuttosto ignorata ...<\/div><\/li><li><a href=\"https:\/\/www.bellitalie.org\/it\/destinazione\/lombardia\/val-camonica\/\">Val Camonica<\/a><a href=\"https:\/\/www.bellitalie.org\/it\/destinazione\/lombardia\/val-camonica\/\" title=\"Val Camonica\"><img width=\"150\" height=\"150\" src=\"https:\/\/www.bellitalie.org\/wp-content\/uploads\/2021\/09\/foppe-di-nadro-parc-gravures-rupestres-de-ceto-cimbergo-paspardo_8516-150x150.jpg\" class=\"lcp_thumbnail wp-post-image\" alt=\"Val Camonica\" loading=\"lazy\" srcset=\"https:\/\/www.bellitalie.org\/wp-content\/uploads\/2021\/09\/foppe-di-nadro-parc-gravures-rupestres-de-ceto-cimbergo-paspardo_8516-150x150.jpg 150w, https:\/\/www.bellitalie.org\/wp-content\/uploads\/2021\/09\/foppe-di-nadro-parc-gravures-rupestres-de-ceto-cimbergo-paspardo_8516-50x50.jpg 50w, https:\/\/www.bellitalie.org\/wp-content\/uploads\/2021\/09\/foppe-di-nadro-parc-gravures-rupestres-de-ceto-cimbergo-paspardo_8516-80x80.jpg 80w, https:\/\/www.bellitalie.org\/wp-content\/uploads\/2021\/09\/foppe-di-nadro-parc-gravures-rupestres-de-ceto-cimbergo-paspardo_8516-75x75.jpg 75w\" sizes=\"(max-width: 150px) 100vw, 150px\" \/><\/a><div class=\"lcp_excerpt\">\nIl fiume Oglio discende la Val Camonica per circa 80 km, dal Passo del Tonale ...<\/div><\/li><li><a href=\"https:\/\/www.bellitalie.org\/it\/destinazione\/lombardia\/monza-e-la-brianza\/\">Monza e la Brianza<\/a><a href=\"https:\/\/www.bellitalie.org\/it\/destinazione\/lombardia\/monza-e-la-brianza\/\" title=\"Monza e la Brianza\"><img width=\"150\" height=\"150\" src=\"https:\/\/www.bellitalie.org\/wp-content\/uploads\/2021\/09\/basilique-duomo-di-monza_8024-150x150.jpg\" class=\"lcp_thumbnail wp-post-image\" alt=\"Monza e la Brianza\" loading=\"lazy\" srcset=\"https:\/\/www.bellitalie.org\/wp-content\/uploads\/2021\/09\/basilique-duomo-di-monza_8024-150x150.jpg 150w, https:\/\/www.bellitalie.org\/wp-content\/uploads\/2021\/09\/basilique-duomo-di-monza_8024-50x50.jpg 50w, https:\/\/www.bellitalie.org\/wp-content\/uploads\/2021\/09\/basilique-duomo-di-monza_8024-80x80.jpg 80w, https:\/\/www.bellitalie.org\/wp-content\/uploads\/2021\/09\/basilique-duomo-di-monza_8024-75x75.jpg 75w\" sizes=\"(max-width: 150px) 100vw, 150px\" \/><\/a><div class=\"lcp_excerpt\">\nMonza\nSituata nel cuore della Brianza, vicino a Milano sulle rive del Lambro, Monza \u00e8 la ...<\/div><\/li><\/ul>\n<\/div>\n\n\n\n<div class=\"wp-container-8 wp-block-column\">\n<p><strong><a href=\"https:\/\/www.bellitalie.org\/it\/destinazione\/veneto\/lago-di-garda\/\">Lago di Garda<\/a><\/strong><\/p>\n<ul class=\"lcp_catlist2\" id=\"lcp_instance_0\"><li><a href=\"https:\/\/www.bellitalie.org\/it\/destinazione\/veneto\/lago-di-garda\/cosa-vedere-attorno-al-lago-di-garda\/\">Cosa vedere sul Lago di Garda<\/a><a href=\"https:\/\/www.bellitalie.org\/it\/destinazione\/veneto\/lago-di-garda\/cosa-vedere-attorno-al-lago-di-garda\/\" title=\"Cosa vedere sul Lago di Garda\"><img width=\"150\" height=\"150\" src=\"https:\/\/www.bellitalie.org\/wp-content\/uploads\/2021\/09\/maderno-lungolago-lago-di-garda_9361-150x150.jpg\" class=\"lcp_thumbnail wp-post-image\" alt=\"Cosa vedere sul Lago di Garda\" loading=\"lazy\" srcset=\"https:\/\/www.bellitalie.org\/wp-content\/uploads\/2021\/09\/maderno-lungolago-lago-di-garda_9361-150x150.jpg 150w, https:\/\/www.bellitalie.org\/wp-content\/uploads\/2021\/09\/maderno-lungolago-lago-di-garda_9361-50x50.jpg 50w, https:\/\/www.bellitalie.org\/wp-content\/uploads\/2021\/09\/maderno-lungolago-lago-di-garda_9361-80x80.jpg 80w, https:\/\/www.bellitalie.org\/wp-content\/uploads\/2021\/09\/maderno-lungolago-lago-di-garda_9361-75x75.jpg 75w\" sizes=\"(max-width: 150px) 100vw, 150px\" \/><\/a><div class=\"lcp_excerpt\">\nQuesta pagina completa la presentazione generale del Lago di Garda\nIl Lago di Garda \u00e8 il ...<\/div><\/li><li><a href=\"https:\/\/www.bellitalie.org\/it\/destinazione\/lombardia\/sirmione\/\">Sirmione<\/a><a href=\"https:\/\/www.bellitalie.org\/it\/destinazione\/lombardia\/sirmione\/\" title=\"Sirmione\"><img width=\"150\" height=\"150\" src=\"https:\/\/www.bellitalie.org\/wp-content\/uploads\/2021\/09\/sirmione_1567-150x150.jpg\" class=\"lcp_thumbnail wp-post-image\" alt=\"Sirmione\" loading=\"lazy\" srcset=\"https:\/\/www.bellitalie.org\/wp-content\/uploads\/2021\/09\/sirmione_1567-150x150.jpg 150w, https:\/\/www.bellitalie.org\/wp-content\/uploads\/2021\/09\/sirmione_1567-50x50.jpg 50w, https:\/\/www.bellitalie.org\/wp-content\/uploads\/2021\/09\/sirmione_1567-80x80.jpg 80w, https:\/\/www.bellitalie.org\/wp-content\/uploads\/2021\/09\/sirmione_1567-75x75.jpg 75w\" sizes=\"(max-width: 150px) 100vw, 150px\" \/><\/a><div class=\"lcp_excerpt\">\nSirmione \u00e8 la citt\u00e0 emblematica del Lago di Garda, una delle destinazioni pi\u00f9 affascinanti della ...<\/div><\/li><li><a href=\"https:\/\/www.bellitalie.org\/it\/destinazione\/veneto\/peschiera-del-garda\/\">Peschiera del Garda<\/a><a href=\"https:\/\/www.bellitalie.org\/it\/destinazione\/veneto\/peschiera-del-garda\/\" title=\"Peschiera del Garda\"><img width=\"150\" height=\"150\" src=\"https:\/\/www.bellitalie.org\/wp-content\/uploads\/2021\/09\/canale-di-mezzo-peschiera-del-garda_9516-150x150.jpg\" class=\"lcp_thumbnail wp-post-image\" alt=\"Peschiera del Garda\" loading=\"lazy\" srcset=\"https:\/\/www.bellitalie.org\/wp-content\/uploads\/2021\/09\/canale-di-mezzo-peschiera-del-garda_9516-150x150.jpg 150w, https:\/\/www.bellitalie.org\/wp-content\/uploads\/2021\/09\/canale-di-mezzo-peschiera-del-garda_9516-50x50.jpg 50w, https:\/\/www.bellitalie.org\/wp-content\/uploads\/2021\/09\/canale-di-mezzo-peschiera-del-garda_9516-80x80.jpg 80w, https:\/\/www.bellitalie.org\/wp-content\/uploads\/2021\/09\/canale-di-mezzo-peschiera-del-garda_9516-75x75.jpg 75w\" sizes=\"(max-width: 150px) 100vw, 150px\" \/><\/a><div class=\"lcp_excerpt\">\nSulla sponda meridionale del Lago di Garda, Peschiera del Garda \u00e8 una citt\u00e0-fortezza circondata dalle ...<\/div><\/li><li><a href=\"https:\/\/www.bellitalie.org\/it\/destinazione\/lombardia\/lago-d-idro-e-valle-sabbia\/\">Lago d&#8217;Idro e Valle Sabbia<\/a><a href=\"https:\/\/www.bellitalie.org\/it\/destinazione\/lombardia\/lago-d-idro-e-valle-sabbia\/\" title=\"Lago d&#039;Idro e Valle Sabbia\"><img width=\"150\" height=\"150\" src=\"https:\/\/www.bellitalie.org\/wp-content\/uploads\/2021\/09\/lac-d-idro_7540-150x150.jpg\" class=\"lcp_thumbnail wp-post-image\" alt=\"Lago d&#039;Idro e Valle Sabbia\" loading=\"lazy\" srcset=\"https:\/\/www.bellitalie.org\/wp-content\/uploads\/2021\/09\/lac-d-idro_7540-150x150.jpg 150w, https:\/\/www.bellitalie.org\/wp-content\/uploads\/2021\/09\/lac-d-idro_7540-50x50.jpg 50w, https:\/\/www.bellitalie.org\/wp-content\/uploads\/2021\/09\/lac-d-idro_7540-80x80.jpg 80w, https:\/\/www.bellitalie.org\/wp-content\/uploads\/2021\/09\/lac-d-idro_7540-75x75.jpg 75w\" sizes=\"(max-width: 150px) 100vw, 150px\" \/><\/a><div class=\"lcp_excerpt\">\nSeparato dal Lago di Garda da una montagna, il bellissimo piccolo Lago d&#8217;Idro arroccato a ...<\/div><\/li><li><a href=\"https:\/\/www.bellitalie.org\/it\/destinazione\/trentino-alto-adige\/riva-del-garda\/\">Riva del Garda<\/a><a href=\"https:\/\/www.bellitalie.org\/it\/destinazione\/trentino-alto-adige\/riva-del-garda\/\" title=\"Riva del Garda\"><img width=\"150\" height=\"150\" src=\"https:\/\/www.bellitalie.org\/wp-content\/uploads\/2021\/09\/riva_di_garda_7554-150x150.jpg\" class=\"lcp_thumbnail wp-post-image\" alt=\"Riva del Garda\" loading=\"lazy\" srcset=\"https:\/\/www.bellitalie.org\/wp-content\/uploads\/2021\/09\/riva_di_garda_7554-150x150.jpg 150w, https:\/\/www.bellitalie.org\/wp-content\/uploads\/2021\/09\/riva_di_garda_7554-50x50.jpg 50w, https:\/\/www.bellitalie.org\/wp-content\/uploads\/2021\/09\/riva_di_garda_7554-80x80.jpg 80w, https:\/\/www.bellitalie.org\/wp-content\/uploads\/2021\/09\/riva_di_garda_7554-75x75.jpg 75w\" sizes=\"(max-width: 150px) 100vw, 150px\" \/><\/a><div class=\"lcp_excerpt\">\nRiva del Garda \u00e8 una cittadina di circa 20.000 abitanti situata all&#8217;estremit\u00e0 settentrionale del Lago ...<\/div><\/li><li><a href=\"https:\/\/www.bellitalie.org\/it\/destinazione\/veneto\/lago-di-garda\/desenzano-del-garda\/\">Desenzano del Garda<\/a><a href=\"https:\/\/www.bellitalie.org\/it\/destinazione\/veneto\/lago-di-garda\/desenzano-del-garda\/\" title=\"Desenzano del Garda\"><img width=\"150\" height=\"150\" src=\"https:\/\/www.bellitalie.org\/wp-content\/uploads\/2021\/09\/porto-vecchio-descenzano-del-garda_9470-150x150.jpg\" class=\"lcp_thumbnail wp-post-image\" alt=\"Desenzano del Garda\" loading=\"lazy\" srcset=\"https:\/\/www.bellitalie.org\/wp-content\/uploads\/2021\/09\/porto-vecchio-descenzano-del-garda_9470-150x150.jpg 150w, https:\/\/www.bellitalie.org\/wp-content\/uploads\/2021\/09\/porto-vecchio-descenzano-del-garda_9470-50x50.jpg 50w, https:\/\/www.bellitalie.org\/wp-content\/uploads\/2021\/09\/porto-vecchio-descenzano-del-garda_9470-80x80.jpg 80w, https:\/\/www.bellitalie.org\/wp-content\/uploads\/2021\/09\/porto-vecchio-descenzano-del-garda_9470-75x75.jpg 75w\" sizes=\"(max-width: 150px) 100vw, 150px\" \/><\/a><div class=\"lcp_excerpt\">\nDesenzano del Garda che si trova a sud-ovest del Lago di Garda \u00e8 una piacevole ...<\/div><\/li><li><a href=\"https:\/\/www.bellitalie.org\/it\/destinazione\/veneto\/lago-di-garda\/malcesine-e-dintorni\/\">Malcesine e dintorni<\/a><a href=\"https:\/\/www.bellitalie.org\/it\/destinazione\/veneto\/lago-di-garda\/malcesine-e-dintorni\/\" title=\"Malcesine e dintorni\"><img width=\"150\" height=\"150\" src=\"https:\/\/www.bellitalie.org\/wp-content\/uploads\/2023\/09\/castello-scaligero-di-malcesine_9737-150x150.jpg\" class=\"lcp_thumbnail wp-post-image\" alt=\"Malcesine e dintorni\" loading=\"lazy\" srcset=\"https:\/\/www.bellitalie.org\/wp-content\/uploads\/2023\/09\/castello-scaligero-di-malcesine_9737-150x150.jpg 150w, https:\/\/www.bellitalie.org\/wp-content\/uploads\/2023\/09\/castello-scaligero-di-malcesine_9737-50x50.jpg 50w, https:\/\/www.bellitalie.org\/wp-content\/uploads\/2023\/09\/castello-scaligero-di-malcesine_9737-80x80.jpg 80w, https:\/\/www.bellitalie.org\/wp-content\/uploads\/2023\/09\/castello-scaligero-di-malcesine_9737-75x75.jpg 75w\" sizes=\"(max-width: 150px) 100vw, 150px\" \/><\/a><div class=\"lcp_excerpt\">\nMalcesine e la costa orientale tra Brenzone e Torbole e Monte Baldo\nMalcesine\nMalcesine \u00e8 un villaggio ...<\/div><\/li><li><a href=\"https:\/\/www.bellitalie.org\/it\/destinazione\/veneto\/lago-di-garda\/gardone-riviera-e-vittoriale-degli-italiani\/\">Gardone Riviera e Vittoriale degli Italiani<\/a><a href=\"https:\/\/www.bellitalie.org\/it\/destinazione\/veneto\/lago-di-garda\/gardone-riviera-e-vittoriale-degli-italiani\/\" title=\"Gardone Riviera e Vittoriale degli Italiani\"><img width=\"150\" height=\"150\" src=\"https:\/\/www.bellitalie.org\/wp-content\/uploads\/2023\/09\/gardone-riviera_9425-150x150.jpg\" class=\"lcp_thumbnail wp-post-image\" alt=\"Gardone Riviera e Vittoriale degli Italiani\" loading=\"lazy\" srcset=\"https:\/\/www.bellitalie.org\/wp-content\/uploads\/2023\/09\/gardone-riviera_9425-150x150.jpg 150w, https:\/\/www.bellitalie.org\/wp-content\/uploads\/2023\/09\/gardone-riviera_9425-50x50.jpg 50w, https:\/\/www.bellitalie.org\/wp-content\/uploads\/2023\/09\/gardone-riviera_9425-80x80.jpg 80w, https:\/\/www.bellitalie.org\/wp-content\/uploads\/2023\/09\/gardone-riviera_9425-75x75.jpg 75w\" sizes=\"(max-width: 150px) 100vw, 150px\" \/><\/a><div class=\"lcp_excerpt\">\nGardone Riviera \u00e8 una delle localit\u00e0 pi\u00f9 attraenti della Riviera dei Limoni, ai piedi del ...<\/div><\/li><li class=\"current\"><a href=\"https:\/\/www.bellitalie.org\/it\/destinazione\/veneto\/lago-di-garda\/manerba-san-felice-e-isola-del-garda\/\">Manerba, San Felice e Isola del Garda<\/a><a href=\"https:\/\/www.bellitalie.org\/it\/destinazione\/veneto\/lago-di-garda\/manerba-san-felice-e-isola-del-garda\/\" title=\"Manerba, San Felice e Isola del Garda\"><img width=\"150\" height=\"150\" src=\"https:\/\/www.bellitalie.org\/wp-content\/uploads\/2021\/10\/rocca-di-manerba-del-garda_9452-150x150.jpg\" class=\"lcp_thumbnail wp-post-image\" alt=\"Manerba, San Felice e Isola del Garda\" loading=\"lazy\" srcset=\"https:\/\/www.bellitalie.org\/wp-content\/uploads\/2021\/10\/rocca-di-manerba-del-garda_9452-150x150.jpg 150w, https:\/\/www.bellitalie.org\/wp-content\/uploads\/2021\/10\/rocca-di-manerba-del-garda_9452-50x50.jpg 50w, https:\/\/www.bellitalie.org\/wp-content\/uploads\/2021\/10\/rocca-di-manerba-del-garda_9452-80x80.jpg 80w, https:\/\/www.bellitalie.org\/wp-content\/uploads\/2021\/10\/rocca-di-manerba-del-garda_9452-75x75.jpg 75w\" sizes=\"(max-width: 150px) 100vw, 150px\" \/><\/a><div class=\"lcp_excerpt\">\nSituati sulla sponda occidentale a sud-ovest del lago, i comuni di San Felice del Benaco ...<\/div><\/li><\/ul>\n<\/div>\n<\/div>\n","protected":false},"excerpt":{"rendered":"<p>Situati sulla sponda occidentale a sud-ovest del lago, i comuni di San Felice del Benaco e Manerba del Garda sono ideali per il relax, grazie alla loro tranquillit\u00e0, al loro terreno molto dolce con vigneti e uliveti, nonch\u00e9 a grandi spiagge e campeggi.La storia e la natura hanno lasciato bellissimi siti, come la Rocca di [&hellip;]<\/p>\n","protected":false},"author":1,"featured_media":22176,"parent":26259,"menu_order":0,"comment_status":"open","ping_status":"closed","template":"","format":"standard","meta":{"_links_to":"","_links_to_target":""},"tags":[],"categorie_page":[103,99,112],"region_italie":[],"acf":[],"yoast_head":"<!-- This site is optimized with the Yoast SEO plugin v17.5 - https:\/\/yoast.com\/wordpress\/plugins\/seo\/ -->\n<title>Manerba, San Felice e Isola del Garda - Bellitalie<\/title>\n<meta name=\"description\" content=\"A sud-ovest del Lago di Garda, due rilassanti comuni con spiagge e campeggi e i resti della Rocca di Manerba con il suo panorama\" \/>\n<meta name=\"robots\" content=\"index, follow, max-snippet:-1, max-image-preview:large, max-video-preview:-1\" \/>\n<link rel=\"canonical\" href=\"https:\/\/www.bellitalie.org\/it\/destinazione\/veneto\/lago-di-garda\/manerba-san-felice-e-isola-del-garda\/\" \/>\n<meta property=\"og:locale\" content=\"it_IT\" \/>\n<meta property=\"og:type\" content=\"article\" \/>\n<meta property=\"og:title\" content=\"Manerba, San Felice e Isola del Garda - Bellitalie\" \/>\n<meta property=\"og:description\" content=\"A sud-ovest del Lago di Garda, due rilassanti comuni con spiagge e campeggi e i resti della Rocca di Manerba con il suo panorama\" \/>\n<meta property=\"og:url\" content=\"https:\/\/www.bellitalie.org\/it\/destinazione\/veneto\/lago-di-garda\/manerba-san-felice-e-isola-del-garda\/\" \/>\n<meta property=\"og:site_name\" content=\"Bellitalie\" \/>\n<meta property=\"article:modified_time\" content=\"2023-10-29T10:40:26+00:00\" \/>\n<meta property=\"og:image\" content=\"https:\/\/www.bellitalie.org\/wp-content\/uploads\/2021\/10\/rocca-di-manerba-del-garda_9452.jpg\" \/>\n\t<meta property=\"og:image:width\" content=\"1200\" \/>\n\t<meta property=\"og:image:height\" content=\"800\" \/>\n<meta name=\"twitter:card\" content=\"summary_large_image\" \/>\n<meta name=\"twitter:label1\" content=\"Tempo di lettura stimato\" \/>\n\t<meta name=\"twitter:data1\" content=\"6 minuti\" \/>\n<script type=\"application\/ld+json\" class=\"yoast-schema-graph\">{\"@context\":\"https:\/\/schema.org\",\"@graph\":[{\"@type\":\"WebSite\",\"@id\":\"https:\/\/www.bellitalie.org\/#website\",\"url\":\"https:\/\/www.bellitalie.org\/\",\"name\":\"Bellitalie\",\"description\":\"Regioni, citt\\u00e0 e patrimonio dell'Italia da nord a sud\",\"potentialAction\":[{\"@type\":\"SearchAction\",\"target\":{\"@type\":\"EntryPoint\",\"urlTemplate\":\"https:\/\/www.bellitalie.org\/?s={search_term_string}\"},\"query-input\":\"required name=search_term_string\"}],\"inLanguage\":\"it-IT\"},{\"@type\":\"ImageObject\",\"@id\":\"https:\/\/www.bellitalie.org\/it\/destinazione\/veneto\/lago-di-garda\/manerba-san-felice-e-isola-del-garda\/#primaryimage\",\"inLanguage\":\"it-IT\",\"url\":\"https:\/\/www.bellitalie.org\/wp-content\/uploads\/2021\/10\/rocca-di-manerba-del-garda_9452.jpg\",\"contentUrl\":\"https:\/\/www.bellitalie.org\/wp-content\/uploads\/2021\/10\/rocca-di-manerba-del-garda_9452.jpg\",\"width\":1200,\"height\":800,\"caption\":\"rocca-di-manerba-del-garda_9452\"},{\"@type\":\"WebPage\",\"@id\":\"https:\/\/www.bellitalie.org\/it\/destinazione\/veneto\/lago-di-garda\/manerba-san-felice-e-isola-del-garda\/#webpage\",\"url\":\"https:\/\/www.bellitalie.org\/it\/destinazione\/veneto\/lago-di-garda\/manerba-san-felice-e-isola-del-garda\/\",\"name\":\"Manerba, San Felice e Isola del Garda - Bellitalie\",\"isPartOf\":{\"@id\":\"https:\/\/www.bellitalie.org\/#website\"},\"primaryImageOfPage\":{\"@id\":\"https:\/\/www.bellitalie.org\/it\/destinazione\/veneto\/lago-di-garda\/manerba-san-felice-e-isola-del-garda\/#primaryimage\"},\"datePublished\":\"2021-08-25T08:17:00+00:00\",\"dateModified\":\"2023-10-29T10:40:26+00:00\",\"description\":\"A sud-ovest del Lago di Garda, due rilassanti comuni con spiagge e campeggi e i resti della Rocca di Manerba con il suo panorama\",\"breadcrumb\":{\"@id\":\"https:\/\/www.bellitalie.org\/it\/destinazione\/veneto\/lago-di-garda\/manerba-san-felice-e-isola-del-garda\/#breadcrumb\"},\"inLanguage\":\"it-IT\",\"potentialAction\":[{\"@type\":\"ReadAction\",\"target\":[\"https:\/\/www.bellitalie.org\/it\/destinazione\/veneto\/lago-di-garda\/manerba-san-felice-e-isola-del-garda\/\"]}]},{\"@type\":\"BreadcrumbList\",\"@id\":\"https:\/\/www.bellitalie.org\/it\/destinazione\/veneto\/lago-di-garda\/manerba-san-felice-e-isola-del-garda\/#breadcrumb\",\"itemListElement\":[{\"@type\":\"ListItem\",\"position\":1,\"name\":\"Accueil\",\"item\":\"https:\/\/www.bellitalie.org\/it\/\"},{\"@type\":\"ListItem\",\"position\":2,\"name\":\"Veneto\",\"item\":\"https:\/\/www.bellitalie.org\/it\/regione_italia\/veneto\/\"},{\"@type\":\"ListItem\",\"position\":3,\"name\":\"Lago di Garda\",\"item\":\"https:\/\/www.bellitalie.org\/it\/destinazione\/veneto\/lago-di-garda\/\"},{\"@type\":\"ListItem\",\"position\":4,\"name\":\"Manerba, San Felice e Isola del Garda\"}]},{\"@type\":\"Person\",\"@id\":\"https:\/\/www.bellitalie.org\/#\/schema\/person\/6f25c64f0b5df6df0b93a2be44045da5\",\"name\":\"Bellitalie\",\"image\":{\"@type\":\"ImageObject\",\"@id\":\"https:\/\/www.bellitalie.org\/#personlogo\",\"inLanguage\":\"it-IT\",\"url\":\"https:\/\/secure.gravatar.com\/avatar\/ad516503a11cd5ca435acc9bb6523536?s=96\",\"contentUrl\":\"https:\/\/secure.gravatar.com\/avatar\/ad516503a11cd5ca435acc9bb6523536?s=96\",\"caption\":\"Bellitalie\"},\"sameAs\":[\"https:\/\/www.bellitalie.org\"]}]}<\/script>\n<!-- \/ Yoast SEO plugin. -->","yoast_head_json":{"title":"Manerba, San Felice e Isola del Garda - Bellitalie","description":"A sud-ovest del Lago di Garda, due rilassanti comuni con spiagge e campeggi e i resti della Rocca di Manerba con il suo panorama","robots":{"index":"index","follow":"follow","max-snippet":"max-snippet:-1","max-image-preview":"max-image-preview:large","max-video-preview":"max-video-preview:-1"},"canonical":"https:\/\/www.bellitalie.org\/it\/destinazione\/veneto\/lago-di-garda\/manerba-san-felice-e-isola-del-garda\/","og_locale":"it_IT","og_type":"article","og_title":"Manerba, San Felice e Isola del Garda - Bellitalie","og_description":"A sud-ovest del Lago di Garda, due rilassanti comuni con spiagge e campeggi e i resti della Rocca di Manerba con il suo panorama","og_url":"https:\/\/www.bellitalie.org\/it\/destinazione\/veneto\/lago-di-garda\/manerba-san-felice-e-isola-del-garda\/","og_site_name":"Bellitalie","article_modified_time":"2023-10-29T10:40:26+00:00","og_image":[{"width":1200,"height":800,"url":"https:\/\/www.bellitalie.org\/wp-content\/uploads\/2021\/10\/rocca-di-manerba-del-garda_9452.jpg","type":"image\/jpeg"}],"twitter_card":"summary_large_image","twitter_misc":{"Tempo di lettura stimato":"6 minuti"},"schema":{"@context":"https:\/\/schema.org","@graph":[{"@type":"WebSite","@id":"https:\/\/www.bellitalie.org\/#website","url":"https:\/\/www.bellitalie.org\/","name":"Bellitalie","description":"Regioni, citt\u00e0 e patrimonio dell'Italia da nord a sud","potentialAction":[{"@type":"SearchAction","target":{"@type":"EntryPoint","urlTemplate":"https:\/\/www.bellitalie.org\/?s={search_term_string}"},"query-input":"required name=search_term_string"}],"inLanguage":"it-IT"},{"@type":"ImageObject","@id":"https:\/\/www.bellitalie.org\/it\/destinazione\/veneto\/lago-di-garda\/manerba-san-felice-e-isola-del-garda\/#primaryimage","inLanguage":"it-IT","url":"https:\/\/www.bellitalie.org\/wp-content\/uploads\/2021\/10\/rocca-di-manerba-del-garda_9452.jpg","contentUrl":"https:\/\/www.bellitalie.org\/wp-content\/uploads\/2021\/10\/rocca-di-manerba-del-garda_9452.jpg","width":1200,"height":800,"caption":"rocca-di-manerba-del-garda_9452"},{"@type":"WebPage","@id":"https:\/\/www.bellitalie.org\/it\/destinazione\/veneto\/lago-di-garda\/manerba-san-felice-e-isola-del-garda\/#webpage","url":"https:\/\/www.bellitalie.org\/it\/destinazione\/veneto\/lago-di-garda\/manerba-san-felice-e-isola-del-garda\/","name":"Manerba, San Felice e Isola del Garda - Bellitalie","isPartOf":{"@id":"https:\/\/www.bellitalie.org\/#website"},"primaryImageOfPage":{"@id":"https:\/\/www.bellitalie.org\/it\/destinazione\/veneto\/lago-di-garda\/manerba-san-felice-e-isola-del-garda\/#primaryimage"},"datePublished":"2021-08-25T08:17:00+00:00","dateModified":"2023-10-29T10:40:26+00:00","description":"A sud-ovest del Lago di Garda, due rilassanti comuni con spiagge e campeggi e i resti della Rocca di Manerba con il suo panorama","breadcrumb":{"@id":"https:\/\/www.bellitalie.org\/it\/destinazione\/veneto\/lago-di-garda\/manerba-san-felice-e-isola-del-garda\/#breadcrumb"},"inLanguage":"it-IT","potentialAction":[{"@type":"ReadAction","target":["https:\/\/www.bellitalie.org\/it\/destinazione\/veneto\/lago-di-garda\/manerba-san-felice-e-isola-del-garda\/"]}]},{"@type":"BreadcrumbList","@id":"https:\/\/www.bellitalie.org\/it\/destinazione\/veneto\/lago-di-garda\/manerba-san-felice-e-isola-del-garda\/#breadcrumb","itemListElement":[{"@type":"ListItem","position":1,"name":"Accueil","item":"https:\/\/www.bellitalie.org\/it\/"},{"@type":"ListItem","position":2,"name":"Veneto","item":"https:\/\/www.bellitalie.org\/it\/regione_italia\/veneto\/"},{"@type":"ListItem","position":3,"name":"Lago di Garda","item":"https:\/\/www.bellitalie.org\/it\/destinazione\/veneto\/lago-di-garda\/"},{"@type":"ListItem","position":4,"name":"Manerba, San Felice e Isola del Garda"}]},{"@type":"Person","@id":"https:\/\/www.bellitalie.org\/#\/schema\/person\/6f25c64f0b5df6df0b93a2be44045da5","name":"Bellitalie","image":{"@type":"ImageObject","@id":"https:\/\/www.bellitalie.org\/#personlogo","inLanguage":"it-IT","url":"https:\/\/secure.gravatar.com\/avatar\/ad516503a11cd5ca435acc9bb6523536?s=96","contentUrl":"https:\/\/secure.gravatar.com\/avatar\/ad516503a11cd5ca435acc9bb6523536?s=96","caption":"Bellitalie"},"sameAs":["https:\/\/www.bellitalie.org"]}]}},"_links":{"self":[{"href":"https:\/\/www.bellitalie.org\/it\/wp-json\/wp\/v2\/destination\/26423"}],"collection":[{"href":"https:\/\/www.bellitalie.org\/it\/wp-json\/wp\/v2\/destination"}],"about":[{"href":"https:\/\/www.bellitalie.org\/it\/wp-json\/wp\/v2\/types\/destination"}],"author":[{"embeddable":true,"href":"https:\/\/www.bellitalie.org\/it\/wp-json\/wp\/v2\/users\/1"}],"replies":[{"embeddable":true,"href":"https:\/\/www.bellitalie.org\/it\/wp-json\/wp\/v2\/comments?post=26423"}],"version-history":[{"count":3,"href":"https:\/\/www.bellitalie.org\/it\/wp-json\/wp\/v2\/destination\/26423\/revisions"}],"predecessor-version":[{"id":26957,"href":"https:\/\/www.bellitalie.org\/it\/wp-json\/wp\/v2\/destination\/26423\/revisions\/26957"}],"up":[{"embeddable":true,"href":"https:\/\/www.bellitalie.org\/it\/wp-json\/wp\/v2\/destination\/26259"}],"wp:featuredmedia":[{"embeddable":true,"href":"https:\/\/www.bellitalie.org\/it\/wp-json\/wp\/v2\/media\/22176"}],"wp:attachment":[{"href":"https:\/\/www.bellitalie.org\/it\/wp-json\/wp\/v2\/media?parent=26423"}],"wp:term":[{"taxonomy":"post_tag","embeddable":true,"href":"https:\/\/www.bellitalie.org\/it\/wp-json\/wp\/v2\/tags?post=26423"},{"taxonomy":"categorie_page","embeddable":true,"href":"https:\/\/www.bellitalie.org\/it\/wp-json\/wp\/v2\/categorie_page?post=26423"},{"taxonomy":"region_italie","embeddable":true,"href":"https:\/\/www.bellitalie.org\/it\/wp-json\/wp\/v2\/region_italie?post=26423"}],"curies":[{"name":"wp","href":"https:\/\/api.w.org\/{rel}","templated":true}]}}