{"id":26479,"date":"2021-10-10T18:10:00","date_gmt":"2021-10-10T16:10:00","guid":{"rendered":"https:\/\/www.bellitalie.org\/destination\/lombardia\/lago-di-como\/que-voir-autour-du-lac-de-come\/"},"modified":"2023-10-23T16:27:06","modified_gmt":"2023-10-23T14:27:06","slug":"cosa-vedere-sul-lago-di-como","status":"publish","type":"destination","link":"https:\/\/www.bellitalie.org\/it\/destinazione\/lombardia\/lago-di-como\/cosa-vedere-sul-lago-di-como\/","title":{"rendered":"Cosa vedere sul Lago di Como"},"content":{"rendered":"\n<p><em>Questa pagina completa la <a href=\"https:\/\/www.bellitalie.org\/it\/destinazione\/lombardia\/lago-di-como\/\" target=\"_blank\" rel=\"noopener\">presentazione generale del Lago di Como<\/a><\/em><\/p>\n<p>Lungo i 185 km del perimetro del Lago di Como, costeggiando il lungo braccio settentrionale e i due bracci meridionali, le citt\u00e0, i siti e i villaggi sono numerosi, senza contare le alture dalle quali si possono fare escursioni e scoprire vari panorami sul lago e parte della catena alpina.<br \/>Tra i principali luoghi che si distinguono per i loro abiti c&#8217;\u00e8 prima la citt\u00e0 di <strong>Como<\/strong>, all&#8217;estremit\u00e0 meridionale del braccio occidentale, poi tra i villaggi lacustri, <strong>Bellagio<\/strong> che si trova all&#8217;incrocio dei due bracci del sud \u00e8 da secoli un luogo di villeggiatura. Poi, sul lato occidentale, l&#8217;isolotto <strong>Comacina<\/strong> si trova ai piedi del <strong>Sacro Monte di Osuccio<\/strong>, accanto alla <strong>Villa Balbianello<\/strong> situata alla fine di una piccola penisola con il suo bel giardino e apprezzata dai cineasti (<em>Star Wars Episode II<\/em>, <em>Casino Royale<\/em>). Pi\u00f9 a nord, <strong>Menaggio<\/strong> \u00e8 un altro carino villaggio, noto per diverse ville e siti naturali.<br \/>La costa orientale, complessivamente meno preparata e meno densa, ha alcuni siti notevoli, tra cui il villaggio di <strong>Varenna<\/strong>, il borgo medievale di <strong>Coreno Plinio<\/strong>, o l&#8217;<strong>Abbazia di Piola<\/strong>.<br \/>Inoltre, sentieri e siti naturali, panorami, sono numerosi.<br \/>Si possono comodamente visitare diversi siti in barca, tra cui Varenna, Menaggio e Bellagio molto vicini tra loro, approfittando allo stesso tempo della traversata e del punto di vista che offre.<\/p>\n<p>Qui si percorrono le rive e i loro siti, da nord a sud, partendo da Como all&#8217;estremit\u00e0 meridionale del braccio occidentale del lago.<\/p>\n<div id=\"travelersmap-container-69f472b84cf80\" class=\"travelersmap-container\" style=\"z-index: 1; min-height: 10px; min-width:10px; height:450px;width:66%; max-width:; max-height:; position:relative;\"><div style=\"position:absolute; z-index:-1;top: 50%;text-align: center;display: block;left: 50%;transform: translate(-50%,-50%);\">Travelers' Map is loading... <br> If you see this after your page is loaded completely, leafletJS files are missing.<\/div><\/div>\n<h2 class=\"western\">Riva occidentala<\/h2>\n<h3 class=\"western\">Como <b><img src=\"https:\/\/www.bellitalie.org\/images\/1etoilesB20.png\" alt=\"interet 1 etoiles\" height=\"10\" \/><\/b>\u00a0<\/h3>\n<p><strong><a href=\"https:\/\/www.bellitalie.org\/wp-content\/uploads\/2021\/10\/tempio-voltiano-como_8209.jpg\" rel=\"attachment wp-att-21196\"><img loading=\"lazy\" class=\"alignright size-thumbnail wp-image-21196\" src=\"https:\/\/www.bellitalie.org\/wp-content\/uploads\/2021\/10\/tempio-voltiano-como_8209-150x150.jpg\" alt=\"tempio-voltiano-como_8209\" width=\"150\" height=\"150\" srcset=\"https:\/\/www.bellitalie.org\/wp-content\/uploads\/2021\/10\/tempio-voltiano-como_8209-150x150.jpg 150w, https:\/\/www.bellitalie.org\/wp-content\/uploads\/2021\/10\/tempio-voltiano-como_8209-50x50.jpg 50w, https:\/\/www.bellitalie.org\/wp-content\/uploads\/2021\/10\/tempio-voltiano-como_8209-80x80.jpg 80w, https:\/\/www.bellitalie.org\/wp-content\/uploads\/2021\/10\/tempio-voltiano-como_8209-75x75.jpg 75w\" sizes=\"(max-width: 150px) 100vw, 150px\" \/><\/a>Como<\/strong> \u00e8 la bellissima citt\u00e0 storica del lago, situata a sud del braccio occidentale, dove vivono circa 84.000 abitanti. Fu celtica prima di essere sviluppata dai romani.<br \/>La sua storia gli ha lasciato numerosi edifici storici, tra cui il palazzo del Broletto, la cattedrale tardogotica della fine del XVI secolo, le basiliche di Sant&#8217;Abbondio e di San Fedele, il Tempio Voltaio in onore del suo celebre fisico, dei portici e delle case rinascimentali in Piazza San Fedele, come pure degli edifici degli anni trenta, o ancora la Villa Olmo neoclassica del XVIII, le mura della citt\u00e0 o i resti del suo antico Castello Baradello che dominano il borgo a sud di quest&#8217;ultima.<br \/><em>\u2192 Vedere la pagina su <a href=\"https:\/\/www.bellitalie.org\/it\/destinazione\/lombardia\/como\/\">Como e dintorni<\/a><\/em><\/p>\n<h3>Dintorni di Como<\/h3>\n<p>Da Como si pu\u00f2 raggiungere <strong>Brunate<\/strong> con la funicolare, a quasi 800 metri di altitudine, chiamata il &#8221; Il balcone sulle Alpi &#8221; per la sua spettacolare vista sull&#8217;arco alpino, dove i pi\u00f9 ricchi costruirono le loro ville in stile Liberty.<br \/>Il <strong>Lake Como Poetry Way<\/strong> \u00e8 un famoso percorso pedonale lungo 16 km che costeggia il sud del lago passando per Como, dalle alture di Brunate ad est fino a Obbiceno a nord-ovest.<br \/>Il <strong>Parco Regionale della Spina Verde<\/strong> si estende sulle colline a nord-ovest di Como. Confina con la Svizzera, con siti storici come il castello di Baradello e la linea Cadorna<br \/><em>\u2192 Vedere la pagina su <a href=\"https:\/\/www.bellitalie.org\/it\/destinazione\/lombardia\/como\/\">Como e dintorni<\/a><\/em><\/p>\n<h3 class=\"western\">Cernobbio<\/h3>\n<p><a href=\"https:\/\/www.bellitalie.org\/wp-content\/uploads\/2021\/10\/cernobbio-rovenna_8235.jpg\" rel=\"attachment wp-att-21200\"><img loading=\"lazy\" class=\"alignright size-thumbnail wp-image-21200\" src=\"https:\/\/www.bellitalie.org\/wp-content\/uploads\/2021\/10\/cernobbio-rovenna_8235-150x150.jpg\" alt=\"cernobbio-rovenna_8235\" width=\"150\" height=\"150\" srcset=\"https:\/\/www.bellitalie.org\/wp-content\/uploads\/2021\/10\/cernobbio-rovenna_8235-150x150.jpg 150w, https:\/\/www.bellitalie.org\/wp-content\/uploads\/2021\/10\/cernobbio-rovenna_8235-50x50.jpg 50w, https:\/\/www.bellitalie.org\/wp-content\/uploads\/2021\/10\/cernobbio-rovenna_8235-80x80.jpg 80w, https:\/\/www.bellitalie.org\/wp-content\/uploads\/2021\/10\/cernobbio-rovenna_8235-75x75.jpg 75w\" sizes=\"(max-width: 150px) 100vw, 150px\" \/><\/a>Vicino a Como, ai piedi del <strong>Monte Bisbino<\/strong> che raggiunge rapidamente i 1300 metri, <strong>Cernobbio<\/strong> \u00e8 un elegante borgo. Lungo questo tratto di costa, la vista sul lago \u00e8 bellissima e sono state costruite diverse belle ville. Piazza Risorgimento si trova nel cuore del paese e si affaccia direttamente sul lago.<br \/>La <strong>Villa Erba<\/strong> che fu costruita nel 1898 \u00e8 un grande complesso composto da diverse abitazioni, serre, un molo, stalle, case di servizio, e circondato da un ampio parco. Fu residenza della famiglia del celebre regista Luchino Visconti, e oggi centro congressi.<br \/>L&#8217;edificio pi\u00f9 prestigioso \u00e8 la <strong>Villa d&#8217;Este<\/strong>, che si affaccia sul lago, risalente al XVI secolo e trasformata nel 1873 in hotel di lusso, con un bel giardino all&#8217;italiana.<br \/>Lungo il lago si possono vedere anche la <strong>Villa Bernasconi<\/strong> in stile Liberty, la <strong>Villa Pizzo<\/strong> con i suoi due edifici, e la <strong>Villa Fontanelle<\/strong> del XVIII secolo in un bellissimo parco.<br \/>Il paese \u00e8 anche punto di partenza per <strong>via dei Monti Lariani<\/strong>, attrezzato sentiero escursionistico, percorrendo le montagne ad ovest del Lago di Como per 100 km, in 5 o 6 tappe fino a Sorico.<\/p>\n<h3 class=\"western\">Laglio e Torriggia<\/h3>\n<p><a href=\"https:\/\/www.bellitalie.org\/wp-content\/uploads\/2021\/09\/lac_de_come_1473.jpg\" rel=\"attachment wp-att-869\"><img loading=\"lazy\" class=\"alignright size-thumbnail wp-image-869\" src=\"https:\/\/www.bellitalie.org\/wp-content\/uploads\/2021\/09\/lac_de_come_1473-150x150.jpg\" alt=\"lac de c\u00f4me\" width=\"150\" height=\"150\" srcset=\"https:\/\/www.bellitalie.org\/wp-content\/uploads\/2021\/09\/lac_de_come_1473-150x150.jpg 150w, https:\/\/www.bellitalie.org\/wp-content\/uploads\/2021\/09\/lac_de_come_1473-50x50.jpg 50w, https:\/\/www.bellitalie.org\/wp-content\/uploads\/2021\/09\/lac_de_come_1473-80x80.jpg 80w, https:\/\/www.bellitalie.org\/wp-content\/uploads\/2021\/09\/lac_de_come_1473-75x75.jpg 75w\" sizes=\"(max-width: 150px) 100vw, 150px\" \/><\/a>Il piccolo borgo di <strong>Laglio<\/strong> con la frazione di <strong>Torriggia<\/strong> si affaccia su una stretta porzione del lago. Questo borgo \u00e8 uscito dall&#8217;anonimato quando George Clooney acquist\u00f2 la settecentesca Villa Oleandra per le sue vacanze in Italia.<br \/>Oltre alla piacevole passeggiata sul lungolago, il <strong>Buco dell&#8217;Orso<\/strong> \u00e8 una grotta carsica con tre laghetti sotterranei. Tra gli ulivi e vigneti delle alture, si scoprono belle vedute.<br \/>Nel cimitero di Laglio si trova la piramide di Giuseppe Frank, stele alta quasi 20 metri, eretta nel 1851, che imita la piramide di Gaio Cestio di Roma.<\/p>\n<h3>Argegno<\/h3>\n<p>Il villaggio di <strong>Argegno<\/strong> \u00e8 attraversato dal fiume Telo, scavalcato da un antico ponte di pietra. Il borgo \u00e8 pittoresco con le sue case in pietra, e una bellissima vista sul lago.<\/p>\n<h3>Val d&#8217;Intelvi e Balcone d&#8217;Italia<\/h3>\n<p><a href=\"https:\/\/www.bellitalie.org\/wp-content\/uploads\/2021\/10\/balcone-d-italia-lago-di-lugano_8284.jpg\" rel=\"attachment wp-att-21829\"><img loading=\"lazy\" class=\"alignright size-thumbnail wp-image-21829\" src=\"https:\/\/www.bellitalie.org\/wp-content\/uploads\/2021\/10\/balcone-d-italia-lago-di-lugano_8284-150x150.jpg\" alt=\"balcone-d-italia-lago-di-lugano_8284\" width=\"150\" height=\"150\" srcset=\"https:\/\/www.bellitalie.org\/wp-content\/uploads\/2021\/10\/balcone-d-italia-lago-di-lugano_8284-150x150.jpg 150w, https:\/\/www.bellitalie.org\/wp-content\/uploads\/2021\/10\/balcone-d-italia-lago-di-lugano_8284-50x50.jpg 50w, https:\/\/www.bellitalie.org\/wp-content\/uploads\/2021\/10\/balcone-d-italia-lago-di-lugano_8284-80x80.jpg 80w, https:\/\/www.bellitalie.org\/wp-content\/uploads\/2021\/10\/balcone-d-italia-lago-di-lugano_8284-75x75.jpg 75w\" sizes=\"(max-width: 150px) 100vw, 150px\" \/><\/a>Ci sono solo pochi chilometri tra il Lago di Como e il Lago di Lugano, al confine con la Svizzera, collegati in particolare dalla <strong>Valle d&#8217;Intelvi<\/strong>, tra Argegno sul primo e Osteno sul secondo, passando per Lanzo attraverso la Val Mara.<br \/>Dalla cima della <strong>Sighignola<\/strong> a 1320 metri di altitudine, raggiungibile con la strada o con sentieri, si pu\u00f2 ammirare uno spettacolare panorama dalla terrazza denominata \u00abBalcone d&#8217;Italia\u00bb, sul Lago di Lugano e sulle Alpi con il Monte Rosa fino al Cervino. Un bar ristorante \u00e8 generalmente presente.<br \/>La strada che vi conduce fu costruita poco prima dello scoppio della prima guerra mondiale, nell&#8217;ambito dei lavori di fortificazione della Linea Cadorna.<\/p>\n<h3>Tremezzina<\/h3>\n<p><strong>Tremezzina<\/strong> \u00e8 un comune che riunisce da sud a nord i paesi di Ossuccio, Lenno, Mezzegra e Tremezzo, passando per l&#8217;isola Comacina, il sacro monte e la Villa Balbianello.<\/p>\n<div id=\"attachment_21211\" style=\"width: 160px\" class=\"wp-caption alignright\"><a href=\"https:\/\/www.bellitalie.org\/wp-content\/uploads\/2021\/10\/ossuccio-lago-di-como_8251b.jpg\" rel=\"attachment wp-att-21211\"><img aria-describedby=\"caption-attachment-21211\" loading=\"lazy\" class=\"size-thumbnail wp-image-21211\" src=\"https:\/\/www.bellitalie.org\/wp-content\/uploads\/2021\/10\/ossuccio-lago-di-como_8251b-150x150.jpg\" alt=\"ossuccio-lago-di-como_8251b\" width=\"150\" height=\"150\" srcset=\"https:\/\/www.bellitalie.org\/wp-content\/uploads\/2021\/10\/ossuccio-lago-di-como_8251b-150x150.jpg 150w, https:\/\/www.bellitalie.org\/wp-content\/uploads\/2021\/10\/ossuccio-lago-di-como_8251b-50x50.jpg 50w, https:\/\/www.bellitalie.org\/wp-content\/uploads\/2021\/10\/ossuccio-lago-di-como_8251b-80x80.jpg 80w, https:\/\/www.bellitalie.org\/wp-content\/uploads\/2021\/10\/ossuccio-lago-di-como_8251b-75x75.jpg 75w\" sizes=\"(max-width: 150px) 100vw, 150px\" \/><\/a><p id=\"caption-attachment-21211\" class=\"wp-caption-text\">Ossuccio<\/p><\/div>\n<p>I panorami sono molto belli intorno ai villaggi di <strong>Lenno<\/strong> e <strong>Tremezzo<\/strong>. Il secondo ha conservato la bella Chiesa di San Lorenzo, cos\u00ec come la <strong>Villa Carlotta<\/strong>, una superba realizzazione barocca. Sulle alture delle colline, <strong>Rogaro<\/strong> fu un villaggio di origine medievale, dove rimane la chiesa con la statua della Vergine Nera che proviene dal santuario di Einsiedeln in Svizzera, e la torre di origine medievale.<br \/>La <strong>Villa Carlotta<\/strong>, che si trova in posizione panoramica, \u00e8 aperta da marzo a novembre, visitabile solo su prenotazione. Ha un importante giardino botanico, tra cui il Giardino all&#8217;Italiana e il Giardino Romantico. Il museo conserva opere d&#8217;arte e oggetti appartenuti alla principessa Carlotta, moglie del duca di Sassonia-Meiningen, tra cui l&#8217;<em>Ultimo bacio di Giulietta e Romeo<\/em> di Francesco Hayez o la statua di Palamede di Canova.<\/p>\n<h3 class=\"western\">Sacro Monte d&#8217;Ossuccio<\/h3>\n<p><a href=\"https:\/\/www.bellitalie.org\/wp-content\/uploads\/2021\/10\/sacro-monte-della-beata-vergine-del-soccorso-ossuccio_8256.jpg\" rel=\"attachment wp-att-21215\"><img loading=\"lazy\" class=\"alignright size-thumbnail wp-image-21215\" src=\"https:\/\/www.bellitalie.org\/wp-content\/uploads\/2021\/10\/sacro-monte-della-beata-vergine-del-soccorso-ossuccio_8256-150x150.jpg\" alt=\"sacro-monte-della-beata-vergine-del-soccorso-ossuccio_8256\" width=\"150\" height=\"150\" srcset=\"https:\/\/www.bellitalie.org\/wp-content\/uploads\/2021\/10\/sacro-monte-della-beata-vergine-del-soccorso-ossuccio_8256-150x150.jpg 150w, https:\/\/www.bellitalie.org\/wp-content\/uploads\/2021\/10\/sacro-monte-della-beata-vergine-del-soccorso-ossuccio_8256-50x50.jpg 50w, https:\/\/www.bellitalie.org\/wp-content\/uploads\/2021\/10\/sacro-monte-della-beata-vergine-del-soccorso-ossuccio_8256-80x80.jpg 80w, https:\/\/www.bellitalie.org\/wp-content\/uploads\/2021\/10\/sacro-monte-della-beata-vergine-del-soccorso-ossuccio_8256-75x75.jpg 75w\" sizes=\"(max-width: 150px) 100vw, 150px\" \/><\/a>Situato nel comune di Tremezzina, il <strong>Sacro Monte di Ossuccio<\/strong> \u00e8 iscritto nel patrimonio mondiale dell&#8217;Unesco, arroccato a 419 metri di altitudine, di fronte all&#8217;Isola Comacina, con 14 cappelle costruite tra il XVI e il XVII secolo.<\/p>\n<h3 class=\"western\">Isola Comacina<\/h3>\n<p>\u00c8 l&#8217;unica isola del lago, vicinissima alla costa, un luogo incantevole che unisce natura e archeologia. Qui sorgono i resti della Chiesa di Sant&#8217;Eufemia risalente all&#8217;XI secolo, uno degli esempi dell&#8217;arte romanica intorno al lago, con la bella cripta e il portico, un colonnato marmoreo di epoca romana. <br \/>La sua vegetazione ricopre il suo passato storico, quando era una cittadella fortificata costruita dai romani e dai bizantini, rasa al suolo dai comaschi nel 1160, poich\u00e9 aveva sostenuto la sua rivale Milano.<br \/><a href=\"https:\/\/www.bellitalie.org\/wp-content\/uploads\/2021\/10\/isola-comacina-lago-di-como_8252b.jpg\" rel=\"attachment wp-att-21220\"><img loading=\"lazy\" class=\"alignright size-thumbnail wp-image-21220\" src=\"https:\/\/www.bellitalie.org\/wp-content\/uploads\/2021\/10\/isola-comacina-lago-di-como_8252b-150x150.jpg\" alt=\"isola-comacina-lago-di-como_8252b\" width=\"150\" height=\"150\" srcset=\"https:\/\/www.bellitalie.org\/wp-content\/uploads\/2021\/10\/isola-comacina-lago-di-como_8252b-150x150.jpg 150w, https:\/\/www.bellitalie.org\/wp-content\/uploads\/2021\/10\/isola-comacina-lago-di-como_8252b-50x50.jpg 50w, https:\/\/www.bellitalie.org\/wp-content\/uploads\/2021\/10\/isola-comacina-lago-di-como_8252b-80x80.jpg 80w, https:\/\/www.bellitalie.org\/wp-content\/uploads\/2021\/10\/isola-comacina-lago-di-como_8252b-75x75.jpg 75w\" sizes=\"(max-width: 150px) 100vw, 150px\" \/><\/a>Tre Case per Artisti furono costruite qui tra gli anni 1936-40 dall&#8217;architetto Pietro Lingeri in stile razionalista, destinate ad accogliere per brevi periodi artisti in cerca di ispirazione.<\/p>\n<h3 class=\"western\">Villa Balbianello <b><img src=\"https:\/\/www.bellitalie.org\/images\/1etoilesB20.png\" alt=\"interet 1 etoiles\" height=\"10\" \/><\/b><\/h3>\n<p>Situata a Leno sulla piccola penisola di Lavedo, la <strong>Villa Balbianello<\/strong> \u00e8 un luogo incantevole, forse la pi\u00f9 bella villa del Lago di Como, spesso apprezzata come cornice cinematografica, come scene di <em>Star Wars Episodio II<\/em> o <em>Casino Royale<\/em>.<br \/>Risale al XVIII secolo con il suo stile rinascimentale, posizionata in posizione dominante di fronte al lago, all&#8217;estremit\u00e0 della penisola. Si pu\u00f2 raggiungerla dal parcheggio in piedi, oppure in taxi acqueo da Lido di Lenno (6 \u20ac andata, 8 \u20ac A\/R) e godere cos\u00ec di una vista sulla villa dal lago.<br \/>L&#8217;interno merita sia la visita (guidata) che l&#8217;esterno. Si possono tuttavia visitare solo i giardini (circa 12 \u20ac per i giardini, e 23 \u20ac per aggiungere la visita guidata), con le sue viste e il suo arredamento curato in posizione dominante sul lago. L&#8217;ultimo proprietario della villa, Guido Monzino, ha lasciato la sua impronta e i suoi gusti negli allestimenti, con in particolare la biblioteca.<\/p>\n\n\n<div data-gyg-href=\"https:\/\/widget.getyourguide.com\/default\/activities.frame\" data-gyg-locale-code=\"it-IT\" data-gyg-widget=\"activities\" data-gyg-number-of-items=\"1\" data-gyg-partner-id=\"DLYVAO3\" data-gyg-tour-ids=\"444485\"><\/div>\n\n\n<h3 class=\"western\">Menaggio<\/h3>\n<p><strong><a href=\"https:\/\/www.bellitalie.org\/wp-content\/uploads\/2021\/10\/lungolago-menaggio_8277.jpg\" rel=\"attachment wp-att-21226\"><img loading=\"lazy\" class=\"alignright size-thumbnail wp-image-21226\" src=\"https:\/\/www.bellitalie.org\/wp-content\/uploads\/2021\/10\/lungolago-menaggio_8277-150x150.jpg\" alt=\"lungolago-menaggio_8277\" width=\"150\" height=\"150\" srcset=\"https:\/\/www.bellitalie.org\/wp-content\/uploads\/2021\/10\/lungolago-menaggio_8277-150x150.jpg 150w, https:\/\/www.bellitalie.org\/wp-content\/uploads\/2021\/10\/lungolago-menaggio_8277-50x50.jpg 50w, https:\/\/www.bellitalie.org\/wp-content\/uploads\/2021\/10\/lungolago-menaggio_8277-80x80.jpg 80w, https:\/\/www.bellitalie.org\/wp-content\/uploads\/2021\/10\/lungolago-menaggio_8277-75x75.jpg 75w\" sizes=\"(max-width: 150px) 100vw, 150px\" \/><\/a>Menaggio<\/strong> \u00e8 un altro grazioso e relativamente tranquillo villaggio ai piedi del Monte Grona e dei suoi panorami sui laghi.<br \/>Il lungolago \u00e8 incantevole, tra il porticciolo e il lido, e il centro storico intorno alla sua piazza centrale ha bar, negozi e ristoranti.<br \/>Oltre ad alcune chiese, diverse ville private si trovano nel comune, come la Villa Mylius Vigoni immersa in un giardino all&#8217;inglese (visite stagionali su prenotazione) e la Villa Govone.<br \/>Si pu\u00f2 fare la passeggiata dell&#8217;antica <strong>Strada Regina<\/strong>, che porta a Rezzonico, o scoprire il bel vallone con il <strong>Parco Val Sanagra<\/strong> che mescola natura e vestigia.<br \/><em>\u2192 Leggere la <a href=\"https:\/\/www.bellitalie.org\/it\/destinazione\/lombardia\/lago-di-como\/menaggio\/\">pagina su Menaggio<\/a><\/em><\/p>\n<h2>Riva Centrale e Triangolo Lariano<\/h2>\n<p>Il <strong>Triangolo Lariano<\/strong> occupa lo spazio tra i due bracci del Lago di Como, a nord della citt\u00e0 di Erba e dei suoi laghetti, formato da un massiccio montuoso dove culmina il <strong>Monte San Primo<\/strong> a 1682 metri di altitudine. Qui si scoprono bei paesaggi, boschi alternati a prati, come ad esempio sulla strada che collega Coglie a Nessa.<br \/>Le rive sono piuttosto ripide, sia verso ovest verso Nesso, che lungo il braccio orientale, le cui altezze sono percorse da bellissimi sentieri, come il Sentiero delle Olive con le sue splendide viste sul braccio del lago, dove in qualche punto la montagna si tuffa a picco nelle acque. Avvicinandosi a Lecco si trovano alcune spiagge, tra cui un giardino pubblico che costeggia il lago di Valmadrera, quando il rilievo si appiattisce e si estende l&#8217;urbanistica.<\/p>\n<h3 class=\"western\">Bellagio <b><img src=\"https:\/\/www.bellitalie.org\/images\/1etoilesB20.png\" alt=\"interet 1 etoiles\" height=\"10\" \/><\/b>\u00a0<\/h3>\n<p><a href=\"https:\/\/www.bellitalie.org\/wp-content\/uploads\/2021\/10\/lungolago-bellagio_8108.jpg\" rel=\"attachment wp-att-21233\"><img loading=\"lazy\" class=\"alignright size-thumbnail wp-image-21233\" src=\"https:\/\/www.bellitalie.org\/wp-content\/uploads\/2021\/10\/lungolago-bellagio_8108-150x150.jpg\" alt=\"lungolago-bellagio_8108\" width=\"150\" height=\"150\" srcset=\"https:\/\/www.bellitalie.org\/wp-content\/uploads\/2021\/10\/lungolago-bellagio_8108-150x150.jpg 150w, https:\/\/www.bellitalie.org\/wp-content\/uploads\/2021\/10\/lungolago-bellagio_8108-50x50.jpg 50w, https:\/\/www.bellitalie.org\/wp-content\/uploads\/2021\/10\/lungolago-bellagio_8108-80x80.jpg 80w, https:\/\/www.bellitalie.org\/wp-content\/uploads\/2021\/10\/lungolago-bellagio_8108-75x75.jpg 75w\" sizes=\"(max-width: 150px) 100vw, 150px\" \/><\/a>All&#8217;incrocio dei due bracci meridionali a forma di punta di terra, <strong>Bellagio<\/strong> \u00e8 un bellissimo borgo, designato come la \u00ab perla del Lago di Como \u00bb. \u00c8 da secoli un luogo di villeggiatura le cui ville furono frequentate da personalit\u00e0 storiche come Napoleone, Liszt o Manzoni. Nonostante il turismo un po&#8217; eccessivo, \u00e8 un luogo di grande magnetismo, su una piccola penisola incorniciata dai due bracci del lago che si uniscono alla punta, a <strong>Punta Spartivento<\/strong>.<br \/>Il suo centro storico \u00e8 notevole, con i suoi vicoli pittoreschi di case colorate, scale e antiche chiese con essenzialmente la Basilica di San Giacomo. Tra le lussuose ville costruite qui a partire dal XVIII secolo, due si distinguono e si visitano: la <strong>Villa Serbelloni<\/strong> neoclassica del XIX secolo sul suo promontorio con il suo giardino terrazzato, e la <strong>Villa Melzi<\/strong> neo-classica del XIX secolo impreziosito da un bellissimo giardino all&#8217;inglese.<br \/><em>\u2192 Leggere la <a href=\"https:\/\/www.bellitalie.org\/it\/destinazione\/lombardia\/bellagio\/\">pagina su Bellagio<\/a><\/em><\/p>\n<h3>Monte San Primo<\/h3>\n<p>Il Triangolo Lariano occupa lo spazio tra i due bracci del Lago di Como, a nord di Erba e dei suoi laghetti, con un massiccio montuoso dove il <strong>Monte San Primo<\/strong> raggiunge i 1682 metri di altitudine. Una piccola escursione permette di raggiungere la cima dal parcheggio.<\/p>\n<h3 class=\"western\">Madonna di Ghisallo<\/h3>\n<p><a href=\"https:\/\/www.bellitalie.org\/wp-content\/uploads\/2021\/10\/madonna-del-ghisallo_8167.jpg\" rel=\"attachment wp-att-21236\"><img loading=\"lazy\" class=\"alignright size-thumbnail wp-image-21236\" src=\"https:\/\/www.bellitalie.org\/wp-content\/uploads\/2021\/10\/madonna-del-ghisallo_8167-150x150.jpg\" alt=\"madonna-del-ghisallo_8167\" width=\"150\" height=\"150\" srcset=\"https:\/\/www.bellitalie.org\/wp-content\/uploads\/2021\/10\/madonna-del-ghisallo_8167-150x150.jpg 150w, https:\/\/www.bellitalie.org\/wp-content\/uploads\/2021\/10\/madonna-del-ghisallo_8167-50x50.jpg 50w, https:\/\/www.bellitalie.org\/wp-content\/uploads\/2021\/10\/madonna-del-ghisallo_8167-80x80.jpg 80w, https:\/\/www.bellitalie.org\/wp-content\/uploads\/2021\/10\/madonna-del-ghisallo_8167-75x75.jpg 75w\" sizes=\"(max-width: 150px) 100vw, 150px\" \/><\/a>A circa 10 km a sud di Bellagio in direzione di Erba, la strada sale le pendici e passa per la <strong>Madonna di Ghisallo<\/strong> (XVII secolo), chiesa dedicata alla patrona dei ciclisti. Intorno alla vergine sono ospitate biciclette e magliette di corridori famosi, trofei e foto.<br \/>Il santuario si trova in cima ad una salita arrivando da Bellagio, a 754 metri di altitudine, dove si trovava il traguardo di alcune gare ciclistiche, tra cui il Giro d&#8217;Italia. I corridori si riposavano qui dopo la gara, spesso visitando la vergine dei luoghi, allora Pio XII la consacr\u00f2 come \u00abpatrona universale dei ciclisti\u00bb nel 1948. Un museo del ciclismo \u00e8 stato costruito qui, vicino alla chiesa.<\/p>\n<h3 class=\"western\">Nesso<\/h3>\n<p><strong><a href=\"https:\/\/www.bellitalie.org\/wp-content\/uploads\/2021\/10\/nesso-lago-di-como_8094.jpg\" rel=\"attachment wp-att-21240\"><img loading=\"lazy\" class=\"alignright size-thumbnail wp-image-21240\" src=\"https:\/\/www.bellitalie.org\/wp-content\/uploads\/2021\/10\/nesso-lago-di-como_8094-150x150.jpg\" alt=\"nesso-lago-di-como_8094\" width=\"150\" height=\"150\" srcset=\"https:\/\/www.bellitalie.org\/wp-content\/uploads\/2021\/10\/nesso-lago-di-como_8094-150x150.jpg 150w, https:\/\/www.bellitalie.org\/wp-content\/uploads\/2021\/10\/nesso-lago-di-como_8094-50x50.jpg 50w, https:\/\/www.bellitalie.org\/wp-content\/uploads\/2021\/10\/nesso-lago-di-como_8094-80x80.jpg 80w, https:\/\/www.bellitalie.org\/wp-content\/uploads\/2021\/10\/nesso-lago-di-como_8094-75x75.jpg 75w\" sizes=\"(max-width: 150px) 100vw, 150px\" \/><\/a>Nesso<\/strong> \u00e8 un piccolo villaggio le cui case si arrampicano lungo la montagna, attraversato da un ruscello, con splendide viste sul lago. L&#8217;<strong>Orrido di Nesso<\/strong> \u00e8 una stretta gola dove l&#8217;acqua cade nel lago a cascata, attraversato alla fine del lago da un vecchio e pittoresco ponte di pietra, il Ponte della Civera.<br \/>Le viste sul lago sono molto suggestive lungo la tortuosa strada tra Nessa e Lenzello, tortuosa, ai piedi della montagna.<\/p>\n<h3>Sentiero delle Olive<\/h3>\n<p>Il <strong>Sentiero delle Olive<\/strong> prende il nome dalla Costa delle Olive, un tratto di strada di 8 km nel comune di Oliveto Lario, questa costa \u00e8 percorsa da diversi sentieri, a volte ripidi, attraverso gli ulivi dove si aprono vedute molte belle, poi sulle alture dei castagni, noccioli, querce e qualche prato.<br \/>Da Onno, diversi sentieri raggiungono La Madonnina (905 m) nei pressi di Crezzo passando per panorami, uno essendo scosceso e bisognoso di corde, un altro \u00e8 pi\u00f9 tranquillo seguendo una mulattiera che attraversa boschi di castagni. Si pu\u00f2 anche raggiungere con un altro sentiero la Madonna di Ghisallo e Magreglio ai piedi del Monte San Primo. Si pu\u00f2 anche raggiungere quest&#8217;ultima partendo da Vassena con un&#8217;antica mulattiera.<br \/>Da Limonta si possono raggiungere tranquillamente Civenna e Guello.<\/p>\n<h2 class=\"western\">Rive orientale<\/h2>\n<h3 class=\"western\">Lecco<\/h3>\n<p><a href=\"https:\/\/www.bellitalie.org\/wp-content\/uploads\/2021\/10\/centro-lecco_8304.jpg\" rel=\"attachment wp-att-21266\"><img loading=\"lazy\" class=\"alignright wp-image-21266 size-thumbnail\" src=\"https:\/\/www.bellitalie.org\/wp-content\/uploads\/2021\/10\/centro-lecco_8304-150x150.jpg\" alt=\"foto del centro di lecco_8304\" width=\"150\" height=\"150\" srcset=\"https:\/\/www.bellitalie.org\/wp-content\/uploads\/2021\/10\/centro-lecco_8304-150x150.jpg 150w, https:\/\/www.bellitalie.org\/wp-content\/uploads\/2021\/10\/centro-lecco_8304-50x50.jpg 50w, https:\/\/www.bellitalie.org\/wp-content\/uploads\/2021\/10\/centro-lecco_8304-80x80.jpg 80w, https:\/\/www.bellitalie.org\/wp-content\/uploads\/2021\/10\/centro-lecco_8304-75x75.jpg 75w\" sizes=\"(max-width: 150px) 100vw, 150px\" \/><\/a>Alla punta meridionale del braccio orientale del lago, <strong>Lecco<\/strong> \u00e8 una delle pi\u00f9 importanti citt\u00e0 del lago di Como, con circa 46.000 abitanti.<br \/>\u00c8 una piccola citt\u00e0 senza grandi meraviglie, ma che \u00e8 tranquilla e piacevole, frequentata soprattutto da italiani, con il suo lungolago, le sue piazze, bar, terrazze e ristoranti. Dalle sue costruzioni emerge l&#8217;originale campanile neogotico alto 96 metri, l&#8217;edificio pi\u00f9 emblematico di Lecco, appartenente alla <strong>Basilica di San Nicola<\/strong>. Quest&#8217;ultima conserva affreschi della scuola di Giotto.<br \/>La citt\u00e0 \u00e8 legata a <strong>Manzoni<\/strong>, che qui trasse ispirazione per il suo celebre romanzo <em>I Promessi Sposi<\/em>. Una piazza gli \u00e8 dedicata, e un museo gli \u00e8 dedicato nella Villa Manzoni, dove lo scrittore ha trascorso la sua infanzia, con le 10 sale dove sono esposti manoscritti, ricordi e opere dello scrittore.<br \/>Altri luoghi di rilievo della citt\u00e0 sono la lunga <strong>Piazza XX Settembre<\/strong>, che \u00e8 l&#8217;antica Piazza del Mercato con la Torre Viscontea (XVI secolo); la <strong>Basilica di San Nicol\u00f2<\/strong>, il Municipio del XIX secolo detto <strong>Palazzo Bovara<\/strong>, il <strong>Palazzo delle Paure<\/strong> dell&#8217;inizio del XX secolo, o il <strong>Ponte Azzone Visconti<\/strong>. Quest&#8217;ultimo fu costruito nel Rinascimento, per collegare Lecco al Ducato di Milano, ed \u00e8 ancora il principale accesso alla citt\u00e0 arrivando da Milano o da Como<br \/>Fuori dal centro, il <strong>Palazzo Belgiojoso<\/strong> del XVIII ospita il <strong>Museo Archeologico<\/strong>, <strong>il Museo Storico e il Museo di Storia Naturale<\/strong>.<\/p>\n<p>Sulle alture si scoprono con il bel tempo belle viste sui dintorni, come da Piani d&#8217;Erna o dal Monte Resegone.<br \/>10 km a nord di Lecco, a Mandello del Lario si trova il <strong>Museo Moto Guzzi<\/strong> nello storico stabilimento che ha visto nascere il marchio, con 150 pezzi da esposizione: moto di serie, moto sportive, prototipi sperimentali e motori.<\/p>\n<h3 class=\"western\">Varenna <b><img src=\"https:\/\/www.bellitalie.org\/images\/1etoilesB20.png\" alt=\"interet 1 etoiles\" height=\"10\" \/><\/b>\u00a0<\/h3>\n<p><strong><a href=\"https:\/\/www.bellitalie.org\/wp-content\/uploads\/2021\/09\/lago_di_como_1496.jpg\" rel=\"attachment wp-att-885\"><img loading=\"lazy\" class=\"alignright size-thumbnail wp-image-885\" src=\"https:\/\/www.bellitalie.org\/wp-content\/uploads\/2021\/09\/lago_di_como_1496-150x150.jpg\" alt=\"lac de c\u00f4me\" width=\"150\" height=\"150\" srcset=\"https:\/\/www.bellitalie.org\/wp-content\/uploads\/2021\/09\/lago_di_como_1496-150x150.jpg 150w, https:\/\/www.bellitalie.org\/wp-content\/uploads\/2021\/09\/lago_di_como_1496-50x50.jpg 50w, https:\/\/www.bellitalie.org\/wp-content\/uploads\/2021\/09\/lago_di_como_1496-80x80.jpg 80w, https:\/\/www.bellitalie.org\/wp-content\/uploads\/2021\/09\/lago_di_como_1496-75x75.jpg 75w\" sizes=\"(max-width: 150px) 100vw, 150px\" \/><\/a>Varenna<\/strong> \u00e8 uno dei borghi pi\u00f9 affascinanti del Lago di Como, circondato da bellissimi siti storici e naturalistici. Il suo bel centro storico conserva una chiesa medievale, vicoli e piazzette.<br \/>La splendida <strong>Villa Monastero<\/strong> \u00e8 costruita in riva al lago, con il suo grande giardino botanico che corre lungo la riva per 2 km.<br \/>Affacciato sul paese, il <strong>Castello di Vezio<\/strong> \u00e8 di origine medievale. Ne rimangono delle mura circondate da un giardino, e la torre dalla quale si apre un panorama sul lago.<br \/><em>\u2192 Vedere la <a href=\"https:\/\/www.bellitalie.org\/it\/destinazione\/lombardia\/lago-di-como\/varenna\/\">pagina su Varenna<\/a><\/em><\/p>\n<h3>Bellano<\/h3>\n<p>Il piccolo borgo di <strong>Bellano<\/strong>, che ha un bel lungolago, \u00e8 visitato soprattutto per l&#8217;<strong>Orrido di Bellano<\/strong>, una delle principali attrazioni naturali del Lago di Como. \u00c8 una gola naturale con una grande cascata alla fine, scavata da un torrente, e accessibile da una passerella appesa alla parete rocciosa.<br \/>La <strong>Ca del Diavul<\/strong> \u00e8 una piccola torre con la storia del sito, qui sono stati trovati affreschi che rappresentano il diavolo e personaggi mitologici.<\/p>\n<h3 class=\"western\"><strong><a href=\"https:\/\/www.bellitalie.org\/wp-content\/uploads\/2021\/10\/corenno-plinio_8359.jpg\" rel=\"attachment wp-att-21254\"><img loading=\"lazy\" class=\"alignright size-thumbnail wp-image-21254\" src=\"https:\/\/www.bellitalie.org\/wp-content\/uploads\/2021\/10\/corenno-plinio_8359-150x150.jpg\" alt=\"corenno-plinio_8359\" width=\"150\" height=\"150\" srcset=\"https:\/\/www.bellitalie.org\/wp-content\/uploads\/2021\/10\/corenno-plinio_8359-150x150.jpg 150w, https:\/\/www.bellitalie.org\/wp-content\/uploads\/2021\/10\/corenno-plinio_8359-50x50.jpg 50w, https:\/\/www.bellitalie.org\/wp-content\/uploads\/2021\/10\/corenno-plinio_8359-80x80.jpg 80w, https:\/\/www.bellitalie.org\/wp-content\/uploads\/2021\/10\/corenno-plinio_8359-75x75.jpg 75w\" sizes=\"(max-width: 150px) 100vw, 150px\" \/><\/a><\/strong>Corenno Plinio<\/h3>\n<p><strong>Dervio<\/strong> \u00e8 un grande villaggio, che occupa una piccola pianura, con villaggi turistici.<br \/>Appena a nord, <strong>Corenno Plinio<\/strong> \u00e8 un piccolo villaggio di pescatori, che fu importante nel medioevo, con i resti del castello, mausolei del XIV secolo, vicoli e scale che scendono verso la riva e il porto.<\/p>\n<h3 class=\"western\">Abbazia di Piona <b><img src=\"https:\/\/www.bellitalie.org\/images\/1etoilesB20.png\" alt=\"interet 1 etoiles\" height=\"10\" \/><\/b>\u00a0<\/h3>\n<p><a href=\"https:\/\/www.bellitalie.org\/wp-content\/uploads\/2021\/10\/abbazia-cistercense-di-santa-maria-di-piona_8395.jpg\" rel=\"attachment wp-att-21258\"><img loading=\"lazy\" class=\"size-thumbnail wp-image-21258 alignright\" src=\"https:\/\/www.bellitalie.org\/wp-content\/uploads\/2021\/10\/abbazia-cistercense-di-santa-maria-di-piona_8395-150x150.jpg\" alt=\"abbazia-cistercense-di-santa-maria-di-piona_8395\" width=\"150\" height=\"150\" srcset=\"https:\/\/www.bellitalie.org\/wp-content\/uploads\/2021\/10\/abbazia-cistercense-di-santa-maria-di-piona_8395-150x150.jpg 150w, https:\/\/www.bellitalie.org\/wp-content\/uploads\/2021\/10\/abbazia-cistercense-di-santa-maria-di-piona_8395-50x50.jpg 50w, https:\/\/www.bellitalie.org\/wp-content\/uploads\/2021\/10\/abbazia-cistercense-di-santa-maria-di-piona_8395-80x80.jpg 80w, https:\/\/www.bellitalie.org\/wp-content\/uploads\/2021\/10\/abbazia-cistercense-di-santa-maria-di-piona_8395-75x75.jpg 75w\" sizes=\"(max-width: 150px) 100vw, 150px\" \/><\/a>L&#8217;<strong>Abbazia di Piona<\/strong> \u00e8 uno dei siti pi\u00f9 notevoli del Lago di Como, sulla piccola penisola di Olgiasca alla quale conduce una stradina di ciottoli.<br \/>Questo santuario cistercense ancora occupato dai monaci risale al VII secolo. \u00c8 un luogo bellissimo, stimolante e rilassante, soprattutto grazie alla sua splendida vista sul lago.<br \/>L&#8217;abbazia \u00e8 un bell&#8217;esempio di architettura romanica lombarda, con il suo bel campanile quadrangolare, la cui chiesetta conserva resti di antichi affreschi.<br \/>Ha anche un bel chiostro che mescola romanico e gotico, molto tranquillo e che ispira il raccoglimento.<\/p>\n<h3>Colico<\/h3>\n<p>A nord del lago, <strong>Colico<\/strong> si trova all&#8217;ingresso della Valtellina e dispone di diverse spiagge.<br \/>Il <strong>Forte Montecchio Nord<\/strong>, costruito durante la prima guerra mondiale, ha conservato le sue cannoniere, e non lontano si trovano anche i resti del <strong>Forte di Fuentes<\/strong>, pi\u00f9 antico, risalente al XVII secolo.<\/p>\n<h3>Cascata della Troggia<\/h3>\n<p>A 20 km di strada dalla costa del lago, la <strong>Cascata della Troggia<\/strong>, con i suoi 100 metri, attraversa tutta la Val Biandino.<\/p>\n<h2>Scoprire il lago in barca<\/h2>\n<p>La Gestione Navigazione Laghi collega tra loro le principali localit\u00e0 sulle rive del lago: Bellagio, Menaggio, Varenna, Lecco, Come, ecc. (maggiori informazioni: <a href=\"http:\/\/www.navigazionelaghi.it\" target=\"_blank\" rel=\"noopener\">www.navigazionelaghi.it<\/a>).<br \/>Si pu\u00f2 anche godere di escursioni private in barca tra diversi siti, con eventualmente visite guidate, o noleggiare una barca.<\/p>\n\n\n<div data-gyg-href=\"https:\/\/widget.getyourguide.com\/default\/activities.frame\" data-gyg-locale-code=\"it-IT\" data-gyg-widget=\"activities\" data-gyg-number-of-items=\"6\" data-gyg-partner-id=\"DLYVAO3\" data-gyg-q=\"barca%20lago%20di%20como\"><\/div>\n\n\n<h2>Sentieri<\/h2>\n<h3>Sentiere del Viandante<\/h3>\n<p>Il bel percorso del <strong>Sentiero del Viandante<\/strong> corre lungo le alture ad est del lago, partendo da Abbadia Lariana, lungo circa 45 chilometri in direzione nord fino a Piantedo.<br>\u00c8 abbastanza facile, formata principalmente da sentieri e mulattiere, passando per Varenna, Bellano, Dervio e i dintorni di Colico.<br>Era l&#8217;antico sentiero che collegava Lecco alla valle della Valtellina, anticamente chiamata via Ducale o via Regia, fino al XIX secolo.<br>Gli itinerari partono anche da Dervio, permettendo brevi escursioni in uno dei territori dove i panorami sono pi\u00f9 affascinanti, con testimonianze storiche, edifici, vigneti e boschi.<br>Il ritorno pu\u00f2 essere fatto con i mezzi pubblici, terrestri o lacustri.<\/p>\n<h3>Via dei Monti Lariani<\/h3>\n<p>I <strong>Monti Lariani<\/strong> &#8211; da non confondere con le montagne del Triangolo Lariano che si chiamano Monti Lambriani &#8211; costeggiano il lato occidentale del Lago di Como.<br>L&#8217;itinerario della <strong>Via dei Monti Lariani<\/strong> collega Cernobbio a Sorico. \u00c8 un percorso di trekking ben attrezzato, che percorre le montagne per 100 km ad un&#8217;altitudine media tra 800 e 1000 metri, che si pu\u00f2 tagliare in 5 o 6 tappe:<\/p>\n<ul>\n<li>Cernobbio (201 metri) &#8211; Rifuggio Prabello (1200 metri), con circa 1000 metri di dislivello, salendo sul Monte Bisbino e iniziando il primo tratto di cresta tra la Valle Breggia Ticinese e la costa del Lago di Como.<\/li>\n<li>Rifugio Prabello &#8211; Rifugio Boffalora (1250 m), con 800 metri di dislivello.<\/li>\n<li>Rifugio Boffalora &#8211; Grandola e Uniti, con 250 m di dislivello.<\/li>\n<li>Grandola e Uniti &#8211; Garzeno (662 m), con un dislivello di 700 metri.<\/li>\n<li>Garzeno &#8211; Peglio (633 m), con un dislivello di 350 metri.<\/li>\n<li>Peglio (m. 633) a Sorico (m. 200), con un dislivello di 500 metri.<\/li>\n<\/ul>\n<h2>Cartina con i luoghi del lago<\/h2>\n<div id=\"travelersmap-container-69f472b84dda7\" class=\"travelersmap-container\" style=\"z-index: 1; min-height: 10px; min-width:10px; height:450px;width:100%; max-width:; max-height:; position:relative;\"><div style=\"position:absolute; z-index:-1;top: 50%;text-align: center;display: block;left: 50%;transform: translate(-50%,-50%);\">Travelers' Map is loading... <br> If you see this after your page is loaded completely, leafletJS files are missing.<\/div><\/div>\n<h2>Informazioni<\/h2>\n<ul>\n<li>Pagina Wikipedia : <a href=\"https:\/\/it.wikipedia.org\/wiki\/Lago_di_Como\" target=\"_blank\" rel=\"noopener\">it.wikipedia.org<\/a><\/li>\n<li>Portali turistici : <a href=\"https:\/\/www.in-lombardia.it\/it\/turismo-in-lombardia\/lago-di-como-turismo\" target=\"_blank\" rel=\"noopener\">www.in-lombardia.it<\/a>, <a href=\"https:\/\/www.lombardiafacile.regione.lombardia.it\/wps\/portal\/site\/Lombardia-Facile\/DettaglioRedazionale\/turismo+accessibile\/red-laghi\/red-schede-laghi-lombardi-lfa\/red-lago-di-como\" target=\"_blank\" rel=\"noopener\">www.lombardiafacile.regione.lombardia.it<\/a><\/li>\n<\/ul>\n\n\n<div class=\"wp-container-3 wp-block-columns has-background\" style=\"background-color:#dfece5\">\n<div class=\"wp-container-1 wp-block-column\">\n<p><a href=\"https:\/\/www.bellitalie.org\/it\/destinazione\/lombardia\/lago-di-como\/\" target=\"_blank\" rel=\"noopener\"><strong>Lago di Como<\/strong><\/a><\/p>\n<ul class=\"lcp_catlist2\" id=\"lcp_instance_0\"><li class=\"current\"><a href=\"https:\/\/www.bellitalie.org\/it\/destinazione\/lombardia\/lago-di-como\/cosa-vedere-sul-lago-di-como\/\">Cosa vedere sul Lago di Como<\/a><a href=\"https:\/\/www.bellitalie.org\/it\/destinazione\/lombardia\/lago-di-como\/cosa-vedere-sul-lago-di-como\/\" title=\"Cosa vedere sul Lago di Como\"><img width=\"150\" height=\"150\" src=\"https:\/\/www.bellitalie.org\/wp-content\/uploads\/2021\/10\/chateau-de-vezio-varenna_8331-150x150.jpg\" class=\"lcp_thumbnail wp-post-image\" alt=\"Cosa vedere sul Lago di Como\" loading=\"lazy\" srcset=\"https:\/\/www.bellitalie.org\/wp-content\/uploads\/2021\/10\/chateau-de-vezio-varenna_8331-150x150.jpg 150w, https:\/\/www.bellitalie.org\/wp-content\/uploads\/2021\/10\/chateau-de-vezio-varenna_8331-50x50.jpg 50w, https:\/\/www.bellitalie.org\/wp-content\/uploads\/2021\/10\/chateau-de-vezio-varenna_8331-80x80.jpg 80w, https:\/\/www.bellitalie.org\/wp-content\/uploads\/2021\/10\/chateau-de-vezio-varenna_8331-75x75.jpg 75w\" sizes=\"(max-width: 150px) 100vw, 150px\" \/><\/a><div class=\"lcp_excerpt\">\nQuesta pagina completa la presentazione generale del Lago di Como\nLungo i 185 km del perimetro ...<\/div><\/li><li><a href=\"https:\/\/www.bellitalie.org\/it\/destinazione\/lombardia\/como\/\">Como<\/a><a href=\"https:\/\/www.bellitalie.org\/it\/destinazione\/lombardia\/como\/\" title=\"Como\"><img width=\"150\" height=\"150\" src=\"https:\/\/www.bellitalie.org\/wp-content\/uploads\/2021\/09\/come_1469-1-150x150.jpg\" class=\"lcp_thumbnail wp-post-image\" alt=\"Como\" loading=\"lazy\" srcset=\"https:\/\/www.bellitalie.org\/wp-content\/uploads\/2021\/09\/come_1469-1-150x150.jpg 150w, https:\/\/www.bellitalie.org\/wp-content\/uploads\/2021\/09\/come_1469-1-50x50.jpg 50w, https:\/\/www.bellitalie.org\/wp-content\/uploads\/2021\/09\/come_1469-1-80x80.jpg 80w, https:\/\/www.bellitalie.org\/wp-content\/uploads\/2021\/09\/come_1469-1-75x75.jpg 75w\" sizes=\"(max-width: 150px) 100vw, 150px\" \/><\/a><div class=\"lcp_excerpt\">\nComo \u00e8 con Lecco la citt\u00e0 pi\u00f9 grande del Lago di Como, con circa 84.000 ...<\/div><\/li><li><a href=\"https:\/\/www.bellitalie.org\/it\/destinazione\/lombardia\/bellagio\/\">Bellagio<\/a><a href=\"https:\/\/www.bellitalie.org\/it\/destinazione\/lombardia\/bellagio\/\" title=\"Bellagio\"><img width=\"150\" height=\"150\" src=\"https:\/\/www.bellitalie.org\/wp-content\/uploads\/2021\/09\/bellagio_1529-150x150.jpg\" class=\"lcp_thumbnail wp-post-image\" alt=\"Bellagio\" loading=\"lazy\" srcset=\"https:\/\/www.bellitalie.org\/wp-content\/uploads\/2021\/09\/bellagio_1529-150x150.jpg 150w, https:\/\/www.bellitalie.org\/wp-content\/uploads\/2021\/09\/bellagio_1529-50x50.jpg 50w, https:\/\/www.bellitalie.org\/wp-content\/uploads\/2021\/09\/bellagio_1529-80x80.jpg 80w, https:\/\/www.bellitalie.org\/wp-content\/uploads\/2021\/09\/bellagio_1529-75x75.jpg 75w\" sizes=\"(max-width: 150px) 100vw, 150px\" \/><\/a><div class=\"lcp_excerpt\">\nAll&#8217;incrocio dei due bracci meridionali del Lago di Como, Bellagio \u00e8 un grazioso borgo designato ...<\/div><\/li><li><a href=\"https:\/\/www.bellitalie.org\/it\/destinazione\/lombardia\/lago-di-como\/varenna\/\">Varenna<\/a><a href=\"https:\/\/www.bellitalie.org\/it\/destinazione\/lombardia\/lago-di-como\/varenna\/\" title=\"Varenna\"><img width=\"150\" height=\"150\" src=\"https:\/\/www.bellitalie.org\/wp-content\/uploads\/2021\/09\/varenna_8335-150x150.jpg\" class=\"lcp_thumbnail wp-post-image\" alt=\"Varenna\" loading=\"lazy\" srcset=\"https:\/\/www.bellitalie.org\/wp-content\/uploads\/2021\/09\/varenna_8335-150x150.jpg 150w, https:\/\/www.bellitalie.org\/wp-content\/uploads\/2021\/09\/varenna_8335-50x50.jpg 50w, https:\/\/www.bellitalie.org\/wp-content\/uploads\/2021\/09\/varenna_8335-80x80.jpg 80w, https:\/\/www.bellitalie.org\/wp-content\/uploads\/2021\/09\/varenna_8335-75x75.jpg 75w\" sizes=\"(max-width: 150px) 100vw, 150px\" \/><\/a><div class=\"lcp_excerpt\">\nVarenna \u00e8 uno dei borghi pi\u00f9 affascinanti del Lago di Como, circondato da bellissimi siti ...<\/div><\/li><li><a href=\"https:\/\/www.bellitalie.org\/it\/destinazione\/lombardia\/lago-di-como\/menaggio\/\">Menaggio<\/a><a href=\"https:\/\/www.bellitalie.org\/it\/destinazione\/lombardia\/lago-di-como\/menaggio\/\" title=\"Menaggio\"><img width=\"150\" height=\"150\" src=\"https:\/\/www.bellitalie.org\/wp-content\/uploads\/2021\/08\/lungolago-menaggio_8272-150x150.jpg\" class=\"lcp_thumbnail wp-post-image\" alt=\"Menaggio\" loading=\"lazy\" srcset=\"https:\/\/www.bellitalie.org\/wp-content\/uploads\/2021\/08\/lungolago-menaggio_8272-150x150.jpg 150w, https:\/\/www.bellitalie.org\/wp-content\/uploads\/2021\/08\/lungolago-menaggio_8272-50x50.jpg 50w, https:\/\/www.bellitalie.org\/wp-content\/uploads\/2021\/08\/lungolago-menaggio_8272-80x80.jpg 80w, https:\/\/www.bellitalie.org\/wp-content\/uploads\/2021\/08\/lungolago-menaggio_8272-75x75.jpg 75w\" sizes=\"(max-width: 150px) 100vw, 150px\" \/><\/a><div class=\"lcp_excerpt\">\nMenaggio \u00e8 un incantevole villaggio sulla riva occidentale del Lago di Como, relativamente tranquillo rispetto ...<\/div><\/li><\/ul>\n<\/div>\n\n\n\n<div class=\"wp-container-2 wp-block-column\">\n<p><strong><a href=\"https:\/\/www.bellitalie.org\/it\/regione_italia\/lombardia\/\">Lombardia<\/a><\/strong><\/p>\n<ul class=\"lcp_catlist2\" id=\"lcp_instance_0\"><li><a href=\"https:\/\/www.bellitalie.org\/it\/destinazione\/lombardia\/da-vedere-in-lombardia\/\">Da vedere in Lombardia<\/a><a href=\"https:\/\/www.bellitalie.org\/it\/destinazione\/lombardia\/da-vedere-in-lombardia\/\" title=\"Da vedere in Lombardia\"><img width=\"150\" height=\"150\" src=\"https:\/\/www.bellitalie.org\/wp-content\/uploads\/2021\/09\/lac-d-iseo_7534-150x150.jpg\" class=\"lcp_thumbnail wp-post-image\" alt=\"Da vedere in Lombardia\" loading=\"lazy\" srcset=\"https:\/\/www.bellitalie.org\/wp-content\/uploads\/2021\/09\/lac-d-iseo_7534-150x150.jpg 150w, https:\/\/www.bellitalie.org\/wp-content\/uploads\/2021\/09\/lac-d-iseo_7534-50x50.jpg 50w, https:\/\/www.bellitalie.org\/wp-content\/uploads\/2021\/09\/lac-d-iseo_7534-80x80.jpg 80w, https:\/\/www.bellitalie.org\/wp-content\/uploads\/2021\/09\/lac-d-iseo_7534-75x75.jpg 75w\" sizes=\"(max-width: 150px) 100vw, 150px\" \/><\/a><div class=\"lcp_excerpt\">\nMilano \nMilano, il capoluogo lombardo, \u00e8 il centro economico e finanziario dell&#8217;Italia con la sede ...<\/div><\/li><li><a href=\"https:\/\/www.bellitalie.org\/it\/destinazione\/lombardia\/milano\/\">Milano<\/a><a href=\"https:\/\/www.bellitalie.org\/it\/destinazione\/lombardia\/milano\/\" title=\"Milano\"><img width=\"150\" height=\"150\" src=\"https:\/\/www.bellitalie.org\/wp-content\/uploads\/2021\/09\/duomo-de-milan_8091-150x150.jpg\" class=\"lcp_thumbnail wp-post-image\" alt=\"Milano\" loading=\"lazy\" srcset=\"https:\/\/www.bellitalie.org\/wp-content\/uploads\/2021\/09\/duomo-de-milan_8091-150x150.jpg 150w, https:\/\/www.bellitalie.org\/wp-content\/uploads\/2021\/09\/duomo-de-milan_8091-50x50.jpg 50w, https:\/\/www.bellitalie.org\/wp-content\/uploads\/2021\/09\/duomo-de-milan_8091-80x80.jpg 80w, https:\/\/www.bellitalie.org\/wp-content\/uploads\/2021\/09\/duomo-de-milan_8091-75x75.jpg 75w\" sizes=\"(max-width: 150px) 100vw, 150px\" \/><\/a><div class=\"lcp_excerpt\">\nPrincipale citt\u00e0 economica e finanziaria d&#8217;Italia, centro internazionale della moda e dell&#8217;eleganza, Milano \u00e8 una ...<\/div><\/li><li><a href=\"https:\/\/www.bellitalie.org\/it\/destinazione\/lombardia\/lago-maggiore\/\">Lago Maggiore<\/a><a href=\"https:\/\/www.bellitalie.org\/it\/destinazione\/lombardia\/lago-maggiore\/\" title=\"Lago Maggiore\"><img width=\"150\" height=\"150\" src=\"https:\/\/www.bellitalie.org\/wp-content\/uploads\/2021\/09\/lac-majeur_7509-150x150.jpg\" class=\"lcp_thumbnail wp-post-image\" alt=\"Lago Maggiore\" loading=\"lazy\" srcset=\"https:\/\/www.bellitalie.org\/wp-content\/uploads\/2021\/09\/lac-majeur_7509-150x150.jpg 150w, https:\/\/www.bellitalie.org\/wp-content\/uploads\/2021\/09\/lac-majeur_7509-50x50.jpg 50w, https:\/\/www.bellitalie.org\/wp-content\/uploads\/2021\/09\/lac-majeur_7509-80x80.jpg 80w, https:\/\/www.bellitalie.org\/wp-content\/uploads\/2021\/09\/lac-majeur_7509-75x75.jpg 75w\" sizes=\"(max-width: 150px) 100vw, 150px\" \/><\/a><div class=\"lcp_excerpt\">\nIl Lago Maggiore \u00e8 una delle pi\u00f9 belle destinazioni del nord Italia, la cui sponda ...<\/div><\/li><li><a href=\"https:\/\/www.bellitalie.org\/it\/destinazione\/lombardia\/lago-di-como\/\">Lago di Como<\/a><a href=\"https:\/\/www.bellitalie.org\/it\/destinazione\/lombardia\/lago-di-como\/\" title=\"Lago di Como\"><img width=\"150\" height=\"150\" src=\"https:\/\/www.bellitalie.org\/wp-content\/uploads\/2021\/09\/lago_di_como_1496-150x150.jpg\" class=\"lcp_thumbnail wp-post-image\" alt=\"Lago di Como\" loading=\"lazy\" srcset=\"https:\/\/www.bellitalie.org\/wp-content\/uploads\/2021\/09\/lago_di_como_1496-150x150.jpg 150w, https:\/\/www.bellitalie.org\/wp-content\/uploads\/2021\/09\/lago_di_como_1496-50x50.jpg 50w, https:\/\/www.bellitalie.org\/wp-content\/uploads\/2021\/09\/lago_di_como_1496-80x80.jpg 80w, https:\/\/www.bellitalie.org\/wp-content\/uploads\/2021\/09\/lago_di_como_1496-75x75.jpg 75w\" sizes=\"(max-width: 150px) 100vw, 150px\" \/><\/a><div class=\"lcp_excerpt\">\nNon solo il Lago di Como \u00e8 il lago pi\u00f9 profondo d&#8217;Italia, ma \u00e8 anche ...<\/div><\/li><li><a href=\"https:\/\/www.bellitalie.org\/it\/destinazione\/veneto\/lago-di-garda\/\">Lago di Garda<\/a><a href=\"https:\/\/www.bellitalie.org\/it\/destinazione\/veneto\/lago-di-garda\/\" title=\"Lago di Garda\"><img width=\"150\" height=\"150\" src=\"https:\/\/www.bellitalie.org\/wp-content\/uploads\/2023\/09\/cote-lac-de-garde-malcesine-brenzone_9766-150x150.jpg\" class=\"lcp_thumbnail wp-post-image\" alt=\"Lago di Garda\" loading=\"lazy\" srcset=\"https:\/\/www.bellitalie.org\/wp-content\/uploads\/2023\/09\/cote-lac-de-garde-malcesine-brenzone_9766-150x150.jpg 150w, https:\/\/www.bellitalie.org\/wp-content\/uploads\/2023\/09\/cote-lac-de-garde-malcesine-brenzone_9766-50x50.jpg 50w, https:\/\/www.bellitalie.org\/wp-content\/uploads\/2023\/09\/cote-lac-de-garde-malcesine-brenzone_9766-80x80.jpg 80w, https:\/\/www.bellitalie.org\/wp-content\/uploads\/2023\/09\/cote-lac-de-garde-malcesine-brenzone_9766-75x75.jpg 75w\" sizes=\"(max-width: 150px) 100vw, 150px\" \/><\/a><div class=\"lcp_excerpt\">\nIl Lago di Garda \u00e8 il pi\u00f9 grande lago d&#8217;Italia, situato tra Brescia ad ovest ...<\/div><\/li><li><a href=\"https:\/\/www.bellitalie.org\/it\/destinazione\/lombardia\/bergamo\/\">Bergamo<\/a><a href=\"https:\/\/www.bellitalie.org\/it\/destinazione\/lombardia\/bergamo\/\" title=\"Bergamo\"><img width=\"150\" height=\"150\" src=\"https:\/\/www.bellitalie.org\/wp-content\/uploads\/2021\/09\/bergame_1513-150x150.jpg\" class=\"lcp_thumbnail wp-post-image\" alt=\"Bergamo\" loading=\"lazy\" srcset=\"https:\/\/www.bellitalie.org\/wp-content\/uploads\/2021\/09\/bergame_1513-150x150.jpg 150w, https:\/\/www.bellitalie.org\/wp-content\/uploads\/2021\/09\/bergame_1513-50x50.jpg 50w, https:\/\/www.bellitalie.org\/wp-content\/uploads\/2021\/09\/bergame_1513-80x80.jpg 80w, https:\/\/www.bellitalie.org\/wp-content\/uploads\/2021\/09\/bergame_1513-75x75.jpg 75w\" sizes=\"(max-width: 150px) 100vw, 150px\" \/><\/a><div class=\"lcp_excerpt\">\nLa citt\u00e0 alta di Bergamo \u00e8 il pi\u00f9 bel centro medievale di Lombardia, protetto da ...<\/div><\/li><li><a href=\"https:\/\/www.bellitalie.org\/it\/destinazione\/lombardia\/brescia\/\">Brescia<\/a><a href=\"https:\/\/www.bellitalie.org\/it\/destinazione\/lombardia\/brescia\/\" title=\"Brescia\"><img width=\"150\" height=\"150\" src=\"https:\/\/www.bellitalie.org\/wp-content\/uploads\/2021\/09\/brescia_1556-150x150.jpg\" class=\"lcp_thumbnail wp-post-image\" alt=\"Brescia\" loading=\"lazy\" srcset=\"https:\/\/www.bellitalie.org\/wp-content\/uploads\/2021\/09\/brescia_1556-150x150.jpg 150w, https:\/\/www.bellitalie.org\/wp-content\/uploads\/2021\/09\/brescia_1556-50x50.jpg 50w, https:\/\/www.bellitalie.org\/wp-content\/uploads\/2021\/09\/brescia_1556-80x80.jpg 80w, https:\/\/www.bellitalie.org\/wp-content\/uploads\/2021\/09\/brescia_1556-75x75.jpg 75w\" sizes=\"(max-width: 150px) 100vw, 150px\" \/><\/a><div class=\"lcp_excerpt\">\nBrescia, la seconda citt\u00e0 pi\u00f9 grande della Lombardia, non gode della fama che meriterebbe. \u00c8 ...<\/div><\/li><li><a href=\"https:\/\/www.bellitalie.org\/it\/destinazione\/lombardia\/mantova\/\">Mantova<\/a><a href=\"https:\/\/www.bellitalie.org\/it\/destinazione\/lombardia\/mantova\/\" title=\"Mantova\"><img width=\"150\" height=\"150\" src=\"https:\/\/www.bellitalie.org\/wp-content\/uploads\/2021\/09\/laghi-mincio-mantova_0704-150x150.jpg\" class=\"lcp_thumbnail wp-post-image\" alt=\"Mantova\" loading=\"lazy\" srcset=\"https:\/\/www.bellitalie.org\/wp-content\/uploads\/2021\/09\/laghi-mincio-mantova_0704-150x150.jpg 150w, https:\/\/www.bellitalie.org\/wp-content\/uploads\/2021\/09\/laghi-mincio-mantova_0704-50x50.jpg 50w, https:\/\/www.bellitalie.org\/wp-content\/uploads\/2021\/09\/laghi-mincio-mantova_0704-80x80.jpg 80w, https:\/\/www.bellitalie.org\/wp-content\/uploads\/2021\/09\/laghi-mincio-mantova_0704-75x75.jpg 75w\" sizes=\"(max-width: 150px) 100vw, 150px\" \/><\/a><div class=\"lcp_excerpt\">\nMantova \u00e8 una meravigliosa citt\u00e0 della pianura padana, iscritta dall&#8217;Unesco al Patrimonio dell&#8217;Umanit\u00e0 nel 2008. ...<\/div><\/li><li><a href=\"https:\/\/www.bellitalie.org\/it\/destinazione\/lombardia\/cremona\/\">Cremona<\/a><a href=\"https:\/\/www.bellitalie.org\/it\/destinazione\/lombardia\/cremona\/\" title=\"Cremona\"><img width=\"150\" height=\"150\" src=\"https:\/\/www.bellitalie.org\/wp-content\/uploads\/2021\/09\/cremone_7949-150x150.jpg\" class=\"lcp_thumbnail wp-post-image\" alt=\"Cremona\" loading=\"lazy\" srcset=\"https:\/\/www.bellitalie.org\/wp-content\/uploads\/2021\/09\/cremone_7949-150x150.jpg 150w, https:\/\/www.bellitalie.org\/wp-content\/uploads\/2021\/09\/cremone_7949-50x50.jpg 50w, https:\/\/www.bellitalie.org\/wp-content\/uploads\/2021\/09\/cremone_7949-80x80.jpg 80w, https:\/\/www.bellitalie.org\/wp-content\/uploads\/2021\/09\/cremone_7949-75x75.jpg 75w\" sizes=\"(max-width: 150px) 100vw, 150px\" \/><\/a><div class=\"lcp_excerpt\">\nCremona \u00e8 una citt\u00e0 lombarda di circa 71.000 abitanti (nel 2021), situata nella pianura padana, ...<\/div><\/li><li><a href=\"https:\/\/www.bellitalie.org\/it\/destinazione\/lombardia\/como\/\">Como<\/a><a href=\"https:\/\/www.bellitalie.org\/it\/destinazione\/lombardia\/como\/\" title=\"Como\"><img width=\"150\" height=\"150\" src=\"https:\/\/www.bellitalie.org\/wp-content\/uploads\/2021\/09\/come_1469-1-150x150.jpg\" class=\"lcp_thumbnail wp-post-image\" alt=\"Como\" loading=\"lazy\" srcset=\"https:\/\/www.bellitalie.org\/wp-content\/uploads\/2021\/09\/come_1469-1-150x150.jpg 150w, https:\/\/www.bellitalie.org\/wp-content\/uploads\/2021\/09\/come_1469-1-50x50.jpg 50w, https:\/\/www.bellitalie.org\/wp-content\/uploads\/2021\/09\/come_1469-1-80x80.jpg 80w, https:\/\/www.bellitalie.org\/wp-content\/uploads\/2021\/09\/come_1469-1-75x75.jpg 75w\" sizes=\"(max-width: 150px) 100vw, 150px\" \/><\/a><div class=\"lcp_excerpt\">\nComo \u00e8 con Lecco la citt\u00e0 pi\u00f9 grande del Lago di Como, con circa 84.000 ...<\/div><\/li><li><a href=\"https:\/\/www.bellitalie.org\/it\/destinazione\/lombardia\/pavia\/\">Pavia<\/a><a href=\"https:\/\/www.bellitalie.org\/it\/destinazione\/lombardia\/pavia\/\" title=\"Pavia\"><img width=\"150\" height=\"150\" src=\"https:\/\/www.bellitalie.org\/wp-content\/uploads\/2021\/09\/pavie_7921-150x150.jpg\" class=\"lcp_thumbnail wp-post-image\" alt=\"Pavia\" loading=\"lazy\" srcset=\"https:\/\/www.bellitalie.org\/wp-content\/uploads\/2021\/09\/pavie_7921-150x150.jpg 150w, https:\/\/www.bellitalie.org\/wp-content\/uploads\/2021\/09\/pavie_7921-50x50.jpg 50w, https:\/\/www.bellitalie.org\/wp-content\/uploads\/2021\/09\/pavie_7921-80x80.jpg 80w, https:\/\/www.bellitalie.org\/wp-content\/uploads\/2021\/09\/pavie_7921-75x75.jpg 75w\" sizes=\"(max-width: 150px) 100vw, 150px\" \/><\/a><div class=\"lcp_excerpt\">\nPavia \u00e8 una graziosa citt\u00e0 sulle sponde del Ticino a 40 km a sud di ...<\/div><\/li><li><a href=\"https:\/\/www.bellitalie.org\/it\/destinazione\/lombardia\/sirmione\/\">Sirmione<\/a><a href=\"https:\/\/www.bellitalie.org\/it\/destinazione\/lombardia\/sirmione\/\" title=\"Sirmione\"><img width=\"150\" height=\"150\" src=\"https:\/\/www.bellitalie.org\/wp-content\/uploads\/2021\/09\/sirmione_1567-150x150.jpg\" class=\"lcp_thumbnail wp-post-image\" alt=\"Sirmione\" loading=\"lazy\" srcset=\"https:\/\/www.bellitalie.org\/wp-content\/uploads\/2021\/09\/sirmione_1567-150x150.jpg 150w, https:\/\/www.bellitalie.org\/wp-content\/uploads\/2021\/09\/sirmione_1567-50x50.jpg 50w, https:\/\/www.bellitalie.org\/wp-content\/uploads\/2021\/09\/sirmione_1567-80x80.jpg 80w, https:\/\/www.bellitalie.org\/wp-content\/uploads\/2021\/09\/sirmione_1567-75x75.jpg 75w\" sizes=\"(max-width: 150px) 100vw, 150px\" \/><\/a><div class=\"lcp_excerpt\">\nSirmione \u00e8 la citt\u00e0 emblematica del Lago di Garda, una delle destinazioni pi\u00f9 affascinanti della ...<\/div><\/li><li><a href=\"https:\/\/www.bellitalie.org\/it\/destinazione\/lombardia\/vigevano\/\">Vigevano<\/a><a href=\"https:\/\/www.bellitalie.org\/it\/destinazione\/lombardia\/vigevano\/\" title=\"Vigevano\"><img width=\"150\" height=\"150\" src=\"https:\/\/www.bellitalie.org\/wp-content\/uploads\/2021\/09\/piazza-ducale-vigevano_6578-150x150.jpg\" class=\"lcp_thumbnail wp-post-image\" alt=\"Vigevano\" loading=\"lazy\" srcset=\"https:\/\/www.bellitalie.org\/wp-content\/uploads\/2021\/09\/piazza-ducale-vigevano_6578-150x150.jpg 150w, https:\/\/www.bellitalie.org\/wp-content\/uploads\/2021\/09\/piazza-ducale-vigevano_6578-50x50.jpg 50w, https:\/\/www.bellitalie.org\/wp-content\/uploads\/2021\/09\/piazza-ducale-vigevano_6578-80x80.jpg 80w, https:\/\/www.bellitalie.org\/wp-content\/uploads\/2021\/09\/piazza-ducale-vigevano_6578-75x75.jpg 75w\" sizes=\"(max-width: 150px) 100vw, 150px\" \/><\/a><div class=\"lcp_excerpt\">\nVigevano \u00e8 una bellissima citt\u00e0 d&#8217;arte, eppure poco conosciuta, tra Milano, Pavia e Novara, a ...<\/div><\/li><li><a href=\"https:\/\/www.bellitalie.org\/it\/destinazione\/lombardia\/bellagio\/\">Bellagio<\/a><a href=\"https:\/\/www.bellitalie.org\/it\/destinazione\/lombardia\/bellagio\/\" title=\"Bellagio\"><img width=\"150\" height=\"150\" src=\"https:\/\/www.bellitalie.org\/wp-content\/uploads\/2021\/09\/bellagio_1529-150x150.jpg\" class=\"lcp_thumbnail wp-post-image\" alt=\"Bellagio\" loading=\"lazy\" srcset=\"https:\/\/www.bellitalie.org\/wp-content\/uploads\/2021\/09\/bellagio_1529-150x150.jpg 150w, https:\/\/www.bellitalie.org\/wp-content\/uploads\/2021\/09\/bellagio_1529-50x50.jpg 50w, https:\/\/www.bellitalie.org\/wp-content\/uploads\/2021\/09\/bellagio_1529-80x80.jpg 80w, https:\/\/www.bellitalie.org\/wp-content\/uploads\/2021\/09\/bellagio_1529-75x75.jpg 75w\" sizes=\"(max-width: 150px) 100vw, 150px\" \/><\/a><div class=\"lcp_excerpt\">\nAll&#8217;incrocio dei due bracci meridionali del Lago di Como, Bellagio \u00e8 un grazioso borgo designato ...<\/div><\/li><li><a href=\"https:\/\/www.bellitalie.org\/it\/destinazione\/lombardia\/lago-d-iseo\/\">Lago d&#8217;Iseo<\/a><a href=\"https:\/\/www.bellitalie.org\/it\/destinazione\/lombardia\/lago-d-iseo\/\" title=\"Lago d&#039;Iseo\"><img width=\"150\" height=\"150\" src=\"https:\/\/www.bellitalie.org\/wp-content\/uploads\/2021\/09\/lac-d-iseo_7534-150x150.jpg\" class=\"lcp_thumbnail wp-post-image\" alt=\"Lago d&#039;Iseo\" loading=\"lazy\" srcset=\"https:\/\/www.bellitalie.org\/wp-content\/uploads\/2021\/09\/lac-d-iseo_7534-150x150.jpg 150w, https:\/\/www.bellitalie.org\/wp-content\/uploads\/2021\/09\/lac-d-iseo_7534-50x50.jpg 50w, https:\/\/www.bellitalie.org\/wp-content\/uploads\/2021\/09\/lac-d-iseo_7534-80x80.jpg 80w, https:\/\/www.bellitalie.org\/wp-content\/uploads\/2021\/09\/lac-d-iseo_7534-75x75.jpg 75w\" sizes=\"(max-width: 150px) 100vw, 150px\" \/><\/a><div class=\"lcp_excerpt\">\nSituato tra Bergamo e Brescia, il piccolo Lago d&#8217;Iseo \u00e8 un sito di carattere in ...<\/div><\/li><li><a href=\"https:\/\/www.bellitalie.org\/it\/destinazione\/lombardia\/lago-d-idro-e-valle-sabbia\/\">Lago d&#8217;Idro e Valle Sabbia<\/a><a href=\"https:\/\/www.bellitalie.org\/it\/destinazione\/lombardia\/lago-d-idro-e-valle-sabbia\/\" title=\"Lago d&#039;Idro e Valle Sabbia\"><img width=\"150\" height=\"150\" src=\"https:\/\/www.bellitalie.org\/wp-content\/uploads\/2021\/09\/lac-d-idro_7540-150x150.jpg\" class=\"lcp_thumbnail wp-post-image\" alt=\"Lago d&#039;Idro e Valle Sabbia\" loading=\"lazy\" srcset=\"https:\/\/www.bellitalie.org\/wp-content\/uploads\/2021\/09\/lac-d-idro_7540-150x150.jpg 150w, https:\/\/www.bellitalie.org\/wp-content\/uploads\/2021\/09\/lac-d-idro_7540-50x50.jpg 50w, https:\/\/www.bellitalie.org\/wp-content\/uploads\/2021\/09\/lac-d-idro_7540-80x80.jpg 80w, https:\/\/www.bellitalie.org\/wp-content\/uploads\/2021\/09\/lac-d-idro_7540-75x75.jpg 75w\" sizes=\"(max-width: 150px) 100vw, 150px\" \/><\/a><div class=\"lcp_excerpt\">\nSeparato dal Lago di Garda da una montagna, il bellissimo piccolo Lago d&#8217;Idro arroccato a ...<\/div><\/li><li><a href=\"https:\/\/www.bellitalie.org\/it\/destinazione\/lombardia\/varese\/\">Varese<\/a><a href=\"https:\/\/www.bellitalie.org\/it\/destinazione\/lombardia\/varese\/\" title=\"Varese\"><img width=\"150\" height=\"150\" src=\"https:\/\/www.bellitalie.org\/wp-content\/uploads\/2023\/09\/palazzo-estense-varese_7161-150x150.jpg\" class=\"lcp_thumbnail wp-post-image\" alt=\"Varese\" loading=\"lazy\" srcset=\"https:\/\/www.bellitalie.org\/wp-content\/uploads\/2023\/09\/palazzo-estense-varese_7161-150x150.jpg 150w, https:\/\/www.bellitalie.org\/wp-content\/uploads\/2023\/09\/palazzo-estense-varese_7161-50x50.jpg 50w, https:\/\/www.bellitalie.org\/wp-content\/uploads\/2023\/09\/palazzo-estense-varese_7161-80x80.jpg 80w, https:\/\/www.bellitalie.org\/wp-content\/uploads\/2023\/09\/palazzo-estense-varese_7161-75x75.jpg 75w\" sizes=\"(max-width: 150px) 100vw, 150px\" \/><\/a><div class=\"lcp_excerpt\">\nVicino a Como e Milano, tra laghi e montagne, Varese \u00e8 una citt\u00e0 piuttosto ignorata ...<\/div><\/li><li><a href=\"https:\/\/www.bellitalie.org\/it\/destinazione\/lombardia\/val-camonica\/\">Val Camonica<\/a><a href=\"https:\/\/www.bellitalie.org\/it\/destinazione\/lombardia\/val-camonica\/\" title=\"Val Camonica\"><img width=\"150\" height=\"150\" src=\"https:\/\/www.bellitalie.org\/wp-content\/uploads\/2021\/09\/foppe-di-nadro-parc-gravures-rupestres-de-ceto-cimbergo-paspardo_8516-150x150.jpg\" class=\"lcp_thumbnail wp-post-image\" alt=\"Val Camonica\" loading=\"lazy\" srcset=\"https:\/\/www.bellitalie.org\/wp-content\/uploads\/2021\/09\/foppe-di-nadro-parc-gravures-rupestres-de-ceto-cimbergo-paspardo_8516-150x150.jpg 150w, https:\/\/www.bellitalie.org\/wp-content\/uploads\/2021\/09\/foppe-di-nadro-parc-gravures-rupestres-de-ceto-cimbergo-paspardo_8516-50x50.jpg 50w, https:\/\/www.bellitalie.org\/wp-content\/uploads\/2021\/09\/foppe-di-nadro-parc-gravures-rupestres-de-ceto-cimbergo-paspardo_8516-80x80.jpg 80w, https:\/\/www.bellitalie.org\/wp-content\/uploads\/2021\/09\/foppe-di-nadro-parc-gravures-rupestres-de-ceto-cimbergo-paspardo_8516-75x75.jpg 75w\" sizes=\"(max-width: 150px) 100vw, 150px\" \/><\/a><div class=\"lcp_excerpt\">\nIl fiume Oglio discende la Val Camonica per circa 80 km, dal Passo del Tonale ...<\/div><\/li><li><a href=\"https:\/\/www.bellitalie.org\/it\/destinazione\/lombardia\/monza-e-la-brianza\/\">Monza e la Brianza<\/a><a href=\"https:\/\/www.bellitalie.org\/it\/destinazione\/lombardia\/monza-e-la-brianza\/\" title=\"Monza e la Brianza\"><img width=\"150\" height=\"150\" src=\"https:\/\/www.bellitalie.org\/wp-content\/uploads\/2021\/09\/basilique-duomo-di-monza_8024-150x150.jpg\" class=\"lcp_thumbnail wp-post-image\" alt=\"Monza e la Brianza\" loading=\"lazy\" srcset=\"https:\/\/www.bellitalie.org\/wp-content\/uploads\/2021\/09\/basilique-duomo-di-monza_8024-150x150.jpg 150w, https:\/\/www.bellitalie.org\/wp-content\/uploads\/2021\/09\/basilique-duomo-di-monza_8024-50x50.jpg 50w, https:\/\/www.bellitalie.org\/wp-content\/uploads\/2021\/09\/basilique-duomo-di-monza_8024-80x80.jpg 80w, https:\/\/www.bellitalie.org\/wp-content\/uploads\/2021\/09\/basilique-duomo-di-monza_8024-75x75.jpg 75w\" sizes=\"(max-width: 150px) 100vw, 150px\" \/><\/a><div class=\"lcp_excerpt\">\nMonza\nSituata nel cuore della Brianza, vicino a Milano sulle rive del Lambro, Monza \u00e8 la ...<\/div><\/li><\/ul>\n<\/div>\n<\/div>\n","protected":false},"excerpt":{"rendered":"<p>Questa pagina completa la presentazione generale del Lago di Como Lungo i 185 km del perimetro del Lago di Como, costeggiando il lungo braccio settentrionale e i due bracci meridionali, le citt\u00e0, i siti e i villaggi sono numerosi, senza contare le alture dalle quali si possono fare escursioni e scoprire vari panorami sul lago [&hellip;]<\/p>\n","protected":false},"author":1,"featured_media":21249,"parent":26453,"menu_order":0,"comment_status":"open","ping_status":"closed","template":"","format":"standard","meta":{"_links_to":"","_links_to_target":""},"tags":[],"categorie_page":[120,102],"region_italie":[],"acf":[],"yoast_head":"<!-- This site is optimized with the Yoast SEO plugin v17.5 - https:\/\/yoast.com\/wordpress\/plugins\/seo\/ -->\n<title>Cosa vedere sul Lago di Como - Bellitalie<\/title>\n<meta name=\"description\" content=\"Giro del Lago di Como, tutti i luoghi da vedere, come Bellagio, Como, Varenna, le ville storiche, sentieri, castelli e santuari\" \/>\n<meta name=\"robots\" content=\"index, follow, max-snippet:-1, max-image-preview:large, max-video-preview:-1\" \/>\n<link rel=\"canonical\" href=\"https:\/\/www.bellitalie.org\/it\/destinazione\/lombardia\/lago-di-como\/cosa-vedere-sul-lago-di-como\/\" \/>\n<meta property=\"og:locale\" content=\"it_IT\" \/>\n<meta property=\"og:type\" content=\"article\" \/>\n<meta property=\"og:title\" content=\"Cosa vedere sul Lago di Como - Bellitalie\" \/>\n<meta property=\"og:description\" content=\"Giro del Lago di Como, tutti i luoghi da vedere, come Bellagio, Como, Varenna, le ville storiche, sentieri, castelli e santuari\" \/>\n<meta property=\"og:url\" content=\"https:\/\/www.bellitalie.org\/it\/destinazione\/lombardia\/lago-di-como\/cosa-vedere-sul-lago-di-como\/\" \/>\n<meta property=\"og:site_name\" content=\"Bellitalie\" \/>\n<meta property=\"article:modified_time\" content=\"2023-10-23T14:27:06+00:00\" \/>\n<meta property=\"og:image\" content=\"https:\/\/www.bellitalie.org\/wp-content\/uploads\/2021\/10\/chateau-de-vezio-varenna_8331.jpg\" \/>\n\t<meta property=\"og:image:width\" content=\"1200\" \/>\n\t<meta property=\"og:image:height\" content=\"800\" \/>\n<meta name=\"twitter:card\" content=\"summary_large_image\" \/>\n<meta name=\"twitter:label1\" content=\"Tempo di lettura stimato\" \/>\n\t<meta name=\"twitter:data1\" content=\"19 minuti\" \/>\n<script type=\"application\/ld+json\" class=\"yoast-schema-graph\">{\"@context\":\"https:\/\/schema.org\",\"@graph\":[{\"@type\":\"WebSite\",\"@id\":\"https:\/\/www.bellitalie.org\/#website\",\"url\":\"https:\/\/www.bellitalie.org\/\",\"name\":\"Bellitalie\",\"description\":\"Regioni, citt\\u00e0 e patrimonio dell'Italia da nord a sud\",\"potentialAction\":[{\"@type\":\"SearchAction\",\"target\":{\"@type\":\"EntryPoint\",\"urlTemplate\":\"https:\/\/www.bellitalie.org\/?s={search_term_string}\"},\"query-input\":\"required name=search_term_string\"}],\"inLanguage\":\"it-IT\"},{\"@type\":\"ImageObject\",\"@id\":\"https:\/\/www.bellitalie.org\/it\/destinazione\/lombardia\/lago-di-como\/cosa-vedere-sul-lago-di-como\/#primaryimage\",\"inLanguage\":\"it-IT\",\"url\":\"https:\/\/www.bellitalie.org\/wp-content\/uploads\/2021\/10\/chateau-de-vezio-varenna_8331.jpg\",\"contentUrl\":\"https:\/\/www.bellitalie.org\/wp-content\/uploads\/2021\/10\/chateau-de-vezio-varenna_8331.jpg\",\"width\":1200,\"height\":800,\"caption\":\"chateau-de-vezio-varenna_8331\"},{\"@type\":\"WebPage\",\"@id\":\"https:\/\/www.bellitalie.org\/it\/destinazione\/lombardia\/lago-di-como\/cosa-vedere-sul-lago-di-como\/#webpage\",\"url\":\"https:\/\/www.bellitalie.org\/it\/destinazione\/lombardia\/lago-di-como\/cosa-vedere-sul-lago-di-como\/\",\"name\":\"Cosa vedere sul Lago di Como - Bellitalie\",\"isPartOf\":{\"@id\":\"https:\/\/www.bellitalie.org\/#website\"},\"primaryImageOfPage\":{\"@id\":\"https:\/\/www.bellitalie.org\/it\/destinazione\/lombardia\/lago-di-como\/cosa-vedere-sul-lago-di-como\/#primaryimage\"},\"datePublished\":\"2021-10-10T16:10:00+00:00\",\"dateModified\":\"2023-10-23T14:27:06+00:00\",\"description\":\"Giro del Lago di Como, tutti i luoghi da vedere, come Bellagio, Como, Varenna, le ville storiche, sentieri, castelli e santuari\",\"breadcrumb\":{\"@id\":\"https:\/\/www.bellitalie.org\/it\/destinazione\/lombardia\/lago-di-como\/cosa-vedere-sul-lago-di-como\/#breadcrumb\"},\"inLanguage\":\"it-IT\",\"potentialAction\":[{\"@type\":\"ReadAction\",\"target\":[\"https:\/\/www.bellitalie.org\/it\/destinazione\/lombardia\/lago-di-como\/cosa-vedere-sul-lago-di-como\/\"]}]},{\"@type\":\"BreadcrumbList\",\"@id\":\"https:\/\/www.bellitalie.org\/it\/destinazione\/lombardia\/lago-di-como\/cosa-vedere-sul-lago-di-como\/#breadcrumb\",\"itemListElement\":[{\"@type\":\"ListItem\",\"position\":1,\"name\":\"Accueil\",\"item\":\"https:\/\/www.bellitalie.org\/it\/\"},{\"@type\":\"ListItem\",\"position\":2,\"name\":\"Lombardia\",\"item\":\"https:\/\/www.bellitalie.org\/it\/regione_italia\/lombardia\/\"},{\"@type\":\"ListItem\",\"position\":3,\"name\":\"Lago di Como\",\"item\":\"https:\/\/www.bellitalie.org\/it\/destinazione\/lombardia\/lago-di-como\/\"},{\"@type\":\"ListItem\",\"position\":4,\"name\":\"Cosa vedere sul Lago di Como\"}]},{\"@type\":\"Person\",\"@id\":\"https:\/\/www.bellitalie.org\/#\/schema\/person\/6f25c64f0b5df6df0b93a2be44045da5\",\"name\":\"Bellitalie\",\"image\":{\"@type\":\"ImageObject\",\"@id\":\"https:\/\/www.bellitalie.org\/#personlogo\",\"inLanguage\":\"it-IT\",\"url\":\"https:\/\/secure.gravatar.com\/avatar\/ad516503a11cd5ca435acc9bb6523536?s=96\",\"contentUrl\":\"https:\/\/secure.gravatar.com\/avatar\/ad516503a11cd5ca435acc9bb6523536?s=96\",\"caption\":\"Bellitalie\"},\"sameAs\":[\"https:\/\/www.bellitalie.org\"]}]}<\/script>\n<!-- \/ Yoast SEO plugin. -->","yoast_head_json":{"title":"Cosa vedere sul Lago di Como - Bellitalie","description":"Giro del Lago di Como, tutti i luoghi da vedere, come Bellagio, Como, Varenna, le ville storiche, sentieri, castelli e santuari","robots":{"index":"index","follow":"follow","max-snippet":"max-snippet:-1","max-image-preview":"max-image-preview:large","max-video-preview":"max-video-preview:-1"},"canonical":"https:\/\/www.bellitalie.org\/it\/destinazione\/lombardia\/lago-di-como\/cosa-vedere-sul-lago-di-como\/","og_locale":"it_IT","og_type":"article","og_title":"Cosa vedere sul Lago di Como - Bellitalie","og_description":"Giro del Lago di Como, tutti i luoghi da vedere, come Bellagio, Como, Varenna, le ville storiche, sentieri, castelli e santuari","og_url":"https:\/\/www.bellitalie.org\/it\/destinazione\/lombardia\/lago-di-como\/cosa-vedere-sul-lago-di-como\/","og_site_name":"Bellitalie","article_modified_time":"2023-10-23T14:27:06+00:00","og_image":[{"width":1200,"height":800,"url":"https:\/\/www.bellitalie.org\/wp-content\/uploads\/2021\/10\/chateau-de-vezio-varenna_8331.jpg","type":"image\/jpeg"}],"twitter_card":"summary_large_image","twitter_misc":{"Tempo di lettura stimato":"19 minuti"},"schema":{"@context":"https:\/\/schema.org","@graph":[{"@type":"WebSite","@id":"https:\/\/www.bellitalie.org\/#website","url":"https:\/\/www.bellitalie.org\/","name":"Bellitalie","description":"Regioni, citt\u00e0 e patrimonio dell'Italia da nord a sud","potentialAction":[{"@type":"SearchAction","target":{"@type":"EntryPoint","urlTemplate":"https:\/\/www.bellitalie.org\/?s={search_term_string}"},"query-input":"required name=search_term_string"}],"inLanguage":"it-IT"},{"@type":"ImageObject","@id":"https:\/\/www.bellitalie.org\/it\/destinazione\/lombardia\/lago-di-como\/cosa-vedere-sul-lago-di-como\/#primaryimage","inLanguage":"it-IT","url":"https:\/\/www.bellitalie.org\/wp-content\/uploads\/2021\/10\/chateau-de-vezio-varenna_8331.jpg","contentUrl":"https:\/\/www.bellitalie.org\/wp-content\/uploads\/2021\/10\/chateau-de-vezio-varenna_8331.jpg","width":1200,"height":800,"caption":"chateau-de-vezio-varenna_8331"},{"@type":"WebPage","@id":"https:\/\/www.bellitalie.org\/it\/destinazione\/lombardia\/lago-di-como\/cosa-vedere-sul-lago-di-como\/#webpage","url":"https:\/\/www.bellitalie.org\/it\/destinazione\/lombardia\/lago-di-como\/cosa-vedere-sul-lago-di-como\/","name":"Cosa vedere sul Lago di Como - Bellitalie","isPartOf":{"@id":"https:\/\/www.bellitalie.org\/#website"},"primaryImageOfPage":{"@id":"https:\/\/www.bellitalie.org\/it\/destinazione\/lombardia\/lago-di-como\/cosa-vedere-sul-lago-di-como\/#primaryimage"},"datePublished":"2021-10-10T16:10:00+00:00","dateModified":"2023-10-23T14:27:06+00:00","description":"Giro del Lago di Como, tutti i luoghi da vedere, come Bellagio, Como, Varenna, le ville storiche, sentieri, castelli e santuari","breadcrumb":{"@id":"https:\/\/www.bellitalie.org\/it\/destinazione\/lombardia\/lago-di-como\/cosa-vedere-sul-lago-di-como\/#breadcrumb"},"inLanguage":"it-IT","potentialAction":[{"@type":"ReadAction","target":["https:\/\/www.bellitalie.org\/it\/destinazione\/lombardia\/lago-di-como\/cosa-vedere-sul-lago-di-como\/"]}]},{"@type":"BreadcrumbList","@id":"https:\/\/www.bellitalie.org\/it\/destinazione\/lombardia\/lago-di-como\/cosa-vedere-sul-lago-di-como\/#breadcrumb","itemListElement":[{"@type":"ListItem","position":1,"name":"Accueil","item":"https:\/\/www.bellitalie.org\/it\/"},{"@type":"ListItem","position":2,"name":"Lombardia","item":"https:\/\/www.bellitalie.org\/it\/regione_italia\/lombardia\/"},{"@type":"ListItem","position":3,"name":"Lago di Como","item":"https:\/\/www.bellitalie.org\/it\/destinazione\/lombardia\/lago-di-como\/"},{"@type":"ListItem","position":4,"name":"Cosa vedere sul Lago di Como"}]},{"@type":"Person","@id":"https:\/\/www.bellitalie.org\/#\/schema\/person\/6f25c64f0b5df6df0b93a2be44045da5","name":"Bellitalie","image":{"@type":"ImageObject","@id":"https:\/\/www.bellitalie.org\/#personlogo","inLanguage":"it-IT","url":"https:\/\/secure.gravatar.com\/avatar\/ad516503a11cd5ca435acc9bb6523536?s=96","contentUrl":"https:\/\/secure.gravatar.com\/avatar\/ad516503a11cd5ca435acc9bb6523536?s=96","caption":"Bellitalie"},"sameAs":["https:\/\/www.bellitalie.org"]}]}},"_links":{"self":[{"href":"https:\/\/www.bellitalie.org\/it\/wp-json\/wp\/v2\/destination\/26479"}],"collection":[{"href":"https:\/\/www.bellitalie.org\/it\/wp-json\/wp\/v2\/destination"}],"about":[{"href":"https:\/\/www.bellitalie.org\/it\/wp-json\/wp\/v2\/types\/destination"}],"author":[{"embeddable":true,"href":"https:\/\/www.bellitalie.org\/it\/wp-json\/wp\/v2\/users\/1"}],"replies":[{"embeddable":true,"href":"https:\/\/www.bellitalie.org\/it\/wp-json\/wp\/v2\/comments?post=26479"}],"version-history":[{"count":2,"href":"https:\/\/www.bellitalie.org\/it\/wp-json\/wp\/v2\/destination\/26479\/revisions"}],"predecessor-version":[{"id":26543,"href":"https:\/\/www.bellitalie.org\/it\/wp-json\/wp\/v2\/destination\/26479\/revisions\/26543"}],"up":[{"embeddable":true,"href":"https:\/\/www.bellitalie.org\/it\/wp-json\/wp\/v2\/destination\/26453"}],"wp:featuredmedia":[{"embeddable":true,"href":"https:\/\/www.bellitalie.org\/it\/wp-json\/wp\/v2\/media\/21249"}],"wp:attachment":[{"href":"https:\/\/www.bellitalie.org\/it\/wp-json\/wp\/v2\/media?parent=26479"}],"wp:term":[{"taxonomy":"post_tag","embeddable":true,"href":"https:\/\/www.bellitalie.org\/it\/wp-json\/wp\/v2\/tags?post=26479"},{"taxonomy":"categorie_page","embeddable":true,"href":"https:\/\/www.bellitalie.org\/it\/wp-json\/wp\/v2\/categorie_page?post=26479"},{"taxonomy":"region_italie","embeddable":true,"href":"https:\/\/www.bellitalie.org\/it\/wp-json\/wp\/v2\/region_italie?post=26479"}],"curies":[{"name":"wp","href":"https:\/\/api.w.org\/{rel}","templated":true}]}}