{"id":27049,"date":"2021-12-13T18:40:02","date_gmt":"2021-12-13T17:40:02","guid":{"rendered":"https:\/\/www.bellitalie.org\/destination\/veneto\/verona\/a-voir-a-verone\/"},"modified":"2023-11-07T09:37:53","modified_gmt":"2023-11-07T08:37:53","slug":"cosa-vedere-a-verona","status":"publish","type":"destination","link":"https:\/\/www.bellitalie.org\/it\/destinazione\/veneto\/verona\/cosa-vedere-a-verona\/","title":{"rendered":"Cosa vedere a Verona &#8211; Pi\u00f9 di 20 luoghi"},"content":{"rendered":"\n<p>La bellissima citt\u00e0 di <strong>Verona<\/strong> merita almeno un fine settimana per apprezzarne il patrimonio culturale e architettonico. Di seguito vi presentiamo i principali siti che ci si possono scoprire, classificati secondo un interesse pi\u00f9 o meno soggettivo.<br \/>Vedi anche sotto la mappa con le attrazioni da vedere a Verona.<\/p>\n<h2>1. Arena di Verona<\/h2>\n<p><a href=\"https:\/\/www.bellitalie.org\/wp-content\/uploads\/2021\/12\/arenes-de-verone_1580.jpg\" rel=\"attachment wp-att-23807\"><img loading=\"lazy\" class=\"alignright wp-image-23807 size-thumbnail\" src=\"https:\/\/www.bellitalie.org\/wp-content\/uploads\/2021\/12\/arenes-de-verone_1580-150x150.jpg\" alt=\"foto dell'arena di verona\" width=\"150\" height=\"150\" srcset=\"https:\/\/www.bellitalie.org\/wp-content\/uploads\/2021\/12\/arenes-de-verone_1580-150x150.jpg 150w, https:\/\/www.bellitalie.org\/wp-content\/uploads\/2021\/12\/arenes-de-verone_1580-50x50.jpg 50w, https:\/\/www.bellitalie.org\/wp-content\/uploads\/2021\/12\/arenes-de-verone_1580-80x80.jpg 80w, https:\/\/www.bellitalie.org\/wp-content\/uploads\/2021\/12\/arenes-de-verone_1580-75x75.jpg 75w\" sizes=\"(max-width: 150px) 100vw, 150px\" \/><\/a>Costruite dai romani nel I secolo a.C., questa grande <strong>arena romana<\/strong> \u00e8 il terzo anfiteatro romano pi\u00f9 grande d&#8217;Italia, che ancora oggi pu\u00f2 accogliere fino a 20.000 spettatori, come nelle opere estive.<br \/>Situato in Piazza Bra, il monumento \u00e8 ben conservato, con una facciata costruita in pietra rosa e bianca della Valpolicella. L&#8217;interno \u00e8 bellissimo, ed \u00e8 uno dei luoghi pi\u00f9 belli da vedere a Verona.<br \/>\u2192 Leggere la pagina sull&#8217;<a href=\"https:\/\/www.bellitalie.org\/it\/destinazione\/veneto\/verona\/arena-di-verona\/\">Arena di Verona<\/a><\/p>\n<h2>2. Piazza delle Erbe<\/h2>\n<p><a href=\"https:\/\/www.bellitalie.org\/wp-content\/uploads\/2021\/12\/piazza-delle-erbe-palazzo-maffei-verona_1585.jpg\" rel=\"attachment wp-att-23810\"><img loading=\"lazy\" class=\"alignright wp-image-23810 size-thumbnail\" src=\"https:\/\/www.bellitalie.org\/wp-content\/uploads\/2021\/12\/piazza-delle-erbe-palazzo-maffei-verona_1585-150x150.jpg\" alt=\"foto-piazza-delle-erbe-palazzo-maffei-verona_1585\" width=\"150\" height=\"150\" srcset=\"https:\/\/www.bellitalie.org\/wp-content\/uploads\/2021\/12\/piazza-delle-erbe-palazzo-maffei-verona_1585-150x150.jpg 150w, https:\/\/www.bellitalie.org\/wp-content\/uploads\/2021\/12\/piazza-delle-erbe-palazzo-maffei-verona_1585-50x50.jpg 50w, https:\/\/www.bellitalie.org\/wp-content\/uploads\/2021\/12\/piazza-delle-erbe-palazzo-maffei-verona_1585-80x80.jpg 80w, https:\/\/www.bellitalie.org\/wp-content\/uploads\/2021\/12\/piazza-delle-erbe-palazzo-maffei-verona_1585-75x75.jpg 75w\" sizes=\"(max-width: 150px) 100vw, 150px\" \/><\/a>La <strong>Piazza delle Erbe<\/strong> \u00e8 sicuramente una delle piazze pi\u00f9 belle d&#8217;Italia e anche la pi\u00f9 antica di Verona, dato che corrisponde parzialmente al foro romano. Fu per secoli il cuore della citt\u00e0 dove si teneva il mercato. Qui sorge la fontana medievale della Madonna Verona con la sua statua romana, una Tribuna del XIII secolo, una colonna sormontata da un leone di San Marco, un&#8217;altra piccola colonna antica sormontata da un&#8217;edicola medievale, e bei palazzi come il <strong>Palazzo della Ragione<\/strong> con l&#8217;alta <strong>Torre dei Lamberti<\/strong>, la Casa dei Mazzanti, o il rinascimentale e barocco <strong>Palazzo Maffei<\/strong> dove sorgeva il Capitolo romano. \u00c8 anche una piazza molto vivace, con sotto i suoi portici bar e ristoranti.<br \/>\u2192 Leggere la pagina su <a href=\"https:\/\/www.bellitalie.org\/it\/destinazione\/veneto\/verona\/piazza-delle-erbe-e-torre-dei-lamberti\/\">Piazza delle Erbe<\/a><\/p>\n<h2>3. Castelvecchio e Ponte Scaligero<\/h2>\n<p><a href=\"https:\/\/www.bellitalie.org\/wp-content\/uploads\/2021\/12\/castelvecchio-verona_1618.jpg\" rel=\"attachment wp-att-23813\"><img loading=\"lazy\" class=\"alignright wp-image-23813 size-thumbnail\" src=\"https:\/\/www.bellitalie.org\/wp-content\/uploads\/2021\/12\/castelvecchio-verona_1618-150x150.jpg\" alt=\"foto-castelvecchio-verona_1618\" width=\"150\" height=\"150\" srcset=\"https:\/\/www.bellitalie.org\/wp-content\/uploads\/2021\/12\/castelvecchio-verona_1618-150x150.jpg 150w, https:\/\/www.bellitalie.org\/wp-content\/uploads\/2021\/12\/castelvecchio-verona_1618-50x50.jpg 50w, https:\/\/www.bellitalie.org\/wp-content\/uploads\/2021\/12\/castelvecchio-verona_1618-80x80.jpg 80w, https:\/\/www.bellitalie.org\/wp-content\/uploads\/2021\/12\/castelvecchio-verona_1618-75x75.jpg 75w\" sizes=\"(max-width: 150px) 100vw, 150px\" \/><\/a>Ai margini dell&#8217;Adige, questa fortezza difensiva costruita nel XIV secolo fu anche la residenza principesca degli <strong>Scaligeri<\/strong>. Il complesso del <strong>Castelvecchio<\/strong> conta oggi il grande cortile con la piazza d&#8217;armi da un lato e il palazzo dall&#8217;altro. Ospita il <strong>museo municipale<\/strong> con le sue collezioni che vanno dal medioevo all&#8217;epoca moderna, passando per il Rinascimento.<br \/>Il <strong>Ponte Scaligero<\/strong> \u00e8 il bellissimo ponte merlato che attraversa l&#8217;Adige. Fu ricostruito negli anni &#8217;50 con le pietre dell&#8217;edificio del XIV secolo che i tedeschi fecero saltare in aria durante il loro ritiro nel 1945. Attraversarlo \u00e8 anche l&#8217;occasione per una bella passeggiata, con splendide viste sulla citt\u00e0.<br \/>\u2192 Leggere la pagina su <a href=\"https:\/\/www.bellitalie.org\/it\/destinazione\/veneto\/verona\/castelvecchio-e-ponte-scaligero\/\">Castelvecchio e Ponte Scaligero<\/a><\/p>\n<h2>4. Piazza Bra<\/h2>\n<p><a href=\"https:\/\/www.bellitalie.org\/wp-content\/uploads\/2021\/12\/portoni-della-bra-verona_0539.jpg\" rel=\"attachment wp-att-23816\"><img loading=\"lazy\" class=\"alignright wp-image-23816 size-thumbnail\" src=\"https:\/\/www.bellitalie.org\/wp-content\/uploads\/2021\/12\/portoni-della-bra-verona_0539-150x150.jpg\" alt=\"foto-portoni-della-bra-verona_0539\" width=\"150\" height=\"150\" srcset=\"https:\/\/www.bellitalie.org\/wp-content\/uploads\/2021\/12\/portoni-della-bra-verona_0539-150x150.jpg 150w, https:\/\/www.bellitalie.org\/wp-content\/uploads\/2021\/12\/portoni-della-bra-verona_0539-50x50.jpg 50w, https:\/\/www.bellitalie.org\/wp-content\/uploads\/2021\/12\/portoni-della-bra-verona_0539-80x80.jpg 80w, https:\/\/www.bellitalie.org\/wp-content\/uploads\/2021\/12\/portoni-della-bra-verona_0539-75x75.jpg 75w\" sizes=\"(max-width: 150px) 100vw, 150px\" \/><\/a>La <strong>Piazza Bra<\/strong> \u00e8 la pi\u00f9 grande della citt\u00e0, fiancheggiata da caff\u00e8, ristoranti e terrazze lungo il marciapiede del <strong>Linston<\/strong> pavimentato in marmo rosa della Valpolicella.<br \/>Il suo nome deriva dal tedesco <em>breit<\/em>, che significa &#8220;grande&#8221;. Essa \u00e8 occupata in gran parte dall&#8217;arena, e intorno si ergono monumenti e palazzi come il neoclassico Palazzo Barbieri del XIX secolo, sede del Municipio, il Palazzo Gran Guardia (XVII-XIX) con il suo grande portico che ospita delle mostre, il Museo Lapidario Maffeiano, o la <strong>Portoni della Bra<\/strong> con il loro orologio che era il passaggio nelle antica mura comunali della citt\u00e0.<br \/>Nella parte occidentale si trova una statua dedicata a Vittorio Emanuele II che celebra l&#8217;annessione all&#8217;Italia nel 1855, e la <strong>Fontana delle Alpi<\/strong>, simbolo del gemellaggio con Monaco di Baviera.<br \/>Qui vengono organizzati grandi eventi, come il bellissimo mercatino di Natale.<\/p>\n<h2>5. Torre dei Lamberti<\/h2>\n<p><a href=\"https:\/\/www.bellitalie.org\/wp-content\/uploads\/2021\/09\/torre-dei-lamberti-verona_1587.jpg\" rel=\"attachment wp-att-23786\"><img loading=\"lazy\" class=\"alignright wp-image-23786 size-thumbnail\" src=\"https:\/\/www.bellitalie.org\/wp-content\/uploads\/2021\/09\/torre-dei-lamberti-verona_1587-150x150.jpg\" alt=\"foto-torre-dei-lamberti-verona_1587\" width=\"150\" height=\"150\" srcset=\"https:\/\/www.bellitalie.org\/wp-content\/uploads\/2021\/09\/torre-dei-lamberti-verona_1587-150x150.jpg 150w, https:\/\/www.bellitalie.org\/wp-content\/uploads\/2021\/09\/torre-dei-lamberti-verona_1587-50x50.jpg 50w, https:\/\/www.bellitalie.org\/wp-content\/uploads\/2021\/09\/torre-dei-lamberti-verona_1587-80x80.jpg 80w, https:\/\/www.bellitalie.org\/wp-content\/uploads\/2021\/09\/torre-dei-lamberti-verona_1587-75x75.jpg 75w\" sizes=\"(max-width: 150px) 100vw, 150px\" \/><\/a>Affacciata su Piazza delle Erbe con i suoi 84 metri di altezza, la <strong>Torre dei Lamberti<\/strong> che \u00e8 integrata nel Palazzo della Ragione \u00e8 la torre pi\u00f9 alta di Verona. La terrazza pu\u00f2 essere raggiunta con un ascensore o 368 gradini, per goderci della splendida veduta.<br \/>Alla sua costruzione nel XII secolo misura solo 34 metri. Nel XV secolo fu ricostruita dopo un crollo e coronata dal suo campanile ottagonale.<br \/>\u2192 Leggere la pagina sulla <a href=\"https:\/\/www.bellitalie.org\/it\/destinazione\/veneto\/verona\/piazza-delle-erbe-e-torre-dei-lamberti\/\">Piazza delle Erbe e la Torre dei Lamberti<\/a><\/p>\n<h2>6. Piazza dei Signori<\/h2>\n<p><a href=\"https:\/\/www.bellitalie.org\/wp-content\/uploads\/2021\/12\/piazza-dei-signori-verona_1592.jpg\" rel=\"attachment wp-att-23819\"><img loading=\"lazy\" class=\"alignright wp-image-23819 size-thumbnail\" src=\"https:\/\/www.bellitalie.org\/wp-content\/uploads\/2021\/12\/piazza-dei-signori-verona_1592-150x150.jpg\" alt=\"foto-piazza-dei-signori-verona_1592\" width=\"150\" height=\"150\" srcset=\"https:\/\/www.bellitalie.org\/wp-content\/uploads\/2021\/12\/piazza-dei-signori-verona_1592-150x150.jpg 150w, https:\/\/www.bellitalie.org\/wp-content\/uploads\/2021\/12\/piazza-dei-signori-verona_1592-50x50.jpg 50w, https:\/\/www.bellitalie.org\/wp-content\/uploads\/2021\/12\/piazza-dei-signori-verona_1592-80x80.jpg 80w, https:\/\/www.bellitalie.org\/wp-content\/uploads\/2021\/12\/piazza-dei-signori-verona_1592-75x75.jpg 75w\" sizes=\"(max-width: 150px) 100vw, 150px\" \/><\/a><span style=\"color: #000000;\">Vicina a la Piazza delle Erbe, la <strong>Piazza dei Signori<\/strong> \u00e8 anche designata come Piazza Dante per la statua che ci raffigura il poeta. Questa bella piazza rettangolare \u00e8 incorniciata da splendidi palazzi medievali, che erano le prime dimore signorili della citt\u00e0, tra cui il Palazzo della Ragione (fine del XII secolo), il Palazzo di Cansignorio\u00a0 (rimaneggiato, di cui rimane del medioevo la torre), il Palazzo del Podest\u00e0 (XIV-XV), la Loggia del Consiglio dell&#8217;omonimo palazzo (XV) e vicino la chiesa di Santa Maria Antica con le Tombe degli Scaligeri.<br \/>\u2192 Leggere l&#8217;articolo sulla <a href=\"https:\/\/www.bellitalie.org\/it\/destinazione\/veneto\/verona\/piazza-dei-signori\/\">Piazza dei Signori di Verona<\/a><br \/><\/span><\/p>\n<h2>7. Basilica di Sant&#8217;Anastasia<\/h2>\n<p><a href=\"https:\/\/www.bellitalie.org\/wp-content\/uploads\/2021\/12\/altichiero_la_vergine_adorata_sant-anastasia_verona.jpg\" rel=\"attachment wp-att-12725\"><img loading=\"lazy\" class=\"alignright wp-image-12725 size-thumbnail\" src=\"https:\/\/www.bellitalie.org\/wp-content\/uploads\/2021\/12\/altichiero_la_vergine_adorata_sant-anastasia_verona-150x150.jpg\" alt=\"Adorazione della Vergine, opera di Altichiero\" width=\"150\" height=\"150\" srcset=\"https:\/\/www.bellitalie.org\/wp-content\/uploads\/2021\/12\/altichiero_la_vergine_adorata_sant-anastasia_verona-150x150.jpg 150w, https:\/\/www.bellitalie.org\/wp-content\/uploads\/2021\/12\/altichiero_la_vergine_adorata_sant-anastasia_verona-50x50.jpg 50w, https:\/\/www.bellitalie.org\/wp-content\/uploads\/2021\/12\/altichiero_la_vergine_adorata_sant-anastasia_verona-80x80.jpg 80w, https:\/\/www.bellitalie.org\/wp-content\/uploads\/2021\/12\/altichiero_la_vergine_adorata_sant-anastasia_verona-75x75.jpg 75w\" sizes=\"(max-width: 150px) 100vw, 150px\" \/><\/a>Tra le quattro chiese &#8220;da vedere&#8221; a Verona, la <strong>Basilica di Sant&#8217;Anastasia<\/strong> \u00e8 una chiesa domenicana di origine medievale che sorge su una piazzetta. \u00c8 un bellissimo edificio gotico con un bel portale e un maestoso interno la cui navata centrale \u00e8 sostenuta da potenti colonne. Ospita importanti opere d&#8217;arte, tra cui bellissimi altari o splendidi affreschi come quella della Cappella Pellegrini con San Giorgio e la Principessa di Pisano.<br \/>\u2192 Leggere la pagina sulla <a href=\"https:\/\/www.bellitalie.org\/it\/destinazione\/veneto\/verona\/basilica-di-santa-anastasia-di-verona\/\">Basilica di Santa Anastasia<\/a><\/p>\n<h2>8. Cattedrale di Verona<\/h2>\n<p><a href=\"https:\/\/www.bellitalie.org\/wp-content\/uploads\/2021\/12\/cathedrale-santa-maria-matricolare-verone_1608.jpg\" rel=\"attachment wp-att-23825\"><img loading=\"lazy\" class=\"alignright size-thumbnail wp-image-23825\" src=\"https:\/\/www.bellitalie.org\/wp-content\/uploads\/2021\/12\/cathedrale-santa-maria-matricolare-verone_1608-150x150.jpg\" alt=\"cathedrale-santa-maria-matricolare-verone_1608\" width=\"150\" height=\"150\" srcset=\"https:\/\/www.bellitalie.org\/wp-content\/uploads\/2021\/12\/cathedrale-santa-maria-matricolare-verone_1608-150x150.jpg 150w, https:\/\/www.bellitalie.org\/wp-content\/uploads\/2021\/12\/cathedrale-santa-maria-matricolare-verone_1608-50x50.jpg 50w, https:\/\/www.bellitalie.org\/wp-content\/uploads\/2021\/12\/cathedrale-santa-maria-matricolare-verone_1608-80x80.jpg 80w, https:\/\/www.bellitalie.org\/wp-content\/uploads\/2021\/12\/cathedrale-santa-maria-matricolare-verone_1608-75x75.jpg 75w\" sizes=\"(max-width: 150px) 100vw, 150px\" \/><\/a>Una basilica paleocristiana fu costruita in questa zona su antiche ville romane con terme privati. L&#8217;attuale complesso di <strong>Santa Maria Matricolare<\/strong> comprende oltre al duomo, la <strong>Chiesa di Sant&#8217;Elena<\/strong>, il <strong>Chiostro dei Canonici<\/strong>, il <strong>Battistero San Giovanni in Fonte<\/strong>, il Palazzo vescovile e la Biblioteca. Vi si ritrovano stili romanici, gotici e rinascimentali, con opere di grande valore come fonti battesimali in marmo o la pala d&#8217;altare di Tiziano del 1555 che rappresenta l&#8217;Assunzione di Maria.<br \/>\u2192 Leggere la pagina sul <a href=\"https:\/\/www.bellitalie.org\/it\/destinazione\/veneto\/verona\/complesso-della-cattedrale-di-verona\/\">complesso del duomo di Verona<\/a><\/p>\n<h2>9. Basilica di San Zeno<\/h2>\n<p><a href=\"https:\/\/www.bellitalie.org\/wp-content\/uploads\/2021\/12\/basilique-san-zeno-verone_0216.jpg\" rel=\"attachment wp-att-23822\"><img loading=\"lazy\" class=\"alignright size-thumbnail wp-image-23822\" src=\"https:\/\/www.bellitalie.org\/wp-content\/uploads\/2021\/12\/basilique-san-zeno-verone_0216-150x150.jpg\" alt=\"basilique-san-zeno-verone_0216\" width=\"150\" height=\"150\" srcset=\"https:\/\/www.bellitalie.org\/wp-content\/uploads\/2021\/12\/basilique-san-zeno-verone_0216-150x150.jpg 150w, https:\/\/www.bellitalie.org\/wp-content\/uploads\/2021\/12\/basilique-san-zeno-verone_0216-50x50.jpg 50w, https:\/\/www.bellitalie.org\/wp-content\/uploads\/2021\/12\/basilique-san-zeno-verone_0216-80x80.jpg 80w, https:\/\/www.bellitalie.org\/wp-content\/uploads\/2021\/12\/basilique-san-zeno-verone_0216-75x75.jpg 75w\" sizes=\"(max-width: 150px) 100vw, 150px\" \/><\/a>Appena fuori dal centro storico, la <strong>Basilica di San Zeno Maggiore<\/strong>, dedicata al vescovo di Verona del IV secolo d.C., \u00e8 probabilmente l&#8217;edificio religioso pi\u00f9 interessante della citt\u00e0 con la sua architettura romanica lombarda. Si ammira in particolare la bella facciata con il superbo rosone e il portico, il bel chiostro luminoso, o all&#8217;interno la notevole pala d&#8217;altare con il trittico di Mantegna (XV secolo).<br \/>\u2192 Leggere la pagina sulla <a href=\"https:\/\/www.bellitalie.org\/it\/destinazione\/veneto\/verona\/basilica-di-san-zeno-di-verona\/\">Basilica di San Zeno di Verona<\/a><\/p>\n<h2>10. Teatro Romano e Museo Archeologico<\/h2>\n<p><a href=\"https:\/\/www.bellitalie.org\/wp-content\/uploads\/2021\/12\/teatro-romano-di-verona_9634.jpg\" rel=\"attachment wp-att-23828\"><img loading=\"lazy\" class=\"alignright size-thumbnail wp-image-23828\" src=\"https:\/\/www.bellitalie.org\/wp-content\/uploads\/2021\/12\/teatro-romano-di-verona_9634-150x150.jpg\" alt=\"teatro-romano-di-verona_9634\" width=\"150\" height=\"150\" srcset=\"https:\/\/www.bellitalie.org\/wp-content\/uploads\/2021\/12\/teatro-romano-di-verona_9634-150x150.jpg 150w, https:\/\/www.bellitalie.org\/wp-content\/uploads\/2021\/12\/teatro-romano-di-verona_9634-50x50.jpg 50w, https:\/\/www.bellitalie.org\/wp-content\/uploads\/2021\/12\/teatro-romano-di-verona_9634-80x80.jpg 80w, https:\/\/www.bellitalie.org\/wp-content\/uploads\/2021\/12\/teatro-romano-di-verona_9634-75x75.jpg 75w\" sizes=\"(max-width: 150px) 100vw, 150px\" \/><\/a>Il <strong>teatro romano di Verona<\/strong> fu costruito nel I secolo a.C., ai margini dell&#8217;Adige, non lontano dal <strong>Ponte Pietra<\/strong>, dall&#8217;altra parte del fiume rispetto al centro storico, nel quartiere di Veronetta ai piedi del colle San Pietro. Ne rimangono resti consistenti (cavea, gradinate, arcate, logge) che evocano la sua maest\u00e0 passata. \u00c8 associato al <strong>museo archeologico<\/strong> ospitato in un ex convento gesuito.<br \/>\u2192 Leggere la pagina sul <a href=\"https:\/\/www.bellitalie.org\/it\/destinazione\/veneto\/verona\/teatro-romano-di-verona\/\">Teatro Romano di Verona<\/a><\/p>\n<h2 class=\"western\">11. Chiesa di San Fermo<\/h2>\n<p><span style=\"color: #000000;\"><a href=\"https:\/\/www.bellitalie.org\/wp-content\/uploads\/2021\/12\/chiesa-superiore-san-fermo-verona_0325.jpg\" rel=\"attachment wp-att-24219\"><img loading=\"lazy\" class=\"alignright size-thumbnail wp-image-24219\" src=\"https:\/\/www.bellitalie.org\/wp-content\/uploads\/2021\/12\/chiesa-superiore-san-fermo-verona_0325-150x150.jpg\" alt=\"chiesa-superiore-san-fermo-verona_0325\" width=\"150\" height=\"150\" srcset=\"https:\/\/www.bellitalie.org\/wp-content\/uploads\/2021\/12\/chiesa-superiore-san-fermo-verona_0325-150x150.jpg 150w, https:\/\/www.bellitalie.org\/wp-content\/uploads\/2021\/12\/chiesa-superiore-san-fermo-verona_0325-50x50.jpg 50w, https:\/\/www.bellitalie.org\/wp-content\/uploads\/2021\/12\/chiesa-superiore-san-fermo-verona_0325-80x80.jpg 80w, https:\/\/www.bellitalie.org\/wp-content\/uploads\/2021\/12\/chiesa-superiore-san-fermo-verona_0325-75x75.jpg 75w\" sizes=\"(max-width: 150px) 100vw, 150px\" \/><\/a>Vicino all&#8217;Adige e al Ponte Navi, la <strong>chiesa di San Fermo Maggiore<\/strong> risale al V secolo, dedicata ai fratelli <strong>Fermo e Rustico<\/strong> uccisi in questa zona nel 304 d.C.<br \/>\u00c8 un raffinato stile gotico che risale ai francescani del XIII-XIV secolo, con le sue guglie e i suoi pinnacoli e il cui ampio spazio interno \u00e8 coperto da un sorprendente controsoffitto in legno a forma di scafo rovesciato. Ma ha anche una notevole chiesa inferiore in stile romanico che risale all&#8217;epoca benedettina del XII secolo, con le sue quattro navate.<br \/>\u2192 Leggere la pagina sulla <a href=\"https:\/\/www.bellitalie.org\/it\/destinazione\/veneto\/verona\/chiesa-di-san-fermo-di-verona\/\">chiesa di San Fermo<\/a><br \/><\/span><\/p>\n<h2>12. Porta Borsari<\/h2>\n<p>La <strong>Porta Borsari<\/strong> \u00e8 una bella porta romana di Verona che era uno dei principali ingressi nella citt\u00e0 romana fortificata, dove arrivava la Via Postumia, proseguendo con l&#8217;arteria del Decumanus (asse est-ovest), costruita nel I secolo a.C. e rimaneggiata sotto l&#8217;Impero, quando era designata Porta Iovia (Porta di Giove) a causa di un vicino tempio dedicato a Giove. Reca un&#8217;iscrizione datata 265 d.C., voluta dall&#8217;imperatore Gallieno per marcare l&#8217;ampliamento della cinta muraria.<br \/>Il nome della Porta Borsari si riferisce ai &#8220;Bursari&#8221;, i soldati di guardia che controllavano gli ingressi in citt\u00e0 e coprivano le Gabelle episcopali.<\/p>\n<h2>13. Casa di Giulietta<\/h2>\n<p><a href=\"https:\/\/www.bellitalie.org\/wp-content\/uploads\/2021\/12\/maison-de-juliette-verone_0351.jpg\" rel=\"attachment wp-att-23834\"><img loading=\"lazy\" class=\"alignright size-thumbnail wp-image-23834\" src=\"https:\/\/www.bellitalie.org\/wp-content\/uploads\/2021\/12\/maison-de-juliette-verone_0351-150x150.jpg\" alt=\"maison-de-juliette-verone_0351\" width=\"150\" height=\"150\" srcset=\"https:\/\/www.bellitalie.org\/wp-content\/uploads\/2021\/12\/maison-de-juliette-verone_0351-150x150.jpg 150w, https:\/\/www.bellitalie.org\/wp-content\/uploads\/2021\/12\/maison-de-juliette-verone_0351-50x50.jpg 50w, https:\/\/www.bellitalie.org\/wp-content\/uploads\/2021\/12\/maison-de-juliette-verone_0351-80x80.jpg 80w, https:\/\/www.bellitalie.org\/wp-content\/uploads\/2021\/12\/maison-de-juliette-verone_0351-75x75.jpg 75w\" sizes=\"(max-width: 150px) 100vw, 150px\" \/><\/a>La leggendaria casa natale del personaggio shakespeariano di <strong>Giulietta<\/strong> (Giulietta Capuleti) si trova in un bellissimo palazzo medievale, con nel cortile il leggendario balcone. Tuttavia, questo balcone e le bellissime decorazioni di ispirazione medievale sono stati aggiunti negli anni &#8217;30.<br \/>L&#8217;interno conserva incisioni e oggetti di epoca medievale e rinascimentale, cos\u00ec come il \u00abletto di Giulietta\u00bb e i costumi creati per il film di Franco Zeffirelli del 1968. Questo palazzo del XIII secolo in stile gotico veronese. Nel cortile, una statua di Giulietta<br \/>in bronzo offre un seno alla carezza dei turisti, perch\u00e9 secondo una leggenda il tocco porterebbe amore e fertilit\u00e0 &#8230;<\/p>\n<h2>14. Arche Scaligere<\/h2>\n<p><a href=\"https:\/\/www.bellitalie.org\/wp-content\/uploads\/2021\/12\/arche-dei-scaligeri-verona_1601.jpg\" rel=\"attachment wp-att-23839\"><img loading=\"lazy\" class=\"alignright size-thumbnail wp-image-23839\" src=\"https:\/\/www.bellitalie.org\/wp-content\/uploads\/2021\/12\/arche-dei-scaligeri-verona_1601-150x150.jpg\" alt=\"arche-dei-scaligeri-verona_1601\" width=\"150\" height=\"150\" srcset=\"https:\/\/www.bellitalie.org\/wp-content\/uploads\/2021\/12\/arche-dei-scaligeri-verona_1601-150x150.jpg 150w, https:\/\/www.bellitalie.org\/wp-content\/uploads\/2021\/12\/arche-dei-scaligeri-verona_1601-50x50.jpg 50w, https:\/\/www.bellitalie.org\/wp-content\/uploads\/2021\/12\/arche-dei-scaligeri-verona_1601-80x80.jpg 80w, https:\/\/www.bellitalie.org\/wp-content\/uploads\/2021\/12\/arche-dei-scaligeri-verona_1601-75x75.jpg 75w\" sizes=\"(max-width: 150px) 100vw, 150px\" \/><\/a>Nel cortile della chiesa di Santa Maria Antica, le <strong>Arche Scaligere<\/strong> sono notevoli costruzioni gotiche del XIV secolo, mausolei dei membri della famiglia Della Scala (o Scaligeri), tra cui quello del grande signore <strong>Cangrande<\/strong>, a cui Dante dedic\u00f2 la Divina Commedia, e quelli di <strong>Mastino II<\/strong> e <strong>Cansignorio<\/strong>.<br \/>\u2192 Leggere la pagina su <a href=\"https:\/\/www.bellitalie.org\/it\/destinazione\/veneto\/verona\/piazza-dei-signori\/#Arche_Scaligere\">Piazza dei Signori e le Arche Scaligere<\/a><\/p>\n<h2>15. Museo degli affreschi e Tomba di Giulietta<\/h2>\n<p><a href=\"https:\/\/www.bellitalie.org\/wp-content\/uploads\/2023\/09\/museo-degli-affreschi-verona_0470.jpg\" rel=\"attachment wp-att-24430\"><img loading=\"lazy\" class=\"alignright size-thumbnail wp-image-24430\" src=\"https:\/\/www.bellitalie.org\/wp-content\/uploads\/2023\/09\/museo-degli-affreschi-verona_0470-150x150.jpg\" alt=\"museo-degli-affreschi-verona_0470\" width=\"150\" height=\"150\" srcset=\"https:\/\/www.bellitalie.org\/wp-content\/uploads\/2023\/09\/museo-degli-affreschi-verona_0470-150x150.jpg 150w, https:\/\/www.bellitalie.org\/wp-content\/uploads\/2023\/09\/museo-degli-affreschi-verona_0470-50x50.jpg 50w, https:\/\/www.bellitalie.org\/wp-content\/uploads\/2023\/09\/museo-degli-affreschi-verona_0470-80x80.jpg 80w, https:\/\/www.bellitalie.org\/wp-content\/uploads\/2023\/09\/museo-degli-affreschi-verona_0470-75x75.jpg 75w\" sizes=\"(max-width: 150px) 100vw, 150px\" \/><\/a>Ospitato all&#8217;interno dell&#8217;ex convento delle suore francescane, il <strong>Museo degli Affreschi<\/strong> conserva importanti affreschi provenienti dalle facciate di chiese o case della citt\u00e0, dipinte tra i secoli X e XVI.<br \/>Nella cripta sotterranea un sarcofago sarebbe la <strong>Tomba di Giulietta<\/strong>, quella del leggendario personaggio shakespeariano di Giulietta Capuleti.<br \/>\u2192 Leggere la pagina sul <a href=\"https:\/\/www.bellitalie.org\/it\/destinazione\/veneto\/verona\/museo-degli-affreschi-alla-tomba-di-giulietta\/\">Museo degli Affreschi e la Tomba di Giulietta<\/a><\/p>\n<h2>16. Via Mazzini<\/h2>\n<p><a href=\"https:\/\/www.bellitalie.org\/wp-content\/uploads\/2021\/12\/via-giuseppe-mazzini-verona_0544.jpg\" rel=\"attachment wp-att-24455\"><img loading=\"lazy\" class=\"alignright size-thumbnail wp-image-24455\" src=\"https:\/\/www.bellitalie.org\/wp-content\/uploads\/2021\/12\/via-giuseppe-mazzini-verona_0544-150x150.jpg\" alt=\"foto-via-giuseppe-mazzini-verona_0544\" width=\"150\" height=\"150\" srcset=\"https:\/\/www.bellitalie.org\/wp-content\/uploads\/2021\/12\/via-giuseppe-mazzini-verona_0544-150x150.jpg 150w, https:\/\/www.bellitalie.org\/wp-content\/uploads\/2021\/12\/via-giuseppe-mazzini-verona_0544-50x50.jpg 50w, https:\/\/www.bellitalie.org\/wp-content\/uploads\/2021\/12\/via-giuseppe-mazzini-verona_0544-80x80.jpg 80w, https:\/\/www.bellitalie.org\/wp-content\/uploads\/2021\/12\/via-giuseppe-mazzini-verona_0544-75x75.jpg 75w\" sizes=\"(max-width: 150px) 100vw, 150px\" \/><\/a>La <strong>Via Mazzini<\/strong> \u00e8 una lunga via pedonale, che collega la Piazza Bra alla Piazza delle Erbe, e la via dello shopping e delle boutique di lusso. <br \/>Una porzione risale al XIV secolo, e in alcuni luoghi si trovano elementi di epoca romana.<\/p>\n<h2>17. Giardino Giusti<\/h2>\n<p><a href=\"https:\/\/www.bellitalie.org\/wp-content\/uploads\/2021\/12\/giardini-giusti-verona_0407v.jpg\" rel=\"attachment wp-att-24459\"><img loading=\"lazy\" class=\"size-thumbnail wp-image-24459 alignleft\" src=\"https:\/\/www.bellitalie.org\/wp-content\/uploads\/2021\/12\/giardini-giusti-verona_0407v-150x150.jpg\" alt=\"giardini-giusti-verona_0407v\" width=\"150\" height=\"150\" srcset=\"https:\/\/www.bellitalie.org\/wp-content\/uploads\/2021\/12\/giardini-giusti-verona_0407v-150x150.jpg 150w, https:\/\/www.bellitalie.org\/wp-content\/uploads\/2021\/12\/giardini-giusti-verona_0407v-50x50.jpg 50w, https:\/\/www.bellitalie.org\/wp-content\/uploads\/2021\/12\/giardini-giusti-verona_0407v-80x80.jpg 80w, https:\/\/www.bellitalie.org\/wp-content\/uploads\/2021\/12\/giardini-giusti-verona_0407v-75x75.jpg 75w\" sizes=\"(max-width: 150px) 100vw, 150px\" \/><\/a>Il <strong>Giardino Giusti<\/strong> \u00e8 un bellissimo giardino all&#8217;italiana del XVI secolo, con i suoi viali di siepi, la sua vegetazione, i suoi fiori, resti romani, fontane e vasche con statue. Il palazzo privato apre in alcune occasioni.<br \/>Le zone pi\u00f9 notevoli sono l&#8217;ovest e l&#8217;est. Vi si vede una vasca con una fontana ed i suoi delfini, una statua di Minerva, una statua di Apollo, ecc.<br \/>Sul lato orientale c&#8217;\u00e8 una piccola fontana di marmo rosso di Verona, un labirinto di siepi.<\/p>\n<h2>18. Ponte Pietra et ponti di Verona<\/h2>\n<p><a href=\"https:\/\/www.bellitalie.org\/wp-content\/uploads\/2021\/12\/adige-ponte-pietra-verona_9894.jpg\" rel=\"attachment wp-att-24462\"><img loading=\"lazy\" class=\"alignright size-thumbnail wp-image-24462\" src=\"https:\/\/www.bellitalie.org\/wp-content\/uploads\/2021\/12\/adige-ponte-pietra-verona_9894-150x150.jpg\" alt=\"adige-ponte-pietra-verona_9894\" width=\"150\" height=\"150\" srcset=\"https:\/\/www.bellitalie.org\/wp-content\/uploads\/2021\/12\/adige-ponte-pietra-verona_9894-150x150.jpg 150w, https:\/\/www.bellitalie.org\/wp-content\/uploads\/2021\/12\/adige-ponte-pietra-verona_9894-50x50.jpg 50w, https:\/\/www.bellitalie.org\/wp-content\/uploads\/2021\/12\/adige-ponte-pietra-verona_9894-80x80.jpg 80w, https:\/\/www.bellitalie.org\/wp-content\/uploads\/2021\/12\/adige-ponte-pietra-verona_9894-75x75.jpg 75w\" sizes=\"(max-width: 150px) 100vw, 150px\" \/><\/a>La citt\u00e0 di Verona \u00e8 divisa in due dall&#8217;Adige, fiume oggi attraversato da sette ponti. Questi ultimi furono tutti ricostruiti dopo essere stati minati dai tedeschi nella loro ritirata durante la seconda guerra mondiale.<br \/>Il pi\u00f9 antico dei ponti di Verona \u00e8 il <strong>Ponte Pietra<\/strong>. Risale all&#8217;epoca romana (I secolo a.C.) e conduceva dal centro della citt\u00e0 con la via Postumia al teatro sulla collina di San Pietro. Fu ricostruito fedelmente con l&#8217;aiuto di blocchi di pietra e mattoni proiettati nel letto del fiume dall&#8217;esplosione. Con i suoi cinque archi, la sua lunghezza \u00e8 di 95 metri. Era stato rimaneggiato pi\u00f9 volte, come nel 1298 quando fu aggiunta la torre difensiva. I due archi in pietra bianca sono romani, mentre i due successivi in mattoni datano da una ricostruzione del 1520, e l&#8217;ultimo arco risale al 1298.<\/p>\n<p>L&#8217;altro ponte emblematico della citt\u00e0 \u00e8 il <strong><a href=\"https:\/\/www.bellitalie.org\/it\/destinazione\/veneto\/verona\/castelvecchio-e-ponte-scaligero\/#Ponte_Scaligero\">Ponte Scaligero<\/a><\/strong> di fronte al <strong>Castelvecchio<\/strong>. Costruito nella seconda met\u00e0 del XIV secolo con 3 archi irregolari, fu anche ricostruito con pietre e mattoni originali recuperati dal fondo del fiume.<\/p>\n<h2>Altri luoghi di Verona<\/h2>\n<h3>19. Museo Lapidario Maffeiano<\/h3>\n<p><a href=\"https:\/\/www.bellitalie.org\/wp-content\/uploads\/2021\/12\/museo-lapidario-verona_0540.jpg\" rel=\"attachment wp-att-24468\"><img loading=\"lazy\" class=\"alignright size-thumbnail wp-image-24468\" src=\"https:\/\/www.bellitalie.org\/wp-content\/uploads\/2021\/12\/museo-lapidario-verona_0540-150x150.jpg\" alt=\"museo-lapidario-verona_0540\" width=\"150\" height=\"150\" srcset=\"https:\/\/www.bellitalie.org\/wp-content\/uploads\/2021\/12\/museo-lapidario-verona_0540-150x150.jpg 150w, https:\/\/www.bellitalie.org\/wp-content\/uploads\/2021\/12\/museo-lapidario-verona_0540-50x50.jpg 50w, https:\/\/www.bellitalie.org\/wp-content\/uploads\/2021\/12\/museo-lapidario-verona_0540-80x80.jpg 80w, https:\/\/www.bellitalie.org\/wp-content\/uploads\/2021\/12\/museo-lapidario-verona_0540-75x75.jpg 75w\" sizes=\"(max-width: 150px) 100vw, 150px\" \/><\/a>Il <strong>Museo Lapidario Maffeiano<\/strong> \u00e8 uno dei pi\u00f9 antichi musei pubblici d&#8217;Europa, fondato nel 1745, che conserva 650 pezzi lapidei, materiale epigrafico e incisioni di varie epoche, tra cui etrusco, romano o altro, con iscrizioni in greco, latino, arabo o ebraico.<br \/>Ci sono in particolare nel cortile, con un itinerario cronologico, alcune colonne miliari, stele e altri oggetti. Le sale sono organizzate per tema, contenenti statue e oggetti.<\/p>\n<h3>20. Museo di Storia Naturale<\/h3>\n<p>Ospitato all&#8217;interno del bellissimo rinascimentale <strong>Palazzo Pompei<\/strong>, \u00e8 un interessante museo di storia naturale fondato nel 1861 che conserva una delle pi\u00f9 importanti collezioni d&#8217;Europa con quasi 3 milioni di pezzi. Una parte \u00e8 esposta nelle sue 16 sale, di cui ogni sezione copre una delle varie tematiche: botanica, geologia, paleontologia, preistoria e zoologia.<br \/>Qui si vedono animali incredibili, tra cui un basilico, e scopriamo antichi rituali e credenze.<\/p>\n<h3>21. Via Cappello e Porta Leoni<\/h3>\n<p><span style=\"color: #000000;\"><a href=\"https:\/\/www.bellitalie.org\/wp-content\/uploads\/2021\/12\/porta-leoni-verona_0342.jpg\" rel=\"attachment wp-att-24471\"><img loading=\"lazy\" class=\"alignright wp-image-24471 size-thumbnail\" src=\"https:\/\/www.bellitalie.org\/wp-content\/uploads\/2021\/12\/porta-leoni-verona_0342-150x150.jpg\" alt=\"foto-porta-leoni-verona_0342\" width=\"150\" height=\"150\" srcset=\"https:\/\/www.bellitalie.org\/wp-content\/uploads\/2021\/12\/porta-leoni-verona_0342-150x150.jpg 150w, https:\/\/www.bellitalie.org\/wp-content\/uploads\/2021\/12\/porta-leoni-verona_0342-50x50.jpg 50w, https:\/\/www.bellitalie.org\/wp-content\/uploads\/2021\/12\/porta-leoni-verona_0342-80x80.jpg 80w, https:\/\/www.bellitalie.org\/wp-content\/uploads\/2021\/12\/porta-leoni-verona_0342-75x75.jpg 75w\" sizes=\"(max-width: 150px) 100vw, 150px\" \/><\/a>La <strong>Via Cappello<\/strong> \u00e8 l&#8217;antico Cardo Maximus romano (asse nord-sud), a cui si accede dalla <strong>Porta Leoni<\/strong>, di cui rimane una parte ben conservata. Questa risale all&#8217;epoca repubblicana romana, e fu rimaneggiata sotto l&#8217;impero. Rimane vicino ai resti di una delle due torri difensive.<\/span><\/p>\n<h3>22. Arco dei Gavi<\/h3>\n<p><a href=\"https:\/\/www.bellitalie.org\/wp-content\/uploads\/2021\/12\/arco-dei-gavi-verona_0112.jpg\" rel=\"attachment wp-att-24476\"><img loading=\"lazy\" class=\"alignleft wp-image-24476 size-thumbnail\" src=\"https:\/\/www.bellitalie.org\/wp-content\/uploads\/2021\/12\/arco-dei-gavi-verona_0112-150x150.jpg\" alt=\"foto-arco-dei-gavi-verona_0112\" width=\"150\" height=\"150\" srcset=\"https:\/\/www.bellitalie.org\/wp-content\/uploads\/2021\/12\/arco-dei-gavi-verona_0112-150x150.jpg 150w, https:\/\/www.bellitalie.org\/wp-content\/uploads\/2021\/12\/arco-dei-gavi-verona_0112-50x50.jpg 50w, https:\/\/www.bellitalie.org\/wp-content\/uploads\/2021\/12\/arco-dei-gavi-verona_0112-80x80.jpg 80w, https:\/\/www.bellitalie.org\/wp-content\/uploads\/2021\/12\/arco-dei-gavi-verona_0112-75x75.jpg 75w\" sizes=\"(max-width: 150px) 100vw, 150px\" \/><\/a>L&#8217;<span style=\"color: #000000;\"><strong>Arco dei Gavi<\/strong> \u00e8 un arco romano risalente alla met\u00e0 del I secolo della nostra era, vicino al Castelvecchio, era situato sulla Via Postumia. \u00c8 uno dei pochi archi romani destinati a celebrare una famiglia privata, in questo caso la Gens Gavia. Situato al di fuori delle mura romane, fu incorporato nella cinta comunale nel medioevo.<br \/><\/span><span style=\"color: #000000;\">Fu ricostruito nel 1932 in prossimit\u00e0 del sito originale dopo la sua demolizione da parte dell&#8217;esercito napoleonico nel 1805.<\/span><\/p>\n<h3>23. Via Sottoriva<\/h3>\n<p><span style=\"color: #000000;\"><a href=\"https:\/\/www.bellitalie.org\/wp-content\/uploads\/2021\/12\/via-sottoriva-verona_0004.jpg\" rel=\"attachment wp-att-24477\"><img loading=\"lazy\" class=\"alignright size-thumbnail wp-image-24477\" src=\"https:\/\/www.bellitalie.org\/wp-content\/uploads\/2021\/12\/via-sottoriva-verona_0004-150x150.jpg\" alt=\"via-sottoriva-verona_0004\" width=\"150\" height=\"150\" srcset=\"https:\/\/www.bellitalie.org\/wp-content\/uploads\/2021\/12\/via-sottoriva-verona_0004-150x150.jpg 150w, https:\/\/www.bellitalie.org\/wp-content\/uploads\/2021\/12\/via-sottoriva-verona_0004-50x50.jpg 50w, https:\/\/www.bellitalie.org\/wp-content\/uploads\/2021\/12\/via-sottoriva-verona_0004-80x80.jpg 80w, https:\/\/www.bellitalie.org\/wp-content\/uploads\/2021\/12\/via-sottoriva-verona_0004-75x75.jpg 75w\" sizes=\"(max-width: 150px) 100vw, 150px\" \/><\/a>La <strong>Via Sottoriva<\/strong> \u00e8 una delle vie pi\u00f9 caratteristiche di Verona, avendo conservato il suo aspetto passato con uno dei lati delimitato dai suoi portici e alcune case medievali, collegando la chiesa di Santa Anastasia a nord e la piazza Pescheria a sud.<\/span><\/p>\n<h3 class=\"western\">24. Chiesa di Santa Maria in Organo<\/h3>\n<p><a href=\"https:\/\/www.bellitalie.org\/wp-content\/uploads\/2021\/12\/santa-maria-in-organo-verone_9996.jpg\" rel=\"attachment wp-att-24480\"><img loading=\"lazy\" class=\"alignleft size-thumbnail wp-image-24480\" src=\"https:\/\/www.bellitalie.org\/wp-content\/uploads\/2021\/12\/santa-maria-in-organo-verone_9996-150x150.jpg\" alt=\"santa-maria-in-organo-verone_9996\" width=\"150\" height=\"150\" srcset=\"https:\/\/www.bellitalie.org\/wp-content\/uploads\/2021\/12\/santa-maria-in-organo-verone_9996-150x150.jpg 150w, https:\/\/www.bellitalie.org\/wp-content\/uploads\/2021\/12\/santa-maria-in-organo-verone_9996-50x50.jpg 50w, https:\/\/www.bellitalie.org\/wp-content\/uploads\/2021\/12\/santa-maria-in-organo-verone_9996-80x80.jpg 80w, https:\/\/www.bellitalie.org\/wp-content\/uploads\/2021\/12\/santa-maria-in-organo-verone_9996-75x75.jpg 75w\" sizes=\"(max-width: 150px) 100vw, 150px\" \/><\/a>La <strong>Chiesa di Santa Maria in Organo<\/strong>, sulla riva sinistra dell&#8217;Adige, proviene da un&#8217;abbazia benedettina fondata nel VII secolo. I benedettini Olivetani arrivarono nel XV secolo e intrapresero numerosi lavori, poi nel XVI furono costruiti il campanile, il piccolo chiostro e la sala capitolare. In questo periodo <strong>Fra Giovanni da Verona<\/strong> realizz\u00f2 le stupende intarsi in legno che decorano il coro e la sagrestia, tra le pi\u00f9 belle e complesse d&#8217;Italia, di grande ricchezza simbolica, illustrando idee e teologia, e anche antiche vedute della citt\u00e0. Questo coro \u00e8 sicuramente una delle opere pi\u00f9 belle da vedere a Verona.<br \/>\u2192 Leggere la pagina sulla <a href=\"https:\/\/www.bellitalie.org\/it\/destinazione\/veneto\/verona\/chiesa-di-santa-maria-in-organo-di-verona\/\">Chiesa di Santa Maria in Organo<\/a><\/p>\n<h3>25. Chiesa di San Giovanni in Valle<\/h3>\n<p><a href=\"https:\/\/www.bellitalie.org\/wp-content\/uploads\/2021\/12\/parte-antico-chiostro-san-giovanni-in-valle-verona_0398.jpg\" rel=\"attachment wp-att-24583\"><img loading=\"lazy\" class=\"alignright wp-image-24583 size-thumbnail\" src=\"https:\/\/www.bellitalie.org\/wp-content\/uploads\/2021\/12\/parte-antico-chiostro-san-giovanni-in-valle-verona_0398-150x150.jpg\" alt=\"foto-parte-antico-chiostro-san-giovanni-in-valle-verona_0398\" width=\"150\" height=\"150\" srcset=\"https:\/\/www.bellitalie.org\/wp-content\/uploads\/2021\/12\/parte-antico-chiostro-san-giovanni-in-valle-verona_0398-150x150.jpg 150w, https:\/\/www.bellitalie.org\/wp-content\/uploads\/2021\/12\/parte-antico-chiostro-san-giovanni-in-valle-verona_0398-50x50.jpg 50w, https:\/\/www.bellitalie.org\/wp-content\/uploads\/2021\/12\/parte-antico-chiostro-san-giovanni-in-valle-verona_0398-80x80.jpg 80w, https:\/\/www.bellitalie.org\/wp-content\/uploads\/2021\/12\/parte-antico-chiostro-san-giovanni-in-valle-verona_0398-75x75.jpg 75w\" sizes=\"(max-width: 150px) 100vw, 150px\" \/><\/a>La bella chiesa romanica di <strong>San Giovanni in Valle<\/strong> risale all&#8217;epoca longobarda del VII-VIII secolo, sul sito di un antico tempio, con un castrum lombardo. Fu ricostruita in stile romanico nel XII secolo con una chiesa, il chiostro e la collegiata. L&#8217;edificio fu ampliato nel XIV secolo e in seguito restaurato solo dopo i bombardamenti del 1945. Il campanile \u00e8 met\u00e0 romanico, met\u00e0 rinascimentale.<\/p>\n<p><a href=\"https:\/\/www.bellitalie.org\/wp-content\/uploads\/2021\/12\/sarcofago-del-iv-secolo-cripta-san-giovanni-in-valle-verona_0401.jpg\" rel=\"attachment wp-att-24584\"><img loading=\"lazy\" class=\"alignleft wp-image-24584 size-thumbnail\" src=\"https:\/\/www.bellitalie.org\/wp-content\/uploads\/2021\/12\/sarcofago-del-iv-secolo-cripta-san-giovanni-in-valle-verona_0401-150x150.jpg\" alt=\"foto-sarcofago-del-iv-secolo-cripta-san-giovanni-in-valle-verona_0401\" width=\"150\" height=\"150\" srcset=\"https:\/\/www.bellitalie.org\/wp-content\/uploads\/2021\/12\/sarcofago-del-iv-secolo-cripta-san-giovanni-in-valle-verona_0401-150x150.jpg 150w, https:\/\/www.bellitalie.org\/wp-content\/uploads\/2021\/12\/sarcofago-del-iv-secolo-cripta-san-giovanni-in-valle-verona_0401-50x50.jpg 50w, https:\/\/www.bellitalie.org\/wp-content\/uploads\/2021\/12\/sarcofago-del-iv-secolo-cripta-san-giovanni-in-valle-verona_0401-80x80.jpg 80w, https:\/\/www.bellitalie.org\/wp-content\/uploads\/2021\/12\/sarcofago-del-iv-secolo-cripta-san-giovanni-in-valle-verona_0401-75x75.jpg 75w\" sizes=\"(max-width: 150px) 100vw, 150px\" \/><\/a>L&#8217;interno con i suoi bellissimi capitelli conserva affreschi dei XII e XIV secoli della scuola di Martino e di Altichiero.<br \/>La cripta, risalente in parte alla prima chiesa, ospita due antichi sarcofagi, uno del III secolo di epoca romana con due coniugi scolpiti sulla sommit\u00e0 formando un tetto, figure di filosofi trasformate in santi, ecc. L&#8217;altro conterrebbe i corpi degli apostoli Simone e Giuda Taddeo del IV secolo, come pure resti di affreschi del XV secolo.<\/p>\n<h3>26. Casa dei Romeo<\/h3>\n<p><span style=\"color: #000000;\"><a href=\"https:\/\/www.bellitalie.org\/wp-content\/uploads\/2021\/12\/casa-di-romeo_0355.jpg\" rel=\"attachment wp-att-24483\"><img loading=\"lazy\" class=\"alignright size-thumbnail wp-image-24483\" src=\"https:\/\/www.bellitalie.org\/wp-content\/uploads\/2021\/12\/casa-di-romeo_0355-150x150.jpg\" alt=\"casa-di-romeo_0355\" width=\"150\" height=\"150\" srcset=\"https:\/\/www.bellitalie.org\/wp-content\/uploads\/2021\/12\/casa-di-romeo_0355-150x150.jpg 150w, https:\/\/www.bellitalie.org\/wp-content\/uploads\/2021\/12\/casa-di-romeo_0355-50x50.jpg 50w, https:\/\/www.bellitalie.org\/wp-content\/uploads\/2021\/12\/casa-di-romeo_0355-80x80.jpg 80w, https:\/\/www.bellitalie.org\/wp-content\/uploads\/2021\/12\/casa-di-romeo_0355-75x75.jpg 75w\" sizes=\"(max-width: 150px) 100vw, 150px\" \/><\/a>La Casa dei Montecchi, detta anche <strong>Casa di Romeo<\/strong> \u00e8 un palazzo dall&#8217;aspetto fortificato con merli e torrioni, che appartenevano alla famiglia Montecchi, banditi dalla citt\u00e0 nel 1320 da Cangrande della Scala. Essendo privata, questa casa \u00e8 visibile solo dall&#8217;esterno.<\/span><\/p>\n<h3>27. Castel San Pietro<\/h3>\n<p><span style=\"color: #000000;\"><a href=\"https:\/\/www.bellitalie.org\/wp-content\/uploads\/2021\/12\/panorama-castel-san-pietro-verona_0365.jpg\" rel=\"attachment wp-att-24486\"><img loading=\"lazy\" class=\"alignleft size-thumbnail wp-image-24486\" src=\"https:\/\/www.bellitalie.org\/wp-content\/uploads\/2021\/12\/panorama-castel-san-pietro-verona_0365-150x150.jpg\" alt=\"panorama-castel-san-pietro-verona_0365\" width=\"150\" height=\"150\" srcset=\"https:\/\/www.bellitalie.org\/wp-content\/uploads\/2021\/12\/panorama-castel-san-pietro-verona_0365-150x150.jpg 150w, https:\/\/www.bellitalie.org\/wp-content\/uploads\/2021\/12\/panorama-castel-san-pietro-verona_0365-50x50.jpg 50w, https:\/\/www.bellitalie.org\/wp-content\/uploads\/2021\/12\/panorama-castel-san-pietro-verona_0365-80x80.jpg 80w, https:\/\/www.bellitalie.org\/wp-content\/uploads\/2021\/12\/panorama-castel-san-pietro-verona_0365-75x75.jpg 75w\" sizes=\"(max-width: 150px) 100vw, 150px\" \/><\/a>Dalla collina di <strong>Castel San Pietro<\/strong> si pu\u00f2 godere del bel panorama su Verona, raggiungibile con le scale, in occasione di una bella passeggiata, o con la funicolare.<br \/>\u00c8 anche il sito di una caserma costruita dagli austriaci a met\u00e0 del XIX secolo, al posto del castello della fine del XIV secolo che inglobava una chiesa paleocristiana dedicata a Pietro l&#8217;apostolo. Gli eserciti napoleonici fecero saltare tutto nel 1801.<\/span><\/p>\n<h3>28. Mura, porte e bastioni<\/h3>\n<p><span style=\"color: #000000;\"><a href=\"https:\/\/www.bellitalie.org\/wp-content\/uploads\/2021\/12\/parco-delle-mura-bastione-verona_0537.jpg\" rel=\"attachment wp-att-24489\"><img loading=\"lazy\" class=\"alignright size-thumbnail wp-image-24489\" src=\"https:\/\/www.bellitalie.org\/wp-content\/uploads\/2021\/12\/parco-delle-mura-bastione-verona_0537-150x150.jpg\" alt=\"parco-delle-mura-bastione-verona_0537\" width=\"150\" height=\"150\" srcset=\"https:\/\/www.bellitalie.org\/wp-content\/uploads\/2021\/12\/parco-delle-mura-bastione-verona_0537-150x150.jpg 150w, https:\/\/www.bellitalie.org\/wp-content\/uploads\/2021\/12\/parco-delle-mura-bastione-verona_0537-50x50.jpg 50w, https:\/\/www.bellitalie.org\/wp-content\/uploads\/2021\/12\/parco-delle-mura-bastione-verona_0537-80x80.jpg 80w, https:\/\/www.bellitalie.org\/wp-content\/uploads\/2021\/12\/parco-delle-mura-bastione-verona_0537-75x75.jpg 75w\" sizes=\"(max-width: 150px) 100vw, 150px\" \/><\/a><\/span>Il <strong>Parco delle mura e dei forti<\/strong> corre per 9 chilometri la grande cinta merlata con torri e fossati, costruita nel XIV secolo da Cangrande della Scala, rinforzata nel XVI secolo dai veneziani con bastioni.<br \/>Ha conservato belle porte, tra cui la <strong>Porta Palio<\/strong> che fu costruita nel XVI secolo da Sanmicheli, nel prolungamento dell&#8217;antica Via Postumia, non lontano dalla Porta Nuova dello stesso architetto.<\/p>\n<h3 class=\"western\">29. Palazzo Maffei<\/h3>\n<p><span style=\"color: #000000;\"><a href=\"https:\/\/www.bellitalie.org\/wp-content\/uploads\/2021\/12\/piazza-delle-erbe-palazzo-maffei-verona_1585.jpg\" rel=\"attachment wp-att-23810\"><img loading=\"lazy\" class=\"alignleft size-thumbnail wp-image-23810\" src=\"https:\/\/www.bellitalie.org\/wp-content\/uploads\/2021\/12\/piazza-delle-erbe-palazzo-maffei-verona_1585-150x150.jpg\" alt=\"piazza-delle-erbe-palazzo-maffei-verona_1585\" width=\"150\" height=\"150\" srcset=\"https:\/\/www.bellitalie.org\/wp-content\/uploads\/2021\/12\/piazza-delle-erbe-palazzo-maffei-verona_1585-150x150.jpg 150w, https:\/\/www.bellitalie.org\/wp-content\/uploads\/2021\/12\/piazza-delle-erbe-palazzo-maffei-verona_1585-50x50.jpg 50w, https:\/\/www.bellitalie.org\/wp-content\/uploads\/2021\/12\/piazza-delle-erbe-palazzo-maffei-verona_1585-80x80.jpg 80w, https:\/\/www.bellitalie.org\/wp-content\/uploads\/2021\/12\/piazza-delle-erbe-palazzo-maffei-verona_1585-75x75.jpg 75w\" sizes=\"(max-width: 150px) 100vw, 150px\" \/><\/a><\/span>Il <strong>Palazzo Maffei<\/strong>, in Piazza Erbe, risale al XVII secolo ed \u00e8 uno dei pi\u00f9 eleganti di Verona. Ospita splendide opere d&#8217;arte, oltre 350 opere raccolte in quasi 50 anni dal collezionista Luigi Carlon, dall&#8217;antico all&#8217;arte contemporanea, tra cui dipinti, sculture o mobili d&#8217;epoca.<br \/>Una sezione \u00e8 dedicata alla pittura del XX secolo con capolavori di maestri come Giacomo Balla, De Chirico, Morandi, e anche Magritte, Duchamp e Picasso.<br \/>Una sezione \u00e8 dedicata agli oggetti d&#8217;arte con mobili, vasi orientali, vetri e ceramiche.<br \/>Dalla terrazza si gode una bella vista su Piazza delle Erbe.<\/p>\n<h3>30. Chiesa di Santo Stefano<\/h3>\n<p>Costruita su un antico tempio romano dedicato a Iside, la<strong> Basilica di Santo Stefano<\/strong> fu consacrata nel 421 d.C. e ospit\u00f2 per quattro volte le sepolture dei vescovi di Verona.<br \/>L&#8217;interno \u00e8 ornato da affreschi di maestri del XIV secolo tra cui Giacomo da Riva e Martino e del Rinascimento come Brusasorzi, Caroto, Farinati e Battista Del Moro.<br \/>L&#8217;abside ha elementi di epoca paleocristiana e dell&#8217;alto Medioevo.<br \/>La cripta risale al X secolo, con le sue volte a crociera e quattro colonne centrali in granito di origine egiziana.<\/p>\n\n\t\t<style type=\"text\/css\">\n\t\t\t#gallery-1 {\n\t\t\t\tmargin: auto;\n\t\t\t}\n\t\t\t#gallery-1 .gallery-item {\n\t\t\t\tfloat: left;\n\t\t\t\tmargin-top: 10px;\n\t\t\t\ttext-align: center;\n\t\t\t\twidth: 20%;\n\t\t\t}\n\t\t\t#gallery-1 img {\n\t\t\t\tborder: 2px solid #cfcfcf;\n\t\t\t}\n\t\t\t#gallery-1 .gallery-caption {\n\t\t\t\tmargin-left: 0;\n\t\t\t}\n\t\t\t\/* see gallery_shortcode() in wp-includes\/media.php *\/\n\t\t<\/style>\n\t\t<div id='gallery-1' class='gallery galleryid-27049 gallery-columns-5 gallery-size-thumbnail'><dl class='gallery-item'>\n\t\t\t<dt class='gallery-icon landscape'>\n\t\t\t\t<a href='https:\/\/www.bellitalie.org\/wp-content\/uploads\/2021\/12\/chiesa-di-santo-stefano-verona_0381.jpg'><img width=\"150\" height=\"150\" src=\"https:\/\/www.bellitalie.org\/wp-content\/uploads\/2021\/12\/chiesa-di-santo-stefano-verona_0381-150x150.jpg\" class=\"attachment-thumbnail size-thumbnail\" alt=\"chiesa-di-santo-stefano-verona_0381\" loading=\"lazy\" srcset=\"https:\/\/www.bellitalie.org\/wp-content\/uploads\/2021\/12\/chiesa-di-santo-stefano-verona_0381-150x150.jpg 150w, https:\/\/www.bellitalie.org\/wp-content\/uploads\/2021\/12\/chiesa-di-santo-stefano-verona_0381-50x50.jpg 50w, https:\/\/www.bellitalie.org\/wp-content\/uploads\/2021\/12\/chiesa-di-santo-stefano-verona_0381-80x80.jpg 80w, https:\/\/www.bellitalie.org\/wp-content\/uploads\/2021\/12\/chiesa-di-santo-stefano-verona_0381-75x75.jpg 75w\" sizes=\"(max-width: 150px) 100vw, 150px\" \/><\/a>\n\t\t\t<\/dt><\/dl><dl class='gallery-item'>\n\t\t\t<dt class='gallery-icon landscape'>\n\t\t\t\t<a href='https:\/\/www.bellitalie.org\/wp-content\/uploads\/2021\/12\/chiesa-di-santo-stefano-verona_0382.jpg'><img width=\"150\" height=\"150\" src=\"https:\/\/www.bellitalie.org\/wp-content\/uploads\/2021\/12\/chiesa-di-santo-stefano-verona_0382-150x150.jpg\" class=\"attachment-thumbnail size-thumbnail\" alt=\"chiesa-di-santo-stefano-verona_0382\" loading=\"lazy\" srcset=\"https:\/\/www.bellitalie.org\/wp-content\/uploads\/2021\/12\/chiesa-di-santo-stefano-verona_0382-150x150.jpg 150w, https:\/\/www.bellitalie.org\/wp-content\/uploads\/2021\/12\/chiesa-di-santo-stefano-verona_0382-50x50.jpg 50w, https:\/\/www.bellitalie.org\/wp-content\/uploads\/2021\/12\/chiesa-di-santo-stefano-verona_0382-80x80.jpg 80w, https:\/\/www.bellitalie.org\/wp-content\/uploads\/2021\/12\/chiesa-di-santo-stefano-verona_0382-75x75.jpg 75w\" sizes=\"(max-width: 150px) 100vw, 150px\" \/><\/a>\n\t\t\t<\/dt><\/dl><dl class='gallery-item'>\n\t\t\t<dt class='gallery-icon portrait'>\n\t\t\t\t<a href='https:\/\/www.bellitalie.org\/wp-content\/uploads\/2021\/12\/affresco-annunciazione-e-incoronazione-della-vergine-di-martino-da-verona-santo-stefano-verona_0384.jpg'><img width=\"150\" height=\"150\" src=\"https:\/\/www.bellitalie.org\/wp-content\/uploads\/2021\/12\/affresco-annunciazione-e-incoronazione-della-vergine-di-martino-da-verona-santo-stefano-verona_0384-150x150.jpg\" class=\"attachment-thumbnail size-thumbnail\" alt=\"affresco-annunciazione-e-incoronazione-della-vergine-di-martino-da-verona-santo-stefano-verona_0384\" loading=\"lazy\" srcset=\"https:\/\/www.bellitalie.org\/wp-content\/uploads\/2021\/12\/affresco-annunciazione-e-incoronazione-della-vergine-di-martino-da-verona-santo-stefano-verona_0384-150x150.jpg 150w, https:\/\/www.bellitalie.org\/wp-content\/uploads\/2021\/12\/affresco-annunciazione-e-incoronazione-della-vergine-di-martino-da-verona-santo-stefano-verona_0384-50x50.jpg 50w, https:\/\/www.bellitalie.org\/wp-content\/uploads\/2021\/12\/affresco-annunciazione-e-incoronazione-della-vergine-di-martino-da-verona-santo-stefano-verona_0384-80x80.jpg 80w, https:\/\/www.bellitalie.org\/wp-content\/uploads\/2021\/12\/affresco-annunciazione-e-incoronazione-della-vergine-di-martino-da-verona-santo-stefano-verona_0384-75x75.jpg 75w\" sizes=\"(max-width: 150px) 100vw, 150px\" \/><\/a>\n\t\t\t<\/dt><\/dl><dl class='gallery-item'>\n\t\t\t<dt class='gallery-icon landscape'>\n\t\t\t\t<a href='https:\/\/www.bellitalie.org\/wp-content\/uploads\/2021\/12\/eglise-santo-stefano-verone_0387.jpg'><img width=\"150\" height=\"150\" src=\"https:\/\/www.bellitalie.org\/wp-content\/uploads\/2021\/12\/eglise-santo-stefano-verone_0387-150x150.jpg\" class=\"attachment-thumbnail size-thumbnail\" alt=\"eglise-santo-stefano-verone_0387\" loading=\"lazy\" srcset=\"https:\/\/www.bellitalie.org\/wp-content\/uploads\/2021\/12\/eglise-santo-stefano-verone_0387-150x150.jpg 150w, https:\/\/www.bellitalie.org\/wp-content\/uploads\/2021\/12\/eglise-santo-stefano-verone_0387-50x50.jpg 50w, https:\/\/www.bellitalie.org\/wp-content\/uploads\/2021\/12\/eglise-santo-stefano-verone_0387-80x80.jpg 80w, https:\/\/www.bellitalie.org\/wp-content\/uploads\/2021\/12\/eglise-santo-stefano-verone_0387-75x75.jpg 75w\" sizes=\"(max-width: 150px) 100vw, 150px\" \/><\/a>\n\t\t\t<\/dt><\/dl>\n\t\t\t<br style='clear: both' \/>\n\t\t<\/div>\n\n<h3>31. Chiesa di San Lorenzo<\/h3>\n<p><a href=\"https:\/\/www.bellitalie.org\/wp-content\/uploads\/2021\/12\/basilica-di-san-lorenzo-verona_0594.jpg\" rel=\"attachment wp-att-24556\"><img loading=\"lazy\" class=\"alignright size-thumbnail wp-image-24556\" src=\"https:\/\/www.bellitalie.org\/wp-content\/uploads\/2021\/12\/basilica-di-san-lorenzo-verona_0594-150x150.jpg\" alt=\"basilica-di-san-lorenzo-verona_0594\" width=\"150\" height=\"150\" srcset=\"https:\/\/www.bellitalie.org\/wp-content\/uploads\/2021\/12\/basilica-di-san-lorenzo-verona_0594-150x150.jpg 150w, https:\/\/www.bellitalie.org\/wp-content\/uploads\/2021\/12\/basilica-di-san-lorenzo-verona_0594-50x50.jpg 50w, https:\/\/www.bellitalie.org\/wp-content\/uploads\/2021\/12\/basilica-di-san-lorenzo-verona_0594-80x80.jpg 80w, https:\/\/www.bellitalie.org\/wp-content\/uploads\/2021\/12\/basilica-di-san-lorenzo-verona_0594-75x75.jpg 75w\" sizes=\"(max-width: 150px) 100vw, 150px\" \/><\/a>La romanica <strong>Chiesa di San Lorenzo<\/strong>, risalente agli inizi del XII secolo, fu costruita al posto di un&#8217;antica basilica paleocristiana. Fu pesantemente restaurata nei XIX e XX secoli.<br \/><a href=\"https:\/\/www.bellitalie.org\/wp-content\/uploads\/2021\/12\/basilique-san-lorenzo-verone_0599.jpg\" rel=\"attachment wp-att-24559\"><img loading=\"lazy\" class=\"alignleft size-thumbnail wp-image-24559\" src=\"https:\/\/www.bellitalie.org\/wp-content\/uploads\/2021\/12\/basilique-san-lorenzo-verone_0599-150x150.jpg\" alt=\"basilique-san-lorenzo-verone_0599\" width=\"150\" height=\"150\" srcset=\"https:\/\/www.bellitalie.org\/wp-content\/uploads\/2021\/12\/basilique-san-lorenzo-verone_0599-150x150.jpg 150w, https:\/\/www.bellitalie.org\/wp-content\/uploads\/2021\/12\/basilique-san-lorenzo-verone_0599-50x50.jpg 50w, https:\/\/www.bellitalie.org\/wp-content\/uploads\/2021\/12\/basilique-san-lorenzo-verone_0599-80x80.jpg 80w, https:\/\/www.bellitalie.org\/wp-content\/uploads\/2021\/12\/basilique-san-lorenzo-verone_0599-75x75.jpg 75w\" sizes=\"(max-width: 150px) 100vw, 150px\" \/><\/a>La sua costruzione \u00e8 tipica del romanico veronese con strisce alternate di tufo ocra e mattoni rossi. Il protiro e il campanile ricostruito risalgono al XV secolo.<br \/>La facciata \u00e8 incorniciata da due insolite grandi torri cilindriche dove le scale conducono alla galleria superiore.<br \/>L&#8217;interno ha tre navate con sopra le navate laterali i matronei, con logge.<br \/>Conserva notevoli frammenti di affreschi dei XIII e XIV secoli.<\/p>\n<h3>32. Chiesa della Santissima trinit\u00e0 in Monte Oliveto<\/h3>\n<p><a href=\"https:\/\/www.bellitalie.org\/wp-content\/uploads\/2021\/12\/santissima-trinita-in-monte-oliveto-verona_0516.jpg\" rel=\"attachment wp-att-24564\"><img loading=\"lazy\" class=\"alignright size-thumbnail wp-image-24564\" src=\"https:\/\/www.bellitalie.org\/wp-content\/uploads\/2021\/12\/santissima-trinita-in-monte-oliveto-verona_0516-150x150.jpg\" alt=\"santissima-trinita-in-monte-oliveto-verona_0516\" width=\"150\" height=\"150\" srcset=\"https:\/\/www.bellitalie.org\/wp-content\/uploads\/2021\/12\/santissima-trinita-in-monte-oliveto-verona_0516-150x150.jpg 150w, https:\/\/www.bellitalie.org\/wp-content\/uploads\/2021\/12\/santissima-trinita-in-monte-oliveto-verona_0516-50x50.jpg 50w, https:\/\/www.bellitalie.org\/wp-content\/uploads\/2021\/12\/santissima-trinita-in-monte-oliveto-verona_0516-80x80.jpg 80w, https:\/\/www.bellitalie.org\/wp-content\/uploads\/2021\/12\/santissima-trinita-in-monte-oliveto-verona_0516-75x75.jpg 75w\" sizes=\"(max-width: 150px) 100vw, 150px\" \/><\/a>Costruita a partire dal 1073 dai monaci Vallombrosani su un&#8217;antica chiesa, la <strong>Chiesa della Santissima Trinit\u00e0<\/strong> dovette essere ristrutturata dopo il terremoto del 1117, come molti monumenti di Verona. L&#8217;abbazia serv\u00ec come prigione dal 1536 e cadde in rovina nel XIX secolo. Gran parte del monastero i cui chiostri furono distrutti dal bombardamento del 6 aprile 1945.<br \/><a href=\"https:\/\/www.bellitalie.org\/wp-content\/uploads\/2021\/12\/abside-santissima-trinita-in-monte-oliveto-verona_0525.jpg\" rel=\"attachment wp-att-24567\"><img loading=\"lazy\" class=\"alignleft size-thumbnail wp-image-24567\" src=\"https:\/\/www.bellitalie.org\/wp-content\/uploads\/2021\/12\/abside-santissima-trinita-in-monte-oliveto-verona_0525-150x150.jpg\" alt=\"abside-santissima-trinita-in-monte-oliveto-verona_0525\" width=\"150\" height=\"150\" srcset=\"https:\/\/www.bellitalie.org\/wp-content\/uploads\/2021\/12\/abside-santissima-trinita-in-monte-oliveto-verona_0525-150x150.jpg 150w, https:\/\/www.bellitalie.org\/wp-content\/uploads\/2021\/12\/abside-santissima-trinita-in-monte-oliveto-verona_0525-50x50.jpg 50w, https:\/\/www.bellitalie.org\/wp-content\/uploads\/2021\/12\/abside-santissima-trinita-in-monte-oliveto-verona_0525-80x80.jpg 80w, https:\/\/www.bellitalie.org\/wp-content\/uploads\/2021\/12\/abside-santissima-trinita-in-monte-oliveto-verona_0525-75x75.jpg 75w\" sizes=\"(max-width: 150px) 100vw, 150px\" \/><\/a>La sua facciata, come il campanile, \u00e8 in stile romanico, alternando pietre e mattoni, precedente un atrio del XVI secolo con doppie colonne.<br \/>L&#8217;interno ha una sola navata, spesso ristrutturato, mescolando diverse epoche architettoniche, tra cui l&#8217;ampliamento nel XVI secolo. Tra i resti dei dipinti pi\u00f9 notevoli vi sono quelli dei padri e figli Brusasorzi, un affresco di Martino da Verona sull&#8217;arco trionfale della fine del XIV secolo.<\/p>\n<h3>33. Convento di San Bernardino<\/h3>\n<p><a href=\"https:\/\/www.bellitalie.org\/wp-content\/uploads\/2021\/12\/chiostro-antonio-convento-di-san-bernardino-verona_0615.jpg\" rel=\"attachment wp-att-24572\"><img loading=\"lazy\" class=\"alignright size-thumbnail wp-image-24572\" src=\"https:\/\/www.bellitalie.org\/wp-content\/uploads\/2021\/12\/chiostro-antonio-convento-di-san-bernardino-verona_0615-150x150.jpg\" alt=\"chiostro-antonio-convento-di-san-bernardino-verona_0615\" width=\"150\" height=\"150\" srcset=\"https:\/\/www.bellitalie.org\/wp-content\/uploads\/2021\/12\/chiostro-antonio-convento-di-san-bernardino-verona_0615-150x150.jpg 150w, https:\/\/www.bellitalie.org\/wp-content\/uploads\/2021\/12\/chiostro-antonio-convento-di-san-bernardino-verona_0615-50x50.jpg 50w, https:\/\/www.bellitalie.org\/wp-content\/uploads\/2021\/12\/chiostro-antonio-convento-di-san-bernardino-verona_0615-80x80.jpg 80w, https:\/\/www.bellitalie.org\/wp-content\/uploads\/2021\/12\/chiostro-antonio-convento-di-san-bernardino-verona_0615-75x75.jpg 75w\" sizes=\"(max-width: 150px) 100vw, 150px\" \/><\/a>Il <strong>complesso conventuale di San Bernardino<\/strong> fu edificato a partire dal 1452, due anni dopo la canonizzazione di Bernardo di Siena, predicatore francescano che pass\u00f2 a Verona a partire dal 1422.<br \/>In gran parte saccheggiato il convento cambi\u00f2 destinazione nel XIX secolo, fungendo da ospedale, cimitero, magazzino e collegio.<br \/><a href=\"https:\/\/www.bellitalie.org\/wp-content\/uploads\/2021\/12\/chiesa-convento-di-san-bernardino-verona_0618.jpg\" rel=\"attachment wp-att-24575\"><img loading=\"lazy\" class=\"alignleft size-thumbnail wp-image-24575\" src=\"https:\/\/www.bellitalie.org\/wp-content\/uploads\/2021\/12\/chiesa-convento-di-san-bernardino-verona_0618-150x150.jpg\" alt=\"chiesa-convento-di-san-bernardino-verona_0618\" width=\"150\" height=\"150\" srcset=\"https:\/\/www.bellitalie.org\/wp-content\/uploads\/2021\/12\/chiesa-convento-di-san-bernardino-verona_0618-150x150.jpg 150w, https:\/\/www.bellitalie.org\/wp-content\/uploads\/2021\/12\/chiesa-convento-di-san-bernardino-verona_0618-50x50.jpg 50w, https:\/\/www.bellitalie.org\/wp-content\/uploads\/2021\/12\/chiesa-convento-di-san-bernardino-verona_0618-80x80.jpg 80w, https:\/\/www.bellitalie.org\/wp-content\/uploads\/2021\/12\/chiesa-convento-di-san-bernardino-verona_0618-75x75.jpg 75w\" sizes=\"(max-width: 150px) 100vw, 150px\" \/><\/a>Il complesso, in stile gotico rinascimentale con elementi barocchi, comprende quattro chiostri, tra cui il chiostro maggiore di Sant&#8217;Antonio che precede la chiesa, con le sue lunette decorate. La chiesa sobria fu costruita interamente in mattoni, ha un bel portale del XV secolo.<br \/>All&#8217;interno si trova un bellissimo altare barocco, la cappella dei pellegrini di Michele Sammicheli, e altre ricche cappelle.<\/p>\n<h2>Cartina dei siti da vedere a Verona<\/h2>\n<div id=\"travelersmap-container-69f5f1875d015\" class=\"travelersmap-container\" style=\"z-index: 1; min-height: 10px; min-width:10px; height:450px;width:100%; max-width:; max-height:; position:relative;\"><div style=\"position:absolute; z-index:-1;top: 50%;text-align: center;display: block;left: 50%;transform: translate(-50%,-50%);\">Travelers' Map is loading... <br> If you see this after your page is loaded completely, leafletJS files are missing.<\/div><\/div>\n<p>\u00a0<\/p>\n<h2>Informazioni e fonti<\/h2>\n<ul class=\"Style4\">\n<li>Sito del <a href=\"http:\/\/www.comune.verona.it\/\" target=\"_blank\" rel=\"noopener\">comune di Verona<\/a> su internet<\/li>\n<li><a href=\"https:\/\/it.wikipedia.org\/wiki\/Verona\" target=\"_blank\" rel=\"noopener\">Articolo Wikipedia su Verona<\/a><\/li>\n<li>Portali turistici : <a href=\"https:\/\/www.veneto.eu\/IT\/Verona\/\" target=\"_blank\" rel=\"noopener\">www.veneto.eu<\/a>, <a href=\"https:\/\/www.visitverona.it\" target=\"_blank\" rel=\"noopener\">www.visitverona.it<\/a><\/li>\n<\/ul>\n\n\n<div class=\"wp-container-3 wp-block-columns has-background\" style=\"background-color:#dfece5\">\n<div class=\"wp-container-1 wp-block-column\">\n<p><strong><a href=\"https:\/\/www.bellitalie.org\/it\/regione_italia\/veneto\/\">Veneto<\/a><\/strong><\/p>\n<ul class=\"lcp_catlist2\" id=\"lcp_instance_0\"><li><a href=\"https:\/\/www.bellitalie.org\/it\/destinazione\/veneto\/verona\/\">Verona<\/a><a href=\"https:\/\/www.bellitalie.org\/it\/destinazione\/veneto\/verona\/\" title=\"Verona\"><img width=\"150\" height=\"150\" src=\"https:\/\/www.bellitalie.org\/wp-content\/uploads\/2021\/09\/verone-italie_1623-150x150.jpg\" class=\"lcp_thumbnail wp-post-image\" alt=\"Verona\" loading=\"lazy\" srcset=\"https:\/\/www.bellitalie.org\/wp-content\/uploads\/2021\/09\/verone-italie_1623-150x150.jpg 150w, https:\/\/www.bellitalie.org\/wp-content\/uploads\/2021\/09\/verone-italie_1623-50x50.jpg 50w, https:\/\/www.bellitalie.org\/wp-content\/uploads\/2021\/09\/verone-italie_1623-80x80.jpg 80w, https:\/\/www.bellitalie.org\/wp-content\/uploads\/2021\/09\/verone-italie_1623-75x75.jpg 75w\" sizes=\"(max-width: 150px) 100vw, 150px\" \/><\/a><div class=\"lcp_excerpt\">\nVerona non si limita all&#8217;amore tragico di Romeo e Giulietta raccontato da Shakespeare, tutt&#8217;altro. \u00c8 ...<\/div><\/li><li><a href=\"https:\/\/www.bellitalie.org\/it\/destinazione\/veneto\/lago-di-garda\/\">Lago di Garda<\/a><a href=\"https:\/\/www.bellitalie.org\/it\/destinazione\/veneto\/lago-di-garda\/\" title=\"Lago di Garda\"><img width=\"150\" height=\"150\" src=\"https:\/\/www.bellitalie.org\/wp-content\/uploads\/2023\/09\/cote-lac-de-garde-malcesine-brenzone_9766-150x150.jpg\" class=\"lcp_thumbnail wp-post-image\" alt=\"Lago di Garda\" loading=\"lazy\" srcset=\"https:\/\/www.bellitalie.org\/wp-content\/uploads\/2023\/09\/cote-lac-de-garde-malcesine-brenzone_9766-150x150.jpg 150w, https:\/\/www.bellitalie.org\/wp-content\/uploads\/2023\/09\/cote-lac-de-garde-malcesine-brenzone_9766-50x50.jpg 50w, https:\/\/www.bellitalie.org\/wp-content\/uploads\/2023\/09\/cote-lac-de-garde-malcesine-brenzone_9766-80x80.jpg 80w, https:\/\/www.bellitalie.org\/wp-content\/uploads\/2023\/09\/cote-lac-de-garde-malcesine-brenzone_9766-75x75.jpg 75w\" sizes=\"(max-width: 150px) 100vw, 150px\" \/><\/a><div class=\"lcp_excerpt\">\nIl Lago di Garda \u00e8 il pi\u00f9 grande lago d&#8217;Italia, situato tra Brescia ad ovest ...<\/div><\/li><li><a href=\"https:\/\/www.bellitalie.org\/it\/destinazione\/veneto\/peschiera-del-garda\/\">Peschiera del Garda<\/a><a href=\"https:\/\/www.bellitalie.org\/it\/destinazione\/veneto\/peschiera-del-garda\/\" title=\"Peschiera del Garda\"><img width=\"150\" height=\"150\" src=\"https:\/\/www.bellitalie.org\/wp-content\/uploads\/2021\/09\/canale-di-mezzo-peschiera-del-garda_9516-150x150.jpg\" class=\"lcp_thumbnail wp-post-image\" alt=\"Peschiera del Garda\" loading=\"lazy\" srcset=\"https:\/\/www.bellitalie.org\/wp-content\/uploads\/2021\/09\/canale-di-mezzo-peschiera-del-garda_9516-150x150.jpg 150w, https:\/\/www.bellitalie.org\/wp-content\/uploads\/2021\/09\/canale-di-mezzo-peschiera-del-garda_9516-50x50.jpg 50w, https:\/\/www.bellitalie.org\/wp-content\/uploads\/2021\/09\/canale-di-mezzo-peschiera-del-garda_9516-80x80.jpg 80w, https:\/\/www.bellitalie.org\/wp-content\/uploads\/2021\/09\/canale-di-mezzo-peschiera-del-garda_9516-75x75.jpg 75w\" sizes=\"(max-width: 150px) 100vw, 150px\" \/><\/a><div class=\"lcp_excerpt\">\nSulla sponda meridionale del Lago di Garda, Peschiera del Garda \u00e8 una citt\u00e0-fortezza circondata dalle ...<\/div><\/li><\/ul>\n<\/div>\n\n\n\n<div class=\"wp-container-2 wp-block-column\">\n<p><a href=\"https:\/\/www.bellitalie.org\/it\/destinazione\/veneto\/verona\/\"><strong>Verona<\/strong><\/a><\/p>\n<ul class=\"lcp_catlist2\" id=\"lcp_instance_0\"><li><a href=\"https:\/\/www.bellitalie.org\/it\/destinazione\/veneto\/verona\/arena-di-verona\/\">Arena di Verona<\/a><a href=\"https:\/\/www.bellitalie.org\/it\/destinazione\/veneto\/verona\/arena-di-verona\/\" title=\"Arena di Verona\"><img width=\"150\" height=\"150\" src=\"https:\/\/www.bellitalie.org\/wp-content\/uploads\/2023\/09\/interieur-arenes-de-verone_0083-150x150.jpg\" class=\"lcp_thumbnail wp-post-image\" alt=\"Arena di Verona\" loading=\"lazy\" srcset=\"https:\/\/www.bellitalie.org\/wp-content\/uploads\/2023\/09\/interieur-arenes-de-verone_0083-150x150.jpg 150w, https:\/\/www.bellitalie.org\/wp-content\/uploads\/2023\/09\/interieur-arenes-de-verone_0083-50x50.jpg 50w, https:\/\/www.bellitalie.org\/wp-content\/uploads\/2023\/09\/interieur-arenes-de-verone_0083-80x80.jpg 80w, https:\/\/www.bellitalie.org\/wp-content\/uploads\/2023\/09\/interieur-arenes-de-verone_0083-75x75.jpg 75w\" sizes=\"(max-width: 150px) 100vw, 150px\" \/><\/a><div class=\"lcp_excerpt\">\nChiamata l&#8217;Arena, dal nome che designa anche la sabbia, questa grande arena romana \u00e8 un ...<\/div><\/li><li><a href=\"https:\/\/www.bellitalie.org\/it\/destinazione\/veneto\/verona\/piazza-delle-erbe-e-torre-dei-lamberti\/\">Piazza delle Erbe e Torre dei Lamberti<\/a><a href=\"https:\/\/www.bellitalie.org\/it\/destinazione\/veneto\/verona\/piazza-delle-erbe-e-torre-dei-lamberti\/\" title=\"Piazza delle Erbe e Torre dei Lamberti\"><img width=\"150\" height=\"150\" src=\"https:\/\/www.bellitalie.org\/wp-content\/uploads\/2021\/09\/piazza-delle-erbe-verone_0582-150x150.jpg\" class=\"lcp_thumbnail wp-post-image\" alt=\"Piazza delle Erbe e Torre dei Lamberti\" loading=\"lazy\" srcset=\"https:\/\/www.bellitalie.org\/wp-content\/uploads\/2021\/09\/piazza-delle-erbe-verone_0582-150x150.jpg 150w, https:\/\/www.bellitalie.org\/wp-content\/uploads\/2021\/09\/piazza-delle-erbe-verone_0582-50x50.jpg 50w, https:\/\/www.bellitalie.org\/wp-content\/uploads\/2021\/09\/piazza-delle-erbe-verone_0582-80x80.jpg 80w, https:\/\/www.bellitalie.org\/wp-content\/uploads\/2021\/09\/piazza-delle-erbe-verone_0582-75x75.jpg 75w\" sizes=\"(max-width: 150px) 100vw, 150px\" \/><\/a><div class=\"lcp_excerpt\">\nPiazza delle Erbe \u00e8 sicuramente una delle piazze pi\u00f9 belle d&#8217;Italia e anche la pi\u00f9 ...<\/div><\/li><li><a href=\"https:\/\/www.bellitalie.org\/it\/destinazione\/veneto\/verona\/castelvecchio-e-ponte-scaligero\/\">Castelvecchio e Ponte Scaligero<\/a><a href=\"https:\/\/www.bellitalie.org\/it\/destinazione\/veneto\/verona\/castelvecchio-e-ponte-scaligero\/\" title=\"Castelvecchio e Ponte Scaligero\"><img width=\"150\" height=\"150\" src=\"https:\/\/www.bellitalie.org\/wp-content\/uploads\/2023\/09\/ponte-di-castelvecchio-verona_0221-150x150.jpg\" class=\"lcp_thumbnail wp-post-image\" alt=\"Castelvecchio e Ponte Scaligero\" loading=\"lazy\" srcset=\"https:\/\/www.bellitalie.org\/wp-content\/uploads\/2023\/09\/ponte-di-castelvecchio-verona_0221-150x150.jpg 150w, https:\/\/www.bellitalie.org\/wp-content\/uploads\/2023\/09\/ponte-di-castelvecchio-verona_0221-50x50.jpg 50w, https:\/\/www.bellitalie.org\/wp-content\/uploads\/2023\/09\/ponte-di-castelvecchio-verona_0221-80x80.jpg 80w, https:\/\/www.bellitalie.org\/wp-content\/uploads\/2023\/09\/ponte-di-castelvecchio-verona_0221-75x75.jpg 75w\" sizes=\"(max-width: 150px) 100vw, 150px\" \/><\/a><div class=\"lcp_excerpt\">\nCastelvecchio\nAi margini dell&#8217;Adige, il Castelvecchio di Verona era in origine una fortezza militare costruita in ...<\/div><\/li><li><a href=\"https:\/\/www.bellitalie.org\/it\/destinazione\/veneto\/verona\/piazza-dei-signori\/\">Piazza dei Signori di Verona<\/a><a href=\"https:\/\/www.bellitalie.org\/it\/destinazione\/veneto\/verona\/piazza-dei-signori\/\" title=\"Piazza dei Signori di Verona\"><img width=\"150\" height=\"150\" src=\"https:\/\/www.bellitalie.org\/wp-content\/uploads\/2023\/09\/piazza-dei-signori-verona_1592-150x150.jpg\" class=\"lcp_thumbnail wp-post-image\" alt=\"Piazza dei Signori di Verona\" loading=\"lazy\" srcset=\"https:\/\/www.bellitalie.org\/wp-content\/uploads\/2023\/09\/piazza-dei-signori-verona_1592-150x150.jpg 150w, https:\/\/www.bellitalie.org\/wp-content\/uploads\/2023\/09\/piazza-dei-signori-verona_1592-50x50.jpg 50w, https:\/\/www.bellitalie.org\/wp-content\/uploads\/2023\/09\/piazza-dei-signori-verona_1592-80x80.jpg 80w, https:\/\/www.bellitalie.org\/wp-content\/uploads\/2023\/09\/piazza-dei-signori-verona_1592-75x75.jpg 75w\" sizes=\"(max-width: 150px) 100vw, 150px\" \/><\/a><div class=\"lcp_excerpt\">\nVicino a Piazza delle Erbe, la Piazza dei Signori \u00e8 anche chiamata Piazza Dante per ...<\/div><\/li><li><a href=\"https:\/\/www.bellitalie.org\/it\/destinazione\/veneto\/verona\/basilica-di-santa-anastasia-di-verona\/\">Basilica di Santa Anastasia di Verona<\/a><a href=\"https:\/\/www.bellitalie.org\/it\/destinazione\/veneto\/verona\/basilica-di-santa-anastasia-di-verona\/\" title=\"Basilica di Santa Anastasia di Verona\"><img width=\"150\" height=\"150\" src=\"https:\/\/www.bellitalie.org\/wp-content\/uploads\/2023\/09\/basilica-santa-anastasia-verona_9954-150x150.jpg\" class=\"lcp_thumbnail wp-post-image\" alt=\"Basilica di Santa Anastasia di Verona\" loading=\"lazy\" srcset=\"https:\/\/www.bellitalie.org\/wp-content\/uploads\/2023\/09\/basilica-santa-anastasia-verona_9954-150x150.jpg 150w, https:\/\/www.bellitalie.org\/wp-content\/uploads\/2023\/09\/basilica-santa-anastasia-verona_9954-50x50.jpg 50w, https:\/\/www.bellitalie.org\/wp-content\/uploads\/2023\/09\/basilica-santa-anastasia-verona_9954-80x80.jpg 80w, https:\/\/www.bellitalie.org\/wp-content\/uploads\/2023\/09\/basilica-santa-anastasia-verona_9954-75x75.jpg 75w\" sizes=\"(max-width: 150px) 100vw, 150px\" \/><\/a><div class=\"lcp_excerpt\">\nLa Basilica di Santa Anastasia \u00e8 una chiesa domenicana e la pi\u00f9 grande di Verona, ...<\/div><\/li><li><a href=\"https:\/\/www.bellitalie.org\/it\/destinazione\/veneto\/verona\/complesso-della-cattedrale-di-verona\/\">Complesso della cattedrale di Verona<\/a><a href=\"https:\/\/www.bellitalie.org\/it\/destinazione\/veneto\/verona\/complesso-della-cattedrale-di-verona\/\" title=\"Complesso della cattedrale di Verona\"><img width=\"150\" height=\"150\" src=\"https:\/\/www.bellitalie.org\/wp-content\/uploads\/2021\/12\/cathedrale-santa-maria-matricolare-verone_1608-150x150.jpg\" class=\"lcp_thumbnail wp-post-image\" alt=\"Complesso della cattedrale di Verona\" loading=\"lazy\" srcset=\"https:\/\/www.bellitalie.org\/wp-content\/uploads\/2021\/12\/cathedrale-santa-maria-matricolare-verone_1608-150x150.jpg 150w, https:\/\/www.bellitalie.org\/wp-content\/uploads\/2021\/12\/cathedrale-santa-maria-matricolare-verone_1608-50x50.jpg 50w, https:\/\/www.bellitalie.org\/wp-content\/uploads\/2021\/12\/cathedrale-santa-maria-matricolare-verone_1608-80x80.jpg 80w, https:\/\/www.bellitalie.org\/wp-content\/uploads\/2021\/12\/cathedrale-santa-maria-matricolare-verone_1608-75x75.jpg 75w\" sizes=\"(max-width: 150px) 100vw, 150px\" \/><\/a><div class=\"lcp_excerpt\">\nIn origine, una basilica paleocristiana fu costruita in questa zona su antiche ville romane dotate ...<\/div><\/li><li><a href=\"https:\/\/www.bellitalie.org\/it\/destinazione\/veneto\/verona\/basilica-di-san-zeno-di-verona\/\">Basilica di San Zeno di Verona<\/a><a href=\"https:\/\/www.bellitalie.org\/it\/destinazione\/veneto\/verona\/basilica-di-san-zeno-di-verona\/\" title=\"Basilica di San Zeno di Verona\"><img width=\"150\" height=\"150\" src=\"https:\/\/www.bellitalie.org\/wp-content\/uploads\/2023\/09\/basilica-san-zeno-verona_0214-1-150x150.jpg\" class=\"lcp_thumbnail wp-post-image\" alt=\"Basilica di San Zeno di Verona\" loading=\"lazy\" srcset=\"https:\/\/www.bellitalie.org\/wp-content\/uploads\/2023\/09\/basilica-san-zeno-verona_0214-1-150x150.jpg 150w, https:\/\/www.bellitalie.org\/wp-content\/uploads\/2023\/09\/basilica-san-zeno-verona_0214-1-50x50.jpg 50w, https:\/\/www.bellitalie.org\/wp-content\/uploads\/2023\/09\/basilica-san-zeno-verona_0214-1-80x80.jpg 80w, https:\/\/www.bellitalie.org\/wp-content\/uploads\/2023\/09\/basilica-san-zeno-verona_0214-1-75x75.jpg 75w\" sizes=\"(max-width: 150px) 100vw, 150px\" \/><\/a><div class=\"lcp_excerpt\">\nAppena fuori dal centro storico, la Basilica di San Zeno Maggiore \u00e8 probabilmente l&#8217;edificio religioso ...<\/div><\/li><li><a href=\"https:\/\/www.bellitalie.org\/it\/destinazione\/veneto\/verona\/teatro-romano-di-verona\/\">Teatro romano di Verona<\/a><a href=\"https:\/\/www.bellitalie.org\/it\/destinazione\/veneto\/verona\/teatro-romano-di-verona\/\" title=\"Teatro romano di Verona\"><img width=\"150\" height=\"150\" src=\"https:\/\/www.bellitalie.org\/wp-content\/uploads\/2021\/12\/teatro-romano-di-verona_9634-150x150.jpg\" class=\"lcp_thumbnail wp-post-image\" alt=\"Teatro romano di Verona\" loading=\"lazy\" srcset=\"https:\/\/www.bellitalie.org\/wp-content\/uploads\/2021\/12\/teatro-romano-di-verona_9634-150x150.jpg 150w, https:\/\/www.bellitalie.org\/wp-content\/uploads\/2021\/12\/teatro-romano-di-verona_9634-50x50.jpg 50w, https:\/\/www.bellitalie.org\/wp-content\/uploads\/2021\/12\/teatro-romano-di-verona_9634-80x80.jpg 80w, https:\/\/www.bellitalie.org\/wp-content\/uploads\/2021\/12\/teatro-romano-di-verona_9634-75x75.jpg 75w\" sizes=\"(max-width: 150px) 100vw, 150px\" \/><\/a><div class=\"lcp_excerpt\">\nIl Teatro Romano di Verona \u00e8 il pi\u00f9 antico monumento della citt\u00e0, costruito nel I ...<\/div><\/li><li><a href=\"https:\/\/www.bellitalie.org\/it\/destinazione\/veneto\/verona\/chiesa-di-san-fermo-di-verona\/\">Chiesa di San Fermo di Verona<\/a><a href=\"https:\/\/www.bellitalie.org\/it\/destinazione\/veneto\/verona\/chiesa-di-san-fermo-di-verona\/\" title=\"Chiesa di San Fermo di Verona\"><img width=\"150\" height=\"150\" src=\"https:\/\/www.bellitalie.org\/wp-content\/uploads\/2021\/12\/chiesa-superiore-san-fermo-verona_0325-150x150.jpg\" class=\"lcp_thumbnail wp-post-image\" alt=\"Chiesa di San Fermo di Verona\" loading=\"lazy\" srcset=\"https:\/\/www.bellitalie.org\/wp-content\/uploads\/2021\/12\/chiesa-superiore-san-fermo-verona_0325-150x150.jpg 150w, https:\/\/www.bellitalie.org\/wp-content\/uploads\/2021\/12\/chiesa-superiore-san-fermo-verona_0325-50x50.jpg 50w, https:\/\/www.bellitalie.org\/wp-content\/uploads\/2021\/12\/chiesa-superiore-san-fermo-verona_0325-80x80.jpg 80w, https:\/\/www.bellitalie.org\/wp-content\/uploads\/2021\/12\/chiesa-superiore-san-fermo-verona_0325-75x75.jpg 75w\" sizes=\"(max-width: 150px) 100vw, 150px\" \/><\/a><div class=\"lcp_excerpt\">\nVicino all&#8217;Adige e al Ponte Navi, la Chiesa di San Fermo Maggiore \u00e8 di stile ...<\/div><\/li><li><a href=\"https:\/\/www.bellitalie.org\/it\/destinazione\/veneto\/verona\/museo-degli-affreschi-alla-tomba-di-giulietta\/\">Museo degli Affreschi alla tomba di Giulietta<\/a><a href=\"https:\/\/www.bellitalie.org\/it\/destinazione\/veneto\/verona\/museo-degli-affreschi-alla-tomba-di-giulietta\/\" title=\"Museo degli Affreschi alla tomba di Giulietta\"><img width=\"150\" height=\"150\" src=\"https:\/\/www.bellitalie.org\/wp-content\/uploads\/2023\/09\/cavalcata-di-carlo-v-clemente-vii-ligozzi-museo-degli-affreschi-verona_0489-150x150.jpg\" class=\"lcp_thumbnail wp-post-image\" alt=\"Museo degli Affreschi alla tomba di Giulietta\" loading=\"lazy\" srcset=\"https:\/\/www.bellitalie.org\/wp-content\/uploads\/2023\/09\/cavalcata-di-carlo-v-clemente-vii-ligozzi-museo-degli-affreschi-verona_0489-150x150.jpg 150w, https:\/\/www.bellitalie.org\/wp-content\/uploads\/2023\/09\/cavalcata-di-carlo-v-clemente-vii-ligozzi-museo-degli-affreschi-verona_0489-50x50.jpg 50w, https:\/\/www.bellitalie.org\/wp-content\/uploads\/2023\/09\/cavalcata-di-carlo-v-clemente-vii-ligozzi-museo-degli-affreschi-verona_0489-80x80.jpg 80w, https:\/\/www.bellitalie.org\/wp-content\/uploads\/2023\/09\/cavalcata-di-carlo-v-clemente-vii-ligozzi-museo-degli-affreschi-verona_0489-75x75.jpg 75w\" sizes=\"(max-width: 150px) 100vw, 150px\" \/><\/a><div class=\"lcp_excerpt\">\n\nOspitato all&#8217;interno dell&#8217;ex convento delle suore francescane di Verona che risale al XIII secolo, il ...<\/div><\/li><li><a href=\"https:\/\/www.bellitalie.org\/it\/destinazione\/veneto\/verona\/chiesa-di-santa-maria-in-organo-di-verona\/\">Chiesa di Santa Maria in Organo di Verona<\/a><a href=\"https:\/\/www.bellitalie.org\/it\/destinazione\/veneto\/verona\/chiesa-di-santa-maria-in-organo-di-verona\/\" title=\"Chiesa di Santa Maria in Organo di Verona\"><img width=\"150\" height=\"150\" src=\"https:\/\/www.bellitalie.org\/wp-content\/uploads\/2021\/12\/santa-maria-in-organo-verone_9996-150x150.jpg\" class=\"lcp_thumbnail wp-post-image\" alt=\"Chiesa di Santa Maria in Organo di Verona\" loading=\"lazy\" srcset=\"https:\/\/www.bellitalie.org\/wp-content\/uploads\/2021\/12\/santa-maria-in-organo-verone_9996-150x150.jpg 150w, https:\/\/www.bellitalie.org\/wp-content\/uploads\/2021\/12\/santa-maria-in-organo-verone_9996-50x50.jpg 50w, https:\/\/www.bellitalie.org\/wp-content\/uploads\/2021\/12\/santa-maria-in-organo-verone_9996-80x80.jpg 80w, https:\/\/www.bellitalie.org\/wp-content\/uploads\/2021\/12\/santa-maria-in-organo-verone_9996-75x75.jpg 75w\" sizes=\"(max-width: 150px) 100vw, 150px\" \/><\/a><div class=\"lcp_excerpt\">\nLa chiesa di Santa Maria Assunta, o Santa Maria in Organo, si trova nel quartiere ...<\/div><\/li><\/ul>\n<\/div>\n<\/div>\n","protected":false},"excerpt":{"rendered":"<p>La bellissima citt\u00e0 di Verona merita almeno un fine settimana per apprezzarne il patrimonio culturale e architettonico. Di seguito vi presentiamo i principali siti che ci si possono scoprire, classificati secondo un interesse pi\u00f9 o meno soggettivo.Vedi anche sotto la mappa con le attrazioni da vedere a Verona. 1. Arena di Verona Costruite dai romani [&hellip;]<\/p>\n","protected":false},"author":1,"featured_media":562,"parent":27024,"menu_order":0,"comment_status":"open","ping_status":"closed","template":"","format":"standard","meta":{"_links_to":"","_links_to_target":""},"tags":[],"categorie_page":[120],"region_italie":[],"acf":[],"yoast_head":"<!-- This site is optimized with the Yoast SEO plugin v17.5 - https:\/\/yoast.com\/wordpress\/plugins\/seo\/ -->\n<title>Cosa vedere a Verona - Pi\u00f9 di 20 luoghi - Bellitalie<\/title>\n<meta name=\"description\" content=\"Luoghi e monumenti da vedere a Verona, tra cui piazze, chiese e i loro tesori, palazzi e musei, castello, arena romane e siti antichi\" \/>\n<meta name=\"robots\" content=\"index, follow, max-snippet:-1, max-image-preview:large, max-video-preview:-1\" \/>\n<link rel=\"canonical\" href=\"https:\/\/www.bellitalie.org\/it\/destinazione\/veneto\/verona\/cosa-vedere-a-verona\/\" \/>\n<meta property=\"og:locale\" content=\"it_IT\" \/>\n<meta property=\"og:type\" content=\"article\" \/>\n<meta property=\"og:title\" content=\"Cosa vedere a Verona - Pi\u00f9 di 20 luoghi - Bellitalie\" \/>\n<meta property=\"og:description\" content=\"Luoghi e monumenti da vedere a Verona, tra cui piazze, chiese e i loro tesori, palazzi e musei, castello, arena romane e siti antichi\" \/>\n<meta property=\"og:url\" content=\"https:\/\/www.bellitalie.org\/it\/destinazione\/veneto\/verona\/cosa-vedere-a-verona\/\" \/>\n<meta property=\"og:site_name\" content=\"Bellitalie\" \/>\n<meta property=\"article:modified_time\" content=\"2023-11-07T08:37:53+00:00\" \/>\n<meta property=\"og:image\" content=\"https:\/\/www.bellitalie.org\/wp-content\/uploads\/2021\/09\/verone_1592.jpg\" \/>\n\t<meta property=\"og:image:width\" content=\"750\" \/>\n\t<meta property=\"og:image:height\" content=\"500\" \/>\n<meta name=\"twitter:card\" content=\"summary_large_image\" \/>\n<meta name=\"twitter:label1\" content=\"Tempo di lettura stimato\" \/>\n\t<meta name=\"twitter:data1\" content=\"21 minuti\" \/>\n<script type=\"application\/ld+json\" class=\"yoast-schema-graph\">{\"@context\":\"https:\/\/schema.org\",\"@graph\":[{\"@type\":\"WebSite\",\"@id\":\"https:\/\/www.bellitalie.org\/#website\",\"url\":\"https:\/\/www.bellitalie.org\/\",\"name\":\"Bellitalie\",\"description\":\"Regioni, citt\\u00e0 e patrimonio dell'Italia da nord a sud\",\"potentialAction\":[{\"@type\":\"SearchAction\",\"target\":{\"@type\":\"EntryPoint\",\"urlTemplate\":\"https:\/\/www.bellitalie.org\/?s={search_term_string}\"},\"query-input\":\"required name=search_term_string\"}],\"inLanguage\":\"it-IT\"},{\"@type\":\"ImageObject\",\"@id\":\"https:\/\/www.bellitalie.org\/it\/destinazione\/veneto\/verona\/cosa-vedere-a-verona\/#primaryimage\",\"inLanguage\":\"it-IT\",\"url\":\"https:\/\/www.bellitalie.org\/wp-content\/uploads\/2021\/09\/verone_1592.jpg\",\"contentUrl\":\"https:\/\/www.bellitalie.org\/wp-content\/uploads\/2021\/09\/verone_1592.jpg\",\"width\":750,\"height\":500,\"caption\":\"Loggia del Consiglio, Verona\"},{\"@type\":\"WebPage\",\"@id\":\"https:\/\/www.bellitalie.org\/it\/destinazione\/veneto\/verona\/cosa-vedere-a-verona\/#webpage\",\"url\":\"https:\/\/www.bellitalie.org\/it\/destinazione\/veneto\/verona\/cosa-vedere-a-verona\/\",\"name\":\"Cosa vedere a Verona - Pi\\u00f9 di 20 luoghi - Bellitalie\",\"isPartOf\":{\"@id\":\"https:\/\/www.bellitalie.org\/#website\"},\"primaryImageOfPage\":{\"@id\":\"https:\/\/www.bellitalie.org\/it\/destinazione\/veneto\/verona\/cosa-vedere-a-verona\/#primaryimage\"},\"datePublished\":\"2021-12-13T17:40:02+00:00\",\"dateModified\":\"2023-11-07T08:37:53+00:00\",\"description\":\"Luoghi e monumenti da vedere a Verona, tra cui piazze, chiese e i loro tesori, palazzi e musei, castello, arena romane e siti antichi\",\"breadcrumb\":{\"@id\":\"https:\/\/www.bellitalie.org\/it\/destinazione\/veneto\/verona\/cosa-vedere-a-verona\/#breadcrumb\"},\"inLanguage\":\"it-IT\",\"potentialAction\":[{\"@type\":\"ReadAction\",\"target\":[\"https:\/\/www.bellitalie.org\/it\/destinazione\/veneto\/verona\/cosa-vedere-a-verona\/\"]}]},{\"@type\":\"BreadcrumbList\",\"@id\":\"https:\/\/www.bellitalie.org\/it\/destinazione\/veneto\/verona\/cosa-vedere-a-verona\/#breadcrumb\",\"itemListElement\":[{\"@type\":\"ListItem\",\"position\":1,\"name\":\"Accueil\",\"item\":\"https:\/\/www.bellitalie.org\/it\/\"},{\"@type\":\"ListItem\",\"position\":2,\"name\":\"Veneto\",\"item\":\"https:\/\/www.bellitalie.org\/it\/regione_italia\/veneto\/\"},{\"@type\":\"ListItem\",\"position\":3,\"name\":\"Verona\",\"item\":\"https:\/\/www.bellitalie.org\/it\/destinazione\/veneto\/verona\/\"},{\"@type\":\"ListItem\",\"position\":4,\"name\":\"Cosa vedere a Verona &#8211; Pi\\u00f9 di 20 luoghi\"}]},{\"@type\":\"Person\",\"@id\":\"https:\/\/www.bellitalie.org\/#\/schema\/person\/6f25c64f0b5df6df0b93a2be44045da5\",\"name\":\"Bellitalie\",\"image\":{\"@type\":\"ImageObject\",\"@id\":\"https:\/\/www.bellitalie.org\/#personlogo\",\"inLanguage\":\"it-IT\",\"url\":\"https:\/\/secure.gravatar.com\/avatar\/ad516503a11cd5ca435acc9bb6523536?s=96\",\"contentUrl\":\"https:\/\/secure.gravatar.com\/avatar\/ad516503a11cd5ca435acc9bb6523536?s=96\",\"caption\":\"Bellitalie\"},\"sameAs\":[\"https:\/\/www.bellitalie.org\"]}]}<\/script>\n<!-- \/ Yoast SEO plugin. -->","yoast_head_json":{"title":"Cosa vedere a Verona - Pi\u00f9 di 20 luoghi - Bellitalie","description":"Luoghi e monumenti da vedere a Verona, tra cui piazze, chiese e i loro tesori, palazzi e musei, castello, arena romane e siti antichi","robots":{"index":"index","follow":"follow","max-snippet":"max-snippet:-1","max-image-preview":"max-image-preview:large","max-video-preview":"max-video-preview:-1"},"canonical":"https:\/\/www.bellitalie.org\/it\/destinazione\/veneto\/verona\/cosa-vedere-a-verona\/","og_locale":"it_IT","og_type":"article","og_title":"Cosa vedere a Verona - Pi\u00f9 di 20 luoghi - Bellitalie","og_description":"Luoghi e monumenti da vedere a Verona, tra cui piazze, chiese e i loro tesori, palazzi e musei, castello, arena romane e siti antichi","og_url":"https:\/\/www.bellitalie.org\/it\/destinazione\/veneto\/verona\/cosa-vedere-a-verona\/","og_site_name":"Bellitalie","article_modified_time":"2023-11-07T08:37:53+00:00","og_image":[{"width":750,"height":500,"url":"https:\/\/www.bellitalie.org\/wp-content\/uploads\/2021\/09\/verone_1592.jpg","type":"image\/jpeg"}],"twitter_card":"summary_large_image","twitter_misc":{"Tempo di lettura stimato":"21 minuti"},"schema":{"@context":"https:\/\/schema.org","@graph":[{"@type":"WebSite","@id":"https:\/\/www.bellitalie.org\/#website","url":"https:\/\/www.bellitalie.org\/","name":"Bellitalie","description":"Regioni, citt\u00e0 e patrimonio dell'Italia da nord a sud","potentialAction":[{"@type":"SearchAction","target":{"@type":"EntryPoint","urlTemplate":"https:\/\/www.bellitalie.org\/?s={search_term_string}"},"query-input":"required name=search_term_string"}],"inLanguage":"it-IT"},{"@type":"ImageObject","@id":"https:\/\/www.bellitalie.org\/it\/destinazione\/veneto\/verona\/cosa-vedere-a-verona\/#primaryimage","inLanguage":"it-IT","url":"https:\/\/www.bellitalie.org\/wp-content\/uploads\/2021\/09\/verone_1592.jpg","contentUrl":"https:\/\/www.bellitalie.org\/wp-content\/uploads\/2021\/09\/verone_1592.jpg","width":750,"height":500,"caption":"Loggia del Consiglio, Verona"},{"@type":"WebPage","@id":"https:\/\/www.bellitalie.org\/it\/destinazione\/veneto\/verona\/cosa-vedere-a-verona\/#webpage","url":"https:\/\/www.bellitalie.org\/it\/destinazione\/veneto\/verona\/cosa-vedere-a-verona\/","name":"Cosa vedere a Verona - Pi\u00f9 di 20 luoghi - Bellitalie","isPartOf":{"@id":"https:\/\/www.bellitalie.org\/#website"},"primaryImageOfPage":{"@id":"https:\/\/www.bellitalie.org\/it\/destinazione\/veneto\/verona\/cosa-vedere-a-verona\/#primaryimage"},"datePublished":"2021-12-13T17:40:02+00:00","dateModified":"2023-11-07T08:37:53+00:00","description":"Luoghi e monumenti da vedere a Verona, tra cui piazze, chiese e i loro tesori, palazzi e musei, castello, arena romane e siti antichi","breadcrumb":{"@id":"https:\/\/www.bellitalie.org\/it\/destinazione\/veneto\/verona\/cosa-vedere-a-verona\/#breadcrumb"},"inLanguage":"it-IT","potentialAction":[{"@type":"ReadAction","target":["https:\/\/www.bellitalie.org\/it\/destinazione\/veneto\/verona\/cosa-vedere-a-verona\/"]}]},{"@type":"BreadcrumbList","@id":"https:\/\/www.bellitalie.org\/it\/destinazione\/veneto\/verona\/cosa-vedere-a-verona\/#breadcrumb","itemListElement":[{"@type":"ListItem","position":1,"name":"Accueil","item":"https:\/\/www.bellitalie.org\/it\/"},{"@type":"ListItem","position":2,"name":"Veneto","item":"https:\/\/www.bellitalie.org\/it\/regione_italia\/veneto\/"},{"@type":"ListItem","position":3,"name":"Verona","item":"https:\/\/www.bellitalie.org\/it\/destinazione\/veneto\/verona\/"},{"@type":"ListItem","position":4,"name":"Cosa vedere a Verona &#8211; Pi\u00f9 di 20 luoghi"}]},{"@type":"Person","@id":"https:\/\/www.bellitalie.org\/#\/schema\/person\/6f25c64f0b5df6df0b93a2be44045da5","name":"Bellitalie","image":{"@type":"ImageObject","@id":"https:\/\/www.bellitalie.org\/#personlogo","inLanguage":"it-IT","url":"https:\/\/secure.gravatar.com\/avatar\/ad516503a11cd5ca435acc9bb6523536?s=96","contentUrl":"https:\/\/secure.gravatar.com\/avatar\/ad516503a11cd5ca435acc9bb6523536?s=96","caption":"Bellitalie"},"sameAs":["https:\/\/www.bellitalie.org"]}]}},"_links":{"self":[{"href":"https:\/\/www.bellitalie.org\/it\/wp-json\/wp\/v2\/destination\/27049"}],"collection":[{"href":"https:\/\/www.bellitalie.org\/it\/wp-json\/wp\/v2\/destination"}],"about":[{"href":"https:\/\/www.bellitalie.org\/it\/wp-json\/wp\/v2\/types\/destination"}],"author":[{"embeddable":true,"href":"https:\/\/www.bellitalie.org\/it\/wp-json\/wp\/v2\/users\/1"}],"replies":[{"embeddable":true,"href":"https:\/\/www.bellitalie.org\/it\/wp-json\/wp\/v2\/comments?post=27049"}],"version-history":[{"count":3,"href":"https:\/\/www.bellitalie.org\/it\/wp-json\/wp\/v2\/destination\/27049\/revisions"}],"predecessor-version":[{"id":27272,"href":"https:\/\/www.bellitalie.org\/it\/wp-json\/wp\/v2\/destination\/27049\/revisions\/27272"}],"up":[{"embeddable":true,"href":"https:\/\/www.bellitalie.org\/it\/wp-json\/wp\/v2\/destination\/27024"}],"wp:featuredmedia":[{"embeddable":true,"href":"https:\/\/www.bellitalie.org\/it\/wp-json\/wp\/v2\/media\/562"}],"wp:attachment":[{"href":"https:\/\/www.bellitalie.org\/it\/wp-json\/wp\/v2\/media?parent=27049"}],"wp:term":[{"taxonomy":"post_tag","embeddable":true,"href":"https:\/\/www.bellitalie.org\/it\/wp-json\/wp\/v2\/tags?post=27049"},{"taxonomy":"categorie_page","embeddable":true,"href":"https:\/\/www.bellitalie.org\/it\/wp-json\/wp\/v2\/categorie_page?post=27049"},{"taxonomy":"region_italie","embeddable":true,"href":"https:\/\/www.bellitalie.org\/it\/wp-json\/wp\/v2\/region_italie?post=27049"}],"curies":[{"name":"wp","href":"https:\/\/api.w.org\/{rel}","templated":true}]}}