{"id":27100,"date":"2021-09-22T17:29:00","date_gmt":"2021-09-22T15:29:00","guid":{"rendered":"https:\/\/www.bellitalie.org\/destination\/veneto\/verona\/piazza-dei-signori\/"},"modified":"2023-11-02T10:24:15","modified_gmt":"2023-11-02T09:24:15","slug":"piazza-dei-signori","status":"publish","type":"destination","link":"https:\/\/www.bellitalie.org\/it\/destinazione\/veneto\/verona\/piazza-dei-signori\/","title":{"rendered":"Piazza dei Signori di Verona"},"content":{"rendered":"\n<p>Vicino a Piazza delle Erbe, la <strong>Piazza dei Signori<\/strong> \u00e8 anche chiamata Piazza Dante per la presenza della statua del famoso poeta.<br>\u00c8 una bella piazzetta rettangolare circondata da splendidi palazzi medievali che erano le prime dimore signorili della citt\u00e0, collegati da portici e passaggi, tra cui il Palazzo della Ragione della fine del XII secolo con il suo cortile del Mercato Vecchio, il Palazzo del Capitano, la chiesa di Santa Maria Antica, o il Palazzo del Podest\u00e0. Gli ingressi alla piazza passano attraverso archi come quelli che incorniciano il Palazzo Domus Nova con sulla sinistra Via della Costa.<\/p>\n<h2>Piazza dei Signori e Cortile del Mercato Vecchio<\/h2>\n<p>Il <strong>Palazzo della Ragione<\/strong> della fine del XII secolo possedeva quattro torri, la pi\u00f9 grande delle quali \u00e8 la <strong>Torre dei Lamberti<\/strong>. Accanto alla torre, un arco conduce al <strong>Cortile del Mercato Vecchio<\/strong>, con la splendida <strong>Scala della Ragione<\/strong>, costruita in marmo rosso veronese.<\/p>\n\n\n<figure class=\"wp-container-2 wp-block-gallery-1 wp-block-gallery has-nested-images columns-default is-cropped\">\n<figure class=\"wp-block-image size-medium\"><a href=\"https:\/\/www.bellitalie.org\/wp-content\/uploads\/2023\/09\/piazza-dei-signori-verona_1592.jpg\"><img loading=\"lazy\" width=\"300\" height=\"200\" data-id=\"23911\"  src=\"https:\/\/www.bellitalie.org\/wp-content\/uploads\/2023\/09\/piazza-dei-signori-verona_1592-300x200.jpg\" alt=\"foto della piazza dei signori-verona_1592\" class=\"wp-image-23911\" srcset=\"https:\/\/www.bellitalie.org\/wp-content\/uploads\/2023\/09\/piazza-dei-signori-verona_1592-300x200.jpg 300w, https:\/\/www.bellitalie.org\/wp-content\/uploads\/2023\/09\/piazza-dei-signori-verona_1592-1024x683.jpg 1024w, https:\/\/www.bellitalie.org\/wp-content\/uploads\/2023\/09\/piazza-dei-signori-verona_1592-768x512.jpg 768w, https:\/\/www.bellitalie.org\/wp-content\/uploads\/2023\/09\/piazza-dei-signori-verona_1592.jpg 1200w\" sizes=\"(max-width: 300px) 100vw, 300px\" \/><\/a><figcaption>Piazza dei Signori<\/figcaption><\/figure>\n\n\n\n<figure class=\"wp-block-image size-medium\"><a href=\"https:\/\/www.bellitalie.org\/wp-content\/uploads\/2021\/09\/piazza-dei-signori-torre-dei-lamberti-verona_0570.jpg\"><img loading=\"lazy\" width=\"300\" height=\"200\" data-id=\"23961\"  src=\"https:\/\/www.bellitalie.org\/wp-content\/uploads\/2021\/09\/piazza-dei-signori-torre-dei-lamberti-verona_0570-300x200.jpg\" alt=\"Piazza dei Signori vista della torre Lamberti\" class=\"wp-image-23961\" srcset=\"https:\/\/www.bellitalie.org\/wp-content\/uploads\/2021\/09\/piazza-dei-signori-torre-dei-lamberti-verona_0570-300x200.jpg 300w, https:\/\/www.bellitalie.org\/wp-content\/uploads\/2021\/09\/piazza-dei-signori-torre-dei-lamberti-verona_0570-1024x683.jpg 1024w, https:\/\/www.bellitalie.org\/wp-content\/uploads\/2021\/09\/piazza-dei-signori-torre-dei-lamberti-verona_0570-768x512.jpg 768w, https:\/\/www.bellitalie.org\/wp-content\/uploads\/2021\/09\/piazza-dei-signori-torre-dei-lamberti-verona_0570.jpg 1200w\" sizes=\"(max-width: 300px) 100vw, 300px\" \/><\/a><figcaption>Piazza dei Signori vista dalla Torre dei Lamberti<\/figcaption><\/figure>\n<\/figure>\n\n\n\n<figure class=\"wp-container-4 wp-block-gallery-3 wp-block-gallery has-nested-images columns-4 is-cropped\">\n<figure class=\"wp-block-image size-medium\"><a href=\"https:\/\/www.bellitalie.org\/wp-content\/uploads\/2023\/09\/piazza-dei-signori-verona_0012.jpg\"><img loading=\"lazy\" width=\"200\" height=\"300\" data-id=\"23914\"  src=\"https:\/\/www.bellitalie.org\/wp-content\/uploads\/2023\/09\/piazza-dei-signori-verona_0012-200x300.jpg\" alt=\"piazza-dei-signori-verona_0012\" class=\"wp-image-23914\" srcset=\"https:\/\/www.bellitalie.org\/wp-content\/uploads\/2023\/09\/piazza-dei-signori-verona_0012-200x300.jpg 200w, https:\/\/www.bellitalie.org\/wp-content\/uploads\/2023\/09\/piazza-dei-signori-verona_0012-683x1024.jpg 683w, https:\/\/www.bellitalie.org\/wp-content\/uploads\/2023\/09\/piazza-dei-signori-verona_0012-768x1152.jpg 768w, https:\/\/www.bellitalie.org\/wp-content\/uploads\/2023\/09\/piazza-dei-signori-verona_0012.jpg 800w\" sizes=\"(max-width: 200px) 100vw, 200px\" \/><\/a><figcaption>Palazzo della Ragione<\/figcaption><\/figure>\n\n\n\n<figure class=\"wp-block-image size-medium\"><a href=\"https:\/\/www.bellitalie.org\/wp-content\/uploads\/2023\/09\/piazza-dei-signori-verona_0013.jpg\"><img loading=\"lazy\" width=\"300\" height=\"200\" data-id=\"23917\"  src=\"https:\/\/www.bellitalie.org\/wp-content\/uploads\/2023\/09\/piazza-dei-signori-verona_0013-300x200.jpg\" alt=\"piazza-dei-signori-verona_0013\" class=\"wp-image-23917\" srcset=\"https:\/\/www.bellitalie.org\/wp-content\/uploads\/2023\/09\/piazza-dei-signori-verona_0013-300x200.jpg 300w, https:\/\/www.bellitalie.org\/wp-content\/uploads\/2023\/09\/piazza-dei-signori-verona_0013-1024x683.jpg 1024w, https:\/\/www.bellitalie.org\/wp-content\/uploads\/2023\/09\/piazza-dei-signori-verona_0013-768x512.jpg 768w, https:\/\/www.bellitalie.org\/wp-content\/uploads\/2023\/09\/piazza-dei-signori-verona_0013.jpg 1200w\" sizes=\"(max-width: 300px) 100vw, 300px\" \/><\/a><figcaption>Palazzo del Capitano<\/figcaption><\/figure>\n\n\n\n<figure class=\"wp-block-image size-medium\"><a href=\"https:\/\/www.bellitalie.org\/wp-content\/uploads\/2023\/09\/statua-di-dante-piazza-dei-signori-verona_0018.jpg\"><img loading=\"lazy\" width=\"200\" height=\"300\" data-id=\"23923\"  src=\"https:\/\/www.bellitalie.org\/wp-content\/uploads\/2023\/09\/statua-di-dante-piazza-dei-signori-verona_0018-200x300.jpg\" alt=\"statua-di-dante-piazza-dei-signori-verona_0018\" class=\"wp-image-23923\" srcset=\"https:\/\/www.bellitalie.org\/wp-content\/uploads\/2023\/09\/statua-di-dante-piazza-dei-signori-verona_0018-200x300.jpg 200w, https:\/\/www.bellitalie.org\/wp-content\/uploads\/2023\/09\/statua-di-dante-piazza-dei-signori-verona_0018-683x1024.jpg 683w, https:\/\/www.bellitalie.org\/wp-content\/uploads\/2023\/09\/statua-di-dante-piazza-dei-signori-verona_0018-768x1152.jpg 768w, https:\/\/www.bellitalie.org\/wp-content\/uploads\/2023\/09\/statua-di-dante-piazza-dei-signori-verona_0018.jpg 800w\" sizes=\"(max-width: 200px) 100vw, 200px\" \/><\/a><figcaption>Statua di Dante<\/figcaption><\/figure>\n<\/figure>\n\n\n<p>Il <strong>Palazzo di Cansignorio<\/strong> o Palazzo del Capitano \u00e8 stato rimaneggiato con una facciata del XVI secolo e la Porta dei Bombardieri del 1687, ma rimane del medioevo la torre d&#8217;angolo, collegata da un arco al Palazzo della Ragione. Fu sede del potere politico degli Scaligeri e dei veneziani.<br>Il <strong>Palazzo del Podest\u00e0<\/strong> (XIV-XV), vicino alla chiesa, fu costruito dagli Scaligeri, con i suoi tipici merli Gibelini. Nel 1404 i veneziani aprirono un nuovo portale e aggiunsero sopra il leone di San Marco.<br>La <strong>Loggia del Consiglio<\/strong>, con il palazzo associato, fu chiamata anche loggia di fra&#8217; Giocondo. Era destinata ad ospitare le riunioni del Patrio Consiglio, costruita nel 1476.<br>Un passaggio conduce ad una piazza con la chiesa romanica di <strong>Santa Maria Antica<\/strong>, una piccola chiesa con davanti al portale il <strong>sarcofago di Cangrande I della Scala<\/strong> e le altre tombe degli Scaligeri, dette Arche Scaligere.<\/p>\n\n\n<figure class=\"wp-container-6 wp-block-gallery-5 wp-block-gallery has-nested-images columns-3 is-cropped\">\n<figure class=\"wp-block-image size-medium\"><a href=\"https:\/\/www.bellitalie.org\/wp-content\/uploads\/2023\/09\/cortile-del-mercato-vecchio-verona_1593.jpg\"><img loading=\"lazy\" width=\"300\" height=\"200\" data-id=\"23908\"  src=\"https:\/\/www.bellitalie.org\/wp-content\/uploads\/2023\/09\/cortile-del-mercato-vecchio-verona_1593-300x200.jpg\" alt=\"Foto del Cortile del Mercato Vecchio\" class=\"wp-image-23908\" srcset=\"https:\/\/www.bellitalie.org\/wp-content\/uploads\/2023\/09\/cortile-del-mercato-vecchio-verona_1593-300x200.jpg 300w, https:\/\/www.bellitalie.org\/wp-content\/uploads\/2023\/09\/cortile-del-mercato-vecchio-verona_1593-1024x683.jpg 1024w, https:\/\/www.bellitalie.org\/wp-content\/uploads\/2023\/09\/cortile-del-mercato-vecchio-verona_1593-768x512.jpg 768w, https:\/\/www.bellitalie.org\/wp-content\/uploads\/2023\/09\/cortile-del-mercato-vecchio-verona_1593.jpg 1200w\" sizes=\"(max-width: 300px) 100vw, 300px\" \/><\/a><figcaption>Cortile del Mercato Vecchio<\/figcaption><\/figure>\n\n\n\n<figure class=\"wp-block-image size-medium\"><a href=\"https:\/\/www.bellitalie.org\/wp-content\/uploads\/2023\/09\/cortile-del-mercato-vecchio-verona_0579.jpg\"><img loading=\"lazy\" width=\"200\" height=\"300\" data-id=\"23926\"  src=\"https:\/\/www.bellitalie.org\/wp-content\/uploads\/2023\/09\/cortile-del-mercato-vecchio-verona_0579-200x300.jpg\" alt=\"Foto del Cortile del Mercato Vecchio\" class=\"wp-image-23926\" srcset=\"https:\/\/www.bellitalie.org\/wp-content\/uploads\/2023\/09\/cortile-del-mercato-vecchio-verona_0579-200x300.jpg 200w, https:\/\/www.bellitalie.org\/wp-content\/uploads\/2023\/09\/cortile-del-mercato-vecchio-verona_0579-683x1024.jpg 683w, https:\/\/www.bellitalie.org\/wp-content\/uploads\/2023\/09\/cortile-del-mercato-vecchio-verona_0579-768x1152.jpg 768w, https:\/\/www.bellitalie.org\/wp-content\/uploads\/2023\/09\/cortile-del-mercato-vecchio-verona_0579.jpg 800w\" sizes=\"(max-width: 200px) 100vw, 200px\" \/><\/a><figcaption>Cortile del Mercato Vecchio<\/figcaption><\/figure>\n\n\n\n<figure class=\"wp-block-image size-medium\"><a href=\"https:\/\/www.bellitalie.org\/wp-content\/uploads\/2023\/09\/scala-della-raggione-cortile-del-mercato-vecchio-verona_0022.jpg\"><img loading=\"lazy\" width=\"300\" height=\"200\" data-id=\"23929\"  src=\"https:\/\/www.bellitalie.org\/wp-content\/uploads\/2023\/09\/scala-della-raggione-cortile-del-mercato-vecchio-verona_0022-300x200.jpg\" alt=\"Foto della Scala della Ragione a Verona\" class=\"wp-image-23929\" srcset=\"https:\/\/www.bellitalie.org\/wp-content\/uploads\/2023\/09\/scala-della-raggione-cortile-del-mercato-vecchio-verona_0022-300x200.jpg 300w, https:\/\/www.bellitalie.org\/wp-content\/uploads\/2023\/09\/scala-della-raggione-cortile-del-mercato-vecchio-verona_0022-1024x683.jpg 1024w, https:\/\/www.bellitalie.org\/wp-content\/uploads\/2023\/09\/scala-della-raggione-cortile-del-mercato-vecchio-verona_0022-768x512.jpg 768w, https:\/\/www.bellitalie.org\/wp-content\/uploads\/2023\/09\/scala-della-raggione-cortile-del-mercato-vecchio-verona_0022.jpg 1200w\" sizes=\"(max-width: 300px) 100vw, 300px\" \/><\/a><figcaption>Scala della Ragione<\/figcaption><\/figure>\n\n\n\n<figure class=\"wp-block-image size-medium\"><a href=\"https:\/\/www.bellitalie.org\/wp-content\/uploads\/2023\/09\/scala-della-raggione-cortile-del-mercato-vecchio-verone_0575.jpg\"><img loading=\"lazy\" width=\"200\" height=\"300\" data-id=\"23932\"  src=\"https:\/\/www.bellitalie.org\/wp-content\/uploads\/2023\/09\/scala-della-raggione-cortile-del-mercato-vecchio-verone_0575-200x300.jpg\" alt=\"Scala della Ragione\" class=\"wp-image-23932\" srcset=\"https:\/\/www.bellitalie.org\/wp-content\/uploads\/2023\/09\/scala-della-raggione-cortile-del-mercato-vecchio-verone_0575-200x300.jpg 200w, https:\/\/www.bellitalie.org\/wp-content\/uploads\/2023\/09\/scala-della-raggione-cortile-del-mercato-vecchio-verone_0575-683x1024.jpg 683w, https:\/\/www.bellitalie.org\/wp-content\/uploads\/2023\/09\/scala-della-raggione-cortile-del-mercato-vecchio-verone_0575-768x1152.jpg 768w, https:\/\/www.bellitalie.org\/wp-content\/uploads\/2023\/09\/scala-della-raggione-cortile-del-mercato-vecchio-verone_0575.jpg 800w\" sizes=\"(max-width: 200px) 100vw, 200px\" \/><\/a><figcaption>Scala della Ragione<\/figcaption><\/figure>\n\n\n\n<figure class=\"wp-block-image size-medium\"><a href=\"https:\/\/www.bellitalie.org\/wp-content\/uploads\/2021\/09\/cortile-del-tribunale-verona_0014.jpg\"><img loading=\"lazy\" width=\"1200\" height=\"800\" data-id=\"23948\"  src=\"https:\/\/www.bellitalie.org\/wp-content\/uploads\/2021\/09\/cortile-del-tribunale-verona_0014.jpg\" alt=\"Cortile del Tribunale di Verona\" class=\"wp-image-23948\" srcset=\"https:\/\/www.bellitalie.org\/wp-content\/uploads\/2021\/09\/cortile-del-tribunale-verona_0014.jpg 1200w, https:\/\/www.bellitalie.org\/wp-content\/uploads\/2021\/09\/cortile-del-tribunale-verona_0014-300x200.jpg 300w, https:\/\/www.bellitalie.org\/wp-content\/uploads\/2021\/09\/cortile-del-tribunale-verona_0014-1024x683.jpg 1024w, https:\/\/www.bellitalie.org\/wp-content\/uploads\/2021\/09\/cortile-del-tribunale-verona_0014-768x512.jpg 768w\" sizes=\"(max-width: 1200px) 100vw, 1200px\" \/><\/a><figcaption>Cortile del Tribunale<\/figcaption><\/figure>\n\n\n\n<figure class=\"wp-block-image size-medium\"><a href=\"https:\/\/www.bellitalie.org\/wp-content\/uploads\/2021\/09\/cortile-del-tribunale-verona_0015.jpg\"><img loading=\"lazy\" width=\"1200\" height=\"800\" data-id=\"23951\"  src=\"https:\/\/www.bellitalie.org\/wp-content\/uploads\/2021\/09\/cortile-del-tribunale-verona_0015.jpg\" alt=\"Cortile del Tribunale di Verona\" class=\"wp-image-23951\" srcset=\"https:\/\/www.bellitalie.org\/wp-content\/uploads\/2021\/09\/cortile-del-tribunale-verona_0015.jpg 1200w, https:\/\/www.bellitalie.org\/wp-content\/uploads\/2021\/09\/cortile-del-tribunale-verona_0015-300x200.jpg 300w, https:\/\/www.bellitalie.org\/wp-content\/uploads\/2021\/09\/cortile-del-tribunale-verona_0015-1024x683.jpg 1024w, https:\/\/www.bellitalie.org\/wp-content\/uploads\/2021\/09\/cortile-del-tribunale-verona_0015-768x512.jpg 768w\" sizes=\"(max-width: 1200px) 100vw, 1200px\" \/><\/a><figcaption>Cortile del Tribunale<\/figcaption><\/figure>\n<\/figure>\n\n\n<h2>Arche Scaligere<\/h2>\n<p>Nel cortile della chiesa di Santa Maria Antica, le <strong>Arche Scaligere<\/strong> sono notevoli costruzioni gotiche del XIV secolo, mausolei con le tombe dei membri della famiglia Della Scala (o Scaligeri), tra cui quello del grande signore <strong>Cangrande I<\/strong>, a cui Dante dedic\u00f2 la Divina Commedia, e quelli di <strong>Mastino II<\/strong> e di <strong>Cansignorio<\/strong>.<br>Gli Scaligeri, famiglia di mercanti, dirigerono Verona dal 1262 al 1387. Si fecero erigere queste sepolture nel centro della citt\u00e0. Le sue tombe monumentali sono riccamente decorate con guglie gotiche, pinnacoli e statue. Il complesso \u00e8 aperto da giugno a settembre, e il resto del tempo \u00e8 chiuso da una bella antica griglia in ferro battuto mobile dove troviamo lo stemma di famiglia.<\/p>\n\n\n<figure class=\"wp-container-8 wp-block-gallery-7 wp-block-gallery has-nested-images columns-4 is-cropped\">\n<figure class=\"wp-block-image size-medium\"><a href=\"https:\/\/www.bellitalie.org\/wp-content\/uploads\/2021\/09\/tombeaux-des-scaligeri-verone_0639.jpg\"><img loading=\"lazy\" width=\"200\" height=\"300\" data-id=\"23942\"  src=\"https:\/\/www.bellitalie.org\/wp-content\/uploads\/2021\/09\/tombeaux-des-scaligeri-verone_0639-200x300.jpg\" alt=\"foto Arca di Cansignorio\" class=\"wp-image-23942\" srcset=\"https:\/\/www.bellitalie.org\/wp-content\/uploads\/2021\/09\/tombeaux-des-scaligeri-verone_0639-200x300.jpg 200w, https:\/\/www.bellitalie.org\/wp-content\/uploads\/2021\/09\/tombeaux-des-scaligeri-verone_0639-683x1024.jpg 683w, https:\/\/www.bellitalie.org\/wp-content\/uploads\/2021\/09\/tombeaux-des-scaligeri-verone_0639-768x1152.jpg 768w, https:\/\/www.bellitalie.org\/wp-content\/uploads\/2021\/09\/tombeaux-des-scaligeri-verone_0639.jpg 800w\" sizes=\"(max-width: 200px) 100vw, 200px\" \/><\/a><figcaption>Arca di Cansignorio<\/figcaption><\/figure>\n\n\n\n<figure class=\"wp-block-image size-medium\"><a href=\"https:\/\/www.bellitalie.org\/wp-content\/uploads\/2021\/12\/arche-dei-scaligeri-verona_1601.jpg\"><img loading=\"lazy\" width=\"200\" height=\"300\" data-id=\"23839\"  src=\"https:\/\/www.bellitalie.org\/wp-content\/uploads\/2021\/12\/arche-dei-scaligeri-verona_1601-200x300.jpg\" alt=\"Foto dell'arca di Mastino II\" class=\"wp-image-23839\" srcset=\"https:\/\/www.bellitalie.org\/wp-content\/uploads\/2021\/12\/arche-dei-scaligeri-verona_1601-200x300.jpg 200w, https:\/\/www.bellitalie.org\/wp-content\/uploads\/2021\/12\/arche-dei-scaligeri-verona_1601-683x1024.jpg 683w, https:\/\/www.bellitalie.org\/wp-content\/uploads\/2021\/12\/arche-dei-scaligeri-verona_1601-768x1152.jpg 768w, https:\/\/www.bellitalie.org\/wp-content\/uploads\/2021\/12\/arche-dei-scaligeri-verona_1601.jpg 800w\" sizes=\"(max-width: 200px) 100vw, 200px\" \/><\/a><figcaption>Arca di Mastino II<\/figcaption><\/figure>\n\n\n\n<figure class=\"wp-block-image size-medium\"><a href=\"https:\/\/www.bellitalie.org\/wp-content\/uploads\/2021\/09\/tombeaux-des-scaliger-verone_1602.jpg\"><img loading=\"lazy\" width=\"200\" height=\"300\" data-id=\"23936\"  src=\"https:\/\/www.bellitalie.org\/wp-content\/uploads\/2021\/09\/tombeaux-des-scaliger-verone_1602-200x300.jpg\" alt=\"Foto dell'Arca di Cangrande I\" class=\"wp-image-23936\" srcset=\"https:\/\/www.bellitalie.org\/wp-content\/uploads\/2021\/09\/tombeaux-des-scaliger-verone_1602-200x300.jpg 200w, https:\/\/www.bellitalie.org\/wp-content\/uploads\/2021\/09\/tombeaux-des-scaliger-verone_1602-683x1024.jpg 683w, https:\/\/www.bellitalie.org\/wp-content\/uploads\/2021\/09\/tombeaux-des-scaliger-verone_1602-768x1152.jpg 768w, https:\/\/www.bellitalie.org\/wp-content\/uploads\/2021\/09\/tombeaux-des-scaliger-verone_1602.jpg 800w\" sizes=\"(max-width: 200px) 100vw, 200px\" \/><\/a><figcaption>Arca di Cangrande I<\/figcaption><\/figure>\n\n\n\n<figure class=\"wp-block-image size-medium\"><a href=\"https:\/\/www.bellitalie.org\/wp-content\/uploads\/2021\/09\/tombeaux-des-scaligeri-verone_0638.jpg\"><img loading=\"lazy\" width=\"200\" height=\"300\" data-id=\"23939\"  src=\"https:\/\/www.bellitalie.org\/wp-content\/uploads\/2021\/09\/tombeaux-des-scaligeri-verone_0638-200x300.jpg\" alt=\"Foto dell'Arca di Mastino II\" class=\"wp-image-23939\" srcset=\"https:\/\/www.bellitalie.org\/wp-content\/uploads\/2021\/09\/tombeaux-des-scaligeri-verone_0638-200x300.jpg 200w, https:\/\/www.bellitalie.org\/wp-content\/uploads\/2021\/09\/tombeaux-des-scaligeri-verone_0638-683x1024.jpg 683w, https:\/\/www.bellitalie.org\/wp-content\/uploads\/2021\/09\/tombeaux-des-scaligeri-verone_0638-768x1152.jpg 768w, https:\/\/www.bellitalie.org\/wp-content\/uploads\/2021\/09\/tombeaux-des-scaligeri-verone_0638.jpg 800w\" sizes=\"(max-width: 200px) 100vw, 200px\" \/><\/a><figcaption>Arca di Mastino II<\/figcaption><\/figure>\n<\/figure>\n\n\n<h2>Informazioni e fonti<\/h2>\n<ul class=\"Style4\">\n<li>Articolo Wikipedia : <a href=\"https:\/\/it.wikipedia.org\/wiki\/Arche_scaligere\" target=\"_blank\" rel=\"noopener\">it.wikipedia.org<\/a><\/li>\n<li>Portali turistici : <a href=\"http:\/\/www.turismoverona.eu\/nqcontent.cfm?a_id=35880\" target=\"_blank\" rel=\"noopener\">www.turismoverona.eu<\/a><\/li>\n<\/ul>\n<h2>Cartina<\/h2>\n<div id=\"travelersmap-container-69f5f2cc3cc29\" class=\"travelersmap-container\" style=\"z-index: 1; min-height: 10px; min-width:10px; height:400px;width:100%; max-width:; max-height:; position:relative;\"><div style=\"position:absolute; z-index:-1;top: 50%;text-align: center;display: block;left: 50%;transform: translate(-50%,-50%);\">Travelers' Map is loading... <br> If you see this after your page is loaded completely, leafletJS files are missing.<\/div><\/div>\n<p><\/p>\n\n\n<div class=\"wp-container-11 wp-block-columns has-background\" style=\"background-color:#dfece5\">\n<div class=\"wp-container-9 wp-block-column\">\n<p><strong><a href=\"https:\/\/www.bellitalie.org\/it\/regione_italia\/veneto\/\">Veneto<\/a><\/strong><\/p>\n<ul class=\"lcp_catlist2\" id=\"lcp_instance_0\"><li><a href=\"https:\/\/www.bellitalie.org\/it\/destinazione\/veneto\/verona\/\">Verona<\/a><a href=\"https:\/\/www.bellitalie.org\/it\/destinazione\/veneto\/verona\/\" title=\"Verona\"><img width=\"150\" height=\"150\" src=\"https:\/\/www.bellitalie.org\/wp-content\/uploads\/2021\/09\/verone-italie_1623-150x150.jpg\" class=\"lcp_thumbnail wp-post-image\" alt=\"Verona\" loading=\"lazy\" srcset=\"https:\/\/www.bellitalie.org\/wp-content\/uploads\/2021\/09\/verone-italie_1623-150x150.jpg 150w, https:\/\/www.bellitalie.org\/wp-content\/uploads\/2021\/09\/verone-italie_1623-50x50.jpg 50w, https:\/\/www.bellitalie.org\/wp-content\/uploads\/2021\/09\/verone-italie_1623-80x80.jpg 80w, https:\/\/www.bellitalie.org\/wp-content\/uploads\/2021\/09\/verone-italie_1623-75x75.jpg 75w\" sizes=\"(max-width: 150px) 100vw, 150px\" \/><\/a><div class=\"lcp_excerpt\">\nVerona non si limita all&#8217;amore tragico di Romeo e Giulietta raccontato da Shakespeare, tutt&#8217;altro. \u00c8 ...<\/div><\/li><li><a href=\"https:\/\/www.bellitalie.org\/it\/destinazione\/veneto\/lago-di-garda\/\">Lago di Garda<\/a><a href=\"https:\/\/www.bellitalie.org\/it\/destinazione\/veneto\/lago-di-garda\/\" title=\"Lago di Garda\"><img width=\"150\" height=\"150\" src=\"https:\/\/www.bellitalie.org\/wp-content\/uploads\/2023\/09\/cote-lac-de-garde-malcesine-brenzone_9766-150x150.jpg\" class=\"lcp_thumbnail wp-post-image\" alt=\"Lago di Garda\" loading=\"lazy\" srcset=\"https:\/\/www.bellitalie.org\/wp-content\/uploads\/2023\/09\/cote-lac-de-garde-malcesine-brenzone_9766-150x150.jpg 150w, https:\/\/www.bellitalie.org\/wp-content\/uploads\/2023\/09\/cote-lac-de-garde-malcesine-brenzone_9766-50x50.jpg 50w, https:\/\/www.bellitalie.org\/wp-content\/uploads\/2023\/09\/cote-lac-de-garde-malcesine-brenzone_9766-80x80.jpg 80w, https:\/\/www.bellitalie.org\/wp-content\/uploads\/2023\/09\/cote-lac-de-garde-malcesine-brenzone_9766-75x75.jpg 75w\" sizes=\"(max-width: 150px) 100vw, 150px\" \/><\/a><div class=\"lcp_excerpt\">\nIl Lago di Garda \u00e8 il pi\u00f9 grande lago d&#8217;Italia, situato tra Brescia ad ovest ...<\/div><\/li><li><a href=\"https:\/\/www.bellitalie.org\/it\/destinazione\/veneto\/peschiera-del-garda\/\">Peschiera del Garda<\/a><a href=\"https:\/\/www.bellitalie.org\/it\/destinazione\/veneto\/peschiera-del-garda\/\" title=\"Peschiera del Garda\"><img width=\"150\" height=\"150\" src=\"https:\/\/www.bellitalie.org\/wp-content\/uploads\/2021\/09\/canale-di-mezzo-peschiera-del-garda_9516-150x150.jpg\" class=\"lcp_thumbnail wp-post-image\" alt=\"Peschiera del Garda\" loading=\"lazy\" srcset=\"https:\/\/www.bellitalie.org\/wp-content\/uploads\/2021\/09\/canale-di-mezzo-peschiera-del-garda_9516-150x150.jpg 150w, https:\/\/www.bellitalie.org\/wp-content\/uploads\/2021\/09\/canale-di-mezzo-peschiera-del-garda_9516-50x50.jpg 50w, https:\/\/www.bellitalie.org\/wp-content\/uploads\/2021\/09\/canale-di-mezzo-peschiera-del-garda_9516-80x80.jpg 80w, https:\/\/www.bellitalie.org\/wp-content\/uploads\/2021\/09\/canale-di-mezzo-peschiera-del-garda_9516-75x75.jpg 75w\" sizes=\"(max-width: 150px) 100vw, 150px\" \/><\/a><div class=\"lcp_excerpt\">\nSulla sponda meridionale del Lago di Garda, Peschiera del Garda \u00e8 una citt\u00e0-fortezza circondata dalle ...<\/div><\/li><\/ul>\n<\/div>\n\n\n\n<div class=\"wp-container-10 wp-block-column\">\n<p><a href=\"https:\/\/www.bellitalie.org\/it\/destinazione\/veneto\/verona\/\"><strong>Verona<\/strong><\/a><\/p>\n<ul class=\"lcp_catlist2\" id=\"lcp_instance_0\"><li><a href=\"https:\/\/www.bellitalie.org\/it\/destinazione\/veneto\/verona\/cosa-vedere-a-verona\/\">Cosa vedere a Verona &#8211; Pi\u00f9 di 20 luoghi<\/a><a href=\"https:\/\/www.bellitalie.org\/it\/destinazione\/veneto\/verona\/cosa-vedere-a-verona\/\" title=\"Cosa vedere a Verona - Pi\u00f9 di 20 luoghi\"><img width=\"150\" height=\"150\" src=\"https:\/\/www.bellitalie.org\/wp-content\/uploads\/2021\/09\/verone_1592-150x150.jpg\" class=\"lcp_thumbnail wp-post-image\" alt=\"Cosa vedere a Verona - Pi\u00f9 di 20 luoghi\" loading=\"lazy\" srcset=\"https:\/\/www.bellitalie.org\/wp-content\/uploads\/2021\/09\/verone_1592-150x150.jpg 150w, https:\/\/www.bellitalie.org\/wp-content\/uploads\/2021\/09\/verone_1592-50x50.jpg 50w, https:\/\/www.bellitalie.org\/wp-content\/uploads\/2021\/09\/verone_1592-80x80.jpg 80w, https:\/\/www.bellitalie.org\/wp-content\/uploads\/2021\/09\/verone_1592-75x75.jpg 75w\" sizes=\"(max-width: 150px) 100vw, 150px\" \/><\/a><div class=\"lcp_excerpt\">\nLa bellissima citt\u00e0 di Verona merita almeno un fine settimana per apprezzarne il patrimonio culturale ...<\/div><\/li><li><a href=\"https:\/\/www.bellitalie.org\/it\/destinazione\/veneto\/verona\/arena-di-verona\/\">Arena di Verona<\/a><a href=\"https:\/\/www.bellitalie.org\/it\/destinazione\/veneto\/verona\/arena-di-verona\/\" title=\"Arena di Verona\"><img width=\"150\" height=\"150\" src=\"https:\/\/www.bellitalie.org\/wp-content\/uploads\/2023\/09\/interieur-arenes-de-verone_0083-150x150.jpg\" class=\"lcp_thumbnail wp-post-image\" alt=\"Arena di Verona\" loading=\"lazy\" srcset=\"https:\/\/www.bellitalie.org\/wp-content\/uploads\/2023\/09\/interieur-arenes-de-verone_0083-150x150.jpg 150w, https:\/\/www.bellitalie.org\/wp-content\/uploads\/2023\/09\/interieur-arenes-de-verone_0083-50x50.jpg 50w, https:\/\/www.bellitalie.org\/wp-content\/uploads\/2023\/09\/interieur-arenes-de-verone_0083-80x80.jpg 80w, https:\/\/www.bellitalie.org\/wp-content\/uploads\/2023\/09\/interieur-arenes-de-verone_0083-75x75.jpg 75w\" sizes=\"(max-width: 150px) 100vw, 150px\" \/><\/a><div class=\"lcp_excerpt\">\nChiamata l&#8217;Arena, dal nome che designa anche la sabbia, questa grande arena romana \u00e8 un ...<\/div><\/li><li><a href=\"https:\/\/www.bellitalie.org\/it\/destinazione\/veneto\/verona\/piazza-delle-erbe-e-torre-dei-lamberti\/\">Piazza delle Erbe e Torre dei Lamberti<\/a><a href=\"https:\/\/www.bellitalie.org\/it\/destinazione\/veneto\/verona\/piazza-delle-erbe-e-torre-dei-lamberti\/\" title=\"Piazza delle Erbe e Torre dei Lamberti\"><img width=\"150\" height=\"150\" src=\"https:\/\/www.bellitalie.org\/wp-content\/uploads\/2021\/09\/piazza-delle-erbe-verone_0582-150x150.jpg\" class=\"lcp_thumbnail wp-post-image\" alt=\"Piazza delle Erbe e Torre dei Lamberti\" loading=\"lazy\" srcset=\"https:\/\/www.bellitalie.org\/wp-content\/uploads\/2021\/09\/piazza-delle-erbe-verone_0582-150x150.jpg 150w, https:\/\/www.bellitalie.org\/wp-content\/uploads\/2021\/09\/piazza-delle-erbe-verone_0582-50x50.jpg 50w, https:\/\/www.bellitalie.org\/wp-content\/uploads\/2021\/09\/piazza-delle-erbe-verone_0582-80x80.jpg 80w, https:\/\/www.bellitalie.org\/wp-content\/uploads\/2021\/09\/piazza-delle-erbe-verone_0582-75x75.jpg 75w\" sizes=\"(max-width: 150px) 100vw, 150px\" \/><\/a><div class=\"lcp_excerpt\">\nPiazza delle Erbe \u00e8 sicuramente una delle piazze pi\u00f9 belle d&#8217;Italia e anche la pi\u00f9 ...<\/div><\/li><li><a href=\"https:\/\/www.bellitalie.org\/it\/destinazione\/veneto\/verona\/castelvecchio-e-ponte-scaligero\/\">Castelvecchio e Ponte Scaligero<\/a><a href=\"https:\/\/www.bellitalie.org\/it\/destinazione\/veneto\/verona\/castelvecchio-e-ponte-scaligero\/\" title=\"Castelvecchio e Ponte Scaligero\"><img width=\"150\" height=\"150\" src=\"https:\/\/www.bellitalie.org\/wp-content\/uploads\/2023\/09\/ponte-di-castelvecchio-verona_0221-150x150.jpg\" class=\"lcp_thumbnail wp-post-image\" alt=\"Castelvecchio e Ponte Scaligero\" loading=\"lazy\" srcset=\"https:\/\/www.bellitalie.org\/wp-content\/uploads\/2023\/09\/ponte-di-castelvecchio-verona_0221-150x150.jpg 150w, https:\/\/www.bellitalie.org\/wp-content\/uploads\/2023\/09\/ponte-di-castelvecchio-verona_0221-50x50.jpg 50w, https:\/\/www.bellitalie.org\/wp-content\/uploads\/2023\/09\/ponte-di-castelvecchio-verona_0221-80x80.jpg 80w, https:\/\/www.bellitalie.org\/wp-content\/uploads\/2023\/09\/ponte-di-castelvecchio-verona_0221-75x75.jpg 75w\" sizes=\"(max-width: 150px) 100vw, 150px\" \/><\/a><div class=\"lcp_excerpt\">\nCastelvecchio\nAi margini dell&#8217;Adige, il Castelvecchio di Verona era in origine una fortezza militare costruita in ...<\/div><\/li><li><a href=\"https:\/\/www.bellitalie.org\/it\/destinazione\/veneto\/verona\/basilica-di-santa-anastasia-di-verona\/\">Basilica di Santa Anastasia di Verona<\/a><a href=\"https:\/\/www.bellitalie.org\/it\/destinazione\/veneto\/verona\/basilica-di-santa-anastasia-di-verona\/\" title=\"Basilica di Santa Anastasia di Verona\"><img width=\"150\" height=\"150\" src=\"https:\/\/www.bellitalie.org\/wp-content\/uploads\/2023\/09\/basilica-santa-anastasia-verona_9954-150x150.jpg\" class=\"lcp_thumbnail wp-post-image\" alt=\"Basilica di Santa Anastasia di Verona\" loading=\"lazy\" srcset=\"https:\/\/www.bellitalie.org\/wp-content\/uploads\/2023\/09\/basilica-santa-anastasia-verona_9954-150x150.jpg 150w, https:\/\/www.bellitalie.org\/wp-content\/uploads\/2023\/09\/basilica-santa-anastasia-verona_9954-50x50.jpg 50w, https:\/\/www.bellitalie.org\/wp-content\/uploads\/2023\/09\/basilica-santa-anastasia-verona_9954-80x80.jpg 80w, https:\/\/www.bellitalie.org\/wp-content\/uploads\/2023\/09\/basilica-santa-anastasia-verona_9954-75x75.jpg 75w\" sizes=\"(max-width: 150px) 100vw, 150px\" \/><\/a><div class=\"lcp_excerpt\">\nLa Basilica di Santa Anastasia \u00e8 una chiesa domenicana e la pi\u00f9 grande di Verona, ...<\/div><\/li><li><a href=\"https:\/\/www.bellitalie.org\/it\/destinazione\/veneto\/verona\/complesso-della-cattedrale-di-verona\/\">Complesso della cattedrale di Verona<\/a><a href=\"https:\/\/www.bellitalie.org\/it\/destinazione\/veneto\/verona\/complesso-della-cattedrale-di-verona\/\" title=\"Complesso della cattedrale di Verona\"><img width=\"150\" height=\"150\" src=\"https:\/\/www.bellitalie.org\/wp-content\/uploads\/2021\/12\/cathedrale-santa-maria-matricolare-verone_1608-150x150.jpg\" class=\"lcp_thumbnail wp-post-image\" alt=\"Complesso della cattedrale di Verona\" loading=\"lazy\" srcset=\"https:\/\/www.bellitalie.org\/wp-content\/uploads\/2021\/12\/cathedrale-santa-maria-matricolare-verone_1608-150x150.jpg 150w, https:\/\/www.bellitalie.org\/wp-content\/uploads\/2021\/12\/cathedrale-santa-maria-matricolare-verone_1608-50x50.jpg 50w, https:\/\/www.bellitalie.org\/wp-content\/uploads\/2021\/12\/cathedrale-santa-maria-matricolare-verone_1608-80x80.jpg 80w, https:\/\/www.bellitalie.org\/wp-content\/uploads\/2021\/12\/cathedrale-santa-maria-matricolare-verone_1608-75x75.jpg 75w\" sizes=\"(max-width: 150px) 100vw, 150px\" \/><\/a><div class=\"lcp_excerpt\">\nIn origine, una basilica paleocristiana fu costruita in questa zona su antiche ville romane dotate ...<\/div><\/li><li><a href=\"https:\/\/www.bellitalie.org\/it\/destinazione\/veneto\/verona\/basilica-di-san-zeno-di-verona\/\">Basilica di San Zeno di Verona<\/a><a href=\"https:\/\/www.bellitalie.org\/it\/destinazione\/veneto\/verona\/basilica-di-san-zeno-di-verona\/\" title=\"Basilica di San Zeno di Verona\"><img width=\"150\" height=\"150\" src=\"https:\/\/www.bellitalie.org\/wp-content\/uploads\/2023\/09\/basilica-san-zeno-verona_0214-1-150x150.jpg\" class=\"lcp_thumbnail wp-post-image\" alt=\"Basilica di San Zeno di Verona\" loading=\"lazy\" srcset=\"https:\/\/www.bellitalie.org\/wp-content\/uploads\/2023\/09\/basilica-san-zeno-verona_0214-1-150x150.jpg 150w, https:\/\/www.bellitalie.org\/wp-content\/uploads\/2023\/09\/basilica-san-zeno-verona_0214-1-50x50.jpg 50w, https:\/\/www.bellitalie.org\/wp-content\/uploads\/2023\/09\/basilica-san-zeno-verona_0214-1-80x80.jpg 80w, https:\/\/www.bellitalie.org\/wp-content\/uploads\/2023\/09\/basilica-san-zeno-verona_0214-1-75x75.jpg 75w\" sizes=\"(max-width: 150px) 100vw, 150px\" \/><\/a><div class=\"lcp_excerpt\">\nAppena fuori dal centro storico, la Basilica di San Zeno Maggiore \u00e8 probabilmente l&#8217;edificio religioso ...<\/div><\/li><li><a href=\"https:\/\/www.bellitalie.org\/it\/destinazione\/veneto\/verona\/teatro-romano-di-verona\/\">Teatro romano di Verona<\/a><a href=\"https:\/\/www.bellitalie.org\/it\/destinazione\/veneto\/verona\/teatro-romano-di-verona\/\" title=\"Teatro romano di Verona\"><img width=\"150\" height=\"150\" src=\"https:\/\/www.bellitalie.org\/wp-content\/uploads\/2021\/12\/teatro-romano-di-verona_9634-150x150.jpg\" class=\"lcp_thumbnail wp-post-image\" alt=\"Teatro romano di Verona\" loading=\"lazy\" srcset=\"https:\/\/www.bellitalie.org\/wp-content\/uploads\/2021\/12\/teatro-romano-di-verona_9634-150x150.jpg 150w, https:\/\/www.bellitalie.org\/wp-content\/uploads\/2021\/12\/teatro-romano-di-verona_9634-50x50.jpg 50w, https:\/\/www.bellitalie.org\/wp-content\/uploads\/2021\/12\/teatro-romano-di-verona_9634-80x80.jpg 80w, https:\/\/www.bellitalie.org\/wp-content\/uploads\/2021\/12\/teatro-romano-di-verona_9634-75x75.jpg 75w\" sizes=\"(max-width: 150px) 100vw, 150px\" \/><\/a><div class=\"lcp_excerpt\">\nIl Teatro Romano di Verona \u00e8 il pi\u00f9 antico monumento della citt\u00e0, costruito nel I ...<\/div><\/li><li><a href=\"https:\/\/www.bellitalie.org\/it\/destinazione\/veneto\/verona\/chiesa-di-san-fermo-di-verona\/\">Chiesa di San Fermo di Verona<\/a><a href=\"https:\/\/www.bellitalie.org\/it\/destinazione\/veneto\/verona\/chiesa-di-san-fermo-di-verona\/\" title=\"Chiesa di San Fermo di Verona\"><img width=\"150\" height=\"150\" src=\"https:\/\/www.bellitalie.org\/wp-content\/uploads\/2021\/12\/chiesa-superiore-san-fermo-verona_0325-150x150.jpg\" class=\"lcp_thumbnail wp-post-image\" alt=\"Chiesa di San Fermo di Verona\" loading=\"lazy\" srcset=\"https:\/\/www.bellitalie.org\/wp-content\/uploads\/2021\/12\/chiesa-superiore-san-fermo-verona_0325-150x150.jpg 150w, https:\/\/www.bellitalie.org\/wp-content\/uploads\/2021\/12\/chiesa-superiore-san-fermo-verona_0325-50x50.jpg 50w, https:\/\/www.bellitalie.org\/wp-content\/uploads\/2021\/12\/chiesa-superiore-san-fermo-verona_0325-80x80.jpg 80w, https:\/\/www.bellitalie.org\/wp-content\/uploads\/2021\/12\/chiesa-superiore-san-fermo-verona_0325-75x75.jpg 75w\" sizes=\"(max-width: 150px) 100vw, 150px\" \/><\/a><div class=\"lcp_excerpt\">\nVicino all&#8217;Adige e al Ponte Navi, la Chiesa di San Fermo Maggiore \u00e8 di stile ...<\/div><\/li><li><a href=\"https:\/\/www.bellitalie.org\/it\/destinazione\/veneto\/verona\/museo-degli-affreschi-alla-tomba-di-giulietta\/\">Museo degli Affreschi alla tomba di Giulietta<\/a><a href=\"https:\/\/www.bellitalie.org\/it\/destinazione\/veneto\/verona\/museo-degli-affreschi-alla-tomba-di-giulietta\/\" title=\"Museo degli Affreschi alla tomba di Giulietta\"><img width=\"150\" height=\"150\" src=\"https:\/\/www.bellitalie.org\/wp-content\/uploads\/2023\/09\/cavalcata-di-carlo-v-clemente-vii-ligozzi-museo-degli-affreschi-verona_0489-150x150.jpg\" class=\"lcp_thumbnail wp-post-image\" alt=\"Museo degli Affreschi alla tomba di Giulietta\" loading=\"lazy\" srcset=\"https:\/\/www.bellitalie.org\/wp-content\/uploads\/2023\/09\/cavalcata-di-carlo-v-clemente-vii-ligozzi-museo-degli-affreschi-verona_0489-150x150.jpg 150w, https:\/\/www.bellitalie.org\/wp-content\/uploads\/2023\/09\/cavalcata-di-carlo-v-clemente-vii-ligozzi-museo-degli-affreschi-verona_0489-50x50.jpg 50w, https:\/\/www.bellitalie.org\/wp-content\/uploads\/2023\/09\/cavalcata-di-carlo-v-clemente-vii-ligozzi-museo-degli-affreschi-verona_0489-80x80.jpg 80w, https:\/\/www.bellitalie.org\/wp-content\/uploads\/2023\/09\/cavalcata-di-carlo-v-clemente-vii-ligozzi-museo-degli-affreschi-verona_0489-75x75.jpg 75w\" sizes=\"(max-width: 150px) 100vw, 150px\" \/><\/a><div class=\"lcp_excerpt\">\n\nOspitato all&#8217;interno dell&#8217;ex convento delle suore francescane di Verona che risale al XIII secolo, il ...<\/div><\/li><li><a href=\"https:\/\/www.bellitalie.org\/it\/destinazione\/veneto\/verona\/chiesa-di-santa-maria-in-organo-di-verona\/\">Chiesa di Santa Maria in Organo di Verona<\/a><a href=\"https:\/\/www.bellitalie.org\/it\/destinazione\/veneto\/verona\/chiesa-di-santa-maria-in-organo-di-verona\/\" title=\"Chiesa di Santa Maria in Organo di Verona\"><img width=\"150\" height=\"150\" src=\"https:\/\/www.bellitalie.org\/wp-content\/uploads\/2021\/12\/santa-maria-in-organo-verone_9996-150x150.jpg\" class=\"lcp_thumbnail wp-post-image\" alt=\"Chiesa di Santa Maria in Organo di Verona\" loading=\"lazy\" srcset=\"https:\/\/www.bellitalie.org\/wp-content\/uploads\/2021\/12\/santa-maria-in-organo-verone_9996-150x150.jpg 150w, https:\/\/www.bellitalie.org\/wp-content\/uploads\/2021\/12\/santa-maria-in-organo-verone_9996-50x50.jpg 50w, https:\/\/www.bellitalie.org\/wp-content\/uploads\/2021\/12\/santa-maria-in-organo-verone_9996-80x80.jpg 80w, https:\/\/www.bellitalie.org\/wp-content\/uploads\/2021\/12\/santa-maria-in-organo-verone_9996-75x75.jpg 75w\" sizes=\"(max-width: 150px) 100vw, 150px\" \/><\/a><div class=\"lcp_excerpt\">\nLa chiesa di Santa Maria Assunta, o Santa Maria in Organo, si trova nel quartiere ...<\/div><\/li><\/ul>\n<\/div>\n<\/div>\n","protected":false},"excerpt":{"rendered":"<p>Vicino a Piazza delle Erbe, la Piazza dei Signori \u00e8 anche chiamata Piazza Dante per la presenza della statua del famoso poeta.\u00c8 una bella piazzetta rettangolare circondata da splendidi palazzi medievali che erano le prime dimore signorili della citt\u00e0, collegati da portici e passaggi, tra cui il Palazzo della Ragione della fine del XII secolo [&hellip;]<\/p>\n","protected":false},"author":1,"featured_media":23913,"parent":27024,"menu_order":0,"comment_status":"open","ping_status":"closed","template":"","format":"standard","meta":{"_links_to":"","_links_to_target":""},"tags":[],"categorie_page":[97],"region_italie":[],"acf":[],"yoast_head":"<!-- This site is optimized with the Yoast SEO plugin v17.5 - https:\/\/yoast.com\/wordpress\/plugins\/seo\/ -->\n<title>Piazza dei Signori di Verona - Bellitalie<\/title>\n<meta name=\"description\" content=\"La Piazza dei Signori di Verona \u00e8 circondata da palazzi medievali come il Palazzo della Ragione del XII con il cortile del Mercato Vecchio\" \/>\n<meta name=\"robots\" content=\"index, follow, max-snippet:-1, max-image-preview:large, max-video-preview:-1\" \/>\n<link rel=\"canonical\" href=\"https:\/\/www.bellitalie.org\/it\/destinazione\/veneto\/verona\/piazza-dei-signori\/\" \/>\n<meta property=\"og:locale\" content=\"it_IT\" \/>\n<meta property=\"og:type\" content=\"article\" \/>\n<meta property=\"og:title\" content=\"Piazza dei Signori di Verona - Bellitalie\" \/>\n<meta property=\"og:description\" content=\"La Piazza dei Signori di Verona \u00e8 circondata da palazzi medievali come il Palazzo della Ragione del XII con il cortile del Mercato Vecchio\" \/>\n<meta property=\"og:url\" content=\"https:\/\/www.bellitalie.org\/it\/destinazione\/veneto\/verona\/piazza-dei-signori\/\" \/>\n<meta property=\"og:site_name\" content=\"Bellitalie\" \/>\n<meta property=\"article:modified_time\" content=\"2023-11-02T09:24:15+00:00\" \/>\n<meta property=\"og:image\" content=\"https:\/\/www.bellitalie.org\/wp-content\/uploads\/2023\/09\/piazza-dei-signori-verona_1592.jpg\" \/>\n\t<meta property=\"og:image:width\" content=\"1200\" \/>\n\t<meta property=\"og:image:height\" content=\"800\" \/>\n<meta name=\"twitter:card\" content=\"summary_large_image\" \/>\n<meta name=\"twitter:label1\" content=\"Tempo di lettura stimato\" \/>\n\t<meta name=\"twitter:data1\" content=\"6 minuti\" \/>\n<script type=\"application\/ld+json\" class=\"yoast-schema-graph\">{\"@context\":\"https:\/\/schema.org\",\"@graph\":[{\"@type\":\"WebSite\",\"@id\":\"https:\/\/www.bellitalie.org\/#website\",\"url\":\"https:\/\/www.bellitalie.org\/\",\"name\":\"Bellitalie\",\"description\":\"Regioni, citt\\u00e0 e patrimonio dell'Italia da nord a sud\",\"potentialAction\":[{\"@type\":\"SearchAction\",\"target\":{\"@type\":\"EntryPoint\",\"urlTemplate\":\"https:\/\/www.bellitalie.org\/?s={search_term_string}\"},\"query-input\":\"required name=search_term_string\"}],\"inLanguage\":\"it-IT\"},{\"@type\":\"ImageObject\",\"@id\":\"https:\/\/www.bellitalie.org\/it\/destinazione\/veneto\/verona\/piazza-dei-signori\/#primaryimage\",\"inLanguage\":\"it-IT\",\"url\":\"https:\/\/www.bellitalie.org\/wp-content\/uploads\/2023\/09\/piazza-dei-signori-verona_1592.jpg\",\"contentUrl\":\"https:\/\/www.bellitalie.org\/wp-content\/uploads\/2023\/09\/piazza-dei-signori-verona_1592.jpg\",\"width\":1200,\"height\":800,\"caption\":\"piazza-dei-signori-verona_1592\"},{\"@type\":\"WebPage\",\"@id\":\"https:\/\/www.bellitalie.org\/it\/destinazione\/veneto\/verona\/piazza-dei-signori\/#webpage\",\"url\":\"https:\/\/www.bellitalie.org\/it\/destinazione\/veneto\/verona\/piazza-dei-signori\/\",\"name\":\"Piazza dei Signori di Verona - Bellitalie\",\"isPartOf\":{\"@id\":\"https:\/\/www.bellitalie.org\/#website\"},\"primaryImageOfPage\":{\"@id\":\"https:\/\/www.bellitalie.org\/it\/destinazione\/veneto\/verona\/piazza-dei-signori\/#primaryimage\"},\"datePublished\":\"2021-09-22T15:29:00+00:00\",\"dateModified\":\"2023-11-02T09:24:15+00:00\",\"description\":\"La Piazza dei Signori di Verona \\u00e8 circondata da palazzi medievali come il Palazzo della Ragione del XII con il cortile del Mercato Vecchio\",\"breadcrumb\":{\"@id\":\"https:\/\/www.bellitalie.org\/it\/destinazione\/veneto\/verona\/piazza-dei-signori\/#breadcrumb\"},\"inLanguage\":\"it-IT\",\"potentialAction\":[{\"@type\":\"ReadAction\",\"target\":[\"https:\/\/www.bellitalie.org\/it\/destinazione\/veneto\/verona\/piazza-dei-signori\/\"]}]},{\"@type\":\"BreadcrumbList\",\"@id\":\"https:\/\/www.bellitalie.org\/it\/destinazione\/veneto\/verona\/piazza-dei-signori\/#breadcrumb\",\"itemListElement\":[{\"@type\":\"ListItem\",\"position\":1,\"name\":\"Accueil\",\"item\":\"https:\/\/www.bellitalie.org\/it\/\"},{\"@type\":\"ListItem\",\"position\":2,\"name\":\"Veneto\",\"item\":\"https:\/\/www.bellitalie.org\/it\/regione_italia\/veneto\/\"},{\"@type\":\"ListItem\",\"position\":3,\"name\":\"Verona\",\"item\":\"https:\/\/www.bellitalie.org\/it\/destinazione\/veneto\/verona\/\"},{\"@type\":\"ListItem\",\"position\":4,\"name\":\"Piazza dei Signori di Verona\"}]},{\"@type\":\"Person\",\"@id\":\"https:\/\/www.bellitalie.org\/#\/schema\/person\/6f25c64f0b5df6df0b93a2be44045da5\",\"name\":\"Bellitalie\",\"image\":{\"@type\":\"ImageObject\",\"@id\":\"https:\/\/www.bellitalie.org\/#personlogo\",\"inLanguage\":\"it-IT\",\"url\":\"https:\/\/secure.gravatar.com\/avatar\/ad516503a11cd5ca435acc9bb6523536?s=96\",\"contentUrl\":\"https:\/\/secure.gravatar.com\/avatar\/ad516503a11cd5ca435acc9bb6523536?s=96\",\"caption\":\"Bellitalie\"},\"sameAs\":[\"https:\/\/www.bellitalie.org\"]}]}<\/script>\n<!-- \/ Yoast SEO plugin. -->","yoast_head_json":{"title":"Piazza dei Signori di Verona - Bellitalie","description":"La Piazza dei Signori di Verona \u00e8 circondata da palazzi medievali come il Palazzo della Ragione del XII con il cortile del Mercato Vecchio","robots":{"index":"index","follow":"follow","max-snippet":"max-snippet:-1","max-image-preview":"max-image-preview:large","max-video-preview":"max-video-preview:-1"},"canonical":"https:\/\/www.bellitalie.org\/it\/destinazione\/veneto\/verona\/piazza-dei-signori\/","og_locale":"it_IT","og_type":"article","og_title":"Piazza dei Signori di Verona - Bellitalie","og_description":"La Piazza dei Signori di Verona \u00e8 circondata da palazzi medievali come il Palazzo della Ragione del XII con il cortile del Mercato Vecchio","og_url":"https:\/\/www.bellitalie.org\/it\/destinazione\/veneto\/verona\/piazza-dei-signori\/","og_site_name":"Bellitalie","article_modified_time":"2023-11-02T09:24:15+00:00","og_image":[{"width":1200,"height":800,"url":"https:\/\/www.bellitalie.org\/wp-content\/uploads\/2023\/09\/piazza-dei-signori-verona_1592.jpg","type":"image\/jpeg"}],"twitter_card":"summary_large_image","twitter_misc":{"Tempo di lettura stimato":"6 minuti"},"schema":{"@context":"https:\/\/schema.org","@graph":[{"@type":"WebSite","@id":"https:\/\/www.bellitalie.org\/#website","url":"https:\/\/www.bellitalie.org\/","name":"Bellitalie","description":"Regioni, citt\u00e0 e patrimonio dell'Italia da nord a sud","potentialAction":[{"@type":"SearchAction","target":{"@type":"EntryPoint","urlTemplate":"https:\/\/www.bellitalie.org\/?s={search_term_string}"},"query-input":"required name=search_term_string"}],"inLanguage":"it-IT"},{"@type":"ImageObject","@id":"https:\/\/www.bellitalie.org\/it\/destinazione\/veneto\/verona\/piazza-dei-signori\/#primaryimage","inLanguage":"it-IT","url":"https:\/\/www.bellitalie.org\/wp-content\/uploads\/2023\/09\/piazza-dei-signori-verona_1592.jpg","contentUrl":"https:\/\/www.bellitalie.org\/wp-content\/uploads\/2023\/09\/piazza-dei-signori-verona_1592.jpg","width":1200,"height":800,"caption":"piazza-dei-signori-verona_1592"},{"@type":"WebPage","@id":"https:\/\/www.bellitalie.org\/it\/destinazione\/veneto\/verona\/piazza-dei-signori\/#webpage","url":"https:\/\/www.bellitalie.org\/it\/destinazione\/veneto\/verona\/piazza-dei-signori\/","name":"Piazza dei Signori di Verona - Bellitalie","isPartOf":{"@id":"https:\/\/www.bellitalie.org\/#website"},"primaryImageOfPage":{"@id":"https:\/\/www.bellitalie.org\/it\/destinazione\/veneto\/verona\/piazza-dei-signori\/#primaryimage"},"datePublished":"2021-09-22T15:29:00+00:00","dateModified":"2023-11-02T09:24:15+00:00","description":"La Piazza dei Signori di Verona \u00e8 circondata da palazzi medievali come il Palazzo della Ragione del XII con il cortile del Mercato Vecchio","breadcrumb":{"@id":"https:\/\/www.bellitalie.org\/it\/destinazione\/veneto\/verona\/piazza-dei-signori\/#breadcrumb"},"inLanguage":"it-IT","potentialAction":[{"@type":"ReadAction","target":["https:\/\/www.bellitalie.org\/it\/destinazione\/veneto\/verona\/piazza-dei-signori\/"]}]},{"@type":"BreadcrumbList","@id":"https:\/\/www.bellitalie.org\/it\/destinazione\/veneto\/verona\/piazza-dei-signori\/#breadcrumb","itemListElement":[{"@type":"ListItem","position":1,"name":"Accueil","item":"https:\/\/www.bellitalie.org\/it\/"},{"@type":"ListItem","position":2,"name":"Veneto","item":"https:\/\/www.bellitalie.org\/it\/regione_italia\/veneto\/"},{"@type":"ListItem","position":3,"name":"Verona","item":"https:\/\/www.bellitalie.org\/it\/destinazione\/veneto\/verona\/"},{"@type":"ListItem","position":4,"name":"Piazza dei Signori di Verona"}]},{"@type":"Person","@id":"https:\/\/www.bellitalie.org\/#\/schema\/person\/6f25c64f0b5df6df0b93a2be44045da5","name":"Bellitalie","image":{"@type":"ImageObject","@id":"https:\/\/www.bellitalie.org\/#personlogo","inLanguage":"it-IT","url":"https:\/\/secure.gravatar.com\/avatar\/ad516503a11cd5ca435acc9bb6523536?s=96","contentUrl":"https:\/\/secure.gravatar.com\/avatar\/ad516503a11cd5ca435acc9bb6523536?s=96","caption":"Bellitalie"},"sameAs":["https:\/\/www.bellitalie.org"]}]}},"_links":{"self":[{"href":"https:\/\/www.bellitalie.org\/it\/wp-json\/wp\/v2\/destination\/27100"}],"collection":[{"href":"https:\/\/www.bellitalie.org\/it\/wp-json\/wp\/v2\/destination"}],"about":[{"href":"https:\/\/www.bellitalie.org\/it\/wp-json\/wp\/v2\/types\/destination"}],"author":[{"embeddable":true,"href":"https:\/\/www.bellitalie.org\/it\/wp-json\/wp\/v2\/users\/1"}],"replies":[{"embeddable":true,"href":"https:\/\/www.bellitalie.org\/it\/wp-json\/wp\/v2\/comments?post=27100"}],"version-history":[{"count":3,"href":"https:\/\/www.bellitalie.org\/it\/wp-json\/wp\/v2\/destination\/27100\/revisions"}],"predecessor-version":[{"id":27113,"href":"https:\/\/www.bellitalie.org\/it\/wp-json\/wp\/v2\/destination\/27100\/revisions\/27113"}],"up":[{"embeddable":true,"href":"https:\/\/www.bellitalie.org\/it\/wp-json\/wp\/v2\/destination\/27024"}],"wp:featuredmedia":[{"embeddable":true,"href":"https:\/\/www.bellitalie.org\/it\/wp-json\/wp\/v2\/media\/23913"}],"wp:attachment":[{"href":"https:\/\/www.bellitalie.org\/it\/wp-json\/wp\/v2\/media?parent=27100"}],"wp:term":[{"taxonomy":"post_tag","embeddable":true,"href":"https:\/\/www.bellitalie.org\/it\/wp-json\/wp\/v2\/tags?post=27100"},{"taxonomy":"categorie_page","embeddable":true,"href":"https:\/\/www.bellitalie.org\/it\/wp-json\/wp\/v2\/categorie_page?post=27100"},{"taxonomy":"region_italie","embeddable":true,"href":"https:\/\/www.bellitalie.org\/it\/wp-json\/wp\/v2\/region_italie?post=27100"}],"curies":[{"name":"wp","href":"https:\/\/api.w.org\/{rel}","templated":true}]}}