{"id":27212,"date":"2021-09-10T12:06:00","date_gmt":"2021-09-10T10:06:00","guid":{"rendered":"https:\/\/www.bellitalie.org\/destination\/veneto\/verona\/eglise-santa-maria-in-organo\/"},"modified":"2023-11-06T10:06:30","modified_gmt":"2023-11-06T09:06:30","slug":"chiesa-di-santa-maria-in-organo-di-verona","status":"publish","type":"destination","link":"https:\/\/www.bellitalie.org\/it\/destinazione\/veneto\/verona\/chiesa-di-santa-maria-in-organo-di-verona\/","title":{"rendered":"Chiesa di Santa Maria in Organo di Verona"},"content":{"rendered":"\n<p>La <strong>chiesa di Santa Maria Assunta<\/strong>, o Santa Maria in Organo, si trova nel quartiere di Veronetta sulla riva sinistra dell&#8217;Adige.<\/p>\n<h2>Presentazione e visita<\/h2>\n<p>L&#8217;abbazia benedettina fu fondata nel VII secolo, probabilmente da Lupo, duca del Friuli, e allora sottoposta al patriarca di Aquileia, e non al vescovo di Verona.<br>La chiesa fu ricostruita in stile romanico dopo il terremoto del 1117. I resti pi\u00f9 antichi si trovano nella cripta della chiesa.<br>I benedettini olivetani arrivarono nel 1444, e intrapresero numerosi lavori e diedero al monastero il suo aspetto rinascimentale attuale. Quindi la chiesa fu ricostruita alla fine del XV secolo.<br>Agli inizi del XVI secolo furono costruiti il piccolo chiostro e la sala capitolare, poi il campanile disegnato da <strong>Fra Giovanni da Verona<\/strong>, completato da Francesco da Castello.<br>Nello stesso periodo Giovanni da Verona realizz\u00f2 gli intarsi in legno che decorano il coro e la sagrestia, probabilmente i pi\u00f9 belli e complessi d&#8217;Italia.<br>La parte bassa rinascimentale della facciata risale alla seconda met\u00e0 del XVI secolo.<br>Della chiesa romanica rimane la parte superiore della facciata, e parte della navata centrale fino ai lavori successivi.<\/p>\n\n\n<figure class=\"wp-container-2 wp-block-gallery-1 wp-block-gallery has-nested-images columns-default is-cropped\">\n<figure class=\"wp-block-image size-medium\"><a href=\"https:\/\/www.bellitalie.org\/wp-content\/uploads\/2023\/09\/santa-maria-in-organo-verone_9995.jpg\"><img loading=\"lazy\" width=\"300\" height=\"200\" data-id=\"24523\"  src=\"https:\/\/www.bellitalie.org\/wp-content\/uploads\/2023\/09\/santa-maria-in-organo-verone_9995-300x200.jpg\" alt=\"santa-maria-in-organo-verone_9995\" class=\"wp-image-24523\" srcset=\"https:\/\/www.bellitalie.org\/wp-content\/uploads\/2023\/09\/santa-maria-in-organo-verone_9995-300x200.jpg 300w, https:\/\/www.bellitalie.org\/wp-content\/uploads\/2023\/09\/santa-maria-in-organo-verone_9995-1024x683.jpg 1024w, https:\/\/www.bellitalie.org\/wp-content\/uploads\/2023\/09\/santa-maria-in-organo-verone_9995-768x512.jpg 768w, https:\/\/www.bellitalie.org\/wp-content\/uploads\/2023\/09\/santa-maria-in-organo-verone_9995.jpg 1200w\" sizes=\"(max-width: 300px) 100vw, 300px\" \/><\/a><figcaption>Facciata di Santa Maria in Organo<\/figcaption><\/figure>\n\n\n\n<figure class=\"wp-block-image size-medium\"><a href=\"https:\/\/www.bellitalie.org\/wp-content\/uploads\/2023\/09\/armadiature-in-legno-fra-giovanni-sagrestia-santa-maria-in-organo-verona_9888.jpg\"><img loading=\"lazy\" width=\"300\" height=\"200\" data-id=\"24502\"  src=\"https:\/\/www.bellitalie.org\/wp-content\/uploads\/2023\/09\/armadiature-in-legno-fra-giovanni-sagrestia-santa-maria-in-organo-verona_9888-300x200.jpg\" alt=\"\" class=\"wp-image-24502\" srcset=\"https:\/\/www.bellitalie.org\/wp-content\/uploads\/2023\/09\/armadiature-in-legno-fra-giovanni-sagrestia-santa-maria-in-organo-verona_9888-300x200.jpg 300w, https:\/\/www.bellitalie.org\/wp-content\/uploads\/2023\/09\/armadiature-in-legno-fra-giovanni-sagrestia-santa-maria-in-organo-verona_9888-1024x683.jpg 1024w, https:\/\/www.bellitalie.org\/wp-content\/uploads\/2023\/09\/armadiature-in-legno-fra-giovanni-sagrestia-santa-maria-in-organo-verona_9888-768x512.jpg 768w, https:\/\/www.bellitalie.org\/wp-content\/uploads\/2023\/09\/armadiature-in-legno-fra-giovanni-sagrestia-santa-maria-in-organo-verona_9888.jpg 1200w\" sizes=\"(max-width: 300px) 100vw, 300px\" \/><\/a><figcaption>Armadi in legno intarsiato intagliato da Fra&#8217; Giovanni da Verona<\/figcaption><\/figure>\n<\/figure>\n\n\n<p>All&#8217;interno, la navata centrale e il presbiterio sono coperti da una volta a botte, le navate laterali da volte a crociera, come le braccia del transetto dove le volte sono dipinte con gli evangelisti e i dottori della chiesa da <strong>Domenico Morone<\/strong>. L&#8217;incrocio \u00e8 coperto da una volta in ombrello in dodici quarti.<br>Dopo l&#8217;altare maggiore si trova il famoso coro ligneo in noce scuro intarsiato, realizzato da Fra Giovanni da Verona.<br>La sagrestia rettangolare ha in altezza un ciclo pittorico realizzato da <strong>Francesco Morone<\/strong>, con ritratti di papi, benedettini, dogi di Venezia. In basso si trovano gli armadi in legno e la spalliera in noce anch&#8217;essa scolpita e intarsiata, capolavoro di Fra Giovanni realizzato tra il 1519 e il 1523.<br>La cripta, con le sue colonne eteroclite, \u00e8 coperta di volte.<\/p>\n\n\n<figure class=\"wp-container-4 wp-block-gallery-3 wp-block-gallery has-nested-images columns-4 is-cropped\">\n<figure class=\"wp-block-image size-medium\"><a href=\"https:\/\/www.bellitalie.org\/wp-content\/uploads\/2023\/09\/santa-maria-in-organo-verona_9881.jpg\"><img loading=\"lazy\" width=\"300\" height=\"200\" data-id=\"24520\"  src=\"https:\/\/www.bellitalie.org\/wp-content\/uploads\/2023\/09\/santa-maria-in-organo-verona_9881-300x200.jpg\" alt=\"foto-navata-santa-maria-in-organo-verona_9881\" class=\"wp-image-24520\" srcset=\"https:\/\/www.bellitalie.org\/wp-content\/uploads\/2023\/09\/santa-maria-in-organo-verona_9881-300x200.jpg 300w, https:\/\/www.bellitalie.org\/wp-content\/uploads\/2023\/09\/santa-maria-in-organo-verona_9881-1024x683.jpg 1024w, https:\/\/www.bellitalie.org\/wp-content\/uploads\/2023\/09\/santa-maria-in-organo-verona_9881-768x512.jpg 768w, https:\/\/www.bellitalie.org\/wp-content\/uploads\/2023\/09\/santa-maria-in-organo-verona_9881.jpg 1200w\" sizes=\"(max-width: 300px) 100vw, 300px\" \/><\/a><figcaption>Navata<\/figcaption><\/figure>\n\n\n\n<figure class=\"wp-block-image size-medium\"><a href=\"https:\/\/www.bellitalie.org\/wp-content\/uploads\/2023\/09\/coro-ligneo-fra-giovanni-da-verona-santa-maria-in-organo-verona_9882.jpg\"><img loading=\"lazy\" width=\"300\" height=\"200\" data-id=\"24511\"  src=\"https:\/\/www.bellitalie.org\/wp-content\/uploads\/2023\/09\/coro-ligneo-fra-giovanni-da-verona-santa-maria-in-organo-verona_9882-300x200.jpg\" alt=\"foto-coro-ligneo-fra-giovanni-da-verona-santa-maria-in-organo-verona_9882\" class=\"wp-image-24511\" srcset=\"https:\/\/www.bellitalie.org\/wp-content\/uploads\/2023\/09\/coro-ligneo-fra-giovanni-da-verona-santa-maria-in-organo-verona_9882-300x200.jpg 300w, https:\/\/www.bellitalie.org\/wp-content\/uploads\/2023\/09\/coro-ligneo-fra-giovanni-da-verona-santa-maria-in-organo-verona_9882-1024x683.jpg 1024w, https:\/\/www.bellitalie.org\/wp-content\/uploads\/2023\/09\/coro-ligneo-fra-giovanni-da-verona-santa-maria-in-organo-verona_9882-768x512.jpg 768w, https:\/\/www.bellitalie.org\/wp-content\/uploads\/2023\/09\/coro-ligneo-fra-giovanni-da-verona-santa-maria-in-organo-verona_9882.jpg 1200w\" sizes=\"(max-width: 300px) 100vw, 300px\" \/><\/a><figcaption>Coro ligneo da Fra&#8217; Giovanni da Verona<\/figcaption><\/figure>\n\n\n\n<figure class=\"wp-block-image size-medium\"><a href=\"https:\/\/www.bellitalie.org\/wp-content\/uploads\/2023\/09\/candelabro-coro-ligneo-fra-giovanni-da-verona-santa-maria-in-organo-verona_9883.jpg\"><img loading=\"lazy\" width=\"200\" height=\"300\" data-id=\"24505\"  src=\"https:\/\/www.bellitalie.org\/wp-content\/uploads\/2023\/09\/candelabro-coro-ligneo-fra-giovanni-da-verona-santa-maria-in-organo-verona_9883-200x300.jpg\" alt=\"candelabro-coro-ligneo-fra-giovanni-da-verona-santa-maria-in-organo-verona_9883\" class=\"wp-image-24505\" srcset=\"https:\/\/www.bellitalie.org\/wp-content\/uploads\/2023\/09\/candelabro-coro-ligneo-fra-giovanni-da-verona-santa-maria-in-organo-verona_9883-200x300.jpg 200w, https:\/\/www.bellitalie.org\/wp-content\/uploads\/2023\/09\/candelabro-coro-ligneo-fra-giovanni-da-verona-santa-maria-in-organo-verona_9883-683x1024.jpg 683w, https:\/\/www.bellitalie.org\/wp-content\/uploads\/2023\/09\/candelabro-coro-ligneo-fra-giovanni-da-verona-santa-maria-in-organo-verona_9883-768x1152.jpg 768w, https:\/\/www.bellitalie.org\/wp-content\/uploads\/2023\/09\/candelabro-coro-ligneo-fra-giovanni-da-verona-santa-maria-in-organo-verona_9883.jpg 800w\" sizes=\"(max-width: 200px) 100vw, 200px\" \/><\/a><\/figure>\n\n\n\n<figure class=\"wp-block-image size-medium\"><a href=\"https:\/\/www.bellitalie.org\/wp-content\/uploads\/2023\/09\/sagrestia-santa-maria-in-organo-verona_9884.jpg\"><img loading=\"lazy\" width=\"300\" height=\"200\" data-id=\"24517\"  src=\"https:\/\/www.bellitalie.org\/wp-content\/uploads\/2023\/09\/sagrestia-santa-maria-in-organo-verona_9884-300x200.jpg\" alt=\"sagrestia-santa-maria-in-organo-verona_9884\" class=\"wp-image-24517\" srcset=\"https:\/\/www.bellitalie.org\/wp-content\/uploads\/2023\/09\/sagrestia-santa-maria-in-organo-verona_9884-300x200.jpg 300w, https:\/\/www.bellitalie.org\/wp-content\/uploads\/2023\/09\/sagrestia-santa-maria-in-organo-verona_9884-1024x683.jpg 1024w, https:\/\/www.bellitalie.org\/wp-content\/uploads\/2023\/09\/sagrestia-santa-maria-in-organo-verona_9884-768x512.jpg 768w, https:\/\/www.bellitalie.org\/wp-content\/uploads\/2023\/09\/sagrestia-santa-maria-in-organo-verona_9884.jpg 1200w\" sizes=\"(max-width: 300px) 100vw, 300px\" \/><\/a><figcaption>Sagrestia<\/figcaption><\/figure>\n\n\n\n<figure class=\"wp-block-image size-medium\"><a href=\"https:\/\/www.bellitalie.org\/wp-content\/uploads\/2023\/09\/affreschi-francesco-morone-sagrestia-santa-maria-in-organo-verona_9886.jpg\"><img loading=\"lazy\" width=\"300\" height=\"200\" data-id=\"24499\"  src=\"https:\/\/www.bellitalie.org\/wp-content\/uploads\/2023\/09\/affreschi-francesco-morone-sagrestia-santa-maria-in-organo-verona_9886-300x200.jpg\" alt=\"affreschi-francesco-morone-sagrestia-santa-maria-in-organo-verona_9886\" class=\"wp-image-24499\" srcset=\"https:\/\/www.bellitalie.org\/wp-content\/uploads\/2023\/09\/affreschi-francesco-morone-sagrestia-santa-maria-in-organo-verona_9886-300x200.jpg 300w, https:\/\/www.bellitalie.org\/wp-content\/uploads\/2023\/09\/affreschi-francesco-morone-sagrestia-santa-maria-in-organo-verona_9886-1024x683.jpg 1024w, https:\/\/www.bellitalie.org\/wp-content\/uploads\/2023\/09\/affreschi-francesco-morone-sagrestia-santa-maria-in-organo-verona_9886-768x512.jpg 768w, https:\/\/www.bellitalie.org\/wp-content\/uploads\/2023\/09\/affreschi-francesco-morone-sagrestia-santa-maria-in-organo-verona_9886.jpg 1200w\" sizes=\"(max-width: 300px) 100vw, 300px\" \/><\/a><figcaption>Affreschi da Francesco Morone, sagrestia<\/figcaption><\/figure>\n\n\n\n<figure class=\"wp-block-image size-medium\"><a href=\"https:\/\/www.bellitalie.org\/wp-content\/uploads\/2023\/09\/choeur-eglise-santa-maria-in-organo-verone_9893.jpg\"><img loading=\"lazy\" width=\"200\" height=\"300\" data-id=\"24508\"  src=\"https:\/\/www.bellitalie.org\/wp-content\/uploads\/2023\/09\/choeur-eglise-santa-maria-in-organo-verone_9893-200x300.jpg\" alt=\"Foto delle Armadiature di Giovanni da Verona, sagrestia\" class=\"wp-image-24508\" srcset=\"https:\/\/www.bellitalie.org\/wp-content\/uploads\/2023\/09\/choeur-eglise-santa-maria-in-organo-verone_9893-200x300.jpg 200w, https:\/\/www.bellitalie.org\/wp-content\/uploads\/2023\/09\/choeur-eglise-santa-maria-in-organo-verone_9893-683x1024.jpg 683w, https:\/\/www.bellitalie.org\/wp-content\/uploads\/2023\/09\/choeur-eglise-santa-maria-in-organo-verone_9893-768x1152.jpg 768w, https:\/\/www.bellitalie.org\/wp-content\/uploads\/2023\/09\/choeur-eglise-santa-maria-in-organo-verone_9893.jpg 800w\" sizes=\"(max-width: 200px) 100vw, 200px\" \/><\/a><figcaption>Armadiature di Giovanni da Verona, sagrestia<\/figcaption><\/figure>\n\n\n\n<figure class=\"wp-block-image size-medium\"><a href=\"https:\/\/www.bellitalie.org\/wp-content\/uploads\/2023\/09\/crypte-santa-maria-in-organo-verone_9890.jpg\"><img loading=\"lazy\" width=\"300\" height=\"200\" data-id=\"24514\"  src=\"https:\/\/www.bellitalie.org\/wp-content\/uploads\/2023\/09\/crypte-santa-maria-in-organo-verone_9890-300x200.jpg\" alt=\"foto-cripta-santa-maria-in-organo-verone_9890\" class=\"wp-image-24514\" srcset=\"https:\/\/www.bellitalie.org\/wp-content\/uploads\/2023\/09\/crypte-santa-maria-in-organo-verone_9890-300x200.jpg 300w, https:\/\/www.bellitalie.org\/wp-content\/uploads\/2023\/09\/crypte-santa-maria-in-organo-verone_9890-1024x683.jpg 1024w, https:\/\/www.bellitalie.org\/wp-content\/uploads\/2023\/09\/crypte-santa-maria-in-organo-verone_9890-768x512.jpg 768w, https:\/\/www.bellitalie.org\/wp-content\/uploads\/2023\/09\/crypte-santa-maria-in-organo-verone_9890.jpg 1200w\" sizes=\"(max-width: 300px) 100vw, 300px\" \/><\/a><figcaption>Cripta<\/figcaption><\/figure>\n<\/figure>\n\n\n<h2>Informazioni e fonti<\/h2>\n<ul class=\"Style4\">\n<li>Articoli Wikipedia : <a href=\"https:\/\/it.wikipedia.org\/wiki\/Chiesa_di_Santa_Maria_in_Organo\" target=\"_blank\" rel=\"noopener\">it.wikipedia.org<\/a><\/li>\n<li>Portali turistici : <a href=\"http:\/\/www.turismoverona.eu\/nqcontent.cfm?a_id=35983\" target=\"_blank\" rel=\"noopener\">www.turismoverona.eu<\/a><\/li>\n<li>Siti : <a href=\"https:\/\/www.arengario.net\/momenti\/momenti10.html\" target=\"_blank\" rel=\"noopener\">www.arengario.net<\/a><\/li>\n<\/ul>\n<h2>Cartina<\/h2>\n<div id=\"travelersmap-container-69f5ddb4dbca0\" class=\"travelersmap-container\" style=\"z-index: 1; min-height: 10px; min-width:10px; height:400px;width:100%; max-width:; max-height:; position:relative;\"><div style=\"position:absolute; z-index:-1;top: 50%;text-align: center;display: block;left: 50%;transform: translate(-50%,-50%);\">Travelers' Map is loading... <br> If you see this after your page is loaded completely, leafletJS files are missing.<\/div><\/div>\n<p>\u00a0<\/p>\n\n\n<div class=\"wp-container-7 wp-block-columns has-background\" style=\"background-color:#dfece5\">\n<div class=\"wp-container-5 wp-block-column\">\n<p><strong><a href=\"https:\/\/www.bellitalie.org\/it\/regione_italia\/veneto\/\">Veneto<\/a><\/strong><\/p>\n<ul class=\"lcp_catlist2\" id=\"lcp_instance_0\"><li><a href=\"https:\/\/www.bellitalie.org\/it\/destinazione\/veneto\/verona\/\">Verona<\/a><a href=\"https:\/\/www.bellitalie.org\/it\/destinazione\/veneto\/verona\/\" title=\"Verona\"><img width=\"150\" height=\"150\" src=\"https:\/\/www.bellitalie.org\/wp-content\/uploads\/2021\/09\/verone-italie_1623-150x150.jpg\" class=\"lcp_thumbnail wp-post-image\" alt=\"Verona\" loading=\"lazy\" srcset=\"https:\/\/www.bellitalie.org\/wp-content\/uploads\/2021\/09\/verone-italie_1623-150x150.jpg 150w, https:\/\/www.bellitalie.org\/wp-content\/uploads\/2021\/09\/verone-italie_1623-50x50.jpg 50w, https:\/\/www.bellitalie.org\/wp-content\/uploads\/2021\/09\/verone-italie_1623-80x80.jpg 80w, https:\/\/www.bellitalie.org\/wp-content\/uploads\/2021\/09\/verone-italie_1623-75x75.jpg 75w\" sizes=\"(max-width: 150px) 100vw, 150px\" \/><\/a><div class=\"lcp_excerpt\">\nVerona non si limita all&#8217;amore tragico di Romeo e Giulietta raccontato da Shakespeare, tutt&#8217;altro. \u00c8 ...<\/div><\/li><li><a href=\"https:\/\/www.bellitalie.org\/it\/destinazione\/veneto\/lago-di-garda\/\">Lago di Garda<\/a><a href=\"https:\/\/www.bellitalie.org\/it\/destinazione\/veneto\/lago-di-garda\/\" title=\"Lago di Garda\"><img width=\"150\" height=\"150\" src=\"https:\/\/www.bellitalie.org\/wp-content\/uploads\/2023\/09\/cote-lac-de-garde-malcesine-brenzone_9766-150x150.jpg\" class=\"lcp_thumbnail wp-post-image\" alt=\"Lago di Garda\" loading=\"lazy\" srcset=\"https:\/\/www.bellitalie.org\/wp-content\/uploads\/2023\/09\/cote-lac-de-garde-malcesine-brenzone_9766-150x150.jpg 150w, https:\/\/www.bellitalie.org\/wp-content\/uploads\/2023\/09\/cote-lac-de-garde-malcesine-brenzone_9766-50x50.jpg 50w, https:\/\/www.bellitalie.org\/wp-content\/uploads\/2023\/09\/cote-lac-de-garde-malcesine-brenzone_9766-80x80.jpg 80w, https:\/\/www.bellitalie.org\/wp-content\/uploads\/2023\/09\/cote-lac-de-garde-malcesine-brenzone_9766-75x75.jpg 75w\" sizes=\"(max-width: 150px) 100vw, 150px\" \/><\/a><div class=\"lcp_excerpt\">\nIl Lago di Garda \u00e8 il pi\u00f9 grande lago d&#8217;Italia, situato tra Brescia ad ovest ...<\/div><\/li><li><a href=\"https:\/\/www.bellitalie.org\/it\/destinazione\/veneto\/peschiera-del-garda\/\">Peschiera del Garda<\/a><a href=\"https:\/\/www.bellitalie.org\/it\/destinazione\/veneto\/peschiera-del-garda\/\" title=\"Peschiera del Garda\"><img width=\"150\" height=\"150\" src=\"https:\/\/www.bellitalie.org\/wp-content\/uploads\/2021\/09\/canale-di-mezzo-peschiera-del-garda_9516-150x150.jpg\" class=\"lcp_thumbnail wp-post-image\" alt=\"Peschiera del Garda\" loading=\"lazy\" srcset=\"https:\/\/www.bellitalie.org\/wp-content\/uploads\/2021\/09\/canale-di-mezzo-peschiera-del-garda_9516-150x150.jpg 150w, https:\/\/www.bellitalie.org\/wp-content\/uploads\/2021\/09\/canale-di-mezzo-peschiera-del-garda_9516-50x50.jpg 50w, https:\/\/www.bellitalie.org\/wp-content\/uploads\/2021\/09\/canale-di-mezzo-peschiera-del-garda_9516-80x80.jpg 80w, https:\/\/www.bellitalie.org\/wp-content\/uploads\/2021\/09\/canale-di-mezzo-peschiera-del-garda_9516-75x75.jpg 75w\" sizes=\"(max-width: 150px) 100vw, 150px\" \/><\/a><div class=\"lcp_excerpt\">\nSulla sponda meridionale del Lago di Garda, Peschiera del Garda \u00e8 una citt\u00e0-fortezza circondata dalle ...<\/div><\/li><\/ul>\n<\/div>\n\n\n\n<div class=\"wp-container-6 wp-block-column\">\n<p><a href=\"https:\/\/www.bellitalie.org\/it\/destinazione\/veneto\/verona\/\"><strong>Verona<\/strong><\/a><\/p>\n<ul class=\"lcp_catlist2\" id=\"lcp_instance_0\"><li><a href=\"https:\/\/www.bellitalie.org\/it\/destinazione\/veneto\/verona\/cosa-vedere-a-verona\/\">Cosa vedere a Verona &#8211; Pi\u00f9 di 20 luoghi<\/a><a href=\"https:\/\/www.bellitalie.org\/it\/destinazione\/veneto\/verona\/cosa-vedere-a-verona\/\" title=\"Cosa vedere a Verona - Pi\u00f9 di 20 luoghi\"><img width=\"150\" height=\"150\" src=\"https:\/\/www.bellitalie.org\/wp-content\/uploads\/2021\/09\/verone_1592-150x150.jpg\" class=\"lcp_thumbnail wp-post-image\" alt=\"Cosa vedere a Verona - Pi\u00f9 di 20 luoghi\" loading=\"lazy\" srcset=\"https:\/\/www.bellitalie.org\/wp-content\/uploads\/2021\/09\/verone_1592-150x150.jpg 150w, https:\/\/www.bellitalie.org\/wp-content\/uploads\/2021\/09\/verone_1592-50x50.jpg 50w, https:\/\/www.bellitalie.org\/wp-content\/uploads\/2021\/09\/verone_1592-80x80.jpg 80w, https:\/\/www.bellitalie.org\/wp-content\/uploads\/2021\/09\/verone_1592-75x75.jpg 75w\" sizes=\"(max-width: 150px) 100vw, 150px\" \/><\/a><div class=\"lcp_excerpt\">\nLa bellissima citt\u00e0 di Verona merita almeno un fine settimana per apprezzarne il patrimonio culturale ...<\/div><\/li><li><a href=\"https:\/\/www.bellitalie.org\/it\/destinazione\/veneto\/verona\/arena-di-verona\/\">Arena di Verona<\/a><a href=\"https:\/\/www.bellitalie.org\/it\/destinazione\/veneto\/verona\/arena-di-verona\/\" title=\"Arena di Verona\"><img width=\"150\" height=\"150\" src=\"https:\/\/www.bellitalie.org\/wp-content\/uploads\/2023\/09\/interieur-arenes-de-verone_0083-150x150.jpg\" class=\"lcp_thumbnail wp-post-image\" alt=\"Arena di Verona\" loading=\"lazy\" srcset=\"https:\/\/www.bellitalie.org\/wp-content\/uploads\/2023\/09\/interieur-arenes-de-verone_0083-150x150.jpg 150w, https:\/\/www.bellitalie.org\/wp-content\/uploads\/2023\/09\/interieur-arenes-de-verone_0083-50x50.jpg 50w, https:\/\/www.bellitalie.org\/wp-content\/uploads\/2023\/09\/interieur-arenes-de-verone_0083-80x80.jpg 80w, https:\/\/www.bellitalie.org\/wp-content\/uploads\/2023\/09\/interieur-arenes-de-verone_0083-75x75.jpg 75w\" sizes=\"(max-width: 150px) 100vw, 150px\" \/><\/a><div class=\"lcp_excerpt\">\nChiamata l&#8217;Arena, dal nome che designa anche la sabbia, questa grande arena romana \u00e8 un ...<\/div><\/li><li><a href=\"https:\/\/www.bellitalie.org\/it\/destinazione\/veneto\/verona\/piazza-delle-erbe-e-torre-dei-lamberti\/\">Piazza delle Erbe e Torre dei Lamberti<\/a><a href=\"https:\/\/www.bellitalie.org\/it\/destinazione\/veneto\/verona\/piazza-delle-erbe-e-torre-dei-lamberti\/\" title=\"Piazza delle Erbe e Torre dei Lamberti\"><img width=\"150\" height=\"150\" src=\"https:\/\/www.bellitalie.org\/wp-content\/uploads\/2021\/09\/piazza-delle-erbe-verone_0582-150x150.jpg\" class=\"lcp_thumbnail wp-post-image\" alt=\"Piazza delle Erbe e Torre dei Lamberti\" loading=\"lazy\" srcset=\"https:\/\/www.bellitalie.org\/wp-content\/uploads\/2021\/09\/piazza-delle-erbe-verone_0582-150x150.jpg 150w, https:\/\/www.bellitalie.org\/wp-content\/uploads\/2021\/09\/piazza-delle-erbe-verone_0582-50x50.jpg 50w, https:\/\/www.bellitalie.org\/wp-content\/uploads\/2021\/09\/piazza-delle-erbe-verone_0582-80x80.jpg 80w, https:\/\/www.bellitalie.org\/wp-content\/uploads\/2021\/09\/piazza-delle-erbe-verone_0582-75x75.jpg 75w\" sizes=\"(max-width: 150px) 100vw, 150px\" \/><\/a><div class=\"lcp_excerpt\">\nPiazza delle Erbe \u00e8 sicuramente una delle piazze pi\u00f9 belle d&#8217;Italia e anche la pi\u00f9 ...<\/div><\/li><li><a href=\"https:\/\/www.bellitalie.org\/it\/destinazione\/veneto\/verona\/castelvecchio-e-ponte-scaligero\/\">Castelvecchio e Ponte Scaligero<\/a><a href=\"https:\/\/www.bellitalie.org\/it\/destinazione\/veneto\/verona\/castelvecchio-e-ponte-scaligero\/\" title=\"Castelvecchio e Ponte Scaligero\"><img width=\"150\" height=\"150\" src=\"https:\/\/www.bellitalie.org\/wp-content\/uploads\/2023\/09\/ponte-di-castelvecchio-verona_0221-150x150.jpg\" class=\"lcp_thumbnail wp-post-image\" alt=\"Castelvecchio e Ponte Scaligero\" loading=\"lazy\" srcset=\"https:\/\/www.bellitalie.org\/wp-content\/uploads\/2023\/09\/ponte-di-castelvecchio-verona_0221-150x150.jpg 150w, https:\/\/www.bellitalie.org\/wp-content\/uploads\/2023\/09\/ponte-di-castelvecchio-verona_0221-50x50.jpg 50w, https:\/\/www.bellitalie.org\/wp-content\/uploads\/2023\/09\/ponte-di-castelvecchio-verona_0221-80x80.jpg 80w, https:\/\/www.bellitalie.org\/wp-content\/uploads\/2023\/09\/ponte-di-castelvecchio-verona_0221-75x75.jpg 75w\" sizes=\"(max-width: 150px) 100vw, 150px\" \/><\/a><div class=\"lcp_excerpt\">\nCastelvecchio\nAi margini dell&#8217;Adige, il Castelvecchio di Verona era in origine una fortezza militare costruita in ...<\/div><\/li><li><a href=\"https:\/\/www.bellitalie.org\/it\/destinazione\/veneto\/verona\/piazza-dei-signori\/\">Piazza dei Signori di Verona<\/a><a href=\"https:\/\/www.bellitalie.org\/it\/destinazione\/veneto\/verona\/piazza-dei-signori\/\" title=\"Piazza dei Signori di Verona\"><img width=\"150\" height=\"150\" src=\"https:\/\/www.bellitalie.org\/wp-content\/uploads\/2023\/09\/piazza-dei-signori-verona_1592-150x150.jpg\" class=\"lcp_thumbnail wp-post-image\" alt=\"Piazza dei Signori di Verona\" loading=\"lazy\" srcset=\"https:\/\/www.bellitalie.org\/wp-content\/uploads\/2023\/09\/piazza-dei-signori-verona_1592-150x150.jpg 150w, https:\/\/www.bellitalie.org\/wp-content\/uploads\/2023\/09\/piazza-dei-signori-verona_1592-50x50.jpg 50w, https:\/\/www.bellitalie.org\/wp-content\/uploads\/2023\/09\/piazza-dei-signori-verona_1592-80x80.jpg 80w, https:\/\/www.bellitalie.org\/wp-content\/uploads\/2023\/09\/piazza-dei-signori-verona_1592-75x75.jpg 75w\" sizes=\"(max-width: 150px) 100vw, 150px\" \/><\/a><div class=\"lcp_excerpt\">\nVicino a Piazza delle Erbe, la Piazza dei Signori \u00e8 anche chiamata Piazza Dante per ...<\/div><\/li><li><a href=\"https:\/\/www.bellitalie.org\/it\/destinazione\/veneto\/verona\/basilica-di-santa-anastasia-di-verona\/\">Basilica di Santa Anastasia di Verona<\/a><a href=\"https:\/\/www.bellitalie.org\/it\/destinazione\/veneto\/verona\/basilica-di-santa-anastasia-di-verona\/\" title=\"Basilica di Santa Anastasia di Verona\"><img width=\"150\" height=\"150\" src=\"https:\/\/www.bellitalie.org\/wp-content\/uploads\/2023\/09\/basilica-santa-anastasia-verona_9954-150x150.jpg\" class=\"lcp_thumbnail wp-post-image\" alt=\"Basilica di Santa Anastasia di Verona\" loading=\"lazy\" srcset=\"https:\/\/www.bellitalie.org\/wp-content\/uploads\/2023\/09\/basilica-santa-anastasia-verona_9954-150x150.jpg 150w, https:\/\/www.bellitalie.org\/wp-content\/uploads\/2023\/09\/basilica-santa-anastasia-verona_9954-50x50.jpg 50w, https:\/\/www.bellitalie.org\/wp-content\/uploads\/2023\/09\/basilica-santa-anastasia-verona_9954-80x80.jpg 80w, https:\/\/www.bellitalie.org\/wp-content\/uploads\/2023\/09\/basilica-santa-anastasia-verona_9954-75x75.jpg 75w\" sizes=\"(max-width: 150px) 100vw, 150px\" \/><\/a><div class=\"lcp_excerpt\">\nLa Basilica di Santa Anastasia \u00e8 una chiesa domenicana e la pi\u00f9 grande di Verona, ...<\/div><\/li><li><a href=\"https:\/\/www.bellitalie.org\/it\/destinazione\/veneto\/verona\/complesso-della-cattedrale-di-verona\/\">Complesso della cattedrale di Verona<\/a><a href=\"https:\/\/www.bellitalie.org\/it\/destinazione\/veneto\/verona\/complesso-della-cattedrale-di-verona\/\" title=\"Complesso della cattedrale di Verona\"><img width=\"150\" height=\"150\" src=\"https:\/\/www.bellitalie.org\/wp-content\/uploads\/2021\/12\/cathedrale-santa-maria-matricolare-verone_1608-150x150.jpg\" class=\"lcp_thumbnail wp-post-image\" alt=\"Complesso della cattedrale di Verona\" loading=\"lazy\" srcset=\"https:\/\/www.bellitalie.org\/wp-content\/uploads\/2021\/12\/cathedrale-santa-maria-matricolare-verone_1608-150x150.jpg 150w, https:\/\/www.bellitalie.org\/wp-content\/uploads\/2021\/12\/cathedrale-santa-maria-matricolare-verone_1608-50x50.jpg 50w, https:\/\/www.bellitalie.org\/wp-content\/uploads\/2021\/12\/cathedrale-santa-maria-matricolare-verone_1608-80x80.jpg 80w, https:\/\/www.bellitalie.org\/wp-content\/uploads\/2021\/12\/cathedrale-santa-maria-matricolare-verone_1608-75x75.jpg 75w\" sizes=\"(max-width: 150px) 100vw, 150px\" \/><\/a><div class=\"lcp_excerpt\">\nIn origine, una basilica paleocristiana fu costruita in questa zona su antiche ville romane dotate ...<\/div><\/li><li><a href=\"https:\/\/www.bellitalie.org\/it\/destinazione\/veneto\/verona\/basilica-di-san-zeno-di-verona\/\">Basilica di San Zeno di Verona<\/a><a href=\"https:\/\/www.bellitalie.org\/it\/destinazione\/veneto\/verona\/basilica-di-san-zeno-di-verona\/\" title=\"Basilica di San Zeno di Verona\"><img width=\"150\" height=\"150\" src=\"https:\/\/www.bellitalie.org\/wp-content\/uploads\/2023\/09\/basilica-san-zeno-verona_0214-1-150x150.jpg\" class=\"lcp_thumbnail wp-post-image\" alt=\"Basilica di San Zeno di Verona\" loading=\"lazy\" srcset=\"https:\/\/www.bellitalie.org\/wp-content\/uploads\/2023\/09\/basilica-san-zeno-verona_0214-1-150x150.jpg 150w, https:\/\/www.bellitalie.org\/wp-content\/uploads\/2023\/09\/basilica-san-zeno-verona_0214-1-50x50.jpg 50w, https:\/\/www.bellitalie.org\/wp-content\/uploads\/2023\/09\/basilica-san-zeno-verona_0214-1-80x80.jpg 80w, https:\/\/www.bellitalie.org\/wp-content\/uploads\/2023\/09\/basilica-san-zeno-verona_0214-1-75x75.jpg 75w\" sizes=\"(max-width: 150px) 100vw, 150px\" \/><\/a><div class=\"lcp_excerpt\">\nAppena fuori dal centro storico, la Basilica di San Zeno Maggiore \u00e8 probabilmente l&#8217;edificio religioso ...<\/div><\/li><li><a href=\"https:\/\/www.bellitalie.org\/it\/destinazione\/veneto\/verona\/teatro-romano-di-verona\/\">Teatro romano di Verona<\/a><a href=\"https:\/\/www.bellitalie.org\/it\/destinazione\/veneto\/verona\/teatro-romano-di-verona\/\" title=\"Teatro romano di Verona\"><img width=\"150\" height=\"150\" src=\"https:\/\/www.bellitalie.org\/wp-content\/uploads\/2021\/12\/teatro-romano-di-verona_9634-150x150.jpg\" class=\"lcp_thumbnail wp-post-image\" alt=\"Teatro romano di Verona\" loading=\"lazy\" srcset=\"https:\/\/www.bellitalie.org\/wp-content\/uploads\/2021\/12\/teatro-romano-di-verona_9634-150x150.jpg 150w, https:\/\/www.bellitalie.org\/wp-content\/uploads\/2021\/12\/teatro-romano-di-verona_9634-50x50.jpg 50w, https:\/\/www.bellitalie.org\/wp-content\/uploads\/2021\/12\/teatro-romano-di-verona_9634-80x80.jpg 80w, https:\/\/www.bellitalie.org\/wp-content\/uploads\/2021\/12\/teatro-romano-di-verona_9634-75x75.jpg 75w\" sizes=\"(max-width: 150px) 100vw, 150px\" \/><\/a><div class=\"lcp_excerpt\">\nIl Teatro Romano di Verona \u00e8 il pi\u00f9 antico monumento della citt\u00e0, costruito nel I ...<\/div><\/li><li><a href=\"https:\/\/www.bellitalie.org\/it\/destinazione\/veneto\/verona\/chiesa-di-san-fermo-di-verona\/\">Chiesa di San Fermo di Verona<\/a><a href=\"https:\/\/www.bellitalie.org\/it\/destinazione\/veneto\/verona\/chiesa-di-san-fermo-di-verona\/\" title=\"Chiesa di San Fermo di Verona\"><img width=\"150\" height=\"150\" src=\"https:\/\/www.bellitalie.org\/wp-content\/uploads\/2021\/12\/chiesa-superiore-san-fermo-verona_0325-150x150.jpg\" class=\"lcp_thumbnail wp-post-image\" alt=\"Chiesa di San Fermo di Verona\" loading=\"lazy\" srcset=\"https:\/\/www.bellitalie.org\/wp-content\/uploads\/2021\/12\/chiesa-superiore-san-fermo-verona_0325-150x150.jpg 150w, https:\/\/www.bellitalie.org\/wp-content\/uploads\/2021\/12\/chiesa-superiore-san-fermo-verona_0325-50x50.jpg 50w, https:\/\/www.bellitalie.org\/wp-content\/uploads\/2021\/12\/chiesa-superiore-san-fermo-verona_0325-80x80.jpg 80w, https:\/\/www.bellitalie.org\/wp-content\/uploads\/2021\/12\/chiesa-superiore-san-fermo-verona_0325-75x75.jpg 75w\" sizes=\"(max-width: 150px) 100vw, 150px\" \/><\/a><div class=\"lcp_excerpt\">\nVicino all&#8217;Adige e al Ponte Navi, la Chiesa di San Fermo Maggiore \u00e8 di stile ...<\/div><\/li><li><a href=\"https:\/\/www.bellitalie.org\/it\/destinazione\/veneto\/verona\/museo-degli-affreschi-alla-tomba-di-giulietta\/\">Museo degli Affreschi alla tomba di Giulietta<\/a><a href=\"https:\/\/www.bellitalie.org\/it\/destinazione\/veneto\/verona\/museo-degli-affreschi-alla-tomba-di-giulietta\/\" title=\"Museo degli Affreschi alla tomba di Giulietta\"><img width=\"150\" height=\"150\" src=\"https:\/\/www.bellitalie.org\/wp-content\/uploads\/2023\/09\/cavalcata-di-carlo-v-clemente-vii-ligozzi-museo-degli-affreschi-verona_0489-150x150.jpg\" class=\"lcp_thumbnail wp-post-image\" alt=\"Museo degli Affreschi alla tomba di Giulietta\" loading=\"lazy\" srcset=\"https:\/\/www.bellitalie.org\/wp-content\/uploads\/2023\/09\/cavalcata-di-carlo-v-clemente-vii-ligozzi-museo-degli-affreschi-verona_0489-150x150.jpg 150w, https:\/\/www.bellitalie.org\/wp-content\/uploads\/2023\/09\/cavalcata-di-carlo-v-clemente-vii-ligozzi-museo-degli-affreschi-verona_0489-50x50.jpg 50w, https:\/\/www.bellitalie.org\/wp-content\/uploads\/2023\/09\/cavalcata-di-carlo-v-clemente-vii-ligozzi-museo-degli-affreschi-verona_0489-80x80.jpg 80w, https:\/\/www.bellitalie.org\/wp-content\/uploads\/2023\/09\/cavalcata-di-carlo-v-clemente-vii-ligozzi-museo-degli-affreschi-verona_0489-75x75.jpg 75w\" sizes=\"(max-width: 150px) 100vw, 150px\" \/><\/a><div class=\"lcp_excerpt\">\n\nOspitato all&#8217;interno dell&#8217;ex convento delle suore francescane di Verona che risale al XIII secolo, il ...<\/div><\/li><\/ul>\n<\/div>\n<\/div>\n","protected":false},"excerpt":{"rendered":"<p>La chiesa di Santa Maria Assunta, o Santa Maria in Organo, si trova nel quartiere di Veronetta sulla riva sinistra dell&#8217;Adige. Presentazione e visita L&#8217;abbazia benedettina fu fondata nel VII secolo, probabilmente da Lupo, duca del Friuli, e allora sottoposta al patriarca di Aquileia, e non al vescovo di Verona.La chiesa fu ricostruita in stile [&hellip;]<\/p>\n","protected":false},"author":1,"featured_media":24482,"parent":27024,"menu_order":0,"comment_status":"open","ping_status":"closed","template":"","format":"standard","meta":{"_links_to":"","_links_to_target":""},"tags":[],"categorie_page":[97],"region_italie":[],"acf":[],"yoast_head":"<!-- This site is optimized with the Yoast SEO plugin v17.5 - https:\/\/yoast.com\/wordpress\/plugins\/seo\/ -->\n<title>Chiesa di Santa Maria in Organo di Verona - Bellitalie<\/title>\n<meta name=\"description\" content=\"La chiesa di Santa Maria in Organo di Verona nasconde una cripta del XII e nel coro e nella sagrestia delle opere intarsiate di Fra Giovanni\" \/>\n<meta name=\"robots\" content=\"index, follow, max-snippet:-1, max-image-preview:large, max-video-preview:-1\" \/>\n<link rel=\"canonical\" href=\"https:\/\/www.bellitalie.org\/it\/destinazione\/veneto\/verona\/chiesa-di-santa-maria-in-organo-di-verona\/\" \/>\n<meta property=\"og:locale\" content=\"it_IT\" \/>\n<meta property=\"og:type\" content=\"article\" \/>\n<meta property=\"og:title\" content=\"Chiesa di Santa Maria in Organo di Verona - Bellitalie\" \/>\n<meta property=\"og:description\" content=\"La chiesa di Santa Maria in Organo di Verona nasconde una cripta del XII e nel coro e nella sagrestia delle opere intarsiate di Fra Giovanni\" \/>\n<meta property=\"og:url\" content=\"https:\/\/www.bellitalie.org\/it\/destinazione\/veneto\/verona\/chiesa-di-santa-maria-in-organo-di-verona\/\" \/>\n<meta property=\"og:site_name\" content=\"Bellitalie\" \/>\n<meta property=\"article:modified_time\" content=\"2023-11-06T09:06:30+00:00\" \/>\n<meta property=\"og:image\" content=\"https:\/\/www.bellitalie.org\/wp-content\/uploads\/2021\/12\/santa-maria-in-organo-verone_9996.jpg\" \/>\n\t<meta property=\"og:image:width\" content=\"1200\" \/>\n\t<meta property=\"og:image:height\" content=\"800\" \/>\n<meta name=\"twitter:card\" content=\"summary_large_image\" \/>\n<meta name=\"twitter:label1\" content=\"Tempo di lettura stimato\" \/>\n\t<meta name=\"twitter:data1\" content=\"4 minuti\" \/>\n<script type=\"application\/ld+json\" class=\"yoast-schema-graph\">{\"@context\":\"https:\/\/schema.org\",\"@graph\":[{\"@type\":\"WebSite\",\"@id\":\"https:\/\/www.bellitalie.org\/#website\",\"url\":\"https:\/\/www.bellitalie.org\/\",\"name\":\"Bellitalie\",\"description\":\"Regioni, citt\\u00e0 e patrimonio dell'Italia da nord a sud\",\"potentialAction\":[{\"@type\":\"SearchAction\",\"target\":{\"@type\":\"EntryPoint\",\"urlTemplate\":\"https:\/\/www.bellitalie.org\/?s={search_term_string}\"},\"query-input\":\"required name=search_term_string\"}],\"inLanguage\":\"it-IT\"},{\"@type\":\"ImageObject\",\"@id\":\"https:\/\/www.bellitalie.org\/it\/destinazione\/veneto\/verona\/chiesa-di-santa-maria-in-organo-di-verona\/#primaryimage\",\"inLanguage\":\"it-IT\",\"url\":\"https:\/\/www.bellitalie.org\/wp-content\/uploads\/2021\/12\/santa-maria-in-organo-verone_9996.jpg\",\"contentUrl\":\"https:\/\/www.bellitalie.org\/wp-content\/uploads\/2021\/12\/santa-maria-in-organo-verone_9996.jpg\",\"width\":1200,\"height\":800,\"caption\":\"santa-maria-in-organo-verone_9996\"},{\"@type\":\"WebPage\",\"@id\":\"https:\/\/www.bellitalie.org\/it\/destinazione\/veneto\/verona\/chiesa-di-santa-maria-in-organo-di-verona\/#webpage\",\"url\":\"https:\/\/www.bellitalie.org\/it\/destinazione\/veneto\/verona\/chiesa-di-santa-maria-in-organo-di-verona\/\",\"name\":\"Chiesa di Santa Maria in Organo di Verona - Bellitalie\",\"isPartOf\":{\"@id\":\"https:\/\/www.bellitalie.org\/#website\"},\"primaryImageOfPage\":{\"@id\":\"https:\/\/www.bellitalie.org\/it\/destinazione\/veneto\/verona\/chiesa-di-santa-maria-in-organo-di-verona\/#primaryimage\"},\"datePublished\":\"2021-09-10T10:06:00+00:00\",\"dateModified\":\"2023-11-06T09:06:30+00:00\",\"description\":\"La chiesa di Santa Maria in Organo di Verona nasconde una cripta del XII e nel coro e nella sagrestia delle opere intarsiate di Fra Giovanni\",\"breadcrumb\":{\"@id\":\"https:\/\/www.bellitalie.org\/it\/destinazione\/veneto\/verona\/chiesa-di-santa-maria-in-organo-di-verona\/#breadcrumb\"},\"inLanguage\":\"it-IT\",\"potentialAction\":[{\"@type\":\"ReadAction\",\"target\":[\"https:\/\/www.bellitalie.org\/it\/destinazione\/veneto\/verona\/chiesa-di-santa-maria-in-organo-di-verona\/\"]}]},{\"@type\":\"BreadcrumbList\",\"@id\":\"https:\/\/www.bellitalie.org\/it\/destinazione\/veneto\/verona\/chiesa-di-santa-maria-in-organo-di-verona\/#breadcrumb\",\"itemListElement\":[{\"@type\":\"ListItem\",\"position\":1,\"name\":\"Accueil\",\"item\":\"https:\/\/www.bellitalie.org\/it\/\"},{\"@type\":\"ListItem\",\"position\":2,\"name\":\"Veneto\",\"item\":\"https:\/\/www.bellitalie.org\/it\/regione_italia\/veneto\/\"},{\"@type\":\"ListItem\",\"position\":3,\"name\":\"Verona\",\"item\":\"https:\/\/www.bellitalie.org\/it\/destinazione\/veneto\/verona\/\"},{\"@type\":\"ListItem\",\"position\":4,\"name\":\"Chiesa di Santa Maria in Organo di Verona\"}]},{\"@type\":\"Person\",\"@id\":\"https:\/\/www.bellitalie.org\/#\/schema\/person\/6f25c64f0b5df6df0b93a2be44045da5\",\"name\":\"Bellitalie\",\"image\":{\"@type\":\"ImageObject\",\"@id\":\"https:\/\/www.bellitalie.org\/#personlogo\",\"inLanguage\":\"it-IT\",\"url\":\"https:\/\/secure.gravatar.com\/avatar\/ad516503a11cd5ca435acc9bb6523536?s=96\",\"contentUrl\":\"https:\/\/secure.gravatar.com\/avatar\/ad516503a11cd5ca435acc9bb6523536?s=96\",\"caption\":\"Bellitalie\"},\"sameAs\":[\"https:\/\/www.bellitalie.org\"]}]}<\/script>\n<!-- \/ Yoast SEO plugin. -->","yoast_head_json":{"title":"Chiesa di Santa Maria in Organo di Verona - Bellitalie","description":"La chiesa di Santa Maria in Organo di Verona nasconde una cripta del XII e nel coro e nella sagrestia delle opere intarsiate di Fra Giovanni","robots":{"index":"index","follow":"follow","max-snippet":"max-snippet:-1","max-image-preview":"max-image-preview:large","max-video-preview":"max-video-preview:-1"},"canonical":"https:\/\/www.bellitalie.org\/it\/destinazione\/veneto\/verona\/chiesa-di-santa-maria-in-organo-di-verona\/","og_locale":"it_IT","og_type":"article","og_title":"Chiesa di Santa Maria in Organo di Verona - Bellitalie","og_description":"La chiesa di Santa Maria in Organo di Verona nasconde una cripta del XII e nel coro e nella sagrestia delle opere intarsiate di Fra Giovanni","og_url":"https:\/\/www.bellitalie.org\/it\/destinazione\/veneto\/verona\/chiesa-di-santa-maria-in-organo-di-verona\/","og_site_name":"Bellitalie","article_modified_time":"2023-11-06T09:06:30+00:00","og_image":[{"width":1200,"height":800,"url":"https:\/\/www.bellitalie.org\/wp-content\/uploads\/2021\/12\/santa-maria-in-organo-verone_9996.jpg","type":"image\/jpeg"}],"twitter_card":"summary_large_image","twitter_misc":{"Tempo di lettura stimato":"4 minuti"},"schema":{"@context":"https:\/\/schema.org","@graph":[{"@type":"WebSite","@id":"https:\/\/www.bellitalie.org\/#website","url":"https:\/\/www.bellitalie.org\/","name":"Bellitalie","description":"Regioni, citt\u00e0 e patrimonio dell'Italia da nord a sud","potentialAction":[{"@type":"SearchAction","target":{"@type":"EntryPoint","urlTemplate":"https:\/\/www.bellitalie.org\/?s={search_term_string}"},"query-input":"required name=search_term_string"}],"inLanguage":"it-IT"},{"@type":"ImageObject","@id":"https:\/\/www.bellitalie.org\/it\/destinazione\/veneto\/verona\/chiesa-di-santa-maria-in-organo-di-verona\/#primaryimage","inLanguage":"it-IT","url":"https:\/\/www.bellitalie.org\/wp-content\/uploads\/2021\/12\/santa-maria-in-organo-verone_9996.jpg","contentUrl":"https:\/\/www.bellitalie.org\/wp-content\/uploads\/2021\/12\/santa-maria-in-organo-verone_9996.jpg","width":1200,"height":800,"caption":"santa-maria-in-organo-verone_9996"},{"@type":"WebPage","@id":"https:\/\/www.bellitalie.org\/it\/destinazione\/veneto\/verona\/chiesa-di-santa-maria-in-organo-di-verona\/#webpage","url":"https:\/\/www.bellitalie.org\/it\/destinazione\/veneto\/verona\/chiesa-di-santa-maria-in-organo-di-verona\/","name":"Chiesa di Santa Maria in Organo di Verona - Bellitalie","isPartOf":{"@id":"https:\/\/www.bellitalie.org\/#website"},"primaryImageOfPage":{"@id":"https:\/\/www.bellitalie.org\/it\/destinazione\/veneto\/verona\/chiesa-di-santa-maria-in-organo-di-verona\/#primaryimage"},"datePublished":"2021-09-10T10:06:00+00:00","dateModified":"2023-11-06T09:06:30+00:00","description":"La chiesa di Santa Maria in Organo di Verona nasconde una cripta del XII e nel coro e nella sagrestia delle opere intarsiate di Fra Giovanni","breadcrumb":{"@id":"https:\/\/www.bellitalie.org\/it\/destinazione\/veneto\/verona\/chiesa-di-santa-maria-in-organo-di-verona\/#breadcrumb"},"inLanguage":"it-IT","potentialAction":[{"@type":"ReadAction","target":["https:\/\/www.bellitalie.org\/it\/destinazione\/veneto\/verona\/chiesa-di-santa-maria-in-organo-di-verona\/"]}]},{"@type":"BreadcrumbList","@id":"https:\/\/www.bellitalie.org\/it\/destinazione\/veneto\/verona\/chiesa-di-santa-maria-in-organo-di-verona\/#breadcrumb","itemListElement":[{"@type":"ListItem","position":1,"name":"Accueil","item":"https:\/\/www.bellitalie.org\/it\/"},{"@type":"ListItem","position":2,"name":"Veneto","item":"https:\/\/www.bellitalie.org\/it\/regione_italia\/veneto\/"},{"@type":"ListItem","position":3,"name":"Verona","item":"https:\/\/www.bellitalie.org\/it\/destinazione\/veneto\/verona\/"},{"@type":"ListItem","position":4,"name":"Chiesa di Santa Maria in Organo di Verona"}]},{"@type":"Person","@id":"https:\/\/www.bellitalie.org\/#\/schema\/person\/6f25c64f0b5df6df0b93a2be44045da5","name":"Bellitalie","image":{"@type":"ImageObject","@id":"https:\/\/www.bellitalie.org\/#personlogo","inLanguage":"it-IT","url":"https:\/\/secure.gravatar.com\/avatar\/ad516503a11cd5ca435acc9bb6523536?s=96","contentUrl":"https:\/\/secure.gravatar.com\/avatar\/ad516503a11cd5ca435acc9bb6523536?s=96","caption":"Bellitalie"},"sameAs":["https:\/\/www.bellitalie.org"]}]}},"_links":{"self":[{"href":"https:\/\/www.bellitalie.org\/it\/wp-json\/wp\/v2\/destination\/27212"}],"collection":[{"href":"https:\/\/www.bellitalie.org\/it\/wp-json\/wp\/v2\/destination"}],"about":[{"href":"https:\/\/www.bellitalie.org\/it\/wp-json\/wp\/v2\/types\/destination"}],"author":[{"embeddable":true,"href":"https:\/\/www.bellitalie.org\/it\/wp-json\/wp\/v2\/users\/1"}],"replies":[{"embeddable":true,"href":"https:\/\/www.bellitalie.org\/it\/wp-json\/wp\/v2\/comments?post=27212"}],"version-history":[{"count":2,"href":"https:\/\/www.bellitalie.org\/it\/wp-json\/wp\/v2\/destination\/27212\/revisions"}],"predecessor-version":[{"id":27227,"href":"https:\/\/www.bellitalie.org\/it\/wp-json\/wp\/v2\/destination\/27212\/revisions\/27227"}],"up":[{"embeddable":true,"href":"https:\/\/www.bellitalie.org\/it\/wp-json\/wp\/v2\/destination\/27024"}],"wp:featuredmedia":[{"embeddable":true,"href":"https:\/\/www.bellitalie.org\/it\/wp-json\/wp\/v2\/media\/24482"}],"wp:attachment":[{"href":"https:\/\/www.bellitalie.org\/it\/wp-json\/wp\/v2\/media?parent=27212"}],"wp:term":[{"taxonomy":"post_tag","embeddable":true,"href":"https:\/\/www.bellitalie.org\/it\/wp-json\/wp\/v2\/tags?post=27212"},{"taxonomy":"categorie_page","embeddable":true,"href":"https:\/\/www.bellitalie.org\/it\/wp-json\/wp\/v2\/categorie_page?post=27212"},{"taxonomy":"region_italie","embeddable":true,"href":"https:\/\/www.bellitalie.org\/it\/wp-json\/wp\/v2\/region_italie?post=27212"}],"curies":[{"name":"wp","href":"https:\/\/api.w.org\/{rel}","templated":true}]}}